{"id":1162,"date":"2019-01-11T00:01:34","date_gmt":"2019-01-11T00:01:34","guid":{"rendered":"https:\/\/tv.joycemeyer.org\/czech\/?post_type=devotional&#038;p=1162"},"modified":"2025-01-02T13:53:02","modified_gmt":"2025-01-02T13:53:02","slug":"drz-se-sveho-zavazku","status":"publish","type":"devotional","link":"https:\/\/tv.joycemeyer.org\/czech\/devotional\/drz-se-sveho-zavazku\/","title":{"rendered":"Dr\u017e se sv\u00e9ho z\u00e1vazku"},"content":{"rendered":"<blockquote><p>Kdy\u017e m\u011b budete hledat, naleznete m\u011b, pokud m\u011b budete hledat cel\u00fdm sv\u00fdm srdcem. \u2014Jeremi\u00e1\u0161 29,13<\/p><\/blockquote>\n<p>N\u011bkdy mus\u00edme se v\u0161\u00ed odhodlanost\u00ed pod\u0159\u00eddit sv\u00e9 t\u011blo a vzep\u0159\u00edt se duchu pasivity, kter\u00fd n\u00e1m chce br\u00e1nit v r\u016fstu a pozn\u00e1v\u00e1n\u00ed Boha. Z\u00e1vazek tr\u00e1vit \u010das s Bohem je stejn\u011b d\u016fle\u017eit\u00fd jako v\u0161echny ostatn\u00ed z\u00e1vazky, kter\u00e9 u\u010din\u00edme.<\/p>\n<p>Pokud m\u00e1 \u010dlov\u011bk nemocn\u00e9 ledviny a mus\u00ed dvakr\u00e1t t\u00fddn\u011b v osm hodin r\u00e1no do nemocnice na dial\u00fdzu, jist\u011b nep\u0159ijme pozv\u00e1n\u00ed, aby v t\u00e9 dob\u011b d\u011blal n\u011bco jin\u00e9ho. Odm\u00edtne bez ohledu na to, jak l\u00e1kav\u00e9 to m\u016f\u017ee b\u00fdt a jak moc to cht\u011bl d\u011blat, proto\u017ee v\u00ed, \u017ee jeho \u017eivot z\u00e1vis\u00ed na dodr\u017een\u00ed ur\u010den\u00e9ho term\u00ednu dial\u00fdzy. Sv\u016fj \u010das s Bohem bychom m\u011bli br\u00e1t stejn\u011b v\u00e1\u017en\u011b. Kvalita na\u0161eho \u017eivota je v\u00fdrazn\u011b ovlivn\u011bna t\u00edm, kolik \u010dasu s Bohem tr\u00e1v\u00edme, proto by m\u011bla tato v\u011bc m\u00edt v na\u0161ich pl\u00e1nech p\u0159ednost.<\/p>\n<p>N\u011bkdy se st\u00e1v\u00e1, \u017ee za\u010d\u00edn\u00e1me b\u00fdt nedbal\u00ed v pln\u011bn\u00ed sv\u00fdch z\u00e1vazk\u016f v\u016f\u010di Bohu, proto\u017ee v\u00edme, \u017ee on je s n\u00e1mi v ka\u017ed\u00e9m okam\u017eiku. V\u00edme, \u017ee se na n\u011bj m\u016f\u017eeme obr\u00e1tit i tehdy, kdy\u017e jsme sv\u016fj \u010das s n\u00edm vynechali nebo p\u0159esunuli, abychom d\u011blali n\u011bco jin\u00e9ho, co se n\u00e1m zd\u00e1lo b\u00fdt nal\u00e9hav\u011bj\u0161\u00ed. Kdy\u017e ale budeme tr\u00e1vit v\u00edc \u010dasu s Bohem a stane se to na\u0161\u00ed prioritou, po\u010det jin\u00fdch \u201enal\u00e9hav\u00fdch\u201c situac\u00ed, kter\u00e9 n\u00e1s zbyte\u010dn\u011b okr\u00e1daj\u00ed o \u010das, se sn\u00ed\u017e\u00ed.<\/p>\n<p>Pokud tr\u00e1v\u00ed\u0161 \u010das s Bohem i p\u0159esto, \u017ee n\u011bkdy nepoci\u0165uje\u0161 jeho p\u0159\u00edtomnost nebo nem\u00e1\u0161 pocit, \u017ee by ses n\u011bco nau\u010dil, zas\u00e9v\u00e1\u0161 dobr\u00e1 semena, kter\u00e1 ve tv\u00e9m \u017eivot\u011b p\u0159inesou dobrou \u00farodu. Kdy\u017e vytrv\u00e1\u0161, dos\u00e1hne\u0161 bodu, kdy za\u010dne\u0161 l\u00e9pe rozum\u011bt P\u00edsmu, bude\u0161 si u\u017e\u00edvat spole\u010denstv\u00ed s Bohem, bude\u0161 s n\u00edm mluvit a usly\u0161\u00ed\u0161 jeho hlas.<\/p>\n<hr \/>\n<p>Slovo pro dne\u0161n\u00ed den: Pl\u0148 sv\u00e9 z\u00e1vazky v\u016f\u010di Bohu.<\/p>\n","protected":false},"excerpt":{"rendered":"<p>N\u011bkdy mus\u00edme se v\u0161\u00ed odhodlanost\u00ed pod\u0159\u00eddit sv\u00e9 t\u011blo a vzep\u0159\u00edt se duchu pasivity, kter\u00fd n\u00e1m chce br\u00e1nit v r\u016fstu a pozn\u00e1v\u00e1n\u00ed Boha. Z\u00e1vazek tr\u00e1vit \u010das s Bohem je stejn\u011b d\u016fle\u017eit\u00fd jako v\u0161echny ostatn\u00ed z\u00e1vazky, kter\u00e9 u\u010din\u00edme.<\/p>\n","protected":false},"author":19,"featured_media":1163,"parent":0,"menu_order":0,"comment_status":"closed","ping_status":"closed","template":"","class_list":["post-1162","devotional","type-devotional","status-publish","has-post-thumbnail","hentry"],"acf":[],"appp":{"post_detail":{"above_title":"<div class=\"post-featured-wrap\"><img width=\"960\" height=\"560\" src=\"https:\/\/tv.joycemeyer.org\/czech\/wp-content\/uploads\/sites\/67\/2021\/10\/1807.jpg\" class=\"post-featured wp-post-image\" alt=\"\" decoding=\"async\" srcset=\"https:\/\/tv.joycemeyer.org\/czech\/wp-content\/uploads\/sites\/67\/2021\/10\/1807.jpg 960w, https:\/\/tv.joycemeyer.org\/czech\/wp-content\/uploads\/sites\/67\/2021\/10\/1807-300x175.jpg 300w, https:\/\/tv.joycemeyer.org\/czech\/wp-content\/uploads\/sites\/67\/2021\/10\/1807-768x448.jpg 768w\" sizes=\"(max-width: 960px) 100vw, 960px\" \/><\/div>","below_content":""}},"yoast_head":"<!-- This site is optimized with the Yoast SEO plugin v28.2 - https:\/\/yoast.com\/product\/yoast-seo-wordpress\/ -->\n<title>Dr\u017e se sv\u00e9ho z\u00e1vazku - Joyce Meyer Ministries - Czech<\/title>\n<meta name=\"robots\" content=\"index, follow, max-snippet:-1, max-image-preview:large, max-video-preview:-1\" \/>\n<link rel=\"canonical\" href=\"https:\/\/tv.joycemeyer.org\/czech\/devotional\/drz-se-sveho-zavazku\/\" \/>\n<meta property=\"og:locale\" content=\"cs_CZ\" \/>\n<meta property=\"og:type\" content=\"article\" \/>\n<meta property=\"og:title\" content=\"Dr\u017e se sv\u00e9ho z\u00e1vazku - Joyce Meyer Ministries - Czech\" \/>\n<meta property=\"og:description\" content=\"N\u011bkdy mus\u00edme se v\u0161\u00ed odhodlanost\u00ed pod\u0159\u00eddit sv\u00e9 t\u011blo a vzep\u0159\u00edt se duchu pasivity, kter\u00fd n\u00e1m chce br\u00e1nit v r\u016fstu a pozn\u00e1v\u00e1n\u00ed Boha. Z\u00e1vazek tr\u00e1vit \u010das s Bohem je stejn\u011b d\u016fle\u017eit\u00fd jako v\u0161echny ostatn\u00ed z\u00e1vazky, kter\u00e9 u\u010din\u00edme.\" \/>\n<meta property=\"og:url\" content=\"https:\/\/tv.joycemeyer.org\/czech\/devotional\/drz-se-sveho-zavazku\/\" \/>\n<meta property=\"og:site_name\" content=\"Joyce Meyer Ministries - Czech\" \/>\n<meta property=\"article:publisher\" content=\"https:\/\/www.facebook.com\/joycemeyerministriescesko\/\" \/>\n<meta property=\"article:modified_time\" content=\"2025-01-02T13:53:02+00:00\" \/>\n<meta property=\"og:image\" content=\"https:\/\/tv.joycemeyer.org\/czech\/wp-content\/uploads\/sites\/67\/2021\/10\/1807.jpg\" \/>\n\t<meta property=\"og:image:width\" content=\"960\" \/>\n\t<meta property=\"og:image:height\" content=\"560\" \/>\n\t<meta property=\"og:image:type\" content=\"image\/jpeg\" \/>\n<meta name=\"twitter:card\" content=\"summary_large_image\" \/>\n<meta name=\"twitter:label1\" content=\"Odhadovan\u00e1 doba \u010dten\u00ed\" \/>\n\t<meta name=\"twitter:data1\" content=\"2 minuty\" \/>\n<script type=\"application\/ld+json\" class=\"yoast-schema-graph\">{\"@context\":\"https:\\\/\\\/schema.org\",\"@graph\":[{\"@type\":\"WebPage\",\"@id\":\"https:\\\/\\\/tv.joycemeyer.org\\\/czech\\\/devotional\\\/drz-se-sveho-zavazku\\\/\",\"url\":\"https:\\\/\\\/tv.joycemeyer.org\\\/czech\\\/devotional\\\/drz-se-sveho-zavazku\\\/\",\"name\":\"Dr\u017e se sv\u00e9ho z\u00e1vazku - Joyce Meyer Ministries - Czech\",\"isPartOf\":{\"@id\":\"https:\\\/\\\/tv.joycemeyer.org\\\/czech\\\/#website\"},\"primaryImageOfPage\":{\"@id\":\"https:\\\/\\\/tv.joycemeyer.org\\\/czech\\\/devotional\\\/drz-se-sveho-zavazku\\\/#primaryimage\"},\"image\":{\"@id\":\"https:\\\/\\\/tv.joycemeyer.org\\\/czech\\\/devotional\\\/drz-se-sveho-zavazku\\\/#primaryimage\"},\"thumbnailUrl\":\"https:\\\/\\\/tv.joycemeyer.org\\\/czech\\\/wp-content\\\/uploads\\\/sites\\\/67\\\/2021\\\/10\\\/1807.jpg\",\"datePublished\":\"2019-01-11T00:01:34+00:00\",\"dateModified\":\"2025-01-02T13:53:02+00:00\",\"breadcrumb\":{\"@id\":\"https:\\\/\\\/tv.joycemeyer.org\\\/czech\\\/devotional\\\/drz-se-sveho-zavazku\\\/#breadcrumb\"},\"inLanguage\":\"cs\",\"potentialAction\":[{\"@type\":\"ReadAction\",\"target\":[\"https:\\\/\\\/tv.joycemeyer.org\\\/czech\\\/devotional\\\/drz-se-sveho-zavazku\\\/\"]}]},{\"@type\":\"ImageObject\",\"inLanguage\":\"cs\",\"@id\":\"https:\\\/\\\/tv.joycemeyer.org\\\/czech\\\/devotional\\\/drz-se-sveho-zavazku\\\/#primaryimage\",\"url\":\"https:\\\/\\\/tv.joycemeyer.org\\\/czech\\\/wp-content\\\/uploads\\\/sites\\\/67\\\/2021\\\/10\\\/1807.jpg\",\"contentUrl\":\"https:\\\/\\\/tv.joycemeyer.org\\\/czech\\\/wp-content\\\/uploads\\\/sites\\\/67\\\/2021\\\/10\\\/1807.jpg\",\"width\":960,\"height\":560,\"caption\":\"Dr\u017e se sv\u00e9ho z\u00e1vazku\"},{\"@type\":\"BreadcrumbList\",\"@id\":\"https:\\\/\\\/tv.joycemeyer.org\\\/czech\\\/devotional\\\/drz-se-sveho-zavazku\\\/#breadcrumb\",\"itemListElement\":[{\"@type\":\"ListItem\",\"position\":1,\"name\":\"Home\",\"item\":\"https:\\\/\\\/tv.joycemeyer.org\\\/czech\\\/\"},{\"@type\":\"ListItem\",\"position\":2,\"name\":\"Devotional\",\"item\":\"https:\\\/\\\/tv.joycemeyer.org\\\/czech\\\/devotional\\\/\"},{\"@type\":\"ListItem\",\"position\":3,\"name\":\"Dr\u017e se sv\u00e9ho z\u00e1vazku\"}]},{\"@type\":\"WebSite\",\"@id\":\"https:\\\/\\\/tv.joycemeyer.org\\\/czech\\\/#website\",\"url\":\"https:\\\/\\\/tv.joycemeyer.org\\\/czech\\\/\",\"name\":\"Joyce Meyer Ministries - Czech\",\"description\":\"Sd\u00edlet se o Krista - milovat lidi\",\"potentialAction\":[{\"@type\":\"SearchAction\",\"target\":{\"@type\":\"EntryPoint\",\"urlTemplate\":\"https:\\\/\\\/tv.joycemeyer.org\\\/czech\\\/?s={search_term_string}\"},\"query-input\":{\"@type\":\"PropertyValueSpecification\",\"valueRequired\":true,\"valueName\":\"search_term_string\"}}],\"inLanguage\":\"cs\"}]}<\/script>\n<!-- \/ Yoast SEO plugin. -->","yoast_head_json":{"title":"Dr\u017e se sv\u00e9ho z\u00e1vazku - Joyce Meyer Ministries - Czech","robots":{"index":"index","follow":"follow","max-snippet":"max-snippet:-1","max-image-preview":"max-image-preview:large","max-video-preview":"max-video-preview:-1"},"canonical":"https:\/\/tv.joycemeyer.org\/czech\/devotional\/drz-se-sveho-zavazku\/","og_locale":"cs_CZ","og_type":"article","og_title":"Dr\u017e se sv\u00e9ho z\u00e1vazku - Joyce Meyer Ministries - Czech","og_description":"N\u011bkdy mus\u00edme se v\u0161\u00ed odhodlanost\u00ed pod\u0159\u00eddit sv\u00e9 t\u011blo a vzep\u0159\u00edt se duchu pasivity, kter\u00fd n\u00e1m chce br\u00e1nit v r\u016fstu a pozn\u00e1v\u00e1n\u00ed Boha. Z\u00e1vazek tr\u00e1vit \u010das s Bohem je stejn\u011b d\u016fle\u017eit\u00fd jako v\u0161echny ostatn\u00ed z\u00e1vazky, kter\u00e9 u\u010din\u00edme.","og_url":"https:\/\/tv.joycemeyer.org\/czech\/devotional\/drz-se-sveho-zavazku\/","og_site_name":"Joyce Meyer Ministries - Czech","article_publisher":"https:\/\/www.facebook.com\/joycemeyerministriescesko\/","article_modified_time":"2025-01-02T13:53:02+00:00","og_image":[{"width":960,"height":560,"url":"https:\/\/tv.joycemeyer.org\/czech\/wp-content\/uploads\/sites\/67\/2021\/10\/1807.jpg","type":"image\/jpeg"}],"twitter_card":"summary_large_image","twitter_misc":{"Odhadovan\u00e1 doba \u010dten\u00ed":"2 minuty"},"schema":{"@context":"https:\/\/schema.org","@graph":[{"@type":"WebPage","@id":"https:\/\/tv.joycemeyer.org\/czech\/devotional\/drz-se-sveho-zavazku\/","url":"https:\/\/tv.joycemeyer.org\/czech\/devotional\/drz-se-sveho-zavazku\/","name":"Dr\u017e se sv\u00e9ho z\u00e1vazku - Joyce Meyer Ministries - Czech","isPartOf":{"@id":"https:\/\/tv.joycemeyer.org\/czech\/#website"},"primaryImageOfPage":{"@id":"https:\/\/tv.joycemeyer.org\/czech\/devotional\/drz-se-sveho-zavazku\/#primaryimage"},"image":{"@id":"https:\/\/tv.joycemeyer.org\/czech\/devotional\/drz-se-sveho-zavazku\/#primaryimage"},"thumbnailUrl":"https:\/\/tv.joycemeyer.org\/czech\/wp-content\/uploads\/sites\/67\/2021\/10\/1807.jpg","datePublished":"2019-01-11T00:01:34+00:00","dateModified":"2025-01-02T13:53:02+00:00","breadcrumb":{"@id":"https:\/\/tv.joycemeyer.org\/czech\/devotional\/drz-se-sveho-zavazku\/#breadcrumb"},"inLanguage":"cs","potentialAction":[{"@type":"ReadAction","target":["https:\/\/tv.joycemeyer.org\/czech\/devotional\/drz-se-sveho-zavazku\/"]}]},{"@type":"ImageObject","inLanguage":"cs","@id":"https:\/\/tv.joycemeyer.org\/czech\/devotional\/drz-se-sveho-zavazku\/#primaryimage","url":"https:\/\/tv.joycemeyer.org\/czech\/wp-content\/uploads\/sites\/67\/2021\/10\/1807.jpg","contentUrl":"https:\/\/tv.joycemeyer.org\/czech\/wp-content\/uploads\/sites\/67\/2021\/10\/1807.jpg","width":960,"height":560,"caption":"Dr\u017e se sv\u00e9ho z\u00e1vazku"},{"@type":"BreadcrumbList","@id":"https:\/\/tv.joycemeyer.org\/czech\/devotional\/drz-se-sveho-zavazku\/#breadcrumb","itemListElement":[{"@type":"ListItem","position":1,"name":"Home","item":"https:\/\/tv.joycemeyer.org\/czech\/"},{"@type":"ListItem","position":2,"name":"Devotional","item":"https:\/\/tv.joycemeyer.org\/czech\/devotional\/"},{"@type":"ListItem","position":3,"name":"Dr\u017e se sv\u00e9ho z\u00e1vazku"}]},{"@type":"WebSite","@id":"https:\/\/tv.joycemeyer.org\/czech\/#website","url":"https:\/\/tv.joycemeyer.org\/czech\/","name":"Joyce Meyer Ministries - Czech","description":"Sd\u00edlet se o Krista - milovat lidi","potentialAction":[{"@type":"SearchAction","target":{"@type":"EntryPoint","urlTemplate":"https:\/\/tv.joycemeyer.org\/czech\/?s={search_term_string}"},"query-input":{"@type":"PropertyValueSpecification","valueRequired":true,"valueName":"search_term_string"}}],"inLanguage":"cs"}]}},"_links":{"self":[{"href":"https:\/\/tv.joycemeyer.org\/czech\/wp-json\/wp\/v2\/devotional\/1162","targetHints":{"allow":["GET"]}}],"collection":[{"href":"https:\/\/tv.joycemeyer.org\/czech\/wp-json\/wp\/v2\/devotional"}],"about":[{"href":"https:\/\/tv.joycemeyer.org\/czech\/wp-json\/wp\/v2\/types\/devotional"}],"author":[{"embeddable":true,"href":"https:\/\/tv.joycemeyer.org\/czech\/wp-json\/wp\/v2\/users\/19"}],"replies":[{"embeddable":true,"href":"https:\/\/tv.joycemeyer.org\/czech\/wp-json\/wp\/v2\/comments?post=1162"}],"wp:featuredmedia":[{"embeddable":true,"href":"https:\/\/tv.joycemeyer.org\/czech\/wp-json\/wp\/v2\/media\/1163"}],"wp:attachment":[{"href":"https:\/\/tv.joycemeyer.org\/czech\/wp-json\/wp\/v2\/media?parent=1162"}],"curies":[{"name":"wp","href":"https:\/\/api.w.org\/{rel}","templated":true}]}}