{"id":1424,"date":"2025-03-09T00:01:22","date_gmt":"2025-03-09T00:01:22","guid":{"rendered":"https:\/\/tv.joycemeyer.org\/czech\/?post_type=devotional&#038;p=1424"},"modified":"2025-05-08T12:59:45","modified_gmt":"2025-05-08T12:59:45","slug":"muzes-nepriteli-pokazit-radost","status":"publish","type":"devotional","link":"https:\/\/tv.joycemeyer.org\/czech\/devotional\/muzes-nepriteli-pokazit-radost\/","title":{"rendered":"M\u016f\u017ee\u0161 nep\u0159\u00edteli pokazit radost"},"content":{"rendered":"<blockquote><p>Pokl\u00e1dejte za velikou radost, moji brat\u0159i, kdy\u017e upadnete do rozli\u010dn\u00fdch poku\u0161en\u00ed. V\u00edte, \u017ee zkou\u0161en\u00ed va\u0161\u00ed v\u00edry p\u016fsob\u00ed vytrvalost. (Jakub 1,2\u20133)<\/p><\/blockquote>\n<p>Jednou z chyb, kter\u00fdch se mnoho k\u0159es\u0165an\u016f dopou\u0161t\u00ed, je to, \u017ee kdy\u017e p\u0159ich\u00e1zej\u00ed zkou\u0161ky, modl\u00ed se, aby rychle skon\u010dily. V\u011b\u0159\u00edm, \u017ee m\u00edsto toho m\u00e1me prosit Boha o s\u00edlu a vytrvalost a m\u00e1me ho \u017e\u00e1dat, aby n\u00e1s u\u010dinil pevn\u00fdmi. Nep\u0159\u00edtel na n\u00e1s \u00fato\u010d\u00ed sv\u00fdmi nejv\u011bt\u0161\u00edmi zbran\u011bmi a d\u011bl\u00e1 v\u0161e, co je v jeho sil\u00e1ch, aby pokazil n\u00e1\u0161 \u017eivot, zni\u010dil na\u0161e podnik\u00e1n\u00ed, roztrhal na\u0161e rodiny nebo n\u00e1m jin\u00fdmi zp\u016fsoby ukradl pokoj. Jestli\u017ee v\u0161ak z\u016fstaneme neochv\u011bjn\u00ed a trp\u011bliv\u00ed, pokaz\u00edme mu ve\u0161kerou radost, a on nakonec z\u016fstane pora\u017een, proto\u017ee n\u00e1s nedok\u00e1zal p\u0159im\u011bt, abychom s n\u00edm spolupracovali.<\/p>\n<p>V listu Filipsk\u00fdm 1,28 je naps\u00e1no: \u201e.. a v ni\u010dem se nelek\u00e1te sv\u00fdch protivn\u00edk\u016f. Jim je to znamen\u00edm z\u00e1huby, v\u00e1m v\u0161ak z\u00e1chrany, a to od Boha.\u201c Tento ver\u0161 n\u00e1s povzbuzuje, abychom se ned\u011bsili a nelekali, kdy\u017e na n\u00e1s \u010f\u00e1bel \u00fato\u010d\u00ed, a m\u00edsto toho z\u016fstali neochv\u011bjn\u00ed. T\u00edm ukazujeme \u010f\u00e1blovi, \u017ee si s n\u00e1mi nesm\u00ed zahr\u00e1vat, z\u00e1rove\u0148 ale tak\u00e9 ukazujeme P\u00e1nu, \u017ee v n\u011bho v\u011b\u0159\u00edme. Skute\u010dnost, \u017ee na\u0161e \u010diny potvrzuj\u00ed na\u0161i d\u016fv\u011bru v Boha, je sign\u00e1lem pro uvoln\u011bn\u00ed Bo\u017e\u00ed moci do na\u0161\u00ed situace. Jeho vysvobozen\u00ed m\u016f\u017ee p\u0159ij\u00edt. V\u011b\u0159\u00edm, \u017ee ti B\u016fh chce \u0159\u00edct, abys st\u00e1l pevn\u011b a neb\u00e1l se.<\/p>\n<hr \/>\n<p>Slovo pro dne\u0161n\u00ed den: M\u011bj tak pevnou d\u016fv\u011bru v Boha, \u017ee t\u00edm p\u0159ivede\u0161 nep\u0159\u00edtele do rozpak\u016f.<\/p>\n","protected":false},"excerpt":{"rendered":"<p>Jednou z chyb, kter\u00fdch se mnoho k\u0159es\u0165an\u016f dopou\u0161t\u00ed, je to, \u017ee kdy\u017e p\u0159ich\u00e1zej\u00ed zkou\u0161ky, modl\u00ed se, aby rychle skon\u010dily. V\u011b\u0159\u00edm, \u017ee m\u00edsto toho m\u00e1me prosit Boha o s\u00edlu a vytrvalost a m\u00e1me ho \u017e\u00e1dat, aby n\u00e1s u\u010dinil pevn\u00fdmi&#8230;<\/p>\n","protected":false},"author":19,"featured_media":1425,"parent":0,"menu_order":0,"comment_status":"closed","ping_status":"closed","template":"","class_list":["post-1424","devotional","type-devotional","status-publish","has-post-thumbnail","hentry"],"acf":[],"appp":{"post_detail":{"above_title":"<div class=\"post-featured-wrap\"><img width=\"960\" height=\"560\" src=\"https:\/\/tv.joycemeyer.org\/czech\/wp-content\/uploads\/sites\/67\/2022\/01\/1838.jpg\" class=\"post-featured wp-post-image\" alt=\"\" decoding=\"async\" srcset=\"https:\/\/tv.joycemeyer.org\/czech\/wp-content\/uploads\/sites\/67\/2022\/01\/1838.jpg 960w, https:\/\/tv.joycemeyer.org\/czech\/wp-content\/uploads\/sites\/67\/2022\/01\/1838-300x175.jpg 300w, https:\/\/tv.joycemeyer.org\/czech\/wp-content\/uploads\/sites\/67\/2022\/01\/1838-768x448.jpg 768w\" sizes=\"(max-width: 960px) 100vw, 960px\" \/><\/div>","below_content":"<div class=\"follow\"><h6 class=\"alt\">Spojte se s n\u00e1mi<\/h6><ul class=\"nav nav--social nav--flex\"><li class=\"menu-item facebook\"><a href=\"https:\/\/www.facebook.com\/joycemeyerministriescesko\/\" target=\"_blank\"><span class=\"visuallyhidden\">Facebook<\/span><\/a><\/li><\/ul><\/div>"}},"yoast_head":"<!-- This site is optimized with the Yoast SEO plugin v27.4 - https:\/\/yoast.com\/product\/yoast-seo-wordpress\/ -->\n<title>M\u016f\u017ee\u0161 nep\u0159\u00edteli pokazit radost - Joyce Meyer Ministries - Czech<\/title>\n<meta name=\"robots\" content=\"index, follow, max-snippet:-1, max-image-preview:large, max-video-preview:-1\" \/>\n<link rel=\"canonical\" href=\"https:\/\/tv.joycemeyer.org\/czech\/devotional\/muzes-nepriteli-pokazit-radost\/\" \/>\n<meta property=\"og:locale\" content=\"cs_CZ\" \/>\n<meta property=\"og:type\" content=\"article\" \/>\n<meta property=\"og:title\" content=\"M\u016f\u017ee\u0161 nep\u0159\u00edteli pokazit radost - Joyce Meyer Ministries - Czech\" \/>\n<meta property=\"og:description\" content=\"Jednou z chyb, kter\u00fdch se mnoho k\u0159es\u0165an\u016f dopou\u0161t\u00ed, je to, \u017ee kdy\u017e p\u0159ich\u00e1zej\u00ed zkou\u0161ky, modl\u00ed se, aby rychle skon\u010dily. V\u011b\u0159\u00edm, \u017ee m\u00edsto toho m\u00e1me prosit Boha o s\u00edlu a vytrvalost a m\u00e1me ho \u017e\u00e1dat, aby n\u00e1s u\u010dinil pevn\u00fdmi...\" \/>\n<meta property=\"og:url\" content=\"https:\/\/tv.joycemeyer.org\/czech\/devotional\/muzes-nepriteli-pokazit-radost\/\" \/>\n<meta property=\"og:site_name\" content=\"Joyce Meyer Ministries - Czech\" \/>\n<meta property=\"article:publisher\" content=\"https:\/\/www.facebook.com\/joycemeyerministriescesko\/\" \/>\n<meta property=\"article:modified_time\" content=\"2025-05-08T12:59:45+00:00\" \/>\n<meta property=\"og:image\" content=\"https:\/\/tv.joycemeyer.org\/czech\/wp-content\/uploads\/sites\/67\/2022\/01\/1838.jpg\" \/>\n\t<meta property=\"og:image:width\" content=\"960\" \/>\n\t<meta property=\"og:image:height\" content=\"560\" \/>\n\t<meta property=\"og:image:type\" content=\"image\/jpeg\" \/>\n<meta name=\"twitter:card\" content=\"summary_large_image\" \/>\n<meta name=\"twitter:label1\" content=\"Odhadovan\u00e1 doba \u010dten\u00ed\" \/>\n\t<meta name=\"twitter:data1\" content=\"2 minuty\" \/>\n<script type=\"application\/ld+json\" class=\"yoast-schema-graph\">{\"@context\":\"https:\\\/\\\/schema.org\",\"@graph\":[{\"@type\":\"WebPage\",\"@id\":\"https:\\\/\\\/tv.joycemeyer.org\\\/czech\\\/devotional\\\/muzes-nepriteli-pokazit-radost\\\/\",\"url\":\"https:\\\/\\\/tv.joycemeyer.org\\\/czech\\\/devotional\\\/muzes-nepriteli-pokazit-radost\\\/\",\"name\":\"M\u016f\u017ee\u0161 nep\u0159\u00edteli pokazit radost - Joyce Meyer Ministries - Czech\",\"isPartOf\":{\"@id\":\"https:\\\/\\\/tv.joycemeyer.org\\\/czech\\\/#website\"},\"primaryImageOfPage\":{\"@id\":\"https:\\\/\\\/tv.joycemeyer.org\\\/czech\\\/devotional\\\/muzes-nepriteli-pokazit-radost\\\/#primaryimage\"},\"image\":{\"@id\":\"https:\\\/\\\/tv.joycemeyer.org\\\/czech\\\/devotional\\\/muzes-nepriteli-pokazit-radost\\\/#primaryimage\"},\"thumbnailUrl\":\"https:\\\/\\\/tv.joycemeyer.org\\\/czech\\\/wp-content\\\/uploads\\\/sites\\\/67\\\/2022\\\/01\\\/1838.jpg\",\"datePublished\":\"2025-03-09T00:01:22+00:00\",\"dateModified\":\"2025-05-08T12:59:45+00:00\",\"breadcrumb\":{\"@id\":\"https:\\\/\\\/tv.joycemeyer.org\\\/czech\\\/devotional\\\/muzes-nepriteli-pokazit-radost\\\/#breadcrumb\"},\"inLanguage\":\"cs\",\"potentialAction\":[{\"@type\":\"ReadAction\",\"target\":[\"https:\\\/\\\/tv.joycemeyer.org\\\/czech\\\/devotional\\\/muzes-nepriteli-pokazit-radost\\\/\"]}]},{\"@type\":\"ImageObject\",\"inLanguage\":\"cs\",\"@id\":\"https:\\\/\\\/tv.joycemeyer.org\\\/czech\\\/devotional\\\/muzes-nepriteli-pokazit-radost\\\/#primaryimage\",\"url\":\"https:\\\/\\\/tv.joycemeyer.org\\\/czech\\\/wp-content\\\/uploads\\\/sites\\\/67\\\/2022\\\/01\\\/1838.jpg\",\"contentUrl\":\"https:\\\/\\\/tv.joycemeyer.org\\\/czech\\\/wp-content\\\/uploads\\\/sites\\\/67\\\/2022\\\/01\\\/1838.jpg\",\"width\":960,\"height\":560,\"caption\":\"M\u016f\u017ee\u0161 nep\u0159\u00edteli pokazit radost\"},{\"@type\":\"BreadcrumbList\",\"@id\":\"https:\\\/\\\/tv.joycemeyer.org\\\/czech\\\/devotional\\\/muzes-nepriteli-pokazit-radost\\\/#breadcrumb\",\"itemListElement\":[{\"@type\":\"ListItem\",\"position\":1,\"name\":\"Home\",\"item\":\"https:\\\/\\\/tv.joycemeyer.org\\\/czech\\\/\"},{\"@type\":\"ListItem\",\"position\":2,\"name\":\"Devotional\",\"item\":\"https:\\\/\\\/tv.joycemeyer.org\\\/czech\\\/devotional\\\/\"},{\"@type\":\"ListItem\",\"position\":3,\"name\":\"M\u016f\u017ee\u0161 nep\u0159\u00edteli pokazit radost\"}]},{\"@type\":\"WebSite\",\"@id\":\"https:\\\/\\\/tv.joycemeyer.org\\\/czech\\\/#website\",\"url\":\"https:\\\/\\\/tv.joycemeyer.org\\\/czech\\\/\",\"name\":\"Joyce Meyer Ministries - Czech\",\"description\":\"Sd\u00edlet se o Krista - milovat lidi\",\"potentialAction\":[{\"@type\":\"SearchAction\",\"target\":{\"@type\":\"EntryPoint\",\"urlTemplate\":\"https:\\\/\\\/tv.joycemeyer.org\\\/czech\\\/?s={search_term_string}\"},\"query-input\":{\"@type\":\"PropertyValueSpecification\",\"valueRequired\":true,\"valueName\":\"search_term_string\"}}],\"inLanguage\":\"cs\"}]}<\/script>\n<!-- \/ Yoast SEO plugin. -->","yoast_head_json":{"title":"M\u016f\u017ee\u0161 nep\u0159\u00edteli pokazit radost - Joyce Meyer Ministries - Czech","robots":{"index":"index","follow":"follow","max-snippet":"max-snippet:-1","max-image-preview":"max-image-preview:large","max-video-preview":"max-video-preview:-1"},"canonical":"https:\/\/tv.joycemeyer.org\/czech\/devotional\/muzes-nepriteli-pokazit-radost\/","og_locale":"cs_CZ","og_type":"article","og_title":"M\u016f\u017ee\u0161 nep\u0159\u00edteli pokazit radost - Joyce Meyer Ministries - Czech","og_description":"Jednou z chyb, kter\u00fdch se mnoho k\u0159es\u0165an\u016f dopou\u0161t\u00ed, je to, \u017ee kdy\u017e p\u0159ich\u00e1zej\u00ed zkou\u0161ky, modl\u00ed se, aby rychle skon\u010dily. V\u011b\u0159\u00edm, \u017ee m\u00edsto toho m\u00e1me prosit Boha o s\u00edlu a vytrvalost a m\u00e1me ho \u017e\u00e1dat, aby n\u00e1s u\u010dinil pevn\u00fdmi...","og_url":"https:\/\/tv.joycemeyer.org\/czech\/devotional\/muzes-nepriteli-pokazit-radost\/","og_site_name":"Joyce Meyer Ministries - Czech","article_publisher":"https:\/\/www.facebook.com\/joycemeyerministriescesko\/","article_modified_time":"2025-05-08T12:59:45+00:00","og_image":[{"width":960,"height":560,"url":"https:\/\/tv.joycemeyer.org\/czech\/wp-content\/uploads\/sites\/67\/2022\/01\/1838.jpg","type":"image\/jpeg"}],"twitter_card":"summary_large_image","twitter_misc":{"Odhadovan\u00e1 doba \u010dten\u00ed":"2 minuty"},"schema":{"@context":"https:\/\/schema.org","@graph":[{"@type":"WebPage","@id":"https:\/\/tv.joycemeyer.org\/czech\/devotional\/muzes-nepriteli-pokazit-radost\/","url":"https:\/\/tv.joycemeyer.org\/czech\/devotional\/muzes-nepriteli-pokazit-radost\/","name":"M\u016f\u017ee\u0161 nep\u0159\u00edteli pokazit radost - Joyce Meyer Ministries - Czech","isPartOf":{"@id":"https:\/\/tv.joycemeyer.org\/czech\/#website"},"primaryImageOfPage":{"@id":"https:\/\/tv.joycemeyer.org\/czech\/devotional\/muzes-nepriteli-pokazit-radost\/#primaryimage"},"image":{"@id":"https:\/\/tv.joycemeyer.org\/czech\/devotional\/muzes-nepriteli-pokazit-radost\/#primaryimage"},"thumbnailUrl":"https:\/\/tv.joycemeyer.org\/czech\/wp-content\/uploads\/sites\/67\/2022\/01\/1838.jpg","datePublished":"2025-03-09T00:01:22+00:00","dateModified":"2025-05-08T12:59:45+00:00","breadcrumb":{"@id":"https:\/\/tv.joycemeyer.org\/czech\/devotional\/muzes-nepriteli-pokazit-radost\/#breadcrumb"},"inLanguage":"cs","potentialAction":[{"@type":"ReadAction","target":["https:\/\/tv.joycemeyer.org\/czech\/devotional\/muzes-nepriteli-pokazit-radost\/"]}]},{"@type":"ImageObject","inLanguage":"cs","@id":"https:\/\/tv.joycemeyer.org\/czech\/devotional\/muzes-nepriteli-pokazit-radost\/#primaryimage","url":"https:\/\/tv.joycemeyer.org\/czech\/wp-content\/uploads\/sites\/67\/2022\/01\/1838.jpg","contentUrl":"https:\/\/tv.joycemeyer.org\/czech\/wp-content\/uploads\/sites\/67\/2022\/01\/1838.jpg","width":960,"height":560,"caption":"M\u016f\u017ee\u0161 nep\u0159\u00edteli pokazit radost"},{"@type":"BreadcrumbList","@id":"https:\/\/tv.joycemeyer.org\/czech\/devotional\/muzes-nepriteli-pokazit-radost\/#breadcrumb","itemListElement":[{"@type":"ListItem","position":1,"name":"Home","item":"https:\/\/tv.joycemeyer.org\/czech\/"},{"@type":"ListItem","position":2,"name":"Devotional","item":"https:\/\/tv.joycemeyer.org\/czech\/devotional\/"},{"@type":"ListItem","position":3,"name":"M\u016f\u017ee\u0161 nep\u0159\u00edteli pokazit radost"}]},{"@type":"WebSite","@id":"https:\/\/tv.joycemeyer.org\/czech\/#website","url":"https:\/\/tv.joycemeyer.org\/czech\/","name":"Joyce Meyer Ministries - Czech","description":"Sd\u00edlet se o Krista - milovat lidi","potentialAction":[{"@type":"SearchAction","target":{"@type":"EntryPoint","urlTemplate":"https:\/\/tv.joycemeyer.org\/czech\/?s={search_term_string}"},"query-input":{"@type":"PropertyValueSpecification","valueRequired":true,"valueName":"search_term_string"}}],"inLanguage":"cs"}]}},"_links":{"self":[{"href":"https:\/\/tv.joycemeyer.org\/czech\/wp-json\/wp\/v2\/devotional\/1424","targetHints":{"allow":["GET"]}}],"collection":[{"href":"https:\/\/tv.joycemeyer.org\/czech\/wp-json\/wp\/v2\/devotional"}],"about":[{"href":"https:\/\/tv.joycemeyer.org\/czech\/wp-json\/wp\/v2\/types\/devotional"}],"author":[{"embeddable":true,"href":"https:\/\/tv.joycemeyer.org\/czech\/wp-json\/wp\/v2\/users\/19"}],"replies":[{"embeddable":true,"href":"https:\/\/tv.joycemeyer.org\/czech\/wp-json\/wp\/v2\/comments?post=1424"}],"wp:featuredmedia":[{"embeddable":true,"href":"https:\/\/tv.joycemeyer.org\/czech\/wp-json\/wp\/v2\/media\/1425"}],"wp:attachment":[{"href":"https:\/\/tv.joycemeyer.org\/czech\/wp-json\/wp\/v2\/media?parent=1424"}],"curies":[{"name":"wp","href":"https:\/\/api.w.org\/{rel}","templated":true}]}}