{"id":1957,"date":"2022-11-10T00:01:46","date_gmt":"2022-11-10T00:01:46","guid":{"rendered":"https:\/\/tv.joycemeyer.org\/czech\/?post_type=devotional&#038;p=1957"},"modified":"2022-11-10T12:18:51","modified_gmt":"2022-11-10T12:18:51","slug":"priznej-sam-sobe-pravdu","status":"publish","type":"devotional","link":"https:\/\/tv.joycemeyer.org\/czech\/devotional\/priznej-sam-sobe-pravdu\/","title":{"rendered":"P\u0159iznej s\u00e1m sob\u011b pravdu"},"content":{"rendered":"<blockquote><p>Hle, ty m\u00e1\u0161 zal\u00edben\u00ed v nitern\u00e9 opravdovosti a vskrytu mi d\u00e1v\u00e1\u0161 poznat moudrost. (\u017dalm 51,8)<\/p><\/blockquote>\n<p>Pokud m\u00e1me n\u011bjak\u00fd probl\u00e9m, B\u016fh chce, abychom si up\u0159\u00edmn\u011b p\u0159iznali pravdu. N\u011bkdy je vhodn\u00e9 \u0159\u00edct o tom i n\u011bkomu dal\u0161\u00edmu. P\u0159edev\u0161\u00edm ale pravdu pot\u0159ebujeme sly\u0161et my sami.<\/p>\n<p>Kdy\u017e m\u011b lid\u00e9 \u017e\u00e1daj\u00ed o pomoc v t\u00e9to oblasti, \u010dasto jim \u0159\u00edk\u00e1m: \u201eB\u011b\u017e, pod\u00edvej se do zrcadla a p\u0159iznej ten probl\u00e9m s\u00e1m sob\u011b.\u201c B\u00fdt k sob\u011b up\u0159\u00edmn\u00fd je osvobozuj\u00edc\u00ed!<\/p>\n<p>Pokud je nap\u0159\u00edklad tv\u00fdm probl\u00e9mem to, \u017ee t\u011b v d\u011btstv\u00ed rodi\u010de nemilovali a ty jsi n\u00e1sledkem toho pln\u00fd hn\u011bvu a ho\u0159kosti, rozhodni se vypo\u0159\u00e1dat se s t\u00edmto d\u011bdictv\u00edm jednou prov\u017edy. Pod\u00edvej se do zrcadla a \u0159ekni: \u201eRodi\u010de m\u011b nemilovali, a mo\u017en\u00e1 m\u011b nikdy milovat nebudou. B\u016fh m\u011b ale miluje, a to sta\u010d\u00ed!\u201c<\/p>\n<p>Nemus\u00ed\u0161 b\u00fdt jedn\u00edm z t\u011bch, kdo tr\u00e1v\u00ed \u017eivot snahou z\u00edskat n\u011bco, co nikdy m\u00edt nebudou. Jestli\u017ee jsi dovolil, aby skute\u010dnost, \u017ee jsi nebyl milov\u00e1n, ni\u010dila tv\u016fj dosavadn\u00ed \u017eivot, nedovol, aby to pokra\u010dovalo. M\u016f\u017ee\u0161 ud\u011blat tot\u00e9\u017e, co ud\u011blal David. P\u0159iznej s\u00e1m sob\u011b: \u201eI kdyby m\u011b opustili m\u016fj otec a m\u00e1 matka, Hospodin m\u011b k sob\u011b p\u0159ivine.\u201c (\u017dalm 27,10)<\/p>\n<p>A\u0165 u\u017e t\u011b tr\u00e1p\u00ed jak\u00fdkoli probl\u00e9m, rozhodni se mu \u010delit. Up\u0159\u00edmn\u011b si ho p\u0159iznej v srdci a p\u0159iznej ho i n\u011bkomu, komu d\u016fv\u011b\u0159uje\u0161.<\/p>\n<hr \/>\n<p><strong>P\u0159izn\u00e1n\u00ed pravdy zp\u016fsobuje, \u017ee minulost ztr\u00e1c\u00ed v na\u0161em \u017eivot\u011b svou moc.<\/strong><\/p>\n","protected":false},"excerpt":{"rendered":"<p>Pokud m\u00e1me n\u011bjak\u00fd probl\u00e9m, B\u016fh chce, abychom si up\u0159\u00edmn\u011b p\u0159iznali pravdu. N\u011bkdy je vhodn\u00e9 \u0159\u00edct o tom i n\u011bkomu dal\u0161\u00edmu. P\u0159edev\u0161\u00edm ale pravdu pot\u0159ebujeme sly\u0161et my sami&#8230;<\/p>\n","protected":false},"author":19,"featured_media":1958,"parent":0,"menu_order":0,"comment_status":"closed","ping_status":"closed","template":"","class_list":["post-1957","devotional","type-devotional","status-publish","has-post-thumbnail","hentry"],"acf":[],"appp":{"post_detail":{"above_title":"<div class=\"post-featured-wrap\"><img width=\"960\" height=\"560\" src=\"https:\/\/tv.joycemeyer.org\/czech\/wp-content\/uploads\/sites\/67\/2022\/09\/1905.jpg\" class=\"post-featured wp-post-image\" alt=\"P\u0159iznej s\u00e1m sob\u011b pravdu\" decoding=\"async\" srcset=\"https:\/\/tv.joycemeyer.org\/czech\/wp-content\/uploads\/sites\/67\/2022\/09\/1905.jpg 960w, https:\/\/tv.joycemeyer.org\/czech\/wp-content\/uploads\/sites\/67\/2022\/09\/1905-300x175.jpg 300w, https:\/\/tv.joycemeyer.org\/czech\/wp-content\/uploads\/sites\/67\/2022\/09\/1905-768x448.jpg 768w\" sizes=\"(max-width: 960px) 100vw, 960px\" \/><\/div>","below_content":"<div class=\"follow\"><h6 class=\"alt\">Spojte se s n\u00e1mi<\/h6><ul class=\"nav nav--social nav--flex\"><li class=\"menu-item facebook\"><a href=\"https:\/\/www.facebook.com\/joycemeyerministriescesko\/\" target=\"_blank\"><span class=\"visuallyhidden\">Facebook<\/span><\/a><\/li><\/ul><\/div>"}},"yoast_head":"<!-- This site is optimized with the Yoast SEO plugin v27.4 - https:\/\/yoast.com\/product\/yoast-seo-wordpress\/ -->\n<title>P\u0159iznej s\u00e1m sob\u011b pravdu - Joyce Meyer Ministries - Czech<\/title>\n<meta name=\"robots\" content=\"index, follow, max-snippet:-1, max-image-preview:large, max-video-preview:-1\" \/>\n<link rel=\"canonical\" href=\"https:\/\/tv.joycemeyer.org\/czech\/devotional\/priznej-sam-sobe-pravdu\/\" \/>\n<meta property=\"og:locale\" content=\"cs_CZ\" \/>\n<meta property=\"og:type\" content=\"article\" \/>\n<meta property=\"og:title\" content=\"P\u0159iznej s\u00e1m sob\u011b pravdu - Joyce Meyer Ministries - Czech\" \/>\n<meta property=\"og:description\" content=\"Pokud m\u00e1me n\u011bjak\u00fd probl\u00e9m, B\u016fh chce, abychom si up\u0159\u00edmn\u011b p\u0159iznali pravdu. N\u011bkdy je vhodn\u00e9 \u0159\u00edct o tom i n\u011bkomu dal\u0161\u00edmu. P\u0159edev\u0161\u00edm ale pravdu pot\u0159ebujeme sly\u0161et my sami...\" \/>\n<meta property=\"og:url\" content=\"https:\/\/tv.joycemeyer.org\/czech\/devotional\/priznej-sam-sobe-pravdu\/\" \/>\n<meta property=\"og:site_name\" content=\"Joyce Meyer Ministries - Czech\" \/>\n<meta property=\"article:publisher\" content=\"https:\/\/www.facebook.com\/joycemeyerministriescesko\/\" \/>\n<meta property=\"article:modified_time\" content=\"2022-11-10T12:18:51+00:00\" \/>\n<meta property=\"og:image\" content=\"https:\/\/tv.joycemeyer.org\/czech\/wp-content\/uploads\/sites\/67\/2022\/09\/1905.jpg\" \/>\n\t<meta property=\"og:image:width\" content=\"960\" \/>\n\t<meta property=\"og:image:height\" content=\"560\" \/>\n\t<meta property=\"og:image:type\" content=\"image\/jpeg\" \/>\n<meta name=\"twitter:card\" content=\"summary_large_image\" \/>\n<meta name=\"twitter:label1\" content=\"Odhadovan\u00e1 doba \u010dten\u00ed\" \/>\n\t<meta name=\"twitter:data1\" content=\"1 minuta\" \/>\n<script type=\"application\/ld+json\" class=\"yoast-schema-graph\">{\"@context\":\"https:\\\/\\\/schema.org\",\"@graph\":[{\"@type\":\"WebPage\",\"@id\":\"https:\\\/\\\/tv.joycemeyer.org\\\/czech\\\/devotional\\\/priznej-sam-sobe-pravdu\\\/\",\"url\":\"https:\\\/\\\/tv.joycemeyer.org\\\/czech\\\/devotional\\\/priznej-sam-sobe-pravdu\\\/\",\"name\":\"P\u0159iznej s\u00e1m sob\u011b pravdu - Joyce Meyer Ministries - Czech\",\"isPartOf\":{\"@id\":\"https:\\\/\\\/tv.joycemeyer.org\\\/czech\\\/#website\"},\"primaryImageOfPage\":{\"@id\":\"https:\\\/\\\/tv.joycemeyer.org\\\/czech\\\/devotional\\\/priznej-sam-sobe-pravdu\\\/#primaryimage\"},\"image\":{\"@id\":\"https:\\\/\\\/tv.joycemeyer.org\\\/czech\\\/devotional\\\/priznej-sam-sobe-pravdu\\\/#primaryimage\"},\"thumbnailUrl\":\"https:\\\/\\\/tv.joycemeyer.org\\\/czech\\\/wp-content\\\/uploads\\\/sites\\\/67\\\/2022\\\/09\\\/1905.jpg\",\"datePublished\":\"2022-11-10T00:01:46+00:00\",\"dateModified\":\"2022-11-10T12:18:51+00:00\",\"breadcrumb\":{\"@id\":\"https:\\\/\\\/tv.joycemeyer.org\\\/czech\\\/devotional\\\/priznej-sam-sobe-pravdu\\\/#breadcrumb\"},\"inLanguage\":\"cs\",\"potentialAction\":[{\"@type\":\"ReadAction\",\"target\":[\"https:\\\/\\\/tv.joycemeyer.org\\\/czech\\\/devotional\\\/priznej-sam-sobe-pravdu\\\/\"]}]},{\"@type\":\"ImageObject\",\"inLanguage\":\"cs\",\"@id\":\"https:\\\/\\\/tv.joycemeyer.org\\\/czech\\\/devotional\\\/priznej-sam-sobe-pravdu\\\/#primaryimage\",\"url\":\"https:\\\/\\\/tv.joycemeyer.org\\\/czech\\\/wp-content\\\/uploads\\\/sites\\\/67\\\/2022\\\/09\\\/1905.jpg\",\"contentUrl\":\"https:\\\/\\\/tv.joycemeyer.org\\\/czech\\\/wp-content\\\/uploads\\\/sites\\\/67\\\/2022\\\/09\\\/1905.jpg\",\"width\":960,\"height\":560,\"caption\":\"P\u0159iznej s\u00e1m sob\u011b pravdu\"},{\"@type\":\"BreadcrumbList\",\"@id\":\"https:\\\/\\\/tv.joycemeyer.org\\\/czech\\\/devotional\\\/priznej-sam-sobe-pravdu\\\/#breadcrumb\",\"itemListElement\":[{\"@type\":\"ListItem\",\"position\":1,\"name\":\"Home\",\"item\":\"https:\\\/\\\/tv.joycemeyer.org\\\/czech\\\/\"},{\"@type\":\"ListItem\",\"position\":2,\"name\":\"Devotional\",\"item\":\"https:\\\/\\\/tv.joycemeyer.org\\\/czech\\\/devotional\\\/\"},{\"@type\":\"ListItem\",\"position\":3,\"name\":\"P\u0159iznej s\u00e1m sob\u011b pravdu\"}]},{\"@type\":\"WebSite\",\"@id\":\"https:\\\/\\\/tv.joycemeyer.org\\\/czech\\\/#website\",\"url\":\"https:\\\/\\\/tv.joycemeyer.org\\\/czech\\\/\",\"name\":\"Joyce Meyer Ministries - Czech\",\"description\":\"Sd\u00edlet se o Krista - milovat lidi\",\"potentialAction\":[{\"@type\":\"SearchAction\",\"target\":{\"@type\":\"EntryPoint\",\"urlTemplate\":\"https:\\\/\\\/tv.joycemeyer.org\\\/czech\\\/?s={search_term_string}\"},\"query-input\":{\"@type\":\"PropertyValueSpecification\",\"valueRequired\":true,\"valueName\":\"search_term_string\"}}],\"inLanguage\":\"cs\"}]}<\/script>\n<!-- \/ Yoast SEO plugin. -->","yoast_head_json":{"title":"P\u0159iznej s\u00e1m sob\u011b pravdu - Joyce Meyer Ministries - Czech","robots":{"index":"index","follow":"follow","max-snippet":"max-snippet:-1","max-image-preview":"max-image-preview:large","max-video-preview":"max-video-preview:-1"},"canonical":"https:\/\/tv.joycemeyer.org\/czech\/devotional\/priznej-sam-sobe-pravdu\/","og_locale":"cs_CZ","og_type":"article","og_title":"P\u0159iznej s\u00e1m sob\u011b pravdu - Joyce Meyer Ministries - Czech","og_description":"Pokud m\u00e1me n\u011bjak\u00fd probl\u00e9m, B\u016fh chce, abychom si up\u0159\u00edmn\u011b p\u0159iznali pravdu. N\u011bkdy je vhodn\u00e9 \u0159\u00edct o tom i n\u011bkomu dal\u0161\u00edmu. P\u0159edev\u0161\u00edm ale pravdu pot\u0159ebujeme sly\u0161et my sami...","og_url":"https:\/\/tv.joycemeyer.org\/czech\/devotional\/priznej-sam-sobe-pravdu\/","og_site_name":"Joyce Meyer Ministries - Czech","article_publisher":"https:\/\/www.facebook.com\/joycemeyerministriescesko\/","article_modified_time":"2022-11-10T12:18:51+00:00","og_image":[{"width":960,"height":560,"url":"https:\/\/tv.joycemeyer.org\/czech\/wp-content\/uploads\/sites\/67\/2022\/09\/1905.jpg","type":"image\/jpeg"}],"twitter_card":"summary_large_image","twitter_misc":{"Odhadovan\u00e1 doba \u010dten\u00ed":"1 minuta"},"schema":{"@context":"https:\/\/schema.org","@graph":[{"@type":"WebPage","@id":"https:\/\/tv.joycemeyer.org\/czech\/devotional\/priznej-sam-sobe-pravdu\/","url":"https:\/\/tv.joycemeyer.org\/czech\/devotional\/priznej-sam-sobe-pravdu\/","name":"P\u0159iznej s\u00e1m sob\u011b pravdu - Joyce Meyer Ministries - Czech","isPartOf":{"@id":"https:\/\/tv.joycemeyer.org\/czech\/#website"},"primaryImageOfPage":{"@id":"https:\/\/tv.joycemeyer.org\/czech\/devotional\/priznej-sam-sobe-pravdu\/#primaryimage"},"image":{"@id":"https:\/\/tv.joycemeyer.org\/czech\/devotional\/priznej-sam-sobe-pravdu\/#primaryimage"},"thumbnailUrl":"https:\/\/tv.joycemeyer.org\/czech\/wp-content\/uploads\/sites\/67\/2022\/09\/1905.jpg","datePublished":"2022-11-10T00:01:46+00:00","dateModified":"2022-11-10T12:18:51+00:00","breadcrumb":{"@id":"https:\/\/tv.joycemeyer.org\/czech\/devotional\/priznej-sam-sobe-pravdu\/#breadcrumb"},"inLanguage":"cs","potentialAction":[{"@type":"ReadAction","target":["https:\/\/tv.joycemeyer.org\/czech\/devotional\/priznej-sam-sobe-pravdu\/"]}]},{"@type":"ImageObject","inLanguage":"cs","@id":"https:\/\/tv.joycemeyer.org\/czech\/devotional\/priznej-sam-sobe-pravdu\/#primaryimage","url":"https:\/\/tv.joycemeyer.org\/czech\/wp-content\/uploads\/sites\/67\/2022\/09\/1905.jpg","contentUrl":"https:\/\/tv.joycemeyer.org\/czech\/wp-content\/uploads\/sites\/67\/2022\/09\/1905.jpg","width":960,"height":560,"caption":"P\u0159iznej s\u00e1m sob\u011b pravdu"},{"@type":"BreadcrumbList","@id":"https:\/\/tv.joycemeyer.org\/czech\/devotional\/priznej-sam-sobe-pravdu\/#breadcrumb","itemListElement":[{"@type":"ListItem","position":1,"name":"Home","item":"https:\/\/tv.joycemeyer.org\/czech\/"},{"@type":"ListItem","position":2,"name":"Devotional","item":"https:\/\/tv.joycemeyer.org\/czech\/devotional\/"},{"@type":"ListItem","position":3,"name":"P\u0159iznej s\u00e1m sob\u011b pravdu"}]},{"@type":"WebSite","@id":"https:\/\/tv.joycemeyer.org\/czech\/#website","url":"https:\/\/tv.joycemeyer.org\/czech\/","name":"Joyce Meyer Ministries - Czech","description":"Sd\u00edlet se o Krista - milovat lidi","potentialAction":[{"@type":"SearchAction","target":{"@type":"EntryPoint","urlTemplate":"https:\/\/tv.joycemeyer.org\/czech\/?s={search_term_string}"},"query-input":{"@type":"PropertyValueSpecification","valueRequired":true,"valueName":"search_term_string"}}],"inLanguage":"cs"}]}},"_links":{"self":[{"href":"https:\/\/tv.joycemeyer.org\/czech\/wp-json\/wp\/v2\/devotional\/1957","targetHints":{"allow":["GET"]}}],"collection":[{"href":"https:\/\/tv.joycemeyer.org\/czech\/wp-json\/wp\/v2\/devotional"}],"about":[{"href":"https:\/\/tv.joycemeyer.org\/czech\/wp-json\/wp\/v2\/types\/devotional"}],"author":[{"embeddable":true,"href":"https:\/\/tv.joycemeyer.org\/czech\/wp-json\/wp\/v2\/users\/19"}],"replies":[{"embeddable":true,"href":"https:\/\/tv.joycemeyer.org\/czech\/wp-json\/wp\/v2\/comments?post=1957"}],"wp:featuredmedia":[{"embeddable":true,"href":"https:\/\/tv.joycemeyer.org\/czech\/wp-json\/wp\/v2\/media\/1958"}],"wp:attachment":[{"href":"https:\/\/tv.joycemeyer.org\/czech\/wp-json\/wp\/v2\/media?parent=1957"}],"curies":[{"name":"wp","href":"https:\/\/api.w.org\/{rel}","templated":true}]}}