{"id":2241,"date":"2019-03-26T00:01:08","date_gmt":"2019-03-26T00:01:08","guid":{"rendered":"https:\/\/tv.joycemeyer.org\/czech\/?post_type=devotional&#038;p=2241"},"modified":"2023-03-09T14:25:51","modified_gmt":"2023-03-09T14:25:51","slug":"bud-vericim-ktery-veri","status":"publish","type":"devotional","link":"https:\/\/tv.joycemeyer.org\/czech\/devotional\/bud-vericim-ktery-veri\/","title":{"rendered":"Bu\u010f v\u011b\u0159\u00edc\u00edm, kter\u00fd v\u011b\u0159\u00ed"},"content":{"rendered":"<blockquote><p>Proto, jak prav\u00ed Duch Svat\u00fd: \u201eJestli\u017ee dnes usly\u0161\u00edte jeho hlas, nezatvrzujte sv\u00e1 srdce jako p\u0159i onom rozho\u0159\u010den\u00ed v pustin\u011b\u2026\u201c (\u017did\u016fm 3,7\u20138)<\/p><\/blockquote>\n<p>Ve t\u0159et\u00ed kapitole listu \u017did\u016fm vid\u00edme dva \u0161patn\u00e9 postoje srdce \u2013 zatvrzel\u00e9 srdce a nev\u011b\u0159\u00edc\u00ed srdce. Na pou\u0161ti zatvrzel\u00e9 srdce zp\u016fsobilo vzpouru izraelsk\u00e9ho lidu. \u010clov\u011bk se zatvrzel\u00fdm srdcem nem\u016f\u017ee snadno uv\u011b\u0159it Bohu, co\u017e je velk\u00fd probl\u00e9m, proto\u017ee v\u0161echno, co p\u0159ij\u00edm\u00e1me od Boha, p\u0159ich\u00e1z\u00ed prost\u0159ednictv\u00edm v\u00edry. Abychom od n\u011bho n\u011bco dostali, mus\u00edme k n\u011bmu p\u0159ij\u00edt v jednoduch\u00e9 d\u011btsk\u00e9 v\u00ed\u0159e a prost\u011b mu v\u011b\u0159it.<\/p>\n<p>Naz\u00fdv\u00e1me se v\u011b\u0159\u00edc\u00edmi, pravdou ale je, \u017ee existuje i mnoho v\u011b\u0159\u00edc\u00edch, kte\u0159\u00ed nev\u011b\u0159\u00ed. Dlouho jsem byla jednou z nich. V d\u011btstv\u00ed jsem byla tak zran\u011bn\u00e1, \u017ee se m\u00e9 srdce stalo velmi zatvrzel\u00fdm a B\u016fh musel v m\u00e9m \u017eivot\u011b ud\u011blat pr\u016flom.<\/p>\n<p>Dokonce i Moj\u017e\u00ed\u0161 se b\u011bhem putov\u00e1n\u00ed pou\u0161t\u00ed dostal do okam\u017eiku, kdy jeho srdce v\u00e1halo, zda v\u011b\u0159it Bohu. Proto je d\u016fle\u017eit\u00e9 si zachovat duchovn\u00ed citlivost, abychom mohli pohotov\u011b v\u011b\u0159it a ka\u017ed\u00fd den chodili ve v\u00ed\u0159e. M\u016f\u017eeme se rozhodnout, \u017ee si budeme d\u00e1vat pozor, abychom p\u0159ech\u00e1zeli od v\u00edry k v\u00ed\u0159e a nezamotali se do pochybnost\u00ed nebo nev\u00edry. Srdce pln\u00e9 v\u00edry je nezbytn\u00fdm p\u0159edpokladem pro bl\u00edzk\u00fd vztah s Bohem.<\/p>\n<hr \/>\n<h4><strong>Je\u017e\u00ed\u0161 chce obnovit tvou du\u0161i v\u010detn\u011b tv\u00fdch emoc\u00ed. Pozvi jej do v\u0161ech oblast\u00ed sv\u00e9ho \u017eivota, i tam, kam se nikdo jin\u00fd nedostane. Po\u017e\u00e1dej ho, aby t\u011b prom\u011bnil v \u010dlov\u011bka, kter\u00fd bude m\u00edt stejn\u00e9 srdce jako on.\u2003<\/strong><\/h4>\n","protected":false},"excerpt":{"rendered":"<p>M\u016f\u017eeme se rozhodnout, \u017ee si budeme d\u00e1vat pozor, abychom p\u0159ech\u00e1zeli od v\u00edry k v\u00ed\u0159e a nezamotali se do pochybnost\u00ed nebo nev\u00edry.<\/p>\n","protected":false},"author":20,"featured_media":2242,"parent":0,"menu_order":0,"comment_status":"closed","ping_status":"closed","template":"","class_list":["post-2241","devotional","type-devotional","status-publish","has-post-thumbnail","hentry"],"acf":[],"appp":{"post_detail":{"above_title":"<div class=\"post-featured-wrap\"><img width=\"1024\" height=\"597\" src=\"https:\/\/tv.joycemeyer.org\/czech\/wp-content\/uploads\/sites\/67\/2023\/03\/2075-1024x597.jpg\" class=\"post-featured wp-post-image\" alt=\"Bu\u010f v\u011b\u0159\u00edc\u00edm, kter\u00fd v\u011b\u0159\u00ed\" decoding=\"async\" srcset=\"https:\/\/tv.joycemeyer.org\/czech\/wp-content\/uploads\/sites\/67\/2023\/03\/2075-1024x597.jpg 1024w, https:\/\/tv.joycemeyer.org\/czech\/wp-content\/uploads\/sites\/67\/2023\/03\/2075-300x175.jpg 300w, https:\/\/tv.joycemeyer.org\/czech\/wp-content\/uploads\/sites\/67\/2023\/03\/2075-768x448.jpg 768w, https:\/\/tv.joycemeyer.org\/czech\/wp-content\/uploads\/sites\/67\/2023\/03\/2075-1536x896.jpg 1536w, https:\/\/tv.joycemeyer.org\/czech\/wp-content\/uploads\/sites\/67\/2023\/03\/2075.jpg 1800w\" sizes=\"(max-width: 1024px) 100vw, 1024px\" \/><\/div>","below_content":"<div class=\"follow\"><h6 class=\"alt\">Spojte se s n\u00e1mi<\/h6><ul class=\"nav nav--social nav--flex\"><li class=\"menu-item facebook\"><a href=\"https:\/\/www.facebook.com\/joycemeyerministriescesko\/\" target=\"_blank\"><span class=\"visuallyhidden\">Facebook<\/span><\/a><\/li><\/ul><\/div>"}},"yoast_head":"<!-- This site is optimized with the Yoast SEO plugin v27.4 - https:\/\/yoast.com\/product\/yoast-seo-wordpress\/ -->\n<title>Bu\u010f v\u011b\u0159\u00edc\u00edm, kter\u00fd v\u011b\u0159\u00ed - Joyce Meyer Ministries - Czech<\/title>\n<meta name=\"robots\" content=\"index, follow, max-snippet:-1, max-image-preview:large, max-video-preview:-1\" \/>\n<link rel=\"canonical\" href=\"https:\/\/tv.joycemeyer.org\/czech\/devotional\/bud-vericim-ktery-veri\/\" \/>\n<meta property=\"og:locale\" content=\"cs_CZ\" \/>\n<meta property=\"og:type\" content=\"article\" \/>\n<meta property=\"og:title\" content=\"Bu\u010f v\u011b\u0159\u00edc\u00edm, kter\u00fd v\u011b\u0159\u00ed - Joyce Meyer Ministries - Czech\" \/>\n<meta property=\"og:description\" content=\"M\u016f\u017eeme se rozhodnout, \u017ee si budeme d\u00e1vat pozor, abychom p\u0159ech\u00e1zeli od v\u00edry k v\u00ed\u0159e a nezamotali se do pochybnost\u00ed nebo nev\u00edry.\" \/>\n<meta property=\"og:url\" content=\"https:\/\/tv.joycemeyer.org\/czech\/devotional\/bud-vericim-ktery-veri\/\" \/>\n<meta property=\"og:site_name\" content=\"Joyce Meyer Ministries - Czech\" \/>\n<meta property=\"article:publisher\" content=\"https:\/\/www.facebook.com\/joycemeyerministriescesko\/\" \/>\n<meta property=\"article:modified_time\" content=\"2023-03-09T14:25:51+00:00\" \/>\n<meta property=\"og:image\" content=\"https:\/\/tv.joycemeyer.org\/czech\/wp-content\/uploads\/sites\/67\/2023\/03\/2075.jpg\" \/>\n\t<meta property=\"og:image:width\" content=\"1800\" \/>\n\t<meta property=\"og:image:height\" content=\"1050\" \/>\n\t<meta property=\"og:image:type\" content=\"image\/jpeg\" \/>\n<meta name=\"twitter:card\" content=\"summary_large_image\" \/>\n<meta name=\"twitter:label1\" content=\"Odhadovan\u00e1 doba \u010dten\u00ed\" \/>\n\t<meta name=\"twitter:data1\" content=\"1 minuta\" \/>\n<script type=\"application\/ld+json\" class=\"yoast-schema-graph\">{\"@context\":\"https:\\\/\\\/schema.org\",\"@graph\":[{\"@type\":\"WebPage\",\"@id\":\"https:\\\/\\\/tv.joycemeyer.org\\\/czech\\\/devotional\\\/bud-vericim-ktery-veri\\\/\",\"url\":\"https:\\\/\\\/tv.joycemeyer.org\\\/czech\\\/devotional\\\/bud-vericim-ktery-veri\\\/\",\"name\":\"Bu\u010f v\u011b\u0159\u00edc\u00edm, kter\u00fd v\u011b\u0159\u00ed - Joyce Meyer Ministries - Czech\",\"isPartOf\":{\"@id\":\"https:\\\/\\\/tv.joycemeyer.org\\\/czech\\\/#website\"},\"primaryImageOfPage\":{\"@id\":\"https:\\\/\\\/tv.joycemeyer.org\\\/czech\\\/devotional\\\/bud-vericim-ktery-veri\\\/#primaryimage\"},\"image\":{\"@id\":\"https:\\\/\\\/tv.joycemeyer.org\\\/czech\\\/devotional\\\/bud-vericim-ktery-veri\\\/#primaryimage\"},\"thumbnailUrl\":\"https:\\\/\\\/tv.joycemeyer.org\\\/czech\\\/wp-content\\\/uploads\\\/sites\\\/67\\\/2023\\\/03\\\/2075.jpg\",\"datePublished\":\"2019-03-26T00:01:08+00:00\",\"dateModified\":\"2023-03-09T14:25:51+00:00\",\"breadcrumb\":{\"@id\":\"https:\\\/\\\/tv.joycemeyer.org\\\/czech\\\/devotional\\\/bud-vericim-ktery-veri\\\/#breadcrumb\"},\"inLanguage\":\"cs\",\"potentialAction\":[{\"@type\":\"ReadAction\",\"target\":[\"https:\\\/\\\/tv.joycemeyer.org\\\/czech\\\/devotional\\\/bud-vericim-ktery-veri\\\/\"]}]},{\"@type\":\"ImageObject\",\"inLanguage\":\"cs\",\"@id\":\"https:\\\/\\\/tv.joycemeyer.org\\\/czech\\\/devotional\\\/bud-vericim-ktery-veri\\\/#primaryimage\",\"url\":\"https:\\\/\\\/tv.joycemeyer.org\\\/czech\\\/wp-content\\\/uploads\\\/sites\\\/67\\\/2023\\\/03\\\/2075.jpg\",\"contentUrl\":\"https:\\\/\\\/tv.joycemeyer.org\\\/czech\\\/wp-content\\\/uploads\\\/sites\\\/67\\\/2023\\\/03\\\/2075.jpg\",\"width\":1800,\"height\":1050,\"caption\":\"Bu\u010f v\u011b\u0159\u00edc\u00edm, kter\u00fd v\u011b\u0159\u00ed\"},{\"@type\":\"BreadcrumbList\",\"@id\":\"https:\\\/\\\/tv.joycemeyer.org\\\/czech\\\/devotional\\\/bud-vericim-ktery-veri\\\/#breadcrumb\",\"itemListElement\":[{\"@type\":\"ListItem\",\"position\":1,\"name\":\"Home\",\"item\":\"https:\\\/\\\/tv.joycemeyer.org\\\/czech\\\/\"},{\"@type\":\"ListItem\",\"position\":2,\"name\":\"Devotional\",\"item\":\"https:\\\/\\\/tv.joycemeyer.org\\\/czech\\\/devotional\\\/\"},{\"@type\":\"ListItem\",\"position\":3,\"name\":\"Bu\u010f v\u011b\u0159\u00edc\u00edm, kter\u00fd v\u011b\u0159\u00ed\"}]},{\"@type\":\"WebSite\",\"@id\":\"https:\\\/\\\/tv.joycemeyer.org\\\/czech\\\/#website\",\"url\":\"https:\\\/\\\/tv.joycemeyer.org\\\/czech\\\/\",\"name\":\"Joyce Meyer Ministries - Czech\",\"description\":\"Sd\u00edlet se o Krista - milovat lidi\",\"potentialAction\":[{\"@type\":\"SearchAction\",\"target\":{\"@type\":\"EntryPoint\",\"urlTemplate\":\"https:\\\/\\\/tv.joycemeyer.org\\\/czech\\\/?s={search_term_string}\"},\"query-input\":{\"@type\":\"PropertyValueSpecification\",\"valueRequired\":true,\"valueName\":\"search_term_string\"}}],\"inLanguage\":\"cs\"}]}<\/script>\n<!-- \/ Yoast SEO plugin. -->","yoast_head_json":{"title":"Bu\u010f v\u011b\u0159\u00edc\u00edm, kter\u00fd v\u011b\u0159\u00ed - Joyce Meyer Ministries - Czech","robots":{"index":"index","follow":"follow","max-snippet":"max-snippet:-1","max-image-preview":"max-image-preview:large","max-video-preview":"max-video-preview:-1"},"canonical":"https:\/\/tv.joycemeyer.org\/czech\/devotional\/bud-vericim-ktery-veri\/","og_locale":"cs_CZ","og_type":"article","og_title":"Bu\u010f v\u011b\u0159\u00edc\u00edm, kter\u00fd v\u011b\u0159\u00ed - Joyce Meyer Ministries - Czech","og_description":"M\u016f\u017eeme se rozhodnout, \u017ee si budeme d\u00e1vat pozor, abychom p\u0159ech\u00e1zeli od v\u00edry k v\u00ed\u0159e a nezamotali se do pochybnost\u00ed nebo nev\u00edry.","og_url":"https:\/\/tv.joycemeyer.org\/czech\/devotional\/bud-vericim-ktery-veri\/","og_site_name":"Joyce Meyer Ministries - Czech","article_publisher":"https:\/\/www.facebook.com\/joycemeyerministriescesko\/","article_modified_time":"2023-03-09T14:25:51+00:00","og_image":[{"width":1800,"height":1050,"url":"https:\/\/tv.joycemeyer.org\/czech\/wp-content\/uploads\/sites\/67\/2023\/03\/2075.jpg","type":"image\/jpeg"}],"twitter_card":"summary_large_image","twitter_misc":{"Odhadovan\u00e1 doba \u010dten\u00ed":"1 minuta"},"schema":{"@context":"https:\/\/schema.org","@graph":[{"@type":"WebPage","@id":"https:\/\/tv.joycemeyer.org\/czech\/devotional\/bud-vericim-ktery-veri\/","url":"https:\/\/tv.joycemeyer.org\/czech\/devotional\/bud-vericim-ktery-veri\/","name":"Bu\u010f v\u011b\u0159\u00edc\u00edm, kter\u00fd v\u011b\u0159\u00ed - Joyce Meyer Ministries - Czech","isPartOf":{"@id":"https:\/\/tv.joycemeyer.org\/czech\/#website"},"primaryImageOfPage":{"@id":"https:\/\/tv.joycemeyer.org\/czech\/devotional\/bud-vericim-ktery-veri\/#primaryimage"},"image":{"@id":"https:\/\/tv.joycemeyer.org\/czech\/devotional\/bud-vericim-ktery-veri\/#primaryimage"},"thumbnailUrl":"https:\/\/tv.joycemeyer.org\/czech\/wp-content\/uploads\/sites\/67\/2023\/03\/2075.jpg","datePublished":"2019-03-26T00:01:08+00:00","dateModified":"2023-03-09T14:25:51+00:00","breadcrumb":{"@id":"https:\/\/tv.joycemeyer.org\/czech\/devotional\/bud-vericim-ktery-veri\/#breadcrumb"},"inLanguage":"cs","potentialAction":[{"@type":"ReadAction","target":["https:\/\/tv.joycemeyer.org\/czech\/devotional\/bud-vericim-ktery-veri\/"]}]},{"@type":"ImageObject","inLanguage":"cs","@id":"https:\/\/tv.joycemeyer.org\/czech\/devotional\/bud-vericim-ktery-veri\/#primaryimage","url":"https:\/\/tv.joycemeyer.org\/czech\/wp-content\/uploads\/sites\/67\/2023\/03\/2075.jpg","contentUrl":"https:\/\/tv.joycemeyer.org\/czech\/wp-content\/uploads\/sites\/67\/2023\/03\/2075.jpg","width":1800,"height":1050,"caption":"Bu\u010f v\u011b\u0159\u00edc\u00edm, kter\u00fd v\u011b\u0159\u00ed"},{"@type":"BreadcrumbList","@id":"https:\/\/tv.joycemeyer.org\/czech\/devotional\/bud-vericim-ktery-veri\/#breadcrumb","itemListElement":[{"@type":"ListItem","position":1,"name":"Home","item":"https:\/\/tv.joycemeyer.org\/czech\/"},{"@type":"ListItem","position":2,"name":"Devotional","item":"https:\/\/tv.joycemeyer.org\/czech\/devotional\/"},{"@type":"ListItem","position":3,"name":"Bu\u010f v\u011b\u0159\u00edc\u00edm, kter\u00fd v\u011b\u0159\u00ed"}]},{"@type":"WebSite","@id":"https:\/\/tv.joycemeyer.org\/czech\/#website","url":"https:\/\/tv.joycemeyer.org\/czech\/","name":"Joyce Meyer Ministries - Czech","description":"Sd\u00edlet se o Krista - milovat lidi","potentialAction":[{"@type":"SearchAction","target":{"@type":"EntryPoint","urlTemplate":"https:\/\/tv.joycemeyer.org\/czech\/?s={search_term_string}"},"query-input":{"@type":"PropertyValueSpecification","valueRequired":true,"valueName":"search_term_string"}}],"inLanguage":"cs"}]}},"_links":{"self":[{"href":"https:\/\/tv.joycemeyer.org\/czech\/wp-json\/wp\/v2\/devotional\/2241","targetHints":{"allow":["GET"]}}],"collection":[{"href":"https:\/\/tv.joycemeyer.org\/czech\/wp-json\/wp\/v2\/devotional"}],"about":[{"href":"https:\/\/tv.joycemeyer.org\/czech\/wp-json\/wp\/v2\/types\/devotional"}],"author":[{"embeddable":true,"href":"https:\/\/tv.joycemeyer.org\/czech\/wp-json\/wp\/v2\/users\/20"}],"replies":[{"embeddable":true,"href":"https:\/\/tv.joycemeyer.org\/czech\/wp-json\/wp\/v2\/comments?post=2241"}],"wp:featuredmedia":[{"embeddable":true,"href":"https:\/\/tv.joycemeyer.org\/czech\/wp-json\/wp\/v2\/media\/2242"}],"wp:attachment":[{"href":"https:\/\/tv.joycemeyer.org\/czech\/wp-json\/wp\/v2\/media?parent=2241"}],"curies":[{"name":"wp","href":"https:\/\/api.w.org\/{rel}","templated":true}]}}