{"id":2285,"date":"2023-04-14T00:01:38","date_gmt":"2023-04-14T00:01:38","guid":{"rendered":"https:\/\/tv.joycemeyer.org\/czech\/?post_type=devotional&#038;p=2285"},"modified":"2023-04-14T11:27:52","modified_gmt":"2023-04-14T11:27:52","slug":"udelej-to-navzdory-strachu","status":"publish","type":"devotional","link":"https:\/\/tv.joycemeyer.org\/czech\/devotional\/udelej-to-navzdory-strachu\/","title":{"rendered":"Ud\u011blej to navzdory strachu"},"content":{"rendered":"<blockquote><p>Hospodin \u0159ekl Abramovi: Odejdi ze sv\u00e9 zem\u011b, ze sv\u00e9ho p\u0159\u00edbuzenstva a z domu sv\u00e9ho otce do zem\u011b, kterou ti uk\u00e1\u017eu. (Genesis 12,1)<\/p><\/blockquote>\n<p>Jak by ses c\u00edtil, kdyby ti B\u016fh \u0159ekl, abys opustil sv\u016fj domov, rodinu a v\u0161echno, co zn\u00e1\u0161 a co je pro tebe pohodln\u00e9, a vydal se na m\u00edsto, kter\u00e9 zn\u00e1 jen on s\u00e1m? B\u00e1l by ses? P\u0159esn\u011b takov\u00e9 v\u00fdzv\u011b \u010delil Abram, a je pochopiteln\u00e9, \u017ee m\u011bl strach. Proto mu B\u016fh znovu a znovu \u0159\u00edkal: \u201eNeboj se.\u201c<\/p>\n<p>Elisabeth Elliot, jej\u00ed\u017e man\u017eel byl spolu se \u010dty\u0159mi dal\u0161\u00edmi mision\u00e1\u0159i zabit v Ekv\u00e1doru, vypr\u00e1v\u00ed, jak byl jej\u00ed \u017eivot ovl\u00e1d\u00e1n strachem. Poka\u017ed\u00e9, kdy\u017e cht\u011bla vykro\u010dit, strach ji zastavil. Tak to bylo, dokud j\u00ed jedna p\u0159\u00edtelkyn\u011b nepolo\u017eila ot\u00e1zku, kter\u00e1 ji osvobodila. Zeptala se j\u00ed: \u201ePro\u010d neud\u011bl\u00e1\u0161 krok navzdory sv\u00e9mu strachu?\u201c Elisabeth Elliot pak spolu s Rachel Saint, sestrou jednoho ze zavra\u017ed\u011bn\u00fdch mision\u00e1\u0159\u016f, pokra\u010dovala v evangelizaci indi\u00e1nsk\u00fdch kmen\u016f, v\u010detn\u011b lid\u00ed, kte\u0159\u00ed zabili jejich man\u017eela a bratra.<\/p>\n<p>Pokud \u010dek\u00e1me, \u017ee za\u010dneme n\u011bco d\u011blat, a\u017e se p\u0159estaneme b\u00e1t, pravd\u011bpodobn\u011b toho pro Boha, pro druh\u00e9 i sami pro sebe ud\u011bl\u00e1me velmi m\u00e1lo. Abram i Jozue museli vykro\u010dit ve v\u00ed\u0159e a poslu\u0161nosti Bohu a ud\u011blat, co jim p\u0159ik\u00e1zal \u2013 p\u0159esto\u017ee m\u011bli strach. A ty m\u016f\u017ee\u0161 ud\u011blat tot\u00e9\u017e!<\/p>\n<hr \/>\n<h4><strong>Rozhodni se, \u017ee se nenech\u00e1\u0161 ovl\u00e1dat strachem, a m\u00edsto toho bude\u0161 n\u00e1sledovat Bo\u017e\u00ed slovo.<\/strong><\/h4>\n","protected":false},"excerpt":{"rendered":"<p>Pokud \u010dek\u00e1me, \u017ee za\u010dneme n\u011bco d\u011blat, a\u017e se p\u0159estaneme b\u00e1t, pravd\u011bpodobn\u011b toho pro Boha, pro druh\u00e9 i sami pro sebe ud\u011bl\u00e1me velmi m\u00e1lo.<\/p>\n","protected":false},"author":20,"featured_media":2286,"parent":0,"menu_order":0,"comment_status":"closed","ping_status":"closed","template":"","class_list":["post-2285","devotional","type-devotional","status-publish","has-post-thumbnail","hentry"],"acf":[],"appp":{"post_detail":{"above_title":"<div class=\"post-featured-wrap\"><img width=\"1024\" height=\"597\" src=\"https:\/\/tv.joycemeyer.org\/czech\/wp-content\/uploads\/sites\/67\/2023\/03\/2857-1024x597.jpg\" class=\"post-featured wp-post-image\" alt=\"Ud\u011blej to navzdory strachu\" decoding=\"async\" srcset=\"https:\/\/tv.joycemeyer.org\/czech\/wp-content\/uploads\/sites\/67\/2023\/03\/2857-1024x597.jpg 1024w, https:\/\/tv.joycemeyer.org\/czech\/wp-content\/uploads\/sites\/67\/2023\/03\/2857-300x175.jpg 300w, https:\/\/tv.joycemeyer.org\/czech\/wp-content\/uploads\/sites\/67\/2023\/03\/2857-768x448.jpg 768w, https:\/\/tv.joycemeyer.org\/czech\/wp-content\/uploads\/sites\/67\/2023\/03\/2857-1536x896.jpg 1536w, https:\/\/tv.joycemeyer.org\/czech\/wp-content\/uploads\/sites\/67\/2023\/03\/2857.jpg 1800w\" sizes=\"(max-width: 1024px) 100vw, 1024px\" \/><\/div>","below_content":"<div class=\"follow\"><h6 class=\"alt\">Spojte se s n\u00e1mi<\/h6><ul class=\"nav nav--social nav--flex\"><li class=\"menu-item facebook\"><a href=\"https:\/\/www.facebook.com\/joycemeyerministriescesko\/\" target=\"_blank\"><span class=\"visuallyhidden\">Facebook<\/span><\/a><\/li><\/ul><\/div>"}},"yoast_head":"<!-- This site is optimized with the Yoast SEO plugin v27.4 - https:\/\/yoast.com\/product\/yoast-seo-wordpress\/ -->\n<title>Ud\u011blej to navzdory strachu - Joyce Meyer Ministries - Czech<\/title>\n<meta name=\"robots\" content=\"index, follow, max-snippet:-1, max-image-preview:large, max-video-preview:-1\" \/>\n<link rel=\"canonical\" href=\"https:\/\/tv.joycemeyer.org\/czech\/devotional\/udelej-to-navzdory-strachu\/\" \/>\n<meta property=\"og:locale\" content=\"cs_CZ\" \/>\n<meta property=\"og:type\" content=\"article\" \/>\n<meta property=\"og:title\" content=\"Ud\u011blej to navzdory strachu - Joyce Meyer Ministries - Czech\" \/>\n<meta property=\"og:description\" content=\"Pokud \u010dek\u00e1me, \u017ee za\u010dneme n\u011bco d\u011blat, a\u017e se p\u0159estaneme b\u00e1t, pravd\u011bpodobn\u011b toho pro Boha, pro druh\u00e9 i sami pro sebe ud\u011bl\u00e1me velmi m\u00e1lo.\" \/>\n<meta property=\"og:url\" content=\"https:\/\/tv.joycemeyer.org\/czech\/devotional\/udelej-to-navzdory-strachu\/\" \/>\n<meta property=\"og:site_name\" content=\"Joyce Meyer Ministries - Czech\" \/>\n<meta property=\"article:publisher\" content=\"https:\/\/www.facebook.com\/joycemeyerministriescesko\/\" \/>\n<meta property=\"article:modified_time\" content=\"2023-04-14T11:27:52+00:00\" \/>\n<meta property=\"og:image\" content=\"https:\/\/tv.joycemeyer.org\/czech\/wp-content\/uploads\/sites\/67\/2023\/03\/2857.jpg\" \/>\n\t<meta property=\"og:image:width\" content=\"1800\" \/>\n\t<meta property=\"og:image:height\" content=\"1050\" \/>\n\t<meta property=\"og:image:type\" content=\"image\/jpeg\" \/>\n<meta name=\"twitter:card\" content=\"summary_large_image\" \/>\n<meta name=\"twitter:label1\" content=\"Odhadovan\u00e1 doba \u010dten\u00ed\" \/>\n\t<meta name=\"twitter:data1\" content=\"1 minuta\" \/>\n<script type=\"application\/ld+json\" class=\"yoast-schema-graph\">{\"@context\":\"https:\\\/\\\/schema.org\",\"@graph\":[{\"@type\":\"WebPage\",\"@id\":\"https:\\\/\\\/tv.joycemeyer.org\\\/czech\\\/devotional\\\/udelej-to-navzdory-strachu\\\/\",\"url\":\"https:\\\/\\\/tv.joycemeyer.org\\\/czech\\\/devotional\\\/udelej-to-navzdory-strachu\\\/\",\"name\":\"Ud\u011blej to navzdory strachu - Joyce Meyer Ministries - Czech\",\"isPartOf\":{\"@id\":\"https:\\\/\\\/tv.joycemeyer.org\\\/czech\\\/#website\"},\"primaryImageOfPage\":{\"@id\":\"https:\\\/\\\/tv.joycemeyer.org\\\/czech\\\/devotional\\\/udelej-to-navzdory-strachu\\\/#primaryimage\"},\"image\":{\"@id\":\"https:\\\/\\\/tv.joycemeyer.org\\\/czech\\\/devotional\\\/udelej-to-navzdory-strachu\\\/#primaryimage\"},\"thumbnailUrl\":\"https:\\\/\\\/tv.joycemeyer.org\\\/czech\\\/wp-content\\\/uploads\\\/sites\\\/67\\\/2023\\\/03\\\/2857.jpg\",\"datePublished\":\"2023-04-14T00:01:38+00:00\",\"dateModified\":\"2023-04-14T11:27:52+00:00\",\"breadcrumb\":{\"@id\":\"https:\\\/\\\/tv.joycemeyer.org\\\/czech\\\/devotional\\\/udelej-to-navzdory-strachu\\\/#breadcrumb\"},\"inLanguage\":\"cs\",\"potentialAction\":[{\"@type\":\"ReadAction\",\"target\":[\"https:\\\/\\\/tv.joycemeyer.org\\\/czech\\\/devotional\\\/udelej-to-navzdory-strachu\\\/\"]}]},{\"@type\":\"ImageObject\",\"inLanguage\":\"cs\",\"@id\":\"https:\\\/\\\/tv.joycemeyer.org\\\/czech\\\/devotional\\\/udelej-to-navzdory-strachu\\\/#primaryimage\",\"url\":\"https:\\\/\\\/tv.joycemeyer.org\\\/czech\\\/wp-content\\\/uploads\\\/sites\\\/67\\\/2023\\\/03\\\/2857.jpg\",\"contentUrl\":\"https:\\\/\\\/tv.joycemeyer.org\\\/czech\\\/wp-content\\\/uploads\\\/sites\\\/67\\\/2023\\\/03\\\/2857.jpg\",\"width\":1800,\"height\":1050,\"caption\":\"Ud\u011blej to navzdory strachu\"},{\"@type\":\"BreadcrumbList\",\"@id\":\"https:\\\/\\\/tv.joycemeyer.org\\\/czech\\\/devotional\\\/udelej-to-navzdory-strachu\\\/#breadcrumb\",\"itemListElement\":[{\"@type\":\"ListItem\",\"position\":1,\"name\":\"Home\",\"item\":\"https:\\\/\\\/tv.joycemeyer.org\\\/czech\\\/\"},{\"@type\":\"ListItem\",\"position\":2,\"name\":\"Devotional\",\"item\":\"https:\\\/\\\/tv.joycemeyer.org\\\/czech\\\/devotional\\\/\"},{\"@type\":\"ListItem\",\"position\":3,\"name\":\"Ud\u011blej to navzdory strachu\"}]},{\"@type\":\"WebSite\",\"@id\":\"https:\\\/\\\/tv.joycemeyer.org\\\/czech\\\/#website\",\"url\":\"https:\\\/\\\/tv.joycemeyer.org\\\/czech\\\/\",\"name\":\"Joyce Meyer Ministries - Czech\",\"description\":\"Sd\u00edlet se o Krista - milovat lidi\",\"potentialAction\":[{\"@type\":\"SearchAction\",\"target\":{\"@type\":\"EntryPoint\",\"urlTemplate\":\"https:\\\/\\\/tv.joycemeyer.org\\\/czech\\\/?s={search_term_string}\"},\"query-input\":{\"@type\":\"PropertyValueSpecification\",\"valueRequired\":true,\"valueName\":\"search_term_string\"}}],\"inLanguage\":\"cs\"}]}<\/script>\n<!-- \/ Yoast SEO plugin. -->","yoast_head_json":{"title":"Ud\u011blej to navzdory strachu - Joyce Meyer Ministries - Czech","robots":{"index":"index","follow":"follow","max-snippet":"max-snippet:-1","max-image-preview":"max-image-preview:large","max-video-preview":"max-video-preview:-1"},"canonical":"https:\/\/tv.joycemeyer.org\/czech\/devotional\/udelej-to-navzdory-strachu\/","og_locale":"cs_CZ","og_type":"article","og_title":"Ud\u011blej to navzdory strachu - Joyce Meyer Ministries - Czech","og_description":"Pokud \u010dek\u00e1me, \u017ee za\u010dneme n\u011bco d\u011blat, a\u017e se p\u0159estaneme b\u00e1t, pravd\u011bpodobn\u011b toho pro Boha, pro druh\u00e9 i sami pro sebe ud\u011bl\u00e1me velmi m\u00e1lo.","og_url":"https:\/\/tv.joycemeyer.org\/czech\/devotional\/udelej-to-navzdory-strachu\/","og_site_name":"Joyce Meyer Ministries - Czech","article_publisher":"https:\/\/www.facebook.com\/joycemeyerministriescesko\/","article_modified_time":"2023-04-14T11:27:52+00:00","og_image":[{"width":1800,"height":1050,"url":"https:\/\/tv.joycemeyer.org\/czech\/wp-content\/uploads\/sites\/67\/2023\/03\/2857.jpg","type":"image\/jpeg"}],"twitter_card":"summary_large_image","twitter_misc":{"Odhadovan\u00e1 doba \u010dten\u00ed":"1 minuta"},"schema":{"@context":"https:\/\/schema.org","@graph":[{"@type":"WebPage","@id":"https:\/\/tv.joycemeyer.org\/czech\/devotional\/udelej-to-navzdory-strachu\/","url":"https:\/\/tv.joycemeyer.org\/czech\/devotional\/udelej-to-navzdory-strachu\/","name":"Ud\u011blej to navzdory strachu - Joyce Meyer Ministries - Czech","isPartOf":{"@id":"https:\/\/tv.joycemeyer.org\/czech\/#website"},"primaryImageOfPage":{"@id":"https:\/\/tv.joycemeyer.org\/czech\/devotional\/udelej-to-navzdory-strachu\/#primaryimage"},"image":{"@id":"https:\/\/tv.joycemeyer.org\/czech\/devotional\/udelej-to-navzdory-strachu\/#primaryimage"},"thumbnailUrl":"https:\/\/tv.joycemeyer.org\/czech\/wp-content\/uploads\/sites\/67\/2023\/03\/2857.jpg","datePublished":"2023-04-14T00:01:38+00:00","dateModified":"2023-04-14T11:27:52+00:00","breadcrumb":{"@id":"https:\/\/tv.joycemeyer.org\/czech\/devotional\/udelej-to-navzdory-strachu\/#breadcrumb"},"inLanguage":"cs","potentialAction":[{"@type":"ReadAction","target":["https:\/\/tv.joycemeyer.org\/czech\/devotional\/udelej-to-navzdory-strachu\/"]}]},{"@type":"ImageObject","inLanguage":"cs","@id":"https:\/\/tv.joycemeyer.org\/czech\/devotional\/udelej-to-navzdory-strachu\/#primaryimage","url":"https:\/\/tv.joycemeyer.org\/czech\/wp-content\/uploads\/sites\/67\/2023\/03\/2857.jpg","contentUrl":"https:\/\/tv.joycemeyer.org\/czech\/wp-content\/uploads\/sites\/67\/2023\/03\/2857.jpg","width":1800,"height":1050,"caption":"Ud\u011blej to navzdory strachu"},{"@type":"BreadcrumbList","@id":"https:\/\/tv.joycemeyer.org\/czech\/devotional\/udelej-to-navzdory-strachu\/#breadcrumb","itemListElement":[{"@type":"ListItem","position":1,"name":"Home","item":"https:\/\/tv.joycemeyer.org\/czech\/"},{"@type":"ListItem","position":2,"name":"Devotional","item":"https:\/\/tv.joycemeyer.org\/czech\/devotional\/"},{"@type":"ListItem","position":3,"name":"Ud\u011blej to navzdory strachu"}]},{"@type":"WebSite","@id":"https:\/\/tv.joycemeyer.org\/czech\/#website","url":"https:\/\/tv.joycemeyer.org\/czech\/","name":"Joyce Meyer Ministries - Czech","description":"Sd\u00edlet se o Krista - milovat lidi","potentialAction":[{"@type":"SearchAction","target":{"@type":"EntryPoint","urlTemplate":"https:\/\/tv.joycemeyer.org\/czech\/?s={search_term_string}"},"query-input":{"@type":"PropertyValueSpecification","valueRequired":true,"valueName":"search_term_string"}}],"inLanguage":"cs"}]}},"_links":{"self":[{"href":"https:\/\/tv.joycemeyer.org\/czech\/wp-json\/wp\/v2\/devotional\/2285","targetHints":{"allow":["GET"]}}],"collection":[{"href":"https:\/\/tv.joycemeyer.org\/czech\/wp-json\/wp\/v2\/devotional"}],"about":[{"href":"https:\/\/tv.joycemeyer.org\/czech\/wp-json\/wp\/v2\/types\/devotional"}],"author":[{"embeddable":true,"href":"https:\/\/tv.joycemeyer.org\/czech\/wp-json\/wp\/v2\/users\/20"}],"replies":[{"embeddable":true,"href":"https:\/\/tv.joycemeyer.org\/czech\/wp-json\/wp\/v2\/comments?post=2285"}],"wp:featuredmedia":[{"embeddable":true,"href":"https:\/\/tv.joycemeyer.org\/czech\/wp-json\/wp\/v2\/media\/2286"}],"wp:attachment":[{"href":"https:\/\/tv.joycemeyer.org\/czech\/wp-json\/wp\/v2\/media?parent=2285"}],"curies":[{"name":"wp","href":"https:\/\/api.w.org\/{rel}","templated":true}]}}