{"id":2302,"date":"2019-04-22T00:01:15","date_gmt":"2019-04-22T00:01:15","guid":{"rendered":"https:\/\/tv.joycemeyer.org\/czech\/?post_type=devotional&#038;p=2302"},"modified":"2023-04-06T14:49:10","modified_gmt":"2023-04-06T14:49:10","slug":"zmena-je-proces","status":"publish","type":"devotional","link":"https:\/\/tv.joycemeyer.org\/czech\/devotional\/zmena-je-proces\/","title":{"rendered":"Zm\u011bna je proces"},"content":{"rendered":"<blockquote><p>A tak trp\u011bliv\u011b vy\u010dkal a dos\u00e1hl toho zasl\u00edben\u00ed. (\u017did\u016fm 6,15)<\/p><\/blockquote>\n<p>Zm\u011bna nep\u0159ich\u00e1z\u00ed snadno. Nikdy nezapomenu na jednu \u017eenu, kter\u00e1 za mnou p\u0159i\u0161la den pot\u00e9, co jsem skon\u010dila se sv\u00fdm vyu\u010dov\u00e1n\u00edm. V hn\u011bvu si dala ruce v bok a \u0159ekla: \u201eChci, abyste mi vr\u00e1tila m\u00e9 pen\u00edze!\u201c Jej\u00ed slova m\u011b p\u0159ekvapila, tak jsem se zeptala, co t\u00edm mysl\u00ed. \u0158ekla: \u201eJoyce, byla jsem \u0161t\u011bdr\u00e1 v\u016f\u010di va\u0161\u00ed slu\u017eb\u011b. U\u017e cel\u00e9 dva t\u00fddny d\u011bl\u00e1m to, co u\u010d\u00ed\u0161, nic se ale nezm\u011bnilo!\u201c<\/p>\n<p>P\u0159i zp\u011btn\u00e9m pohledu je to docela komick\u00e9, v tu chv\u00edli jsem se t\u00e9 \u017een\u011b ale sna\u017eila vysv\u011btlit, \u017ee tak to nefunguje. Zm\u011bna vy\u017eaduje \u010das. A chceme-li \u00fasp\u011b\u0161n\u011b proj\u00edt cel\u00fdm procesem a do\u010dkat se po\u017eadovan\u00fdch v\u00fdsledk\u016f, budeme pot\u0159ebovat trp\u011blivost. Ta \u017eena ode\u0161la znechucen\u00e1, proto\u017ee cht\u011bla okam\u017eitou n\u00e1pravu, a tu n\u00e1m B\u016fh nenab\u00edz\u00ed. Kdy\u017e jsi byl spasen, vstoupil jsi na cestu celo\u017eivotn\u00ed prom\u011bny. Na\u0161e \u017eivoty se m\u011bn\u00ed prost\u0159ednictv\u00edm Bo\u017e\u00edho slova (viz Jakub 1,21\u201325).<\/p>\n<p>Abys mohl \u017e\u00edt v t\u011bsn\u00e9m a d\u016fv\u011brn\u00e9m spole\u010denstv\u00ed s Bohem, pot\u0159ebuje\u0161 ud\u011blat rozhodnut\u00ed, \u017ee bude\u0161 jeho celo\u017eivotn\u00edm n\u00e1sledovn\u00edkem a u\u010dedn\u00edkem. \u010cti Bo\u017e\u00ed slovo. Naslouchej u\u010den\u00ed o jeho Slov\u011b. Nen\u00ed nic lep\u0161\u00edho, ne\u017e dostat Bo\u017e\u00ed slovo do sv\u00e9ho srdce! To je nejd\u016fle\u017eit\u011bj\u0161\u00ed \u010d\u00e1st cel\u00e9ho procesu.<\/p>\n<hr \/>\n<h3><strong>Bible \u0159\u00edk\u00e1, \u017ee Bo\u017e\u00ed zasl\u00edben\u00ed d\u011bd\u00edme prost\u0159ednictv\u00edm v\u00edry a trp\u011blivosti (viz \u017did\u016fm 6:12), a v\u00edra p\u0159ich\u00e1z\u00ed d\u00edky naslouch\u00e1n\u00ed Bo\u017e\u00edmu slovu (viz \u0158\u00edman\u016fm 10,17).\u2003<\/strong><\/h3>\n","protected":false},"excerpt":{"rendered":"<p>Nen\u00ed nic lep\u0161\u00edho, ne\u017e dostat Bo\u017e\u00ed slovo do sv\u00e9ho srdce!<\/p>\n","protected":false},"author":20,"featured_media":2303,"parent":0,"menu_order":0,"comment_status":"closed","ping_status":"closed","template":"","class_list":["post-2302","devotional","type-devotional","status-publish","has-post-thumbnail","hentry"],"acf":[],"appp":{"post_detail":{"above_title":"<div class=\"post-featured-wrap\"><img width=\"1024\" height=\"597\" src=\"https:\/\/tv.joycemeyer.org\/czech\/wp-content\/uploads\/sites\/67\/2023\/04\/2164-1024x597.jpg\" class=\"post-featured wp-post-image\" alt=\"Zm\u011bna je proces\" decoding=\"async\" srcset=\"https:\/\/tv.joycemeyer.org\/czech\/wp-content\/uploads\/sites\/67\/2023\/04\/2164-1024x597.jpg 1024w, https:\/\/tv.joycemeyer.org\/czech\/wp-content\/uploads\/sites\/67\/2023\/04\/2164-300x175.jpg 300w, https:\/\/tv.joycemeyer.org\/czech\/wp-content\/uploads\/sites\/67\/2023\/04\/2164-768x448.jpg 768w, https:\/\/tv.joycemeyer.org\/czech\/wp-content\/uploads\/sites\/67\/2023\/04\/2164-1536x896.jpg 1536w, https:\/\/tv.joycemeyer.org\/czech\/wp-content\/uploads\/sites\/67\/2023\/04\/2164.jpg 1800w\" sizes=\"(max-width: 1024px) 100vw, 1024px\" \/><\/div>","below_content":"<div class=\"follow\"><h6 class=\"alt\">Spojte se s n\u00e1mi<\/h6><ul class=\"nav nav--social nav--flex\"><li class=\"menu-item facebook\"><a href=\"https:\/\/www.facebook.com\/joycemeyerministriescesko\/\" target=\"_blank\"><span class=\"visuallyhidden\">Facebook<\/span><\/a><\/li><\/ul><\/div>"}},"yoast_head":"<!-- This site is optimized with the Yoast SEO plugin v27.4 - https:\/\/yoast.com\/product\/yoast-seo-wordpress\/ -->\n<title>Zm\u011bna je proces - Joyce Meyer Ministries - Czech<\/title>\n<meta name=\"robots\" content=\"index, follow, max-snippet:-1, max-image-preview:large, max-video-preview:-1\" \/>\n<link rel=\"canonical\" href=\"https:\/\/tv.joycemeyer.org\/czech\/devotional\/zmena-je-proces\/\" \/>\n<meta property=\"og:locale\" content=\"cs_CZ\" \/>\n<meta property=\"og:type\" content=\"article\" \/>\n<meta property=\"og:title\" content=\"Zm\u011bna je proces - Joyce Meyer Ministries - Czech\" \/>\n<meta property=\"og:description\" content=\"Nen\u00ed nic lep\u0161\u00edho, ne\u017e dostat Bo\u017e\u00ed slovo do sv\u00e9ho srdce!\" \/>\n<meta property=\"og:url\" content=\"https:\/\/tv.joycemeyer.org\/czech\/devotional\/zmena-je-proces\/\" \/>\n<meta property=\"og:site_name\" content=\"Joyce Meyer Ministries - Czech\" \/>\n<meta property=\"article:publisher\" content=\"https:\/\/www.facebook.com\/joycemeyerministriescesko\/\" \/>\n<meta property=\"article:modified_time\" content=\"2023-04-06T14:49:10+00:00\" \/>\n<meta property=\"og:image\" content=\"https:\/\/tv.joycemeyer.org\/czech\/wp-content\/uploads\/sites\/67\/2023\/04\/2164.jpg\" \/>\n\t<meta property=\"og:image:width\" content=\"1800\" \/>\n\t<meta property=\"og:image:height\" content=\"1050\" \/>\n\t<meta property=\"og:image:type\" content=\"image\/jpeg\" \/>\n<meta name=\"twitter:card\" content=\"summary_large_image\" \/>\n<meta name=\"twitter:label1\" content=\"Odhadovan\u00e1 doba \u010dten\u00ed\" \/>\n\t<meta name=\"twitter:data1\" content=\"1 minuta\" \/>\n<script type=\"application\/ld+json\" class=\"yoast-schema-graph\">{\"@context\":\"https:\\\/\\\/schema.org\",\"@graph\":[{\"@type\":\"WebPage\",\"@id\":\"https:\\\/\\\/tv.joycemeyer.org\\\/czech\\\/devotional\\\/zmena-je-proces\\\/\",\"url\":\"https:\\\/\\\/tv.joycemeyer.org\\\/czech\\\/devotional\\\/zmena-je-proces\\\/\",\"name\":\"Zm\u011bna je proces - Joyce Meyer Ministries - Czech\",\"isPartOf\":{\"@id\":\"https:\\\/\\\/tv.joycemeyer.org\\\/czech\\\/#website\"},\"primaryImageOfPage\":{\"@id\":\"https:\\\/\\\/tv.joycemeyer.org\\\/czech\\\/devotional\\\/zmena-je-proces\\\/#primaryimage\"},\"image\":{\"@id\":\"https:\\\/\\\/tv.joycemeyer.org\\\/czech\\\/devotional\\\/zmena-je-proces\\\/#primaryimage\"},\"thumbnailUrl\":\"https:\\\/\\\/tv.joycemeyer.org\\\/czech\\\/wp-content\\\/uploads\\\/sites\\\/67\\\/2023\\\/04\\\/2164.jpg\",\"datePublished\":\"2019-04-22T00:01:15+00:00\",\"dateModified\":\"2023-04-06T14:49:10+00:00\",\"breadcrumb\":{\"@id\":\"https:\\\/\\\/tv.joycemeyer.org\\\/czech\\\/devotional\\\/zmena-je-proces\\\/#breadcrumb\"},\"inLanguage\":\"cs\",\"potentialAction\":[{\"@type\":\"ReadAction\",\"target\":[\"https:\\\/\\\/tv.joycemeyer.org\\\/czech\\\/devotional\\\/zmena-je-proces\\\/\"]}]},{\"@type\":\"ImageObject\",\"inLanguage\":\"cs\",\"@id\":\"https:\\\/\\\/tv.joycemeyer.org\\\/czech\\\/devotional\\\/zmena-je-proces\\\/#primaryimage\",\"url\":\"https:\\\/\\\/tv.joycemeyer.org\\\/czech\\\/wp-content\\\/uploads\\\/sites\\\/67\\\/2023\\\/04\\\/2164.jpg\",\"contentUrl\":\"https:\\\/\\\/tv.joycemeyer.org\\\/czech\\\/wp-content\\\/uploads\\\/sites\\\/67\\\/2023\\\/04\\\/2164.jpg\",\"width\":1800,\"height\":1050,\"caption\":\"Zm\u011bna je proces\"},{\"@type\":\"BreadcrumbList\",\"@id\":\"https:\\\/\\\/tv.joycemeyer.org\\\/czech\\\/devotional\\\/zmena-je-proces\\\/#breadcrumb\",\"itemListElement\":[{\"@type\":\"ListItem\",\"position\":1,\"name\":\"Home\",\"item\":\"https:\\\/\\\/tv.joycemeyer.org\\\/czech\\\/\"},{\"@type\":\"ListItem\",\"position\":2,\"name\":\"Devotional\",\"item\":\"https:\\\/\\\/tv.joycemeyer.org\\\/czech\\\/devotional\\\/\"},{\"@type\":\"ListItem\",\"position\":3,\"name\":\"Zm\u011bna je proces\"}]},{\"@type\":\"WebSite\",\"@id\":\"https:\\\/\\\/tv.joycemeyer.org\\\/czech\\\/#website\",\"url\":\"https:\\\/\\\/tv.joycemeyer.org\\\/czech\\\/\",\"name\":\"Joyce Meyer Ministries - Czech\",\"description\":\"Sd\u00edlet se o Krista - milovat lidi\",\"potentialAction\":[{\"@type\":\"SearchAction\",\"target\":{\"@type\":\"EntryPoint\",\"urlTemplate\":\"https:\\\/\\\/tv.joycemeyer.org\\\/czech\\\/?s={search_term_string}\"},\"query-input\":{\"@type\":\"PropertyValueSpecification\",\"valueRequired\":true,\"valueName\":\"search_term_string\"}}],\"inLanguage\":\"cs\"}]}<\/script>\n<!-- \/ Yoast SEO plugin. -->","yoast_head_json":{"title":"Zm\u011bna je proces - Joyce Meyer Ministries - Czech","robots":{"index":"index","follow":"follow","max-snippet":"max-snippet:-1","max-image-preview":"max-image-preview:large","max-video-preview":"max-video-preview:-1"},"canonical":"https:\/\/tv.joycemeyer.org\/czech\/devotional\/zmena-je-proces\/","og_locale":"cs_CZ","og_type":"article","og_title":"Zm\u011bna je proces - Joyce Meyer Ministries - Czech","og_description":"Nen\u00ed nic lep\u0161\u00edho, ne\u017e dostat Bo\u017e\u00ed slovo do sv\u00e9ho srdce!","og_url":"https:\/\/tv.joycemeyer.org\/czech\/devotional\/zmena-je-proces\/","og_site_name":"Joyce Meyer Ministries - Czech","article_publisher":"https:\/\/www.facebook.com\/joycemeyerministriescesko\/","article_modified_time":"2023-04-06T14:49:10+00:00","og_image":[{"width":1800,"height":1050,"url":"https:\/\/tv.joycemeyer.org\/czech\/wp-content\/uploads\/sites\/67\/2023\/04\/2164.jpg","type":"image\/jpeg"}],"twitter_card":"summary_large_image","twitter_misc":{"Odhadovan\u00e1 doba \u010dten\u00ed":"1 minuta"},"schema":{"@context":"https:\/\/schema.org","@graph":[{"@type":"WebPage","@id":"https:\/\/tv.joycemeyer.org\/czech\/devotional\/zmena-je-proces\/","url":"https:\/\/tv.joycemeyer.org\/czech\/devotional\/zmena-je-proces\/","name":"Zm\u011bna je proces - Joyce Meyer Ministries - Czech","isPartOf":{"@id":"https:\/\/tv.joycemeyer.org\/czech\/#website"},"primaryImageOfPage":{"@id":"https:\/\/tv.joycemeyer.org\/czech\/devotional\/zmena-je-proces\/#primaryimage"},"image":{"@id":"https:\/\/tv.joycemeyer.org\/czech\/devotional\/zmena-je-proces\/#primaryimage"},"thumbnailUrl":"https:\/\/tv.joycemeyer.org\/czech\/wp-content\/uploads\/sites\/67\/2023\/04\/2164.jpg","datePublished":"2019-04-22T00:01:15+00:00","dateModified":"2023-04-06T14:49:10+00:00","breadcrumb":{"@id":"https:\/\/tv.joycemeyer.org\/czech\/devotional\/zmena-je-proces\/#breadcrumb"},"inLanguage":"cs","potentialAction":[{"@type":"ReadAction","target":["https:\/\/tv.joycemeyer.org\/czech\/devotional\/zmena-je-proces\/"]}]},{"@type":"ImageObject","inLanguage":"cs","@id":"https:\/\/tv.joycemeyer.org\/czech\/devotional\/zmena-je-proces\/#primaryimage","url":"https:\/\/tv.joycemeyer.org\/czech\/wp-content\/uploads\/sites\/67\/2023\/04\/2164.jpg","contentUrl":"https:\/\/tv.joycemeyer.org\/czech\/wp-content\/uploads\/sites\/67\/2023\/04\/2164.jpg","width":1800,"height":1050,"caption":"Zm\u011bna je proces"},{"@type":"BreadcrumbList","@id":"https:\/\/tv.joycemeyer.org\/czech\/devotional\/zmena-je-proces\/#breadcrumb","itemListElement":[{"@type":"ListItem","position":1,"name":"Home","item":"https:\/\/tv.joycemeyer.org\/czech\/"},{"@type":"ListItem","position":2,"name":"Devotional","item":"https:\/\/tv.joycemeyer.org\/czech\/devotional\/"},{"@type":"ListItem","position":3,"name":"Zm\u011bna je proces"}]},{"@type":"WebSite","@id":"https:\/\/tv.joycemeyer.org\/czech\/#website","url":"https:\/\/tv.joycemeyer.org\/czech\/","name":"Joyce Meyer Ministries - Czech","description":"Sd\u00edlet se o Krista - milovat lidi","potentialAction":[{"@type":"SearchAction","target":{"@type":"EntryPoint","urlTemplate":"https:\/\/tv.joycemeyer.org\/czech\/?s={search_term_string}"},"query-input":{"@type":"PropertyValueSpecification","valueRequired":true,"valueName":"search_term_string"}}],"inLanguage":"cs"}]}},"_links":{"self":[{"href":"https:\/\/tv.joycemeyer.org\/czech\/wp-json\/wp\/v2\/devotional\/2302","targetHints":{"allow":["GET"]}}],"collection":[{"href":"https:\/\/tv.joycemeyer.org\/czech\/wp-json\/wp\/v2\/devotional"}],"about":[{"href":"https:\/\/tv.joycemeyer.org\/czech\/wp-json\/wp\/v2\/types\/devotional"}],"author":[{"embeddable":true,"href":"https:\/\/tv.joycemeyer.org\/czech\/wp-json\/wp\/v2\/users\/20"}],"replies":[{"embeddable":true,"href":"https:\/\/tv.joycemeyer.org\/czech\/wp-json\/wp\/v2\/comments?post=2302"}],"wp:featuredmedia":[{"embeddable":true,"href":"https:\/\/tv.joycemeyer.org\/czech\/wp-json\/wp\/v2\/media\/2303"}],"wp:attachment":[{"href":"https:\/\/tv.joycemeyer.org\/czech\/wp-json\/wp\/v2\/media?parent=2302"}],"curies":[{"name":"wp","href":"https:\/\/api.w.org\/{rel}","templated":true}]}}