{"id":2327,"date":"2023-05-03T00:01:57","date_gmt":"2023-05-03T00:01:57","guid":{"rendered":"https:\/\/tv.joycemeyer.org\/czech\/?post_type=devotional&#038;p=2327"},"modified":"2023-05-03T11:38:01","modified_gmt":"2023-05-03T11:38:01","slug":"nauc-se-milovat-sam-sebe","status":"publish","type":"devotional","link":"https:\/\/tv.joycemeyer.org\/czech\/devotional\/nauc-se-milovat-sam-sebe\/","title":{"rendered":"Nau\u010d se milovat s\u00e1m sebe"},"content":{"rendered":"<blockquote><p>Zpovzd\u00e1l\u00ed se mi uk\u00e1zal Hospodin a \u0159ekl: Miluji t\u011b v\u011b\u010dnou l\u00e1skou, proto ti st\u00e1le zachov\u00e1v\u00e1m milosrdenstv\u00ed. (Jeremj\u00e1\u0161 31,3)<\/p><\/blockquote>\n<p>Mnoz\u00ed lid\u00e9 nemaj\u00ed r\u00e1di sami sebe. Jsou sebekriti\u010dt\u00ed, nedok\u00e1\u017eou p\u0159ijmout sami sebe nebo se dokonce nen\u00e1vid\u00ed. Bible n\u00e1s u\u010d\u00ed, abychom nebyli sobe\u010dt\u00ed a sebest\u0159edn\u00ed, ale nikde ne\u0159\u00edk\u00e1, \u017ee bychom nem\u011bli vyv\u00e1\u017een\u00fdm zp\u016fsobem milovat sebe sama. R\u00e1da to formuluji takto: \u201eNebu\u010f do sebe zamilovan\u00fd, ale miluj se.\u201d Pokud nemiluje\u0161 s\u00e1m sebe, bude\u0161 ne\u0161\u0165astn\u00fd, proto\u017ee s\u00e1m se sebou mus\u00ed\u0161 \u017e\u00edt. Jsi jedin\u00e1 osoba, kter\u00e9 se nikdy nezbav\u00ed\u0161, ani na vte\u0159inu sv\u00e9ho \u017eivota.<\/p>\n<p>Jist\u00e1 mlad\u00e1 \u017eena kdysi prosila pastora, aby se za ni modlil, proto\u017ee nen\u00e1vid\u011bla sama sebe. On se ale na chv\u00edli zastavil a p\u0159ekvapen\u011b se na ni pod\u00edval. Odpov\u011bd\u011bl j\u00ed velice jasn\u011b slovy: \u201eKdo si mysl\u00ed\u0161, \u017ee jsi, abys ses nen\u00e1vid\u011bla, kdy\u017e B\u016fh poslal sv\u00e9ho jedin\u00e9ho Syna, aby trp\u011bl a zem\u0159el m\u00edsto tebe? Jestli\u017ee t\u011b B\u016fh takto miluje, m\u011bla bys i ty milovat sama sebe.\u201c<\/p>\n<p>Jeho slova j\u00ed otev\u0159ela o\u010di a pomohla pochopit jej\u00ed chybu. D\u016fsledkem toho se tato \u017eena mohla nau\u010dit milovat a p\u0159ij\u00edmat sama sebe. Povzbuzuji t\u011b, abys i ty ud\u011blal tot\u00e9\u017e. Ud\u011blej krok v\u00edry a \u0159ekni: \u201eMiluji se Bo\u017e\u00ed l\u00e1skou. P\u0159ij\u00edm\u00e1m s\u00e1m sebe.\u201c<\/p>\n<p>Jakmile na sebe za\u010dne\u0161 hled\u011bt Bo\u017e\u00edma o\u010dima, zm\u011bn\u00ed se cel\u00fd tv\u016fj postoj a sm\u00fd\u0161len\u00ed. Stane\u0161 se pozitivn\u011bj\u0161\u00edm a sebev\u011bdom\u011bj\u0161\u00edm \u010dlov\u011bkem a za\u010dne\u0161 si sv\u016fj \u017eivot mnohem v\u00edce u\u017e\u00edvat.<\/p>\n<hr \/>\n<h4><strong>B\u016fh t\u011b miluje, proto m\u016f\u017ee\u0161 i ty milovat s\u00e1m sebe.\u2003<\/strong><\/h4>\n","protected":false},"excerpt":{"rendered":"<p>Ud\u011blej krok v\u00edry a \u0159ekni: \u201eMiluji se Bo\u017e\u00ed l\u00e1skou. P\u0159ij\u00edm\u00e1m s\u00e1m sebe.\u201c<\/p>\n","protected":false},"author":20,"featured_media":2328,"parent":0,"menu_order":0,"comment_status":"closed","ping_status":"closed","template":"","class_list":["post-2327","devotional","type-devotional","status-publish","has-post-thumbnail","hentry"],"acf":[],"appp":{"post_detail":{"above_title":"<div class=\"post-featured-wrap\"><img width=\"1024\" height=\"597\" src=\"https:\/\/tv.joycemeyer.org\/czech\/wp-content\/uploads\/sites\/67\/2023\/04\/2136-1024x597.jpg\" class=\"post-featured wp-post-image\" alt=\"Nau\u010d se milovat s\u00e1m sebe\" decoding=\"async\" srcset=\"https:\/\/tv.joycemeyer.org\/czech\/wp-content\/uploads\/sites\/67\/2023\/04\/2136-1024x597.jpg 1024w, https:\/\/tv.joycemeyer.org\/czech\/wp-content\/uploads\/sites\/67\/2023\/04\/2136-300x175.jpg 300w, https:\/\/tv.joycemeyer.org\/czech\/wp-content\/uploads\/sites\/67\/2023\/04\/2136-768x448.jpg 768w, https:\/\/tv.joycemeyer.org\/czech\/wp-content\/uploads\/sites\/67\/2023\/04\/2136-1536x896.jpg 1536w, https:\/\/tv.joycemeyer.org\/czech\/wp-content\/uploads\/sites\/67\/2023\/04\/2136.jpg 1800w\" sizes=\"(max-width: 1024px) 100vw, 1024px\" \/><\/div>","below_content":"<div class=\"follow\"><h6 class=\"alt\">Spojte se s n\u00e1mi<\/h6><ul class=\"nav nav--social nav--flex\"><li class=\"menu-item facebook\"><a href=\"https:\/\/www.facebook.com\/joycemeyerministriescesko\/\" target=\"_blank\"><span class=\"visuallyhidden\">Facebook<\/span><\/a><\/li><\/ul><\/div>"}},"yoast_head":"<!-- This site is optimized with the Yoast SEO plugin v27.4 - https:\/\/yoast.com\/product\/yoast-seo-wordpress\/ -->\n<title>Nau\u010d se milovat s\u00e1m sebe - Joyce Meyer Ministries - Czech<\/title>\n<meta name=\"robots\" content=\"index, follow, max-snippet:-1, max-image-preview:large, max-video-preview:-1\" \/>\n<link rel=\"canonical\" href=\"https:\/\/tv.joycemeyer.org\/czech\/devotional\/nauc-se-milovat-sam-sebe\/\" \/>\n<meta property=\"og:locale\" content=\"cs_CZ\" \/>\n<meta property=\"og:type\" content=\"article\" \/>\n<meta property=\"og:title\" content=\"Nau\u010d se milovat s\u00e1m sebe - Joyce Meyer Ministries - Czech\" \/>\n<meta property=\"og:description\" content=\"Ud\u011blej krok v\u00edry a \u0159ekni: \u201eMiluji se Bo\u017e\u00ed l\u00e1skou. P\u0159ij\u00edm\u00e1m s\u00e1m sebe.\u201c\" \/>\n<meta property=\"og:url\" content=\"https:\/\/tv.joycemeyer.org\/czech\/devotional\/nauc-se-milovat-sam-sebe\/\" \/>\n<meta property=\"og:site_name\" content=\"Joyce Meyer Ministries - Czech\" \/>\n<meta property=\"article:publisher\" content=\"https:\/\/www.facebook.com\/joycemeyerministriescesko\/\" \/>\n<meta property=\"article:modified_time\" content=\"2023-05-03T11:38:01+00:00\" \/>\n<meta property=\"og:image\" content=\"https:\/\/tv.joycemeyer.org\/czech\/wp-content\/uploads\/sites\/67\/2023\/04\/2136.jpg\" \/>\n\t<meta property=\"og:image:width\" content=\"1800\" \/>\n\t<meta property=\"og:image:height\" content=\"1050\" \/>\n\t<meta property=\"og:image:type\" content=\"image\/jpeg\" \/>\n<meta name=\"twitter:card\" content=\"summary_large_image\" \/>\n<meta name=\"twitter:label1\" content=\"Odhadovan\u00e1 doba \u010dten\u00ed\" \/>\n\t<meta name=\"twitter:data1\" content=\"2 minuty\" \/>\n<script type=\"application\/ld+json\" class=\"yoast-schema-graph\">{\"@context\":\"https:\\\/\\\/schema.org\",\"@graph\":[{\"@type\":\"WebPage\",\"@id\":\"https:\\\/\\\/tv.joycemeyer.org\\\/czech\\\/devotional\\\/nauc-se-milovat-sam-sebe\\\/\",\"url\":\"https:\\\/\\\/tv.joycemeyer.org\\\/czech\\\/devotional\\\/nauc-se-milovat-sam-sebe\\\/\",\"name\":\"Nau\u010d se milovat s\u00e1m sebe - Joyce Meyer Ministries - Czech\",\"isPartOf\":{\"@id\":\"https:\\\/\\\/tv.joycemeyer.org\\\/czech\\\/#website\"},\"primaryImageOfPage\":{\"@id\":\"https:\\\/\\\/tv.joycemeyer.org\\\/czech\\\/devotional\\\/nauc-se-milovat-sam-sebe\\\/#primaryimage\"},\"image\":{\"@id\":\"https:\\\/\\\/tv.joycemeyer.org\\\/czech\\\/devotional\\\/nauc-se-milovat-sam-sebe\\\/#primaryimage\"},\"thumbnailUrl\":\"https:\\\/\\\/tv.joycemeyer.org\\\/czech\\\/wp-content\\\/uploads\\\/sites\\\/67\\\/2023\\\/04\\\/2136.jpg\",\"datePublished\":\"2023-05-03T00:01:57+00:00\",\"dateModified\":\"2023-05-03T11:38:01+00:00\",\"breadcrumb\":{\"@id\":\"https:\\\/\\\/tv.joycemeyer.org\\\/czech\\\/devotional\\\/nauc-se-milovat-sam-sebe\\\/#breadcrumb\"},\"inLanguage\":\"cs\",\"potentialAction\":[{\"@type\":\"ReadAction\",\"target\":[\"https:\\\/\\\/tv.joycemeyer.org\\\/czech\\\/devotional\\\/nauc-se-milovat-sam-sebe\\\/\"]}]},{\"@type\":\"ImageObject\",\"inLanguage\":\"cs\",\"@id\":\"https:\\\/\\\/tv.joycemeyer.org\\\/czech\\\/devotional\\\/nauc-se-milovat-sam-sebe\\\/#primaryimage\",\"url\":\"https:\\\/\\\/tv.joycemeyer.org\\\/czech\\\/wp-content\\\/uploads\\\/sites\\\/67\\\/2023\\\/04\\\/2136.jpg\",\"contentUrl\":\"https:\\\/\\\/tv.joycemeyer.org\\\/czech\\\/wp-content\\\/uploads\\\/sites\\\/67\\\/2023\\\/04\\\/2136.jpg\",\"width\":1800,\"height\":1050,\"caption\":\"Nau\u010d se milovat s\u00e1m sebe\"},{\"@type\":\"BreadcrumbList\",\"@id\":\"https:\\\/\\\/tv.joycemeyer.org\\\/czech\\\/devotional\\\/nauc-se-milovat-sam-sebe\\\/#breadcrumb\",\"itemListElement\":[{\"@type\":\"ListItem\",\"position\":1,\"name\":\"Home\",\"item\":\"https:\\\/\\\/tv.joycemeyer.org\\\/czech\\\/\"},{\"@type\":\"ListItem\",\"position\":2,\"name\":\"Devotional\",\"item\":\"https:\\\/\\\/tv.joycemeyer.org\\\/czech\\\/devotional\\\/\"},{\"@type\":\"ListItem\",\"position\":3,\"name\":\"Nau\u010d se milovat s\u00e1m sebe\"}]},{\"@type\":\"WebSite\",\"@id\":\"https:\\\/\\\/tv.joycemeyer.org\\\/czech\\\/#website\",\"url\":\"https:\\\/\\\/tv.joycemeyer.org\\\/czech\\\/\",\"name\":\"Joyce Meyer Ministries - Czech\",\"description\":\"Sd\u00edlet se o Krista - milovat lidi\",\"potentialAction\":[{\"@type\":\"SearchAction\",\"target\":{\"@type\":\"EntryPoint\",\"urlTemplate\":\"https:\\\/\\\/tv.joycemeyer.org\\\/czech\\\/?s={search_term_string}\"},\"query-input\":{\"@type\":\"PropertyValueSpecification\",\"valueRequired\":true,\"valueName\":\"search_term_string\"}}],\"inLanguage\":\"cs\"}]}<\/script>\n<!-- \/ Yoast SEO plugin. -->","yoast_head_json":{"title":"Nau\u010d se milovat s\u00e1m sebe - Joyce Meyer Ministries - Czech","robots":{"index":"index","follow":"follow","max-snippet":"max-snippet:-1","max-image-preview":"max-image-preview:large","max-video-preview":"max-video-preview:-1"},"canonical":"https:\/\/tv.joycemeyer.org\/czech\/devotional\/nauc-se-milovat-sam-sebe\/","og_locale":"cs_CZ","og_type":"article","og_title":"Nau\u010d se milovat s\u00e1m sebe - Joyce Meyer Ministries - Czech","og_description":"Ud\u011blej krok v\u00edry a \u0159ekni: \u201eMiluji se Bo\u017e\u00ed l\u00e1skou. P\u0159ij\u00edm\u00e1m s\u00e1m sebe.\u201c","og_url":"https:\/\/tv.joycemeyer.org\/czech\/devotional\/nauc-se-milovat-sam-sebe\/","og_site_name":"Joyce Meyer Ministries - Czech","article_publisher":"https:\/\/www.facebook.com\/joycemeyerministriescesko\/","article_modified_time":"2023-05-03T11:38:01+00:00","og_image":[{"width":1800,"height":1050,"url":"https:\/\/tv.joycemeyer.org\/czech\/wp-content\/uploads\/sites\/67\/2023\/04\/2136.jpg","type":"image\/jpeg"}],"twitter_card":"summary_large_image","twitter_misc":{"Odhadovan\u00e1 doba \u010dten\u00ed":"2 minuty"},"schema":{"@context":"https:\/\/schema.org","@graph":[{"@type":"WebPage","@id":"https:\/\/tv.joycemeyer.org\/czech\/devotional\/nauc-se-milovat-sam-sebe\/","url":"https:\/\/tv.joycemeyer.org\/czech\/devotional\/nauc-se-milovat-sam-sebe\/","name":"Nau\u010d se milovat s\u00e1m sebe - Joyce Meyer Ministries - Czech","isPartOf":{"@id":"https:\/\/tv.joycemeyer.org\/czech\/#website"},"primaryImageOfPage":{"@id":"https:\/\/tv.joycemeyer.org\/czech\/devotional\/nauc-se-milovat-sam-sebe\/#primaryimage"},"image":{"@id":"https:\/\/tv.joycemeyer.org\/czech\/devotional\/nauc-se-milovat-sam-sebe\/#primaryimage"},"thumbnailUrl":"https:\/\/tv.joycemeyer.org\/czech\/wp-content\/uploads\/sites\/67\/2023\/04\/2136.jpg","datePublished":"2023-05-03T00:01:57+00:00","dateModified":"2023-05-03T11:38:01+00:00","breadcrumb":{"@id":"https:\/\/tv.joycemeyer.org\/czech\/devotional\/nauc-se-milovat-sam-sebe\/#breadcrumb"},"inLanguage":"cs","potentialAction":[{"@type":"ReadAction","target":["https:\/\/tv.joycemeyer.org\/czech\/devotional\/nauc-se-milovat-sam-sebe\/"]}]},{"@type":"ImageObject","inLanguage":"cs","@id":"https:\/\/tv.joycemeyer.org\/czech\/devotional\/nauc-se-milovat-sam-sebe\/#primaryimage","url":"https:\/\/tv.joycemeyer.org\/czech\/wp-content\/uploads\/sites\/67\/2023\/04\/2136.jpg","contentUrl":"https:\/\/tv.joycemeyer.org\/czech\/wp-content\/uploads\/sites\/67\/2023\/04\/2136.jpg","width":1800,"height":1050,"caption":"Nau\u010d se milovat s\u00e1m sebe"},{"@type":"BreadcrumbList","@id":"https:\/\/tv.joycemeyer.org\/czech\/devotional\/nauc-se-milovat-sam-sebe\/#breadcrumb","itemListElement":[{"@type":"ListItem","position":1,"name":"Home","item":"https:\/\/tv.joycemeyer.org\/czech\/"},{"@type":"ListItem","position":2,"name":"Devotional","item":"https:\/\/tv.joycemeyer.org\/czech\/devotional\/"},{"@type":"ListItem","position":3,"name":"Nau\u010d se milovat s\u00e1m sebe"}]},{"@type":"WebSite","@id":"https:\/\/tv.joycemeyer.org\/czech\/#website","url":"https:\/\/tv.joycemeyer.org\/czech\/","name":"Joyce Meyer Ministries - Czech","description":"Sd\u00edlet se o Krista - milovat lidi","potentialAction":[{"@type":"SearchAction","target":{"@type":"EntryPoint","urlTemplate":"https:\/\/tv.joycemeyer.org\/czech\/?s={search_term_string}"},"query-input":{"@type":"PropertyValueSpecification","valueRequired":true,"valueName":"search_term_string"}}],"inLanguage":"cs"}]}},"_links":{"self":[{"href":"https:\/\/tv.joycemeyer.org\/czech\/wp-json\/wp\/v2\/devotional\/2327","targetHints":{"allow":["GET"]}}],"collection":[{"href":"https:\/\/tv.joycemeyer.org\/czech\/wp-json\/wp\/v2\/devotional"}],"about":[{"href":"https:\/\/tv.joycemeyer.org\/czech\/wp-json\/wp\/v2\/types\/devotional"}],"author":[{"embeddable":true,"href":"https:\/\/tv.joycemeyer.org\/czech\/wp-json\/wp\/v2\/users\/20"}],"replies":[{"embeddable":true,"href":"https:\/\/tv.joycemeyer.org\/czech\/wp-json\/wp\/v2\/comments?post=2327"}],"wp:featuredmedia":[{"embeddable":true,"href":"https:\/\/tv.joycemeyer.org\/czech\/wp-json\/wp\/v2\/media\/2328"}],"wp:attachment":[{"href":"https:\/\/tv.joycemeyer.org\/czech\/wp-json\/wp\/v2\/media?parent=2327"}],"curies":[{"name":"wp","href":"https:\/\/api.w.org\/{rel}","templated":true}]}}