{"id":2332,"date":"2023-05-05T00:01:42","date_gmt":"2023-05-05T00:01:42","guid":{"rendered":"https:\/\/tv.joycemeyer.org\/czech\/?post_type=devotional&#038;p=2332"},"modified":"2023-05-05T12:11:01","modified_gmt":"2023-05-05T12:11:01","slug":"dobre-ze-spatneho","status":"publish","type":"devotional","link":"https:\/\/tv.joycemeyer.org\/czech\/devotional\/dobre-ze-spatneho\/","title":{"rendered":"Dobr\u00e9 ze \u0161patn\u00e9ho"},"content":{"rendered":"<blockquote><p>Vy jste proti mn\u011b sice zam\u00fd\u0161leli zlo, B\u016fh to v\u0161ak zam\u00fd\u0161lel k dobru, aby vykonal to, co je dnes, aby zachoval p\u0159i \u017eivot\u011b po\u010detn\u00fd lid. (Genesis 50,20)<\/p><\/blockquote>\n<p>B\u016fh chce obnovit tvou du\u0161i. \u010c\u00edm bl\u00ed\u017ee mu bude\u0161, t\u00edm v\u00edce bude\u0161 zakou\u0161et jeho uzdraven\u00ed a \u010derpat jeho s\u00edlu. Vr\u00e1t\u00ed t\u011b zp\u00e1tky na cestu a naprav\u00ed v\u0161e, co se pokazilo.<\/p>\n<p>Josef je klasick\u00fdm biblick\u00fdm p\u0159\u00edkladem toho, jak B\u016fh vezme to, co bylo zam\u00fd\u0161leno ke \u0161kod\u011b, a ud\u011bl\u00e1 z toho n\u011bco dobr\u00e9ho. V tomto dramatick\u00e9m p\u0159\u00edb\u011bhu z 50. kapitoly knihy Genesis Jozef promlouv\u00e1 ke sv\u00fdm brat\u0159\u00edm a \u0159\u00edk\u00e1 jim, \u017ee zlo, kter\u00e9 mu zam\u00fd\u0161leli ud\u011blat (a \u0161lo o velk\u00e9 zlo), B\u016fh pou\u017eil k dobru, aby v dob\u011b hladu zachr\u00e1nil je, jejich rodiny a statis\u00edce dal\u0161\u00edch.<\/p>\n<p>Nemohu up\u0159\u00edmn\u011b \u0159\u00edct, \u017ee bych byla r\u00e1da, \u017ee jsem byla v d\u011btstv\u00ed zneu\u017eita. Ale proto\u017ee jsem odpustila a vydala svou bolest Bohu, uzdravil m\u011b a u\u010dinil lep\u0161\u00ed, siln\u011bj\u0161\u00ed, duchovn\u011b zralej\u0161\u00ed a vn\u00edmav\u011bj\u0161\u00ed osobou. On obnovil mou du\u0161i a vyhnal strach a nejistotu. Dnes mohu d\u016fv\u011b\u0159ovat, milovat, odpou\u0161t\u011bt a m\u00edt zdrav\u00fd p\u0159\u00edstup k \u017eivotu, proto\u017ee B\u016fh obnovil mou du\u0161i a tot\u00e9\u017e m\u016f\u017ee ud\u011blat i pro tebe.<\/p>\n<hr \/>\n<p>Pokud se ve tv\u00e9m \u017eivot\u011b staly \u0161patn\u00e9 v\u011bci, nezapome\u0148, \u017ee B\u016fh dok\u00e1\u017ee situaci napravit. Jen on dok\u00e1\u017ee prom\u011bnit zlo v n\u011bco dobr\u00e9ho.<\/p>\n","protected":false},"excerpt":{"rendered":"<p>Ale proto\u017ee jsem odpustila a vydala svou bolest Bohu, uzdravil m\u011b a u\u010dinil lep\u0161\u00ed, siln\u011bj\u0161\u00ed, duchovn\u011b zralej\u0161\u00ed a vn\u00edmav\u011bj\u0161\u00ed osobou.<\/p>\n","protected":false},"author":20,"featured_media":2333,"parent":0,"menu_order":0,"comment_status":"closed","ping_status":"closed","template":"","class_list":["post-2332","devotional","type-devotional","status-publish","has-post-thumbnail","hentry"],"acf":[],"appp":{"post_detail":{"above_title":"<div class=\"post-featured-wrap\"><img width=\"1024\" height=\"597\" src=\"https:\/\/tv.joycemeyer.org\/czech\/wp-content\/uploads\/sites\/67\/2023\/04\/2574-1024x597.jpg\" class=\"post-featured wp-post-image\" alt=\"Ale proto\u017ee jsem odpustila a vydala svou bolest Bohu, uzdravil m\u011b a u\u010dinil lep\u0161\u00ed, siln\u011bj\u0161\u00ed, duchovn\u011b zralej\u0161\u00ed a vn\u00edmav\u011bj\u0161\u00ed osobou.\" decoding=\"async\" srcset=\"https:\/\/tv.joycemeyer.org\/czech\/wp-content\/uploads\/sites\/67\/2023\/04\/2574-1024x597.jpg 1024w, https:\/\/tv.joycemeyer.org\/czech\/wp-content\/uploads\/sites\/67\/2023\/04\/2574-300x175.jpg 300w, https:\/\/tv.joycemeyer.org\/czech\/wp-content\/uploads\/sites\/67\/2023\/04\/2574-768x448.jpg 768w, https:\/\/tv.joycemeyer.org\/czech\/wp-content\/uploads\/sites\/67\/2023\/04\/2574-1536x896.jpg 1536w, https:\/\/tv.joycemeyer.org\/czech\/wp-content\/uploads\/sites\/67\/2023\/04\/2574.jpg 1800w\" sizes=\"(max-width: 1024px) 100vw, 1024px\" \/><\/div>","below_content":"<div class=\"follow\"><h6 class=\"alt\">Spojte se s n\u00e1mi<\/h6><ul class=\"nav nav--social nav--flex\"><li class=\"menu-item facebook\"><a href=\"https:\/\/www.facebook.com\/joycemeyerministriescesko\/\" target=\"_blank\"><span class=\"visuallyhidden\">Facebook<\/span><\/a><\/li><\/ul><\/div>"}},"yoast_head":"<!-- This site is optimized with the Yoast SEO plugin v27.4 - https:\/\/yoast.com\/product\/yoast-seo-wordpress\/ -->\n<title>Dobr\u00e9 ze \u0161patn\u00e9ho - Joyce Meyer Ministries - Czech<\/title>\n<meta name=\"robots\" content=\"index, follow, max-snippet:-1, max-image-preview:large, max-video-preview:-1\" \/>\n<link rel=\"canonical\" href=\"https:\/\/tv.joycemeyer.org\/czech\/devotional\/dobre-ze-spatneho\/\" \/>\n<meta property=\"og:locale\" content=\"cs_CZ\" \/>\n<meta property=\"og:type\" content=\"article\" \/>\n<meta property=\"og:title\" content=\"Dobr\u00e9 ze \u0161patn\u00e9ho - Joyce Meyer Ministries - Czech\" \/>\n<meta property=\"og:description\" content=\"Ale proto\u017ee jsem odpustila a vydala svou bolest Bohu, uzdravil m\u011b a u\u010dinil lep\u0161\u00ed, siln\u011bj\u0161\u00ed, duchovn\u011b zralej\u0161\u00ed a vn\u00edmav\u011bj\u0161\u00ed osobou.\" \/>\n<meta property=\"og:url\" content=\"https:\/\/tv.joycemeyer.org\/czech\/devotional\/dobre-ze-spatneho\/\" \/>\n<meta property=\"og:site_name\" content=\"Joyce Meyer Ministries - Czech\" \/>\n<meta property=\"article:publisher\" content=\"https:\/\/www.facebook.com\/joycemeyerministriescesko\/\" \/>\n<meta property=\"article:modified_time\" content=\"2023-05-05T12:11:01+00:00\" \/>\n<meta property=\"og:image\" content=\"https:\/\/tv.joycemeyer.org\/czech\/wp-content\/uploads\/sites\/67\/2023\/04\/2574.jpg\" \/>\n\t<meta property=\"og:image:width\" content=\"1800\" \/>\n\t<meta property=\"og:image:height\" content=\"1050\" \/>\n\t<meta property=\"og:image:type\" content=\"image\/jpeg\" \/>\n<meta name=\"twitter:card\" content=\"summary_large_image\" \/>\n<meta name=\"twitter:label1\" content=\"Odhadovan\u00e1 doba \u010dten\u00ed\" \/>\n\t<meta name=\"twitter:data1\" content=\"1 minuta\" \/>\n<script type=\"application\/ld+json\" class=\"yoast-schema-graph\">{\"@context\":\"https:\\\/\\\/schema.org\",\"@graph\":[{\"@type\":\"WebPage\",\"@id\":\"https:\\\/\\\/tv.joycemeyer.org\\\/czech\\\/devotional\\\/dobre-ze-spatneho\\\/\",\"url\":\"https:\\\/\\\/tv.joycemeyer.org\\\/czech\\\/devotional\\\/dobre-ze-spatneho\\\/\",\"name\":\"Dobr\u00e9 ze \u0161patn\u00e9ho - Joyce Meyer Ministries - Czech\",\"isPartOf\":{\"@id\":\"https:\\\/\\\/tv.joycemeyer.org\\\/czech\\\/#website\"},\"primaryImageOfPage\":{\"@id\":\"https:\\\/\\\/tv.joycemeyer.org\\\/czech\\\/devotional\\\/dobre-ze-spatneho\\\/#primaryimage\"},\"image\":{\"@id\":\"https:\\\/\\\/tv.joycemeyer.org\\\/czech\\\/devotional\\\/dobre-ze-spatneho\\\/#primaryimage\"},\"thumbnailUrl\":\"https:\\\/\\\/tv.joycemeyer.org\\\/czech\\\/wp-content\\\/uploads\\\/sites\\\/67\\\/2023\\\/04\\\/2574.jpg\",\"datePublished\":\"2023-05-05T00:01:42+00:00\",\"dateModified\":\"2023-05-05T12:11:01+00:00\",\"breadcrumb\":{\"@id\":\"https:\\\/\\\/tv.joycemeyer.org\\\/czech\\\/devotional\\\/dobre-ze-spatneho\\\/#breadcrumb\"},\"inLanguage\":\"cs\",\"potentialAction\":[{\"@type\":\"ReadAction\",\"target\":[\"https:\\\/\\\/tv.joycemeyer.org\\\/czech\\\/devotional\\\/dobre-ze-spatneho\\\/\"]}]},{\"@type\":\"ImageObject\",\"inLanguage\":\"cs\",\"@id\":\"https:\\\/\\\/tv.joycemeyer.org\\\/czech\\\/devotional\\\/dobre-ze-spatneho\\\/#primaryimage\",\"url\":\"https:\\\/\\\/tv.joycemeyer.org\\\/czech\\\/wp-content\\\/uploads\\\/sites\\\/67\\\/2023\\\/04\\\/2574.jpg\",\"contentUrl\":\"https:\\\/\\\/tv.joycemeyer.org\\\/czech\\\/wp-content\\\/uploads\\\/sites\\\/67\\\/2023\\\/04\\\/2574.jpg\",\"width\":1800,\"height\":1050,\"caption\":\"Ale proto\u017ee jsem odpustila a vydala svou bolest Bohu, uzdravil m\u011b a u\u010dinil lep\u0161\u00ed, siln\u011bj\u0161\u00ed, duchovn\u011b zralej\u0161\u00ed a vn\u00edmav\u011bj\u0161\u00ed osobou.\"},{\"@type\":\"BreadcrumbList\",\"@id\":\"https:\\\/\\\/tv.joycemeyer.org\\\/czech\\\/devotional\\\/dobre-ze-spatneho\\\/#breadcrumb\",\"itemListElement\":[{\"@type\":\"ListItem\",\"position\":1,\"name\":\"Home\",\"item\":\"https:\\\/\\\/tv.joycemeyer.org\\\/czech\\\/\"},{\"@type\":\"ListItem\",\"position\":2,\"name\":\"Devotional\",\"item\":\"https:\\\/\\\/tv.joycemeyer.org\\\/czech\\\/devotional\\\/\"},{\"@type\":\"ListItem\",\"position\":3,\"name\":\"Dobr\u00e9 ze \u0161patn\u00e9ho\"}]},{\"@type\":\"WebSite\",\"@id\":\"https:\\\/\\\/tv.joycemeyer.org\\\/czech\\\/#website\",\"url\":\"https:\\\/\\\/tv.joycemeyer.org\\\/czech\\\/\",\"name\":\"Joyce Meyer Ministries - Czech\",\"description\":\"Sd\u00edlet se o Krista - milovat lidi\",\"potentialAction\":[{\"@type\":\"SearchAction\",\"target\":{\"@type\":\"EntryPoint\",\"urlTemplate\":\"https:\\\/\\\/tv.joycemeyer.org\\\/czech\\\/?s={search_term_string}\"},\"query-input\":{\"@type\":\"PropertyValueSpecification\",\"valueRequired\":true,\"valueName\":\"search_term_string\"}}],\"inLanguage\":\"cs\"}]}<\/script>\n<!-- \/ Yoast SEO plugin. -->","yoast_head_json":{"title":"Dobr\u00e9 ze \u0161patn\u00e9ho - Joyce Meyer Ministries - Czech","robots":{"index":"index","follow":"follow","max-snippet":"max-snippet:-1","max-image-preview":"max-image-preview:large","max-video-preview":"max-video-preview:-1"},"canonical":"https:\/\/tv.joycemeyer.org\/czech\/devotional\/dobre-ze-spatneho\/","og_locale":"cs_CZ","og_type":"article","og_title":"Dobr\u00e9 ze \u0161patn\u00e9ho - Joyce Meyer Ministries - Czech","og_description":"Ale proto\u017ee jsem odpustila a vydala svou bolest Bohu, uzdravil m\u011b a u\u010dinil lep\u0161\u00ed, siln\u011bj\u0161\u00ed, duchovn\u011b zralej\u0161\u00ed a vn\u00edmav\u011bj\u0161\u00ed osobou.","og_url":"https:\/\/tv.joycemeyer.org\/czech\/devotional\/dobre-ze-spatneho\/","og_site_name":"Joyce Meyer Ministries - Czech","article_publisher":"https:\/\/www.facebook.com\/joycemeyerministriescesko\/","article_modified_time":"2023-05-05T12:11:01+00:00","og_image":[{"width":1800,"height":1050,"url":"https:\/\/tv.joycemeyer.org\/czech\/wp-content\/uploads\/sites\/67\/2023\/04\/2574.jpg","type":"image\/jpeg"}],"twitter_card":"summary_large_image","twitter_misc":{"Odhadovan\u00e1 doba \u010dten\u00ed":"1 minuta"},"schema":{"@context":"https:\/\/schema.org","@graph":[{"@type":"WebPage","@id":"https:\/\/tv.joycemeyer.org\/czech\/devotional\/dobre-ze-spatneho\/","url":"https:\/\/tv.joycemeyer.org\/czech\/devotional\/dobre-ze-spatneho\/","name":"Dobr\u00e9 ze \u0161patn\u00e9ho - Joyce Meyer Ministries - Czech","isPartOf":{"@id":"https:\/\/tv.joycemeyer.org\/czech\/#website"},"primaryImageOfPage":{"@id":"https:\/\/tv.joycemeyer.org\/czech\/devotional\/dobre-ze-spatneho\/#primaryimage"},"image":{"@id":"https:\/\/tv.joycemeyer.org\/czech\/devotional\/dobre-ze-spatneho\/#primaryimage"},"thumbnailUrl":"https:\/\/tv.joycemeyer.org\/czech\/wp-content\/uploads\/sites\/67\/2023\/04\/2574.jpg","datePublished":"2023-05-05T00:01:42+00:00","dateModified":"2023-05-05T12:11:01+00:00","breadcrumb":{"@id":"https:\/\/tv.joycemeyer.org\/czech\/devotional\/dobre-ze-spatneho\/#breadcrumb"},"inLanguage":"cs","potentialAction":[{"@type":"ReadAction","target":["https:\/\/tv.joycemeyer.org\/czech\/devotional\/dobre-ze-spatneho\/"]}]},{"@type":"ImageObject","inLanguage":"cs","@id":"https:\/\/tv.joycemeyer.org\/czech\/devotional\/dobre-ze-spatneho\/#primaryimage","url":"https:\/\/tv.joycemeyer.org\/czech\/wp-content\/uploads\/sites\/67\/2023\/04\/2574.jpg","contentUrl":"https:\/\/tv.joycemeyer.org\/czech\/wp-content\/uploads\/sites\/67\/2023\/04\/2574.jpg","width":1800,"height":1050,"caption":"Ale proto\u017ee jsem odpustila a vydala svou bolest Bohu, uzdravil m\u011b a u\u010dinil lep\u0161\u00ed, siln\u011bj\u0161\u00ed, duchovn\u011b zralej\u0161\u00ed a vn\u00edmav\u011bj\u0161\u00ed osobou."},{"@type":"BreadcrumbList","@id":"https:\/\/tv.joycemeyer.org\/czech\/devotional\/dobre-ze-spatneho\/#breadcrumb","itemListElement":[{"@type":"ListItem","position":1,"name":"Home","item":"https:\/\/tv.joycemeyer.org\/czech\/"},{"@type":"ListItem","position":2,"name":"Devotional","item":"https:\/\/tv.joycemeyer.org\/czech\/devotional\/"},{"@type":"ListItem","position":3,"name":"Dobr\u00e9 ze \u0161patn\u00e9ho"}]},{"@type":"WebSite","@id":"https:\/\/tv.joycemeyer.org\/czech\/#website","url":"https:\/\/tv.joycemeyer.org\/czech\/","name":"Joyce Meyer Ministries - Czech","description":"Sd\u00edlet se o Krista - milovat lidi","potentialAction":[{"@type":"SearchAction","target":{"@type":"EntryPoint","urlTemplate":"https:\/\/tv.joycemeyer.org\/czech\/?s={search_term_string}"},"query-input":{"@type":"PropertyValueSpecification","valueRequired":true,"valueName":"search_term_string"}}],"inLanguage":"cs"}]}},"_links":{"self":[{"href":"https:\/\/tv.joycemeyer.org\/czech\/wp-json\/wp\/v2\/devotional\/2332","targetHints":{"allow":["GET"]}}],"collection":[{"href":"https:\/\/tv.joycemeyer.org\/czech\/wp-json\/wp\/v2\/devotional"}],"about":[{"href":"https:\/\/tv.joycemeyer.org\/czech\/wp-json\/wp\/v2\/types\/devotional"}],"author":[{"embeddable":true,"href":"https:\/\/tv.joycemeyer.org\/czech\/wp-json\/wp\/v2\/users\/20"}],"replies":[{"embeddable":true,"href":"https:\/\/tv.joycemeyer.org\/czech\/wp-json\/wp\/v2\/comments?post=2332"}],"wp:featuredmedia":[{"embeddable":true,"href":"https:\/\/tv.joycemeyer.org\/czech\/wp-json\/wp\/v2\/media\/2333"}],"wp:attachment":[{"href":"https:\/\/tv.joycemeyer.org\/czech\/wp-json\/wp\/v2\/media?parent=2332"}],"curies":[{"name":"wp","href":"https:\/\/api.w.org\/{rel}","templated":true}]}}