{"id":2416,"date":"2019-06-10T00:01:20","date_gmt":"2019-06-10T00:01:20","guid":{"rendered":"https:\/\/tv.joycemeyer.org\/czech\/?post_type=devotional&#038;p=2416"},"modified":"2023-05-28T13:43:27","modified_gmt":"2023-05-28T13:43:27","slug":"svoboda-od-uzkosti","status":"publish","type":"devotional","link":"https:\/\/tv.joycemeyer.org\/czech\/devotional\/svoboda-od-uzkosti\/","title":{"rendered":"Svoboda od \u00fazkosti"},"content":{"rendered":"<blockquote><p>Nepropadn\u011bte tedy starostem a ne\u0159\u00edkejte: \u201eCo budeme j\u00edst?\u201c nebo: \u201eCo budeme p\u00edt?\u201c nebo: \u201eCo si oble\u010deme?\u201c Nebo\u0165 o to v\u0161echno horliv\u011b usiluj\u00ed pohan\u00e9. V\u017edy\u0165 v\u00e1\u0161 nebesk\u00fd Otec v\u00ed, \u017ee to v\u0161echno pot\u0159ebujete. (Matou\u0161 6,31\u201332)<\/p><\/blockquote>\n<p>Starosti n\u00e1s napl\u0148uj\u00ed strachem a \u00fazkost\u00ed a nut\u00ed n\u00e1s p\u0159em\u00fd\u0161let: Co kdy\u017e budu m\u00edt nedostatek? Jak si najdu jinou pr\u00e1ci? Co kdy\u017e se mi nebude da\u0159it? Jin\u00fdmi slovy: Co budu d\u011blat, jestli se o m\u011b B\u016fh nepostar\u00e1?<\/p>\n<p>M\u00edsto abychom v dob\u00e1ch nejistoty vyzn\u00e1vali Bo\u017e\u00ed zasl\u00edben\u00ed, mluv\u00edme \u010dasto o sv\u00fdch obav\u00e1ch a frustrac\u00edch. To jen zhor\u0161uje situaci, a probl\u00e9my pak vypadaj\u00ed hor\u0161\u00ed, ne\u017e ve skute\u010dnosti jsou.<\/p>\n<p>Starosti a \u00fazkost jsou to, co lid\u00e9 pro\u017e\u00edvaj\u00ed, kdy\u017e nev\u011bd\u00ed, \u017ee maj\u00ed nebesk\u00e9ho Otce, kter\u00fd je bezpodm\u00edne\u010dn\u011b miluje. My v\u00edme, \u017ee n\u00e1\u0161 nebesk\u00fd Otec je n\u00e1m nabl\u00edzku a sl\u00edbil, \u017ee n\u00e1m zajist\u00ed v\u0161e, co pot\u0159ebujeme. Je d\u016fle\u017eit\u00e9, abychom na to pamatovali, jednali ve v\u00ed\u0159e a ka\u017ed\u00fd den d\u016fv\u011b\u0159ovali Bohu. Mo\u017en\u00e1 budeme v poku\u0161en\u00ed propadnout obav\u00e1m, to ale je\u0161t\u011b neznamen\u00e1, \u017ee takov\u00e9mu poku\u0161en\u00ed mus\u00edme podlehnout!<\/p>\n<p>Je\u017e\u00ed\u0161 t\u011b uji\u0161\u0165uje, \u017ee tv\u016fj nebesk\u00fd Otec v\u00ed o v\u0161ech tv\u00fdch pot\u0159eb\u00e1ch d\u0159\u00edv, ne\u017e ho o n\u011bco po\u017e\u00e1d\u00e1\u0161. Pro\u010d by sis tedy m\u011bl d\u011blat starosti? M\u00edsto toho u\u017e p\u0159edem d\u011bkuj Bohu za jeho zaopat\u0159en\u00ed.<\/p>\n<hr \/>\n<h4><strong>\u201eHledejte v\u0161ak nejprve Bo\u017e\u00ed kr\u00e1lovstv\u00ed a jeho spravedlnost, a to v\u0161echno v\u00e1m bude p\u0159id\u00e1no.\u201c (Matou\u0161 6:33)<\/strong><\/h4>\n","protected":false},"excerpt":{"rendered":"<p>M\u00edsto abychom v dob\u00e1ch nejistoty vyzn\u00e1vali Bo\u017e\u00ed zasl\u00edben\u00ed, mluv\u00edme \u010dasto o sv\u00fdch obav\u00e1ch a frustrac\u00edch.<\/p>\n","protected":false},"author":20,"featured_media":2417,"parent":0,"menu_order":0,"comment_status":"closed","ping_status":"closed","template":"","class_list":["post-2416","devotional","type-devotional","status-publish","has-post-thumbnail","hentry"],"acf":[],"appp":{"post_detail":{"above_title":"<div class=\"post-featured-wrap\"><img width=\"1024\" height=\"597\" src=\"https:\/\/tv.joycemeyer.org\/czech\/wp-content\/uploads\/sites\/67\/2023\/05\/2419-1024x597.jpg\" class=\"post-featured wp-post-image\" alt=\"Svoboda od \u00fazkosti\" decoding=\"async\" srcset=\"https:\/\/tv.joycemeyer.org\/czech\/wp-content\/uploads\/sites\/67\/2023\/05\/2419-1024x597.jpg 1024w, https:\/\/tv.joycemeyer.org\/czech\/wp-content\/uploads\/sites\/67\/2023\/05\/2419-300x175.jpg 300w, https:\/\/tv.joycemeyer.org\/czech\/wp-content\/uploads\/sites\/67\/2023\/05\/2419-768x448.jpg 768w, https:\/\/tv.joycemeyer.org\/czech\/wp-content\/uploads\/sites\/67\/2023\/05\/2419-1536x896.jpg 1536w, https:\/\/tv.joycemeyer.org\/czech\/wp-content\/uploads\/sites\/67\/2023\/05\/2419.jpg 1800w\" sizes=\"(max-width: 1024px) 100vw, 1024px\" \/><\/div>","below_content":"<div class=\"follow\"><h6 class=\"alt\">Spojte se s n\u00e1mi<\/h6><ul class=\"nav nav--social nav--flex\"><li class=\"menu-item facebook\"><a href=\"https:\/\/www.facebook.com\/joycemeyerministriescesko\/\" target=\"_blank\"><span class=\"visuallyhidden\">Facebook<\/span><\/a><\/li><\/ul><\/div>"}},"yoast_head":"<!-- This site is optimized with the Yoast SEO plugin v27.4 - https:\/\/yoast.com\/product\/yoast-seo-wordpress\/ -->\n<title>Svoboda od \u00fazkosti - Joyce Meyer Ministries - Czech<\/title>\n<meta name=\"robots\" content=\"index, follow, max-snippet:-1, max-image-preview:large, max-video-preview:-1\" \/>\n<link rel=\"canonical\" href=\"https:\/\/tv.joycemeyer.org\/czech\/devotional\/svoboda-od-uzkosti\/\" \/>\n<meta property=\"og:locale\" content=\"cs_CZ\" \/>\n<meta property=\"og:type\" content=\"article\" \/>\n<meta property=\"og:title\" content=\"Svoboda od \u00fazkosti - Joyce Meyer Ministries - Czech\" \/>\n<meta property=\"og:description\" content=\"M\u00edsto abychom v dob\u00e1ch nejistoty vyzn\u00e1vali Bo\u017e\u00ed zasl\u00edben\u00ed, mluv\u00edme \u010dasto o sv\u00fdch obav\u00e1ch a frustrac\u00edch.\" \/>\n<meta property=\"og:url\" content=\"https:\/\/tv.joycemeyer.org\/czech\/devotional\/svoboda-od-uzkosti\/\" \/>\n<meta property=\"og:site_name\" content=\"Joyce Meyer Ministries - Czech\" \/>\n<meta property=\"article:publisher\" content=\"https:\/\/www.facebook.com\/joycemeyerministriescesko\/\" \/>\n<meta property=\"article:modified_time\" content=\"2023-05-28T13:43:27+00:00\" \/>\n<meta property=\"og:image\" content=\"https:\/\/tv.joycemeyer.org\/czech\/wp-content\/uploads\/sites\/67\/2023\/05\/2419.jpg\" \/>\n\t<meta property=\"og:image:width\" content=\"1800\" \/>\n\t<meta property=\"og:image:height\" content=\"1050\" \/>\n\t<meta property=\"og:image:type\" content=\"image\/jpeg\" \/>\n<meta name=\"twitter:card\" content=\"summary_large_image\" \/>\n<meta name=\"twitter:label1\" content=\"Odhadovan\u00e1 doba \u010dten\u00ed\" \/>\n\t<meta name=\"twitter:data1\" content=\"1 minuta\" \/>\n<script type=\"application\/ld+json\" class=\"yoast-schema-graph\">{\"@context\":\"https:\\\/\\\/schema.org\",\"@graph\":[{\"@type\":\"WebPage\",\"@id\":\"https:\\\/\\\/tv.joycemeyer.org\\\/czech\\\/devotional\\\/svoboda-od-uzkosti\\\/\",\"url\":\"https:\\\/\\\/tv.joycemeyer.org\\\/czech\\\/devotional\\\/svoboda-od-uzkosti\\\/\",\"name\":\"Svoboda od \u00fazkosti - Joyce Meyer Ministries - Czech\",\"isPartOf\":{\"@id\":\"https:\\\/\\\/tv.joycemeyer.org\\\/czech\\\/#website\"},\"primaryImageOfPage\":{\"@id\":\"https:\\\/\\\/tv.joycemeyer.org\\\/czech\\\/devotional\\\/svoboda-od-uzkosti\\\/#primaryimage\"},\"image\":{\"@id\":\"https:\\\/\\\/tv.joycemeyer.org\\\/czech\\\/devotional\\\/svoboda-od-uzkosti\\\/#primaryimage\"},\"thumbnailUrl\":\"https:\\\/\\\/tv.joycemeyer.org\\\/czech\\\/wp-content\\\/uploads\\\/sites\\\/67\\\/2023\\\/05\\\/2419.jpg\",\"datePublished\":\"2019-06-10T00:01:20+00:00\",\"dateModified\":\"2023-05-28T13:43:27+00:00\",\"breadcrumb\":{\"@id\":\"https:\\\/\\\/tv.joycemeyer.org\\\/czech\\\/devotional\\\/svoboda-od-uzkosti\\\/#breadcrumb\"},\"inLanguage\":\"cs\",\"potentialAction\":[{\"@type\":\"ReadAction\",\"target\":[\"https:\\\/\\\/tv.joycemeyer.org\\\/czech\\\/devotional\\\/svoboda-od-uzkosti\\\/\"]}]},{\"@type\":\"ImageObject\",\"inLanguage\":\"cs\",\"@id\":\"https:\\\/\\\/tv.joycemeyer.org\\\/czech\\\/devotional\\\/svoboda-od-uzkosti\\\/#primaryimage\",\"url\":\"https:\\\/\\\/tv.joycemeyer.org\\\/czech\\\/wp-content\\\/uploads\\\/sites\\\/67\\\/2023\\\/05\\\/2419.jpg\",\"contentUrl\":\"https:\\\/\\\/tv.joycemeyer.org\\\/czech\\\/wp-content\\\/uploads\\\/sites\\\/67\\\/2023\\\/05\\\/2419.jpg\",\"width\":1800,\"height\":1050,\"caption\":\"Svoboda od \u00fazkosti\"},{\"@type\":\"BreadcrumbList\",\"@id\":\"https:\\\/\\\/tv.joycemeyer.org\\\/czech\\\/devotional\\\/svoboda-od-uzkosti\\\/#breadcrumb\",\"itemListElement\":[{\"@type\":\"ListItem\",\"position\":1,\"name\":\"Home\",\"item\":\"https:\\\/\\\/tv.joycemeyer.org\\\/czech\\\/\"},{\"@type\":\"ListItem\",\"position\":2,\"name\":\"Devotional\",\"item\":\"https:\\\/\\\/tv.joycemeyer.org\\\/czech\\\/devotional\\\/\"},{\"@type\":\"ListItem\",\"position\":3,\"name\":\"Svoboda od \u00fazkosti\"}]},{\"@type\":\"WebSite\",\"@id\":\"https:\\\/\\\/tv.joycemeyer.org\\\/czech\\\/#website\",\"url\":\"https:\\\/\\\/tv.joycemeyer.org\\\/czech\\\/\",\"name\":\"Joyce Meyer Ministries - Czech\",\"description\":\"Sd\u00edlet se o Krista - milovat lidi\",\"potentialAction\":[{\"@type\":\"SearchAction\",\"target\":{\"@type\":\"EntryPoint\",\"urlTemplate\":\"https:\\\/\\\/tv.joycemeyer.org\\\/czech\\\/?s={search_term_string}\"},\"query-input\":{\"@type\":\"PropertyValueSpecification\",\"valueRequired\":true,\"valueName\":\"search_term_string\"}}],\"inLanguage\":\"cs\"}]}<\/script>\n<!-- \/ Yoast SEO plugin. -->","yoast_head_json":{"title":"Svoboda od \u00fazkosti - Joyce Meyer Ministries - Czech","robots":{"index":"index","follow":"follow","max-snippet":"max-snippet:-1","max-image-preview":"max-image-preview:large","max-video-preview":"max-video-preview:-1"},"canonical":"https:\/\/tv.joycemeyer.org\/czech\/devotional\/svoboda-od-uzkosti\/","og_locale":"cs_CZ","og_type":"article","og_title":"Svoboda od \u00fazkosti - Joyce Meyer Ministries - Czech","og_description":"M\u00edsto abychom v dob\u00e1ch nejistoty vyzn\u00e1vali Bo\u017e\u00ed zasl\u00edben\u00ed, mluv\u00edme \u010dasto o sv\u00fdch obav\u00e1ch a frustrac\u00edch.","og_url":"https:\/\/tv.joycemeyer.org\/czech\/devotional\/svoboda-od-uzkosti\/","og_site_name":"Joyce Meyer Ministries - Czech","article_publisher":"https:\/\/www.facebook.com\/joycemeyerministriescesko\/","article_modified_time":"2023-05-28T13:43:27+00:00","og_image":[{"width":1800,"height":1050,"url":"https:\/\/tv.joycemeyer.org\/czech\/wp-content\/uploads\/sites\/67\/2023\/05\/2419.jpg","type":"image\/jpeg"}],"twitter_card":"summary_large_image","twitter_misc":{"Odhadovan\u00e1 doba \u010dten\u00ed":"1 minuta"},"schema":{"@context":"https:\/\/schema.org","@graph":[{"@type":"WebPage","@id":"https:\/\/tv.joycemeyer.org\/czech\/devotional\/svoboda-od-uzkosti\/","url":"https:\/\/tv.joycemeyer.org\/czech\/devotional\/svoboda-od-uzkosti\/","name":"Svoboda od \u00fazkosti - Joyce Meyer Ministries - Czech","isPartOf":{"@id":"https:\/\/tv.joycemeyer.org\/czech\/#website"},"primaryImageOfPage":{"@id":"https:\/\/tv.joycemeyer.org\/czech\/devotional\/svoboda-od-uzkosti\/#primaryimage"},"image":{"@id":"https:\/\/tv.joycemeyer.org\/czech\/devotional\/svoboda-od-uzkosti\/#primaryimage"},"thumbnailUrl":"https:\/\/tv.joycemeyer.org\/czech\/wp-content\/uploads\/sites\/67\/2023\/05\/2419.jpg","datePublished":"2019-06-10T00:01:20+00:00","dateModified":"2023-05-28T13:43:27+00:00","breadcrumb":{"@id":"https:\/\/tv.joycemeyer.org\/czech\/devotional\/svoboda-od-uzkosti\/#breadcrumb"},"inLanguage":"cs","potentialAction":[{"@type":"ReadAction","target":["https:\/\/tv.joycemeyer.org\/czech\/devotional\/svoboda-od-uzkosti\/"]}]},{"@type":"ImageObject","inLanguage":"cs","@id":"https:\/\/tv.joycemeyer.org\/czech\/devotional\/svoboda-od-uzkosti\/#primaryimage","url":"https:\/\/tv.joycemeyer.org\/czech\/wp-content\/uploads\/sites\/67\/2023\/05\/2419.jpg","contentUrl":"https:\/\/tv.joycemeyer.org\/czech\/wp-content\/uploads\/sites\/67\/2023\/05\/2419.jpg","width":1800,"height":1050,"caption":"Svoboda od \u00fazkosti"},{"@type":"BreadcrumbList","@id":"https:\/\/tv.joycemeyer.org\/czech\/devotional\/svoboda-od-uzkosti\/#breadcrumb","itemListElement":[{"@type":"ListItem","position":1,"name":"Home","item":"https:\/\/tv.joycemeyer.org\/czech\/"},{"@type":"ListItem","position":2,"name":"Devotional","item":"https:\/\/tv.joycemeyer.org\/czech\/devotional\/"},{"@type":"ListItem","position":3,"name":"Svoboda od \u00fazkosti"}]},{"@type":"WebSite","@id":"https:\/\/tv.joycemeyer.org\/czech\/#website","url":"https:\/\/tv.joycemeyer.org\/czech\/","name":"Joyce Meyer Ministries - Czech","description":"Sd\u00edlet se o Krista - milovat lidi","potentialAction":[{"@type":"SearchAction","target":{"@type":"EntryPoint","urlTemplate":"https:\/\/tv.joycemeyer.org\/czech\/?s={search_term_string}"},"query-input":{"@type":"PropertyValueSpecification","valueRequired":true,"valueName":"search_term_string"}}],"inLanguage":"cs"}]}},"_links":{"self":[{"href":"https:\/\/tv.joycemeyer.org\/czech\/wp-json\/wp\/v2\/devotional\/2416","targetHints":{"allow":["GET"]}}],"collection":[{"href":"https:\/\/tv.joycemeyer.org\/czech\/wp-json\/wp\/v2\/devotional"}],"about":[{"href":"https:\/\/tv.joycemeyer.org\/czech\/wp-json\/wp\/v2\/types\/devotional"}],"author":[{"embeddable":true,"href":"https:\/\/tv.joycemeyer.org\/czech\/wp-json\/wp\/v2\/users\/20"}],"replies":[{"embeddable":true,"href":"https:\/\/tv.joycemeyer.org\/czech\/wp-json\/wp\/v2\/comments?post=2416"}],"wp:featuredmedia":[{"embeddable":true,"href":"https:\/\/tv.joycemeyer.org\/czech\/wp-json\/wp\/v2\/media\/2417"}],"wp:attachment":[{"href":"https:\/\/tv.joycemeyer.org\/czech\/wp-json\/wp\/v2\/media?parent=2416"}],"curies":[{"name":"wp","href":"https:\/\/api.w.org\/{rel}","templated":true}]}}