{"id":2418,"date":"2019-06-11T00:01:49","date_gmt":"2019-06-11T00:01:49","guid":{"rendered":"https:\/\/tv.joycemeyer.org\/czech\/?post_type=devotional&#038;p=2418"},"modified":"2023-05-28T13:46:46","modified_gmt":"2023-05-28T13:46:46","slug":"neochvejne-srdce","status":"publish","type":"devotional","link":"https:\/\/tv.joycemeyer.org\/czech\/devotional\/neochvejne-srdce\/","title":{"rendered":"Neochv\u011bjn\u00e9 srdce"},"content":{"rendered":"<blockquote><p>M\u00e9 srdce je pevn\u00e9, Bo\u017ee, m\u00e9 srdce je pevn\u00e9, budu zp\u00edvat a p\u011bt \u017ealmy. (\u017dalm 57,8)<\/p><\/blockquote>\n<p>Abychom mohli v \u017eivot\u011b za\u017e\u00edvat v\u00edt\u011bzstv\u00ed a dos\u00e1hnout velk\u00fdch v\u011bc\u00ed pro Boha, je d\u016fle\u017eit\u00e9, abychom se rozhodli b\u00fdt odhodlan\u00ed. V Bibli \u010dteme, \u017ee Je\u017e\u00ed\u0161 se \u201epevn\u011b rozhodl j\u00edt do Jeruzal\u00e9ma\u201c (viz Luk\u00e1\u0161 9,51). Pokud \u017eijeme pro Boha, m\u016f\u017eeme ud\u011blat tot\u00e9\u017e. Chceme-li dos\u00e1hnout n\u011b\u010deho hodnotn\u00e9ho, je d\u016fle\u017eit\u00e9, abychom \u201ese pevn\u011b rozhodli\u201c j\u00edt spr\u00e1vn\u00fdm sm\u011brem a nevzdali se.<\/p>\n<p>Kdy\u017e p\u0159ijme\u0161 Je\u017e\u00ed\u0161e Krista jako sv\u00e9ho P\u00e1na a Spasitele, satan se ti bude sna\u017eit odporovat na ka\u017ed\u00e9m kroku. Bude cht\u00edt, aby ses vzdal. On pro tebe nenat\u00e1hne \u010derven\u00fd koberec kv\u016fli tomu, \u017ee ses rozhodl p\u0159ijmout Krista. Je\u017e\u00ed\u0161 ale u\u017e \u010f\u00e1bla p\u0159emohl. Je to pora\u017een\u00fd nep\u0159\u00edtel. Kdy\u017e bude\u0161 bl\u00edzko Bohu a bude\u0161 kr\u00e1\u010det v jeho s\u00edle, kdy\u017e bude\u0161 plnit jeho v\u016fli pro sv\u016fj \u017eivot, \u017e\u00e1dn\u00e1 \u010f\u00e1blova opozice nebude dostate\u010dn\u011b siln\u00e1, aby t\u011b mohla zastavit.<\/p>\n<p>Nenech se chytit do pasti o\u010dek\u00e1v\u00e1n\u00ed, \u017ee v\u0161echno v \u017eivot\u011b bude v\u017edy snadn\u00e9. Pros Boha o pomoc, p\u0159ijmi jeho milost a bu\u010f odhodlan\u00fd konat jeho v\u016fli, z\u016fstat v\u017edy pozitivn\u00ed a \u0161\u0165astn\u00fd a chodit v Bo\u017e\u00edm pokoji, a\u0165 se d\u011bje cokoli.<\/p>\n<hr \/>\n<h4><strong>Postupuj vp\u0159ed se svat\u00fdm odhodl\u00e1n\u00edm, a Bo\u017e\u00ed pl\u00e1n ve tv\u00e9m \u017eivot\u011b se napln\u00ed.\u2003<\/strong><\/h4>\n","protected":false},"excerpt":{"rendered":"<p>Kdy\u017e p\u0159ijme\u0161 Je\u017e\u00ed\u0161e Krista jako sv\u00e9ho P\u00e1na a Spasitele, satan se ti bude sna\u017eit odporovat na ka\u017ed\u00e9m kroku.<\/p>\n","protected":false},"author":20,"featured_media":2419,"parent":0,"menu_order":0,"comment_status":"closed","ping_status":"closed","template":"","class_list":["post-2418","devotional","type-devotional","status-publish","has-post-thumbnail","hentry"],"acf":[],"appp":{"post_detail":{"above_title":"<div class=\"post-featured-wrap\"><img width=\"1024\" height=\"597\" src=\"https:\/\/tv.joycemeyer.org\/czech\/wp-content\/uploads\/sites\/67\/2019\/06\/2409-1024x597.jpg\" class=\"post-featured wp-post-image\" alt=\"Neochv\u011bjn\u00e9 srdce\" decoding=\"async\" srcset=\"https:\/\/tv.joycemeyer.org\/czech\/wp-content\/uploads\/sites\/67\/2019\/06\/2409-1024x597.jpg 1024w, https:\/\/tv.joycemeyer.org\/czech\/wp-content\/uploads\/sites\/67\/2019\/06\/2409-300x175.jpg 300w, https:\/\/tv.joycemeyer.org\/czech\/wp-content\/uploads\/sites\/67\/2019\/06\/2409-768x448.jpg 768w, https:\/\/tv.joycemeyer.org\/czech\/wp-content\/uploads\/sites\/67\/2019\/06\/2409-1536x896.jpg 1536w, https:\/\/tv.joycemeyer.org\/czech\/wp-content\/uploads\/sites\/67\/2019\/06\/2409.jpg 1800w\" sizes=\"(max-width: 1024px) 100vw, 1024px\" \/><\/div>","below_content":"<div class=\"follow\"><h6 class=\"alt\">Spojte se s n\u00e1mi<\/h6><ul class=\"nav nav--social nav--flex\"><li class=\"menu-item facebook\"><a href=\"https:\/\/www.facebook.com\/joycemeyerministriescesko\/\" target=\"_blank\"><span class=\"visuallyhidden\">Facebook<\/span><\/a><\/li><\/ul><\/div>"}},"yoast_head":"<!-- This site is optimized with the Yoast SEO plugin v27.4 - https:\/\/yoast.com\/product\/yoast-seo-wordpress\/ -->\n<title>Neochv\u011bjn\u00e9 srdce - Joyce Meyer Ministries - Czech<\/title>\n<meta name=\"robots\" content=\"index, follow, max-snippet:-1, max-image-preview:large, max-video-preview:-1\" \/>\n<link rel=\"canonical\" href=\"https:\/\/tv.joycemeyer.org\/czech\/devotional\/neochvejne-srdce\/\" \/>\n<meta property=\"og:locale\" content=\"cs_CZ\" \/>\n<meta property=\"og:type\" content=\"article\" \/>\n<meta property=\"og:title\" content=\"Neochv\u011bjn\u00e9 srdce - Joyce Meyer Ministries - Czech\" \/>\n<meta property=\"og:description\" content=\"Kdy\u017e p\u0159ijme\u0161 Je\u017e\u00ed\u0161e Krista jako sv\u00e9ho P\u00e1na a Spasitele, satan se ti bude sna\u017eit odporovat na ka\u017ed\u00e9m kroku.\" \/>\n<meta property=\"og:url\" content=\"https:\/\/tv.joycemeyer.org\/czech\/devotional\/neochvejne-srdce\/\" \/>\n<meta property=\"og:site_name\" content=\"Joyce Meyer Ministries - Czech\" \/>\n<meta property=\"article:publisher\" content=\"https:\/\/www.facebook.com\/joycemeyerministriescesko\/\" \/>\n<meta property=\"article:modified_time\" content=\"2023-05-28T13:46:46+00:00\" \/>\n<meta property=\"og:image\" content=\"https:\/\/tv.joycemeyer.org\/czech\/wp-content\/uploads\/sites\/67\/2019\/06\/2409.jpg\" \/>\n\t<meta property=\"og:image:width\" content=\"1800\" \/>\n\t<meta property=\"og:image:height\" content=\"1050\" \/>\n\t<meta property=\"og:image:type\" content=\"image\/jpeg\" \/>\n<meta name=\"twitter:card\" content=\"summary_large_image\" \/>\n<meta name=\"twitter:label1\" content=\"Odhadovan\u00e1 doba \u010dten\u00ed\" \/>\n\t<meta name=\"twitter:data1\" content=\"1 minuta\" \/>\n<script type=\"application\/ld+json\" class=\"yoast-schema-graph\">{\"@context\":\"https:\\\/\\\/schema.org\",\"@graph\":[{\"@type\":\"WebPage\",\"@id\":\"https:\\\/\\\/tv.joycemeyer.org\\\/czech\\\/devotional\\\/neochvejne-srdce\\\/\",\"url\":\"https:\\\/\\\/tv.joycemeyer.org\\\/czech\\\/devotional\\\/neochvejne-srdce\\\/\",\"name\":\"Neochv\u011bjn\u00e9 srdce - Joyce Meyer Ministries - Czech\",\"isPartOf\":{\"@id\":\"https:\\\/\\\/tv.joycemeyer.org\\\/czech\\\/#website\"},\"primaryImageOfPage\":{\"@id\":\"https:\\\/\\\/tv.joycemeyer.org\\\/czech\\\/devotional\\\/neochvejne-srdce\\\/#primaryimage\"},\"image\":{\"@id\":\"https:\\\/\\\/tv.joycemeyer.org\\\/czech\\\/devotional\\\/neochvejne-srdce\\\/#primaryimage\"},\"thumbnailUrl\":\"https:\\\/\\\/tv.joycemeyer.org\\\/czech\\\/wp-content\\\/uploads\\\/sites\\\/67\\\/2019\\\/06\\\/2409.jpg\",\"datePublished\":\"2019-06-11T00:01:49+00:00\",\"dateModified\":\"2023-05-28T13:46:46+00:00\",\"breadcrumb\":{\"@id\":\"https:\\\/\\\/tv.joycemeyer.org\\\/czech\\\/devotional\\\/neochvejne-srdce\\\/#breadcrumb\"},\"inLanguage\":\"cs\",\"potentialAction\":[{\"@type\":\"ReadAction\",\"target\":[\"https:\\\/\\\/tv.joycemeyer.org\\\/czech\\\/devotional\\\/neochvejne-srdce\\\/\"]}]},{\"@type\":\"ImageObject\",\"inLanguage\":\"cs\",\"@id\":\"https:\\\/\\\/tv.joycemeyer.org\\\/czech\\\/devotional\\\/neochvejne-srdce\\\/#primaryimage\",\"url\":\"https:\\\/\\\/tv.joycemeyer.org\\\/czech\\\/wp-content\\\/uploads\\\/sites\\\/67\\\/2019\\\/06\\\/2409.jpg\",\"contentUrl\":\"https:\\\/\\\/tv.joycemeyer.org\\\/czech\\\/wp-content\\\/uploads\\\/sites\\\/67\\\/2019\\\/06\\\/2409.jpg\",\"width\":1800,\"height\":1050,\"caption\":\"Neochv\u011bjn\u00e9 srdce\"},{\"@type\":\"BreadcrumbList\",\"@id\":\"https:\\\/\\\/tv.joycemeyer.org\\\/czech\\\/devotional\\\/neochvejne-srdce\\\/#breadcrumb\",\"itemListElement\":[{\"@type\":\"ListItem\",\"position\":1,\"name\":\"Home\",\"item\":\"https:\\\/\\\/tv.joycemeyer.org\\\/czech\\\/\"},{\"@type\":\"ListItem\",\"position\":2,\"name\":\"Devotional\",\"item\":\"https:\\\/\\\/tv.joycemeyer.org\\\/czech\\\/devotional\\\/\"},{\"@type\":\"ListItem\",\"position\":3,\"name\":\"Neochv\u011bjn\u00e9 srdce\"}]},{\"@type\":\"WebSite\",\"@id\":\"https:\\\/\\\/tv.joycemeyer.org\\\/czech\\\/#website\",\"url\":\"https:\\\/\\\/tv.joycemeyer.org\\\/czech\\\/\",\"name\":\"Joyce Meyer Ministries - Czech\",\"description\":\"Sd\u00edlet se o Krista - milovat lidi\",\"potentialAction\":[{\"@type\":\"SearchAction\",\"target\":{\"@type\":\"EntryPoint\",\"urlTemplate\":\"https:\\\/\\\/tv.joycemeyer.org\\\/czech\\\/?s={search_term_string}\"},\"query-input\":{\"@type\":\"PropertyValueSpecification\",\"valueRequired\":true,\"valueName\":\"search_term_string\"}}],\"inLanguage\":\"cs\"}]}<\/script>\n<!-- \/ Yoast SEO plugin. -->","yoast_head_json":{"title":"Neochv\u011bjn\u00e9 srdce - Joyce Meyer Ministries - Czech","robots":{"index":"index","follow":"follow","max-snippet":"max-snippet:-1","max-image-preview":"max-image-preview:large","max-video-preview":"max-video-preview:-1"},"canonical":"https:\/\/tv.joycemeyer.org\/czech\/devotional\/neochvejne-srdce\/","og_locale":"cs_CZ","og_type":"article","og_title":"Neochv\u011bjn\u00e9 srdce - Joyce Meyer Ministries - Czech","og_description":"Kdy\u017e p\u0159ijme\u0161 Je\u017e\u00ed\u0161e Krista jako sv\u00e9ho P\u00e1na a Spasitele, satan se ti bude sna\u017eit odporovat na ka\u017ed\u00e9m kroku.","og_url":"https:\/\/tv.joycemeyer.org\/czech\/devotional\/neochvejne-srdce\/","og_site_name":"Joyce Meyer Ministries - Czech","article_publisher":"https:\/\/www.facebook.com\/joycemeyerministriescesko\/","article_modified_time":"2023-05-28T13:46:46+00:00","og_image":[{"width":1800,"height":1050,"url":"https:\/\/tv.joycemeyer.org\/czech\/wp-content\/uploads\/sites\/67\/2019\/06\/2409.jpg","type":"image\/jpeg"}],"twitter_card":"summary_large_image","twitter_misc":{"Odhadovan\u00e1 doba \u010dten\u00ed":"1 minuta"},"schema":{"@context":"https:\/\/schema.org","@graph":[{"@type":"WebPage","@id":"https:\/\/tv.joycemeyer.org\/czech\/devotional\/neochvejne-srdce\/","url":"https:\/\/tv.joycemeyer.org\/czech\/devotional\/neochvejne-srdce\/","name":"Neochv\u011bjn\u00e9 srdce - Joyce Meyer Ministries - Czech","isPartOf":{"@id":"https:\/\/tv.joycemeyer.org\/czech\/#website"},"primaryImageOfPage":{"@id":"https:\/\/tv.joycemeyer.org\/czech\/devotional\/neochvejne-srdce\/#primaryimage"},"image":{"@id":"https:\/\/tv.joycemeyer.org\/czech\/devotional\/neochvejne-srdce\/#primaryimage"},"thumbnailUrl":"https:\/\/tv.joycemeyer.org\/czech\/wp-content\/uploads\/sites\/67\/2019\/06\/2409.jpg","datePublished":"2019-06-11T00:01:49+00:00","dateModified":"2023-05-28T13:46:46+00:00","breadcrumb":{"@id":"https:\/\/tv.joycemeyer.org\/czech\/devotional\/neochvejne-srdce\/#breadcrumb"},"inLanguage":"cs","potentialAction":[{"@type":"ReadAction","target":["https:\/\/tv.joycemeyer.org\/czech\/devotional\/neochvejne-srdce\/"]}]},{"@type":"ImageObject","inLanguage":"cs","@id":"https:\/\/tv.joycemeyer.org\/czech\/devotional\/neochvejne-srdce\/#primaryimage","url":"https:\/\/tv.joycemeyer.org\/czech\/wp-content\/uploads\/sites\/67\/2019\/06\/2409.jpg","contentUrl":"https:\/\/tv.joycemeyer.org\/czech\/wp-content\/uploads\/sites\/67\/2019\/06\/2409.jpg","width":1800,"height":1050,"caption":"Neochv\u011bjn\u00e9 srdce"},{"@type":"BreadcrumbList","@id":"https:\/\/tv.joycemeyer.org\/czech\/devotional\/neochvejne-srdce\/#breadcrumb","itemListElement":[{"@type":"ListItem","position":1,"name":"Home","item":"https:\/\/tv.joycemeyer.org\/czech\/"},{"@type":"ListItem","position":2,"name":"Devotional","item":"https:\/\/tv.joycemeyer.org\/czech\/devotional\/"},{"@type":"ListItem","position":3,"name":"Neochv\u011bjn\u00e9 srdce"}]},{"@type":"WebSite","@id":"https:\/\/tv.joycemeyer.org\/czech\/#website","url":"https:\/\/tv.joycemeyer.org\/czech\/","name":"Joyce Meyer Ministries - Czech","description":"Sd\u00edlet se o Krista - milovat lidi","potentialAction":[{"@type":"SearchAction","target":{"@type":"EntryPoint","urlTemplate":"https:\/\/tv.joycemeyer.org\/czech\/?s={search_term_string}"},"query-input":{"@type":"PropertyValueSpecification","valueRequired":true,"valueName":"search_term_string"}}],"inLanguage":"cs"}]}},"_links":{"self":[{"href":"https:\/\/tv.joycemeyer.org\/czech\/wp-json\/wp\/v2\/devotional\/2418","targetHints":{"allow":["GET"]}}],"collection":[{"href":"https:\/\/tv.joycemeyer.org\/czech\/wp-json\/wp\/v2\/devotional"}],"about":[{"href":"https:\/\/tv.joycemeyer.org\/czech\/wp-json\/wp\/v2\/types\/devotional"}],"author":[{"embeddable":true,"href":"https:\/\/tv.joycemeyer.org\/czech\/wp-json\/wp\/v2\/users\/20"}],"replies":[{"embeddable":true,"href":"https:\/\/tv.joycemeyer.org\/czech\/wp-json\/wp\/v2\/comments?post=2418"}],"wp:featuredmedia":[{"embeddable":true,"href":"https:\/\/tv.joycemeyer.org\/czech\/wp-json\/wp\/v2\/media\/2419"}],"wp:attachment":[{"href":"https:\/\/tv.joycemeyer.org\/czech\/wp-json\/wp\/v2\/media?parent=2418"}],"curies":[{"name":"wp","href":"https:\/\/api.w.org\/{rel}","templated":true}]}}