{"id":2463,"date":"2019-07-02T00:01:24","date_gmt":"2019-07-02T00:01:24","guid":{"rendered":"https:\/\/tv.joycemeyer.org\/czech\/?post_type=devotional&#038;p=2463"},"modified":"2023-06-18T16:31:43","modified_gmt":"2023-06-18T16:31:43","slug":"vytrvale-duveruj-bohu-2","status":"publish","type":"devotional","link":"https:\/\/tv.joycemeyer.org\/czech\/devotional\/vytrvale-duveruj-bohu-2\/","title":{"rendered":"Vytrvale d\u016fv\u011b\u0159uj Bohu"},"content":{"rendered":"<blockquote><p>V\u017edy\u0165 on zn\u00e1 mou cestu, kdyby m\u011b vyzkou\u0161el, vyjdu jako zlato. (Job 23,10)<\/p><\/blockquote>\n<p>V \u017eivot\u011b nastanou chv\u00edle, kdy budeme muset d\u016fv\u011b\u0159ovat Bohu bez ohledu na to, co se d\u011bje kolem. To plat\u00ed i v situac\u00edch, kter\u00fdm nerozum\u00edme. V takov\u00fdch chv\u00edl\u00edch se pt\u00e1me Boha: \u201eCo se to d\u011bje? Jak\u00fd je tv\u016fj z\u00e1m\u011br? Pro\u010d to takhle je? Nerozum\u00edm tomu.\u201d N\u011bkdy se dokonce m\u016f\u017ee st\u00e1t, \u017ee n\u00e1s okolnosti zd\u00e1nliv\u011b tla\u010d\u00ed p\u0159esn\u011b na opa\u010dnou stranu, ne\u017e n\u00e1s B\u016fh p\u0159edt\u00edm vedl.<\/p>\n<p>V takov\u00fdch chv\u00edl\u00edch to mnoho lid\u00ed chce vzd\u00e1t a vr\u00e1tit se na cestu, kter\u00e1 se zd\u00e1 b\u00fdt rychlej\u0161\u00ed a jednodu\u0161\u0161\u00ed. Pokud jsi zrovna te\u010f v takov\u00e9 situaci a zd\u00e1 se, \u017ee nic ve tv\u00e9m \u017eivot\u011b ned\u00e1v\u00e1 smysl, pak nep\u0159esta\u0148 d\u016fv\u011b\u0159ovat Bohu, proto\u017ee on ti je nabl\u00edzku. Neopustil t\u011b. V\u0161\u00edm t\u011b bezpe\u010dn\u011b provede.<\/p>\n<p>D\u016fv\u011b\u0159ovat Bohu bez nezodpov\u011bzen\u00fdch ot\u00e1zek nelze. B\u016fh n\u00e1s u\u010d\u00ed, abychom mu d\u016fv\u011b\u0159ovali, i kdy\u017e jsou v na\u0161em \u017eivot\u011b v\u011bci, kter\u00fdm prost\u011b nerozum\u00edme. Kdy\u017e nebe ml\u010d\u00ed, pokra\u010duj v tom, co jsi se nau\u010dil a nad\u00e1le d\u016fv\u011b\u0159uj Bohu. B\u016fh za\u0159\u00edd\u00ed, aby v\u0161echny okolnosti tv\u00e9ho \u017eivota spole\u010dn\u011b napom\u00e1haly k napln\u011bn\u00ed jeho z\u00e1m\u011bru.<\/p>\n<hr \/>\n<h4>Z\u00edt\u0159ej\u0161\u00ed odpov\u011bdi obvykle p\u0159ijdou a\u017e z\u00edtra.<\/h4>\n","protected":false},"excerpt":{"rendered":"<p>V \u017eivot\u011b nastanou chv\u00edle, kdy budeme muset d\u016fv\u011b\u0159ovat Bohu bez ohledu na to, co se d\u011bje kolem.<\/p>\n","protected":false},"author":20,"featured_media":2464,"parent":0,"menu_order":0,"comment_status":"closed","ping_status":"closed","template":"","class_list":["post-2463","devotional","type-devotional","status-publish","has-post-thumbnail","hentry"],"acf":[],"appp":{"post_detail":{"above_title":"<div class=\"post-featured-wrap\"><img width=\"1024\" height=\"597\" src=\"https:\/\/tv.joycemeyer.org\/czech\/wp-content\/uploads\/sites\/67\/2023\/06\/2497-1024x597.jpg\" class=\"post-featured wp-post-image\" alt=\"\u010cekej na P\u00e1na\" decoding=\"async\" srcset=\"https:\/\/tv.joycemeyer.org\/czech\/wp-content\/uploads\/sites\/67\/2023\/06\/2497-1024x597.jpg 1024w, https:\/\/tv.joycemeyer.org\/czech\/wp-content\/uploads\/sites\/67\/2023\/06\/2497-300x175.jpg 300w, https:\/\/tv.joycemeyer.org\/czech\/wp-content\/uploads\/sites\/67\/2023\/06\/2497-768x448.jpg 768w, https:\/\/tv.joycemeyer.org\/czech\/wp-content\/uploads\/sites\/67\/2023\/06\/2497-1536x896.jpg 1536w, https:\/\/tv.joycemeyer.org\/czech\/wp-content\/uploads\/sites\/67\/2023\/06\/2497.jpg 1800w\" sizes=\"(max-width: 1024px) 100vw, 1024px\" \/><\/div>","below_content":""}},"yoast_head":"<!-- This site is optimized with the Yoast SEO plugin v27.4 - https:\/\/yoast.com\/product\/yoast-seo-wordpress\/ -->\n<title>Vytrvale d\u016fv\u011b\u0159uj Bohu - Joyce Meyer Ministries - Czech<\/title>\n<meta name=\"robots\" content=\"index, follow, max-snippet:-1, max-image-preview:large, max-video-preview:-1\" \/>\n<link rel=\"canonical\" href=\"https:\/\/tv.joycemeyer.org\/czech\/devotional\/vytrvale-duveruj-bohu-2\/\" \/>\n<meta property=\"og:locale\" content=\"cs_CZ\" \/>\n<meta property=\"og:type\" content=\"article\" \/>\n<meta property=\"og:title\" content=\"Vytrvale d\u016fv\u011b\u0159uj Bohu - Joyce Meyer Ministries - Czech\" \/>\n<meta property=\"og:description\" content=\"V \u017eivot\u011b nastanou chv\u00edle, kdy budeme muset d\u016fv\u011b\u0159ovat Bohu bez ohledu na to, co se d\u011bje kolem.\" \/>\n<meta property=\"og:url\" content=\"https:\/\/tv.joycemeyer.org\/czech\/devotional\/vytrvale-duveruj-bohu-2\/\" \/>\n<meta property=\"og:site_name\" content=\"Joyce Meyer Ministries - Czech\" \/>\n<meta property=\"article:publisher\" content=\"https:\/\/www.facebook.com\/joycemeyerministriescesko\/\" \/>\n<meta property=\"article:modified_time\" content=\"2023-06-18T16:31:43+00:00\" \/>\n<meta property=\"og:image\" content=\"https:\/\/tv.joycemeyer.org\/czech\/wp-content\/uploads\/sites\/67\/2023\/06\/2497.jpg\" \/>\n\t<meta property=\"og:image:width\" content=\"1800\" \/>\n\t<meta property=\"og:image:height\" content=\"1050\" \/>\n\t<meta property=\"og:image:type\" content=\"image\/jpeg\" \/>\n<meta name=\"twitter:card\" content=\"summary_large_image\" \/>\n<meta name=\"twitter:label1\" content=\"Odhadovan\u00e1 doba \u010dten\u00ed\" \/>\n\t<meta name=\"twitter:data1\" content=\"1 minuta\" \/>\n<script type=\"application\/ld+json\" class=\"yoast-schema-graph\">{\"@context\":\"https:\\\/\\\/schema.org\",\"@graph\":[{\"@type\":\"WebPage\",\"@id\":\"https:\\\/\\\/tv.joycemeyer.org\\\/czech\\\/devotional\\\/vytrvale-duveruj-bohu-2\\\/\",\"url\":\"https:\\\/\\\/tv.joycemeyer.org\\\/czech\\\/devotional\\\/vytrvale-duveruj-bohu-2\\\/\",\"name\":\"Vytrvale d\u016fv\u011b\u0159uj Bohu - Joyce Meyer Ministries - Czech\",\"isPartOf\":{\"@id\":\"https:\\\/\\\/tv.joycemeyer.org\\\/czech\\\/#website\"},\"primaryImageOfPage\":{\"@id\":\"https:\\\/\\\/tv.joycemeyer.org\\\/czech\\\/devotional\\\/vytrvale-duveruj-bohu-2\\\/#primaryimage\"},\"image\":{\"@id\":\"https:\\\/\\\/tv.joycemeyer.org\\\/czech\\\/devotional\\\/vytrvale-duveruj-bohu-2\\\/#primaryimage\"},\"thumbnailUrl\":\"https:\\\/\\\/tv.joycemeyer.org\\\/czech\\\/wp-content\\\/uploads\\\/sites\\\/67\\\/2023\\\/06\\\/2497.jpg\",\"datePublished\":\"2019-07-02T00:01:24+00:00\",\"dateModified\":\"2023-06-18T16:31:43+00:00\",\"breadcrumb\":{\"@id\":\"https:\\\/\\\/tv.joycemeyer.org\\\/czech\\\/devotional\\\/vytrvale-duveruj-bohu-2\\\/#breadcrumb\"},\"inLanguage\":\"cs\",\"potentialAction\":[{\"@type\":\"ReadAction\",\"target\":[\"https:\\\/\\\/tv.joycemeyer.org\\\/czech\\\/devotional\\\/vytrvale-duveruj-bohu-2\\\/\"]}]},{\"@type\":\"ImageObject\",\"inLanguage\":\"cs\",\"@id\":\"https:\\\/\\\/tv.joycemeyer.org\\\/czech\\\/devotional\\\/vytrvale-duveruj-bohu-2\\\/#primaryimage\",\"url\":\"https:\\\/\\\/tv.joycemeyer.org\\\/czech\\\/wp-content\\\/uploads\\\/sites\\\/67\\\/2023\\\/06\\\/2497.jpg\",\"contentUrl\":\"https:\\\/\\\/tv.joycemeyer.org\\\/czech\\\/wp-content\\\/uploads\\\/sites\\\/67\\\/2023\\\/06\\\/2497.jpg\",\"width\":1800,\"height\":1050,\"caption\":\"\u010cekej na P\u00e1na\"},{\"@type\":\"BreadcrumbList\",\"@id\":\"https:\\\/\\\/tv.joycemeyer.org\\\/czech\\\/devotional\\\/vytrvale-duveruj-bohu-2\\\/#breadcrumb\",\"itemListElement\":[{\"@type\":\"ListItem\",\"position\":1,\"name\":\"Home\",\"item\":\"https:\\\/\\\/tv.joycemeyer.org\\\/czech\\\/\"},{\"@type\":\"ListItem\",\"position\":2,\"name\":\"Devotional\",\"item\":\"https:\\\/\\\/tv.joycemeyer.org\\\/czech\\\/devotional\\\/\"},{\"@type\":\"ListItem\",\"position\":3,\"name\":\"Vytrvale d\u016fv\u011b\u0159uj Bohu\"}]},{\"@type\":\"WebSite\",\"@id\":\"https:\\\/\\\/tv.joycemeyer.org\\\/czech\\\/#website\",\"url\":\"https:\\\/\\\/tv.joycemeyer.org\\\/czech\\\/\",\"name\":\"Joyce Meyer Ministries - Czech\",\"description\":\"Sd\u00edlet se o Krista - milovat lidi\",\"potentialAction\":[{\"@type\":\"SearchAction\",\"target\":{\"@type\":\"EntryPoint\",\"urlTemplate\":\"https:\\\/\\\/tv.joycemeyer.org\\\/czech\\\/?s={search_term_string}\"},\"query-input\":{\"@type\":\"PropertyValueSpecification\",\"valueRequired\":true,\"valueName\":\"search_term_string\"}}],\"inLanguage\":\"cs\"}]}<\/script>\n<!-- \/ Yoast SEO plugin. -->","yoast_head_json":{"title":"Vytrvale d\u016fv\u011b\u0159uj Bohu - Joyce Meyer Ministries - Czech","robots":{"index":"index","follow":"follow","max-snippet":"max-snippet:-1","max-image-preview":"max-image-preview:large","max-video-preview":"max-video-preview:-1"},"canonical":"https:\/\/tv.joycemeyer.org\/czech\/devotional\/vytrvale-duveruj-bohu-2\/","og_locale":"cs_CZ","og_type":"article","og_title":"Vytrvale d\u016fv\u011b\u0159uj Bohu - Joyce Meyer Ministries - Czech","og_description":"V \u017eivot\u011b nastanou chv\u00edle, kdy budeme muset d\u016fv\u011b\u0159ovat Bohu bez ohledu na to, co se d\u011bje kolem.","og_url":"https:\/\/tv.joycemeyer.org\/czech\/devotional\/vytrvale-duveruj-bohu-2\/","og_site_name":"Joyce Meyer Ministries - Czech","article_publisher":"https:\/\/www.facebook.com\/joycemeyerministriescesko\/","article_modified_time":"2023-06-18T16:31:43+00:00","og_image":[{"width":1800,"height":1050,"url":"https:\/\/tv.joycemeyer.org\/czech\/wp-content\/uploads\/sites\/67\/2023\/06\/2497.jpg","type":"image\/jpeg"}],"twitter_card":"summary_large_image","twitter_misc":{"Odhadovan\u00e1 doba \u010dten\u00ed":"1 minuta"},"schema":{"@context":"https:\/\/schema.org","@graph":[{"@type":"WebPage","@id":"https:\/\/tv.joycemeyer.org\/czech\/devotional\/vytrvale-duveruj-bohu-2\/","url":"https:\/\/tv.joycemeyer.org\/czech\/devotional\/vytrvale-duveruj-bohu-2\/","name":"Vytrvale d\u016fv\u011b\u0159uj Bohu - Joyce Meyer Ministries - Czech","isPartOf":{"@id":"https:\/\/tv.joycemeyer.org\/czech\/#website"},"primaryImageOfPage":{"@id":"https:\/\/tv.joycemeyer.org\/czech\/devotional\/vytrvale-duveruj-bohu-2\/#primaryimage"},"image":{"@id":"https:\/\/tv.joycemeyer.org\/czech\/devotional\/vytrvale-duveruj-bohu-2\/#primaryimage"},"thumbnailUrl":"https:\/\/tv.joycemeyer.org\/czech\/wp-content\/uploads\/sites\/67\/2023\/06\/2497.jpg","datePublished":"2019-07-02T00:01:24+00:00","dateModified":"2023-06-18T16:31:43+00:00","breadcrumb":{"@id":"https:\/\/tv.joycemeyer.org\/czech\/devotional\/vytrvale-duveruj-bohu-2\/#breadcrumb"},"inLanguage":"cs","potentialAction":[{"@type":"ReadAction","target":["https:\/\/tv.joycemeyer.org\/czech\/devotional\/vytrvale-duveruj-bohu-2\/"]}]},{"@type":"ImageObject","inLanguage":"cs","@id":"https:\/\/tv.joycemeyer.org\/czech\/devotional\/vytrvale-duveruj-bohu-2\/#primaryimage","url":"https:\/\/tv.joycemeyer.org\/czech\/wp-content\/uploads\/sites\/67\/2023\/06\/2497.jpg","contentUrl":"https:\/\/tv.joycemeyer.org\/czech\/wp-content\/uploads\/sites\/67\/2023\/06\/2497.jpg","width":1800,"height":1050,"caption":"\u010cekej na P\u00e1na"},{"@type":"BreadcrumbList","@id":"https:\/\/tv.joycemeyer.org\/czech\/devotional\/vytrvale-duveruj-bohu-2\/#breadcrumb","itemListElement":[{"@type":"ListItem","position":1,"name":"Home","item":"https:\/\/tv.joycemeyer.org\/czech\/"},{"@type":"ListItem","position":2,"name":"Devotional","item":"https:\/\/tv.joycemeyer.org\/czech\/devotional\/"},{"@type":"ListItem","position":3,"name":"Vytrvale d\u016fv\u011b\u0159uj Bohu"}]},{"@type":"WebSite","@id":"https:\/\/tv.joycemeyer.org\/czech\/#website","url":"https:\/\/tv.joycemeyer.org\/czech\/","name":"Joyce Meyer Ministries - Czech","description":"Sd\u00edlet se o Krista - milovat lidi","potentialAction":[{"@type":"SearchAction","target":{"@type":"EntryPoint","urlTemplate":"https:\/\/tv.joycemeyer.org\/czech\/?s={search_term_string}"},"query-input":{"@type":"PropertyValueSpecification","valueRequired":true,"valueName":"search_term_string"}}],"inLanguage":"cs"}]}},"_links":{"self":[{"href":"https:\/\/tv.joycemeyer.org\/czech\/wp-json\/wp\/v2\/devotional\/2463","targetHints":{"allow":["GET"]}}],"collection":[{"href":"https:\/\/tv.joycemeyer.org\/czech\/wp-json\/wp\/v2\/devotional"}],"about":[{"href":"https:\/\/tv.joycemeyer.org\/czech\/wp-json\/wp\/v2\/types\/devotional"}],"author":[{"embeddable":true,"href":"https:\/\/tv.joycemeyer.org\/czech\/wp-json\/wp\/v2\/users\/20"}],"replies":[{"embeddable":true,"href":"https:\/\/tv.joycemeyer.org\/czech\/wp-json\/wp\/v2\/comments?post=2463"}],"wp:featuredmedia":[{"embeddable":true,"href":"https:\/\/tv.joycemeyer.org\/czech\/wp-json\/wp\/v2\/media\/2464"}],"wp:attachment":[{"href":"https:\/\/tv.joycemeyer.org\/czech\/wp-json\/wp\/v2\/media?parent=2463"}],"curies":[{"name":"wp","href":"https:\/\/api.w.org\/{rel}","templated":true}]}}