{"id":2474,"date":"2023-07-07T00:01:34","date_gmt":"2023-07-07T00:01:34","guid":{"rendered":"https:\/\/tv.joycemeyer.org\/czech\/?post_type=devotional&#038;p=2474"},"modified":"2023-07-07T11:52:46","modified_gmt":"2023-07-07T11:52:46","slug":"kdyz-se-citis-ustarane-2","status":"publish","type":"devotional","link":"https:\/\/tv.joycemeyer.org\/czech\/devotional\/kdyz-se-citis-ustarane-2\/","title":{"rendered":"Kdy\u017e se c\u00edt\u00ed\u0161 ustaran\u011b"},"content":{"rendered":"<blockquote><p>&#8230;zajistit pro truchl\u00edc\u00ed na Sij\u00f3nu, aby jim byla d\u00e1na \u010delenka m\u00edsto popela, olej vesel\u00ed m\u00edsto truchlen\u00ed, z\u00e1voj chv\u00e1ly m\u00edsto ducha malomyslnosti. Budou nazv\u00e1ni: Duby spravedlnosti, setba Hospodinova, aby byl oslaven. (Izaj\u00e1\u0161 61,3)<\/p><\/blockquote>\n<p>B\u016fh se o tebe chce postarat, ale podm\u00ednkou je, \u017ee si p\u0159estane\u0161 d\u011blat starosti. Mnoho lid\u00ed chce, aby se o n\u011b B\u016fh staral, ale tr\u00e1v\u00ed sv\u00e9 dny obavami nebo se st\u00e1le sna\u017e\u00ed naj\u00edt \u0159e\u0161en\u00ed, m\u00edsto aby \u010dekali na Bo\u017e\u00ed veden\u00ed. Ve skute\u010dnosti se v\u00e1lej\u00ed ve sv\u00e9m popelu, ale p\u0159esto cht\u011bj\u00ed, aby jim B\u016fh dal svou \u010delenku kr\u00e1sy. Chce\u0161-li od Boha p\u0159ijmout kr\u00e1su, mus\u00ed\u0161 mu d\u00e1t sv\u016fj popel.<\/p>\n<p>Sv\u00e9 starosti d\u00e1v\u00e1me Bohu, kdy\u017e v\u011b\u0159\u00edme, \u017ee se o n\u00e1s postar\u00e1. \u017did\u016fm 4,3 \u0159\u00edk\u00e1: \u201eNebo\u0165 do odpo\u010dinut\u00ed vch\u00e1z\u00edme my, kte\u0159\u00ed jsme uv\u011b\u0159ili&#8230;\u201c<\/p>\n<p>Do Bo\u017e\u00edho odpo\u010dinut\u00ed vstupujeme skrze v\u00edru. Starosti jsou opakem v\u00edry. Starosti n\u00e1s okr\u00e1daj\u00ed o pokoj, fyzicky n\u00e1s vy\u010derp\u00e1vaj\u00ed a m\u016f\u017eeme z nich dokonce onemocn\u011bt. Pokud si d\u011bl\u00e1me starosti, ned\u016fv\u011b\u0159ujeme Bohu a ne\u017eijeme v jeho odpo\u010dinku.<\/p>\n<p>Jak \u00fa\u017easnou v\u00fdm\u011bnu n\u00e1m B\u016fh nab\u00edz\u00ed. Ty mu d\u00e1\u0161 sv\u016fj popel a on ti d\u00e1 svou n\u00e1dheru. Ty mu d\u00e1\u0161 v\u0161echny sv\u00e9 starosti a on ti d\u00e1 svou ochranu, stabilitu, \u00fato\u010di\u0161t\u011b, plnost radosti a svou dokonalou p\u00e9\u010di.<\/p>\n<hr \/>\n<h4>Je\u017e\u00ed\u0161 se netr\u00e1pil obavami a ty jimi tak\u00e9 nemus\u00ed\u0161 tr\u00e1pit.<\/h4>\n","protected":false},"excerpt":{"rendered":"<p>B\u016fh se o tebe chce postarat, ale podm\u00ednkou je, \u017ee si p\u0159estane\u0161 d\u011blat starosti.<\/p>\n","protected":false},"author":20,"featured_media":2475,"parent":0,"menu_order":0,"comment_status":"closed","ping_status":"closed","template":"","class_list":["post-2474","devotional","type-devotional","status-publish","has-post-thumbnail","hentry"],"acf":[],"appp":{"post_detail":{"above_title":"<div class=\"post-featured-wrap\"><img width=\"960\" height=\"560\" src=\"https:\/\/tv.joycemeyer.org\/czech\/wp-content\/uploads\/sites\/67\/2023\/06\/1834.jpg\" class=\"post-featured wp-post-image\" alt=\"Kdy\u017e se c\u00edt\u00ed\u0161 ustaran\u011b\" decoding=\"async\" srcset=\"https:\/\/tv.joycemeyer.org\/czech\/wp-content\/uploads\/sites\/67\/2023\/06\/1834.jpg 960w, https:\/\/tv.joycemeyer.org\/czech\/wp-content\/uploads\/sites\/67\/2023\/06\/1834-300x175.jpg 300w, https:\/\/tv.joycemeyer.org\/czech\/wp-content\/uploads\/sites\/67\/2023\/06\/1834-768x448.jpg 768w\" sizes=\"(max-width: 960px) 100vw, 960px\" \/><\/div>","below_content":""}},"yoast_head":"<!-- This site is optimized with the Yoast SEO plugin v27.4 - https:\/\/yoast.com\/product\/yoast-seo-wordpress\/ -->\n<title>Kdy\u017e se c\u00edt\u00ed\u0161 ustaran\u011b - Joyce Meyer Ministries - Czech<\/title>\n<meta name=\"robots\" content=\"index, follow, max-snippet:-1, max-image-preview:large, max-video-preview:-1\" \/>\n<link rel=\"canonical\" href=\"https:\/\/tv.joycemeyer.org\/czech\/devotional\/kdyz-se-citis-ustarane-2\/\" \/>\n<meta property=\"og:locale\" content=\"cs_CZ\" \/>\n<meta property=\"og:type\" content=\"article\" \/>\n<meta property=\"og:title\" content=\"Kdy\u017e se c\u00edt\u00ed\u0161 ustaran\u011b - Joyce Meyer Ministries - Czech\" \/>\n<meta property=\"og:description\" content=\"B\u016fh se o tebe chce postarat, ale podm\u00ednkou je, \u017ee si p\u0159estane\u0161 d\u011blat starosti.\" \/>\n<meta property=\"og:url\" content=\"https:\/\/tv.joycemeyer.org\/czech\/devotional\/kdyz-se-citis-ustarane-2\/\" \/>\n<meta property=\"og:site_name\" content=\"Joyce Meyer Ministries - Czech\" \/>\n<meta property=\"article:publisher\" content=\"https:\/\/www.facebook.com\/joycemeyerministriescesko\/\" \/>\n<meta property=\"article:modified_time\" content=\"2023-07-07T11:52:46+00:00\" \/>\n<meta property=\"og:image\" content=\"https:\/\/tv.joycemeyer.org\/czech\/wp-content\/uploads\/sites\/67\/2023\/06\/1834.jpg\" \/>\n\t<meta property=\"og:image:width\" content=\"960\" \/>\n\t<meta property=\"og:image:height\" content=\"560\" \/>\n\t<meta property=\"og:image:type\" content=\"image\/jpeg\" \/>\n<meta name=\"twitter:card\" content=\"summary_large_image\" \/>\n<meta name=\"twitter:label1\" content=\"Odhadovan\u00e1 doba \u010dten\u00ed\" \/>\n\t<meta name=\"twitter:data1\" content=\"1 minuta\" \/>\n<script type=\"application\/ld+json\" class=\"yoast-schema-graph\">{\"@context\":\"https:\\\/\\\/schema.org\",\"@graph\":[{\"@type\":\"WebPage\",\"@id\":\"https:\\\/\\\/tv.joycemeyer.org\\\/czech\\\/devotional\\\/kdyz-se-citis-ustarane-2\\\/\",\"url\":\"https:\\\/\\\/tv.joycemeyer.org\\\/czech\\\/devotional\\\/kdyz-se-citis-ustarane-2\\\/\",\"name\":\"Kdy\u017e se c\u00edt\u00ed\u0161 ustaran\u011b - Joyce Meyer Ministries - Czech\",\"isPartOf\":{\"@id\":\"https:\\\/\\\/tv.joycemeyer.org\\\/czech\\\/#website\"},\"primaryImageOfPage\":{\"@id\":\"https:\\\/\\\/tv.joycemeyer.org\\\/czech\\\/devotional\\\/kdyz-se-citis-ustarane-2\\\/#primaryimage\"},\"image\":{\"@id\":\"https:\\\/\\\/tv.joycemeyer.org\\\/czech\\\/devotional\\\/kdyz-se-citis-ustarane-2\\\/#primaryimage\"},\"thumbnailUrl\":\"https:\\\/\\\/tv.joycemeyer.org\\\/czech\\\/wp-content\\\/uploads\\\/sites\\\/67\\\/2023\\\/06\\\/1834.jpg\",\"datePublished\":\"2023-07-07T00:01:34+00:00\",\"dateModified\":\"2023-07-07T11:52:46+00:00\",\"breadcrumb\":{\"@id\":\"https:\\\/\\\/tv.joycemeyer.org\\\/czech\\\/devotional\\\/kdyz-se-citis-ustarane-2\\\/#breadcrumb\"},\"inLanguage\":\"cs\",\"potentialAction\":[{\"@type\":\"ReadAction\",\"target\":[\"https:\\\/\\\/tv.joycemeyer.org\\\/czech\\\/devotional\\\/kdyz-se-citis-ustarane-2\\\/\"]}]},{\"@type\":\"ImageObject\",\"inLanguage\":\"cs\",\"@id\":\"https:\\\/\\\/tv.joycemeyer.org\\\/czech\\\/devotional\\\/kdyz-se-citis-ustarane-2\\\/#primaryimage\",\"url\":\"https:\\\/\\\/tv.joycemeyer.org\\\/czech\\\/wp-content\\\/uploads\\\/sites\\\/67\\\/2023\\\/06\\\/1834.jpg\",\"contentUrl\":\"https:\\\/\\\/tv.joycemeyer.org\\\/czech\\\/wp-content\\\/uploads\\\/sites\\\/67\\\/2023\\\/06\\\/1834.jpg\",\"width\":960,\"height\":560,\"caption\":\"Kdy\u017e se c\u00edt\u00ed\u0161 ustaran\u011b\"},{\"@type\":\"BreadcrumbList\",\"@id\":\"https:\\\/\\\/tv.joycemeyer.org\\\/czech\\\/devotional\\\/kdyz-se-citis-ustarane-2\\\/#breadcrumb\",\"itemListElement\":[{\"@type\":\"ListItem\",\"position\":1,\"name\":\"Home\",\"item\":\"https:\\\/\\\/tv.joycemeyer.org\\\/czech\\\/\"},{\"@type\":\"ListItem\",\"position\":2,\"name\":\"Devotional\",\"item\":\"https:\\\/\\\/tv.joycemeyer.org\\\/czech\\\/devotional\\\/\"},{\"@type\":\"ListItem\",\"position\":3,\"name\":\"Kdy\u017e se c\u00edt\u00ed\u0161 ustaran\u011b\"}]},{\"@type\":\"WebSite\",\"@id\":\"https:\\\/\\\/tv.joycemeyer.org\\\/czech\\\/#website\",\"url\":\"https:\\\/\\\/tv.joycemeyer.org\\\/czech\\\/\",\"name\":\"Joyce Meyer Ministries - Czech\",\"description\":\"Sd\u00edlet se o Krista - milovat lidi\",\"potentialAction\":[{\"@type\":\"SearchAction\",\"target\":{\"@type\":\"EntryPoint\",\"urlTemplate\":\"https:\\\/\\\/tv.joycemeyer.org\\\/czech\\\/?s={search_term_string}\"},\"query-input\":{\"@type\":\"PropertyValueSpecification\",\"valueRequired\":true,\"valueName\":\"search_term_string\"}}],\"inLanguage\":\"cs\"}]}<\/script>\n<!-- \/ Yoast SEO plugin. -->","yoast_head_json":{"title":"Kdy\u017e se c\u00edt\u00ed\u0161 ustaran\u011b - Joyce Meyer Ministries - Czech","robots":{"index":"index","follow":"follow","max-snippet":"max-snippet:-1","max-image-preview":"max-image-preview:large","max-video-preview":"max-video-preview:-1"},"canonical":"https:\/\/tv.joycemeyer.org\/czech\/devotional\/kdyz-se-citis-ustarane-2\/","og_locale":"cs_CZ","og_type":"article","og_title":"Kdy\u017e se c\u00edt\u00ed\u0161 ustaran\u011b - Joyce Meyer Ministries - Czech","og_description":"B\u016fh se o tebe chce postarat, ale podm\u00ednkou je, \u017ee si p\u0159estane\u0161 d\u011blat starosti.","og_url":"https:\/\/tv.joycemeyer.org\/czech\/devotional\/kdyz-se-citis-ustarane-2\/","og_site_name":"Joyce Meyer Ministries - Czech","article_publisher":"https:\/\/www.facebook.com\/joycemeyerministriescesko\/","article_modified_time":"2023-07-07T11:52:46+00:00","og_image":[{"width":960,"height":560,"url":"https:\/\/tv.joycemeyer.org\/czech\/wp-content\/uploads\/sites\/67\/2023\/06\/1834.jpg","type":"image\/jpeg"}],"twitter_card":"summary_large_image","twitter_misc":{"Odhadovan\u00e1 doba \u010dten\u00ed":"1 minuta"},"schema":{"@context":"https:\/\/schema.org","@graph":[{"@type":"WebPage","@id":"https:\/\/tv.joycemeyer.org\/czech\/devotional\/kdyz-se-citis-ustarane-2\/","url":"https:\/\/tv.joycemeyer.org\/czech\/devotional\/kdyz-se-citis-ustarane-2\/","name":"Kdy\u017e se c\u00edt\u00ed\u0161 ustaran\u011b - Joyce Meyer Ministries - Czech","isPartOf":{"@id":"https:\/\/tv.joycemeyer.org\/czech\/#website"},"primaryImageOfPage":{"@id":"https:\/\/tv.joycemeyer.org\/czech\/devotional\/kdyz-se-citis-ustarane-2\/#primaryimage"},"image":{"@id":"https:\/\/tv.joycemeyer.org\/czech\/devotional\/kdyz-se-citis-ustarane-2\/#primaryimage"},"thumbnailUrl":"https:\/\/tv.joycemeyer.org\/czech\/wp-content\/uploads\/sites\/67\/2023\/06\/1834.jpg","datePublished":"2023-07-07T00:01:34+00:00","dateModified":"2023-07-07T11:52:46+00:00","breadcrumb":{"@id":"https:\/\/tv.joycemeyer.org\/czech\/devotional\/kdyz-se-citis-ustarane-2\/#breadcrumb"},"inLanguage":"cs","potentialAction":[{"@type":"ReadAction","target":["https:\/\/tv.joycemeyer.org\/czech\/devotional\/kdyz-se-citis-ustarane-2\/"]}]},{"@type":"ImageObject","inLanguage":"cs","@id":"https:\/\/tv.joycemeyer.org\/czech\/devotional\/kdyz-se-citis-ustarane-2\/#primaryimage","url":"https:\/\/tv.joycemeyer.org\/czech\/wp-content\/uploads\/sites\/67\/2023\/06\/1834.jpg","contentUrl":"https:\/\/tv.joycemeyer.org\/czech\/wp-content\/uploads\/sites\/67\/2023\/06\/1834.jpg","width":960,"height":560,"caption":"Kdy\u017e se c\u00edt\u00ed\u0161 ustaran\u011b"},{"@type":"BreadcrumbList","@id":"https:\/\/tv.joycemeyer.org\/czech\/devotional\/kdyz-se-citis-ustarane-2\/#breadcrumb","itemListElement":[{"@type":"ListItem","position":1,"name":"Home","item":"https:\/\/tv.joycemeyer.org\/czech\/"},{"@type":"ListItem","position":2,"name":"Devotional","item":"https:\/\/tv.joycemeyer.org\/czech\/devotional\/"},{"@type":"ListItem","position":3,"name":"Kdy\u017e se c\u00edt\u00ed\u0161 ustaran\u011b"}]},{"@type":"WebSite","@id":"https:\/\/tv.joycemeyer.org\/czech\/#website","url":"https:\/\/tv.joycemeyer.org\/czech\/","name":"Joyce Meyer Ministries - Czech","description":"Sd\u00edlet se o Krista - milovat lidi","potentialAction":[{"@type":"SearchAction","target":{"@type":"EntryPoint","urlTemplate":"https:\/\/tv.joycemeyer.org\/czech\/?s={search_term_string}"},"query-input":{"@type":"PropertyValueSpecification","valueRequired":true,"valueName":"search_term_string"}}],"inLanguage":"cs"}]}},"_links":{"self":[{"href":"https:\/\/tv.joycemeyer.org\/czech\/wp-json\/wp\/v2\/devotional\/2474","targetHints":{"allow":["GET"]}}],"collection":[{"href":"https:\/\/tv.joycemeyer.org\/czech\/wp-json\/wp\/v2\/devotional"}],"about":[{"href":"https:\/\/tv.joycemeyer.org\/czech\/wp-json\/wp\/v2\/types\/devotional"}],"author":[{"embeddable":true,"href":"https:\/\/tv.joycemeyer.org\/czech\/wp-json\/wp\/v2\/users\/20"}],"replies":[{"embeddable":true,"href":"https:\/\/tv.joycemeyer.org\/czech\/wp-json\/wp\/v2\/comments?post=2474"}],"wp:featuredmedia":[{"embeddable":true,"href":"https:\/\/tv.joycemeyer.org\/czech\/wp-json\/wp\/v2\/media\/2475"}],"wp:attachment":[{"href":"https:\/\/tv.joycemeyer.org\/czech\/wp-json\/wp\/v2\/media?parent=2474"}],"curies":[{"name":"wp","href":"https:\/\/api.w.org\/{rel}","templated":true}]}}