{"id":2487,"date":"2023-07-13T00:01:28","date_gmt":"2023-07-13T00:01:28","guid":{"rendered":"https:\/\/tv.joycemeyer.org\/czech\/?post_type=devotional&#038;p=2487"},"modified":"2023-07-13T11:43:42","modified_gmt":"2023-07-13T11:43:42","slug":"zbav-se-odmitnuti-2","status":"publish","type":"devotional","link":"https:\/\/tv.joycemeyer.org\/czech\/devotional\/zbav-se-odmitnuti-2\/","title":{"rendered":"Zbav se odm\u00edtnut\u00ed"},"content":{"rendered":"<blockquote><p>Kdo sly\u0161\u00ed v\u00e1s, sly\u0161\u00ed mne, a kdo odm\u00edt\u00e1 v\u00e1s, odm\u00edt\u00e1 mne; kdo odm\u00edt\u00e1 mne, odm\u00edt\u00e1 toho, kter\u00fd mne poslal. (Luk\u00e1\u0161 10,16)<\/p><\/blockquote>\n<p>Ka\u017ed\u00fd se \u010das od \u010dasu setk\u00e1 s odm\u00edtnut\u00edm. Stalo se to Davidovi i apo\u0161tolu Pavlovi. Dokonce i Je\u017e\u00ed\u0161 za\u017eil odm\u00edtnut\u00ed. Kdy\u017e t\u011b n\u011bkdo odm\u00edtne kv\u016fli tomu, kam t\u011b B\u016fh vede a proto\u017ee jsi jin\u00fd ne\u017e ostatn\u00ed, nezoufej, nejsi s\u00e1m.<\/p>\n<p>Kdy\u017e jsem za\u010dala k\u00e1zat, byla jsem nejist\u00e1 a musela sn\u00e1\u0161et jistou m\u00edru kritiky a odm\u00edtnut\u00ed, Byly doby, kdy jsem to cht\u011bl vzd\u00e1t. Jednou ke mn\u011b P\u00e1n promluvil a \u0159ekl mi: \u201eJ\u00e1 jsem t\u011b povolal, ned\u011blej si starosti s t\u00edm, co si mysl\u00ed ostatn\u00ed lid\u00e9. Pokud se t\u00edm bude\u0161 zab\u00fdvat, nebude\u0161 m\u00edt nikdy klid. Nep\u0159\u00edtel toti\u017e bude neust\u00e1le hledat lidi, kte\u0159\u00ed si o tob\u011b budou myslet n\u011bco \u0161patn\u00e9ho.\u201c<\/p>\n<p>Ve Skutc\u00edch 28,1\u20135 \u010dteme, \u017ee kdy\u017e apo\u0161tola Pavla u\u0161tknul had, jednodu\u0161e jej set\u0159\u00e1sl a nic se mu nestalo. To stejn\u00e9 m\u016f\u017eeme ud\u011blat s odm\u00edtnut\u00edm. Kdy\u017e jsme bl\u00edzko Bohu a spol\u00e9h\u00e1me na n\u011bj, ne na n\u00e1zory ostatn\u00edch lid\u00ed, pak dok\u00e1\u017eeme set\u0159\u00e1st v\u0161e, \u010d\u00edm se n\u00e1s nep\u0159\u00edtel sna\u017e\u00ed odradit. A\u0165 u\u017e se dnes pot\u00fdk\u00e1\u0161 s \u010d\u00edmkoli \u2013 se strachem, odm\u00edtnut\u00edm, zklam\u00e1n\u00edm nebo osam\u011blost\u00ed \u2013 set\u0159es to a jdi d\u00e1l<\/p>\n<hr \/>\n<h4>I kdy\u017e n\u00e1s zran\u00ed nebo odm\u00edtnou lid\u00e9, kte\u0159\u00ed jsou n\u00e1m bl\u00edzc\u00ed, m\u016f\u017eeme nad\u00e1le usilovat o to, k \u010demu n\u00e1s B\u016fh povolal.<\/h4>\n","protected":false},"excerpt":{"rendered":"<p>Kdy\u017e jsme bl\u00edzko Bohu a spol\u00e9h\u00e1me na n\u011bj, ne na n\u00e1zory ostatn\u00edch lid\u00ed, pak dok\u00e1\u017eeme set\u0159\u00e1st v\u0161e, \u010d\u00edm se n\u00e1s nep\u0159\u00edtel sna\u017e\u00ed odradit.<\/p>\n","protected":false},"author":20,"featured_media":2488,"parent":0,"menu_order":0,"comment_status":"closed","ping_status":"closed","template":"","class_list":["post-2487","devotional","type-devotional","status-publish","has-post-thumbnail","hentry"],"acf":[],"appp":{"post_detail":{"above_title":"<div class=\"post-featured-wrap\"><img width=\"1024\" height=\"597\" src=\"https:\/\/tv.joycemeyer.org\/czech\/wp-content\/uploads\/sites\/67\/2023\/07\/2920-1024x597.jpg\" class=\"post-featured wp-post-image\" alt=\"Zbav se odm\u00edtnut\u00ed\" decoding=\"async\" srcset=\"https:\/\/tv.joycemeyer.org\/czech\/wp-content\/uploads\/sites\/67\/2023\/07\/2920-1024x597.jpg 1024w, https:\/\/tv.joycemeyer.org\/czech\/wp-content\/uploads\/sites\/67\/2023\/07\/2920-300x175.jpg 300w, https:\/\/tv.joycemeyer.org\/czech\/wp-content\/uploads\/sites\/67\/2023\/07\/2920-768x448.jpg 768w, https:\/\/tv.joycemeyer.org\/czech\/wp-content\/uploads\/sites\/67\/2023\/07\/2920-1536x896.jpg 1536w, https:\/\/tv.joycemeyer.org\/czech\/wp-content\/uploads\/sites\/67\/2023\/07\/2920.jpg 1800w\" sizes=\"(max-width: 1024px) 100vw, 1024px\" \/><\/div>","below_content":""}},"yoast_head":"<!-- This site is optimized with the Yoast SEO plugin v27.4 - https:\/\/yoast.com\/product\/yoast-seo-wordpress\/ -->\n<title>Zbav se odm\u00edtnut\u00ed - Joyce Meyer Ministries - Czech<\/title>\n<meta name=\"robots\" content=\"index, follow, max-snippet:-1, max-image-preview:large, max-video-preview:-1\" \/>\n<link rel=\"canonical\" href=\"https:\/\/tv.joycemeyer.org\/czech\/devotional\/zbav-se-odmitnuti-2\/\" \/>\n<meta property=\"og:locale\" content=\"cs_CZ\" \/>\n<meta property=\"og:type\" content=\"article\" \/>\n<meta property=\"og:title\" content=\"Zbav se odm\u00edtnut\u00ed - Joyce Meyer Ministries - Czech\" \/>\n<meta property=\"og:description\" content=\"Kdy\u017e jsme bl\u00edzko Bohu a spol\u00e9h\u00e1me na n\u011bj, ne na n\u00e1zory ostatn\u00edch lid\u00ed, pak dok\u00e1\u017eeme set\u0159\u00e1st v\u0161e, \u010d\u00edm se n\u00e1s nep\u0159\u00edtel sna\u017e\u00ed odradit.\" \/>\n<meta property=\"og:url\" content=\"https:\/\/tv.joycemeyer.org\/czech\/devotional\/zbav-se-odmitnuti-2\/\" \/>\n<meta property=\"og:site_name\" content=\"Joyce Meyer Ministries - Czech\" \/>\n<meta property=\"article:publisher\" content=\"https:\/\/www.facebook.com\/joycemeyerministriescesko\/\" \/>\n<meta property=\"article:modified_time\" content=\"2023-07-13T11:43:42+00:00\" \/>\n<meta property=\"og:image\" content=\"https:\/\/tv.joycemeyer.org\/czech\/wp-content\/uploads\/sites\/67\/2023\/07\/2920.jpg\" \/>\n\t<meta property=\"og:image:width\" content=\"1800\" \/>\n\t<meta property=\"og:image:height\" content=\"1050\" \/>\n\t<meta property=\"og:image:type\" content=\"image\/jpeg\" \/>\n<meta name=\"twitter:card\" content=\"summary_large_image\" \/>\n<meta name=\"twitter:label1\" content=\"Odhadovan\u00e1 doba \u010dten\u00ed\" \/>\n\t<meta name=\"twitter:data1\" content=\"1 minuta\" \/>\n<script type=\"application\/ld+json\" class=\"yoast-schema-graph\">{\"@context\":\"https:\\\/\\\/schema.org\",\"@graph\":[{\"@type\":\"WebPage\",\"@id\":\"https:\\\/\\\/tv.joycemeyer.org\\\/czech\\\/devotional\\\/zbav-se-odmitnuti-2\\\/\",\"url\":\"https:\\\/\\\/tv.joycemeyer.org\\\/czech\\\/devotional\\\/zbav-se-odmitnuti-2\\\/\",\"name\":\"Zbav se odm\u00edtnut\u00ed - Joyce Meyer Ministries - Czech\",\"isPartOf\":{\"@id\":\"https:\\\/\\\/tv.joycemeyer.org\\\/czech\\\/#website\"},\"primaryImageOfPage\":{\"@id\":\"https:\\\/\\\/tv.joycemeyer.org\\\/czech\\\/devotional\\\/zbav-se-odmitnuti-2\\\/#primaryimage\"},\"image\":{\"@id\":\"https:\\\/\\\/tv.joycemeyer.org\\\/czech\\\/devotional\\\/zbav-se-odmitnuti-2\\\/#primaryimage\"},\"thumbnailUrl\":\"https:\\\/\\\/tv.joycemeyer.org\\\/czech\\\/wp-content\\\/uploads\\\/sites\\\/67\\\/2023\\\/07\\\/2920.jpg\",\"datePublished\":\"2023-07-13T00:01:28+00:00\",\"dateModified\":\"2023-07-13T11:43:42+00:00\",\"breadcrumb\":{\"@id\":\"https:\\\/\\\/tv.joycemeyer.org\\\/czech\\\/devotional\\\/zbav-se-odmitnuti-2\\\/#breadcrumb\"},\"inLanguage\":\"cs\",\"potentialAction\":[{\"@type\":\"ReadAction\",\"target\":[\"https:\\\/\\\/tv.joycemeyer.org\\\/czech\\\/devotional\\\/zbav-se-odmitnuti-2\\\/\"]}]},{\"@type\":\"ImageObject\",\"inLanguage\":\"cs\",\"@id\":\"https:\\\/\\\/tv.joycemeyer.org\\\/czech\\\/devotional\\\/zbav-se-odmitnuti-2\\\/#primaryimage\",\"url\":\"https:\\\/\\\/tv.joycemeyer.org\\\/czech\\\/wp-content\\\/uploads\\\/sites\\\/67\\\/2023\\\/07\\\/2920.jpg\",\"contentUrl\":\"https:\\\/\\\/tv.joycemeyer.org\\\/czech\\\/wp-content\\\/uploads\\\/sites\\\/67\\\/2023\\\/07\\\/2920.jpg\",\"width\":1800,\"height\":1050,\"caption\":\"Zbav se odm\u00edtnut\u00ed\"},{\"@type\":\"BreadcrumbList\",\"@id\":\"https:\\\/\\\/tv.joycemeyer.org\\\/czech\\\/devotional\\\/zbav-se-odmitnuti-2\\\/#breadcrumb\",\"itemListElement\":[{\"@type\":\"ListItem\",\"position\":1,\"name\":\"Home\",\"item\":\"https:\\\/\\\/tv.joycemeyer.org\\\/czech\\\/\"},{\"@type\":\"ListItem\",\"position\":2,\"name\":\"Devotional\",\"item\":\"https:\\\/\\\/tv.joycemeyer.org\\\/czech\\\/devotional\\\/\"},{\"@type\":\"ListItem\",\"position\":3,\"name\":\"Zbav se odm\u00edtnut\u00ed\"}]},{\"@type\":\"WebSite\",\"@id\":\"https:\\\/\\\/tv.joycemeyer.org\\\/czech\\\/#website\",\"url\":\"https:\\\/\\\/tv.joycemeyer.org\\\/czech\\\/\",\"name\":\"Joyce Meyer Ministries - Czech\",\"description\":\"Sd\u00edlet se o Krista - milovat lidi\",\"potentialAction\":[{\"@type\":\"SearchAction\",\"target\":{\"@type\":\"EntryPoint\",\"urlTemplate\":\"https:\\\/\\\/tv.joycemeyer.org\\\/czech\\\/?s={search_term_string}\"},\"query-input\":{\"@type\":\"PropertyValueSpecification\",\"valueRequired\":true,\"valueName\":\"search_term_string\"}}],\"inLanguage\":\"cs\"}]}<\/script>\n<!-- \/ Yoast SEO plugin. -->","yoast_head_json":{"title":"Zbav se odm\u00edtnut\u00ed - Joyce Meyer Ministries - Czech","robots":{"index":"index","follow":"follow","max-snippet":"max-snippet:-1","max-image-preview":"max-image-preview:large","max-video-preview":"max-video-preview:-1"},"canonical":"https:\/\/tv.joycemeyer.org\/czech\/devotional\/zbav-se-odmitnuti-2\/","og_locale":"cs_CZ","og_type":"article","og_title":"Zbav se odm\u00edtnut\u00ed - Joyce Meyer Ministries - Czech","og_description":"Kdy\u017e jsme bl\u00edzko Bohu a spol\u00e9h\u00e1me na n\u011bj, ne na n\u00e1zory ostatn\u00edch lid\u00ed, pak dok\u00e1\u017eeme set\u0159\u00e1st v\u0161e, \u010d\u00edm se n\u00e1s nep\u0159\u00edtel sna\u017e\u00ed odradit.","og_url":"https:\/\/tv.joycemeyer.org\/czech\/devotional\/zbav-se-odmitnuti-2\/","og_site_name":"Joyce Meyer Ministries - Czech","article_publisher":"https:\/\/www.facebook.com\/joycemeyerministriescesko\/","article_modified_time":"2023-07-13T11:43:42+00:00","og_image":[{"width":1800,"height":1050,"url":"https:\/\/tv.joycemeyer.org\/czech\/wp-content\/uploads\/sites\/67\/2023\/07\/2920.jpg","type":"image\/jpeg"}],"twitter_card":"summary_large_image","twitter_misc":{"Odhadovan\u00e1 doba \u010dten\u00ed":"1 minuta"},"schema":{"@context":"https:\/\/schema.org","@graph":[{"@type":"WebPage","@id":"https:\/\/tv.joycemeyer.org\/czech\/devotional\/zbav-se-odmitnuti-2\/","url":"https:\/\/tv.joycemeyer.org\/czech\/devotional\/zbav-se-odmitnuti-2\/","name":"Zbav se odm\u00edtnut\u00ed - Joyce Meyer Ministries - Czech","isPartOf":{"@id":"https:\/\/tv.joycemeyer.org\/czech\/#website"},"primaryImageOfPage":{"@id":"https:\/\/tv.joycemeyer.org\/czech\/devotional\/zbav-se-odmitnuti-2\/#primaryimage"},"image":{"@id":"https:\/\/tv.joycemeyer.org\/czech\/devotional\/zbav-se-odmitnuti-2\/#primaryimage"},"thumbnailUrl":"https:\/\/tv.joycemeyer.org\/czech\/wp-content\/uploads\/sites\/67\/2023\/07\/2920.jpg","datePublished":"2023-07-13T00:01:28+00:00","dateModified":"2023-07-13T11:43:42+00:00","breadcrumb":{"@id":"https:\/\/tv.joycemeyer.org\/czech\/devotional\/zbav-se-odmitnuti-2\/#breadcrumb"},"inLanguage":"cs","potentialAction":[{"@type":"ReadAction","target":["https:\/\/tv.joycemeyer.org\/czech\/devotional\/zbav-se-odmitnuti-2\/"]}]},{"@type":"ImageObject","inLanguage":"cs","@id":"https:\/\/tv.joycemeyer.org\/czech\/devotional\/zbav-se-odmitnuti-2\/#primaryimage","url":"https:\/\/tv.joycemeyer.org\/czech\/wp-content\/uploads\/sites\/67\/2023\/07\/2920.jpg","contentUrl":"https:\/\/tv.joycemeyer.org\/czech\/wp-content\/uploads\/sites\/67\/2023\/07\/2920.jpg","width":1800,"height":1050,"caption":"Zbav se odm\u00edtnut\u00ed"},{"@type":"BreadcrumbList","@id":"https:\/\/tv.joycemeyer.org\/czech\/devotional\/zbav-se-odmitnuti-2\/#breadcrumb","itemListElement":[{"@type":"ListItem","position":1,"name":"Home","item":"https:\/\/tv.joycemeyer.org\/czech\/"},{"@type":"ListItem","position":2,"name":"Devotional","item":"https:\/\/tv.joycemeyer.org\/czech\/devotional\/"},{"@type":"ListItem","position":3,"name":"Zbav se odm\u00edtnut\u00ed"}]},{"@type":"WebSite","@id":"https:\/\/tv.joycemeyer.org\/czech\/#website","url":"https:\/\/tv.joycemeyer.org\/czech\/","name":"Joyce Meyer Ministries - Czech","description":"Sd\u00edlet se o Krista - milovat lidi","potentialAction":[{"@type":"SearchAction","target":{"@type":"EntryPoint","urlTemplate":"https:\/\/tv.joycemeyer.org\/czech\/?s={search_term_string}"},"query-input":{"@type":"PropertyValueSpecification","valueRequired":true,"valueName":"search_term_string"}}],"inLanguage":"cs"}]}},"_links":{"self":[{"href":"https:\/\/tv.joycemeyer.org\/czech\/wp-json\/wp\/v2\/devotional\/2487","targetHints":{"allow":["GET"]}}],"collection":[{"href":"https:\/\/tv.joycemeyer.org\/czech\/wp-json\/wp\/v2\/devotional"}],"about":[{"href":"https:\/\/tv.joycemeyer.org\/czech\/wp-json\/wp\/v2\/types\/devotional"}],"author":[{"embeddable":true,"href":"https:\/\/tv.joycemeyer.org\/czech\/wp-json\/wp\/v2\/users\/20"}],"replies":[{"embeddable":true,"href":"https:\/\/tv.joycemeyer.org\/czech\/wp-json\/wp\/v2\/comments?post=2487"}],"wp:featuredmedia":[{"embeddable":true,"href":"https:\/\/tv.joycemeyer.org\/czech\/wp-json\/wp\/v2\/media\/2488"}],"wp:attachment":[{"href":"https:\/\/tv.joycemeyer.org\/czech\/wp-json\/wp\/v2\/media?parent=2487"}],"curies":[{"name":"wp","href":"https:\/\/api.w.org\/{rel}","templated":true}]}}