{"id":2545,"date":"2023-08-09T00:01:11","date_gmt":"2023-08-09T00:01:11","guid":{"rendered":"https:\/\/tv.joycemeyer.org\/czech\/?post_type=devotional&#038;p=2545"},"modified":"2023-08-09T11:43:06","modified_gmt":"2023-08-09T11:43:06","slug":"velmi-milovan-2","status":"publish","type":"devotional","link":"https:\/\/tv.joycemeyer.org\/czech\/devotional\/velmi-milovan-2\/","title":{"rendered":"Velmi milov\u00e1n"},"content":{"rendered":"<blockquote><p>V tom je l\u00e1ska: ne \u017ee my jsme si zamilovali Boha, ale \u017ee on miloval n\u00e1s a poslal sv\u00e9ho Syna jako ob\u011b\u0165 sm\u00ed\u0159en\u00ed za na\u0161e h\u0159\u00edchy. (1. Janova 4,10)<\/p><\/blockquote>\n<p>Mnoz\u00ed z n\u00e1s v\u011b\u0159\u00ed, \u017ee B\u016fh miluje sv\u011bt, jeho l\u00e1skou ke ka\u017ed\u00e9mu z n\u00e1s osobn\u011b si ale u\u017e tak jist\u00ed nejsme. Nebo m\u016f\u017eeme m\u00edt pocit, \u017ee n\u00e1s B\u016fh miluje jen tehdy, kdy\u017e jedn\u00e1me spr\u00e1vn\u011b, ale kdy\u017e d\u011bl\u00e1me chyby a h\u0159e\u0161\u00edme, tak ne. Bo\u017e\u00ed l\u00e1ska je ale zalo\u017eena na tom, kdo je on, a ne na tom, co d\u011bl\u00e1me my. On n\u00e1s nikdy nep\u0159estane milovat, ani na vte\u0159inu na\u0161eho \u017eivota!<\/p>\n<p>B\u016fh t\u011b miluje! Jsi pro n\u011bj v\u00fdjime\u010dn\u00fd. Nemiluje t\u011b kv\u016fli tomu, \u017ee jsi dobr\u00fd \u010dlov\u011bk nebo \u017ee d\u011bl\u00e1\u0161 v\u0161echno spr\u00e1vn\u011b. Miluje t\u011b, proto\u017ee on je L\u00e1ska. L\u00e1ska nen\u00ed n\u011bco, co B\u016fh d\u011bl\u00e1; je to to, k\u00fdm je.<\/p>\n<p>Bo\u017e\u00ed l\u00e1sku si nelze zaslou\u017eit ani vyslou\u017eit. Mus\u00ed\u0161 ji p\u0159ijmout v\u00edrou. On je v\u011b\u010dn\u00fd B\u016fh, a nikdy se neunav\u00ed. Mnoz\u00ed si mysl\u00ed, \u017ee B\u016fh mus\u00ed b\u00fdt unaven na\u0161imi selh\u00e1n\u00edmi a chybami, to ale nen\u00ed mo\u017en\u00e9. N\u011bkdy se mu mo\u017en\u00e1 nel\u00edb\u00ed, co d\u011bl\u00e1\u0161, bez ohledu na to t\u011b ale miluje. L\u00e1ska je jeho neot\u0159esitelnou p\u0159irozenost\u00ed.<\/p>\n<p>Jestli jsi nepochopil fakt, \u017ee t\u011b B\u016fh miluje, daleko se nedostane\u0161, a je lhostejn\u00e9, jak moc usiluje\u0161 o Bo\u017e\u00ed v\u011bci.<\/p>\n<p>Nech se Bohem milovat. P\u0159ij\u00edmej jeho l\u00e1sku. P\u0159em\u00fd\u0161lej o n\u00ed. Dovol, aby t\u011b posilovala a p\u0159iv\u00e1d\u011bla do bli\u017e\u0161\u00edho vztahu s n\u00edm. Pak hledej p\u0159\u00edle\u017eitosti, jak tuto l\u00e1sku sd\u00edlet s ostatn\u00edmi.<\/p>\n<hr \/>\n<h4>I kdybys byl jedin\u00fdm \u010dlov\u011bkem na cel\u00e9m sv\u011bt\u011b, Je\u017e\u00ed\u0161 by pro\u0161el cel\u00fdm sv\u00fdm utrpen\u00edm jen kv\u016fli tob\u011b.<\/h4>\n","protected":false},"excerpt":{"rendered":"<p>Bo\u017e\u00ed l\u00e1sku si nelze zaslou\u017eit ani vyslou\u017eit.<\/p>\n","protected":false},"author":20,"featured_media":2546,"parent":0,"menu_order":0,"comment_status":"closed","ping_status":"closed","template":"","class_list":["post-2545","devotional","type-devotional","status-publish","has-post-thumbnail","hentry"],"acf":[],"appp":{"post_detail":{"above_title":"<div class=\"post-featured-wrap\"><img width=\"1024\" height=\"597\" src=\"https:\/\/tv.joycemeyer.org\/czech\/wp-content\/uploads\/sites\/67\/2023\/07\/2225-1024x597.jpg\" class=\"post-featured wp-post-image\" alt=\"Velmi milov\u00e1n\" decoding=\"async\" srcset=\"https:\/\/tv.joycemeyer.org\/czech\/wp-content\/uploads\/sites\/67\/2023\/07\/2225-1024x597.jpg 1024w, https:\/\/tv.joycemeyer.org\/czech\/wp-content\/uploads\/sites\/67\/2023\/07\/2225-300x175.jpg 300w, https:\/\/tv.joycemeyer.org\/czech\/wp-content\/uploads\/sites\/67\/2023\/07\/2225-768x448.jpg 768w, https:\/\/tv.joycemeyer.org\/czech\/wp-content\/uploads\/sites\/67\/2023\/07\/2225-1536x896.jpg 1536w, https:\/\/tv.joycemeyer.org\/czech\/wp-content\/uploads\/sites\/67\/2023\/07\/2225.jpg 1800w\" sizes=\"(max-width: 1024px) 100vw, 1024px\" \/><\/div>","below_content":""}},"yoast_head":"<!-- This site is optimized with the Yoast SEO plugin v27.4 - https:\/\/yoast.com\/product\/yoast-seo-wordpress\/ -->\n<title>Velmi milov\u00e1n - Joyce Meyer Ministries - Czech<\/title>\n<meta name=\"robots\" content=\"index, follow, max-snippet:-1, max-image-preview:large, max-video-preview:-1\" \/>\n<link rel=\"canonical\" href=\"https:\/\/tv.joycemeyer.org\/czech\/devotional\/velmi-milovan-2\/\" \/>\n<meta property=\"og:locale\" content=\"cs_CZ\" \/>\n<meta property=\"og:type\" content=\"article\" \/>\n<meta property=\"og:title\" content=\"Velmi milov\u00e1n - Joyce Meyer Ministries - Czech\" \/>\n<meta property=\"og:description\" content=\"Bo\u017e\u00ed l\u00e1sku si nelze zaslou\u017eit ani vyslou\u017eit.\" \/>\n<meta property=\"og:url\" content=\"https:\/\/tv.joycemeyer.org\/czech\/devotional\/velmi-milovan-2\/\" \/>\n<meta property=\"og:site_name\" content=\"Joyce Meyer Ministries - Czech\" \/>\n<meta property=\"article:publisher\" content=\"https:\/\/www.facebook.com\/joycemeyerministriescesko\/\" \/>\n<meta property=\"article:modified_time\" content=\"2023-08-09T11:43:06+00:00\" \/>\n<meta property=\"og:image\" content=\"https:\/\/tv.joycemeyer.org\/czech\/wp-content\/uploads\/sites\/67\/2023\/07\/2225.jpg\" \/>\n\t<meta property=\"og:image:width\" content=\"1800\" \/>\n\t<meta property=\"og:image:height\" content=\"1050\" \/>\n\t<meta property=\"og:image:type\" content=\"image\/jpeg\" \/>\n<meta name=\"twitter:card\" content=\"summary_large_image\" \/>\n<meta name=\"twitter:label1\" content=\"Odhadovan\u00e1 doba \u010dten\u00ed\" \/>\n\t<meta name=\"twitter:data1\" content=\"2 minuty\" \/>\n<script type=\"application\/ld+json\" class=\"yoast-schema-graph\">{\"@context\":\"https:\\\/\\\/schema.org\",\"@graph\":[{\"@type\":\"WebPage\",\"@id\":\"https:\\\/\\\/tv.joycemeyer.org\\\/czech\\\/devotional\\\/velmi-milovan-2\\\/\",\"url\":\"https:\\\/\\\/tv.joycemeyer.org\\\/czech\\\/devotional\\\/velmi-milovan-2\\\/\",\"name\":\"Velmi milov\u00e1n - Joyce Meyer Ministries - Czech\",\"isPartOf\":{\"@id\":\"https:\\\/\\\/tv.joycemeyer.org\\\/czech\\\/#website\"},\"primaryImageOfPage\":{\"@id\":\"https:\\\/\\\/tv.joycemeyer.org\\\/czech\\\/devotional\\\/velmi-milovan-2\\\/#primaryimage\"},\"image\":{\"@id\":\"https:\\\/\\\/tv.joycemeyer.org\\\/czech\\\/devotional\\\/velmi-milovan-2\\\/#primaryimage\"},\"thumbnailUrl\":\"https:\\\/\\\/tv.joycemeyer.org\\\/czech\\\/wp-content\\\/uploads\\\/sites\\\/67\\\/2023\\\/07\\\/2225.jpg\",\"datePublished\":\"2023-08-09T00:01:11+00:00\",\"dateModified\":\"2023-08-09T11:43:06+00:00\",\"breadcrumb\":{\"@id\":\"https:\\\/\\\/tv.joycemeyer.org\\\/czech\\\/devotional\\\/velmi-milovan-2\\\/#breadcrumb\"},\"inLanguage\":\"cs\",\"potentialAction\":[{\"@type\":\"ReadAction\",\"target\":[\"https:\\\/\\\/tv.joycemeyer.org\\\/czech\\\/devotional\\\/velmi-milovan-2\\\/\"]}]},{\"@type\":\"ImageObject\",\"inLanguage\":\"cs\",\"@id\":\"https:\\\/\\\/tv.joycemeyer.org\\\/czech\\\/devotional\\\/velmi-milovan-2\\\/#primaryimage\",\"url\":\"https:\\\/\\\/tv.joycemeyer.org\\\/czech\\\/wp-content\\\/uploads\\\/sites\\\/67\\\/2023\\\/07\\\/2225.jpg\",\"contentUrl\":\"https:\\\/\\\/tv.joycemeyer.org\\\/czech\\\/wp-content\\\/uploads\\\/sites\\\/67\\\/2023\\\/07\\\/2225.jpg\",\"width\":1800,\"height\":1050,\"caption\":\"Velmi milov\u00e1n\"},{\"@type\":\"BreadcrumbList\",\"@id\":\"https:\\\/\\\/tv.joycemeyer.org\\\/czech\\\/devotional\\\/velmi-milovan-2\\\/#breadcrumb\",\"itemListElement\":[{\"@type\":\"ListItem\",\"position\":1,\"name\":\"Home\",\"item\":\"https:\\\/\\\/tv.joycemeyer.org\\\/czech\\\/\"},{\"@type\":\"ListItem\",\"position\":2,\"name\":\"Devotional\",\"item\":\"https:\\\/\\\/tv.joycemeyer.org\\\/czech\\\/devotional\\\/\"},{\"@type\":\"ListItem\",\"position\":3,\"name\":\"Velmi milov\u00e1n\"}]},{\"@type\":\"WebSite\",\"@id\":\"https:\\\/\\\/tv.joycemeyer.org\\\/czech\\\/#website\",\"url\":\"https:\\\/\\\/tv.joycemeyer.org\\\/czech\\\/\",\"name\":\"Joyce Meyer Ministries - Czech\",\"description\":\"Sd\u00edlet se o Krista - milovat lidi\",\"potentialAction\":[{\"@type\":\"SearchAction\",\"target\":{\"@type\":\"EntryPoint\",\"urlTemplate\":\"https:\\\/\\\/tv.joycemeyer.org\\\/czech\\\/?s={search_term_string}\"},\"query-input\":{\"@type\":\"PropertyValueSpecification\",\"valueRequired\":true,\"valueName\":\"search_term_string\"}}],\"inLanguage\":\"cs\"}]}<\/script>\n<!-- \/ Yoast SEO plugin. -->","yoast_head_json":{"title":"Velmi milov\u00e1n - Joyce Meyer Ministries - Czech","robots":{"index":"index","follow":"follow","max-snippet":"max-snippet:-1","max-image-preview":"max-image-preview:large","max-video-preview":"max-video-preview:-1"},"canonical":"https:\/\/tv.joycemeyer.org\/czech\/devotional\/velmi-milovan-2\/","og_locale":"cs_CZ","og_type":"article","og_title":"Velmi milov\u00e1n - Joyce Meyer Ministries - Czech","og_description":"Bo\u017e\u00ed l\u00e1sku si nelze zaslou\u017eit ani vyslou\u017eit.","og_url":"https:\/\/tv.joycemeyer.org\/czech\/devotional\/velmi-milovan-2\/","og_site_name":"Joyce Meyer Ministries - Czech","article_publisher":"https:\/\/www.facebook.com\/joycemeyerministriescesko\/","article_modified_time":"2023-08-09T11:43:06+00:00","og_image":[{"width":1800,"height":1050,"url":"https:\/\/tv.joycemeyer.org\/czech\/wp-content\/uploads\/sites\/67\/2023\/07\/2225.jpg","type":"image\/jpeg"}],"twitter_card":"summary_large_image","twitter_misc":{"Odhadovan\u00e1 doba \u010dten\u00ed":"2 minuty"},"schema":{"@context":"https:\/\/schema.org","@graph":[{"@type":"WebPage","@id":"https:\/\/tv.joycemeyer.org\/czech\/devotional\/velmi-milovan-2\/","url":"https:\/\/tv.joycemeyer.org\/czech\/devotional\/velmi-milovan-2\/","name":"Velmi milov\u00e1n - Joyce Meyer Ministries - Czech","isPartOf":{"@id":"https:\/\/tv.joycemeyer.org\/czech\/#website"},"primaryImageOfPage":{"@id":"https:\/\/tv.joycemeyer.org\/czech\/devotional\/velmi-milovan-2\/#primaryimage"},"image":{"@id":"https:\/\/tv.joycemeyer.org\/czech\/devotional\/velmi-milovan-2\/#primaryimage"},"thumbnailUrl":"https:\/\/tv.joycemeyer.org\/czech\/wp-content\/uploads\/sites\/67\/2023\/07\/2225.jpg","datePublished":"2023-08-09T00:01:11+00:00","dateModified":"2023-08-09T11:43:06+00:00","breadcrumb":{"@id":"https:\/\/tv.joycemeyer.org\/czech\/devotional\/velmi-milovan-2\/#breadcrumb"},"inLanguage":"cs","potentialAction":[{"@type":"ReadAction","target":["https:\/\/tv.joycemeyer.org\/czech\/devotional\/velmi-milovan-2\/"]}]},{"@type":"ImageObject","inLanguage":"cs","@id":"https:\/\/tv.joycemeyer.org\/czech\/devotional\/velmi-milovan-2\/#primaryimage","url":"https:\/\/tv.joycemeyer.org\/czech\/wp-content\/uploads\/sites\/67\/2023\/07\/2225.jpg","contentUrl":"https:\/\/tv.joycemeyer.org\/czech\/wp-content\/uploads\/sites\/67\/2023\/07\/2225.jpg","width":1800,"height":1050,"caption":"Velmi milov\u00e1n"},{"@type":"BreadcrumbList","@id":"https:\/\/tv.joycemeyer.org\/czech\/devotional\/velmi-milovan-2\/#breadcrumb","itemListElement":[{"@type":"ListItem","position":1,"name":"Home","item":"https:\/\/tv.joycemeyer.org\/czech\/"},{"@type":"ListItem","position":2,"name":"Devotional","item":"https:\/\/tv.joycemeyer.org\/czech\/devotional\/"},{"@type":"ListItem","position":3,"name":"Velmi milov\u00e1n"}]},{"@type":"WebSite","@id":"https:\/\/tv.joycemeyer.org\/czech\/#website","url":"https:\/\/tv.joycemeyer.org\/czech\/","name":"Joyce Meyer Ministries - Czech","description":"Sd\u00edlet se o Krista - milovat lidi","potentialAction":[{"@type":"SearchAction","target":{"@type":"EntryPoint","urlTemplate":"https:\/\/tv.joycemeyer.org\/czech\/?s={search_term_string}"},"query-input":{"@type":"PropertyValueSpecification","valueRequired":true,"valueName":"search_term_string"}}],"inLanguage":"cs"}]}},"_links":{"self":[{"href":"https:\/\/tv.joycemeyer.org\/czech\/wp-json\/wp\/v2\/devotional\/2545","targetHints":{"allow":["GET"]}}],"collection":[{"href":"https:\/\/tv.joycemeyer.org\/czech\/wp-json\/wp\/v2\/devotional"}],"about":[{"href":"https:\/\/tv.joycemeyer.org\/czech\/wp-json\/wp\/v2\/types\/devotional"}],"author":[{"embeddable":true,"href":"https:\/\/tv.joycemeyer.org\/czech\/wp-json\/wp\/v2\/users\/20"}],"replies":[{"embeddable":true,"href":"https:\/\/tv.joycemeyer.org\/czech\/wp-json\/wp\/v2\/comments?post=2545"}],"wp:featuredmedia":[{"embeddable":true,"href":"https:\/\/tv.joycemeyer.org\/czech\/wp-json\/wp\/v2\/media\/2546"}],"wp:attachment":[{"href":"https:\/\/tv.joycemeyer.org\/czech\/wp-json\/wp\/v2\/media?parent=2545"}],"curies":[{"name":"wp","href":"https:\/\/api.w.org\/{rel}","templated":true}]}}