{"id":2598,"date":"2023-09-12T00:01:53","date_gmt":"2023-09-12T00:01:53","guid":{"rendered":"https:\/\/tv.joycemeyer.org\/czech\/?post_type=devotional&#038;p=2598"},"modified":"2023-09-12T11:27:12","modified_gmt":"2023-09-12T11:27:12","slug":"jak-je-vidi-buh","status":"publish","type":"devotional","link":"https:\/\/tv.joycemeyer.org\/czech\/devotional\/jak-je-vidi-buh\/","title":{"rendered":"D\u00edvej se na lidi tak, jak je vid\u00ed B\u016fh"},"content":{"rendered":"<blockquote><p>Nev\u011bnujte pozornost ka\u017ed\u00fd jen vlastn\u00edm z\u00e1jm\u016fm, n\u00fdbr\u017e ka\u017ed\u00fd i z\u00e1jm\u016fm t\u011bch druh\u00fdch. (Filipsk\u00fdm 2,4)<\/p><\/blockquote>\n<p>Velk\u00fdm probl\u00e9mem mezi v\u011b\u0159\u00edc\u00edmi je dnes sobectv\u00ed a sebest\u0159ednost. Pokud si ned\u00e1me pozor, m\u016f\u017eeme se natolik pohrou\u017eit do sebe, \u017ee nikdy nepozn\u00e1me skute\u010dnou radost, kter\u00e1 p\u0159ich\u00e1z\u00ed, kdy\u017e zapomeneme na sv\u00e9 sobectv\u00ed a za\u010dneme slou\u017eit Bohu t\u00edm, \u017ee pom\u00e1h\u00e1me druh\u00fdm. Kdy\u017e se obrac\u00edme k druh\u00fdm, B\u016fh se obr\u00e1t\u00ed k n\u00e1m a postar\u00e1 se o na\u0161e pot\u0159eby. Cokoli ud\u011bl\u00e1me pro n\u011bkoho jin\u00e9ho, to B\u016fh ud\u011bl\u00e1 pro n\u00e1s.<\/p>\n<p>Je snadn\u00e9 soudit a kritizovat jin\u00e9 lidi, B\u016fh ale chce, abychom je m\u00edsto toho milovali. Chce, abychom jim projevovali stejn\u00e9 milosrdenstv\u00ed, jak\u00e9 on s\u00e1m projevil n\u00e1m. Bo\u017e\u00ed slovo \u0159\u00edk\u00e1, \u017ee milosrdenstv\u00ed v\u00edt\u011bz\u00ed nad soudem. Kdy\u017e se tedy budeme sna\u017eit b\u00fdt po\u017eehn\u00e1n\u00edm, na\u0161e radost poroste.<\/p>\n<p>Nen\u00ed mo\u017en\u00e9 b\u00fdt sobeck\u00fd a \u0161\u0165astn\u00fd z\u00e1rove\u0148. Radost p\u0159ich\u00e1z\u00ed pouze tehdy, kdy\u017e se s ostatn\u00edmi d\u011bl\u00edme o Bo\u017e\u00ed l\u00e1sku. \u010c\u00edm v\u00edc jsme sebest\u0159edn\u00ed, t\u00edm v\u00edc budeme ne\u0161\u0165astn\u00ed. Mnoho let jsem byla ne\u0161\u0165astn\u00e1 prost\u011b jen proto, \u017ee jsem ned\u011blala nic pro nikoho jin\u00e9ho. Nakonec jsem se dozv\u011bd\u011bla, \u017ee B\u016fh n\u00e1s nestvo\u0159il pro to, abychom se zab\u00fdvali sami sebou, ale abychom se starali o druh\u00e9. Kdy\u017e bude\u0161 pom\u00e1hat druh\u00fdm, B\u016fh bude jednat a napln\u00ed v\u0161echny tv\u00e9 pot\u0159eby.<\/p>\n<hr \/>\n<h4>Pros Boha, aby ti uk\u00e1zal, komu m\u016f\u017ee\u0161 dnes pomoct a koho m\u016f\u017ee\u0161 po\u017eehnat.<\/h4>\n","protected":false},"excerpt":{"rendered":"<p>Je snadn\u00e9 soudit a kritizovat jin\u00e9 lidi, B\u016fh ale chce, abychom je m\u00edsto toho milovali.<\/p>\n","protected":false},"author":20,"featured_media":2599,"parent":0,"menu_order":0,"comment_status":"closed","ping_status":"closed","template":"","class_list":["post-2598","devotional","type-devotional","status-publish","has-post-thumbnail","hentry"],"acf":[],"appp":{"post_detail":{"above_title":"<div class=\"post-featured-wrap\"><img width=\"960\" height=\"560\" src=\"https:\/\/tv.joycemeyer.org\/czech\/wp-content\/uploads\/sites\/67\/2023\/09\/2787.jpg\" class=\"post-featured wp-post-image\" alt=\"D\u00edvej se na lidi tak, jak je vid\u00ed B\u016fh\" decoding=\"async\" srcset=\"https:\/\/tv.joycemeyer.org\/czech\/wp-content\/uploads\/sites\/67\/2023\/09\/2787.jpg 960w, https:\/\/tv.joycemeyer.org\/czech\/wp-content\/uploads\/sites\/67\/2023\/09\/2787-300x175.jpg 300w, https:\/\/tv.joycemeyer.org\/czech\/wp-content\/uploads\/sites\/67\/2023\/09\/2787-768x448.jpg 768w\" sizes=\"(max-width: 960px) 100vw, 960px\" \/><\/div>","below_content":""}},"yoast_head":"<!-- This site is optimized with the Yoast SEO plugin v27.4 - https:\/\/yoast.com\/product\/yoast-seo-wordpress\/ -->\n<title>D\u00edvej se na lidi tak, jak je vid\u00ed B\u016fh - Joyce Meyer Ministries - Czech<\/title>\n<meta name=\"robots\" content=\"index, follow, max-snippet:-1, max-image-preview:large, max-video-preview:-1\" \/>\n<link rel=\"canonical\" href=\"https:\/\/tv.joycemeyer.org\/czech\/devotional\/jak-je-vidi-buh\/\" \/>\n<meta property=\"og:locale\" content=\"cs_CZ\" \/>\n<meta property=\"og:type\" content=\"article\" \/>\n<meta property=\"og:title\" content=\"D\u00edvej se na lidi tak, jak je vid\u00ed B\u016fh - Joyce Meyer Ministries - Czech\" \/>\n<meta property=\"og:description\" content=\"Je snadn\u00e9 soudit a kritizovat jin\u00e9 lidi, B\u016fh ale chce, abychom je m\u00edsto toho milovali.\" \/>\n<meta property=\"og:url\" content=\"https:\/\/tv.joycemeyer.org\/czech\/devotional\/jak-je-vidi-buh\/\" \/>\n<meta property=\"og:site_name\" content=\"Joyce Meyer Ministries - Czech\" \/>\n<meta property=\"article:publisher\" content=\"https:\/\/www.facebook.com\/joycemeyerministriescesko\/\" \/>\n<meta property=\"article:modified_time\" content=\"2023-09-12T11:27:12+00:00\" \/>\n<meta property=\"og:image\" content=\"https:\/\/tv.joycemeyer.org\/czech\/wp-content\/uploads\/sites\/67\/2023\/09\/2787.jpg\" \/>\n\t<meta property=\"og:image:width\" content=\"960\" \/>\n\t<meta property=\"og:image:height\" content=\"560\" \/>\n\t<meta property=\"og:image:type\" content=\"image\/jpeg\" \/>\n<meta name=\"twitter:card\" content=\"summary_large_image\" \/>\n<meta name=\"twitter:label1\" content=\"Odhadovan\u00e1 doba \u010dten\u00ed\" \/>\n\t<meta name=\"twitter:data1\" content=\"1 minuta\" \/>\n<script type=\"application\/ld+json\" class=\"yoast-schema-graph\">{\"@context\":\"https:\\\/\\\/schema.org\",\"@graph\":[{\"@type\":\"WebPage\",\"@id\":\"https:\\\/\\\/tv.joycemeyer.org\\\/czech\\\/devotional\\\/jak-je-vidi-buh\\\/\",\"url\":\"https:\\\/\\\/tv.joycemeyer.org\\\/czech\\\/devotional\\\/jak-je-vidi-buh\\\/\",\"name\":\"D\u00edvej se na lidi tak, jak je vid\u00ed B\u016fh - Joyce Meyer Ministries - Czech\",\"isPartOf\":{\"@id\":\"https:\\\/\\\/tv.joycemeyer.org\\\/czech\\\/#website\"},\"primaryImageOfPage\":{\"@id\":\"https:\\\/\\\/tv.joycemeyer.org\\\/czech\\\/devotional\\\/jak-je-vidi-buh\\\/#primaryimage\"},\"image\":{\"@id\":\"https:\\\/\\\/tv.joycemeyer.org\\\/czech\\\/devotional\\\/jak-je-vidi-buh\\\/#primaryimage\"},\"thumbnailUrl\":\"https:\\\/\\\/tv.joycemeyer.org\\\/czech\\\/wp-content\\\/uploads\\\/sites\\\/67\\\/2023\\\/09\\\/2787.jpg\",\"datePublished\":\"2023-09-12T00:01:53+00:00\",\"dateModified\":\"2023-09-12T11:27:12+00:00\",\"breadcrumb\":{\"@id\":\"https:\\\/\\\/tv.joycemeyer.org\\\/czech\\\/devotional\\\/jak-je-vidi-buh\\\/#breadcrumb\"},\"inLanguage\":\"cs\",\"potentialAction\":[{\"@type\":\"ReadAction\",\"target\":[\"https:\\\/\\\/tv.joycemeyer.org\\\/czech\\\/devotional\\\/jak-je-vidi-buh\\\/\"]}]},{\"@type\":\"ImageObject\",\"inLanguage\":\"cs\",\"@id\":\"https:\\\/\\\/tv.joycemeyer.org\\\/czech\\\/devotional\\\/jak-je-vidi-buh\\\/#primaryimage\",\"url\":\"https:\\\/\\\/tv.joycemeyer.org\\\/czech\\\/wp-content\\\/uploads\\\/sites\\\/67\\\/2023\\\/09\\\/2787.jpg\",\"contentUrl\":\"https:\\\/\\\/tv.joycemeyer.org\\\/czech\\\/wp-content\\\/uploads\\\/sites\\\/67\\\/2023\\\/09\\\/2787.jpg\",\"width\":960,\"height\":560,\"caption\":\"D\u00edvej se na lidi tak, jak je vid\u00ed B\u016fh\"},{\"@type\":\"BreadcrumbList\",\"@id\":\"https:\\\/\\\/tv.joycemeyer.org\\\/czech\\\/devotional\\\/jak-je-vidi-buh\\\/#breadcrumb\",\"itemListElement\":[{\"@type\":\"ListItem\",\"position\":1,\"name\":\"Home\",\"item\":\"https:\\\/\\\/tv.joycemeyer.org\\\/czech\\\/\"},{\"@type\":\"ListItem\",\"position\":2,\"name\":\"Devotional\",\"item\":\"https:\\\/\\\/tv.joycemeyer.org\\\/czech\\\/devotional\\\/\"},{\"@type\":\"ListItem\",\"position\":3,\"name\":\"D\u00edvej se na lidi tak, jak je vid\u00ed B\u016fh\"}]},{\"@type\":\"WebSite\",\"@id\":\"https:\\\/\\\/tv.joycemeyer.org\\\/czech\\\/#website\",\"url\":\"https:\\\/\\\/tv.joycemeyer.org\\\/czech\\\/\",\"name\":\"Joyce Meyer Ministries - Czech\",\"description\":\"Sd\u00edlet se o Krista - milovat lidi\",\"potentialAction\":[{\"@type\":\"SearchAction\",\"target\":{\"@type\":\"EntryPoint\",\"urlTemplate\":\"https:\\\/\\\/tv.joycemeyer.org\\\/czech\\\/?s={search_term_string}\"},\"query-input\":{\"@type\":\"PropertyValueSpecification\",\"valueRequired\":true,\"valueName\":\"search_term_string\"}}],\"inLanguage\":\"cs\"}]}<\/script>\n<!-- \/ Yoast SEO plugin. -->","yoast_head_json":{"title":"D\u00edvej se na lidi tak, jak je vid\u00ed B\u016fh - Joyce Meyer Ministries - Czech","robots":{"index":"index","follow":"follow","max-snippet":"max-snippet:-1","max-image-preview":"max-image-preview:large","max-video-preview":"max-video-preview:-1"},"canonical":"https:\/\/tv.joycemeyer.org\/czech\/devotional\/jak-je-vidi-buh\/","og_locale":"cs_CZ","og_type":"article","og_title":"D\u00edvej se na lidi tak, jak je vid\u00ed B\u016fh - Joyce Meyer Ministries - Czech","og_description":"Je snadn\u00e9 soudit a kritizovat jin\u00e9 lidi, B\u016fh ale chce, abychom je m\u00edsto toho milovali.","og_url":"https:\/\/tv.joycemeyer.org\/czech\/devotional\/jak-je-vidi-buh\/","og_site_name":"Joyce Meyer Ministries - Czech","article_publisher":"https:\/\/www.facebook.com\/joycemeyerministriescesko\/","article_modified_time":"2023-09-12T11:27:12+00:00","og_image":[{"width":960,"height":560,"url":"https:\/\/tv.joycemeyer.org\/czech\/wp-content\/uploads\/sites\/67\/2023\/09\/2787.jpg","type":"image\/jpeg"}],"twitter_card":"summary_large_image","twitter_misc":{"Odhadovan\u00e1 doba \u010dten\u00ed":"1 minuta"},"schema":{"@context":"https:\/\/schema.org","@graph":[{"@type":"WebPage","@id":"https:\/\/tv.joycemeyer.org\/czech\/devotional\/jak-je-vidi-buh\/","url":"https:\/\/tv.joycemeyer.org\/czech\/devotional\/jak-je-vidi-buh\/","name":"D\u00edvej se na lidi tak, jak je vid\u00ed B\u016fh - Joyce Meyer Ministries - Czech","isPartOf":{"@id":"https:\/\/tv.joycemeyer.org\/czech\/#website"},"primaryImageOfPage":{"@id":"https:\/\/tv.joycemeyer.org\/czech\/devotional\/jak-je-vidi-buh\/#primaryimage"},"image":{"@id":"https:\/\/tv.joycemeyer.org\/czech\/devotional\/jak-je-vidi-buh\/#primaryimage"},"thumbnailUrl":"https:\/\/tv.joycemeyer.org\/czech\/wp-content\/uploads\/sites\/67\/2023\/09\/2787.jpg","datePublished":"2023-09-12T00:01:53+00:00","dateModified":"2023-09-12T11:27:12+00:00","breadcrumb":{"@id":"https:\/\/tv.joycemeyer.org\/czech\/devotional\/jak-je-vidi-buh\/#breadcrumb"},"inLanguage":"cs","potentialAction":[{"@type":"ReadAction","target":["https:\/\/tv.joycemeyer.org\/czech\/devotional\/jak-je-vidi-buh\/"]}]},{"@type":"ImageObject","inLanguage":"cs","@id":"https:\/\/tv.joycemeyer.org\/czech\/devotional\/jak-je-vidi-buh\/#primaryimage","url":"https:\/\/tv.joycemeyer.org\/czech\/wp-content\/uploads\/sites\/67\/2023\/09\/2787.jpg","contentUrl":"https:\/\/tv.joycemeyer.org\/czech\/wp-content\/uploads\/sites\/67\/2023\/09\/2787.jpg","width":960,"height":560,"caption":"D\u00edvej se na lidi tak, jak je vid\u00ed B\u016fh"},{"@type":"BreadcrumbList","@id":"https:\/\/tv.joycemeyer.org\/czech\/devotional\/jak-je-vidi-buh\/#breadcrumb","itemListElement":[{"@type":"ListItem","position":1,"name":"Home","item":"https:\/\/tv.joycemeyer.org\/czech\/"},{"@type":"ListItem","position":2,"name":"Devotional","item":"https:\/\/tv.joycemeyer.org\/czech\/devotional\/"},{"@type":"ListItem","position":3,"name":"D\u00edvej se na lidi tak, jak je vid\u00ed B\u016fh"}]},{"@type":"WebSite","@id":"https:\/\/tv.joycemeyer.org\/czech\/#website","url":"https:\/\/tv.joycemeyer.org\/czech\/","name":"Joyce Meyer Ministries - Czech","description":"Sd\u00edlet se o Krista - milovat lidi","potentialAction":[{"@type":"SearchAction","target":{"@type":"EntryPoint","urlTemplate":"https:\/\/tv.joycemeyer.org\/czech\/?s={search_term_string}"},"query-input":{"@type":"PropertyValueSpecification","valueRequired":true,"valueName":"search_term_string"}}],"inLanguage":"cs"}]}},"_links":{"self":[{"href":"https:\/\/tv.joycemeyer.org\/czech\/wp-json\/wp\/v2\/devotional\/2598","targetHints":{"allow":["GET"]}}],"collection":[{"href":"https:\/\/tv.joycemeyer.org\/czech\/wp-json\/wp\/v2\/devotional"}],"about":[{"href":"https:\/\/tv.joycemeyer.org\/czech\/wp-json\/wp\/v2\/types\/devotional"}],"author":[{"embeddable":true,"href":"https:\/\/tv.joycemeyer.org\/czech\/wp-json\/wp\/v2\/users\/20"}],"replies":[{"embeddable":true,"href":"https:\/\/tv.joycemeyer.org\/czech\/wp-json\/wp\/v2\/comments?post=2598"}],"wp:featuredmedia":[{"embeddable":true,"href":"https:\/\/tv.joycemeyer.org\/czech\/wp-json\/wp\/v2\/media\/2599"}],"wp:attachment":[{"href":"https:\/\/tv.joycemeyer.org\/czech\/wp-json\/wp\/v2\/media?parent=2598"}],"curies":[{"name":"wp","href":"https:\/\/api.w.org\/{rel}","templated":true}]}}