{"id":2614,"date":"2023-09-19T00:01:42","date_gmt":"2023-09-19T00:01:42","guid":{"rendered":"https:\/\/tv.joycemeyer.org\/czech\/?post_type=devotional&#038;p=2614"},"modified":"2023-09-19T11:36:32","modified_gmt":"2023-09-19T11:36:32","slug":"vedomi-bozi-lasky","status":"publish","type":"devotional","link":"https:\/\/tv.joycemeyer.org\/czech\/devotional\/vedomi-bozi-lasky\/","title":{"rendered":"V\u011bdom\u00ed Bo\u017e\u00ed l\u00e1sky"},"content":{"rendered":"<blockquote><p>A my jsme uv\u011b\u0159ili a poznali l\u00e1sku, kterou B\u016fh m\u00e1 k n\u00e1m. B\u016fh je l\u00e1ska, a kdo z\u016fst\u00e1v\u00e1 v l\u00e1sce, z\u016fst\u00e1v\u00e1 v Bohu a B\u016fh v n\u011bm. (1. Janova 4,16)<\/p><\/blockquote>\n<p>Bible n\u00e1s u\u010d\u00ed, abychom \u201epozn\u00e1vali\u201c a byli si \u201ev\u011bdomi\u201c l\u00e1sky, kterou k n\u00e1m B\u016fh m\u00e1 (viz 1. Janova 4,16). B\u00fdt v \u00fazk\u00e9m osobn\u00edm vztahu s Bohem znamen\u00e1, b\u00fdt si v\u017edy v\u011bdom jeho l\u00e1sky a neust\u00e1le \u017easnout nad t\u00edm, \u017ee n\u00e1m svou l\u00e1sku projevuje, i kdy\u017e si ji nezaslou\u017e\u00edme.<\/p>\n<p>Jedn\u00edm ze zp\u016fsob\u016f, jak to ud\u011blat, je, v\u00e9st si vzpom\u00ednkovou knihu, do n\u00ed\u017e si bude\u0161 zapisovat zvl\u00e1\u0161tn\u00ed v\u011bci, kter\u00e9 pro tebe P\u00e1n ud\u011blal. Kdy\u017e za\u010dne\u0161 t\u00edmto zp\u016fsobem sledovat a zaznamen\u00e1vat si Bo\u017e\u00ed dobrotu, bude\u0161 p\u0159ekvapen, jak \u010dasto se Bo\u017e\u00ed l\u00e1ska praktick\u00fdmi zp\u016fsoby ve velk\u00fdch i mal\u00fdch v\u011bcech projevuje ve tv\u00e9m \u017eivot\u011b.<\/p>\n<p>Bo\u017e\u00ed l\u00e1ska m\u016f\u017ee zm\u011bnit tv\u016fj \u017eivot, pokud to dovol\u00ed\u0161. M\u00e1 moc uzdravit tv\u00e9 citov\u00e9 r\u00e1ny. Jeho l\u00e1ska t\u011b posiluje, abys vytrval v t\u011b\u017ek\u00fdch chv\u00edl\u00edch, obm\u011bk\u010duje tv\u00e9 srdce a umo\u017e\u0148uje ti projevovat v\u00edc l\u00e1sky druh\u00fdm. Dovede\u0161 si p\u0159edstavit n\u011bco lep\u0161\u00edho, ne\u017e je v\u011bdom\u00ed t\u00e9to \u00fa\u017easn\u00e9 l\u00e1sky?<\/p>\n<hr \/>\n<h4>To nejlep\u0161\u00ed, co dnes m\u016f\u017ee\u0161 ud\u011blat, je, jednodu\u0161e pozorovat Bo\u017e\u00ed l\u00e1sku, pozn\u00e1vat ji a s d\u00edk\u016fvzd\u00e1n\u00edm se z n\u00ed radovat.<\/h4>\n","protected":false},"excerpt":{"rendered":"<p>Bo\u017e\u00ed l\u00e1ska m\u016f\u017ee zm\u011bnit tv\u016fj \u017eivot, pokud to dovol\u00ed\u0161.<\/p>\n","protected":false},"author":20,"featured_media":2615,"parent":0,"menu_order":0,"comment_status":"closed","ping_status":"closed","template":"","class_list":["post-2614","devotional","type-devotional","status-publish","has-post-thumbnail","hentry"],"acf":[],"appp":{"post_detail":{"above_title":"<div class=\"post-featured-wrap\"><img width=\"960\" height=\"560\" src=\"https:\/\/tv.joycemeyer.org\/czech\/wp-content\/uploads\/sites\/67\/2023\/09\/1939.jpg\" class=\"post-featured wp-post-image\" alt=\"V\u011bdom\u00ed Bo\u017e\u00ed l\u00e1sky\" decoding=\"async\" srcset=\"https:\/\/tv.joycemeyer.org\/czech\/wp-content\/uploads\/sites\/67\/2023\/09\/1939.jpg 960w, https:\/\/tv.joycemeyer.org\/czech\/wp-content\/uploads\/sites\/67\/2023\/09\/1939-300x175.jpg 300w, https:\/\/tv.joycemeyer.org\/czech\/wp-content\/uploads\/sites\/67\/2023\/09\/1939-768x448.jpg 768w\" sizes=\"(max-width: 960px) 100vw, 960px\" \/><\/div>","below_content":""}},"yoast_head":"<!-- This site is optimized with the Yoast SEO plugin v27.4 - https:\/\/yoast.com\/product\/yoast-seo-wordpress\/ -->\n<title>V\u011bdom\u00ed Bo\u017e\u00ed l\u00e1sky - Joyce Meyer Ministries - Czech<\/title>\n<meta name=\"robots\" content=\"index, follow, max-snippet:-1, max-image-preview:large, max-video-preview:-1\" \/>\n<link rel=\"canonical\" href=\"https:\/\/tv.joycemeyer.org\/czech\/devotional\/vedomi-bozi-lasky\/\" \/>\n<meta property=\"og:locale\" content=\"cs_CZ\" \/>\n<meta property=\"og:type\" content=\"article\" \/>\n<meta property=\"og:title\" content=\"V\u011bdom\u00ed Bo\u017e\u00ed l\u00e1sky - Joyce Meyer Ministries - Czech\" \/>\n<meta property=\"og:description\" content=\"Bo\u017e\u00ed l\u00e1ska m\u016f\u017ee zm\u011bnit tv\u016fj \u017eivot, pokud to dovol\u00ed\u0161.\" \/>\n<meta property=\"og:url\" content=\"https:\/\/tv.joycemeyer.org\/czech\/devotional\/vedomi-bozi-lasky\/\" \/>\n<meta property=\"og:site_name\" content=\"Joyce Meyer Ministries - Czech\" \/>\n<meta property=\"article:publisher\" content=\"https:\/\/www.facebook.com\/joycemeyerministriescesko\/\" \/>\n<meta property=\"article:modified_time\" content=\"2023-09-19T11:36:32+00:00\" \/>\n<meta property=\"og:image\" content=\"https:\/\/tv.joycemeyer.org\/czech\/wp-content\/uploads\/sites\/67\/2023\/09\/1939.jpg\" \/>\n\t<meta property=\"og:image:width\" content=\"960\" \/>\n\t<meta property=\"og:image:height\" content=\"560\" \/>\n\t<meta property=\"og:image:type\" content=\"image\/jpeg\" \/>\n<meta name=\"twitter:card\" content=\"summary_large_image\" \/>\n<meta name=\"twitter:label1\" content=\"Odhadovan\u00e1 doba \u010dten\u00ed\" \/>\n\t<meta name=\"twitter:data1\" content=\"1 minuta\" \/>\n<script type=\"application\/ld+json\" class=\"yoast-schema-graph\">{\"@context\":\"https:\\\/\\\/schema.org\",\"@graph\":[{\"@type\":\"WebPage\",\"@id\":\"https:\\\/\\\/tv.joycemeyer.org\\\/czech\\\/devotional\\\/vedomi-bozi-lasky\\\/\",\"url\":\"https:\\\/\\\/tv.joycemeyer.org\\\/czech\\\/devotional\\\/vedomi-bozi-lasky\\\/\",\"name\":\"V\u011bdom\u00ed Bo\u017e\u00ed l\u00e1sky - Joyce Meyer Ministries - Czech\",\"isPartOf\":{\"@id\":\"https:\\\/\\\/tv.joycemeyer.org\\\/czech\\\/#website\"},\"primaryImageOfPage\":{\"@id\":\"https:\\\/\\\/tv.joycemeyer.org\\\/czech\\\/devotional\\\/vedomi-bozi-lasky\\\/#primaryimage\"},\"image\":{\"@id\":\"https:\\\/\\\/tv.joycemeyer.org\\\/czech\\\/devotional\\\/vedomi-bozi-lasky\\\/#primaryimage\"},\"thumbnailUrl\":\"https:\\\/\\\/tv.joycemeyer.org\\\/czech\\\/wp-content\\\/uploads\\\/sites\\\/67\\\/2023\\\/09\\\/1939.jpg\",\"datePublished\":\"2023-09-19T00:01:42+00:00\",\"dateModified\":\"2023-09-19T11:36:32+00:00\",\"breadcrumb\":{\"@id\":\"https:\\\/\\\/tv.joycemeyer.org\\\/czech\\\/devotional\\\/vedomi-bozi-lasky\\\/#breadcrumb\"},\"inLanguage\":\"cs\",\"potentialAction\":[{\"@type\":\"ReadAction\",\"target\":[\"https:\\\/\\\/tv.joycemeyer.org\\\/czech\\\/devotional\\\/vedomi-bozi-lasky\\\/\"]}]},{\"@type\":\"ImageObject\",\"inLanguage\":\"cs\",\"@id\":\"https:\\\/\\\/tv.joycemeyer.org\\\/czech\\\/devotional\\\/vedomi-bozi-lasky\\\/#primaryimage\",\"url\":\"https:\\\/\\\/tv.joycemeyer.org\\\/czech\\\/wp-content\\\/uploads\\\/sites\\\/67\\\/2023\\\/09\\\/1939.jpg\",\"contentUrl\":\"https:\\\/\\\/tv.joycemeyer.org\\\/czech\\\/wp-content\\\/uploads\\\/sites\\\/67\\\/2023\\\/09\\\/1939.jpg\",\"width\":960,\"height\":560,\"caption\":\"V\u011bdom\u00ed Bo\u017e\u00ed l\u00e1sky\"},{\"@type\":\"BreadcrumbList\",\"@id\":\"https:\\\/\\\/tv.joycemeyer.org\\\/czech\\\/devotional\\\/vedomi-bozi-lasky\\\/#breadcrumb\",\"itemListElement\":[{\"@type\":\"ListItem\",\"position\":1,\"name\":\"Home\",\"item\":\"https:\\\/\\\/tv.joycemeyer.org\\\/czech\\\/\"},{\"@type\":\"ListItem\",\"position\":2,\"name\":\"Devotional\",\"item\":\"https:\\\/\\\/tv.joycemeyer.org\\\/czech\\\/devotional\\\/\"},{\"@type\":\"ListItem\",\"position\":3,\"name\":\"V\u011bdom\u00ed Bo\u017e\u00ed l\u00e1sky\"}]},{\"@type\":\"WebSite\",\"@id\":\"https:\\\/\\\/tv.joycemeyer.org\\\/czech\\\/#website\",\"url\":\"https:\\\/\\\/tv.joycemeyer.org\\\/czech\\\/\",\"name\":\"Joyce Meyer Ministries - Czech\",\"description\":\"Sd\u00edlet se o Krista - milovat lidi\",\"potentialAction\":[{\"@type\":\"SearchAction\",\"target\":{\"@type\":\"EntryPoint\",\"urlTemplate\":\"https:\\\/\\\/tv.joycemeyer.org\\\/czech\\\/?s={search_term_string}\"},\"query-input\":{\"@type\":\"PropertyValueSpecification\",\"valueRequired\":true,\"valueName\":\"search_term_string\"}}],\"inLanguage\":\"cs\"}]}<\/script>\n<!-- \/ Yoast SEO plugin. -->","yoast_head_json":{"title":"V\u011bdom\u00ed Bo\u017e\u00ed l\u00e1sky - Joyce Meyer Ministries - Czech","robots":{"index":"index","follow":"follow","max-snippet":"max-snippet:-1","max-image-preview":"max-image-preview:large","max-video-preview":"max-video-preview:-1"},"canonical":"https:\/\/tv.joycemeyer.org\/czech\/devotional\/vedomi-bozi-lasky\/","og_locale":"cs_CZ","og_type":"article","og_title":"V\u011bdom\u00ed Bo\u017e\u00ed l\u00e1sky - Joyce Meyer Ministries - Czech","og_description":"Bo\u017e\u00ed l\u00e1ska m\u016f\u017ee zm\u011bnit tv\u016fj \u017eivot, pokud to dovol\u00ed\u0161.","og_url":"https:\/\/tv.joycemeyer.org\/czech\/devotional\/vedomi-bozi-lasky\/","og_site_name":"Joyce Meyer Ministries - Czech","article_publisher":"https:\/\/www.facebook.com\/joycemeyerministriescesko\/","article_modified_time":"2023-09-19T11:36:32+00:00","og_image":[{"width":960,"height":560,"url":"https:\/\/tv.joycemeyer.org\/czech\/wp-content\/uploads\/sites\/67\/2023\/09\/1939.jpg","type":"image\/jpeg"}],"twitter_card":"summary_large_image","twitter_misc":{"Odhadovan\u00e1 doba \u010dten\u00ed":"1 minuta"},"schema":{"@context":"https:\/\/schema.org","@graph":[{"@type":"WebPage","@id":"https:\/\/tv.joycemeyer.org\/czech\/devotional\/vedomi-bozi-lasky\/","url":"https:\/\/tv.joycemeyer.org\/czech\/devotional\/vedomi-bozi-lasky\/","name":"V\u011bdom\u00ed Bo\u017e\u00ed l\u00e1sky - Joyce Meyer Ministries - Czech","isPartOf":{"@id":"https:\/\/tv.joycemeyer.org\/czech\/#website"},"primaryImageOfPage":{"@id":"https:\/\/tv.joycemeyer.org\/czech\/devotional\/vedomi-bozi-lasky\/#primaryimage"},"image":{"@id":"https:\/\/tv.joycemeyer.org\/czech\/devotional\/vedomi-bozi-lasky\/#primaryimage"},"thumbnailUrl":"https:\/\/tv.joycemeyer.org\/czech\/wp-content\/uploads\/sites\/67\/2023\/09\/1939.jpg","datePublished":"2023-09-19T00:01:42+00:00","dateModified":"2023-09-19T11:36:32+00:00","breadcrumb":{"@id":"https:\/\/tv.joycemeyer.org\/czech\/devotional\/vedomi-bozi-lasky\/#breadcrumb"},"inLanguage":"cs","potentialAction":[{"@type":"ReadAction","target":["https:\/\/tv.joycemeyer.org\/czech\/devotional\/vedomi-bozi-lasky\/"]}]},{"@type":"ImageObject","inLanguage":"cs","@id":"https:\/\/tv.joycemeyer.org\/czech\/devotional\/vedomi-bozi-lasky\/#primaryimage","url":"https:\/\/tv.joycemeyer.org\/czech\/wp-content\/uploads\/sites\/67\/2023\/09\/1939.jpg","contentUrl":"https:\/\/tv.joycemeyer.org\/czech\/wp-content\/uploads\/sites\/67\/2023\/09\/1939.jpg","width":960,"height":560,"caption":"V\u011bdom\u00ed Bo\u017e\u00ed l\u00e1sky"},{"@type":"BreadcrumbList","@id":"https:\/\/tv.joycemeyer.org\/czech\/devotional\/vedomi-bozi-lasky\/#breadcrumb","itemListElement":[{"@type":"ListItem","position":1,"name":"Home","item":"https:\/\/tv.joycemeyer.org\/czech\/"},{"@type":"ListItem","position":2,"name":"Devotional","item":"https:\/\/tv.joycemeyer.org\/czech\/devotional\/"},{"@type":"ListItem","position":3,"name":"V\u011bdom\u00ed Bo\u017e\u00ed l\u00e1sky"}]},{"@type":"WebSite","@id":"https:\/\/tv.joycemeyer.org\/czech\/#website","url":"https:\/\/tv.joycemeyer.org\/czech\/","name":"Joyce Meyer Ministries - Czech","description":"Sd\u00edlet se o Krista - milovat lidi","potentialAction":[{"@type":"SearchAction","target":{"@type":"EntryPoint","urlTemplate":"https:\/\/tv.joycemeyer.org\/czech\/?s={search_term_string}"},"query-input":{"@type":"PropertyValueSpecification","valueRequired":true,"valueName":"search_term_string"}}],"inLanguage":"cs"}]}},"_links":{"self":[{"href":"https:\/\/tv.joycemeyer.org\/czech\/wp-json\/wp\/v2\/devotional\/2614","targetHints":{"allow":["GET"]}}],"collection":[{"href":"https:\/\/tv.joycemeyer.org\/czech\/wp-json\/wp\/v2\/devotional"}],"about":[{"href":"https:\/\/tv.joycemeyer.org\/czech\/wp-json\/wp\/v2\/types\/devotional"}],"author":[{"embeddable":true,"href":"https:\/\/tv.joycemeyer.org\/czech\/wp-json\/wp\/v2\/users\/20"}],"replies":[{"embeddable":true,"href":"https:\/\/tv.joycemeyer.org\/czech\/wp-json\/wp\/v2\/comments?post=2614"}],"wp:featuredmedia":[{"embeddable":true,"href":"https:\/\/tv.joycemeyer.org\/czech\/wp-json\/wp\/v2\/media\/2615"}],"wp:attachment":[{"href":"https:\/\/tv.joycemeyer.org\/czech\/wp-json\/wp\/v2\/media?parent=2614"}],"curies":[{"name":"wp","href":"https:\/\/api.w.org\/{rel}","templated":true}]}}