{"id":2659,"date":"2023-10-09T00:01:41","date_gmt":"2023-10-09T00:01:41","guid":{"rendered":"https:\/\/tv.joycemeyer.org\/czech\/?post_type=devotional&#038;p=2659"},"modified":"2023-10-09T11:20:13","modified_gmt":"2023-10-09T11:20:13","slug":"rovnovaha-mezi-praci-a-odpocinkem","status":"publish","type":"devotional","link":"https:\/\/tv.joycemeyer.org\/czech\/devotional\/rovnovaha-mezi-praci-a-odpocinkem\/","title":{"rendered":"Rovnov\u00e1ha mezi prac\u00ed a odpo\u010dinkem"},"content":{"rendered":"<blockquote><p>Nebo\u0165 B\u016fh n\u00e1m nedal ducha b\u00e1zlivosti, n\u00fdbr\u017e ducha moci a l\u00e1sky a rozvahy. 2. Timoteovi 1,7<\/p><\/blockquote>\n<p>Ka\u017ed\u00fd z n\u00e1s m\u00e1 denn\u011b k dispozici dvacet \u010dty\u0159i hodin. Je d\u016fle\u017eit\u00e9, abychom si d\u00e1vali pozor, jak tento \u010das vyu\u017e\u00edv\u00e1me. Pot\u0159ebujeme si uspo\u0159\u00e1dat r\u016fzn\u00e9 oblasti \u017eivota, abychom je udr\u017eeli ve spr\u00e1vn\u00e9 rovnov\u00e1ze. Pokud m\u00e1me p\u0159\u00edli\u0161 mnoho pr\u00e1ce a nedostatek odpo\u010dinku, ztr\u00e1c\u00edme rovnov\u00e1hu. St\u00e1v\u00e1me se workoholiky, a nakonec budeme unaven\u00ed a vy\u010derpan\u00ed.<\/p>\n<p>Kdy\u017e se mi poda\u0159\u00ed dokon\u010dit n\u011bjakou pr\u00e1ci a n\u011b\u010deho dos\u00e1hnout, c\u00edt\u00edm velk\u00e9 uspokojen\u00ed. Nem\u00e1m r\u00e1da zbyte\u010dn\u00e9 pl\u00fdtv\u00e1n\u00ed \u010dasem a neu\u017eite\u010dn\u00e9 aktivity. Vzhledem k m\u00e9 povaze je v\u0161ak pro m\u011b snadn\u00e9 se v oblasti pr\u00e1ce dostat z rovnov\u00e1hy. Mus\u00edm se pravideln\u011b rozhodovat, \u017ee budu nejen pracovat, ale tak\u00e9 odpo\u010d\u00edvat. To mus\u00ed b\u00fdt mou prioritou, abych z\u016fstala zdrav\u00e1 a mohla \u017e\u00edt v Bo\u017e\u00ed bl\u00edzkosti.<\/p>\n<p>Je v\u0161ak tak\u00e9 mo\u017en\u00e9 p\u0159ehnat to na druhou stranu a v\u011bnovat p\u0159\u00edli\u0161 mnoho \u010dasu odpo\u010dinku a m\u00e1lo pr\u00e1ci. \u0160alomoun \u0159\u00edk\u00e1: \u201eKv\u016fli l\u00edn\u00fdm ruk\u00e1m se bude sesouvat krov a kv\u016fli zah\u00e1len\u00ed rukou bude d\u016fm prosakovat.\u201c (Kazatel 10,18) Jin\u00fdmi slovy, lid\u00e9, kte\u0159\u00ed m\u00e1lo pracuj\u00ed, skon\u010d\u00ed v nesn\u00e1z\u00edch. Jejich finance, duchovn\u00ed \u017eivot, majetek, t\u011bla a v\u0161echno ostatn\u00ed trp\u00ed, proto\u017ee nevykon\u00e1vaj\u00ed pr\u00e1ci pot\u0159ebnou k udr\u017een\u00ed po\u0159\u00e1dku.<\/p>\n<p>Po\u017e\u00e1dej Boha, aby ti pomohl udr\u017eet si zdravou rovnov\u00e1hu mezi prac\u00ed a odpo\u010dinkem. Ud\u011blej si \u010das na spln\u011bn\u00ed \u00fakol\u016f, kter\u00e9 jsou p\u0159ed tebou, nezapome\u0148 ale tak\u00e9 vyu\u017e\u00edt p\u0159\u00edle\u017eitosti b\u00fdt v klidu a u\u017e\u00edt si odpo\u010dinek. Oboj\u00ed je d\u016fle\u017eit\u00e9. Udr\u017eovat si rovnov\u00e1hu je kl\u00ed\u010dov\u00e9!<\/p>\n<hr \/>\n<h4>Modli se, aby ti B\u016fh uk\u00e1zal, jak m\u016f\u017ee\u0161 do sv\u00e9ho \u017eivota krok za krokem vn\u00e1\u0161et rovnov\u00e1hu!<\/h4>\n","protected":false},"excerpt":{"rendered":"<p>Mus\u00edm se pravideln\u011b rozhodovat, \u017ee budu nejen pracovat, ale tak\u00e9 odpo\u010d\u00edvat.<\/p>\n","protected":false},"author":20,"featured_media":2660,"parent":0,"menu_order":0,"comment_status":"closed","ping_status":"closed","template":"","class_list":["post-2659","devotional","type-devotional","status-publish","has-post-thumbnail","hentry"],"acf":[],"appp":{"post_detail":{"above_title":"<div class=\"post-featured-wrap\"><img width=\"960\" height=\"640\" src=\"https:\/\/tv.joycemeyer.org\/czech\/wp-content\/uploads\/sites\/67\/2023\/09\/3682L.jpg\" class=\"post-featured wp-post-image\" alt=\"Rovnov\u00e1ha mezi prac\u00ed a odpo\u010dinkem\" decoding=\"async\" srcset=\"https:\/\/tv.joycemeyer.org\/czech\/wp-content\/uploads\/sites\/67\/2023\/09\/3682L.jpg 960w, https:\/\/tv.joycemeyer.org\/czech\/wp-content\/uploads\/sites\/67\/2023\/09\/3682L-300x200.jpg 300w, https:\/\/tv.joycemeyer.org\/czech\/wp-content\/uploads\/sites\/67\/2023\/09\/3682L-768x512.jpg 768w\" sizes=\"(max-width: 960px) 100vw, 960px\" \/><\/div>","below_content":""}},"yoast_head":"<!-- This site is optimized with the Yoast SEO plugin v27.4 - https:\/\/yoast.com\/product\/yoast-seo-wordpress\/ -->\n<title>Rovnov\u00e1ha mezi prac\u00ed a odpo\u010dinkem - Joyce Meyer Ministries - Czech<\/title>\n<meta name=\"robots\" content=\"index, follow, max-snippet:-1, max-image-preview:large, max-video-preview:-1\" \/>\n<link rel=\"canonical\" href=\"https:\/\/tv.joycemeyer.org\/czech\/devotional\/rovnovaha-mezi-praci-a-odpocinkem\/\" \/>\n<meta property=\"og:locale\" content=\"cs_CZ\" \/>\n<meta property=\"og:type\" content=\"article\" \/>\n<meta property=\"og:title\" content=\"Rovnov\u00e1ha mezi prac\u00ed a odpo\u010dinkem - Joyce Meyer Ministries - Czech\" \/>\n<meta property=\"og:description\" content=\"Mus\u00edm se pravideln\u011b rozhodovat, \u017ee budu nejen pracovat, ale tak\u00e9 odpo\u010d\u00edvat.\" \/>\n<meta property=\"og:url\" content=\"https:\/\/tv.joycemeyer.org\/czech\/devotional\/rovnovaha-mezi-praci-a-odpocinkem\/\" \/>\n<meta property=\"og:site_name\" content=\"Joyce Meyer Ministries - Czech\" \/>\n<meta property=\"article:publisher\" content=\"https:\/\/www.facebook.com\/joycemeyerministriescesko\/\" \/>\n<meta property=\"article:modified_time\" content=\"2023-10-09T11:20:13+00:00\" \/>\n<meta property=\"og:image\" content=\"https:\/\/tv.joycemeyer.org\/czech\/wp-content\/uploads\/sites\/67\/2023\/09\/3682L.jpg\" \/>\n\t<meta property=\"og:image:width\" content=\"960\" \/>\n\t<meta property=\"og:image:height\" content=\"640\" \/>\n\t<meta property=\"og:image:type\" content=\"image\/jpeg\" \/>\n<meta name=\"twitter:card\" content=\"summary_large_image\" \/>\n<meta name=\"twitter:label1\" content=\"Odhadovan\u00e1 doba \u010dten\u00ed\" \/>\n\t<meta name=\"twitter:data1\" content=\"2 minuty\" \/>\n<script type=\"application\/ld+json\" class=\"yoast-schema-graph\">{\"@context\":\"https:\\\/\\\/schema.org\",\"@graph\":[{\"@type\":\"WebPage\",\"@id\":\"https:\\\/\\\/tv.joycemeyer.org\\\/czech\\\/devotional\\\/rovnovaha-mezi-praci-a-odpocinkem\\\/\",\"url\":\"https:\\\/\\\/tv.joycemeyer.org\\\/czech\\\/devotional\\\/rovnovaha-mezi-praci-a-odpocinkem\\\/\",\"name\":\"Rovnov\u00e1ha mezi prac\u00ed a odpo\u010dinkem - Joyce Meyer Ministries - Czech\",\"isPartOf\":{\"@id\":\"https:\\\/\\\/tv.joycemeyer.org\\\/czech\\\/#website\"},\"primaryImageOfPage\":{\"@id\":\"https:\\\/\\\/tv.joycemeyer.org\\\/czech\\\/devotional\\\/rovnovaha-mezi-praci-a-odpocinkem\\\/#primaryimage\"},\"image\":{\"@id\":\"https:\\\/\\\/tv.joycemeyer.org\\\/czech\\\/devotional\\\/rovnovaha-mezi-praci-a-odpocinkem\\\/#primaryimage\"},\"thumbnailUrl\":\"https:\\\/\\\/tv.joycemeyer.org\\\/czech\\\/wp-content\\\/uploads\\\/sites\\\/67\\\/2023\\\/09\\\/3682L.jpg\",\"datePublished\":\"2023-10-09T00:01:41+00:00\",\"dateModified\":\"2023-10-09T11:20:13+00:00\",\"breadcrumb\":{\"@id\":\"https:\\\/\\\/tv.joycemeyer.org\\\/czech\\\/devotional\\\/rovnovaha-mezi-praci-a-odpocinkem\\\/#breadcrumb\"},\"inLanguage\":\"cs\",\"potentialAction\":[{\"@type\":\"ReadAction\",\"target\":[\"https:\\\/\\\/tv.joycemeyer.org\\\/czech\\\/devotional\\\/rovnovaha-mezi-praci-a-odpocinkem\\\/\"]}]},{\"@type\":\"ImageObject\",\"inLanguage\":\"cs\",\"@id\":\"https:\\\/\\\/tv.joycemeyer.org\\\/czech\\\/devotional\\\/rovnovaha-mezi-praci-a-odpocinkem\\\/#primaryimage\",\"url\":\"https:\\\/\\\/tv.joycemeyer.org\\\/czech\\\/wp-content\\\/uploads\\\/sites\\\/67\\\/2023\\\/09\\\/3682L.jpg\",\"contentUrl\":\"https:\\\/\\\/tv.joycemeyer.org\\\/czech\\\/wp-content\\\/uploads\\\/sites\\\/67\\\/2023\\\/09\\\/3682L.jpg\",\"width\":960,\"height\":640,\"caption\":\"Rovnov\u00e1ha mezi prac\u00ed a odpo\u010dinkem\"},{\"@type\":\"BreadcrumbList\",\"@id\":\"https:\\\/\\\/tv.joycemeyer.org\\\/czech\\\/devotional\\\/rovnovaha-mezi-praci-a-odpocinkem\\\/#breadcrumb\",\"itemListElement\":[{\"@type\":\"ListItem\",\"position\":1,\"name\":\"Home\",\"item\":\"https:\\\/\\\/tv.joycemeyer.org\\\/czech\\\/\"},{\"@type\":\"ListItem\",\"position\":2,\"name\":\"Devotional\",\"item\":\"https:\\\/\\\/tv.joycemeyer.org\\\/czech\\\/devotional\\\/\"},{\"@type\":\"ListItem\",\"position\":3,\"name\":\"Rovnov\u00e1ha mezi prac\u00ed a odpo\u010dinkem\"}]},{\"@type\":\"WebSite\",\"@id\":\"https:\\\/\\\/tv.joycemeyer.org\\\/czech\\\/#website\",\"url\":\"https:\\\/\\\/tv.joycemeyer.org\\\/czech\\\/\",\"name\":\"Joyce Meyer Ministries - Czech\",\"description\":\"Sd\u00edlet se o Krista - milovat lidi\",\"potentialAction\":[{\"@type\":\"SearchAction\",\"target\":{\"@type\":\"EntryPoint\",\"urlTemplate\":\"https:\\\/\\\/tv.joycemeyer.org\\\/czech\\\/?s={search_term_string}\"},\"query-input\":{\"@type\":\"PropertyValueSpecification\",\"valueRequired\":true,\"valueName\":\"search_term_string\"}}],\"inLanguage\":\"cs\"}]}<\/script>\n<!-- \/ Yoast SEO plugin. -->","yoast_head_json":{"title":"Rovnov\u00e1ha mezi prac\u00ed a odpo\u010dinkem - Joyce Meyer Ministries - Czech","robots":{"index":"index","follow":"follow","max-snippet":"max-snippet:-1","max-image-preview":"max-image-preview:large","max-video-preview":"max-video-preview:-1"},"canonical":"https:\/\/tv.joycemeyer.org\/czech\/devotional\/rovnovaha-mezi-praci-a-odpocinkem\/","og_locale":"cs_CZ","og_type":"article","og_title":"Rovnov\u00e1ha mezi prac\u00ed a odpo\u010dinkem - Joyce Meyer Ministries - Czech","og_description":"Mus\u00edm se pravideln\u011b rozhodovat, \u017ee budu nejen pracovat, ale tak\u00e9 odpo\u010d\u00edvat.","og_url":"https:\/\/tv.joycemeyer.org\/czech\/devotional\/rovnovaha-mezi-praci-a-odpocinkem\/","og_site_name":"Joyce Meyer Ministries - Czech","article_publisher":"https:\/\/www.facebook.com\/joycemeyerministriescesko\/","article_modified_time":"2023-10-09T11:20:13+00:00","og_image":[{"width":960,"height":640,"url":"https:\/\/tv.joycemeyer.org\/czech\/wp-content\/uploads\/sites\/67\/2023\/09\/3682L.jpg","type":"image\/jpeg"}],"twitter_card":"summary_large_image","twitter_misc":{"Odhadovan\u00e1 doba \u010dten\u00ed":"2 minuty"},"schema":{"@context":"https:\/\/schema.org","@graph":[{"@type":"WebPage","@id":"https:\/\/tv.joycemeyer.org\/czech\/devotional\/rovnovaha-mezi-praci-a-odpocinkem\/","url":"https:\/\/tv.joycemeyer.org\/czech\/devotional\/rovnovaha-mezi-praci-a-odpocinkem\/","name":"Rovnov\u00e1ha mezi prac\u00ed a odpo\u010dinkem - Joyce Meyer Ministries - Czech","isPartOf":{"@id":"https:\/\/tv.joycemeyer.org\/czech\/#website"},"primaryImageOfPage":{"@id":"https:\/\/tv.joycemeyer.org\/czech\/devotional\/rovnovaha-mezi-praci-a-odpocinkem\/#primaryimage"},"image":{"@id":"https:\/\/tv.joycemeyer.org\/czech\/devotional\/rovnovaha-mezi-praci-a-odpocinkem\/#primaryimage"},"thumbnailUrl":"https:\/\/tv.joycemeyer.org\/czech\/wp-content\/uploads\/sites\/67\/2023\/09\/3682L.jpg","datePublished":"2023-10-09T00:01:41+00:00","dateModified":"2023-10-09T11:20:13+00:00","breadcrumb":{"@id":"https:\/\/tv.joycemeyer.org\/czech\/devotional\/rovnovaha-mezi-praci-a-odpocinkem\/#breadcrumb"},"inLanguage":"cs","potentialAction":[{"@type":"ReadAction","target":["https:\/\/tv.joycemeyer.org\/czech\/devotional\/rovnovaha-mezi-praci-a-odpocinkem\/"]}]},{"@type":"ImageObject","inLanguage":"cs","@id":"https:\/\/tv.joycemeyer.org\/czech\/devotional\/rovnovaha-mezi-praci-a-odpocinkem\/#primaryimage","url":"https:\/\/tv.joycemeyer.org\/czech\/wp-content\/uploads\/sites\/67\/2023\/09\/3682L.jpg","contentUrl":"https:\/\/tv.joycemeyer.org\/czech\/wp-content\/uploads\/sites\/67\/2023\/09\/3682L.jpg","width":960,"height":640,"caption":"Rovnov\u00e1ha mezi prac\u00ed a odpo\u010dinkem"},{"@type":"BreadcrumbList","@id":"https:\/\/tv.joycemeyer.org\/czech\/devotional\/rovnovaha-mezi-praci-a-odpocinkem\/#breadcrumb","itemListElement":[{"@type":"ListItem","position":1,"name":"Home","item":"https:\/\/tv.joycemeyer.org\/czech\/"},{"@type":"ListItem","position":2,"name":"Devotional","item":"https:\/\/tv.joycemeyer.org\/czech\/devotional\/"},{"@type":"ListItem","position":3,"name":"Rovnov\u00e1ha mezi prac\u00ed a odpo\u010dinkem"}]},{"@type":"WebSite","@id":"https:\/\/tv.joycemeyer.org\/czech\/#website","url":"https:\/\/tv.joycemeyer.org\/czech\/","name":"Joyce Meyer Ministries - Czech","description":"Sd\u00edlet se o Krista - milovat lidi","potentialAction":[{"@type":"SearchAction","target":{"@type":"EntryPoint","urlTemplate":"https:\/\/tv.joycemeyer.org\/czech\/?s={search_term_string}"},"query-input":{"@type":"PropertyValueSpecification","valueRequired":true,"valueName":"search_term_string"}}],"inLanguage":"cs"}]}},"_links":{"self":[{"href":"https:\/\/tv.joycemeyer.org\/czech\/wp-json\/wp\/v2\/devotional\/2659","targetHints":{"allow":["GET"]}}],"collection":[{"href":"https:\/\/tv.joycemeyer.org\/czech\/wp-json\/wp\/v2\/devotional"}],"about":[{"href":"https:\/\/tv.joycemeyer.org\/czech\/wp-json\/wp\/v2\/types\/devotional"}],"author":[{"embeddable":true,"href":"https:\/\/tv.joycemeyer.org\/czech\/wp-json\/wp\/v2\/users\/20"}],"replies":[{"embeddable":true,"href":"https:\/\/tv.joycemeyer.org\/czech\/wp-json\/wp\/v2\/comments?post=2659"}],"wp:featuredmedia":[{"embeddable":true,"href":"https:\/\/tv.joycemeyer.org\/czech\/wp-json\/wp\/v2\/media\/2660"}],"wp:attachment":[{"href":"https:\/\/tv.joycemeyer.org\/czech\/wp-json\/wp\/v2\/media?parent=2659"}],"curies":[{"name":"wp","href":"https:\/\/api.w.org\/{rel}","templated":true}]}}