{"id":2758,"date":"2023-11-24T00:01:04","date_gmt":"2023-11-24T00:01:04","guid":{"rendered":"https:\/\/tv.joycemeyer.org\/czech\/?post_type=devotional&#038;p=2758"},"modified":"2023-11-24T14:18:55","modified_gmt":"2023-11-24T14:18:55","slug":"o-cem-vis-ze-je-to-pravda","status":"publish","type":"devotional","link":"https:\/\/tv.joycemeyer.org\/czech\/devotional\/o-cem-vis-ze-je-to-pravda\/","title":{"rendered":"St\u016fj na tom, o \u010dem v\u00ed\u0161, \u017ee je to pravda"},"content":{"rendered":"<blockquote><p>Tob\u011b bylo d\u00e1no vid\u011bt a poznat, \u017ee Hospodin je B\u016fh, a nikdo jin\u00fd krom\u011b n\u011bj. (Deuteronomium 4,35)<\/p><\/blockquote>\n<p>Nedostatek znalost\u00ed zp\u016fsobuje strach, naproti tomu sebev\u011bdom\u00ed a ur\u010dit\u00fd druh pozn\u00e1n\u00ed strach eliminuj\u00ed a p\u0159in\u00e1\u0161ej\u00ed s\u00edlu a odvahu. Uvedu p\u0159\u00edklad:<\/p>\n<p>Jednou v noci jsem le\u017eela v posteli a sly\u0161ela jsem podivn\u00e9 zvuky, kter\u00e9 vych\u00e1zely odn\u011bkud z domu. \u010c\u00edm d\u00e9le jsem je poslouchala, t\u00edm v\u00edc jsem se b\u00e1la. Nakonec jsem se t\u0159\u00e1sla strachem. Vy\u0161la jsem z lo\u017enice, abych se pod\u00edvala, co to je. Musel jsem se sm\u00e1t, kdy\u017e jsem zjistila, \u017ee to byly kostky ledu, kter\u00e9 padaly z v\u00fdrobn\u00edku ledu do t\u00e1cku. Z n\u011bjak\u00e9ho d\u016fvodu vyd\u00e1valy hluk, kter\u00fd norm\u00e1ln\u011b nevyd\u00e1valy, a j\u00e1 jsem se za\u010dala zbyte\u010dn\u011b b\u00e1t, proto\u017ee jsem nev\u011bd\u011bla, co je d\u016fvodem t\u011bchto zvuk\u016f.<\/p>\n<p>Mnoho lid\u00ed se podobn\u011b c\u00edt\u00ed ve sv\u00e9m \u017eivot\u011b. Nev\u011bd\u00ed, \u017ee je B\u016fh miluje, \u017ee je s nimi a d\u00e1v\u00e1 jim v\u0161e, co pot\u0159ebuj\u00ed, proto se d\u011bs\u00ed mnoha v\u011bc\u00ed. Kdy\u017e sly\u0161\u00ed o hospod\u00e1\u0159sk\u00e9 krizi, maj\u00ed strach. Kdy\u017e sly\u0161\u00ed, \u017ee n\u011bkomu nejsou sympati\u010dt\u00ed, zpanika\u0159\u00ed. Kdy\u017e sly\u0161\u00ed ve ve\u010dern\u00edm zpravodajstv\u00ed negativn\u00ed zpr\u00e1vu, jsou vyd\u011b\u0161en\u00ed.<\/p>\n<p>Pokud jsi poznal, kdo je B\u016fh a k\u00fdm jsi v Kristu ty, strach nebude m\u00edt ve tv\u00e9m \u017eivot\u011b m\u00edsto. Bez ohledu na to, jak vypad\u00e1 situace navenek, bude\u0161 m\u00edt v srdci pevnou jistotu a v ka\u017ed\u00e9 oblasti tv\u00e9ho \u017eivota bude vl\u00e1dnout pokoj.<\/p>\n<hr \/>\n<h4>Kdy\u017e se t\u011b nezn\u00e1m\u00e9 zvuky sv\u011bta sna\u017e\u00ed naplnit strachem, nezapom\u00ednej, \u017ee B\u016fh je s tebou.<\/h4>\n","protected":false},"excerpt":{"rendered":"<p>Tob\u011b bylo d\u00e1no vid\u011bt a poznat, \u017ee Hospodin je B\u016fh, a nikdo jin\u00fd krom\u011b n\u011bj. (Deuteronomium 4,35) Nedostatek znalost\u00ed zp\u016fsobuje strach, naproti tomu sebev\u011bdom\u00ed a ur\u010dit\u00fd druh pozn\u00e1n\u00ed strach eliminuj\u00ed a p\u0159in\u00e1\u0161ej\u00ed s\u00edlu a odvahu. Uvedu p\u0159\u00edklad: Jednou v noci jsem le\u017eela v posteli a sly\u0161ela jsem podivn\u00e9 zvuky, kter\u00e9 vych\u00e1zely odn\u011bkud z domu. \u010c\u00edm&#8230;<\/p>\n","protected":false},"author":20,"featured_media":2759,"parent":0,"menu_order":0,"comment_status":"closed","ping_status":"closed","template":"","class_list":["post-2758","devotional","type-devotional","status-publish","has-post-thumbnail","hentry"],"acf":[],"appp":{"post_detail":{"above_title":"<div class=\"post-featured-wrap\"><img width=\"960\" height=\"640\" src=\"https:\/\/tv.joycemeyer.org\/czech\/wp-content\/uploads\/sites\/67\/2023\/11\/3524L.jpg\" class=\"post-featured wp-post-image\" alt=\"St\u016fj na tom, o \u010dem v\u00ed\u0161, \u017ee je to pravda\" decoding=\"async\" srcset=\"https:\/\/tv.joycemeyer.org\/czech\/wp-content\/uploads\/sites\/67\/2023\/11\/3524L.jpg 960w, https:\/\/tv.joycemeyer.org\/czech\/wp-content\/uploads\/sites\/67\/2023\/11\/3524L-300x200.jpg 300w, https:\/\/tv.joycemeyer.org\/czech\/wp-content\/uploads\/sites\/67\/2023\/11\/3524L-768x512.jpg 768w\" sizes=\"(max-width: 960px) 100vw, 960px\" \/><\/div>","below_content":""}},"yoast_head":"<!-- This site is optimized with the Yoast SEO plugin v27.4 - https:\/\/yoast.com\/product\/yoast-seo-wordpress\/ -->\n<title>St\u016fj na tom, o \u010dem v\u00ed\u0161, \u017ee je to pravda - Joyce Meyer Ministries - Czech<\/title>\n<meta name=\"robots\" content=\"index, follow, max-snippet:-1, max-image-preview:large, max-video-preview:-1\" \/>\n<link rel=\"canonical\" href=\"https:\/\/tv.joycemeyer.org\/czech\/devotional\/o-cem-vis-ze-je-to-pravda\/\" \/>\n<meta property=\"og:locale\" content=\"cs_CZ\" \/>\n<meta property=\"og:type\" content=\"article\" \/>\n<meta property=\"og:title\" content=\"St\u016fj na tom, o \u010dem v\u00ed\u0161, \u017ee je to pravda - Joyce Meyer Ministries - Czech\" \/>\n<meta property=\"og:description\" content=\"Tob\u011b bylo d\u00e1no vid\u011bt a poznat, \u017ee Hospodin je B\u016fh, a nikdo jin\u00fd krom\u011b n\u011bj. (Deuteronomium 4,35) Nedostatek znalost\u00ed zp\u016fsobuje strach, naproti tomu sebev\u011bdom\u00ed a ur\u010dit\u00fd druh pozn\u00e1n\u00ed strach eliminuj\u00ed a p\u0159in\u00e1\u0161ej\u00ed s\u00edlu a odvahu. Uvedu p\u0159\u00edklad: Jednou v noci jsem le\u017eela v posteli a sly\u0161ela jsem podivn\u00e9 zvuky, kter\u00e9 vych\u00e1zely odn\u011bkud z domu. \u010c\u00edm...\" \/>\n<meta property=\"og:url\" content=\"https:\/\/tv.joycemeyer.org\/czech\/devotional\/o-cem-vis-ze-je-to-pravda\/\" \/>\n<meta property=\"og:site_name\" content=\"Joyce Meyer Ministries - Czech\" \/>\n<meta property=\"article:publisher\" content=\"https:\/\/www.facebook.com\/joycemeyerministriescesko\/\" \/>\n<meta property=\"article:modified_time\" content=\"2023-11-24T14:18:55+00:00\" \/>\n<meta property=\"og:image\" content=\"https:\/\/tv.joycemeyer.org\/czech\/wp-content\/uploads\/sites\/67\/2023\/11\/3524L.jpg\" \/>\n\t<meta property=\"og:image:width\" content=\"960\" \/>\n\t<meta property=\"og:image:height\" content=\"640\" \/>\n\t<meta property=\"og:image:type\" content=\"image\/jpeg\" \/>\n<meta name=\"twitter:card\" content=\"summary_large_image\" \/>\n<meta name=\"twitter:label1\" content=\"Odhadovan\u00e1 doba \u010dten\u00ed\" \/>\n\t<meta name=\"twitter:data1\" content=\"1 minuta\" \/>\n<script type=\"application\/ld+json\" class=\"yoast-schema-graph\">{\"@context\":\"https:\\\/\\\/schema.org\",\"@graph\":[{\"@type\":\"WebPage\",\"@id\":\"https:\\\/\\\/tv.joycemeyer.org\\\/czech\\\/devotional\\\/o-cem-vis-ze-je-to-pravda\\\/\",\"url\":\"https:\\\/\\\/tv.joycemeyer.org\\\/czech\\\/devotional\\\/o-cem-vis-ze-je-to-pravda\\\/\",\"name\":\"St\u016fj na tom, o \u010dem v\u00ed\u0161, \u017ee je to pravda - Joyce Meyer Ministries - Czech\",\"isPartOf\":{\"@id\":\"https:\\\/\\\/tv.joycemeyer.org\\\/czech\\\/#website\"},\"primaryImageOfPage\":{\"@id\":\"https:\\\/\\\/tv.joycemeyer.org\\\/czech\\\/devotional\\\/o-cem-vis-ze-je-to-pravda\\\/#primaryimage\"},\"image\":{\"@id\":\"https:\\\/\\\/tv.joycemeyer.org\\\/czech\\\/devotional\\\/o-cem-vis-ze-je-to-pravda\\\/#primaryimage\"},\"thumbnailUrl\":\"https:\\\/\\\/tv.joycemeyer.org\\\/czech\\\/wp-content\\\/uploads\\\/sites\\\/67\\\/2023\\\/11\\\/3524L.jpg\",\"datePublished\":\"2023-11-24T00:01:04+00:00\",\"dateModified\":\"2023-11-24T14:18:55+00:00\",\"breadcrumb\":{\"@id\":\"https:\\\/\\\/tv.joycemeyer.org\\\/czech\\\/devotional\\\/o-cem-vis-ze-je-to-pravda\\\/#breadcrumb\"},\"inLanguage\":\"cs\",\"potentialAction\":[{\"@type\":\"ReadAction\",\"target\":[\"https:\\\/\\\/tv.joycemeyer.org\\\/czech\\\/devotional\\\/o-cem-vis-ze-je-to-pravda\\\/\"]}]},{\"@type\":\"ImageObject\",\"inLanguage\":\"cs\",\"@id\":\"https:\\\/\\\/tv.joycemeyer.org\\\/czech\\\/devotional\\\/o-cem-vis-ze-je-to-pravda\\\/#primaryimage\",\"url\":\"https:\\\/\\\/tv.joycemeyer.org\\\/czech\\\/wp-content\\\/uploads\\\/sites\\\/67\\\/2023\\\/11\\\/3524L.jpg\",\"contentUrl\":\"https:\\\/\\\/tv.joycemeyer.org\\\/czech\\\/wp-content\\\/uploads\\\/sites\\\/67\\\/2023\\\/11\\\/3524L.jpg\",\"width\":960,\"height\":640,\"caption\":\"St\u016fj na tom, o \u010dem v\u00ed\u0161, \u017ee je to pravda\"},{\"@type\":\"BreadcrumbList\",\"@id\":\"https:\\\/\\\/tv.joycemeyer.org\\\/czech\\\/devotional\\\/o-cem-vis-ze-je-to-pravda\\\/#breadcrumb\",\"itemListElement\":[{\"@type\":\"ListItem\",\"position\":1,\"name\":\"Home\",\"item\":\"https:\\\/\\\/tv.joycemeyer.org\\\/czech\\\/\"},{\"@type\":\"ListItem\",\"position\":2,\"name\":\"Devotional\",\"item\":\"https:\\\/\\\/tv.joycemeyer.org\\\/czech\\\/devotional\\\/\"},{\"@type\":\"ListItem\",\"position\":3,\"name\":\"St\u016fj na tom, o \u010dem v\u00ed\u0161, \u017ee je to pravda\"}]},{\"@type\":\"WebSite\",\"@id\":\"https:\\\/\\\/tv.joycemeyer.org\\\/czech\\\/#website\",\"url\":\"https:\\\/\\\/tv.joycemeyer.org\\\/czech\\\/\",\"name\":\"Joyce Meyer Ministries - Czech\",\"description\":\"Sd\u00edlet se o Krista - milovat lidi\",\"potentialAction\":[{\"@type\":\"SearchAction\",\"target\":{\"@type\":\"EntryPoint\",\"urlTemplate\":\"https:\\\/\\\/tv.joycemeyer.org\\\/czech\\\/?s={search_term_string}\"},\"query-input\":{\"@type\":\"PropertyValueSpecification\",\"valueRequired\":true,\"valueName\":\"search_term_string\"}}],\"inLanguage\":\"cs\"}]}<\/script>\n<!-- \/ Yoast SEO plugin. -->","yoast_head_json":{"title":"St\u016fj na tom, o \u010dem v\u00ed\u0161, \u017ee je to pravda - Joyce Meyer Ministries - Czech","robots":{"index":"index","follow":"follow","max-snippet":"max-snippet:-1","max-image-preview":"max-image-preview:large","max-video-preview":"max-video-preview:-1"},"canonical":"https:\/\/tv.joycemeyer.org\/czech\/devotional\/o-cem-vis-ze-je-to-pravda\/","og_locale":"cs_CZ","og_type":"article","og_title":"St\u016fj na tom, o \u010dem v\u00ed\u0161, \u017ee je to pravda - Joyce Meyer Ministries - Czech","og_description":"Tob\u011b bylo d\u00e1no vid\u011bt a poznat, \u017ee Hospodin je B\u016fh, a nikdo jin\u00fd krom\u011b n\u011bj. (Deuteronomium 4,35) Nedostatek znalost\u00ed zp\u016fsobuje strach, naproti tomu sebev\u011bdom\u00ed a ur\u010dit\u00fd druh pozn\u00e1n\u00ed strach eliminuj\u00ed a p\u0159in\u00e1\u0161ej\u00ed s\u00edlu a odvahu. Uvedu p\u0159\u00edklad: Jednou v noci jsem le\u017eela v posteli a sly\u0161ela jsem podivn\u00e9 zvuky, kter\u00e9 vych\u00e1zely odn\u011bkud z domu. \u010c\u00edm...","og_url":"https:\/\/tv.joycemeyer.org\/czech\/devotional\/o-cem-vis-ze-je-to-pravda\/","og_site_name":"Joyce Meyer Ministries - Czech","article_publisher":"https:\/\/www.facebook.com\/joycemeyerministriescesko\/","article_modified_time":"2023-11-24T14:18:55+00:00","og_image":[{"width":960,"height":640,"url":"https:\/\/tv.joycemeyer.org\/czech\/wp-content\/uploads\/sites\/67\/2023\/11\/3524L.jpg","type":"image\/jpeg"}],"twitter_card":"summary_large_image","twitter_misc":{"Odhadovan\u00e1 doba \u010dten\u00ed":"1 minuta"},"schema":{"@context":"https:\/\/schema.org","@graph":[{"@type":"WebPage","@id":"https:\/\/tv.joycemeyer.org\/czech\/devotional\/o-cem-vis-ze-je-to-pravda\/","url":"https:\/\/tv.joycemeyer.org\/czech\/devotional\/o-cem-vis-ze-je-to-pravda\/","name":"St\u016fj na tom, o \u010dem v\u00ed\u0161, \u017ee je to pravda - Joyce Meyer Ministries - Czech","isPartOf":{"@id":"https:\/\/tv.joycemeyer.org\/czech\/#website"},"primaryImageOfPage":{"@id":"https:\/\/tv.joycemeyer.org\/czech\/devotional\/o-cem-vis-ze-je-to-pravda\/#primaryimage"},"image":{"@id":"https:\/\/tv.joycemeyer.org\/czech\/devotional\/o-cem-vis-ze-je-to-pravda\/#primaryimage"},"thumbnailUrl":"https:\/\/tv.joycemeyer.org\/czech\/wp-content\/uploads\/sites\/67\/2023\/11\/3524L.jpg","datePublished":"2023-11-24T00:01:04+00:00","dateModified":"2023-11-24T14:18:55+00:00","breadcrumb":{"@id":"https:\/\/tv.joycemeyer.org\/czech\/devotional\/o-cem-vis-ze-je-to-pravda\/#breadcrumb"},"inLanguage":"cs","potentialAction":[{"@type":"ReadAction","target":["https:\/\/tv.joycemeyer.org\/czech\/devotional\/o-cem-vis-ze-je-to-pravda\/"]}]},{"@type":"ImageObject","inLanguage":"cs","@id":"https:\/\/tv.joycemeyer.org\/czech\/devotional\/o-cem-vis-ze-je-to-pravda\/#primaryimage","url":"https:\/\/tv.joycemeyer.org\/czech\/wp-content\/uploads\/sites\/67\/2023\/11\/3524L.jpg","contentUrl":"https:\/\/tv.joycemeyer.org\/czech\/wp-content\/uploads\/sites\/67\/2023\/11\/3524L.jpg","width":960,"height":640,"caption":"St\u016fj na tom, o \u010dem v\u00ed\u0161, \u017ee je to pravda"},{"@type":"BreadcrumbList","@id":"https:\/\/tv.joycemeyer.org\/czech\/devotional\/o-cem-vis-ze-je-to-pravda\/#breadcrumb","itemListElement":[{"@type":"ListItem","position":1,"name":"Home","item":"https:\/\/tv.joycemeyer.org\/czech\/"},{"@type":"ListItem","position":2,"name":"Devotional","item":"https:\/\/tv.joycemeyer.org\/czech\/devotional\/"},{"@type":"ListItem","position":3,"name":"St\u016fj na tom, o \u010dem v\u00ed\u0161, \u017ee je to pravda"}]},{"@type":"WebSite","@id":"https:\/\/tv.joycemeyer.org\/czech\/#website","url":"https:\/\/tv.joycemeyer.org\/czech\/","name":"Joyce Meyer Ministries - Czech","description":"Sd\u00edlet se o Krista - milovat lidi","potentialAction":[{"@type":"SearchAction","target":{"@type":"EntryPoint","urlTemplate":"https:\/\/tv.joycemeyer.org\/czech\/?s={search_term_string}"},"query-input":{"@type":"PropertyValueSpecification","valueRequired":true,"valueName":"search_term_string"}}],"inLanguage":"cs"}]}},"_links":{"self":[{"href":"https:\/\/tv.joycemeyer.org\/czech\/wp-json\/wp\/v2\/devotional\/2758","targetHints":{"allow":["GET"]}}],"collection":[{"href":"https:\/\/tv.joycemeyer.org\/czech\/wp-json\/wp\/v2\/devotional"}],"about":[{"href":"https:\/\/tv.joycemeyer.org\/czech\/wp-json\/wp\/v2\/types\/devotional"}],"author":[{"embeddable":true,"href":"https:\/\/tv.joycemeyer.org\/czech\/wp-json\/wp\/v2\/users\/20"}],"replies":[{"embeddable":true,"href":"https:\/\/tv.joycemeyer.org\/czech\/wp-json\/wp\/v2\/comments?post=2758"}],"wp:featuredmedia":[{"embeddable":true,"href":"https:\/\/tv.joycemeyer.org\/czech\/wp-json\/wp\/v2\/media\/2759"}],"wp:attachment":[{"href":"https:\/\/tv.joycemeyer.org\/czech\/wp-json\/wp\/v2\/media?parent=2758"}],"curies":[{"name":"wp","href":"https:\/\/api.w.org\/{rel}","templated":true}]}}