{"id":2764,"date":"2023-11-27T00:01:48","date_gmt":"2023-11-27T00:01:48","guid":{"rendered":"https:\/\/tv.joycemeyer.org\/czech\/?post_type=devotional&#038;p=2764"},"modified":"2023-11-27T12:21:36","modified_gmt":"2023-11-27T12:21:36","slug":"spravnou-rovnovahu","status":"publish","type":"devotional","link":"https:\/\/tv.joycemeyer.org\/czech\/devotional\/spravnou-rovnovahu\/","title":{"rendered":"M\u011bj moudrost pro spr\u00e1vnou rovnov\u00e1hu"},"content":{"rendered":"<blockquote><p>\u201eNedost\u00e1v\u00e1-li se n\u011bkomu z v\u00e1s moudrosti, a\u0165 ji \u017e\u00e1d\u00e1 od Boha, kter\u00fd d\u00e1v\u00e1 v\u0161em \u0161t\u011bd\u0159e a nevy\u010d\u00edt\u00e1, a bude mu d\u00e1na.\u201c (Jakub 1,5)<\/p><\/blockquote>\n<p>Pokud pneumatiky u tv\u00e9ho automobilu nejsou vyv\u00e1\u017een\u00e9, \u010dek\u00e1 t\u011b divok\u00e1 j\u00edzda. Mysl\u00edm, \u017ee tot\u00e9\u017e plat\u00ed pro n\u00e1\u0161 \u017eivot. Kdy\u017e se v jedn\u00e9 nebo v\u00edce oblastech dostaneme z rovnov\u00e1hy, pak se to, co m\u011blo j\u00edt hladce, stane hrbolatou cestou plnou nep\u0159\u00edjemnost\u00ed.<\/p>\n<p>St\u00e1v\u00e1 se, \u017ee n\u011bco p\u0159e\u017eeneme a v n\u011bkter\u00e9 oblasti \u017eivota ztrat\u00edme rovnov\u00e1hu. M\u016f\u017ee se st\u00e1t to v kter\u00e9koli oblasti, dokonce i tam, kde bychom to ne\u010dekali. \u017dena m\u016f\u017ee nap\u0159\u00edklad po\u0161kodit sv\u00e9 man\u017eelstv\u00ed t\u00edm, \u017ee se p\u0159\u00edli\u0161 soust\u0159ed\u00ed na d\u011bti. Pokud tr\u00e1v\u00ed ka\u017ed\u00fd bd\u011bl\u00fd okam\u017eik a ve\u0161kerou svou energii p\u00e9\u010d\u00ed o d\u011bti a p\u0159itom nev\u011bnuje pozornost pot\u0159eb\u00e1m sv\u00e9ho man\u017eela, bude jej\u00ed man\u017eelstv\u00ed trp\u011bt.<\/p>\n<p>Mu\u017ei (ale tak\u00e9 mnoho \u017een) se snadno nech\u00e1vaj\u00ed zcela pohltit svou kari\u00e9rou. Tr\u00e1v\u00ed-li mu\u017e ve\u0161ker\u00fd \u010das v pr\u00e1ci a zanedb\u00e1v\u00e1 svou \u017eenu a d\u011bti, m\u016f\u017ee mo\u017en\u00e1 b\u00fdt skv\u011bl\u00fdm \u017eivitelem, rodin\u011b ale chyb\u00ed man\u017eel i otec. Kl\u00ed\u010dem je vyv\u00e1\u017eenost!<\/p>\n<p>Tot\u00e9\u017e plat\u00ed i v m\u00e9n\u011b v\u00fdrazn\u00fdch oblastech \u017eivota. N\u011bkte\u0159\u00ed lid\u00e9 skoro nemluv\u00ed, a jin\u00ed mluv\u00ed p\u0159\u00edli\u0161 mnoho. N\u011bkte\u0159\u00ed lid\u00e9 p\u0159\u00edli\u0161 mnoho pl\u00e1nuj\u00ed, a n\u011bkte\u0159\u00ed nepl\u00e1nuj\u00ed v\u016fbec. N\u011bkdo o sob\u011b sm\u00fd\u0161l\u00ed p\u0159\u00edli\u0161 vysoko, a n\u011bkdo jin\u00fd zase p\u0159\u00edli\u0161 n\u00edzko. I v t\u011bch nejnepatrn\u011bj\u0161\u00edch oblastech se \u010dlov\u011bk m\u016f\u017ee dostat z rovnov\u00e1hy.<\/p>\n<p>Prozkoumej pe\u010dliv\u011b sv\u016fj \u017eivot a zjisti, zda nem\u00e1\u0161 n\u011bjakou oblast, kde nejsi v rovnov\u00e1ze. Po\u017e\u00e1dej Boha o moudrost k proveden\u00ed nezbytn\u00fdch \u00faprav, aby tv\u016fj \u017eivot mohl b\u00fdt vyv\u00e1\u017een\u00fd, zdrav\u00fd a pln\u00fd radosti.<\/p>\n<hr \/>\n<h4>Po\u017e\u00e1d\u00e1\u0161-li Boha o moudrost, d\u00e1 ti ji.<\/h4>\n","protected":false},"excerpt":{"rendered":"<p>Kl\u00ed\u010dem je vyv\u00e1\u017eenost!<\/p>\n","protected":false},"author":20,"featured_media":2765,"parent":0,"menu_order":0,"comment_status":"closed","ping_status":"closed","template":"","class_list":["post-2764","devotional","type-devotional","status-publish","has-post-thumbnail","hentry"],"acf":[],"appp":{"post_detail":{"above_title":"<div class=\"post-featured-wrap\"><img width=\"960\" height=\"586\" src=\"https:\/\/tv.joycemeyer.org\/czech\/wp-content\/uploads\/sites\/67\/2023\/11\/3411L.jpg\" class=\"post-featured wp-post-image\" alt=\"M\u011bj moudrost pro spr\u00e1vnou rovnov\u00e1hu\" decoding=\"async\" srcset=\"https:\/\/tv.joycemeyer.org\/czech\/wp-content\/uploads\/sites\/67\/2023\/11\/3411L.jpg 960w, https:\/\/tv.joycemeyer.org\/czech\/wp-content\/uploads\/sites\/67\/2023\/11\/3411L-300x183.jpg 300w, https:\/\/tv.joycemeyer.org\/czech\/wp-content\/uploads\/sites\/67\/2023\/11\/3411L-768x469.jpg 768w\" sizes=\"(max-width: 960px) 100vw, 960px\" \/><\/div>","below_content":""}},"yoast_head":"<!-- This site is optimized with the Yoast SEO plugin v27.4 - https:\/\/yoast.com\/product\/yoast-seo-wordpress\/ -->\n<title>M\u011bj moudrost pro spr\u00e1vnou rovnov\u00e1hu - Joyce Meyer Ministries - Czech<\/title>\n<meta name=\"robots\" content=\"index, follow, max-snippet:-1, max-image-preview:large, max-video-preview:-1\" \/>\n<link rel=\"canonical\" href=\"https:\/\/tv.joycemeyer.org\/czech\/devotional\/spravnou-rovnovahu\/\" \/>\n<meta property=\"og:locale\" content=\"cs_CZ\" \/>\n<meta property=\"og:type\" content=\"article\" \/>\n<meta property=\"og:title\" content=\"M\u011bj moudrost pro spr\u00e1vnou rovnov\u00e1hu - Joyce Meyer Ministries - Czech\" \/>\n<meta property=\"og:description\" content=\"Kl\u00ed\u010dem je vyv\u00e1\u017eenost!\" \/>\n<meta property=\"og:url\" content=\"https:\/\/tv.joycemeyer.org\/czech\/devotional\/spravnou-rovnovahu\/\" \/>\n<meta property=\"og:site_name\" content=\"Joyce Meyer Ministries - Czech\" \/>\n<meta property=\"article:publisher\" content=\"https:\/\/www.facebook.com\/joycemeyerministriescesko\/\" \/>\n<meta property=\"article:modified_time\" content=\"2023-11-27T12:21:36+00:00\" \/>\n<meta property=\"og:image\" content=\"https:\/\/tv.joycemeyer.org\/czech\/wp-content\/uploads\/sites\/67\/2023\/11\/3411L.jpg\" \/>\n\t<meta property=\"og:image:width\" content=\"960\" \/>\n\t<meta property=\"og:image:height\" content=\"586\" \/>\n\t<meta property=\"og:image:type\" content=\"image\/jpeg\" \/>\n<meta name=\"twitter:card\" content=\"summary_large_image\" \/>\n<meta name=\"twitter:label1\" content=\"Odhadovan\u00e1 doba \u010dten\u00ed\" \/>\n\t<meta name=\"twitter:data1\" content=\"1 minuta\" \/>\n<script type=\"application\/ld+json\" class=\"yoast-schema-graph\">{\"@context\":\"https:\\\/\\\/schema.org\",\"@graph\":[{\"@type\":\"WebPage\",\"@id\":\"https:\\\/\\\/tv.joycemeyer.org\\\/czech\\\/devotional\\\/spravnou-rovnovahu\\\/\",\"url\":\"https:\\\/\\\/tv.joycemeyer.org\\\/czech\\\/devotional\\\/spravnou-rovnovahu\\\/\",\"name\":\"M\u011bj moudrost pro spr\u00e1vnou rovnov\u00e1hu - Joyce Meyer Ministries - Czech\",\"isPartOf\":{\"@id\":\"https:\\\/\\\/tv.joycemeyer.org\\\/czech\\\/#website\"},\"primaryImageOfPage\":{\"@id\":\"https:\\\/\\\/tv.joycemeyer.org\\\/czech\\\/devotional\\\/spravnou-rovnovahu\\\/#primaryimage\"},\"image\":{\"@id\":\"https:\\\/\\\/tv.joycemeyer.org\\\/czech\\\/devotional\\\/spravnou-rovnovahu\\\/#primaryimage\"},\"thumbnailUrl\":\"https:\\\/\\\/tv.joycemeyer.org\\\/czech\\\/wp-content\\\/uploads\\\/sites\\\/67\\\/2023\\\/11\\\/3411L.jpg\",\"datePublished\":\"2023-11-27T00:01:48+00:00\",\"dateModified\":\"2023-11-27T12:21:36+00:00\",\"breadcrumb\":{\"@id\":\"https:\\\/\\\/tv.joycemeyer.org\\\/czech\\\/devotional\\\/spravnou-rovnovahu\\\/#breadcrumb\"},\"inLanguage\":\"cs\",\"potentialAction\":[{\"@type\":\"ReadAction\",\"target\":[\"https:\\\/\\\/tv.joycemeyer.org\\\/czech\\\/devotional\\\/spravnou-rovnovahu\\\/\"]}]},{\"@type\":\"ImageObject\",\"inLanguage\":\"cs\",\"@id\":\"https:\\\/\\\/tv.joycemeyer.org\\\/czech\\\/devotional\\\/spravnou-rovnovahu\\\/#primaryimage\",\"url\":\"https:\\\/\\\/tv.joycemeyer.org\\\/czech\\\/wp-content\\\/uploads\\\/sites\\\/67\\\/2023\\\/11\\\/3411L.jpg\",\"contentUrl\":\"https:\\\/\\\/tv.joycemeyer.org\\\/czech\\\/wp-content\\\/uploads\\\/sites\\\/67\\\/2023\\\/11\\\/3411L.jpg\",\"width\":960,\"height\":586,\"caption\":\"M\u011bj moudrost pro spr\u00e1vnou rovnov\u00e1hu\"},{\"@type\":\"BreadcrumbList\",\"@id\":\"https:\\\/\\\/tv.joycemeyer.org\\\/czech\\\/devotional\\\/spravnou-rovnovahu\\\/#breadcrumb\",\"itemListElement\":[{\"@type\":\"ListItem\",\"position\":1,\"name\":\"Home\",\"item\":\"https:\\\/\\\/tv.joycemeyer.org\\\/czech\\\/\"},{\"@type\":\"ListItem\",\"position\":2,\"name\":\"Devotional\",\"item\":\"https:\\\/\\\/tv.joycemeyer.org\\\/czech\\\/devotional\\\/\"},{\"@type\":\"ListItem\",\"position\":3,\"name\":\"M\u011bj moudrost pro spr\u00e1vnou rovnov\u00e1hu\"}]},{\"@type\":\"WebSite\",\"@id\":\"https:\\\/\\\/tv.joycemeyer.org\\\/czech\\\/#website\",\"url\":\"https:\\\/\\\/tv.joycemeyer.org\\\/czech\\\/\",\"name\":\"Joyce Meyer Ministries - Czech\",\"description\":\"Sd\u00edlet se o Krista - milovat lidi\",\"potentialAction\":[{\"@type\":\"SearchAction\",\"target\":{\"@type\":\"EntryPoint\",\"urlTemplate\":\"https:\\\/\\\/tv.joycemeyer.org\\\/czech\\\/?s={search_term_string}\"},\"query-input\":{\"@type\":\"PropertyValueSpecification\",\"valueRequired\":true,\"valueName\":\"search_term_string\"}}],\"inLanguage\":\"cs\"}]}<\/script>\n<!-- \/ Yoast SEO plugin. -->","yoast_head_json":{"title":"M\u011bj moudrost pro spr\u00e1vnou rovnov\u00e1hu - Joyce Meyer Ministries - Czech","robots":{"index":"index","follow":"follow","max-snippet":"max-snippet:-1","max-image-preview":"max-image-preview:large","max-video-preview":"max-video-preview:-1"},"canonical":"https:\/\/tv.joycemeyer.org\/czech\/devotional\/spravnou-rovnovahu\/","og_locale":"cs_CZ","og_type":"article","og_title":"M\u011bj moudrost pro spr\u00e1vnou rovnov\u00e1hu - Joyce Meyer Ministries - Czech","og_description":"Kl\u00ed\u010dem je vyv\u00e1\u017eenost!","og_url":"https:\/\/tv.joycemeyer.org\/czech\/devotional\/spravnou-rovnovahu\/","og_site_name":"Joyce Meyer Ministries - Czech","article_publisher":"https:\/\/www.facebook.com\/joycemeyerministriescesko\/","article_modified_time":"2023-11-27T12:21:36+00:00","og_image":[{"width":960,"height":586,"url":"https:\/\/tv.joycemeyer.org\/czech\/wp-content\/uploads\/sites\/67\/2023\/11\/3411L.jpg","type":"image\/jpeg"}],"twitter_card":"summary_large_image","twitter_misc":{"Odhadovan\u00e1 doba \u010dten\u00ed":"1 minuta"},"schema":{"@context":"https:\/\/schema.org","@graph":[{"@type":"WebPage","@id":"https:\/\/tv.joycemeyer.org\/czech\/devotional\/spravnou-rovnovahu\/","url":"https:\/\/tv.joycemeyer.org\/czech\/devotional\/spravnou-rovnovahu\/","name":"M\u011bj moudrost pro spr\u00e1vnou rovnov\u00e1hu - Joyce Meyer Ministries - Czech","isPartOf":{"@id":"https:\/\/tv.joycemeyer.org\/czech\/#website"},"primaryImageOfPage":{"@id":"https:\/\/tv.joycemeyer.org\/czech\/devotional\/spravnou-rovnovahu\/#primaryimage"},"image":{"@id":"https:\/\/tv.joycemeyer.org\/czech\/devotional\/spravnou-rovnovahu\/#primaryimage"},"thumbnailUrl":"https:\/\/tv.joycemeyer.org\/czech\/wp-content\/uploads\/sites\/67\/2023\/11\/3411L.jpg","datePublished":"2023-11-27T00:01:48+00:00","dateModified":"2023-11-27T12:21:36+00:00","breadcrumb":{"@id":"https:\/\/tv.joycemeyer.org\/czech\/devotional\/spravnou-rovnovahu\/#breadcrumb"},"inLanguage":"cs","potentialAction":[{"@type":"ReadAction","target":["https:\/\/tv.joycemeyer.org\/czech\/devotional\/spravnou-rovnovahu\/"]}]},{"@type":"ImageObject","inLanguage":"cs","@id":"https:\/\/tv.joycemeyer.org\/czech\/devotional\/spravnou-rovnovahu\/#primaryimage","url":"https:\/\/tv.joycemeyer.org\/czech\/wp-content\/uploads\/sites\/67\/2023\/11\/3411L.jpg","contentUrl":"https:\/\/tv.joycemeyer.org\/czech\/wp-content\/uploads\/sites\/67\/2023\/11\/3411L.jpg","width":960,"height":586,"caption":"M\u011bj moudrost pro spr\u00e1vnou rovnov\u00e1hu"},{"@type":"BreadcrumbList","@id":"https:\/\/tv.joycemeyer.org\/czech\/devotional\/spravnou-rovnovahu\/#breadcrumb","itemListElement":[{"@type":"ListItem","position":1,"name":"Home","item":"https:\/\/tv.joycemeyer.org\/czech\/"},{"@type":"ListItem","position":2,"name":"Devotional","item":"https:\/\/tv.joycemeyer.org\/czech\/devotional\/"},{"@type":"ListItem","position":3,"name":"M\u011bj moudrost pro spr\u00e1vnou rovnov\u00e1hu"}]},{"@type":"WebSite","@id":"https:\/\/tv.joycemeyer.org\/czech\/#website","url":"https:\/\/tv.joycemeyer.org\/czech\/","name":"Joyce Meyer Ministries - Czech","description":"Sd\u00edlet se o Krista - milovat lidi","potentialAction":[{"@type":"SearchAction","target":{"@type":"EntryPoint","urlTemplate":"https:\/\/tv.joycemeyer.org\/czech\/?s={search_term_string}"},"query-input":{"@type":"PropertyValueSpecification","valueRequired":true,"valueName":"search_term_string"}}],"inLanguage":"cs"}]}},"_links":{"self":[{"href":"https:\/\/tv.joycemeyer.org\/czech\/wp-json\/wp\/v2\/devotional\/2764","targetHints":{"allow":["GET"]}}],"collection":[{"href":"https:\/\/tv.joycemeyer.org\/czech\/wp-json\/wp\/v2\/devotional"}],"about":[{"href":"https:\/\/tv.joycemeyer.org\/czech\/wp-json\/wp\/v2\/types\/devotional"}],"author":[{"embeddable":true,"href":"https:\/\/tv.joycemeyer.org\/czech\/wp-json\/wp\/v2\/users\/20"}],"replies":[{"embeddable":true,"href":"https:\/\/tv.joycemeyer.org\/czech\/wp-json\/wp\/v2\/comments?post=2764"}],"wp:featuredmedia":[{"embeddable":true,"href":"https:\/\/tv.joycemeyer.org\/czech\/wp-json\/wp\/v2\/media\/2765"}],"wp:attachment":[{"href":"https:\/\/tv.joycemeyer.org\/czech\/wp-json\/wp\/v2\/media?parent=2764"}],"curies":[{"name":"wp","href":"https:\/\/api.w.org\/{rel}","templated":true}]}}