{"id":354,"date":"2026-02-19T00:01:09","date_gmt":"2026-02-19T00:01:09","guid":{"rendered":"https:\/\/tv.joycemeyer.org\/czech\/?post_type=devotional&#038;p=354"},"modified":"2025-11-12T18:10:32","modified_gmt":"2025-11-12T18:10:32","slug":"prijmete-ducha-svateho","status":"publish","type":"devotional","link":"https:\/\/tv.joycemeyer.org\/czech\/devotional\/prijmete-ducha-svateho\/","title":{"rendered":"P\u0159ijm\u011bte Ducha Svat\u00e9ho"},"content":{"rendered":"<blockquote><p>Ale p\u0159ijmete moc Ducha Svat\u00e9ho, kter\u00fd na v\u00e1s p\u0159ijde. Skutky 1,8<\/p><\/blockquote>\n<p>Ve Skutc\u00edch 1,8 n\u00e1m Je\u017e\u00ed\u0161 zasl\u00edbil, \u017ee na n\u00e1s sestoup\u00ed Duch svat\u00fd a d\u00e1 n\u00e1m moc (schopnost, zdatnost a s\u00edlu) b\u00fdt Kristov\u00fdmi sv\u011bdky a\u017e na nejzaz\u0161\u00ed konec zem\u011b.<\/p>\n<p>Mnoho k\u0159es\u0165an\u016f se \u0159\u00edd\u00ed \u201espr\u00e1vn\u00fdmi\u201c z\u00e1sadami, z\u00e1rove\u0148 si v\u0161ak pokl\u00e1d\u00e1 ot\u00e1zku: \u201eExistuje v \u017eivot\u011b n\u011bco v\u00edc?\u201c Jako mlad\u00e1 k\u0159es\u0165anka jsem pro\u017e\u00edvala stejnou pr\u00e1zdnotu. Spr\u00e1vn\u00e1 rozhodnut\u00ed mi p\u0159in\u00e1\u0161ela jen do\u010dasn\u00e9 \u0161t\u011bst\u00ed, nedok\u00e1zala mi v\u0161ak zaru\u010dit hlubokou a napl\u0148uj\u00edc\u00ed radost.<\/p>\n<p>Volala jsem k Bohu: \u201ePane, n\u011bco mi st\u00e1le chyb\u00ed!\u201c K m\u00e9mu p\u0159ekvapen\u00ed mne Je\u017e\u00ed\u0161, jen o p\u00e1r hodin pozd\u011bji, naplnil p\u0159\u00edtomnost\u00ed Ducha svat\u00e9ho zp\u016fsobem, kter\u00fd jsem nikdy p\u0159edt\u00edm neza\u017eila. Tato zku\u0161enost prom\u011bnila \u00fapln\u011b v\u0161e. Nov\u00fdm zp\u016fsobem jsem ve sv\u00e9m \u017eivot\u011b pro\u017e\u00edvala Bo\u017e\u00ed moc.<\/p>\n<p>Pokud ka\u017edodenn\u011b tr\u00e1v\u00edte \u010das s Bohem a p\u0159ij\u00edm\u00e1te Jeho Ducha svat\u00e9ho, nemus\u00edte se ob\u00e1vat ni\u010deho neobvykl\u00e9ho nebo zastra\u0161uj\u00edc\u00edho. Jednodu\u0161e p\u0159ij\u00edm\u00e1te Jeho moc, kter\u00e1 v\u00e1m pom\u016f\u017ee b\u00fdt podobn\u011bj\u0161\u00ed Je\u017e\u00ed\u0161i. Z\u00edsk\u00e1te Jeho moudrost pro ka\u017edodenn\u00ed \u017eivot a rozhodov\u00e1n\u00ed.<\/p>\n<p>Nebojte se nov\u00fdch v\u011bc\u00ed. Prov\u011b\u0159te pouze, zdali jsou biblicky podlo\u017een\u00e9. V\u011b\u0159\u00edm, \u017ee n\u00e1s B\u016fh tou\u017e\u00ed v\u00e9st do nov\u00fdch dimenz\u00ed vztahu s\u00a0N\u00edm, skrze ka\u017edodenn\u00ed spole\u010denstv\u00ed s Duchem svat\u00fdm. Ji\u017e nyn\u00ed klepe na dve\u0159e va\u0161eho srdce. Otev\u0159ete Mu a uv\u00edt\u00e1te Ho ve sv\u00e9m \u017eivot\u011b?<\/p>\n<hr \/>\n<p>M\u016f\u017eete se za\u010d\u00edt modlit<\/p>\n<p>\u201eBo\u017ee, chci b\u00fdt k\u0159es\u0165anem, kter\u00fd je pln\u00fd moci Tv\u00e9ho Ducha svat\u00e9ho. Ukazuj mi, jak pro\u017e\u00edvat hlubokou a napl\u0148uj\u00edc\u00ed radost ve Tv\u00e9m Duchu svat\u00e9m. D\u011bkuji Ti za s\u00edlu a moudrost, d\u00edky kter\u00fdm mohu ka\u017ed\u00fd den pro\u017e\u00edt ve Tv\u00e9 spravedlnosti, a v ka\u017ed\u00e9 situaci pro\u017e\u00edvat Tv\u016fj pokoj a radost.\u201c<\/p>\n","protected":false},"excerpt":{"rendered":"<p>Ve Skutc\u00edch 1,8 n\u00e1m Je\u017e\u00ed\u0161 zasl\u00edbil, \u017ee na n\u00e1s sestoup\u00ed Duch svat\u00fd a d\u00e1 n\u00e1m moc (schopnost, zdatnost a s\u00edlu) b\u00fdt Kristov\u00fdmi sv\u011bdky a\u017e na nejzaz\u0161\u00ed konec zem\u011b &#8230;<\/p>\n","protected":false},"author":15,"featured_media":355,"parent":0,"menu_order":0,"comment_status":"closed","ping_status":"closed","template":"","class_list":["post-354","devotional","type-devotional","status-publish","has-post-thumbnail","hentry"],"acf":[],"appp":{"post_detail":{"above_title":"<div class=\"post-featured-wrap\"><img width=\"1024\" height=\"576\" src=\"https:\/\/tv.joycemeyer.org\/czech\/wp-content\/uploads\/sites\/67\/2020\/04\/965-1024x576.jpg\" class=\"post-featured wp-post-image\" alt=\"\" decoding=\"async\" srcset=\"https:\/\/tv.joycemeyer.org\/czech\/wp-content\/uploads\/sites\/67\/2020\/04\/965-1024x576.jpg 1024w, https:\/\/tv.joycemeyer.org\/czech\/wp-content\/uploads\/sites\/67\/2020\/04\/965-300x169.jpg 300w, https:\/\/tv.joycemeyer.org\/czech\/wp-content\/uploads\/sites\/67\/2020\/04\/965-768x432.jpg 768w, https:\/\/tv.joycemeyer.org\/czech\/wp-content\/uploads\/sites\/67\/2020\/04\/965-1536x864.jpg 1536w, https:\/\/tv.joycemeyer.org\/czech\/wp-content\/uploads\/sites\/67\/2020\/04\/965-2048x1152.jpg 2048w, https:\/\/tv.joycemeyer.org\/czech\/wp-content\/uploads\/sites\/67\/2020\/04\/965-640x360.jpg 640w, https:\/\/tv.joycemeyer.org\/czech\/wp-content\/uploads\/sites\/67\/2020\/04\/965-960x540.jpg 960w\" sizes=\"(max-width: 1024px) 100vw, 1024px\" \/><\/div>","below_content":"<div class=\"follow\"><h6 class=\"alt\">Spojte se s n\u00e1mi<\/h6><ul class=\"nav nav--social nav--flex\"><li class=\"menu-item facebook\"><a href=\"https:\/\/www.facebook.com\/joycemeyerministriescesko\/\" target=\"_blank\"><span class=\"visuallyhidden\">Facebook<\/span><\/a><\/li><\/ul><\/div>"}},"yoast_head":"<!-- This site is optimized with the Yoast SEO plugin v27.4 - https:\/\/yoast.com\/product\/yoast-seo-wordpress\/ -->\n<title>P\u0159ijm\u011bte Ducha Svat\u00e9ho - Joyce Meyer Ministries - Czech<\/title>\n<meta name=\"robots\" content=\"index, follow, max-snippet:-1, max-image-preview:large, max-video-preview:-1\" \/>\n<link rel=\"canonical\" href=\"https:\/\/tv.joycemeyer.org\/czech\/devotional\/prijmete-ducha-svateho\/\" \/>\n<meta property=\"og:locale\" content=\"cs_CZ\" \/>\n<meta property=\"og:type\" content=\"article\" \/>\n<meta property=\"og:title\" content=\"P\u0159ijm\u011bte Ducha Svat\u00e9ho - Joyce Meyer Ministries - Czech\" \/>\n<meta property=\"og:description\" content=\"Ve Skutc\u00edch 1,8 n\u00e1m Je\u017e\u00ed\u0161 zasl\u00edbil, \u017ee na n\u00e1s sestoup\u00ed Duch svat\u00fd a d\u00e1 n\u00e1m moc (schopnost, zdatnost a s\u00edlu) b\u00fdt Kristov\u00fdmi sv\u011bdky a\u017e na nejzaz\u0161\u00ed konec zem\u011b ...\" \/>\n<meta property=\"og:url\" content=\"https:\/\/tv.joycemeyer.org\/czech\/devotional\/prijmete-ducha-svateho\/\" \/>\n<meta property=\"og:site_name\" content=\"Joyce Meyer Ministries - Czech\" \/>\n<meta property=\"article:publisher\" content=\"https:\/\/www.facebook.com\/joycemeyerministriescesko\/\" \/>\n<meta property=\"og:image\" content=\"https:\/\/tv.joycemeyer.org\/czech\/wp-content\/uploads\/sites\/67\/2020\/04\/965-scaled.jpg\" \/>\n\t<meta property=\"og:image:width\" content=\"2560\" \/>\n\t<meta property=\"og:image:height\" content=\"1440\" \/>\n\t<meta property=\"og:image:type\" content=\"image\/jpeg\" \/>\n<meta name=\"twitter:card\" content=\"summary_large_image\" \/>\n<meta name=\"twitter:label1\" content=\"Odhadovan\u00e1 doba \u010dten\u00ed\" \/>\n\t<meta name=\"twitter:data1\" content=\"2 minuty\" \/>\n<script type=\"application\/ld+json\" class=\"yoast-schema-graph\">{\"@context\":\"https:\\\/\\\/schema.org\",\"@graph\":[{\"@type\":\"WebPage\",\"@id\":\"https:\\\/\\\/tv.joycemeyer.org\\\/czech\\\/devotional\\\/prijmete-ducha-svateho\\\/\",\"url\":\"https:\\\/\\\/tv.joycemeyer.org\\\/czech\\\/devotional\\\/prijmete-ducha-svateho\\\/\",\"name\":\"P\u0159ijm\u011bte Ducha Svat\u00e9ho - Joyce Meyer Ministries - Czech\",\"isPartOf\":{\"@id\":\"https:\\\/\\\/tv.joycemeyer.org\\\/czech\\\/#website\"},\"primaryImageOfPage\":{\"@id\":\"https:\\\/\\\/tv.joycemeyer.org\\\/czech\\\/devotional\\\/prijmete-ducha-svateho\\\/#primaryimage\"},\"image\":{\"@id\":\"https:\\\/\\\/tv.joycemeyer.org\\\/czech\\\/devotional\\\/prijmete-ducha-svateho\\\/#primaryimage\"},\"thumbnailUrl\":\"https:\\\/\\\/tv.joycemeyer.org\\\/czech\\\/wp-content\\\/uploads\\\/sites\\\/67\\\/2020\\\/04\\\/965-scaled.jpg\",\"datePublished\":\"2026-02-19T00:01:09+00:00\",\"breadcrumb\":{\"@id\":\"https:\\\/\\\/tv.joycemeyer.org\\\/czech\\\/devotional\\\/prijmete-ducha-svateho\\\/#breadcrumb\"},\"inLanguage\":\"cs\",\"potentialAction\":[{\"@type\":\"ReadAction\",\"target\":[\"https:\\\/\\\/tv.joycemeyer.org\\\/czech\\\/devotional\\\/prijmete-ducha-svateho\\\/\"]}]},{\"@type\":\"ImageObject\",\"inLanguage\":\"cs\",\"@id\":\"https:\\\/\\\/tv.joycemeyer.org\\\/czech\\\/devotional\\\/prijmete-ducha-svateho\\\/#primaryimage\",\"url\":\"https:\\\/\\\/tv.joycemeyer.org\\\/czech\\\/wp-content\\\/uploads\\\/sites\\\/67\\\/2020\\\/04\\\/965-scaled.jpg\",\"contentUrl\":\"https:\\\/\\\/tv.joycemeyer.org\\\/czech\\\/wp-content\\\/uploads\\\/sites\\\/67\\\/2020\\\/04\\\/965-scaled.jpg\",\"width\":2560,\"height\":1440,\"caption\":\"P\u0159ijm\u011bte Ducha Svat\u00e9ho\"},{\"@type\":\"BreadcrumbList\",\"@id\":\"https:\\\/\\\/tv.joycemeyer.org\\\/czech\\\/devotional\\\/prijmete-ducha-svateho\\\/#breadcrumb\",\"itemListElement\":[{\"@type\":\"ListItem\",\"position\":1,\"name\":\"Home\",\"item\":\"https:\\\/\\\/tv.joycemeyer.org\\\/czech\\\/\"},{\"@type\":\"ListItem\",\"position\":2,\"name\":\"Devotional\",\"item\":\"https:\\\/\\\/tv.joycemeyer.org\\\/czech\\\/devotional\\\/\"},{\"@type\":\"ListItem\",\"position\":3,\"name\":\"P\u0159ijm\u011bte Ducha Svat\u00e9ho\"}]},{\"@type\":\"WebSite\",\"@id\":\"https:\\\/\\\/tv.joycemeyer.org\\\/czech\\\/#website\",\"url\":\"https:\\\/\\\/tv.joycemeyer.org\\\/czech\\\/\",\"name\":\"Joyce Meyer Ministries - Czech\",\"description\":\"Sd\u00edlet se o Krista - milovat lidi\",\"potentialAction\":[{\"@type\":\"SearchAction\",\"target\":{\"@type\":\"EntryPoint\",\"urlTemplate\":\"https:\\\/\\\/tv.joycemeyer.org\\\/czech\\\/?s={search_term_string}\"},\"query-input\":{\"@type\":\"PropertyValueSpecification\",\"valueRequired\":true,\"valueName\":\"search_term_string\"}}],\"inLanguage\":\"cs\"}]}<\/script>\n<!-- \/ Yoast SEO plugin. -->","yoast_head_json":{"title":"P\u0159ijm\u011bte Ducha Svat\u00e9ho - Joyce Meyer Ministries - Czech","robots":{"index":"index","follow":"follow","max-snippet":"max-snippet:-1","max-image-preview":"max-image-preview:large","max-video-preview":"max-video-preview:-1"},"canonical":"https:\/\/tv.joycemeyer.org\/czech\/devotional\/prijmete-ducha-svateho\/","og_locale":"cs_CZ","og_type":"article","og_title":"P\u0159ijm\u011bte Ducha Svat\u00e9ho - Joyce Meyer Ministries - Czech","og_description":"Ve Skutc\u00edch 1,8 n\u00e1m Je\u017e\u00ed\u0161 zasl\u00edbil, \u017ee na n\u00e1s sestoup\u00ed Duch svat\u00fd a d\u00e1 n\u00e1m moc (schopnost, zdatnost a s\u00edlu) b\u00fdt Kristov\u00fdmi sv\u011bdky a\u017e na nejzaz\u0161\u00ed konec zem\u011b ...","og_url":"https:\/\/tv.joycemeyer.org\/czech\/devotional\/prijmete-ducha-svateho\/","og_site_name":"Joyce Meyer Ministries - Czech","article_publisher":"https:\/\/www.facebook.com\/joycemeyerministriescesko\/","og_image":[{"width":2560,"height":1440,"url":"https:\/\/tv.joycemeyer.org\/czech\/wp-content\/uploads\/sites\/67\/2020\/04\/965-scaled.jpg","type":"image\/jpeg"}],"twitter_card":"summary_large_image","twitter_misc":{"Odhadovan\u00e1 doba \u010dten\u00ed":"2 minuty"},"schema":{"@context":"https:\/\/schema.org","@graph":[{"@type":"WebPage","@id":"https:\/\/tv.joycemeyer.org\/czech\/devotional\/prijmete-ducha-svateho\/","url":"https:\/\/tv.joycemeyer.org\/czech\/devotional\/prijmete-ducha-svateho\/","name":"P\u0159ijm\u011bte Ducha Svat\u00e9ho - Joyce Meyer Ministries - Czech","isPartOf":{"@id":"https:\/\/tv.joycemeyer.org\/czech\/#website"},"primaryImageOfPage":{"@id":"https:\/\/tv.joycemeyer.org\/czech\/devotional\/prijmete-ducha-svateho\/#primaryimage"},"image":{"@id":"https:\/\/tv.joycemeyer.org\/czech\/devotional\/prijmete-ducha-svateho\/#primaryimage"},"thumbnailUrl":"https:\/\/tv.joycemeyer.org\/czech\/wp-content\/uploads\/sites\/67\/2020\/04\/965-scaled.jpg","datePublished":"2026-02-19T00:01:09+00:00","breadcrumb":{"@id":"https:\/\/tv.joycemeyer.org\/czech\/devotional\/prijmete-ducha-svateho\/#breadcrumb"},"inLanguage":"cs","potentialAction":[{"@type":"ReadAction","target":["https:\/\/tv.joycemeyer.org\/czech\/devotional\/prijmete-ducha-svateho\/"]}]},{"@type":"ImageObject","inLanguage":"cs","@id":"https:\/\/tv.joycemeyer.org\/czech\/devotional\/prijmete-ducha-svateho\/#primaryimage","url":"https:\/\/tv.joycemeyer.org\/czech\/wp-content\/uploads\/sites\/67\/2020\/04\/965-scaled.jpg","contentUrl":"https:\/\/tv.joycemeyer.org\/czech\/wp-content\/uploads\/sites\/67\/2020\/04\/965-scaled.jpg","width":2560,"height":1440,"caption":"P\u0159ijm\u011bte Ducha Svat\u00e9ho"},{"@type":"BreadcrumbList","@id":"https:\/\/tv.joycemeyer.org\/czech\/devotional\/prijmete-ducha-svateho\/#breadcrumb","itemListElement":[{"@type":"ListItem","position":1,"name":"Home","item":"https:\/\/tv.joycemeyer.org\/czech\/"},{"@type":"ListItem","position":2,"name":"Devotional","item":"https:\/\/tv.joycemeyer.org\/czech\/devotional\/"},{"@type":"ListItem","position":3,"name":"P\u0159ijm\u011bte Ducha Svat\u00e9ho"}]},{"@type":"WebSite","@id":"https:\/\/tv.joycemeyer.org\/czech\/#website","url":"https:\/\/tv.joycemeyer.org\/czech\/","name":"Joyce Meyer Ministries - Czech","description":"Sd\u00edlet se o Krista - milovat lidi","potentialAction":[{"@type":"SearchAction","target":{"@type":"EntryPoint","urlTemplate":"https:\/\/tv.joycemeyer.org\/czech\/?s={search_term_string}"},"query-input":{"@type":"PropertyValueSpecification","valueRequired":true,"valueName":"search_term_string"}}],"inLanguage":"cs"}]}},"_links":{"self":[{"href":"https:\/\/tv.joycemeyer.org\/czech\/wp-json\/wp\/v2\/devotional\/354","targetHints":{"allow":["GET"]}}],"collection":[{"href":"https:\/\/tv.joycemeyer.org\/czech\/wp-json\/wp\/v2\/devotional"}],"about":[{"href":"https:\/\/tv.joycemeyer.org\/czech\/wp-json\/wp\/v2\/types\/devotional"}],"author":[{"embeddable":true,"href":"https:\/\/tv.joycemeyer.org\/czech\/wp-json\/wp\/v2\/users\/15"}],"replies":[{"embeddable":true,"href":"https:\/\/tv.joycemeyer.org\/czech\/wp-json\/wp\/v2\/comments?post=354"}],"wp:featuredmedia":[{"embeddable":true,"href":"https:\/\/tv.joycemeyer.org\/czech\/wp-json\/wp\/v2\/media\/355"}],"wp:attachment":[{"href":"https:\/\/tv.joycemeyer.org\/czech\/wp-json\/wp\/v2\/media?parent=354"}],"curies":[{"name":"wp","href":"https:\/\/api.w.org\/{rel}","templated":true}]}}