{"id":489,"date":"2026-04-20T00:01:04","date_gmt":"2026-04-20T00:01:04","guid":{"rendered":"https:\/\/tv.joycemeyer.org\/czech\/?post_type=devotional&#038;p=489"},"modified":"2025-11-19T15:40:50","modified_gmt":"2025-11-19T15:40:50","slug":"modlete-se-v-jeho-jmenu","status":"publish","type":"devotional","link":"https:\/\/tv.joycemeyer.org\/czech\/devotional\/modlete-se-v-jeho-jmenu\/","title":{"rendered":"Modlete se v Jeho jm\u00e9nu"},"content":{"rendered":"<blockquote><p>\u201eV t\u00e9 hodin\u011b se m\u011b nebudete na nic pt\u00e1t. Amen, amen, prav\u00edm v\u00e1m: Jestli\u017ee o n\u011bco po\u017e\u00e1d\u00e1te Otce v m\u00e9m jm\u00e9nu, d\u00e1 v\u00e1m\u00a0to.\u00a0A\u017e dosud jste o nic nepo\u017e\u00e1dali v m\u00e9m jm\u00e9nu; \u017e\u00e1dejte a dostanete, aby va\u0161e radost byla \u00fapln\u00e1.\u201d Jan 16,23\u201324<\/p><\/blockquote>\n<p>Kdy\u017e chodil n\u00e1\u0161 nejmlad\u0161\u00ed syn je\u0161t\u011b do \u0161koly, starali se o n\u011bj b\u011bhem na\u0161ich cest jin\u00ed lid\u00e9. Proto, aby se mohli za m\u00e9 nep\u0159\u00edtomnosti postarat o jeho zdravotn\u00ed stav, a v\u00a0p\u0159\u00edpad\u011b pot\u0159eby zvolit vhodnou l\u00e9\u010dbu, musela jsem podepsat ur\u010dit\u00e9 pr\u00e1vn\u00ed prohl\u00e1\u0161en\u00ed, ve kter\u00e9m jsem jim ud\u011blila pr\u00e1vo \u010dinit v\u00a0m\u00e9m jm\u00e9nu rozhodnut\u00ed ohledn\u011b zdrav\u00ed m\u00e9ho syna.<\/p>\n<p>P\u0159esn\u011b to stejn\u00e9 u\u010dinil Je\u017e\u00ed\u0161 pro sv\u00e9 u\u010dedn\u00edky a n\u00e1sledn\u011b tak\u00e9 pro v\u0161echny, kte\u0159\u00ed v\u00a0N\u011bj v\u011b\u0159\u00ed. Sl\u00edbil, \u017ee n\u00e1s Otec vysly\u0161\u00ed, budeme-li Ho prosit v\u00a0Jeho jm\u00e9nu. Je to autorita, kterou jsme dostali v\u00a0Jeho jm\u00e9nu.<\/p>\n<p>Jeho jm\u00e9no zauj\u00edm\u00e1 Jeho m\u00edsto, reprezentuje Ho. Modl\u00edme-li se v\u00a0Jeho jm\u00e9nu, je to, jako kdyby se modlil On s\u00e1m. Toto privilegium se zd\u00e1 p\u0159\u00edli\u0161 podivuhodn\u00e9 a n\u011bkdy je pro n\u00e1s t\u011b\u017ek\u00e9 tomu uv\u011b\u0159it! Proto\u017ee n\u00e1m to v\u0161ak B\u016fh v\u00a0Bibli zasl\u00edbil, m\u016f\u017eeme tomu v\u011b\u0159it. Pou\u017e\u00edvejte tedy autoritu Je\u017e\u00ed\u0161ova jm\u00e9na, p\u0159em\u00e1hejte zlo a p\u0159in\u00e1\u0161ejte Bo\u017e\u00ed po\u017eehn\u00e1n\u00ed do tohoto sv\u011bta.<\/p>\n<hr \/>\n<p>M\u016f\u017eete se za\u010d\u00edt modlit<\/p>\n<p>\u201eBo\u017ee, s\u00a0odvahou se modl\u00edm ve jm\u00e9nu Je\u017e\u00ed\u0161e. V\u00edm, \u017ee mi naslouch\u00e1\u0161 a jsi p\u0159ipraven m\u011b vysly\u0161et. D\u011bkuji Ti za \u00fa\u017easn\u00e9 privilegium, \u017ee se mohu modlit ve jm\u00e9nu Tv\u00e9ho Syna.\u201c<\/p>\n","protected":false},"excerpt":{"rendered":"<p>Pou\u017e\u00edvejte tedy autoritu Je\u017e\u00ed\u0161ova jm\u00e9na, p\u0159em\u00e1hejte zlo a p\u0159in\u00e1\u0161ejte Bo\u017e\u00ed po\u017eehn\u00e1n\u00ed do tohoto sv\u011bta.<\/p>\n","protected":false},"author":15,"featured_media":490,"parent":0,"menu_order":0,"comment_status":"closed","ping_status":"closed","template":"","class_list":["post-489","devotional","type-devotional","status-publish","has-post-thumbnail","hentry"],"acf":[],"appp":{"post_detail":{"above_title":"<div class=\"post-featured-wrap\"><img width=\"960\" height=\"540\" src=\"https:\/\/tv.joycemeyer.org\/czech\/wp-content\/uploads\/sites\/67\/2020\/06\/755.jpg\" class=\"post-featured wp-post-image\" alt=\"\" decoding=\"async\" srcset=\"https:\/\/tv.joycemeyer.org\/czech\/wp-content\/uploads\/sites\/67\/2020\/06\/755.jpg 960w, https:\/\/tv.joycemeyer.org\/czech\/wp-content\/uploads\/sites\/67\/2020\/06\/755-300x169.jpg 300w, https:\/\/tv.joycemeyer.org\/czech\/wp-content\/uploads\/sites\/67\/2020\/06\/755-768x432.jpg 768w, https:\/\/tv.joycemeyer.org\/czech\/wp-content\/uploads\/sites\/67\/2020\/06\/755-640x360.jpg 640w\" sizes=\"(max-width: 960px) 100vw, 960px\" \/><\/div>","below_content":"<div class=\"follow\"><h6 class=\"alt\">Spojte se s n\u00e1mi<\/h6><ul class=\"nav nav--social nav--flex\"><li class=\"menu-item facebook\"><a href=\"https:\/\/www.facebook.com\/joycemeyerministriescesko\/\" target=\"_blank\"><span class=\"visuallyhidden\">Facebook<\/span><\/a><\/li><\/ul><\/div>"}},"yoast_head":"<!-- This site is optimized with the Yoast SEO plugin v27.4 - https:\/\/yoast.com\/product\/yoast-seo-wordpress\/ -->\n<title>Modlete se v Jeho jm\u00e9nu - Joyce Meyer Ministries - Czech<\/title>\n<meta name=\"robots\" content=\"index, follow, max-snippet:-1, max-image-preview:large, max-video-preview:-1\" \/>\n<link rel=\"canonical\" href=\"https:\/\/tv.joycemeyer.org\/czech\/devotional\/modlete-se-v-jeho-jmenu\/\" \/>\n<meta property=\"og:locale\" content=\"cs_CZ\" \/>\n<meta property=\"og:type\" content=\"article\" \/>\n<meta property=\"og:title\" content=\"Modlete se v Jeho jm\u00e9nu - Joyce Meyer Ministries - Czech\" \/>\n<meta property=\"og:description\" content=\"Pou\u017e\u00edvejte tedy autoritu Je\u017e\u00ed\u0161ova jm\u00e9na, p\u0159em\u00e1hejte zlo a p\u0159in\u00e1\u0161ejte Bo\u017e\u00ed po\u017eehn\u00e1n\u00ed do tohoto sv\u011bta.\" \/>\n<meta property=\"og:url\" content=\"https:\/\/tv.joycemeyer.org\/czech\/devotional\/modlete-se-v-jeho-jmenu\/\" \/>\n<meta property=\"og:site_name\" content=\"Joyce Meyer Ministries - Czech\" \/>\n<meta property=\"article:publisher\" content=\"https:\/\/www.facebook.com\/joycemeyerministriescesko\/\" \/>\n<meta property=\"og:image\" content=\"https:\/\/tv.joycemeyer.org\/czech\/wp-content\/uploads\/sites\/67\/2020\/06\/755.jpg\" \/>\n\t<meta property=\"og:image:width\" content=\"960\" \/>\n\t<meta property=\"og:image:height\" content=\"540\" \/>\n\t<meta property=\"og:image:type\" content=\"image\/jpeg\" \/>\n<meta name=\"twitter:card\" content=\"summary_large_image\" \/>\n<meta name=\"twitter:label1\" content=\"Odhadovan\u00e1 doba \u010dten\u00ed\" \/>\n\t<meta name=\"twitter:data1\" content=\"2 minuty\" \/>\n<script type=\"application\/ld+json\" class=\"yoast-schema-graph\">{\"@context\":\"https:\\\/\\\/schema.org\",\"@graph\":[{\"@type\":\"WebPage\",\"@id\":\"https:\\\/\\\/tv.joycemeyer.org\\\/czech\\\/devotional\\\/modlete-se-v-jeho-jmenu\\\/\",\"url\":\"https:\\\/\\\/tv.joycemeyer.org\\\/czech\\\/devotional\\\/modlete-se-v-jeho-jmenu\\\/\",\"name\":\"Modlete se v Jeho jm\u00e9nu - Joyce Meyer Ministries - Czech\",\"isPartOf\":{\"@id\":\"https:\\\/\\\/tv.joycemeyer.org\\\/czech\\\/#website\"},\"primaryImageOfPage\":{\"@id\":\"https:\\\/\\\/tv.joycemeyer.org\\\/czech\\\/devotional\\\/modlete-se-v-jeho-jmenu\\\/#primaryimage\"},\"image\":{\"@id\":\"https:\\\/\\\/tv.joycemeyer.org\\\/czech\\\/devotional\\\/modlete-se-v-jeho-jmenu\\\/#primaryimage\"},\"thumbnailUrl\":\"https:\\\/\\\/tv.joycemeyer.org\\\/czech\\\/wp-content\\\/uploads\\\/sites\\\/67\\\/2020\\\/06\\\/755.jpg\",\"datePublished\":\"2026-04-20T00:01:04+00:00\",\"breadcrumb\":{\"@id\":\"https:\\\/\\\/tv.joycemeyer.org\\\/czech\\\/devotional\\\/modlete-se-v-jeho-jmenu\\\/#breadcrumb\"},\"inLanguage\":\"cs\",\"potentialAction\":[{\"@type\":\"ReadAction\",\"target\":[\"https:\\\/\\\/tv.joycemeyer.org\\\/czech\\\/devotional\\\/modlete-se-v-jeho-jmenu\\\/\"]}]},{\"@type\":\"ImageObject\",\"inLanguage\":\"cs\",\"@id\":\"https:\\\/\\\/tv.joycemeyer.org\\\/czech\\\/devotional\\\/modlete-se-v-jeho-jmenu\\\/#primaryimage\",\"url\":\"https:\\\/\\\/tv.joycemeyer.org\\\/czech\\\/wp-content\\\/uploads\\\/sites\\\/67\\\/2020\\\/06\\\/755.jpg\",\"contentUrl\":\"https:\\\/\\\/tv.joycemeyer.org\\\/czech\\\/wp-content\\\/uploads\\\/sites\\\/67\\\/2020\\\/06\\\/755.jpg\",\"width\":960,\"height\":540,\"caption\":\"Modlete se v Jeho jm\u00e9nu\"},{\"@type\":\"BreadcrumbList\",\"@id\":\"https:\\\/\\\/tv.joycemeyer.org\\\/czech\\\/devotional\\\/modlete-se-v-jeho-jmenu\\\/#breadcrumb\",\"itemListElement\":[{\"@type\":\"ListItem\",\"position\":1,\"name\":\"Home\",\"item\":\"https:\\\/\\\/tv.joycemeyer.org\\\/czech\\\/\"},{\"@type\":\"ListItem\",\"position\":2,\"name\":\"Devotional\",\"item\":\"https:\\\/\\\/tv.joycemeyer.org\\\/czech\\\/devotional\\\/\"},{\"@type\":\"ListItem\",\"position\":3,\"name\":\"Modlete se v Jeho jm\u00e9nu\"}]},{\"@type\":\"WebSite\",\"@id\":\"https:\\\/\\\/tv.joycemeyer.org\\\/czech\\\/#website\",\"url\":\"https:\\\/\\\/tv.joycemeyer.org\\\/czech\\\/\",\"name\":\"Joyce Meyer Ministries - Czech\",\"description\":\"Sd\u00edlet se o Krista - milovat lidi\",\"potentialAction\":[{\"@type\":\"SearchAction\",\"target\":{\"@type\":\"EntryPoint\",\"urlTemplate\":\"https:\\\/\\\/tv.joycemeyer.org\\\/czech\\\/?s={search_term_string}\"},\"query-input\":{\"@type\":\"PropertyValueSpecification\",\"valueRequired\":true,\"valueName\":\"search_term_string\"}}],\"inLanguage\":\"cs\"}]}<\/script>\n<!-- \/ Yoast SEO plugin. -->","yoast_head_json":{"title":"Modlete se v Jeho jm\u00e9nu - Joyce Meyer Ministries - Czech","robots":{"index":"index","follow":"follow","max-snippet":"max-snippet:-1","max-image-preview":"max-image-preview:large","max-video-preview":"max-video-preview:-1"},"canonical":"https:\/\/tv.joycemeyer.org\/czech\/devotional\/modlete-se-v-jeho-jmenu\/","og_locale":"cs_CZ","og_type":"article","og_title":"Modlete se v Jeho jm\u00e9nu - Joyce Meyer Ministries - Czech","og_description":"Pou\u017e\u00edvejte tedy autoritu Je\u017e\u00ed\u0161ova jm\u00e9na, p\u0159em\u00e1hejte zlo a p\u0159in\u00e1\u0161ejte Bo\u017e\u00ed po\u017eehn\u00e1n\u00ed do tohoto sv\u011bta.","og_url":"https:\/\/tv.joycemeyer.org\/czech\/devotional\/modlete-se-v-jeho-jmenu\/","og_site_name":"Joyce Meyer Ministries - Czech","article_publisher":"https:\/\/www.facebook.com\/joycemeyerministriescesko\/","og_image":[{"width":960,"height":540,"url":"https:\/\/tv.joycemeyer.org\/czech\/wp-content\/uploads\/sites\/67\/2020\/06\/755.jpg","type":"image\/jpeg"}],"twitter_card":"summary_large_image","twitter_misc":{"Odhadovan\u00e1 doba \u010dten\u00ed":"2 minuty"},"schema":{"@context":"https:\/\/schema.org","@graph":[{"@type":"WebPage","@id":"https:\/\/tv.joycemeyer.org\/czech\/devotional\/modlete-se-v-jeho-jmenu\/","url":"https:\/\/tv.joycemeyer.org\/czech\/devotional\/modlete-se-v-jeho-jmenu\/","name":"Modlete se v Jeho jm\u00e9nu - Joyce Meyer Ministries - Czech","isPartOf":{"@id":"https:\/\/tv.joycemeyer.org\/czech\/#website"},"primaryImageOfPage":{"@id":"https:\/\/tv.joycemeyer.org\/czech\/devotional\/modlete-se-v-jeho-jmenu\/#primaryimage"},"image":{"@id":"https:\/\/tv.joycemeyer.org\/czech\/devotional\/modlete-se-v-jeho-jmenu\/#primaryimage"},"thumbnailUrl":"https:\/\/tv.joycemeyer.org\/czech\/wp-content\/uploads\/sites\/67\/2020\/06\/755.jpg","datePublished":"2026-04-20T00:01:04+00:00","breadcrumb":{"@id":"https:\/\/tv.joycemeyer.org\/czech\/devotional\/modlete-se-v-jeho-jmenu\/#breadcrumb"},"inLanguage":"cs","potentialAction":[{"@type":"ReadAction","target":["https:\/\/tv.joycemeyer.org\/czech\/devotional\/modlete-se-v-jeho-jmenu\/"]}]},{"@type":"ImageObject","inLanguage":"cs","@id":"https:\/\/tv.joycemeyer.org\/czech\/devotional\/modlete-se-v-jeho-jmenu\/#primaryimage","url":"https:\/\/tv.joycemeyer.org\/czech\/wp-content\/uploads\/sites\/67\/2020\/06\/755.jpg","contentUrl":"https:\/\/tv.joycemeyer.org\/czech\/wp-content\/uploads\/sites\/67\/2020\/06\/755.jpg","width":960,"height":540,"caption":"Modlete se v Jeho jm\u00e9nu"},{"@type":"BreadcrumbList","@id":"https:\/\/tv.joycemeyer.org\/czech\/devotional\/modlete-se-v-jeho-jmenu\/#breadcrumb","itemListElement":[{"@type":"ListItem","position":1,"name":"Home","item":"https:\/\/tv.joycemeyer.org\/czech\/"},{"@type":"ListItem","position":2,"name":"Devotional","item":"https:\/\/tv.joycemeyer.org\/czech\/devotional\/"},{"@type":"ListItem","position":3,"name":"Modlete se v Jeho jm\u00e9nu"}]},{"@type":"WebSite","@id":"https:\/\/tv.joycemeyer.org\/czech\/#website","url":"https:\/\/tv.joycemeyer.org\/czech\/","name":"Joyce Meyer Ministries - Czech","description":"Sd\u00edlet se o Krista - milovat lidi","potentialAction":[{"@type":"SearchAction","target":{"@type":"EntryPoint","urlTemplate":"https:\/\/tv.joycemeyer.org\/czech\/?s={search_term_string}"},"query-input":{"@type":"PropertyValueSpecification","valueRequired":true,"valueName":"search_term_string"}}],"inLanguage":"cs"}]}},"_links":{"self":[{"href":"https:\/\/tv.joycemeyer.org\/czech\/wp-json\/wp\/v2\/devotional\/489","targetHints":{"allow":["GET"]}}],"collection":[{"href":"https:\/\/tv.joycemeyer.org\/czech\/wp-json\/wp\/v2\/devotional"}],"about":[{"href":"https:\/\/tv.joycemeyer.org\/czech\/wp-json\/wp\/v2\/types\/devotional"}],"author":[{"embeddable":true,"href":"https:\/\/tv.joycemeyer.org\/czech\/wp-json\/wp\/v2\/users\/15"}],"replies":[{"embeddable":true,"href":"https:\/\/tv.joycemeyer.org\/czech\/wp-json\/wp\/v2\/comments?post=489"}],"wp:featuredmedia":[{"embeddable":true,"href":"https:\/\/tv.joycemeyer.org\/czech\/wp-json\/wp\/v2\/media\/490"}],"wp:attachment":[{"href":"https:\/\/tv.joycemeyer.org\/czech\/wp-json\/wp\/v2\/media?parent=489"}],"curies":[{"name":"wp","href":"https:\/\/api.w.org\/{rel}","templated":true}]}}