{"id":821,"date":"2026-08-29T00:01:34","date_gmt":"2026-08-29T00:01:34","guid":{"rendered":"https:\/\/tv.joycemeyer.org\/czech\/?post_type=devotional&#038;p=821"},"modified":"2026-02-25T14:12:33","modified_gmt":"2026-02-25T14:12:33","slug":"nepocitejme-krivdy","status":"publish","type":"devotional","link":"https:\/\/tv.joycemeyer.org\/czech\/devotional\/nepocitejme-krivdy\/","title":{"rendered":"Nepo\u010d\u00edtejme k\u0159ivdy"},"content":{"rendered":"<blockquote><p>L\u00e1ska nejedn\u00e1 ne\u010destn\u011b, nehled\u00e1 sv\u016fj prosp\u011bch, neroz\u010diluje se, nepo\u010d\u00edt\u00e1 zlo. 1. Korintsk\u00fdm 13,5<\/p><\/blockquote>\n<p>Chcete-li z\u016fstat duchovn\u011b zdrav\u00ed a siln\u00ed, mus\u00edte se nau\u010dit odpou\u0161t\u011bt v\u0161em, kte\u0159\u00ed v\u00e1s zranili. Jestli\u017ee se v\u0161ak k\u0159ivdami dlouho zab\u00fdv\u00e1te, \u0161kod\u00edte t\u00edm jen sami sob\u011b. Lid\u00e9, kte\u0159\u00ed v\u00e1s v\u00a0minulosti zranili, o tom u\u017e pravd\u011bpodobn\u011b ani nev\u00ed, zat\u00edmco vy st\u00e1le je\u0161t\u011b trp\u00edte.<\/p>\n<p>Jestli\u017ee \u017eijeme v\u00a0neodpu\u0161t\u011bn\u00ed, shroma\u017e\u010fujeme t\u00edm z\u00e1znamy o lidech, kte\u0159\u00ed n\u00e1m v\u00a0minulosti uk\u0159ivdili. T\u00edmto zp\u016fsobem se v\u0161ak vyvy\u0161ujeme nad ostatn\u00ed a mysl\u00edme si, \u017ee jsme lep\u0161\u00ed ne\u017e oni.<\/p>\n<p>Kdy\u017e jsme se na za\u010d\u00e1tku na\u0161eho man\u017eelstv\u00ed n\u011bkdy s\u00a0Davem poh\u00e1dali, obvykle jsem mu p\u0159i t\u00e9 p\u0159\u00edle\u017eitosti vy\u010detla mnoho dal\u0161\u00edch v\u011bc\u00ed, kter\u00e9 m\u011b v\u00a0minulosti zranily. Vzpom\u00edn\u00e1m si, jak se m\u011b v\u017edy zeptal: \u201eKde, pros\u00edm t\u011b, shroma\u017e\u010fuje\u0161 v\u0161echny ty v\u011bci?\u201c M\u011bla jsem je uschovan\u00e9 na ur\u010dit\u00e9m m\u00edst\u011b v\u00a0m\u00e9m nitru a p\u011bkn\u011b m\u011b tam u\u017e\u00edraly. Ka\u017edou dal\u0161\u00ed negativn\u00ed v\u011bc, kterou Dave ud\u011blal, jsem p\u0159idala na tento seznam, a\u017e se z\u00a0toho stal velk\u00fd balvan v\u00a0m\u00e9m srdci.<\/p>\n<p>D\u00edky Bohu jsem se v\u0161ak nau\u010dila \u017e\u00edt l\u00e9pe! Kdy\u017e z\u016fst\u00e1v\u00e1me v\u00a0Bo\u017e\u00ed l\u00e1sce, z\u00edsk\u00e1me svobodu k\u00a0tomu, abychom \u201enepo\u010d\u00edtali k\u0159ivdy\u201c, kter\u00e9 n\u00e1m druz\u00ed zp\u016fsobili. Pokud v\u00a0tom je\u0161t\u011b nem\u00e1te v\u00edt\u011bzstv\u00ed, proste Boha, aby v\u00e1m pomohl odpou\u0161t\u011bt. Je\u0161t\u011b dnes se m\u016f\u017eete zbavit ve\u0161ker\u00e9 ho\u0159kosti ve va\u0161em srdci.<\/p>\n<hr \/>\n<p>Modlitba<\/p>\n<p>Bo\u017ee, nechci m\u00edt ve sv\u00e9m srdci neodpu\u0161t\u011bn\u00ed, ani si nechci shroma\u017e\u010fovat zran\u011bn\u00ed. Vyd\u00e1v\u00e1m se Ti a pros\u00edm T\u011b, abys mi pomohl \u017e\u00edt ve Tv\u00e9 l\u00e1sce a \u201enepo\u010d\u00edtat k\u0159ivdy\u201c.<\/p>\n","protected":false},"excerpt":{"rendered":"<p> Pokud v tom je\u0161t\u011b nem\u00e1te v\u00edt\u011bzstv\u00ed, proste Boha, aby v\u00e1m pomohl odpou\u0161t\u011bt.<\/p>\n","protected":false},"author":15,"featured_media":822,"parent":0,"menu_order":0,"comment_status":"closed","ping_status":"closed","template":"","class_list":["post-821","devotional","type-devotional","status-publish","has-post-thumbnail","hentry"],"acf":[],"appp":{"post_detail":{"above_title":"<div class=\"post-featured-wrap\"><img width=\"960\" height=\"540\" src=\"https:\/\/tv.joycemeyer.org\/czech\/wp-content\/uploads\/sites\/67\/2020\/10\/1127.jpg\" class=\"post-featured wp-post-image\" alt=\"\" decoding=\"async\" srcset=\"https:\/\/tv.joycemeyer.org\/czech\/wp-content\/uploads\/sites\/67\/2020\/10\/1127.jpg 960w, https:\/\/tv.joycemeyer.org\/czech\/wp-content\/uploads\/sites\/67\/2020\/10\/1127-300x169.jpg 300w, https:\/\/tv.joycemeyer.org\/czech\/wp-content\/uploads\/sites\/67\/2020\/10\/1127-768x432.jpg 768w, https:\/\/tv.joycemeyer.org\/czech\/wp-content\/uploads\/sites\/67\/2020\/10\/1127-640x360.jpg 640w\" sizes=\"(max-width: 960px) 100vw, 960px\" \/><\/div>","below_content":"<div class=\"follow\"><h6 class=\"alt\">Spojte se s n\u00e1mi<\/h6><ul class=\"nav nav--social nav--flex\"><li class=\"menu-item facebook\"><a href=\"https:\/\/www.facebook.com\/joycemeyerministriescesko\/\" target=\"_blank\"><span class=\"visuallyhidden\">Facebook<\/span><\/a><\/li><\/ul><\/div>"}},"yoast_head":"<!-- This site is optimized with the Yoast SEO plugin v28.2 - https:\/\/yoast.com\/product\/yoast-seo-wordpress\/ -->\n<title>Nepo\u010d\u00edtejme k\u0159ivdy - Joyce Meyer Ministries - Czech<\/title>\n<meta name=\"robots\" content=\"index, follow, max-snippet:-1, max-image-preview:large, max-video-preview:-1\" \/>\n<link rel=\"canonical\" href=\"https:\/\/tv.joycemeyer.org\/czech\/devotional\/nepocitejme-krivdy\/\" \/>\n<meta property=\"og:locale\" content=\"cs_CZ\" \/>\n<meta property=\"og:type\" content=\"article\" \/>\n<meta property=\"og:title\" content=\"Nepo\u010d\u00edtejme k\u0159ivdy - Joyce Meyer Ministries - Czech\" \/>\n<meta property=\"og:description\" content=\"Pokud v tom je\u0161t\u011b nem\u00e1te v\u00edt\u011bzstv\u00ed, proste Boha, aby v\u00e1m pomohl odpou\u0161t\u011bt.\" \/>\n<meta property=\"og:url\" content=\"https:\/\/tv.joycemeyer.org\/czech\/devotional\/nepocitejme-krivdy\/\" \/>\n<meta property=\"og:site_name\" content=\"Joyce Meyer Ministries - Czech\" \/>\n<meta property=\"article:publisher\" content=\"https:\/\/www.facebook.com\/joycemeyerministriescesko\/\" \/>\n<meta property=\"og:image\" content=\"https:\/\/tv.joycemeyer.org\/czech\/wp-content\/uploads\/sites\/67\/2020\/10\/1127.jpg\" \/>\n\t<meta property=\"og:image:width\" content=\"960\" \/>\n\t<meta property=\"og:image:height\" content=\"540\" \/>\n\t<meta property=\"og:image:type\" content=\"image\/jpeg\" \/>\n<meta name=\"twitter:card\" content=\"summary_large_image\" \/>\n<meta name=\"twitter:label1\" content=\"Odhadovan\u00e1 doba \u010dten\u00ed\" \/>\n\t<meta name=\"twitter:data1\" content=\"2 minuty\" \/>\n<script type=\"application\/ld+json\" class=\"yoast-schema-graph\">{\"@context\":\"https:\\\/\\\/schema.org\",\"@graph\":[{\"@type\":\"WebPage\",\"@id\":\"https:\\\/\\\/tv.joycemeyer.org\\\/czech\\\/devotional\\\/nepocitejme-krivdy\\\/\",\"url\":\"https:\\\/\\\/tv.joycemeyer.org\\\/czech\\\/devotional\\\/nepocitejme-krivdy\\\/\",\"name\":\"Nepo\u010d\u00edtejme k\u0159ivdy - Joyce Meyer Ministries - Czech\",\"isPartOf\":{\"@id\":\"https:\\\/\\\/tv.joycemeyer.org\\\/czech\\\/#website\"},\"primaryImageOfPage\":{\"@id\":\"https:\\\/\\\/tv.joycemeyer.org\\\/czech\\\/devotional\\\/nepocitejme-krivdy\\\/#primaryimage\"},\"image\":{\"@id\":\"https:\\\/\\\/tv.joycemeyer.org\\\/czech\\\/devotional\\\/nepocitejme-krivdy\\\/#primaryimage\"},\"thumbnailUrl\":\"https:\\\/\\\/tv.joycemeyer.org\\\/czech\\\/wp-content\\\/uploads\\\/sites\\\/67\\\/2020\\\/10\\\/1127.jpg\",\"datePublished\":\"2026-08-29T00:01:34+00:00\",\"breadcrumb\":{\"@id\":\"https:\\\/\\\/tv.joycemeyer.org\\\/czech\\\/devotional\\\/nepocitejme-krivdy\\\/#breadcrumb\"},\"inLanguage\":\"cs\",\"potentialAction\":[{\"@type\":\"ReadAction\",\"target\":[\"https:\\\/\\\/tv.joycemeyer.org\\\/czech\\\/devotional\\\/nepocitejme-krivdy\\\/\"]}]},{\"@type\":\"ImageObject\",\"inLanguage\":\"cs\",\"@id\":\"https:\\\/\\\/tv.joycemeyer.org\\\/czech\\\/devotional\\\/nepocitejme-krivdy\\\/#primaryimage\",\"url\":\"https:\\\/\\\/tv.joycemeyer.org\\\/czech\\\/wp-content\\\/uploads\\\/sites\\\/67\\\/2020\\\/10\\\/1127.jpg\",\"contentUrl\":\"https:\\\/\\\/tv.joycemeyer.org\\\/czech\\\/wp-content\\\/uploads\\\/sites\\\/67\\\/2020\\\/10\\\/1127.jpg\",\"width\":\"960\",\"height\":\"540\",\"caption\":\"Nepo\u010d\u00edtejme k\u0159ivdy\"},{\"@type\":\"BreadcrumbList\",\"@id\":\"https:\\\/\\\/tv.joycemeyer.org\\\/czech\\\/devotional\\\/nepocitejme-krivdy\\\/#breadcrumb\",\"itemListElement\":[{\"@type\":\"ListItem\",\"position\":1,\"name\":\"Home\",\"item\":\"https:\\\/\\\/tv.joycemeyer.org\\\/czech\\\/\"},{\"@type\":\"ListItem\",\"position\":2,\"name\":\"Devotional\",\"item\":\"https:\\\/\\\/tv.joycemeyer.org\\\/czech\\\/devotional\\\/\"},{\"@type\":\"ListItem\",\"position\":3,\"name\":\"Nepo\u010d\u00edtejme k\u0159ivdy\"}]},{\"@type\":\"WebSite\",\"@id\":\"https:\\\/\\\/tv.joycemeyer.org\\\/czech\\\/#website\",\"url\":\"https:\\\/\\\/tv.joycemeyer.org\\\/czech\\\/\",\"name\":\"Joyce Meyer Ministries - Czech\",\"description\":\"Sd\u00edlet se o Krista - milovat lidi\",\"potentialAction\":[{\"@type\":\"SearchAction\",\"target\":{\"@type\":\"EntryPoint\",\"urlTemplate\":\"https:\\\/\\\/tv.joycemeyer.org\\\/czech\\\/?s={search_term_string}\"},\"query-input\":{\"@type\":\"PropertyValueSpecification\",\"valueRequired\":true,\"valueName\":\"search_term_string\"}}],\"inLanguage\":\"cs\"}]}<\/script>\n<!-- \/ Yoast SEO plugin. -->","yoast_head_json":{"title":"Nepo\u010d\u00edtejme k\u0159ivdy - Joyce Meyer Ministries - Czech","robots":{"index":"index","follow":"follow","max-snippet":"max-snippet:-1","max-image-preview":"max-image-preview:large","max-video-preview":"max-video-preview:-1"},"canonical":"https:\/\/tv.joycemeyer.org\/czech\/devotional\/nepocitejme-krivdy\/","og_locale":"cs_CZ","og_type":"article","og_title":"Nepo\u010d\u00edtejme k\u0159ivdy - Joyce Meyer Ministries - Czech","og_description":"Pokud v tom je\u0161t\u011b nem\u00e1te v\u00edt\u011bzstv\u00ed, proste Boha, aby v\u00e1m pomohl odpou\u0161t\u011bt.","og_url":"https:\/\/tv.joycemeyer.org\/czech\/devotional\/nepocitejme-krivdy\/","og_site_name":"Joyce Meyer Ministries - Czech","article_publisher":"https:\/\/www.facebook.com\/joycemeyerministriescesko\/","og_image":[{"width":960,"height":540,"url":"https:\/\/tv.joycemeyer.org\/czech\/wp-content\/uploads\/sites\/67\/2020\/10\/1127.jpg","type":"image\/jpeg"}],"twitter_card":"summary_large_image","twitter_misc":{"Odhadovan\u00e1 doba \u010dten\u00ed":"2 minuty"},"schema":{"@context":"https:\/\/schema.org","@graph":[{"@type":"WebPage","@id":"https:\/\/tv.joycemeyer.org\/czech\/devotional\/nepocitejme-krivdy\/","url":"https:\/\/tv.joycemeyer.org\/czech\/devotional\/nepocitejme-krivdy\/","name":"Nepo\u010d\u00edtejme k\u0159ivdy - Joyce Meyer Ministries - Czech","isPartOf":{"@id":"https:\/\/tv.joycemeyer.org\/czech\/#website"},"primaryImageOfPage":{"@id":"https:\/\/tv.joycemeyer.org\/czech\/devotional\/nepocitejme-krivdy\/#primaryimage"},"image":{"@id":"https:\/\/tv.joycemeyer.org\/czech\/devotional\/nepocitejme-krivdy\/#primaryimage"},"thumbnailUrl":"https:\/\/tv.joycemeyer.org\/czech\/wp-content\/uploads\/sites\/67\/2020\/10\/1127.jpg","datePublished":"2026-08-29T00:01:34+00:00","breadcrumb":{"@id":"https:\/\/tv.joycemeyer.org\/czech\/devotional\/nepocitejme-krivdy\/#breadcrumb"},"inLanguage":"cs","potentialAction":[{"@type":"ReadAction","target":["https:\/\/tv.joycemeyer.org\/czech\/devotional\/nepocitejme-krivdy\/"]}]},{"@type":"ImageObject","inLanguage":"cs","@id":"https:\/\/tv.joycemeyer.org\/czech\/devotional\/nepocitejme-krivdy\/#primaryimage","url":"https:\/\/tv.joycemeyer.org\/czech\/wp-content\/uploads\/sites\/67\/2020\/10\/1127.jpg","contentUrl":"https:\/\/tv.joycemeyer.org\/czech\/wp-content\/uploads\/sites\/67\/2020\/10\/1127.jpg","width":"960","height":"540","caption":"Nepo\u010d\u00edtejme k\u0159ivdy"},{"@type":"BreadcrumbList","@id":"https:\/\/tv.joycemeyer.org\/czech\/devotional\/nepocitejme-krivdy\/#breadcrumb","itemListElement":[{"@type":"ListItem","position":1,"name":"Home","item":"https:\/\/tv.joycemeyer.org\/czech\/"},{"@type":"ListItem","position":2,"name":"Devotional","item":"https:\/\/tv.joycemeyer.org\/czech\/devotional\/"},{"@type":"ListItem","position":3,"name":"Nepo\u010d\u00edtejme k\u0159ivdy"}]},{"@type":"WebSite","@id":"https:\/\/tv.joycemeyer.org\/czech\/#website","url":"https:\/\/tv.joycemeyer.org\/czech\/","name":"Joyce Meyer Ministries - Czech","description":"Sd\u00edlet se o Krista - milovat lidi","potentialAction":[{"@type":"SearchAction","target":{"@type":"EntryPoint","urlTemplate":"https:\/\/tv.joycemeyer.org\/czech\/?s={search_term_string}"},"query-input":{"@type":"PropertyValueSpecification","valueRequired":true,"valueName":"search_term_string"}}],"inLanguage":"cs"}]}},"_links":{"self":[{"href":"https:\/\/tv.joycemeyer.org\/czech\/wp-json\/wp\/v2\/devotional\/821","targetHints":{"allow":["GET"]}}],"collection":[{"href":"https:\/\/tv.joycemeyer.org\/czech\/wp-json\/wp\/v2\/devotional"}],"about":[{"href":"https:\/\/tv.joycemeyer.org\/czech\/wp-json\/wp\/v2\/types\/devotional"}],"author":[{"embeddable":true,"href":"https:\/\/tv.joycemeyer.org\/czech\/wp-json\/wp\/v2\/users\/15"}],"replies":[{"embeddable":true,"href":"https:\/\/tv.joycemeyer.org\/czech\/wp-json\/wp\/v2\/comments?post=821"}],"wp:featuredmedia":[{"embeddable":true,"href":"https:\/\/tv.joycemeyer.org\/czech\/wp-json\/wp\/v2\/media\/822"}],"wp:attachment":[{"href":"https:\/\/tv.joycemeyer.org\/czech\/wp-json\/wp\/v2\/media?parent=821"}],"curies":[{"name":"wp","href":"https:\/\/api.w.org\/{rel}","templated":true}]}}