{"id":823,"date":"2026-08-30T00:01:34","date_gmt":"2026-08-30T00:01:34","guid":{"rendered":"https:\/\/tv.joycemeyer.org\/czech\/?post_type=devotional&#038;p=823"},"modified":"2026-02-25T14:13:24","modified_gmt":"2026-02-25T14:13:24","slug":"o-cem-premyslime","status":"publish","type":"devotional","link":"https:\/\/tv.joycemeyer.org\/czech\/devotional\/o-cem-premyslime\/","title":{"rendered":"O \u010dem p\u0159em\u00fd\u0161l\u00edme"},"content":{"rendered":"<blockquote><p>A \u0159\u00edkal jim: \u201eD\u00e1vejte pozor, co sly\u0161\u00edte. Jakou m\u011brou m\u011b\u0159\u00edte, takovou bude nam\u011b\u0159eno v\u00e1m a bude v\u00e1m p\u0159id\u00e1no. Marek 4,24<\/p><\/blockquote>\n<p>Jako k\u0159es\u0165an\u00e9 pravd\u011bpodobn\u011b ka\u017ed\u00fd den p\u0159em\u00fd\u0161l\u00edte o mnoha v\u011bcech, kter\u00e9 vych\u00e1zej\u00ed z\u00a0Bible. Pravd\u011bpodobn\u011b v\u0161ak tak\u00e9 uva\u017eujete o negativn\u00edch \u010di jen ned\u016fle\u017eit\u00fdch a neutr\u00e1ln\u00edch v\u011bcech, kter\u00e9 v\u00e1m b\u011bhem dne p\u0159ijdou na mysl.<\/p>\n<p>V\u011bt\u0161inu sv\u00e9ho \u017eivota jsem se ve sv\u00e9 mysli zab\u00fdvala v\u0161\u00edm, co m\u011b napadlo. Mnoho z\u00a0toho v\u0161ak byly bu\u010f satanovy l\u017ei, nebo jednodu\u0161e nesmysly.<\/p>\n<p>Ver\u0161 z\u00a0Marka 4,24 n\u00e1m \u0159\u00edk\u00e1, \u017ee \u010d\u00edm v\u00edce budeme p\u0159em\u00fd\u0161let o Bo\u017e\u00edm slov\u011b, t\u00edm v\u00edce budeme schopni podle n\u011bj i \u017e\u00edt. To tak\u00e9 znamen\u00e1, \u017ee \u010d\u00edm v\u00edce budeme Slovo \u010d\u00edst a poslouchat, t\u00edm v\u00edce mu budeme rozum\u011bt.<\/p>\n<p>Sou\u010d\u00e1st\u00ed na\u0161\u00ed star\u00e9 p\u0159irozenosti je lenost. Cht\u011bli bychom p\u0159ij\u00edmat v\u011bci od Boha, ani\u017e bychom pro to n\u011bco ud\u011blali. Tak to ale nefunguje. Skute\u010dn\u00fd u\u017eitek ze slova z\u00edsk\u00e1me jen tehdy, pokud budeme ochotni vynalo\u017eit \u00fasil\u00ed na jeho studium.<\/p>\n<p>P\u0159em\u00fd\u0161lejme o Bo\u017e\u00edm slov\u011b ka\u017ed\u00fd den. \u010c\u00edm v\u00edce se j\u00edm budeme sytit, t\u00edm v\u00edce pozn\u00e1n\u00ed a schopnost\u00ed od Boha z\u00edsk\u00e1me.<\/p>\n<hr \/>\n<p>Modlitba<\/p>\n<p>\u201ePane, rozhoduji se, \u017ee nad Tv\u00fdm slovem str\u00e1v\u00edm ka\u017ed\u00fd den v\u00edce \u010dasu. V\u00edm, \u017ee skrze n\u011bj od Tebe p\u0159ijmu s\u00edlu a pozn\u00e1n\u00ed.\u201c<\/p>\n","protected":false},"excerpt":{"rendered":"<p>To tak\u00e9 znamen\u00e1, \u017ee \u010d\u00edm v\u00edce budeme Slovo \u010d\u00edst a poslouchat, t\u00edm v\u00edce mu budeme rozum\u011bt.<\/p>\n","protected":false},"author":15,"featured_media":824,"parent":0,"menu_order":0,"comment_status":"closed","ping_status":"closed","template":"","class_list":["post-823","devotional","type-devotional","status-publish","has-post-thumbnail","hentry"],"acf":[],"appp":{"post_detail":{"above_title":"<div class=\"post-featured-wrap\"><img width=\"960\" height=\"539\" src=\"https:\/\/tv.joycemeyer.org\/czech\/wp-content\/uploads\/sites\/67\/2020\/10\/1187.jpg\" class=\"post-featured wp-post-image\" alt=\"\" decoding=\"async\" srcset=\"https:\/\/tv.joycemeyer.org\/czech\/wp-content\/uploads\/sites\/67\/2020\/10\/1187.jpg 960w, https:\/\/tv.joycemeyer.org\/czech\/wp-content\/uploads\/sites\/67\/2020\/10\/1187-300x168.jpg 300w, https:\/\/tv.joycemeyer.org\/czech\/wp-content\/uploads\/sites\/67\/2020\/10\/1187-768x431.jpg 768w, https:\/\/tv.joycemeyer.org\/czech\/wp-content\/uploads\/sites\/67\/2020\/10\/1187-640x360.jpg 640w\" sizes=\"(max-width: 960px) 100vw, 960px\" \/><\/div>","below_content":"<div class=\"follow\"><h6 class=\"alt\">Spojte se s n\u00e1mi<\/h6><ul class=\"nav nav--social nav--flex\"><li class=\"menu-item facebook\"><a href=\"https:\/\/www.facebook.com\/joycemeyerministriescesko\/\" target=\"_blank\"><span class=\"visuallyhidden\">Facebook<\/span><\/a><\/li><\/ul><\/div>"}},"yoast_head":"<!-- This site is optimized with the Yoast SEO plugin v28.2 - https:\/\/yoast.com\/product\/yoast-seo-wordpress\/ -->\n<title>O \u010dem p\u0159em\u00fd\u0161l\u00edme - Joyce Meyer Ministries - Czech<\/title>\n<meta name=\"robots\" content=\"index, follow, max-snippet:-1, max-image-preview:large, max-video-preview:-1\" \/>\n<link rel=\"canonical\" href=\"https:\/\/tv.joycemeyer.org\/czech\/devotional\/o-cem-premyslime\/\" \/>\n<meta property=\"og:locale\" content=\"cs_CZ\" \/>\n<meta property=\"og:type\" content=\"article\" \/>\n<meta property=\"og:title\" content=\"O \u010dem p\u0159em\u00fd\u0161l\u00edme - Joyce Meyer Ministries - Czech\" \/>\n<meta property=\"og:description\" content=\"To tak\u00e9 znamen\u00e1, \u017ee \u010d\u00edm v\u00edce budeme Slovo \u010d\u00edst a poslouchat, t\u00edm v\u00edce mu budeme rozum\u011bt.\" \/>\n<meta property=\"og:url\" content=\"https:\/\/tv.joycemeyer.org\/czech\/devotional\/o-cem-premyslime\/\" \/>\n<meta property=\"og:site_name\" content=\"Joyce Meyer Ministries - Czech\" \/>\n<meta property=\"article:publisher\" content=\"https:\/\/www.facebook.com\/joycemeyerministriescesko\/\" \/>\n<meta property=\"og:image\" content=\"https:\/\/tv.joycemeyer.org\/czech\/wp-content\/uploads\/sites\/67\/2020\/10\/1187.jpg\" \/>\n\t<meta property=\"og:image:width\" content=\"960\" \/>\n\t<meta property=\"og:image:height\" content=\"539\" \/>\n\t<meta property=\"og:image:type\" content=\"image\/jpeg\" \/>\n<meta name=\"twitter:card\" content=\"summary_large_image\" \/>\n<meta name=\"twitter:label1\" content=\"Odhadovan\u00e1 doba \u010dten\u00ed\" \/>\n\t<meta name=\"twitter:data1\" content=\"1 minuta\" \/>\n<script type=\"application\/ld+json\" class=\"yoast-schema-graph\">{\"@context\":\"https:\\\/\\\/schema.org\",\"@graph\":[{\"@type\":\"WebPage\",\"@id\":\"https:\\\/\\\/tv.joycemeyer.org\\\/czech\\\/devotional\\\/o-cem-premyslime\\\/\",\"url\":\"https:\\\/\\\/tv.joycemeyer.org\\\/czech\\\/devotional\\\/o-cem-premyslime\\\/\",\"name\":\"O \u010dem p\u0159em\u00fd\u0161l\u00edme - Joyce Meyer Ministries - Czech\",\"isPartOf\":{\"@id\":\"https:\\\/\\\/tv.joycemeyer.org\\\/czech\\\/#website\"},\"primaryImageOfPage\":{\"@id\":\"https:\\\/\\\/tv.joycemeyer.org\\\/czech\\\/devotional\\\/o-cem-premyslime\\\/#primaryimage\"},\"image\":{\"@id\":\"https:\\\/\\\/tv.joycemeyer.org\\\/czech\\\/devotional\\\/o-cem-premyslime\\\/#primaryimage\"},\"thumbnailUrl\":\"https:\\\/\\\/tv.joycemeyer.org\\\/czech\\\/wp-content\\\/uploads\\\/sites\\\/67\\\/2020\\\/10\\\/1187.jpg\",\"datePublished\":\"2026-08-30T00:01:34+00:00\",\"breadcrumb\":{\"@id\":\"https:\\\/\\\/tv.joycemeyer.org\\\/czech\\\/devotional\\\/o-cem-premyslime\\\/#breadcrumb\"},\"inLanguage\":\"cs\",\"potentialAction\":[{\"@type\":\"ReadAction\",\"target\":[\"https:\\\/\\\/tv.joycemeyer.org\\\/czech\\\/devotional\\\/o-cem-premyslime\\\/\"]}]},{\"@type\":\"ImageObject\",\"inLanguage\":\"cs\",\"@id\":\"https:\\\/\\\/tv.joycemeyer.org\\\/czech\\\/devotional\\\/o-cem-premyslime\\\/#primaryimage\",\"url\":\"https:\\\/\\\/tv.joycemeyer.org\\\/czech\\\/wp-content\\\/uploads\\\/sites\\\/67\\\/2020\\\/10\\\/1187.jpg\",\"contentUrl\":\"https:\\\/\\\/tv.joycemeyer.org\\\/czech\\\/wp-content\\\/uploads\\\/sites\\\/67\\\/2020\\\/10\\\/1187.jpg\",\"width\":960,\"height\":539,\"caption\":\"O \u010dem p\u0159em\u00fd\u0161l\u00edme\"},{\"@type\":\"BreadcrumbList\",\"@id\":\"https:\\\/\\\/tv.joycemeyer.org\\\/czech\\\/devotional\\\/o-cem-premyslime\\\/#breadcrumb\",\"itemListElement\":[{\"@type\":\"ListItem\",\"position\":1,\"name\":\"Home\",\"item\":\"https:\\\/\\\/tv.joycemeyer.org\\\/czech\\\/\"},{\"@type\":\"ListItem\",\"position\":2,\"name\":\"Devotional\",\"item\":\"https:\\\/\\\/tv.joycemeyer.org\\\/czech\\\/devotional\\\/\"},{\"@type\":\"ListItem\",\"position\":3,\"name\":\"O \u010dem p\u0159em\u00fd\u0161l\u00edme\"}]},{\"@type\":\"WebSite\",\"@id\":\"https:\\\/\\\/tv.joycemeyer.org\\\/czech\\\/#website\",\"url\":\"https:\\\/\\\/tv.joycemeyer.org\\\/czech\\\/\",\"name\":\"Joyce Meyer Ministries - Czech\",\"description\":\"Sd\u00edlet se o Krista - milovat lidi\",\"potentialAction\":[{\"@type\":\"SearchAction\",\"target\":{\"@type\":\"EntryPoint\",\"urlTemplate\":\"https:\\\/\\\/tv.joycemeyer.org\\\/czech\\\/?s={search_term_string}\"},\"query-input\":{\"@type\":\"PropertyValueSpecification\",\"valueRequired\":true,\"valueName\":\"search_term_string\"}}],\"inLanguage\":\"cs\"}]}<\/script>\n<!-- \/ Yoast SEO plugin. -->","yoast_head_json":{"title":"O \u010dem p\u0159em\u00fd\u0161l\u00edme - Joyce Meyer Ministries - Czech","robots":{"index":"index","follow":"follow","max-snippet":"max-snippet:-1","max-image-preview":"max-image-preview:large","max-video-preview":"max-video-preview:-1"},"canonical":"https:\/\/tv.joycemeyer.org\/czech\/devotional\/o-cem-premyslime\/","og_locale":"cs_CZ","og_type":"article","og_title":"O \u010dem p\u0159em\u00fd\u0161l\u00edme - Joyce Meyer Ministries - Czech","og_description":"To tak\u00e9 znamen\u00e1, \u017ee \u010d\u00edm v\u00edce budeme Slovo \u010d\u00edst a poslouchat, t\u00edm v\u00edce mu budeme rozum\u011bt.","og_url":"https:\/\/tv.joycemeyer.org\/czech\/devotional\/o-cem-premyslime\/","og_site_name":"Joyce Meyer Ministries - Czech","article_publisher":"https:\/\/www.facebook.com\/joycemeyerministriescesko\/","og_image":[{"width":960,"height":539,"url":"https:\/\/tv.joycemeyer.org\/czech\/wp-content\/uploads\/sites\/67\/2020\/10\/1187.jpg","type":"image\/jpeg"}],"twitter_card":"summary_large_image","twitter_misc":{"Odhadovan\u00e1 doba \u010dten\u00ed":"1 minuta"},"schema":{"@context":"https:\/\/schema.org","@graph":[{"@type":"WebPage","@id":"https:\/\/tv.joycemeyer.org\/czech\/devotional\/o-cem-premyslime\/","url":"https:\/\/tv.joycemeyer.org\/czech\/devotional\/o-cem-premyslime\/","name":"O \u010dem p\u0159em\u00fd\u0161l\u00edme - Joyce Meyer Ministries - Czech","isPartOf":{"@id":"https:\/\/tv.joycemeyer.org\/czech\/#website"},"primaryImageOfPage":{"@id":"https:\/\/tv.joycemeyer.org\/czech\/devotional\/o-cem-premyslime\/#primaryimage"},"image":{"@id":"https:\/\/tv.joycemeyer.org\/czech\/devotional\/o-cem-premyslime\/#primaryimage"},"thumbnailUrl":"https:\/\/tv.joycemeyer.org\/czech\/wp-content\/uploads\/sites\/67\/2020\/10\/1187.jpg","datePublished":"2026-08-30T00:01:34+00:00","breadcrumb":{"@id":"https:\/\/tv.joycemeyer.org\/czech\/devotional\/o-cem-premyslime\/#breadcrumb"},"inLanguage":"cs","potentialAction":[{"@type":"ReadAction","target":["https:\/\/tv.joycemeyer.org\/czech\/devotional\/o-cem-premyslime\/"]}]},{"@type":"ImageObject","inLanguage":"cs","@id":"https:\/\/tv.joycemeyer.org\/czech\/devotional\/o-cem-premyslime\/#primaryimage","url":"https:\/\/tv.joycemeyer.org\/czech\/wp-content\/uploads\/sites\/67\/2020\/10\/1187.jpg","contentUrl":"https:\/\/tv.joycemeyer.org\/czech\/wp-content\/uploads\/sites\/67\/2020\/10\/1187.jpg","width":960,"height":539,"caption":"O \u010dem p\u0159em\u00fd\u0161l\u00edme"},{"@type":"BreadcrumbList","@id":"https:\/\/tv.joycemeyer.org\/czech\/devotional\/o-cem-premyslime\/#breadcrumb","itemListElement":[{"@type":"ListItem","position":1,"name":"Home","item":"https:\/\/tv.joycemeyer.org\/czech\/"},{"@type":"ListItem","position":2,"name":"Devotional","item":"https:\/\/tv.joycemeyer.org\/czech\/devotional\/"},{"@type":"ListItem","position":3,"name":"O \u010dem p\u0159em\u00fd\u0161l\u00edme"}]},{"@type":"WebSite","@id":"https:\/\/tv.joycemeyer.org\/czech\/#website","url":"https:\/\/tv.joycemeyer.org\/czech\/","name":"Joyce Meyer Ministries - Czech","description":"Sd\u00edlet se o Krista - milovat lidi","potentialAction":[{"@type":"SearchAction","target":{"@type":"EntryPoint","urlTemplate":"https:\/\/tv.joycemeyer.org\/czech\/?s={search_term_string}"},"query-input":{"@type":"PropertyValueSpecification","valueRequired":true,"valueName":"search_term_string"}}],"inLanguage":"cs"}]}},"_links":{"self":[{"href":"https:\/\/tv.joycemeyer.org\/czech\/wp-json\/wp\/v2\/devotional\/823","targetHints":{"allow":["GET"]}}],"collection":[{"href":"https:\/\/tv.joycemeyer.org\/czech\/wp-json\/wp\/v2\/devotional"}],"about":[{"href":"https:\/\/tv.joycemeyer.org\/czech\/wp-json\/wp\/v2\/types\/devotional"}],"author":[{"embeddable":true,"href":"https:\/\/tv.joycemeyer.org\/czech\/wp-json\/wp\/v2\/users\/15"}],"replies":[{"embeddable":true,"href":"https:\/\/tv.joycemeyer.org\/czech\/wp-json\/wp\/v2\/comments?post=823"}],"wp:featuredmedia":[{"embeddable":true,"href":"https:\/\/tv.joycemeyer.org\/czech\/wp-json\/wp\/v2\/media\/824"}],"wp:attachment":[{"href":"https:\/\/tv.joycemeyer.org\/czech\/wp-json\/wp\/v2\/media?parent=823"}],"curies":[{"name":"wp","href":"https:\/\/api.w.org\/{rel}","templated":true}]}}