{"id":827,"date":"2026-09-01T00:01:05","date_gmt":"2026-09-01T00:01:05","guid":{"rendered":"https:\/\/tv.joycemeyer.org\/czech\/?post_type=devotional&#038;p=827"},"modified":"2026-02-25T14:27:05","modified_gmt":"2026-02-25T14:27:05","slug":"mluvme-stejne-jako-mluvi-buh","status":"publish","type":"devotional","link":"https:\/\/tv.joycemeyer.org\/czech\/devotional\/mluvme-stejne-jako-mluvi-buh\/","title":{"rendered":"Mluvme stejn\u011b, jako mluv\u00ed B\u016fh"},"content":{"rendered":"<blockquote><p>Kniha tohoto z\u00e1kona a\u0165 se nevzd\u00e1l\u00ed od tv\u00fdch \u00fast. Bude\u0161 nad n\u00edm rozj\u00edmat ve dne i v noci, abys zachov\u00e1val a konal v\u0161echno, co je v n\u011bm zaps\u00e1no, proto\u017ee tehdy dos\u00e1hne\u0161 na sv\u00e9 cest\u011b \u00fasp\u011bchu a tehdy bude\u0161 rozumn\u011b jednat. Jozue 1,8<\/p><\/blockquote>\n<p>\u010c\u00edm v\u00edce budeme rozj\u00edmat nad Bo\u017e\u00edm slovem, t\u00edm v\u00edce budeme pozn\u00e1vat Boha a budeme \u00fasp\u011b\u0161n\u011bj\u0161\u00ed v\u00a0na\u0161em ka\u017edodenn\u00edm \u017eivot\u011b. B\u016fh zaslibuje, \u017ee se n\u00e1m v\u00a0takov\u00e9m p\u0159\u00edpad\u011b bude dob\u0159e da\u0159it a budeme \u00fasp\u011b\u0161n\u00ed! (viz Jozue 1,8)<\/p>\n<p>Mohu z\u00a0vlastn\u00ed zku\u0161enosti potvrdit, \u017ee to opravdu funguje. Skrze v\u00edru a d\u00edky vyzn\u00e1v\u00e1n\u00ed Bo\u017e\u00edho slova nad sv\u00fdm \u017eivotem jsem zv\u00edt\u011bzila v\u00a0mnoha zkou\u0161k\u00e1ch a t\u011b\u017ek\u00fdch obdob\u00edch.<\/p>\n<p>Jestli\u017ee nahlas vyzn\u00e1v\u00e1me Bo\u017e\u00ed slovo, d\u011bje se n\u011bco neuv\u011b\u0159iteln\u011b mocn\u00e9ho. Pom\u00e1h\u00e1 n\u00e1m to dostat na\u0161e vlastn\u00ed my\u0161lenky do souladu s\u00a0pravdou Bo\u017e\u00edho slova. Proto u\u010di\u0148me biblick\u00e9 pravdy sv\u00fdm osobn\u00edm vyzn\u00e1n\u00edm v\u00edry.<\/p>\n<p>Je dobr\u00e9 \u010d\u00edst si Bo\u017e\u00ed slovo a p\u0159ij\u00edmat ho do sv\u00e9ho srdce. Kdy\u017e ho v\u0161ak nahlas vyzn\u00e1v\u00e1me, propojujeme se s\u00a0Bohem a Jeho moc p\u0159ich\u00e1z\u00ed do na\u0161eho \u017eivota.<\/p>\n<p>\u010ct\u011bte Bo\u017e\u00ed slovo a rozj\u00edmejte nad n\u00edm, dejte svoje my\u0161lenky do souladu s\u00a0Jeho. Nezapome\u0148te v\u0161ak Slovo tak\u00e9 vyzn\u00e1vat. Kdy\u017e budete opakovat to, co \u0159\u00edk\u00e1 B\u016fh, v\u00e1\u0161 \u017eivot bude prom\u011bn\u011bn. Vyhla\u0161ujte Bo\u017e\u00ed slovo do konkr\u00e9tn\u00edch oblast\u00ed va\u0161eho \u017eivota.<\/p>\n<hr \/>\n<p>Modlitba<\/p>\n<p>\u201eBo\u017ee, cht\u011bl bych uvolnit Tvoji nekone\u010dnou moc do sv\u00e9ho \u017eivota. Budu krom\u011b \u010dten\u00ed Tv\u00e9ho slova a rozj\u00edm\u00e1n\u00ed nad n\u00edm vyzn\u00e1vat v\u0161echny pravdy, kter\u00e9 o mn\u011b \u0159\u00edk\u00e1\u0161.\u201c<\/p>\n","protected":false},"excerpt":{"rendered":"<p>Skrze v\u00edru a d\u00edky vyzn\u00e1v\u00e1n\u00ed Bo\u017e\u00edho slova nad sv\u00fdm \u017eivotem jsem zv\u00edt\u011bzila v mnoha zkou\u0161k\u00e1ch a t\u011b\u017ek\u00fdch obdob\u00edch.<\/p>\n","protected":false},"author":15,"featured_media":828,"parent":0,"menu_order":0,"comment_status":"closed","ping_status":"closed","template":"","class_list":["post-827","devotional","type-devotional","status-publish","has-post-thumbnail","hentry"],"acf":[],"appp":{"post_detail":{"above_title":"<div class=\"post-featured-wrap\"><img width=\"960\" height=\"540\" src=\"https:\/\/tv.joycemeyer.org\/czech\/wp-content\/uploads\/sites\/67\/2020\/10\/1049.jpg\" class=\"post-featured wp-post-image\" alt=\"\" decoding=\"async\" srcset=\"https:\/\/tv.joycemeyer.org\/czech\/wp-content\/uploads\/sites\/67\/2020\/10\/1049.jpg 960w, https:\/\/tv.joycemeyer.org\/czech\/wp-content\/uploads\/sites\/67\/2020\/10\/1049-300x169.jpg 300w, https:\/\/tv.joycemeyer.org\/czech\/wp-content\/uploads\/sites\/67\/2020\/10\/1049-768x432.jpg 768w, https:\/\/tv.joycemeyer.org\/czech\/wp-content\/uploads\/sites\/67\/2020\/10\/1049-640x360.jpg 640w\" sizes=\"(max-width: 960px) 100vw, 960px\" \/><\/div>","below_content":"<div class=\"follow\"><h6 class=\"alt\">Spojte se s n\u00e1mi<\/h6><ul class=\"nav nav--social nav--flex\"><li class=\"menu-item facebook\"><a href=\"https:\/\/www.facebook.com\/joycemeyerministriescesko\/\" target=\"_blank\"><span class=\"visuallyhidden\">Facebook<\/span><\/a><\/li><\/ul><\/div>"}},"yoast_head":"<!-- This site is optimized with the Yoast SEO plugin v28.2 - https:\/\/yoast.com\/product\/yoast-seo-wordpress\/ -->\n<title>Mluvme stejn\u011b, jako mluv\u00ed B\u016fh - Joyce Meyer Ministries - Czech<\/title>\n<meta name=\"robots\" content=\"index, follow, max-snippet:-1, max-image-preview:large, max-video-preview:-1\" \/>\n<link rel=\"canonical\" href=\"https:\/\/tv.joycemeyer.org\/czech\/devotional\/mluvme-stejne-jako-mluvi-buh\/\" \/>\n<meta property=\"og:locale\" content=\"cs_CZ\" \/>\n<meta property=\"og:type\" content=\"article\" \/>\n<meta property=\"og:title\" content=\"Mluvme stejn\u011b, jako mluv\u00ed B\u016fh - Joyce Meyer Ministries - Czech\" \/>\n<meta property=\"og:description\" content=\"Skrze v\u00edru a d\u00edky vyzn\u00e1v\u00e1n\u00ed Bo\u017e\u00edho slova nad sv\u00fdm \u017eivotem jsem zv\u00edt\u011bzila v mnoha zkou\u0161k\u00e1ch a t\u011b\u017ek\u00fdch obdob\u00edch.\" \/>\n<meta property=\"og:url\" content=\"https:\/\/tv.joycemeyer.org\/czech\/devotional\/mluvme-stejne-jako-mluvi-buh\/\" \/>\n<meta property=\"og:site_name\" content=\"Joyce Meyer Ministries - Czech\" \/>\n<meta property=\"article:publisher\" content=\"https:\/\/www.facebook.com\/joycemeyerministriescesko\/\" \/>\n<meta property=\"og:image\" content=\"https:\/\/tv.joycemeyer.org\/czech\/wp-content\/uploads\/sites\/67\/2020\/10\/1049.jpg\" \/>\n\t<meta property=\"og:image:width\" content=\"960\" \/>\n\t<meta property=\"og:image:height\" content=\"540\" \/>\n\t<meta property=\"og:image:type\" content=\"image\/jpeg\" \/>\n<meta name=\"twitter:card\" content=\"summary_large_image\" \/>\n<meta name=\"twitter:label1\" content=\"Odhadovan\u00e1 doba \u010dten\u00ed\" \/>\n\t<meta name=\"twitter:data1\" content=\"2 minuty\" \/>\n<script type=\"application\/ld+json\" class=\"yoast-schema-graph\">{\"@context\":\"https:\\\/\\\/schema.org\",\"@graph\":[{\"@type\":\"WebPage\",\"@id\":\"https:\\\/\\\/tv.joycemeyer.org\\\/czech\\\/devotional\\\/mluvme-stejne-jako-mluvi-buh\\\/\",\"url\":\"https:\\\/\\\/tv.joycemeyer.org\\\/czech\\\/devotional\\\/mluvme-stejne-jako-mluvi-buh\\\/\",\"name\":\"Mluvme stejn\u011b, jako mluv\u00ed B\u016fh - Joyce Meyer Ministries - Czech\",\"isPartOf\":{\"@id\":\"https:\\\/\\\/tv.joycemeyer.org\\\/czech\\\/#website\"},\"primaryImageOfPage\":{\"@id\":\"https:\\\/\\\/tv.joycemeyer.org\\\/czech\\\/devotional\\\/mluvme-stejne-jako-mluvi-buh\\\/#primaryimage\"},\"image\":{\"@id\":\"https:\\\/\\\/tv.joycemeyer.org\\\/czech\\\/devotional\\\/mluvme-stejne-jako-mluvi-buh\\\/#primaryimage\"},\"thumbnailUrl\":\"https:\\\/\\\/tv.joycemeyer.org\\\/czech\\\/wp-content\\\/uploads\\\/sites\\\/67\\\/2020\\\/10\\\/1049.jpg\",\"datePublished\":\"2026-09-01T00:01:05+00:00\",\"breadcrumb\":{\"@id\":\"https:\\\/\\\/tv.joycemeyer.org\\\/czech\\\/devotional\\\/mluvme-stejne-jako-mluvi-buh\\\/#breadcrumb\"},\"inLanguage\":\"cs\",\"potentialAction\":[{\"@type\":\"ReadAction\",\"target\":[\"https:\\\/\\\/tv.joycemeyer.org\\\/czech\\\/devotional\\\/mluvme-stejne-jako-mluvi-buh\\\/\"]}]},{\"@type\":\"ImageObject\",\"inLanguage\":\"cs\",\"@id\":\"https:\\\/\\\/tv.joycemeyer.org\\\/czech\\\/devotional\\\/mluvme-stejne-jako-mluvi-buh\\\/#primaryimage\",\"url\":\"https:\\\/\\\/tv.joycemeyer.org\\\/czech\\\/wp-content\\\/uploads\\\/sites\\\/67\\\/2020\\\/10\\\/1049.jpg\",\"contentUrl\":\"https:\\\/\\\/tv.joycemeyer.org\\\/czech\\\/wp-content\\\/uploads\\\/sites\\\/67\\\/2020\\\/10\\\/1049.jpg\",\"width\":960,\"height\":540,\"caption\":\"Mluvme stejn\u011b, jako mluv\u00ed B\u016fh\"},{\"@type\":\"BreadcrumbList\",\"@id\":\"https:\\\/\\\/tv.joycemeyer.org\\\/czech\\\/devotional\\\/mluvme-stejne-jako-mluvi-buh\\\/#breadcrumb\",\"itemListElement\":[{\"@type\":\"ListItem\",\"position\":1,\"name\":\"Home\",\"item\":\"https:\\\/\\\/tv.joycemeyer.org\\\/czech\\\/\"},{\"@type\":\"ListItem\",\"position\":2,\"name\":\"Devotional\",\"item\":\"https:\\\/\\\/tv.joycemeyer.org\\\/czech\\\/devotional\\\/\"},{\"@type\":\"ListItem\",\"position\":3,\"name\":\"Mluvme stejn\u011b, jako mluv\u00ed B\u016fh\"}]},{\"@type\":\"WebSite\",\"@id\":\"https:\\\/\\\/tv.joycemeyer.org\\\/czech\\\/#website\",\"url\":\"https:\\\/\\\/tv.joycemeyer.org\\\/czech\\\/\",\"name\":\"Joyce Meyer Ministries - Czech\",\"description\":\"Sd\u00edlet se o Krista - milovat lidi\",\"potentialAction\":[{\"@type\":\"SearchAction\",\"target\":{\"@type\":\"EntryPoint\",\"urlTemplate\":\"https:\\\/\\\/tv.joycemeyer.org\\\/czech\\\/?s={search_term_string}\"},\"query-input\":{\"@type\":\"PropertyValueSpecification\",\"valueRequired\":true,\"valueName\":\"search_term_string\"}}],\"inLanguage\":\"cs\"}]}<\/script>\n<!-- \/ Yoast SEO plugin. -->","yoast_head_json":{"title":"Mluvme stejn\u011b, jako mluv\u00ed B\u016fh - Joyce Meyer Ministries - Czech","robots":{"index":"index","follow":"follow","max-snippet":"max-snippet:-1","max-image-preview":"max-image-preview:large","max-video-preview":"max-video-preview:-1"},"canonical":"https:\/\/tv.joycemeyer.org\/czech\/devotional\/mluvme-stejne-jako-mluvi-buh\/","og_locale":"cs_CZ","og_type":"article","og_title":"Mluvme stejn\u011b, jako mluv\u00ed B\u016fh - Joyce Meyer Ministries - Czech","og_description":"Skrze v\u00edru a d\u00edky vyzn\u00e1v\u00e1n\u00ed Bo\u017e\u00edho slova nad sv\u00fdm \u017eivotem jsem zv\u00edt\u011bzila v mnoha zkou\u0161k\u00e1ch a t\u011b\u017ek\u00fdch obdob\u00edch.","og_url":"https:\/\/tv.joycemeyer.org\/czech\/devotional\/mluvme-stejne-jako-mluvi-buh\/","og_site_name":"Joyce Meyer Ministries - Czech","article_publisher":"https:\/\/www.facebook.com\/joycemeyerministriescesko\/","og_image":[{"width":960,"height":540,"url":"https:\/\/tv.joycemeyer.org\/czech\/wp-content\/uploads\/sites\/67\/2020\/10\/1049.jpg","type":"image\/jpeg"}],"twitter_card":"summary_large_image","twitter_misc":{"Odhadovan\u00e1 doba \u010dten\u00ed":"2 minuty"},"schema":{"@context":"https:\/\/schema.org","@graph":[{"@type":"WebPage","@id":"https:\/\/tv.joycemeyer.org\/czech\/devotional\/mluvme-stejne-jako-mluvi-buh\/","url":"https:\/\/tv.joycemeyer.org\/czech\/devotional\/mluvme-stejne-jako-mluvi-buh\/","name":"Mluvme stejn\u011b, jako mluv\u00ed B\u016fh - Joyce Meyer Ministries - Czech","isPartOf":{"@id":"https:\/\/tv.joycemeyer.org\/czech\/#website"},"primaryImageOfPage":{"@id":"https:\/\/tv.joycemeyer.org\/czech\/devotional\/mluvme-stejne-jako-mluvi-buh\/#primaryimage"},"image":{"@id":"https:\/\/tv.joycemeyer.org\/czech\/devotional\/mluvme-stejne-jako-mluvi-buh\/#primaryimage"},"thumbnailUrl":"https:\/\/tv.joycemeyer.org\/czech\/wp-content\/uploads\/sites\/67\/2020\/10\/1049.jpg","datePublished":"2026-09-01T00:01:05+00:00","breadcrumb":{"@id":"https:\/\/tv.joycemeyer.org\/czech\/devotional\/mluvme-stejne-jako-mluvi-buh\/#breadcrumb"},"inLanguage":"cs","potentialAction":[{"@type":"ReadAction","target":["https:\/\/tv.joycemeyer.org\/czech\/devotional\/mluvme-stejne-jako-mluvi-buh\/"]}]},{"@type":"ImageObject","inLanguage":"cs","@id":"https:\/\/tv.joycemeyer.org\/czech\/devotional\/mluvme-stejne-jako-mluvi-buh\/#primaryimage","url":"https:\/\/tv.joycemeyer.org\/czech\/wp-content\/uploads\/sites\/67\/2020\/10\/1049.jpg","contentUrl":"https:\/\/tv.joycemeyer.org\/czech\/wp-content\/uploads\/sites\/67\/2020\/10\/1049.jpg","width":960,"height":540,"caption":"Mluvme stejn\u011b, jako mluv\u00ed B\u016fh"},{"@type":"BreadcrumbList","@id":"https:\/\/tv.joycemeyer.org\/czech\/devotional\/mluvme-stejne-jako-mluvi-buh\/#breadcrumb","itemListElement":[{"@type":"ListItem","position":1,"name":"Home","item":"https:\/\/tv.joycemeyer.org\/czech\/"},{"@type":"ListItem","position":2,"name":"Devotional","item":"https:\/\/tv.joycemeyer.org\/czech\/devotional\/"},{"@type":"ListItem","position":3,"name":"Mluvme stejn\u011b, jako mluv\u00ed B\u016fh"}]},{"@type":"WebSite","@id":"https:\/\/tv.joycemeyer.org\/czech\/#website","url":"https:\/\/tv.joycemeyer.org\/czech\/","name":"Joyce Meyer Ministries - Czech","description":"Sd\u00edlet se o Krista - milovat lidi","potentialAction":[{"@type":"SearchAction","target":{"@type":"EntryPoint","urlTemplate":"https:\/\/tv.joycemeyer.org\/czech\/?s={search_term_string}"},"query-input":{"@type":"PropertyValueSpecification","valueRequired":true,"valueName":"search_term_string"}}],"inLanguage":"cs"}]}},"_links":{"self":[{"href":"https:\/\/tv.joycemeyer.org\/czech\/wp-json\/wp\/v2\/devotional\/827","targetHints":{"allow":["GET"]}}],"collection":[{"href":"https:\/\/tv.joycemeyer.org\/czech\/wp-json\/wp\/v2\/devotional"}],"about":[{"href":"https:\/\/tv.joycemeyer.org\/czech\/wp-json\/wp\/v2\/types\/devotional"}],"author":[{"embeddable":true,"href":"https:\/\/tv.joycemeyer.org\/czech\/wp-json\/wp\/v2\/users\/15"}],"replies":[{"embeddable":true,"href":"https:\/\/tv.joycemeyer.org\/czech\/wp-json\/wp\/v2\/comments?post=827"}],"wp:featuredmedia":[{"embeddable":true,"href":"https:\/\/tv.joycemeyer.org\/czech\/wp-json\/wp\/v2\/media\/828"}],"wp:attachment":[{"href":"https:\/\/tv.joycemeyer.org\/czech\/wp-json\/wp\/v2\/media?parent=827"}],"curies":[{"name":"wp","href":"https:\/\/api.w.org\/{rel}","templated":true}]}}