{"id":835,"date":"2026-09-05T00:01:41","date_gmt":"2026-09-05T00:01:41","guid":{"rendered":"https:\/\/tv.joycemeyer.org\/czech\/?post_type=devotional&#038;p=835"},"modified":"2026-02-25T14:31:18","modified_gmt":"2026-02-25T14:31:18","slug":"vitezstvi-nad-smutkem","status":"publish","type":"devotional","link":"https:\/\/tv.joycemeyer.org\/czech\/devotional\/vitezstvi-nad-smutkem\/","title":{"rendered":"V\u00edt\u011bzstv\u00ed nad smutkem"},"content":{"rendered":"<blockquote><p>Pro\u010d jsi tak sklesl\u00e1, m\u00e1 du\u0161e, pro\u010d jsi ve mn\u011b tak rozru\u0161en\u00e1? Jen \u010dekej na Boha &#8211; v\u017edy\u0165 mu budu znovu vzd\u00e1vat chv\u00e1lu za sp\u00e1su jeho p\u0159\u00edtomnosti. \u017dalm 42,6<\/p><\/blockquote>\n<p>Pro\u017eijeme-li n\u011bjak\u00e9 \u017eivotn\u00ed trag\u00e9die, m\u00e1 to v\u011bt\u0161inou negativn\u00ed vliv na na\u0161e city. Z\u00e1rmutek pot\u00e9 vyjad\u0159ujeme r\u016fzn\u00fdmi zp\u016fsoby. Za\u010dneme plakat v\u00a0nejm\u00e9n\u011b o\u010dek\u00e1van\u00e9 chv\u00edli, \u017eijeme ve zmatku, plni strachu, deprese anebo jsme plni jin\u00fdch nekontrolovateln\u00fdch emoc\u00ed. Rad\u00edm v\u00e1m, abyste si v\u00a0takov\u00fdch chv\u00edl\u00edch p\u0159ipomn\u011bli biblick\u00e9 p\u0159\u00edb\u011bhy kr\u00e1le Davida.<\/p>\n<p>Jak vid\u00edme v\u00a0\u017dalmu 42,6, David se dok\u00e1zal vzep\u0159\u00edt depresi a skleslosti. Rozhodl se a nedovolil, aby ho tyto pocity ochromily, neupadl do malomyslnosti. Vyznal p\u0159ed Bohem, co tr\u00e1p\u00ed jeho du\u0161i, chv\u00e1lil Ho a d\u016fv\u011b\u0159oval Mu.<\/p>\n<p>V\u00a0t\u011b\u017ek\u00fdch obdob\u00edch \u017eivota jsou na\u0161e emoce vystaveny zkou\u0161ce. V\u011bt\u0161inou pot\u0159ebujeme n\u011bjak\u00fd \u010das, ne\u017e smutek p\u0159ebol\u00ed. B\u016fh n\u00e1m v\u00a0takov\u00fdch chv\u00edl\u00edch chce d\u00e1t milost a s\u00edlu na dal\u0161\u00ed cestu. \u017dijeme-li v\u00edrou v\u00a0Boha, m\u016f\u017eeme b\u00fdt na konci takov\u00e9ho obdob\u00ed je\u0161t\u011b mnohem siln\u011bj\u0161\u00ed, ne\u017e jsme byli p\u0159ed n\u00edm.<\/p>\n<p>Pro\u017e\u00edv\u00e1te-li n\u011bjak\u00e9 zran\u011bn\u00ed \u010di smutek, B\u016fh m\u00e1 pro v\u00e1s nov\u00fd za\u010d\u00e1tek. D\u016fv\u011b\u0159ujte Mu a chvalte Ho jako David. To, \u010d\u00edm v\u00e1m cht\u011bl satan u\u0161kodit, m\u016f\u017ee B\u016fh prom\u011bnit ve v\u00edt\u011bzstv\u00ed.<\/p>\n<hr \/>\n<p>Modlitba<\/p>\n<p>\u201ePane, chci Ti d\u016fv\u011b\u0159ovat a chv\u00e1lit T\u011b i uprost\u0159ed smutku \u010di zklam\u00e1n\u00ed. V\u011b\u0159\u00edm, \u017ee m\u016f\u017ee\u0161 podle \u0158\u00edman\u016fm 8,28 v\u0161e obr\u00e1tit k\u00a0dobr\u00e9mu.\u201c<\/p>\n","protected":false},"excerpt":{"rendered":"<p>B\u016fh n\u00e1m v\u00a0takov\u00fdch chv\u00edl\u00edch chce d\u00e1t milost a s\u00edlu na dal\u0161\u00ed cestu.<\/p>\n","protected":false},"author":15,"featured_media":836,"parent":0,"menu_order":0,"comment_status":"closed","ping_status":"closed","template":"","class_list":["post-835","devotional","type-devotional","status-publish","has-post-thumbnail","hentry"],"acf":[],"appp":{"post_detail":{"above_title":"<div class=\"post-featured-wrap\"><img width=\"960\" height=\"540\" src=\"https:\/\/tv.joycemeyer.org\/czech\/wp-content\/uploads\/sites\/67\/2020\/10\/1209.jpg\" class=\"post-featured wp-post-image\" alt=\"\" decoding=\"async\" srcset=\"https:\/\/tv.joycemeyer.org\/czech\/wp-content\/uploads\/sites\/67\/2020\/10\/1209.jpg 960w, https:\/\/tv.joycemeyer.org\/czech\/wp-content\/uploads\/sites\/67\/2020\/10\/1209-300x169.jpg 300w, https:\/\/tv.joycemeyer.org\/czech\/wp-content\/uploads\/sites\/67\/2020\/10\/1209-768x432.jpg 768w, https:\/\/tv.joycemeyer.org\/czech\/wp-content\/uploads\/sites\/67\/2020\/10\/1209-640x360.jpg 640w\" sizes=\"(max-width: 960px) 100vw, 960px\" \/><\/div>","below_content":"<div class=\"follow\"><h6 class=\"alt\">Spojte se s n\u00e1mi<\/h6><ul class=\"nav nav--social nav--flex\"><li class=\"menu-item facebook\"><a href=\"https:\/\/www.facebook.com\/joycemeyerministriescesko\/\" target=\"_blank\"><span class=\"visuallyhidden\">Facebook<\/span><\/a><\/li><\/ul><\/div>"}},"yoast_head":"<!-- This site is optimized with the Yoast SEO plugin v28.2 - https:\/\/yoast.com\/product\/yoast-seo-wordpress\/ -->\n<title>V\u00edt\u011bzstv\u00ed nad smutkem - Joyce Meyer Ministries - Czech<\/title>\n<meta name=\"robots\" content=\"index, follow, max-snippet:-1, max-image-preview:large, max-video-preview:-1\" \/>\n<link rel=\"canonical\" href=\"https:\/\/tv.joycemeyer.org\/czech\/devotional\/vitezstvi-nad-smutkem\/\" \/>\n<meta property=\"og:locale\" content=\"cs_CZ\" \/>\n<meta property=\"og:type\" content=\"article\" \/>\n<meta property=\"og:title\" content=\"V\u00edt\u011bzstv\u00ed nad smutkem - Joyce Meyer Ministries - Czech\" \/>\n<meta property=\"og:description\" content=\"B\u016fh n\u00e1m v\u00a0takov\u00fdch chv\u00edl\u00edch chce d\u00e1t milost a s\u00edlu na dal\u0161\u00ed cestu.\" \/>\n<meta property=\"og:url\" content=\"https:\/\/tv.joycemeyer.org\/czech\/devotional\/vitezstvi-nad-smutkem\/\" \/>\n<meta property=\"og:site_name\" content=\"Joyce Meyer Ministries - Czech\" \/>\n<meta property=\"article:publisher\" content=\"https:\/\/www.facebook.com\/joycemeyerministriescesko\/\" \/>\n<meta property=\"og:image\" content=\"https:\/\/tv.joycemeyer.org\/czech\/wp-content\/uploads\/sites\/67\/2020\/10\/1209.jpg\" \/>\n\t<meta property=\"og:image:width\" content=\"960\" \/>\n\t<meta property=\"og:image:height\" content=\"540\" \/>\n\t<meta property=\"og:image:type\" content=\"image\/jpeg\" \/>\n<meta name=\"twitter:card\" content=\"summary_large_image\" \/>\n<meta name=\"twitter:label1\" content=\"Odhadovan\u00e1 doba \u010dten\u00ed\" \/>\n\t<meta name=\"twitter:data1\" content=\"1 minuta\" \/>\n<script type=\"application\/ld+json\" class=\"yoast-schema-graph\">{\"@context\":\"https:\\\/\\\/schema.org\",\"@graph\":[{\"@type\":\"WebPage\",\"@id\":\"https:\\\/\\\/tv.joycemeyer.org\\\/czech\\\/devotional\\\/vitezstvi-nad-smutkem\\\/\",\"url\":\"https:\\\/\\\/tv.joycemeyer.org\\\/czech\\\/devotional\\\/vitezstvi-nad-smutkem\\\/\",\"name\":\"V\u00edt\u011bzstv\u00ed nad smutkem - Joyce Meyer Ministries - Czech\",\"isPartOf\":{\"@id\":\"https:\\\/\\\/tv.joycemeyer.org\\\/czech\\\/#website\"},\"primaryImageOfPage\":{\"@id\":\"https:\\\/\\\/tv.joycemeyer.org\\\/czech\\\/devotional\\\/vitezstvi-nad-smutkem\\\/#primaryimage\"},\"image\":{\"@id\":\"https:\\\/\\\/tv.joycemeyer.org\\\/czech\\\/devotional\\\/vitezstvi-nad-smutkem\\\/#primaryimage\"},\"thumbnailUrl\":\"https:\\\/\\\/tv.joycemeyer.org\\\/czech\\\/wp-content\\\/uploads\\\/sites\\\/67\\\/2020\\\/10\\\/1209.jpg\",\"datePublished\":\"2026-09-05T00:01:41+00:00\",\"breadcrumb\":{\"@id\":\"https:\\\/\\\/tv.joycemeyer.org\\\/czech\\\/devotional\\\/vitezstvi-nad-smutkem\\\/#breadcrumb\"},\"inLanguage\":\"cs\",\"potentialAction\":[{\"@type\":\"ReadAction\",\"target\":[\"https:\\\/\\\/tv.joycemeyer.org\\\/czech\\\/devotional\\\/vitezstvi-nad-smutkem\\\/\"]}]},{\"@type\":\"ImageObject\",\"inLanguage\":\"cs\",\"@id\":\"https:\\\/\\\/tv.joycemeyer.org\\\/czech\\\/devotional\\\/vitezstvi-nad-smutkem\\\/#primaryimage\",\"url\":\"https:\\\/\\\/tv.joycemeyer.org\\\/czech\\\/wp-content\\\/uploads\\\/sites\\\/67\\\/2020\\\/10\\\/1209.jpg\",\"contentUrl\":\"https:\\\/\\\/tv.joycemeyer.org\\\/czech\\\/wp-content\\\/uploads\\\/sites\\\/67\\\/2020\\\/10\\\/1209.jpg\",\"width\":960,\"height\":540,\"caption\":\"V\u00edt\u011bzstv\u00ed nad smutkem\"},{\"@type\":\"BreadcrumbList\",\"@id\":\"https:\\\/\\\/tv.joycemeyer.org\\\/czech\\\/devotional\\\/vitezstvi-nad-smutkem\\\/#breadcrumb\",\"itemListElement\":[{\"@type\":\"ListItem\",\"position\":1,\"name\":\"Home\",\"item\":\"https:\\\/\\\/tv.joycemeyer.org\\\/czech\\\/\"},{\"@type\":\"ListItem\",\"position\":2,\"name\":\"Devotional\",\"item\":\"https:\\\/\\\/tv.joycemeyer.org\\\/czech\\\/devotional\\\/\"},{\"@type\":\"ListItem\",\"position\":3,\"name\":\"V\u00edt\u011bzstv\u00ed nad smutkem\"}]},{\"@type\":\"WebSite\",\"@id\":\"https:\\\/\\\/tv.joycemeyer.org\\\/czech\\\/#website\",\"url\":\"https:\\\/\\\/tv.joycemeyer.org\\\/czech\\\/\",\"name\":\"Joyce Meyer Ministries - Czech\",\"description\":\"Sd\u00edlet se o Krista - milovat lidi\",\"potentialAction\":[{\"@type\":\"SearchAction\",\"target\":{\"@type\":\"EntryPoint\",\"urlTemplate\":\"https:\\\/\\\/tv.joycemeyer.org\\\/czech\\\/?s={search_term_string}\"},\"query-input\":{\"@type\":\"PropertyValueSpecification\",\"valueRequired\":true,\"valueName\":\"search_term_string\"}}],\"inLanguage\":\"cs\"}]}<\/script>\n<!-- \/ Yoast SEO plugin. -->","yoast_head_json":{"title":"V\u00edt\u011bzstv\u00ed nad smutkem - Joyce Meyer Ministries - Czech","robots":{"index":"index","follow":"follow","max-snippet":"max-snippet:-1","max-image-preview":"max-image-preview:large","max-video-preview":"max-video-preview:-1"},"canonical":"https:\/\/tv.joycemeyer.org\/czech\/devotional\/vitezstvi-nad-smutkem\/","og_locale":"cs_CZ","og_type":"article","og_title":"V\u00edt\u011bzstv\u00ed nad smutkem - Joyce Meyer Ministries - Czech","og_description":"B\u016fh n\u00e1m v\u00a0takov\u00fdch chv\u00edl\u00edch chce d\u00e1t milost a s\u00edlu na dal\u0161\u00ed cestu.","og_url":"https:\/\/tv.joycemeyer.org\/czech\/devotional\/vitezstvi-nad-smutkem\/","og_site_name":"Joyce Meyer Ministries - Czech","article_publisher":"https:\/\/www.facebook.com\/joycemeyerministriescesko\/","og_image":[{"width":960,"height":540,"url":"https:\/\/tv.joycemeyer.org\/czech\/wp-content\/uploads\/sites\/67\/2020\/10\/1209.jpg","type":"image\/jpeg"}],"twitter_card":"summary_large_image","twitter_misc":{"Odhadovan\u00e1 doba \u010dten\u00ed":"1 minuta"},"schema":{"@context":"https:\/\/schema.org","@graph":[{"@type":"WebPage","@id":"https:\/\/tv.joycemeyer.org\/czech\/devotional\/vitezstvi-nad-smutkem\/","url":"https:\/\/tv.joycemeyer.org\/czech\/devotional\/vitezstvi-nad-smutkem\/","name":"V\u00edt\u011bzstv\u00ed nad smutkem - Joyce Meyer Ministries - Czech","isPartOf":{"@id":"https:\/\/tv.joycemeyer.org\/czech\/#website"},"primaryImageOfPage":{"@id":"https:\/\/tv.joycemeyer.org\/czech\/devotional\/vitezstvi-nad-smutkem\/#primaryimage"},"image":{"@id":"https:\/\/tv.joycemeyer.org\/czech\/devotional\/vitezstvi-nad-smutkem\/#primaryimage"},"thumbnailUrl":"https:\/\/tv.joycemeyer.org\/czech\/wp-content\/uploads\/sites\/67\/2020\/10\/1209.jpg","datePublished":"2026-09-05T00:01:41+00:00","breadcrumb":{"@id":"https:\/\/tv.joycemeyer.org\/czech\/devotional\/vitezstvi-nad-smutkem\/#breadcrumb"},"inLanguage":"cs","potentialAction":[{"@type":"ReadAction","target":["https:\/\/tv.joycemeyer.org\/czech\/devotional\/vitezstvi-nad-smutkem\/"]}]},{"@type":"ImageObject","inLanguage":"cs","@id":"https:\/\/tv.joycemeyer.org\/czech\/devotional\/vitezstvi-nad-smutkem\/#primaryimage","url":"https:\/\/tv.joycemeyer.org\/czech\/wp-content\/uploads\/sites\/67\/2020\/10\/1209.jpg","contentUrl":"https:\/\/tv.joycemeyer.org\/czech\/wp-content\/uploads\/sites\/67\/2020\/10\/1209.jpg","width":960,"height":540,"caption":"V\u00edt\u011bzstv\u00ed nad smutkem"},{"@type":"BreadcrumbList","@id":"https:\/\/tv.joycemeyer.org\/czech\/devotional\/vitezstvi-nad-smutkem\/#breadcrumb","itemListElement":[{"@type":"ListItem","position":1,"name":"Home","item":"https:\/\/tv.joycemeyer.org\/czech\/"},{"@type":"ListItem","position":2,"name":"Devotional","item":"https:\/\/tv.joycemeyer.org\/czech\/devotional\/"},{"@type":"ListItem","position":3,"name":"V\u00edt\u011bzstv\u00ed nad smutkem"}]},{"@type":"WebSite","@id":"https:\/\/tv.joycemeyer.org\/czech\/#website","url":"https:\/\/tv.joycemeyer.org\/czech\/","name":"Joyce Meyer Ministries - Czech","description":"Sd\u00edlet se o Krista - milovat lidi","potentialAction":[{"@type":"SearchAction","target":{"@type":"EntryPoint","urlTemplate":"https:\/\/tv.joycemeyer.org\/czech\/?s={search_term_string}"},"query-input":{"@type":"PropertyValueSpecification","valueRequired":true,"valueName":"search_term_string"}}],"inLanguage":"cs"}]}},"_links":{"self":[{"href":"https:\/\/tv.joycemeyer.org\/czech\/wp-json\/wp\/v2\/devotional\/835","targetHints":{"allow":["GET"]}}],"collection":[{"href":"https:\/\/tv.joycemeyer.org\/czech\/wp-json\/wp\/v2\/devotional"}],"about":[{"href":"https:\/\/tv.joycemeyer.org\/czech\/wp-json\/wp\/v2\/types\/devotional"}],"author":[{"embeddable":true,"href":"https:\/\/tv.joycemeyer.org\/czech\/wp-json\/wp\/v2\/users\/15"}],"replies":[{"embeddable":true,"href":"https:\/\/tv.joycemeyer.org\/czech\/wp-json\/wp\/v2\/comments?post=835"}],"wp:featuredmedia":[{"embeddable":true,"href":"https:\/\/tv.joycemeyer.org\/czech\/wp-json\/wp\/v2\/media\/836"}],"wp:attachment":[{"href":"https:\/\/tv.joycemeyer.org\/czech\/wp-json\/wp\/v2\/media?parent=835"}],"curies":[{"name":"wp","href":"https:\/\/api.w.org\/{rel}","templated":true}]}}