{"id":837,"date":"2026-09-06T00:01:37","date_gmt":"2026-09-06T00:01:37","guid":{"rendered":"https:\/\/tv.joycemeyer.org\/czech\/?post_type=devotional&#038;p=837"},"modified":"2026-02-25T14:32:01","modified_gmt":"2026-02-25T14:32:01","slug":"radujme-se-z-kazdeho-dne","status":"publish","type":"devotional","link":"https:\/\/tv.joycemeyer.org\/czech\/devotional\/radujme-se-z-kazdeho-dne\/","title":{"rendered":"Radujme se z ka\u017ed\u00e9ho dne"},"content":{"rendered":"<blockquote><p>Tento den u\u010dinil Hospodin. J\u00e1sejme a radujme se v n\u011bm! \u017dalm 118,24<\/p><\/blockquote>\n<p>B\u016fh si p\u0159eje, abychom se neust\u00e1le radovali. Dokonce i tehdy, kdy\u017e se n\u00e1m v\u011bci neda\u0159\u00ed a m\u00e1me \u0161patn\u00fd den.<\/p>\n<p>V\u00a0m\u00e9m \u017eivot\u011b byla obdob\u00ed, kdy jsem se doslova d\u011bsila ka\u017ed\u00e9ho dne. P\u0159em\u00fd\u0161lela jsem jen o tom, jak s\u00a0Davem stihneme v\u0161echny na\u0161e povinnosti a jak zaplat\u00edme \u00fa\u010dty. \u010casto jsem si r\u00e1no cht\u011bla prost\u011b jen p\u0159et\u00e1hnout pe\u0159inu p\u0159es hlavu a z\u016fstat cel\u00fd den v\u00a0posteli.<\/p>\n<p>M\u00e9 starosti mi tehdy zakryly spr\u00e1vn\u00fd pohled na \u017eivot. Zapomn\u011bla jsem, \u017ee B\u016fh mi daroval nov\u00fd den, ve kter\u00e9m mohu b\u00fdt \u0161\u0165astn\u00e1. V\u017edycky se najde dost v\u011bc\u00ed, kter\u00e9 n\u00e1s cht\u011bj\u00ed p\u0159ipravit o radost. Sta\u010d\u00ed, kdy\u017e ztrat\u00edme kl\u00ed\u010de od auta, nebo z\u016fstaneme st\u00e1t v\u00a0dopravn\u00ed z\u00e1cp\u011b. I v\u00a0t\u011bchto situac\u00edch v\u0161ak m\u016f\u017eeme b\u00fdt klidn\u00ed a radostn\u00ed.<\/p>\n<p>Mus\u00edme odhl\u00e9dnout od na\u0161ich moment\u00e1ln\u00edch probl\u00e9m\u016f a soust\u0159edit se na Boha a l\u00e1sku k bli\u017en\u00edm. Pak budeme schopni pro\u017e\u00edvat ka\u017ed\u00fd den jako n\u00e1dhern\u00fd dar.<\/p>\n<hr \/>\n<p>Modlitba<\/p>\n<p>\u201eBo\u017ee, d\u011bkuji Ti za ka\u017ed\u00fd nov\u00fd den. Nam\u00edsto starost\u00ed chci z\u016fst\u00e1vat ve Tv\u00e9m pokoji, j\u00e1sat a radovat se.\u201c<\/p>\n","protected":false},"excerpt":{"rendered":"<p>Zapomn\u011bla jsem, \u017ee B\u016fh mi daroval nov\u00fd den, ve kter\u00e9m mohu b\u00fdt \u0161\u0165astn\u00e1.<\/p>\n","protected":false},"author":15,"featured_media":838,"parent":0,"menu_order":0,"comment_status":"closed","ping_status":"closed","template":"","class_list":["post-837","devotional","type-devotional","status-publish","has-post-thumbnail","hentry"],"acf":[],"appp":{"post_detail":{"above_title":"<div class=\"post-featured-wrap\"><img width=\"960\" height=\"540\" src=\"https:\/\/tv.joycemeyer.org\/czech\/wp-content\/uploads\/sites\/67\/2020\/10\/1228.jpg\" class=\"post-featured wp-post-image\" alt=\"\" decoding=\"async\" srcset=\"https:\/\/tv.joycemeyer.org\/czech\/wp-content\/uploads\/sites\/67\/2020\/10\/1228.jpg 960w, https:\/\/tv.joycemeyer.org\/czech\/wp-content\/uploads\/sites\/67\/2020\/10\/1228-300x169.jpg 300w, https:\/\/tv.joycemeyer.org\/czech\/wp-content\/uploads\/sites\/67\/2020\/10\/1228-768x432.jpg 768w, https:\/\/tv.joycemeyer.org\/czech\/wp-content\/uploads\/sites\/67\/2020\/10\/1228-640x360.jpg 640w\" sizes=\"(max-width: 960px) 100vw, 960px\" \/><\/div>","below_content":"<div class=\"follow\"><h6 class=\"alt\">Spojte se s n\u00e1mi<\/h6><ul class=\"nav nav--social nav--flex\"><li class=\"menu-item facebook\"><a href=\"https:\/\/www.facebook.com\/joycemeyerministriescesko\/\" target=\"_blank\"><span class=\"visuallyhidden\">Facebook<\/span><\/a><\/li><\/ul><\/div>"}},"yoast_head":"<!-- This site is optimized with the Yoast SEO plugin v28.2 - https:\/\/yoast.com\/product\/yoast-seo-wordpress\/ -->\n<title>Radujme se z ka\u017ed\u00e9ho dne - Joyce Meyer Ministries - Czech<\/title>\n<meta name=\"robots\" content=\"index, follow, max-snippet:-1, max-image-preview:large, max-video-preview:-1\" \/>\n<link rel=\"canonical\" href=\"https:\/\/tv.joycemeyer.org\/czech\/devotional\/radujme-se-z-kazdeho-dne\/\" \/>\n<meta property=\"og:locale\" content=\"cs_CZ\" \/>\n<meta property=\"og:type\" content=\"article\" \/>\n<meta property=\"og:title\" content=\"Radujme se z ka\u017ed\u00e9ho dne - Joyce Meyer Ministries - Czech\" \/>\n<meta property=\"og:description\" content=\"Zapomn\u011bla jsem, \u017ee B\u016fh mi daroval nov\u00fd den, ve kter\u00e9m mohu b\u00fdt \u0161\u0165astn\u00e1.\" \/>\n<meta property=\"og:url\" content=\"https:\/\/tv.joycemeyer.org\/czech\/devotional\/radujme-se-z-kazdeho-dne\/\" \/>\n<meta property=\"og:site_name\" content=\"Joyce Meyer Ministries - Czech\" \/>\n<meta property=\"article:publisher\" content=\"https:\/\/www.facebook.com\/joycemeyerministriescesko\/\" \/>\n<meta property=\"og:image\" content=\"https:\/\/tv.joycemeyer.org\/czech\/wp-content\/uploads\/sites\/67\/2020\/10\/1228.jpg\" \/>\n\t<meta property=\"og:image:width\" content=\"960\" \/>\n\t<meta property=\"og:image:height\" content=\"540\" \/>\n\t<meta property=\"og:image:type\" content=\"image\/jpeg\" \/>\n<meta name=\"twitter:card\" content=\"summary_large_image\" \/>\n<meta name=\"twitter:label1\" content=\"Odhadovan\u00e1 doba \u010dten\u00ed\" \/>\n\t<meta name=\"twitter:data1\" content=\"1 minuta\" \/>\n<script type=\"application\/ld+json\" class=\"yoast-schema-graph\">{\"@context\":\"https:\\\/\\\/schema.org\",\"@graph\":[{\"@type\":\"WebPage\",\"@id\":\"https:\\\/\\\/tv.joycemeyer.org\\\/czech\\\/devotional\\\/radujme-se-z-kazdeho-dne\\\/\",\"url\":\"https:\\\/\\\/tv.joycemeyer.org\\\/czech\\\/devotional\\\/radujme-se-z-kazdeho-dne\\\/\",\"name\":\"Radujme se z ka\u017ed\u00e9ho dne - Joyce Meyer Ministries - Czech\",\"isPartOf\":{\"@id\":\"https:\\\/\\\/tv.joycemeyer.org\\\/czech\\\/#website\"},\"primaryImageOfPage\":{\"@id\":\"https:\\\/\\\/tv.joycemeyer.org\\\/czech\\\/devotional\\\/radujme-se-z-kazdeho-dne\\\/#primaryimage\"},\"image\":{\"@id\":\"https:\\\/\\\/tv.joycemeyer.org\\\/czech\\\/devotional\\\/radujme-se-z-kazdeho-dne\\\/#primaryimage\"},\"thumbnailUrl\":\"https:\\\/\\\/tv.joycemeyer.org\\\/czech\\\/wp-content\\\/uploads\\\/sites\\\/67\\\/2020\\\/10\\\/1228.jpg\",\"datePublished\":\"2026-09-06T00:01:37+00:00\",\"breadcrumb\":{\"@id\":\"https:\\\/\\\/tv.joycemeyer.org\\\/czech\\\/devotional\\\/radujme-se-z-kazdeho-dne\\\/#breadcrumb\"},\"inLanguage\":\"cs\",\"potentialAction\":[{\"@type\":\"ReadAction\",\"target\":[\"https:\\\/\\\/tv.joycemeyer.org\\\/czech\\\/devotional\\\/radujme-se-z-kazdeho-dne\\\/\"]}]},{\"@type\":\"ImageObject\",\"inLanguage\":\"cs\",\"@id\":\"https:\\\/\\\/tv.joycemeyer.org\\\/czech\\\/devotional\\\/radujme-se-z-kazdeho-dne\\\/#primaryimage\",\"url\":\"https:\\\/\\\/tv.joycemeyer.org\\\/czech\\\/wp-content\\\/uploads\\\/sites\\\/67\\\/2020\\\/10\\\/1228.jpg\",\"contentUrl\":\"https:\\\/\\\/tv.joycemeyer.org\\\/czech\\\/wp-content\\\/uploads\\\/sites\\\/67\\\/2020\\\/10\\\/1228.jpg\",\"width\":960,\"height\":540,\"caption\":\"Radujme se z ka\u017ed\u00e9ho dne\"},{\"@type\":\"BreadcrumbList\",\"@id\":\"https:\\\/\\\/tv.joycemeyer.org\\\/czech\\\/devotional\\\/radujme-se-z-kazdeho-dne\\\/#breadcrumb\",\"itemListElement\":[{\"@type\":\"ListItem\",\"position\":1,\"name\":\"Home\",\"item\":\"https:\\\/\\\/tv.joycemeyer.org\\\/czech\\\/\"},{\"@type\":\"ListItem\",\"position\":2,\"name\":\"Devotional\",\"item\":\"https:\\\/\\\/tv.joycemeyer.org\\\/czech\\\/devotional\\\/\"},{\"@type\":\"ListItem\",\"position\":3,\"name\":\"Radujme se z ka\u017ed\u00e9ho dne\"}]},{\"@type\":\"WebSite\",\"@id\":\"https:\\\/\\\/tv.joycemeyer.org\\\/czech\\\/#website\",\"url\":\"https:\\\/\\\/tv.joycemeyer.org\\\/czech\\\/\",\"name\":\"Joyce Meyer Ministries - Czech\",\"description\":\"Sd\u00edlet se o Krista - milovat lidi\",\"potentialAction\":[{\"@type\":\"SearchAction\",\"target\":{\"@type\":\"EntryPoint\",\"urlTemplate\":\"https:\\\/\\\/tv.joycemeyer.org\\\/czech\\\/?s={search_term_string}\"},\"query-input\":{\"@type\":\"PropertyValueSpecification\",\"valueRequired\":true,\"valueName\":\"search_term_string\"}}],\"inLanguage\":\"cs\"}]}<\/script>\n<!-- \/ Yoast SEO plugin. -->","yoast_head_json":{"title":"Radujme se z ka\u017ed\u00e9ho dne - Joyce Meyer Ministries - Czech","robots":{"index":"index","follow":"follow","max-snippet":"max-snippet:-1","max-image-preview":"max-image-preview:large","max-video-preview":"max-video-preview:-1"},"canonical":"https:\/\/tv.joycemeyer.org\/czech\/devotional\/radujme-se-z-kazdeho-dne\/","og_locale":"cs_CZ","og_type":"article","og_title":"Radujme se z ka\u017ed\u00e9ho dne - Joyce Meyer Ministries - Czech","og_description":"Zapomn\u011bla jsem, \u017ee B\u016fh mi daroval nov\u00fd den, ve kter\u00e9m mohu b\u00fdt \u0161\u0165astn\u00e1.","og_url":"https:\/\/tv.joycemeyer.org\/czech\/devotional\/radujme-se-z-kazdeho-dne\/","og_site_name":"Joyce Meyer Ministries - Czech","article_publisher":"https:\/\/www.facebook.com\/joycemeyerministriescesko\/","og_image":[{"width":960,"height":540,"url":"https:\/\/tv.joycemeyer.org\/czech\/wp-content\/uploads\/sites\/67\/2020\/10\/1228.jpg","type":"image\/jpeg"}],"twitter_card":"summary_large_image","twitter_misc":{"Odhadovan\u00e1 doba \u010dten\u00ed":"1 minuta"},"schema":{"@context":"https:\/\/schema.org","@graph":[{"@type":"WebPage","@id":"https:\/\/tv.joycemeyer.org\/czech\/devotional\/radujme-se-z-kazdeho-dne\/","url":"https:\/\/tv.joycemeyer.org\/czech\/devotional\/radujme-se-z-kazdeho-dne\/","name":"Radujme se z ka\u017ed\u00e9ho dne - Joyce Meyer Ministries - Czech","isPartOf":{"@id":"https:\/\/tv.joycemeyer.org\/czech\/#website"},"primaryImageOfPage":{"@id":"https:\/\/tv.joycemeyer.org\/czech\/devotional\/radujme-se-z-kazdeho-dne\/#primaryimage"},"image":{"@id":"https:\/\/tv.joycemeyer.org\/czech\/devotional\/radujme-se-z-kazdeho-dne\/#primaryimage"},"thumbnailUrl":"https:\/\/tv.joycemeyer.org\/czech\/wp-content\/uploads\/sites\/67\/2020\/10\/1228.jpg","datePublished":"2026-09-06T00:01:37+00:00","breadcrumb":{"@id":"https:\/\/tv.joycemeyer.org\/czech\/devotional\/radujme-se-z-kazdeho-dne\/#breadcrumb"},"inLanguage":"cs","potentialAction":[{"@type":"ReadAction","target":["https:\/\/tv.joycemeyer.org\/czech\/devotional\/radujme-se-z-kazdeho-dne\/"]}]},{"@type":"ImageObject","inLanguage":"cs","@id":"https:\/\/tv.joycemeyer.org\/czech\/devotional\/radujme-se-z-kazdeho-dne\/#primaryimage","url":"https:\/\/tv.joycemeyer.org\/czech\/wp-content\/uploads\/sites\/67\/2020\/10\/1228.jpg","contentUrl":"https:\/\/tv.joycemeyer.org\/czech\/wp-content\/uploads\/sites\/67\/2020\/10\/1228.jpg","width":960,"height":540,"caption":"Radujme se z ka\u017ed\u00e9ho dne"},{"@type":"BreadcrumbList","@id":"https:\/\/tv.joycemeyer.org\/czech\/devotional\/radujme-se-z-kazdeho-dne\/#breadcrumb","itemListElement":[{"@type":"ListItem","position":1,"name":"Home","item":"https:\/\/tv.joycemeyer.org\/czech\/"},{"@type":"ListItem","position":2,"name":"Devotional","item":"https:\/\/tv.joycemeyer.org\/czech\/devotional\/"},{"@type":"ListItem","position":3,"name":"Radujme se z ka\u017ed\u00e9ho dne"}]},{"@type":"WebSite","@id":"https:\/\/tv.joycemeyer.org\/czech\/#website","url":"https:\/\/tv.joycemeyer.org\/czech\/","name":"Joyce Meyer Ministries - Czech","description":"Sd\u00edlet se o Krista - milovat lidi","potentialAction":[{"@type":"SearchAction","target":{"@type":"EntryPoint","urlTemplate":"https:\/\/tv.joycemeyer.org\/czech\/?s={search_term_string}"},"query-input":{"@type":"PropertyValueSpecification","valueRequired":true,"valueName":"search_term_string"}}],"inLanguage":"cs"}]}},"_links":{"self":[{"href":"https:\/\/tv.joycemeyer.org\/czech\/wp-json\/wp\/v2\/devotional\/837","targetHints":{"allow":["GET"]}}],"collection":[{"href":"https:\/\/tv.joycemeyer.org\/czech\/wp-json\/wp\/v2\/devotional"}],"about":[{"href":"https:\/\/tv.joycemeyer.org\/czech\/wp-json\/wp\/v2\/types\/devotional"}],"author":[{"embeddable":true,"href":"https:\/\/tv.joycemeyer.org\/czech\/wp-json\/wp\/v2\/users\/15"}],"replies":[{"embeddable":true,"href":"https:\/\/tv.joycemeyer.org\/czech\/wp-json\/wp\/v2\/comments?post=837"}],"wp:featuredmedia":[{"embeddable":true,"href":"https:\/\/tv.joycemeyer.org\/czech\/wp-json\/wp\/v2\/media\/838"}],"wp:attachment":[{"href":"https:\/\/tv.joycemeyer.org\/czech\/wp-json\/wp\/v2\/media?parent=837"}],"curies":[{"name":"wp","href":"https:\/\/api.w.org\/{rel}","templated":true}]}}