{"version":"1.0","provider_name":"Joyce Meyer Ministries - Espanol","provider_url":"https:\/\/tv.joycemeyer.org\/espanol","author_name":"dkeele","author_url":"https:\/\/tv.joycemeyer.org\/espanol\/author\/dkeele\/","title":"Ora y No Temas - Joyce Meyer Ministries - Espanol","type":"rich","width":600,"height":338,"html":"<blockquote class=\"wp-embedded-content\" data-secret=\"XoFJVAZN5M\"><a href=\"https:\/\/tv.joycemeyer.org\/espanol\/devotional\/ora-y-no-temas\/\">Ora y No Temas<\/a><\/blockquote><iframe sandbox=\"allow-scripts\" security=\"restricted\" src=\"https:\/\/tv.joycemeyer.org\/espanol\/devotional\/ora-y-no-temas\/embed\/#?secret=XoFJVAZN5M\" width=\"600\" height=\"338\" title=\"\u00abOra y No Temas\u00bb \u2014 Joyce Meyer Ministries - Espanol\" data-secret=\"XoFJVAZN5M\" frameborder=\"0\" marginwidth=\"0\" marginheight=\"0\" scrolling=\"no\" class=\"wp-embedded-content\"><\/iframe><script type=\"text\/javascript\">\n\/* <![CDATA[ *\/\n\/*! This file is auto-generated *\/\n!function(d,l){\"use strict\";l.querySelector&&d.addEventListener&&\"undefined\"!=typeof URL&&(d.wp=d.wp||{},d.wp.receiveEmbedMessage||(d.wp.receiveEmbedMessage=function(e){var t=e.data;if((t||t.secret||t.message||t.value)&&!\/[^a-zA-Z0-9]\/.test(t.secret)){for(var s,r,n,a=l.querySelectorAll('iframe[data-secret=\"'+t.secret+'\"]'),o=l.querySelectorAll('blockquote[data-secret=\"'+t.secret+'\"]'),c=new RegExp(\"^https?:$\",\"i\"),i=0;i<o.length;i++)o[i].style.display=\"none\";for(i=0;i<a.length;i++)s=a[i],e.source===s.contentWindow&&(s.removeAttribute(\"style\"),\"height\"===t.message?(1e3<(r=parseInt(t.value,10))?r=1e3:~~r<200&&(r=200),s.height=r):\"link\"===t.message&&(r=new URL(s.getAttribute(\"src\")),n=new URL(t.value),c.test(n.protocol))&&n.host===r.host&&l.activeElement===s&&(d.top.location.href=t.value))}},d.addEventListener(\"message\",d.wp.receiveEmbedMessage,!1),l.addEventListener(\"DOMContentLoaded\",function(){for(var e,t,s=l.querySelectorAll(\"iframe.wp-embedded-content\"),r=0;r<s.length;r++)(t=(e=s[r]).getAttribute(\"data-secret\"))||(t=Math.random().toString(36).substring(2,12),e.src+=\"#?secret=\"+t,e.setAttribute(\"data-secret\",t)),e.contentWindow.postMessage({message:\"ready\",secret:t},\"*\")},!1)))}(window,document);\n\/\/# sourceURL=https:\/\/tv.joycemeyer.org\/espanol\/wp-includes\/js\/wp-embed.min.js\n\/* ]]> *\/\n<\/script>\n","thumbnail_url":"https:\/\/tv.joycemeyer.org\/espanol\/wp-content\/uploads\/sites\/3\/2021\/10\/1797.jpg","thumbnail_width":960,"thumbnail_height":560,"description":"Dios quiere que oremos por todo y no temamos por nada. Nos encontrar\u00edamos en una relaci\u00f3n personal m\u00e1s cercana y profunda con el Se\u00f1or si oramos m\u00e1s, nos preocup\u00e1ramos menos y temi\u00e9ramos menos. Timoteo dice que Dios no nos ha dado un esp\u00edritu de temor. Entonces, cuando sentimos miedo, no es de Dios. Es del diablo. El diablo tratar\u00e1 de intimidarnos con todo tipo de miedos, y podemos preocuparnos tanto por c\u00f3mo nos sentimos que nos olvidamos orar."}