{"id":2670,"date":"2024-09-02T00:01:49","date_gmt":"2024-09-02T00:01:49","guid":{"rendered":"https:\/\/tv.joycemeyer.org\/espanol\/?post_type=devotional&#038;p=2670"},"modified":"2024-08-30T11:57:11","modified_gmt":"2024-08-30T11:57:11","slug":"pararse-en-la-brecha","status":"publish","type":"devotional","link":"https:\/\/tv.joycemeyer.org\/espanol\/devotional\/pararse-en-la-brecha\/","title":{"rendered":"Pararse En La Brecha"},"content":{"rendered":"<blockquote><p>Busqu\u00e9 entre ellos un hombre que levantara el muro y que se pusiera en la brecha delante de m\u00ed, intercediendo por la tierra para que yo no la destruyera; pero no lo hall\u00e9. (Ezequiel 22:30)<\/p><\/blockquote>\n<p>Una brecha es un espacio entre dos cosas; evita que dos objetos, dos espacios, dos entidades o dos personas se conecten entre s\u00ed. Cuando predico en pa\u00edses extranjeros, hay una brecha entre la audiencia y yo. Puede haber una brecha f\u00edsica si estoy en una plataforma; puede haber una brecha cultural, pero estoy m\u00e1s preocupado por la brecha del idioma. Si quiero que la gente me entienda, necesito un traductor, alguien que se interponga en la brecha del idioma para poder comunicar el mensaje de manera efectiva. El traductor tiene que trabajar a mi nombre para que se pueda eliminar la brecha y la gente pueda comprender lo que yo estoy diciendo.<\/p>\n<p>Ezequiel 22: 29\u201331 habla de pararse en la brecha. El vers\u00edculo de hoy se encuentra en ese pasaje y es una de las declaraciones m\u00e1s tristes de la Biblia. En ella, Dios b\u00e1sicamente dec\u00eda: \u00abNecesitaba a alguien para orar, y no pude encontrar a alguien que lo hiciera, as\u00ed que tuve que destruir la tierra.\u00bb Todo lo que necesitaba era una persona para orar, y toda la tierra podr\u00eda haberse salvado. \u00bfVes lo importante que es la intercesi\u00f3n? \u00a1Solo una persona podr\u00eda haber marcado una gran diferencia en un pa\u00eds entero y haber salvado todo el lugar a trav\u00e9s de la oraci\u00f3n!<\/p>\n<p>Necesitamos estar dispuestos a orar; Necesitamos ser sensibles a esos momentos en que el Esp\u00edritu Santo nos est\u00e1 guiando a interceder y debemos obedecer. Nunca sabemos cu\u00e1ndo nuestra oraci\u00f3n podr\u00eda ser la que se necesita para llenar un vac\u00edo y dar como resultado conectar el poder de Dios con una situaci\u00f3n desesperada.<\/p>\n<hr \/>\n<p>La palabra de Dios para ti hoy:<\/p>\n<p>Dile a Dios que est\u00e1s disponible para orar por los dem\u00e1s y hazlo mientras \u00c9l ponga a varias personas en tu coraz\u00f3n.<\/p>\n","protected":false},"excerpt":{"rendered":"<p>Una brecha es un espacio entre dos cosas; evita que dos objetos, dos espacios, dos entidades o dos personas se conecten entre s\u00ed &#8230;<\/p>\n","protected":false},"author":15,"featured_media":2671,"parent":0,"menu_order":0,"comment_status":"closed","ping_status":"closed","template":"","class_list":["post-2670","devotional","type-devotional","status-publish","has-post-thumbnail","hentry"],"acf":[],"appp":{"post_detail":{"above_title":"<div class=\"post-featured-wrap\"><img width=\"960\" height=\"540\" src=\"https:\/\/tv.joycemeyer.org\/espanol\/wp-content\/uploads\/sites\/3\/2020\/09\/1090.jpg\" class=\"post-featured wp-post-image\" alt=\"\" decoding=\"async\" srcset=\"https:\/\/tv.joycemeyer.org\/espanol\/wp-content\/uploads\/sites\/3\/2020\/09\/1090.jpg 960w, https:\/\/tv.joycemeyer.org\/espanol\/wp-content\/uploads\/sites\/3\/2020\/09\/1090-300x169.jpg 300w, https:\/\/tv.joycemeyer.org\/espanol\/wp-content\/uploads\/sites\/3\/2020\/09\/1090-768x432.jpg 768w, https:\/\/tv.joycemeyer.org\/espanol\/wp-content\/uploads\/sites\/3\/2020\/09\/1090-640x360.jpg 640w\" sizes=\"(max-width: 960px) 100vw, 960px\" \/><\/div>","below_content":"<a target=\"_blank\" class=\"list-item list-item--full list-item--footer-ad clearfix list-item--image-only\" href=\"https:\/\/comprar.ministeriosjoycemeyer.org\/products\/efesios-comentario-biblico\"><img width=\"1024\" height=\"218\" src=\"https:\/\/tv.joycemeyer.org\/espanol\/wp-content\/uploads\/sites\/3\/2020\/09\/Ephesians-Commentary-TVDOT-Banner-Ad-1024x218.png\" class=\"list-item__image\" alt=\"\" decoding=\"async\" srcset=\"https:\/\/tv.joycemeyer.org\/espanol\/wp-content\/uploads\/sites\/3\/2020\/09\/Ephesians-Commentary-TVDOT-Banner-Ad-1024x218.png 1024w, https:\/\/tv.joycemeyer.org\/espanol\/wp-content\/uploads\/sites\/3\/2020\/09\/Ephesians-Commentary-TVDOT-Banner-Ad-300x64.png 300w, https:\/\/tv.joycemeyer.org\/espanol\/wp-content\/uploads\/sites\/3\/2020\/09\/Ephesians-Commentary-TVDOT-Banner-Ad-768x163.png 768w, https:\/\/tv.joycemeyer.org\/espanol\/wp-content\/uploads\/sites\/3\/2020\/09\/Ephesians-Commentary-TVDOT-Banner-Ad-1536x326.png 1536w, https:\/\/tv.joycemeyer.org\/espanol\/wp-content\/uploads\/sites\/3\/2020\/09\/Ephesians-Commentary-TVDOT-Banner-Ad.png 1600w\" sizes=\"(max-width: 1024px) 100vw, 1024px\" \/><\/a>"}},"yoast_head":"<!-- This site is optimized with the Yoast SEO plugin v27.4 - https:\/\/yoast.com\/product\/yoast-seo-wordpress\/ -->\n<title>Pararse En La Brecha - Joyce Meyer Ministries - Espanol<\/title>\n<meta name=\"robots\" content=\"index, follow, max-snippet:-1, max-image-preview:large, max-video-preview:-1\" \/>\n<link rel=\"canonical\" href=\"https:\/\/tv.joycemeyer.org\/espanol\/devotional\/pararse-en-la-brecha\/\" \/>\n<meta property=\"og:locale\" content=\"es_ES\" \/>\n<meta property=\"og:type\" content=\"article\" \/>\n<meta property=\"og:title\" content=\"Pararse En La Brecha - Joyce Meyer Ministries - Espanol\" \/>\n<meta property=\"og:description\" content=\"Una brecha es un espacio entre dos cosas; evita que dos objetos, dos espacios, dos entidades o dos personas se conecten entre s\u00ed ...\" \/>\n<meta property=\"og:url\" content=\"https:\/\/tv.joycemeyer.org\/espanol\/devotional\/pararse-en-la-brecha\/\" \/>\n<meta property=\"og:site_name\" content=\"Joyce Meyer Ministries - Espanol\" \/>\n<meta property=\"article:publisher\" content=\"https:\/\/www.facebook.com\/JoyceMeyerMinistriesEspanol\/\" \/>\n<meta property=\"og:image\" content=\"https:\/\/tv.joycemeyer.org\/espanol\/wp-content\/uploads\/sites\/3\/2020\/09\/1090.jpg\" \/>\n\t<meta property=\"og:image:width\" content=\"960\" \/>\n\t<meta property=\"og:image:height\" content=\"540\" \/>\n\t<meta property=\"og:image:type\" content=\"image\/jpeg\" \/>\n<meta name=\"twitter:card\" content=\"summary_large_image\" \/>\n<meta name=\"twitter:label1\" content=\"Tiempo de lectura\" \/>\n\t<meta name=\"twitter:data1\" content=\"2 minutos\" \/>\n<script type=\"application\/ld+json\" class=\"yoast-schema-graph\">{\"@context\":\"https:\\\/\\\/schema.org\",\"@graph\":[{\"@type\":\"WebPage\",\"@id\":\"https:\\\/\\\/tv.joycemeyer.org\\\/espanol\\\/devotional\\\/pararse-en-la-brecha\\\/\",\"url\":\"https:\\\/\\\/tv.joycemeyer.org\\\/espanol\\\/devotional\\\/pararse-en-la-brecha\\\/\",\"name\":\"Pararse En La Brecha - Joyce Meyer Ministries - Espanol\",\"isPartOf\":{\"@id\":\"https:\\\/\\\/tv.joycemeyer.org\\\/espanol\\\/#website\"},\"primaryImageOfPage\":{\"@id\":\"https:\\\/\\\/tv.joycemeyer.org\\\/espanol\\\/devotional\\\/pararse-en-la-brecha\\\/#primaryimage\"},\"image\":{\"@id\":\"https:\\\/\\\/tv.joycemeyer.org\\\/espanol\\\/devotional\\\/pararse-en-la-brecha\\\/#primaryimage\"},\"thumbnailUrl\":\"https:\\\/\\\/tv.joycemeyer.org\\\/espanol\\\/wp-content\\\/uploads\\\/sites\\\/3\\\/2020\\\/09\\\/1090.jpg\",\"datePublished\":\"2024-09-02T00:01:49+00:00\",\"breadcrumb\":{\"@id\":\"https:\\\/\\\/tv.joycemeyer.org\\\/espanol\\\/devotional\\\/pararse-en-la-brecha\\\/#breadcrumb\"},\"inLanguage\":\"es\",\"potentialAction\":[{\"@type\":\"ReadAction\",\"target\":[\"https:\\\/\\\/tv.joycemeyer.org\\\/espanol\\\/devotional\\\/pararse-en-la-brecha\\\/\"]}]},{\"@type\":\"ImageObject\",\"inLanguage\":\"es\",\"@id\":\"https:\\\/\\\/tv.joycemeyer.org\\\/espanol\\\/devotional\\\/pararse-en-la-brecha\\\/#primaryimage\",\"url\":\"https:\\\/\\\/tv.joycemeyer.org\\\/espanol\\\/wp-content\\\/uploads\\\/sites\\\/3\\\/2020\\\/09\\\/1090.jpg\",\"contentUrl\":\"https:\\\/\\\/tv.joycemeyer.org\\\/espanol\\\/wp-content\\\/uploads\\\/sites\\\/3\\\/2020\\\/09\\\/1090.jpg\",\"width\":960,\"height\":540,\"caption\":\"Pararse En La Brecha\"},{\"@type\":\"BreadcrumbList\",\"@id\":\"https:\\\/\\\/tv.joycemeyer.org\\\/espanol\\\/devotional\\\/pararse-en-la-brecha\\\/#breadcrumb\",\"itemListElement\":[{\"@type\":\"ListItem\",\"position\":1,\"name\":\"Home\",\"item\":\"https:\\\/\\\/tv.joycemeyer.org\\\/espanol\\\/\"},{\"@type\":\"ListItem\",\"position\":2,\"name\":\"Devotional\",\"item\":\"https:\\\/\\\/tv.joycemeyer.org\\\/espanol\\\/devotional\\\/\"},{\"@type\":\"ListItem\",\"position\":3,\"name\":\"Pararse En La Brecha\"}]},{\"@type\":\"WebSite\",\"@id\":\"https:\\\/\\\/tv.joycemeyer.org\\\/espanol\\\/#website\",\"url\":\"https:\\\/\\\/tv.joycemeyer.org\\\/espanol\\\/\",\"name\":\"Joyce Meyer Ministries - Espanol\",\"description\":\"Disfrutando la Vida Diaria\",\"potentialAction\":[{\"@type\":\"SearchAction\",\"target\":{\"@type\":\"EntryPoint\",\"urlTemplate\":\"https:\\\/\\\/tv.joycemeyer.org\\\/espanol\\\/?s={search_term_string}\"},\"query-input\":{\"@type\":\"PropertyValueSpecification\",\"valueRequired\":true,\"valueName\":\"search_term_string\"}}],\"inLanguage\":\"es\"}]}<\/script>\n<!-- \/ Yoast SEO plugin. -->","yoast_head_json":{"title":"Pararse En La Brecha - Joyce Meyer Ministries - Espanol","robots":{"index":"index","follow":"follow","max-snippet":"max-snippet:-1","max-image-preview":"max-image-preview:large","max-video-preview":"max-video-preview:-1"},"canonical":"https:\/\/tv.joycemeyer.org\/espanol\/devotional\/pararse-en-la-brecha\/","og_locale":"es_ES","og_type":"article","og_title":"Pararse En La Brecha - Joyce Meyer Ministries - Espanol","og_description":"Una brecha es un espacio entre dos cosas; evita que dos objetos, dos espacios, dos entidades o dos personas se conecten entre s\u00ed ...","og_url":"https:\/\/tv.joycemeyer.org\/espanol\/devotional\/pararse-en-la-brecha\/","og_site_name":"Joyce Meyer Ministries - Espanol","article_publisher":"https:\/\/www.facebook.com\/JoyceMeyerMinistriesEspanol\/","og_image":[{"width":960,"height":540,"url":"https:\/\/tv.joycemeyer.org\/espanol\/wp-content\/uploads\/sites\/3\/2020\/09\/1090.jpg","type":"image\/jpeg"}],"twitter_card":"summary_large_image","twitter_misc":{"Tiempo de lectura":"2 minutos"},"schema":{"@context":"https:\/\/schema.org","@graph":[{"@type":"WebPage","@id":"https:\/\/tv.joycemeyer.org\/espanol\/devotional\/pararse-en-la-brecha\/","url":"https:\/\/tv.joycemeyer.org\/espanol\/devotional\/pararse-en-la-brecha\/","name":"Pararse En La Brecha - Joyce Meyer Ministries - Espanol","isPartOf":{"@id":"https:\/\/tv.joycemeyer.org\/espanol\/#website"},"primaryImageOfPage":{"@id":"https:\/\/tv.joycemeyer.org\/espanol\/devotional\/pararse-en-la-brecha\/#primaryimage"},"image":{"@id":"https:\/\/tv.joycemeyer.org\/espanol\/devotional\/pararse-en-la-brecha\/#primaryimage"},"thumbnailUrl":"https:\/\/tv.joycemeyer.org\/espanol\/wp-content\/uploads\/sites\/3\/2020\/09\/1090.jpg","datePublished":"2024-09-02T00:01:49+00:00","breadcrumb":{"@id":"https:\/\/tv.joycemeyer.org\/espanol\/devotional\/pararse-en-la-brecha\/#breadcrumb"},"inLanguage":"es","potentialAction":[{"@type":"ReadAction","target":["https:\/\/tv.joycemeyer.org\/espanol\/devotional\/pararse-en-la-brecha\/"]}]},{"@type":"ImageObject","inLanguage":"es","@id":"https:\/\/tv.joycemeyer.org\/espanol\/devotional\/pararse-en-la-brecha\/#primaryimage","url":"https:\/\/tv.joycemeyer.org\/espanol\/wp-content\/uploads\/sites\/3\/2020\/09\/1090.jpg","contentUrl":"https:\/\/tv.joycemeyer.org\/espanol\/wp-content\/uploads\/sites\/3\/2020\/09\/1090.jpg","width":960,"height":540,"caption":"Pararse En La Brecha"},{"@type":"BreadcrumbList","@id":"https:\/\/tv.joycemeyer.org\/espanol\/devotional\/pararse-en-la-brecha\/#breadcrumb","itemListElement":[{"@type":"ListItem","position":1,"name":"Home","item":"https:\/\/tv.joycemeyer.org\/espanol\/"},{"@type":"ListItem","position":2,"name":"Devotional","item":"https:\/\/tv.joycemeyer.org\/espanol\/devotional\/"},{"@type":"ListItem","position":3,"name":"Pararse En La Brecha"}]},{"@type":"WebSite","@id":"https:\/\/tv.joycemeyer.org\/espanol\/#website","url":"https:\/\/tv.joycemeyer.org\/espanol\/","name":"Joyce Meyer Ministries - Espanol","description":"Disfrutando la Vida Diaria","potentialAction":[{"@type":"SearchAction","target":{"@type":"EntryPoint","urlTemplate":"https:\/\/tv.joycemeyer.org\/espanol\/?s={search_term_string}"},"query-input":{"@type":"PropertyValueSpecification","valueRequired":true,"valueName":"search_term_string"}}],"inLanguage":"es"}]}},"featured_image_urls":{"medium":"https:\/\/tv.joycemeyer.org\/espanol\/wp-content\/uploads\/sites\/3\/2020\/09\/1090-300x169.jpg","thumbnail":"https:\/\/tv.joycemeyer.org\/espanol\/wp-content\/uploads\/sites\/3\/2020\/09\/1090-150x150.jpg","medium_large":"https:\/\/tv.joycemeyer.org\/espanol\/wp-content\/uploads\/sites\/3\/2020\/09\/1090-768x432.jpg","listing":"https:\/\/tv.joycemeyer.org\/espanol\/wp-content\/uploads\/sites\/3\/2020\/09\/1090-640x360.jpg","feature":"https:\/\/tv.joycemeyer.org\/espanol\/wp-content\/uploads\/sites\/3\/2020\/09\/1090-960x540.jpg","ebook":"https:\/\/tv.joycemeyer.org\/espanol\/wp-content\/uploads\/sites\/3\/2020\/09\/1090-300x435.jpg","header":"https:\/\/tv.joycemeyer.org\/espanol\/wp-content\/uploads\/sites\/3\/2020\/09\/1090-960x340.jpg","rpwe-thumbnail":"https:\/\/tv.joycemeyer.org\/espanol\/wp-content\/uploads\/sites\/3\/2020\/09\/1090-45x45.jpg"},"appp_media":null,"_links":{"self":[{"href":"https:\/\/tv.joycemeyer.org\/espanol\/wp-json\/wp\/v2\/devotional\/2670","targetHints":{"allow":["GET"]}}],"collection":[{"href":"https:\/\/tv.joycemeyer.org\/espanol\/wp-json\/wp\/v2\/devotional"}],"about":[{"href":"https:\/\/tv.joycemeyer.org\/espanol\/wp-json\/wp\/v2\/types\/devotional"}],"author":[{"embeddable":true,"href":"https:\/\/tv.joycemeyer.org\/espanol\/wp-json\/wp\/v2\/users\/15"}],"replies":[{"embeddable":true,"href":"https:\/\/tv.joycemeyer.org\/espanol\/wp-json\/wp\/v2\/comments?post=2670"}],"wp:featuredmedia":[{"embeddable":true,"href":"https:\/\/tv.joycemeyer.org\/espanol\/wp-json\/wp\/v2\/media\/2671"}],"wp:attachment":[{"href":"https:\/\/tv.joycemeyer.org\/espanol\/wp-json\/wp\/v2\/media?parent=2670"}],"curies":[{"name":"wp","href":"https:\/\/api.w.org\/{rel}","templated":true}]}}