{"id":2771,"date":"2024-10-12T00:01:53","date_gmt":"2024-10-12T00:01:53","guid":{"rendered":"https:\/\/tv.joycemeyer.org\/espanol\/?post_type=devotional&#038;p=2771"},"modified":"2024-10-11T13:39:38","modified_gmt":"2024-10-11T13:39:38","slug":"abre-la-puerta","status":"publish","type":"devotional","link":"https:\/\/tv.joycemeyer.org\/espanol\/devotional\/abre-la-puerta\/","title":{"rendered":"Abre La Puerta"},"content":{"rendered":"<blockquote><p>Mira que estoy a la puerta y llamo. Si alguno oye mi voz y abre la puerta, entrar\u00e9, y cenar\u00e9 con \u00e9l, y \u00e9l conmigo. (Apocalipsis 3:20)<\/p><\/blockquote>\n<p>Cuando abr\u00ed la puerta de mi coraz\u00f3n a la plenitud del ministerio del Esp\u00edritu Santo en mi vida, \u00c9l comenz\u00f3 a hablarme y a tratar conmigo sobre cada \u00e1rea de mi vida; no hab\u00eda nada en lo que \u00c9l no estuviera involucrado. Me gustaba, pero no me gustaba, si sabes a lo que me refiero.<\/p>\n<p>Dios me habl\u00f3 sobre c\u00f3mo yo le hablaba a la gente y como hablaba acerca de ellas. El me Habl\u00f3 sobre c\u00f3mo gastaba mi dinero, c\u00f3mo me vest\u00eda, qui\u00e9nes eran mis amigos y lo que yo hac\u00eda para entretenerme. Me habl\u00f3 sobre mis pensamientos y mis actitudes. Me di cuenta de que \u00c9l conoc\u00eda mis secretos m\u00e1s profundos y que nada estaba oculto para \u00c9l. Ya Dios no estaba en la \u00absala de los domingos por la ma\u00f1ana\u00bb de mi vida, \u00a1sino que parec\u00eda que estaba manejando toda la casa! Yo nunca sab\u00eda cu\u00e1ndo podr\u00eda comenzar a hablarme sobre algo de mi vida. Como lo mencion\u00e9, fue emocionante, pero tambi\u00e9n desafiante, porque sab\u00eda que cuando me hablaba me conducir\u00eda a muchos cambios en mi vida.<\/p>\n<p>Todos queremos un cambio en ciertas \u00e1reas, pero cuando llega, puede ser aterrador. A menudo queremos que nuestras vidas cambien, pero no nuestros estilos de vida. Puede que no nos guste lo que tenemos en la vida, pero nos preguntamos si puede ser mejor que las alternativas. Podemos sentirnos ansiosos o incluso temerosos de perder el control de nuestras vidas y permitir que alguien que no podemos ver tome el control.<\/p>\n<p>Escuchar y obedecer la voz de Dios mientras obra en nuestras vidas, significa vivir para Su complacencia y gloria, no para la nuestra. Podemos estar nerviosos o preocupados por abrirle las puertas de cada \u00e1rea de nuestras vidas, pero te garantizo que vale la pena.<\/p>\n<hr \/>\n<p>La palabra de Dios para ti hoy: Invita a Dios a cada \u00e1rea de tu vida.<\/p>\n","protected":false},"excerpt":{"rendered":"<p>Como lo mencion\u00e9, fue emocionante, pero tambi\u00e9n desafiante, porque sab\u00eda que cuando me hablaba me conducir\u00eda a muchos cambios en mi vida.<\/p>\n","protected":false},"author":15,"featured_media":2772,"parent":0,"menu_order":0,"comment_status":"closed","ping_status":"closed","template":"","class_list":["post-2771","devotional","type-devotional","status-publish","has-post-thumbnail","hentry"],"acf":[],"appp":{"post_detail":{"above_title":"<div class=\"post-featured-wrap\"><img width=\"960\" height=\"539\" src=\"https:\/\/tv.joycemeyer.org\/espanol\/wp-content\/uploads\/sites\/3\/2020\/10\/1038.jpg\" class=\"post-featured wp-post-image\" alt=\"\" decoding=\"async\" srcset=\"https:\/\/tv.joycemeyer.org\/espanol\/wp-content\/uploads\/sites\/3\/2020\/10\/1038.jpg 960w, https:\/\/tv.joycemeyer.org\/espanol\/wp-content\/uploads\/sites\/3\/2020\/10\/1038-300x168.jpg 300w, https:\/\/tv.joycemeyer.org\/espanol\/wp-content\/uploads\/sites\/3\/2020\/10\/1038-768x431.jpg 768w, https:\/\/tv.joycemeyer.org\/espanol\/wp-content\/uploads\/sites\/3\/2020\/10\/1038-640x360.jpg 640w\" sizes=\"(max-width: 960px) 100vw, 960px\" \/><\/div>","below_content":"<a target=\"_blank\" class=\"list-item list-item--full list-item--footer-ad clearfix list-item--image-only\" href=\"https:\/\/comprar.ministeriosjoycemeyer.org\/products\/hazte-un-favor-a-ti-mismo-perdona-1\"><img width=\"1024\" height=\"218\" src=\"https:\/\/tv.joycemeyer.org\/espanol\/wp-content\/uploads\/sites\/3\/2019\/11\/Do-Yourself-a-Favor-Forgive-Spanish-BK-TVDOT-BANNER-1024x218.png\" class=\"list-item__image\" alt=\"Hazte un Favor a Ti Mismo...Perdona\" decoding=\"async\" srcset=\"https:\/\/tv.joycemeyer.org\/espanol\/wp-content\/uploads\/sites\/3\/2019\/11\/Do-Yourself-a-Favor-Forgive-Spanish-BK-TVDOT-BANNER-1024x218.png 1024w, https:\/\/tv.joycemeyer.org\/espanol\/wp-content\/uploads\/sites\/3\/2019\/11\/Do-Yourself-a-Favor-Forgive-Spanish-BK-TVDOT-BANNER-300x64.png 300w, https:\/\/tv.joycemeyer.org\/espanol\/wp-content\/uploads\/sites\/3\/2019\/11\/Do-Yourself-a-Favor-Forgive-Spanish-BK-TVDOT-BANNER-768x163.png 768w, https:\/\/tv.joycemeyer.org\/espanol\/wp-content\/uploads\/sites\/3\/2019\/11\/Do-Yourself-a-Favor-Forgive-Spanish-BK-TVDOT-BANNER-1536x326.png 1536w, https:\/\/tv.joycemeyer.org\/espanol\/wp-content\/uploads\/sites\/3\/2019\/11\/Do-Yourself-a-Favor-Forgive-Spanish-BK-TVDOT-BANNER.png 1600w\" sizes=\"(max-width: 1024px) 100vw, 1024px\" \/><\/a>"}},"yoast_head":"<!-- This site is optimized with the Yoast SEO plugin v27.4 - https:\/\/yoast.com\/product\/yoast-seo-wordpress\/ -->\n<title>Abre La Puerta - Joyce Meyer Ministries - Espanol<\/title>\n<meta name=\"robots\" content=\"index, follow, max-snippet:-1, max-image-preview:large, max-video-preview:-1\" \/>\n<link rel=\"canonical\" href=\"https:\/\/tv.joycemeyer.org\/espanol\/devotional\/abre-la-puerta\/\" \/>\n<meta property=\"og:locale\" content=\"es_ES\" \/>\n<meta property=\"og:type\" content=\"article\" \/>\n<meta property=\"og:title\" content=\"Abre La Puerta - Joyce Meyer Ministries - Espanol\" \/>\n<meta property=\"og:description\" content=\"Como lo mencion\u00e9, fue emocionante, pero tambi\u00e9n desafiante, porque sab\u00eda que cuando me hablaba me conducir\u00eda a muchos cambios en mi vida.\" \/>\n<meta property=\"og:url\" content=\"https:\/\/tv.joycemeyer.org\/espanol\/devotional\/abre-la-puerta\/\" \/>\n<meta property=\"og:site_name\" content=\"Joyce Meyer Ministries - Espanol\" \/>\n<meta property=\"article:publisher\" content=\"https:\/\/www.facebook.com\/JoyceMeyerMinistriesEspanol\/\" \/>\n<meta property=\"og:image\" content=\"https:\/\/tv.joycemeyer.org\/espanol\/wp-content\/uploads\/sites\/3\/2020\/10\/1038.jpg\" \/>\n\t<meta property=\"og:image:width\" content=\"960\" \/>\n\t<meta property=\"og:image:height\" content=\"539\" \/>\n\t<meta property=\"og:image:type\" content=\"image\/jpeg\" \/>\n<meta name=\"twitter:card\" content=\"summary_large_image\" \/>\n<meta name=\"twitter:label1\" content=\"Tiempo de lectura\" \/>\n\t<meta name=\"twitter:data1\" content=\"2 minutos\" \/>\n<script type=\"application\/ld+json\" class=\"yoast-schema-graph\">{\"@context\":\"https:\\\/\\\/schema.org\",\"@graph\":[{\"@type\":\"WebPage\",\"@id\":\"https:\\\/\\\/tv.joycemeyer.org\\\/espanol\\\/devotional\\\/abre-la-puerta\\\/\",\"url\":\"https:\\\/\\\/tv.joycemeyer.org\\\/espanol\\\/devotional\\\/abre-la-puerta\\\/\",\"name\":\"Abre La Puerta - Joyce Meyer Ministries - Espanol\",\"isPartOf\":{\"@id\":\"https:\\\/\\\/tv.joycemeyer.org\\\/espanol\\\/#website\"},\"primaryImageOfPage\":{\"@id\":\"https:\\\/\\\/tv.joycemeyer.org\\\/espanol\\\/devotional\\\/abre-la-puerta\\\/#primaryimage\"},\"image\":{\"@id\":\"https:\\\/\\\/tv.joycemeyer.org\\\/espanol\\\/devotional\\\/abre-la-puerta\\\/#primaryimage\"},\"thumbnailUrl\":\"https:\\\/\\\/tv.joycemeyer.org\\\/espanol\\\/wp-content\\\/uploads\\\/sites\\\/3\\\/2020\\\/10\\\/1038.jpg\",\"datePublished\":\"2024-10-12T00:01:53+00:00\",\"breadcrumb\":{\"@id\":\"https:\\\/\\\/tv.joycemeyer.org\\\/espanol\\\/devotional\\\/abre-la-puerta\\\/#breadcrumb\"},\"inLanguage\":\"es\",\"potentialAction\":[{\"@type\":\"ReadAction\",\"target\":[\"https:\\\/\\\/tv.joycemeyer.org\\\/espanol\\\/devotional\\\/abre-la-puerta\\\/\"]}]},{\"@type\":\"ImageObject\",\"inLanguage\":\"es\",\"@id\":\"https:\\\/\\\/tv.joycemeyer.org\\\/espanol\\\/devotional\\\/abre-la-puerta\\\/#primaryimage\",\"url\":\"https:\\\/\\\/tv.joycemeyer.org\\\/espanol\\\/wp-content\\\/uploads\\\/sites\\\/3\\\/2020\\\/10\\\/1038.jpg\",\"contentUrl\":\"https:\\\/\\\/tv.joycemeyer.org\\\/espanol\\\/wp-content\\\/uploads\\\/sites\\\/3\\\/2020\\\/10\\\/1038.jpg\",\"width\":960,\"height\":539,\"caption\":\"Abre La Puerta\"},{\"@type\":\"BreadcrumbList\",\"@id\":\"https:\\\/\\\/tv.joycemeyer.org\\\/espanol\\\/devotional\\\/abre-la-puerta\\\/#breadcrumb\",\"itemListElement\":[{\"@type\":\"ListItem\",\"position\":1,\"name\":\"Home\",\"item\":\"https:\\\/\\\/tv.joycemeyer.org\\\/espanol\\\/\"},{\"@type\":\"ListItem\",\"position\":2,\"name\":\"Devotional\",\"item\":\"https:\\\/\\\/tv.joycemeyer.org\\\/espanol\\\/devotional\\\/\"},{\"@type\":\"ListItem\",\"position\":3,\"name\":\"Abre La Puerta\"}]},{\"@type\":\"WebSite\",\"@id\":\"https:\\\/\\\/tv.joycemeyer.org\\\/espanol\\\/#website\",\"url\":\"https:\\\/\\\/tv.joycemeyer.org\\\/espanol\\\/\",\"name\":\"Joyce Meyer Ministries - Espanol\",\"description\":\"Disfrutando la Vida Diaria\",\"potentialAction\":[{\"@type\":\"SearchAction\",\"target\":{\"@type\":\"EntryPoint\",\"urlTemplate\":\"https:\\\/\\\/tv.joycemeyer.org\\\/espanol\\\/?s={search_term_string}\"},\"query-input\":{\"@type\":\"PropertyValueSpecification\",\"valueRequired\":true,\"valueName\":\"search_term_string\"}}],\"inLanguage\":\"es\"}]}<\/script>\n<!-- \/ Yoast SEO plugin. -->","yoast_head_json":{"title":"Abre La Puerta - Joyce Meyer Ministries - Espanol","robots":{"index":"index","follow":"follow","max-snippet":"max-snippet:-1","max-image-preview":"max-image-preview:large","max-video-preview":"max-video-preview:-1"},"canonical":"https:\/\/tv.joycemeyer.org\/espanol\/devotional\/abre-la-puerta\/","og_locale":"es_ES","og_type":"article","og_title":"Abre La Puerta - Joyce Meyer Ministries - Espanol","og_description":"Como lo mencion\u00e9, fue emocionante, pero tambi\u00e9n desafiante, porque sab\u00eda que cuando me hablaba me conducir\u00eda a muchos cambios en mi vida.","og_url":"https:\/\/tv.joycemeyer.org\/espanol\/devotional\/abre-la-puerta\/","og_site_name":"Joyce Meyer Ministries - Espanol","article_publisher":"https:\/\/www.facebook.com\/JoyceMeyerMinistriesEspanol\/","og_image":[{"width":960,"height":539,"url":"https:\/\/tv.joycemeyer.org\/espanol\/wp-content\/uploads\/sites\/3\/2020\/10\/1038.jpg","type":"image\/jpeg"}],"twitter_card":"summary_large_image","twitter_misc":{"Tiempo de lectura":"2 minutos"},"schema":{"@context":"https:\/\/schema.org","@graph":[{"@type":"WebPage","@id":"https:\/\/tv.joycemeyer.org\/espanol\/devotional\/abre-la-puerta\/","url":"https:\/\/tv.joycemeyer.org\/espanol\/devotional\/abre-la-puerta\/","name":"Abre La Puerta - Joyce Meyer Ministries - Espanol","isPartOf":{"@id":"https:\/\/tv.joycemeyer.org\/espanol\/#website"},"primaryImageOfPage":{"@id":"https:\/\/tv.joycemeyer.org\/espanol\/devotional\/abre-la-puerta\/#primaryimage"},"image":{"@id":"https:\/\/tv.joycemeyer.org\/espanol\/devotional\/abre-la-puerta\/#primaryimage"},"thumbnailUrl":"https:\/\/tv.joycemeyer.org\/espanol\/wp-content\/uploads\/sites\/3\/2020\/10\/1038.jpg","datePublished":"2024-10-12T00:01:53+00:00","breadcrumb":{"@id":"https:\/\/tv.joycemeyer.org\/espanol\/devotional\/abre-la-puerta\/#breadcrumb"},"inLanguage":"es","potentialAction":[{"@type":"ReadAction","target":["https:\/\/tv.joycemeyer.org\/espanol\/devotional\/abre-la-puerta\/"]}]},{"@type":"ImageObject","inLanguage":"es","@id":"https:\/\/tv.joycemeyer.org\/espanol\/devotional\/abre-la-puerta\/#primaryimage","url":"https:\/\/tv.joycemeyer.org\/espanol\/wp-content\/uploads\/sites\/3\/2020\/10\/1038.jpg","contentUrl":"https:\/\/tv.joycemeyer.org\/espanol\/wp-content\/uploads\/sites\/3\/2020\/10\/1038.jpg","width":960,"height":539,"caption":"Abre La Puerta"},{"@type":"BreadcrumbList","@id":"https:\/\/tv.joycemeyer.org\/espanol\/devotional\/abre-la-puerta\/#breadcrumb","itemListElement":[{"@type":"ListItem","position":1,"name":"Home","item":"https:\/\/tv.joycemeyer.org\/espanol\/"},{"@type":"ListItem","position":2,"name":"Devotional","item":"https:\/\/tv.joycemeyer.org\/espanol\/devotional\/"},{"@type":"ListItem","position":3,"name":"Abre La Puerta"}]},{"@type":"WebSite","@id":"https:\/\/tv.joycemeyer.org\/espanol\/#website","url":"https:\/\/tv.joycemeyer.org\/espanol\/","name":"Joyce Meyer Ministries - Espanol","description":"Disfrutando la Vida Diaria","potentialAction":[{"@type":"SearchAction","target":{"@type":"EntryPoint","urlTemplate":"https:\/\/tv.joycemeyer.org\/espanol\/?s={search_term_string}"},"query-input":{"@type":"PropertyValueSpecification","valueRequired":true,"valueName":"search_term_string"}}],"inLanguage":"es"}]}},"featured_image_urls":{"medium":"https:\/\/tv.joycemeyer.org\/espanol\/wp-content\/uploads\/sites\/3\/2020\/10\/1038-300x168.jpg","thumbnail":"https:\/\/tv.joycemeyer.org\/espanol\/wp-content\/uploads\/sites\/3\/2020\/10\/1038-150x150.jpg","medium_large":"https:\/\/tv.joycemeyer.org\/espanol\/wp-content\/uploads\/sites\/3\/2020\/10\/1038-768x431.jpg","listing":"https:\/\/tv.joycemeyer.org\/espanol\/wp-content\/uploads\/sites\/3\/2020\/10\/1038-640x360.jpg","ebook":"https:\/\/tv.joycemeyer.org\/espanol\/wp-content\/uploads\/sites\/3\/2020\/10\/1038-300x435.jpg","header":"https:\/\/tv.joycemeyer.org\/espanol\/wp-content\/uploads\/sites\/3\/2020\/10\/1038-960x340.jpg","rpwe-thumbnail":"https:\/\/tv.joycemeyer.org\/espanol\/wp-content\/uploads\/sites\/3\/2020\/10\/1038-45x45.jpg"},"appp_media":null,"_links":{"self":[{"href":"https:\/\/tv.joycemeyer.org\/espanol\/wp-json\/wp\/v2\/devotional\/2771","targetHints":{"allow":["GET"]}}],"collection":[{"href":"https:\/\/tv.joycemeyer.org\/espanol\/wp-json\/wp\/v2\/devotional"}],"about":[{"href":"https:\/\/tv.joycemeyer.org\/espanol\/wp-json\/wp\/v2\/types\/devotional"}],"author":[{"embeddable":true,"href":"https:\/\/tv.joycemeyer.org\/espanol\/wp-json\/wp\/v2\/users\/15"}],"replies":[{"embeddable":true,"href":"https:\/\/tv.joycemeyer.org\/espanol\/wp-json\/wp\/v2\/comments?post=2771"}],"wp:featuredmedia":[{"embeddable":true,"href":"https:\/\/tv.joycemeyer.org\/espanol\/wp-json\/wp\/v2\/media\/2772"}],"wp:attachment":[{"href":"https:\/\/tv.joycemeyer.org\/espanol\/wp-json\/wp\/v2\/media?parent=2771"}],"curies":[{"name":"wp","href":"https:\/\/api.w.org\/{rel}","templated":true}]}}