{"id":2792,"date":"2024-10-21T00:01:03","date_gmt":"2024-10-21T00:01:03","guid":{"rendered":"https:\/\/tv.joycemeyer.org\/espanol\/?post_type=devotional&#038;p=2792"},"modified":"2024-10-22T16:51:49","modified_gmt":"2024-10-22T16:51:49","slug":"el-fruto-del-espiritu","status":"publish","type":"devotional","link":"https:\/\/tv.joycemeyer.org\/espanol\/devotional\/el-fruto-del-espiritu\/","title":{"rendered":"El Fruto Del Esp\u00edritu"},"content":{"rendered":"<blockquote><p>En cambio, el fruto del Esp\u00edritu es amor, alegr\u00eda, paz, paciencia, amabilidad, bondad, fidelidad, 23 humildad y dominio propio. No hay ley que condene estas cosas. (G\u00e1latas 5:22-23)<\/p><\/blockquote>\n<p>Cuando estamos llenos hasta rebosar del Esp\u00edritu Santo, vemos Su fruto manifestado a trav\u00e9s de nosotros. Tenemos paz y alegr\u00eda y somos buenos con las personas. Jes\u00fas nos ha mandado amarnos unos a otros como \u00c9l nos am\u00f3. Es importante para el mundo ver este amor manifestado. La gente del mundo tiene hambre de verdad y necesita ver que Dios puede cambiar a la gente. Necesitan ver el amor de Dios en acci\u00f3n para que tengan hambre y sed de \u00c9l.<\/p>\n<p>La Biblia nos ense\u00f1a que debemos ser luz y sal (ver Mateo 5: 13\u201314). El mundo est\u00e1 en la oscuridad, pero los cristianos llenos del Esp\u00edritu Santo traen luz donde quiera que vayan. El mundo no tiene sabor, pero los cristianos traen la sal (el sabor) cuando est\u00e1n presentes.<\/p>\n<p>Tenemos un gran trabajo que hacer como cristianos y siempre debemos ser sensibles al Esp\u00edritu Santo con respecto a c\u00f3mo tratamos a las personas. Dios est\u00e1 en nosotros haciendo Su llamamiento al mundo a trav\u00e9s de nosotros; somos sus representantes personales (ver 2 Corintios 5:20). En vista de ese hecho, Pablo dijo que deber\u00edamos aferrarnos al favor divino que se nos ofrece. Debemos trabajar con el Esp\u00edritu Santo para desarrollar el fruto del Esp\u00edritu en una medida completa para que podamos comportarnos de una manera que glorifique a Dios y atraiga a las personas hacia \u00c9l.<\/p>\n<p>El fruto del Esp\u00edritu se desarrolla a medida que atravesamos dificultades en la vida y continuamos, con la ayuda de Dios, para tratar a las personas como \u00c9l lo har\u00eda. Permanece fuerte en el Se\u00f1or y recuerda que el mundo te est\u00e1 mirando y ellos necesitan que seas sal y luz.<\/p>\n<hr \/>\n<p>La palabra de Dios para ti hoy: No importa los desaf\u00edos que puedas enfrentar hoy, sigue siendo amable con todos los que encuentres.<\/p>\n","protected":false},"excerpt":{"rendered":"<p>Tenemos un gran trabajo que hacer como cristianos y siempre debemos ser sensibles al Esp\u00edritu Santo con respecto a c\u00f3mo tratamos a las personas.<\/p>\n","protected":false},"author":15,"featured_media":2793,"parent":0,"menu_order":0,"comment_status":"closed","ping_status":"closed","template":"","class_list":["post-2792","devotional","type-devotional","status-publish","has-post-thumbnail","hentry"],"acf":[],"appp":{"post_detail":{"above_title":"<div class=\"post-featured-wrap\"><img width=\"960\" height=\"540\" src=\"https:\/\/tv.joycemeyer.org\/espanol\/wp-content\/uploads\/sites\/3\/2020\/11\/334.jpg\" class=\"post-featured wp-post-image\" alt=\"\" decoding=\"async\" srcset=\"https:\/\/tv.joycemeyer.org\/espanol\/wp-content\/uploads\/sites\/3\/2020\/11\/334.jpg 960w, https:\/\/tv.joycemeyer.org\/espanol\/wp-content\/uploads\/sites\/3\/2020\/11\/334-300x169.jpg 300w, https:\/\/tv.joycemeyer.org\/espanol\/wp-content\/uploads\/sites\/3\/2020\/11\/334-768x432.jpg 768w, https:\/\/tv.joycemeyer.org\/espanol\/wp-content\/uploads\/sites\/3\/2020\/11\/334-640x360.jpg 640w\" sizes=\"(max-width: 960px) 100vw, 960px\" \/><\/div>","below_content":"<div class=\"follow\"><h6 class=\"alt\">Con\u00e9ctate Con Nosotros<\/h6><ul class=\"nav nav--social nav--flex\"><li class=\"menu-item facebook\"><a href=\"https:\/\/www.facebook.com\/JoyceMeyerMinistriesEspanol\/\" target=\"_blank\"><span class=\"visuallyhidden\">Facebook<\/span><\/a><\/li><li class=\"menu-item instagram\"><a href=\"https:\/\/www.instagram.com\/joycemeyerespanol\/\" target=\"_blank\"><span class=\"visuallyhidden\">Instagram<\/span><\/a><\/li><li class=\"menu-item youtube\"><a href=\"https:\/\/www.youtube.com\/c\/joycemeyerministriesspanish\" target=\"_blank\"><span class=\"visuallyhidden\">YouTube<\/span><\/a><\/li><\/ul><\/div><a target=\"_blank\" class=\"list-item list-item--full list-item--footer-ad clearfix list-item--image-only\" href=\"https:\/\/comprar.ministeriosjoycemeyer.org\/products\/hazte-un-favor-a-ti-mismo-perdona-1\"><img width=\"1024\" height=\"218\" src=\"https:\/\/tv.joycemeyer.org\/espanol\/wp-content\/uploads\/sites\/3\/2024\/10\/Do-Yourself-a-Favor-Forgive-Spanish-BK-TVDOT-BANNER-1024x218.png\" class=\"list-item__image\" alt=\"\" decoding=\"async\" srcset=\"https:\/\/tv.joycemeyer.org\/espanol\/wp-content\/uploads\/sites\/3\/2024\/10\/Do-Yourself-a-Favor-Forgive-Spanish-BK-TVDOT-BANNER-1024x218.png 1024w, https:\/\/tv.joycemeyer.org\/espanol\/wp-content\/uploads\/sites\/3\/2024\/10\/Do-Yourself-a-Favor-Forgive-Spanish-BK-TVDOT-BANNER-300x64.png 300w, https:\/\/tv.joycemeyer.org\/espanol\/wp-content\/uploads\/sites\/3\/2024\/10\/Do-Yourself-a-Favor-Forgive-Spanish-BK-TVDOT-BANNER-768x163.png 768w, https:\/\/tv.joycemeyer.org\/espanol\/wp-content\/uploads\/sites\/3\/2024\/10\/Do-Yourself-a-Favor-Forgive-Spanish-BK-TVDOT-BANNER-1536x326.png 1536w, https:\/\/tv.joycemeyer.org\/espanol\/wp-content\/uploads\/sites\/3\/2024\/10\/Do-Yourself-a-Favor-Forgive-Spanish-BK-TVDOT-BANNER.png 1600w\" sizes=\"(max-width: 1024px) 100vw, 1024px\" \/><\/a>"}},"yoast_head":"<!-- This site is optimized with the Yoast SEO plugin v27.4 - https:\/\/yoast.com\/product\/yoast-seo-wordpress\/ -->\n<title>El Fruto Del Esp\u00edritu - Joyce Meyer Ministries - Espanol<\/title>\n<meta name=\"robots\" content=\"index, follow, max-snippet:-1, max-image-preview:large, max-video-preview:-1\" \/>\n<link rel=\"canonical\" href=\"https:\/\/tv.joycemeyer.org\/espanol\/devotional\/el-fruto-del-espiritu\/\" \/>\n<meta property=\"og:locale\" content=\"es_ES\" \/>\n<meta property=\"og:type\" content=\"article\" \/>\n<meta property=\"og:title\" content=\"El Fruto Del Esp\u00edritu - Joyce Meyer Ministries - Espanol\" \/>\n<meta property=\"og:description\" content=\"Tenemos un gran trabajo que hacer como cristianos y siempre debemos ser sensibles al Esp\u00edritu Santo con respecto a c\u00f3mo tratamos a las personas.\" \/>\n<meta property=\"og:url\" content=\"https:\/\/tv.joycemeyer.org\/espanol\/devotional\/el-fruto-del-espiritu\/\" \/>\n<meta property=\"og:site_name\" content=\"Joyce Meyer Ministries - Espanol\" \/>\n<meta property=\"article:publisher\" content=\"https:\/\/www.facebook.com\/JoyceMeyerMinistriesEspanol\/\" \/>\n<meta property=\"article:modified_time\" content=\"2024-10-22T16:51:49+00:00\" \/>\n<meta property=\"og:image\" content=\"https:\/\/tv.joycemeyer.org\/espanol\/wp-content\/uploads\/sites\/3\/2020\/11\/334.jpg\" \/>\n\t<meta property=\"og:image:width\" content=\"960\" \/>\n\t<meta property=\"og:image:height\" content=\"540\" \/>\n\t<meta property=\"og:image:type\" content=\"image\/jpeg\" \/>\n<meta name=\"twitter:card\" content=\"summary_large_image\" \/>\n<meta name=\"twitter:label1\" content=\"Tiempo de lectura\" \/>\n\t<meta name=\"twitter:data1\" content=\"2 minutos\" \/>\n<script type=\"application\/ld+json\" class=\"yoast-schema-graph\">{\"@context\":\"https:\\\/\\\/schema.org\",\"@graph\":[{\"@type\":\"WebPage\",\"@id\":\"https:\\\/\\\/tv.joycemeyer.org\\\/espanol\\\/devotional\\\/el-fruto-del-espiritu\\\/\",\"url\":\"https:\\\/\\\/tv.joycemeyer.org\\\/espanol\\\/devotional\\\/el-fruto-del-espiritu\\\/\",\"name\":\"El Fruto Del Esp\u00edritu - Joyce Meyer Ministries - Espanol\",\"isPartOf\":{\"@id\":\"https:\\\/\\\/tv.joycemeyer.org\\\/espanol\\\/#website\"},\"primaryImageOfPage\":{\"@id\":\"https:\\\/\\\/tv.joycemeyer.org\\\/espanol\\\/devotional\\\/el-fruto-del-espiritu\\\/#primaryimage\"},\"image\":{\"@id\":\"https:\\\/\\\/tv.joycemeyer.org\\\/espanol\\\/devotional\\\/el-fruto-del-espiritu\\\/#primaryimage\"},\"thumbnailUrl\":\"https:\\\/\\\/tv.joycemeyer.org\\\/espanol\\\/wp-content\\\/uploads\\\/sites\\\/3\\\/2020\\\/11\\\/334.jpg\",\"datePublished\":\"2024-10-21T00:01:03+00:00\",\"dateModified\":\"2024-10-22T16:51:49+00:00\",\"breadcrumb\":{\"@id\":\"https:\\\/\\\/tv.joycemeyer.org\\\/espanol\\\/devotional\\\/el-fruto-del-espiritu\\\/#breadcrumb\"},\"inLanguage\":\"es\",\"potentialAction\":[{\"@type\":\"ReadAction\",\"target\":[\"https:\\\/\\\/tv.joycemeyer.org\\\/espanol\\\/devotional\\\/el-fruto-del-espiritu\\\/\"]}]},{\"@type\":\"ImageObject\",\"inLanguage\":\"es\",\"@id\":\"https:\\\/\\\/tv.joycemeyer.org\\\/espanol\\\/devotional\\\/el-fruto-del-espiritu\\\/#primaryimage\",\"url\":\"https:\\\/\\\/tv.joycemeyer.org\\\/espanol\\\/wp-content\\\/uploads\\\/sites\\\/3\\\/2020\\\/11\\\/334.jpg\",\"contentUrl\":\"https:\\\/\\\/tv.joycemeyer.org\\\/espanol\\\/wp-content\\\/uploads\\\/sites\\\/3\\\/2020\\\/11\\\/334.jpg\",\"width\":960,\"height\":540,\"caption\":\"El Fruto Del Esp\u00edritu\"},{\"@type\":\"BreadcrumbList\",\"@id\":\"https:\\\/\\\/tv.joycemeyer.org\\\/espanol\\\/devotional\\\/el-fruto-del-espiritu\\\/#breadcrumb\",\"itemListElement\":[{\"@type\":\"ListItem\",\"position\":1,\"name\":\"Home\",\"item\":\"https:\\\/\\\/tv.joycemeyer.org\\\/espanol\\\/\"},{\"@type\":\"ListItem\",\"position\":2,\"name\":\"Devotional\",\"item\":\"https:\\\/\\\/tv.joycemeyer.org\\\/espanol\\\/devotional\\\/\"},{\"@type\":\"ListItem\",\"position\":3,\"name\":\"El Fruto Del Esp\u00edritu\"}]},{\"@type\":\"WebSite\",\"@id\":\"https:\\\/\\\/tv.joycemeyer.org\\\/espanol\\\/#website\",\"url\":\"https:\\\/\\\/tv.joycemeyer.org\\\/espanol\\\/\",\"name\":\"Joyce Meyer Ministries - Espanol\",\"description\":\"Disfrutando la Vida Diaria\",\"potentialAction\":[{\"@type\":\"SearchAction\",\"target\":{\"@type\":\"EntryPoint\",\"urlTemplate\":\"https:\\\/\\\/tv.joycemeyer.org\\\/espanol\\\/?s={search_term_string}\"},\"query-input\":{\"@type\":\"PropertyValueSpecification\",\"valueRequired\":true,\"valueName\":\"search_term_string\"}}],\"inLanguage\":\"es\"}]}<\/script>\n<!-- \/ Yoast SEO plugin. -->","yoast_head_json":{"title":"El Fruto Del Esp\u00edritu - Joyce Meyer Ministries - Espanol","robots":{"index":"index","follow":"follow","max-snippet":"max-snippet:-1","max-image-preview":"max-image-preview:large","max-video-preview":"max-video-preview:-1"},"canonical":"https:\/\/tv.joycemeyer.org\/espanol\/devotional\/el-fruto-del-espiritu\/","og_locale":"es_ES","og_type":"article","og_title":"El Fruto Del Esp\u00edritu - Joyce Meyer Ministries - Espanol","og_description":"Tenemos un gran trabajo que hacer como cristianos y siempre debemos ser sensibles al Esp\u00edritu Santo con respecto a c\u00f3mo tratamos a las personas.","og_url":"https:\/\/tv.joycemeyer.org\/espanol\/devotional\/el-fruto-del-espiritu\/","og_site_name":"Joyce Meyer Ministries - Espanol","article_publisher":"https:\/\/www.facebook.com\/JoyceMeyerMinistriesEspanol\/","article_modified_time":"2024-10-22T16:51:49+00:00","og_image":[{"width":960,"height":540,"url":"https:\/\/tv.joycemeyer.org\/espanol\/wp-content\/uploads\/sites\/3\/2020\/11\/334.jpg","type":"image\/jpeg"}],"twitter_card":"summary_large_image","twitter_misc":{"Tiempo de lectura":"2 minutos"},"schema":{"@context":"https:\/\/schema.org","@graph":[{"@type":"WebPage","@id":"https:\/\/tv.joycemeyer.org\/espanol\/devotional\/el-fruto-del-espiritu\/","url":"https:\/\/tv.joycemeyer.org\/espanol\/devotional\/el-fruto-del-espiritu\/","name":"El Fruto Del Esp\u00edritu - Joyce Meyer Ministries - Espanol","isPartOf":{"@id":"https:\/\/tv.joycemeyer.org\/espanol\/#website"},"primaryImageOfPage":{"@id":"https:\/\/tv.joycemeyer.org\/espanol\/devotional\/el-fruto-del-espiritu\/#primaryimage"},"image":{"@id":"https:\/\/tv.joycemeyer.org\/espanol\/devotional\/el-fruto-del-espiritu\/#primaryimage"},"thumbnailUrl":"https:\/\/tv.joycemeyer.org\/espanol\/wp-content\/uploads\/sites\/3\/2020\/11\/334.jpg","datePublished":"2024-10-21T00:01:03+00:00","dateModified":"2024-10-22T16:51:49+00:00","breadcrumb":{"@id":"https:\/\/tv.joycemeyer.org\/espanol\/devotional\/el-fruto-del-espiritu\/#breadcrumb"},"inLanguage":"es","potentialAction":[{"@type":"ReadAction","target":["https:\/\/tv.joycemeyer.org\/espanol\/devotional\/el-fruto-del-espiritu\/"]}]},{"@type":"ImageObject","inLanguage":"es","@id":"https:\/\/tv.joycemeyer.org\/espanol\/devotional\/el-fruto-del-espiritu\/#primaryimage","url":"https:\/\/tv.joycemeyer.org\/espanol\/wp-content\/uploads\/sites\/3\/2020\/11\/334.jpg","contentUrl":"https:\/\/tv.joycemeyer.org\/espanol\/wp-content\/uploads\/sites\/3\/2020\/11\/334.jpg","width":960,"height":540,"caption":"El Fruto Del Esp\u00edritu"},{"@type":"BreadcrumbList","@id":"https:\/\/tv.joycemeyer.org\/espanol\/devotional\/el-fruto-del-espiritu\/#breadcrumb","itemListElement":[{"@type":"ListItem","position":1,"name":"Home","item":"https:\/\/tv.joycemeyer.org\/espanol\/"},{"@type":"ListItem","position":2,"name":"Devotional","item":"https:\/\/tv.joycemeyer.org\/espanol\/devotional\/"},{"@type":"ListItem","position":3,"name":"El Fruto Del Esp\u00edritu"}]},{"@type":"WebSite","@id":"https:\/\/tv.joycemeyer.org\/espanol\/#website","url":"https:\/\/tv.joycemeyer.org\/espanol\/","name":"Joyce Meyer Ministries - Espanol","description":"Disfrutando la Vida Diaria","potentialAction":[{"@type":"SearchAction","target":{"@type":"EntryPoint","urlTemplate":"https:\/\/tv.joycemeyer.org\/espanol\/?s={search_term_string}"},"query-input":{"@type":"PropertyValueSpecification","valueRequired":true,"valueName":"search_term_string"}}],"inLanguage":"es"}]}},"featured_image_urls":{"medium":"https:\/\/tv.joycemeyer.org\/espanol\/wp-content\/uploads\/sites\/3\/2020\/11\/334-300x169.jpg","thumbnail":"https:\/\/tv.joycemeyer.org\/espanol\/wp-content\/uploads\/sites\/3\/2020\/11\/334-150x150.jpg","medium_large":"https:\/\/tv.joycemeyer.org\/espanol\/wp-content\/uploads\/sites\/3\/2020\/11\/334-768x432.jpg","listing":"https:\/\/tv.joycemeyer.org\/espanol\/wp-content\/uploads\/sites\/3\/2020\/11\/334-640x360.jpg","feature":"https:\/\/tv.joycemeyer.org\/espanol\/wp-content\/uploads\/sites\/3\/2020\/11\/334-960x540.jpg","ebook":"https:\/\/tv.joycemeyer.org\/espanol\/wp-content\/uploads\/sites\/3\/2020\/11\/334-300x435.jpg","header":"https:\/\/tv.joycemeyer.org\/espanol\/wp-content\/uploads\/sites\/3\/2020\/11\/334-960x340.jpg","rpwe-thumbnail":"https:\/\/tv.joycemeyer.org\/espanol\/wp-content\/uploads\/sites\/3\/2020\/11\/334-45x45.jpg"},"appp_media":null,"_links":{"self":[{"href":"https:\/\/tv.joycemeyer.org\/espanol\/wp-json\/wp\/v2\/devotional\/2792","targetHints":{"allow":["GET"]}}],"collection":[{"href":"https:\/\/tv.joycemeyer.org\/espanol\/wp-json\/wp\/v2\/devotional"}],"about":[{"href":"https:\/\/tv.joycemeyer.org\/espanol\/wp-json\/wp\/v2\/types\/devotional"}],"author":[{"embeddable":true,"href":"https:\/\/tv.joycemeyer.org\/espanol\/wp-json\/wp\/v2\/users\/15"}],"replies":[{"embeddable":true,"href":"https:\/\/tv.joycemeyer.org\/espanol\/wp-json\/wp\/v2\/comments?post=2792"}],"wp:featuredmedia":[{"embeddable":true,"href":"https:\/\/tv.joycemeyer.org\/espanol\/wp-json\/wp\/v2\/media\/2793"}],"wp:attachment":[{"href":"https:\/\/tv.joycemeyer.org\/espanol\/wp-json\/wp\/v2\/media?parent=2792"}],"curies":[{"name":"wp","href":"https:\/\/api.w.org\/{rel}","templated":true}]}}