{"id":3107,"date":"2025-02-13T00:01:01","date_gmt":"2025-02-13T00:01:01","guid":{"rendered":"https:\/\/tv.joycemeyer.org\/espanol\/?post_type=devotional&#038;p=3107"},"modified":"2025-02-13T14:00:51","modified_gmt":"2025-02-13T14:00:51","slug":"la-fe-y-la-gracia","status":"publish","type":"devotional","link":"https:\/\/tv.joycemeyer.org\/espanol\/devotional\/la-fe-y-la-gracia\/","title":{"rendered":"La Fe y la Gracia"},"content":{"rendered":"<blockquote><p>Porque por gracia ustedes han sido salvados mediante la fe; esto no procede de ustedes, sino que es el regalo de Dios, no por obras, para que nadie se jacte. Efesios 2:8-9<\/p><\/blockquote>\n<p>Es maravilloso darse cuenta de que la salvaci\u00f3n viene por la gracia de Dios y puede recibirse f\u00e1cilmente mediante como la simple fe de un ni\u00f1o. Afortunadamente, no tenemos que trabajar por nuestra salvaci\u00f3n porque Jes\u00fas ya hizo todo el trabajo. \u00a1Recibimos solo por fe! Creo que de la misma manera que recibimos el perd\u00f3n de nuestros pecados y la vida eterna (salvaci\u00f3n) es la misma manera en que debemos vivir nuestra vida diaria. Debemos mezclar nuestra fe con todo lo que hacemos.<\/p>\n<p>La fe es depender de Dios con toda tu personalidad humana, con absoluta confianza y seguridad de Su poder, sabidur\u00eda y bondad. Cuando pasamos por la vida apoy\u00e1ndonos en \u00c9l en absolutamente todo, \u00c9l siempre nos guiar\u00e1 y nos dar\u00e1 la fuerza y la capacidad para hacer lo que sea necesario. \u00a1La buena noticia es que nunca tienes que intentar hacer las cosas por tu cuenta! Dios ha enviado al Esp\u00edritu Santo, quien es tu ayudante, as\u00ed que pide y recibe la ayuda que necesitas hoy y todos los d\u00edas, y rel\u00e1jate en el amor, la misericordia y la gracia de Dios.<\/p>\n<hr \/>\n<p>\u00a1Cambia todos tus miedos, ansiedades y preocupaciones, por una fe simple y disfruta de tu d\u00eda!<\/p>\n","protected":false},"excerpt":{"rendered":"<p>La fe es depender de Dios con toda tu personalidad humana, con absoluta confianza y seguridad de Su poder, sabidur\u00eda y bondad. <\/p>\n","protected":false},"author":15,"featured_media":3108,"parent":0,"menu_order":0,"comment_status":"closed","ping_status":"closed","template":"","class_list":["post-3107","devotional","type-devotional","status-publish","has-post-thumbnail","hentry"],"acf":[],"appp":{"post_detail":{"above_title":"<div class=\"post-featured-wrap\"><img width=\"960\" height=\"539\" src=\"https:\/\/tv.joycemeyer.org\/espanol\/wp-content\/uploads\/sites\/3\/2021\/06\/1316.jpg\" class=\"post-featured wp-post-image\" alt=\"\" decoding=\"async\" srcset=\"https:\/\/tv.joycemeyer.org\/espanol\/wp-content\/uploads\/sites\/3\/2021\/06\/1316.jpg 960w, https:\/\/tv.joycemeyer.org\/espanol\/wp-content\/uploads\/sites\/3\/2021\/06\/1316-300x168.jpg 300w, https:\/\/tv.joycemeyer.org\/espanol\/wp-content\/uploads\/sites\/3\/2021\/06\/1316-768x431.jpg 768w, https:\/\/tv.joycemeyer.org\/espanol\/wp-content\/uploads\/sites\/3\/2021\/06\/1316-640x360.jpg 640w\" sizes=\"(max-width: 960px) 100vw, 960px\" \/><\/div>","below_content":"<div class=\"follow\"><h6 class=\"alt\">Con\u00e9ctate Con Nosotros<\/h6><ul class=\"nav nav--social nav--flex\"><li class=\"menu-item facebook\"><a href=\"https:\/\/www.facebook.com\/JoyceMeyerMinistriesEspanol\/\" target=\"_blank\"><span class=\"visuallyhidden\">Facebook<\/span><\/a><\/li><li class=\"menu-item instagram\"><a href=\"https:\/\/www.instagram.com\/joycemeyerespanol\/\" target=\"_blank\"><span class=\"visuallyhidden\">Instagram<\/span><\/a><\/li><li class=\"menu-item youtube\"><a href=\"https:\/\/www.youtube.com\/c\/joycemeyerministriesspanish\" target=\"_blank\"><span class=\"visuallyhidden\">YouTube<\/span><\/a><\/li><\/ul><\/div><a target=\"_blank\" class=\"list-item list-item--full list-item--footer-ad clearfix list-item--image-only\" href=\"https:\/\/comprar.ministeriosjoycemeyer.org\"><img width=\"1024\" height=\"218\" src=\"https:\/\/tv.joycemeyer.org\/espanol\/wp-content\/uploads\/sites\/3\/2019\/01\/Generic-multiple-book-images-1-1024x218.png\" class=\"list-item__image\" alt=\"\" decoding=\"async\" srcset=\"https:\/\/tv.joycemeyer.org\/espanol\/wp-content\/uploads\/sites\/3\/2019\/01\/Generic-multiple-book-images-1-1024x218.png 1024w, https:\/\/tv.joycemeyer.org\/espanol\/wp-content\/uploads\/sites\/3\/2019\/01\/Generic-multiple-book-images-1-300x64.png 300w, https:\/\/tv.joycemeyer.org\/espanol\/wp-content\/uploads\/sites\/3\/2019\/01\/Generic-multiple-book-images-1-768x163.png 768w, https:\/\/tv.joycemeyer.org\/espanol\/wp-content\/uploads\/sites\/3\/2019\/01\/Generic-multiple-book-images-1-1536x326.png 1536w, https:\/\/tv.joycemeyer.org\/espanol\/wp-content\/uploads\/sites\/3\/2019\/01\/Generic-multiple-book-images-1.png 1600w\" sizes=\"(max-width: 1024px) 100vw, 1024px\" \/><\/a>"}},"yoast_head":"<!-- This site is optimized with the Yoast SEO plugin v27.4 - https:\/\/yoast.com\/product\/yoast-seo-wordpress\/ -->\n<title>La Fe y la Gracia - Joyce Meyer Ministries - Espanol<\/title>\n<meta name=\"robots\" content=\"index, follow, max-snippet:-1, max-image-preview:large, max-video-preview:-1\" \/>\n<link rel=\"canonical\" href=\"https:\/\/tv.joycemeyer.org\/espanol\/devotional\/la-fe-y-la-gracia\/\" \/>\n<meta property=\"og:locale\" content=\"es_ES\" \/>\n<meta property=\"og:type\" content=\"article\" \/>\n<meta property=\"og:title\" content=\"La Fe y la Gracia - Joyce Meyer Ministries - Espanol\" \/>\n<meta property=\"og:description\" content=\"La fe es depender de Dios con toda tu personalidad humana, con absoluta confianza y seguridad de Su poder, sabidur\u00eda y bondad.\" \/>\n<meta property=\"og:url\" content=\"https:\/\/tv.joycemeyer.org\/espanol\/devotional\/la-fe-y-la-gracia\/\" \/>\n<meta property=\"og:site_name\" content=\"Joyce Meyer Ministries - Espanol\" \/>\n<meta property=\"article:publisher\" content=\"https:\/\/www.facebook.com\/JoyceMeyerMinistriesEspanol\/\" \/>\n<meta property=\"article:modified_time\" content=\"2025-02-13T14:00:51+00:00\" \/>\n<meta property=\"og:image\" content=\"https:\/\/tv.joycemeyer.org\/espanol\/wp-content\/uploads\/sites\/3\/2021\/06\/1316.jpg\" \/>\n\t<meta property=\"og:image:width\" content=\"960\" \/>\n\t<meta property=\"og:image:height\" content=\"539\" \/>\n\t<meta property=\"og:image:type\" content=\"image\/jpeg\" \/>\n<meta name=\"twitter:card\" content=\"summary_large_image\" \/>\n<meta name=\"twitter:label1\" content=\"Tiempo de lectura\" \/>\n\t<meta name=\"twitter:data1\" content=\"2 minutos\" \/>\n<script type=\"application\/ld+json\" class=\"yoast-schema-graph\">{\"@context\":\"https:\\\/\\\/schema.org\",\"@graph\":[{\"@type\":\"WebPage\",\"@id\":\"https:\\\/\\\/tv.joycemeyer.org\\\/espanol\\\/devotional\\\/la-fe-y-la-gracia\\\/\",\"url\":\"https:\\\/\\\/tv.joycemeyer.org\\\/espanol\\\/devotional\\\/la-fe-y-la-gracia\\\/\",\"name\":\"La Fe y la Gracia - Joyce Meyer Ministries - Espanol\",\"isPartOf\":{\"@id\":\"https:\\\/\\\/tv.joycemeyer.org\\\/espanol\\\/#website\"},\"primaryImageOfPage\":{\"@id\":\"https:\\\/\\\/tv.joycemeyer.org\\\/espanol\\\/devotional\\\/la-fe-y-la-gracia\\\/#primaryimage\"},\"image\":{\"@id\":\"https:\\\/\\\/tv.joycemeyer.org\\\/espanol\\\/devotional\\\/la-fe-y-la-gracia\\\/#primaryimage\"},\"thumbnailUrl\":\"https:\\\/\\\/tv.joycemeyer.org\\\/espanol\\\/wp-content\\\/uploads\\\/sites\\\/3\\\/2021\\\/06\\\/1316.jpg\",\"datePublished\":\"2025-02-13T00:01:01+00:00\",\"dateModified\":\"2025-02-13T14:00:51+00:00\",\"breadcrumb\":{\"@id\":\"https:\\\/\\\/tv.joycemeyer.org\\\/espanol\\\/devotional\\\/la-fe-y-la-gracia\\\/#breadcrumb\"},\"inLanguage\":\"es\",\"potentialAction\":[{\"@type\":\"ReadAction\",\"target\":[\"https:\\\/\\\/tv.joycemeyer.org\\\/espanol\\\/devotional\\\/la-fe-y-la-gracia\\\/\"]}]},{\"@type\":\"ImageObject\",\"inLanguage\":\"es\",\"@id\":\"https:\\\/\\\/tv.joycemeyer.org\\\/espanol\\\/devotional\\\/la-fe-y-la-gracia\\\/#primaryimage\",\"url\":\"https:\\\/\\\/tv.joycemeyer.org\\\/espanol\\\/wp-content\\\/uploads\\\/sites\\\/3\\\/2021\\\/06\\\/1316.jpg\",\"contentUrl\":\"https:\\\/\\\/tv.joycemeyer.org\\\/espanol\\\/wp-content\\\/uploads\\\/sites\\\/3\\\/2021\\\/06\\\/1316.jpg\",\"width\":\"960\",\"height\":\"539\",\"caption\":\"La Fe y la Gracia\"},{\"@type\":\"BreadcrumbList\",\"@id\":\"https:\\\/\\\/tv.joycemeyer.org\\\/espanol\\\/devotional\\\/la-fe-y-la-gracia\\\/#breadcrumb\",\"itemListElement\":[{\"@type\":\"ListItem\",\"position\":1,\"name\":\"Home\",\"item\":\"https:\\\/\\\/tv.joycemeyer.org\\\/espanol\\\/\"},{\"@type\":\"ListItem\",\"position\":2,\"name\":\"Devotional\",\"item\":\"https:\\\/\\\/tv.joycemeyer.org\\\/espanol\\\/devotional\\\/\"},{\"@type\":\"ListItem\",\"position\":3,\"name\":\"La Fe y la Gracia\"}]},{\"@type\":\"WebSite\",\"@id\":\"https:\\\/\\\/tv.joycemeyer.org\\\/espanol\\\/#website\",\"url\":\"https:\\\/\\\/tv.joycemeyer.org\\\/espanol\\\/\",\"name\":\"Joyce Meyer Ministries - Espanol\",\"description\":\"Disfrutando la Vida Diaria\",\"potentialAction\":[{\"@type\":\"SearchAction\",\"target\":{\"@type\":\"EntryPoint\",\"urlTemplate\":\"https:\\\/\\\/tv.joycemeyer.org\\\/espanol\\\/?s={search_term_string}\"},\"query-input\":{\"@type\":\"PropertyValueSpecification\",\"valueRequired\":true,\"valueName\":\"search_term_string\"}}],\"inLanguage\":\"es\"}]}<\/script>\n<!-- \/ Yoast SEO plugin. -->","yoast_head_json":{"title":"La Fe y la Gracia - Joyce Meyer Ministries - Espanol","robots":{"index":"index","follow":"follow","max-snippet":"max-snippet:-1","max-image-preview":"max-image-preview:large","max-video-preview":"max-video-preview:-1"},"canonical":"https:\/\/tv.joycemeyer.org\/espanol\/devotional\/la-fe-y-la-gracia\/","og_locale":"es_ES","og_type":"article","og_title":"La Fe y la Gracia - Joyce Meyer Ministries - Espanol","og_description":"La fe es depender de Dios con toda tu personalidad humana, con absoluta confianza y seguridad de Su poder, sabidur\u00eda y bondad.","og_url":"https:\/\/tv.joycemeyer.org\/espanol\/devotional\/la-fe-y-la-gracia\/","og_site_name":"Joyce Meyer Ministries - Espanol","article_publisher":"https:\/\/www.facebook.com\/JoyceMeyerMinistriesEspanol\/","article_modified_time":"2025-02-13T14:00:51+00:00","og_image":[{"width":960,"height":539,"url":"https:\/\/tv.joycemeyer.org\/espanol\/wp-content\/uploads\/sites\/3\/2021\/06\/1316.jpg","type":"image\/jpeg"}],"twitter_card":"summary_large_image","twitter_misc":{"Tiempo de lectura":"2 minutos"},"schema":{"@context":"https:\/\/schema.org","@graph":[{"@type":"WebPage","@id":"https:\/\/tv.joycemeyer.org\/espanol\/devotional\/la-fe-y-la-gracia\/","url":"https:\/\/tv.joycemeyer.org\/espanol\/devotional\/la-fe-y-la-gracia\/","name":"La Fe y la Gracia - Joyce Meyer Ministries - Espanol","isPartOf":{"@id":"https:\/\/tv.joycemeyer.org\/espanol\/#website"},"primaryImageOfPage":{"@id":"https:\/\/tv.joycemeyer.org\/espanol\/devotional\/la-fe-y-la-gracia\/#primaryimage"},"image":{"@id":"https:\/\/tv.joycemeyer.org\/espanol\/devotional\/la-fe-y-la-gracia\/#primaryimage"},"thumbnailUrl":"https:\/\/tv.joycemeyer.org\/espanol\/wp-content\/uploads\/sites\/3\/2021\/06\/1316.jpg","datePublished":"2025-02-13T00:01:01+00:00","dateModified":"2025-02-13T14:00:51+00:00","breadcrumb":{"@id":"https:\/\/tv.joycemeyer.org\/espanol\/devotional\/la-fe-y-la-gracia\/#breadcrumb"},"inLanguage":"es","potentialAction":[{"@type":"ReadAction","target":["https:\/\/tv.joycemeyer.org\/espanol\/devotional\/la-fe-y-la-gracia\/"]}]},{"@type":"ImageObject","inLanguage":"es","@id":"https:\/\/tv.joycemeyer.org\/espanol\/devotional\/la-fe-y-la-gracia\/#primaryimage","url":"https:\/\/tv.joycemeyer.org\/espanol\/wp-content\/uploads\/sites\/3\/2021\/06\/1316.jpg","contentUrl":"https:\/\/tv.joycemeyer.org\/espanol\/wp-content\/uploads\/sites\/3\/2021\/06\/1316.jpg","width":"960","height":"539","caption":"La Fe y la Gracia"},{"@type":"BreadcrumbList","@id":"https:\/\/tv.joycemeyer.org\/espanol\/devotional\/la-fe-y-la-gracia\/#breadcrumb","itemListElement":[{"@type":"ListItem","position":1,"name":"Home","item":"https:\/\/tv.joycemeyer.org\/espanol\/"},{"@type":"ListItem","position":2,"name":"Devotional","item":"https:\/\/tv.joycemeyer.org\/espanol\/devotional\/"},{"@type":"ListItem","position":3,"name":"La Fe y la Gracia"}]},{"@type":"WebSite","@id":"https:\/\/tv.joycemeyer.org\/espanol\/#website","url":"https:\/\/tv.joycemeyer.org\/espanol\/","name":"Joyce Meyer Ministries - Espanol","description":"Disfrutando la Vida Diaria","potentialAction":[{"@type":"SearchAction","target":{"@type":"EntryPoint","urlTemplate":"https:\/\/tv.joycemeyer.org\/espanol\/?s={search_term_string}"},"query-input":{"@type":"PropertyValueSpecification","valueRequired":true,"valueName":"search_term_string"}}],"inLanguage":"es"}]}},"featured_image_urls":{"medium":"https:\/\/tv.joycemeyer.org\/espanol\/wp-content\/uploads\/sites\/3\/2021\/06\/1316-300x168.jpg","thumbnail":"https:\/\/tv.joycemeyer.org\/espanol\/wp-content\/uploads\/sites\/3\/2021\/06\/1316-150x150.jpg","medium_large":"https:\/\/tv.joycemeyer.org\/espanol\/wp-content\/uploads\/sites\/3\/2021\/06\/1316-768x431.jpg","listing":"https:\/\/tv.joycemeyer.org\/espanol\/wp-content\/uploads\/sites\/3\/2021\/06\/1316-640x360.jpg","ebook":"https:\/\/tv.joycemeyer.org\/espanol\/wp-content\/uploads\/sites\/3\/2021\/06\/1316-300x435.jpg","header":"https:\/\/tv.joycemeyer.org\/espanol\/wp-content\/uploads\/sites\/3\/2021\/06\/1316-960x340.jpg","rpwe-thumbnail":"https:\/\/tv.joycemeyer.org\/espanol\/wp-content\/uploads\/sites\/3\/2021\/06\/1316-45x45.jpg"},"appp_media":null,"_links":{"self":[{"href":"https:\/\/tv.joycemeyer.org\/espanol\/wp-json\/wp\/v2\/devotional\/3107","targetHints":{"allow":["GET"]}}],"collection":[{"href":"https:\/\/tv.joycemeyer.org\/espanol\/wp-json\/wp\/v2\/devotional"}],"about":[{"href":"https:\/\/tv.joycemeyer.org\/espanol\/wp-json\/wp\/v2\/types\/devotional"}],"author":[{"embeddable":true,"href":"https:\/\/tv.joycemeyer.org\/espanol\/wp-json\/wp\/v2\/users\/15"}],"replies":[{"embeddable":true,"href":"https:\/\/tv.joycemeyer.org\/espanol\/wp-json\/wp\/v2\/comments?post=3107"}],"wp:featuredmedia":[{"embeddable":true,"href":"https:\/\/tv.joycemeyer.org\/espanol\/wp-json\/wp\/v2\/media\/3108"}],"wp:attachment":[{"href":"https:\/\/tv.joycemeyer.org\/espanol\/wp-json\/wp\/v2\/media?parent=3107"}],"curies":[{"name":"wp","href":"https:\/\/api.w.org\/{rel}","templated":true}]}}