{"id":3953,"date":"2025-09-28T00:01:44","date_gmt":"2025-09-28T00:01:44","guid":{"rendered":"https:\/\/tv.joycemeyer.org\/espanol\/?post_type=devotional&#038;p=3953"},"modified":"2025-10-07T13:39:03","modified_gmt":"2025-10-07T13:39:03","slug":"verdaderamente-ferviente","status":"publish","type":"devotional","link":"https:\/\/tv.joycemeyer.org\/espanol\/devotional\/verdaderamente-ferviente\/","title":{"rendered":"Verdaderamente Ferviente"},"content":{"rendered":"<blockquote><p>Por eso, confi\u00e9sense unos a otros sus pecados, y oren unos por otros, para que sean sanados. La oraci\u00f3n del justo es poderosa y eficaz. \u2014Santiago 5:16<\/p><\/blockquote>\n<p>Si has sido creyente durante alg\u00fan per\u00edodo de tiempo, probablemente hayas escuchado que se ense\u00f1a que para que la oraci\u00f3n sea efectiva debe ser ferviente. Sin embargo, si malinterpretamos la palabra ferviente, podemos sentir que tenemos que desarrollar alguna emoci\u00f3n fuerte antes de orar; de lo contrario, nuestras oraciones no ser\u00e1n efectivas.<\/p>\n<p>S\u00e9 que hubo muchos a\u00f1os en los que cre\u00eda que era as\u00ed, y tal vez t\u00fa tambi\u00e9n te hayas enga\u00f1ado. Pero orar con fervor solo significa que nuestras oraciones deben salir de nuestro coraz\u00f3n y ser sinceras.<\/p>\n<p>Recuerdo disfrutar los momentos de oraci\u00f3n cuando pod\u00eda sentir la presencia de Dios, y luego me preguntaba qu\u00e9 estaba mal durante los momentos en que no sent\u00eda nada. Aprend\u00ed despu\u00e9s de un tiempo que la fe no se basa en sentimientos o emociones sino en el conocimiento del coraz\u00f3n.<\/p>\n<p>A veces experimento mucha emoci\u00f3n mientras oro. Pero hay m\u00e1s momentos en los que no me siento emocional. La oraci\u00f3n que nos acerca a Dios solo sucede cuando oramos con fe, sin importar lo que sintamos en un momento en particular.<\/p>\n<hr \/>\n<p>Conf\u00eda en que tus oraciones fervientes y sinceras son eficaces porque tu fe est\u00e1 en Dios, no en tu propia capacidad para orar con pasi\u00f3n o elocuencia.<\/p>\n","protected":false},"excerpt":{"rendered":"<p>Si has sido creyente durante alg\u00fan per\u00edodo de tiempo, probablemente hayas escuchado que se ense\u00f1a que para que la oraci\u00f3n sea efectiva debe ser ferviente&#8230;<\/p>\n","protected":false},"author":19,"featured_media":3954,"parent":0,"menu_order":0,"comment_status":"closed","ping_status":"closed","template":"","class_list":["post-3953","devotional","type-devotional","status-publish","has-post-thumbnail","hentry"],"acf":[],"appp":{"post_detail":{"above_title":"<div class=\"post-featured-wrap\"><img width=\"1024\" height=\"597\" src=\"https:\/\/tv.joycemeyer.org\/espanol\/wp-content\/uploads\/sites\/3\/2022\/01\/2164-1024x597.jpg\" class=\"post-featured wp-post-image\" alt=\"\" decoding=\"async\" srcset=\"https:\/\/tv.joycemeyer.org\/espanol\/wp-content\/uploads\/sites\/3\/2022\/01\/2164-1024x597.jpg 1024w, https:\/\/tv.joycemeyer.org\/espanol\/wp-content\/uploads\/sites\/3\/2022\/01\/2164-300x175.jpg 300w, https:\/\/tv.joycemeyer.org\/espanol\/wp-content\/uploads\/sites\/3\/2022\/01\/2164-768x448.jpg 768w, https:\/\/tv.joycemeyer.org\/espanol\/wp-content\/uploads\/sites\/3\/2022\/01\/2164-1536x896.jpg 1536w, https:\/\/tv.joycemeyer.org\/espanol\/wp-content\/uploads\/sites\/3\/2022\/01\/2164.jpg 1800w\" sizes=\"(max-width: 1024px) 100vw, 1024px\" \/><\/div>","below_content":"<div class=\"follow\"><h6 class=\"alt\">Con\u00e9ctate Con Nosotros<\/h6><ul class=\"nav nav--social nav--flex\"><li class=\"menu-item facebook\"><a href=\"https:\/\/www.facebook.com\/JoyceMeyerMinistriesEspanol\/\" target=\"_blank\"><span class=\"visuallyhidden\">Facebook<\/span><\/a><\/li><li class=\"menu-item instagram\"><a href=\"https:\/\/www.instagram.com\/joycemeyerespanol\/\" target=\"_blank\"><span class=\"visuallyhidden\">Instagram<\/span><\/a><\/li><li class=\"menu-item youtube\"><a href=\"https:\/\/www.youtube.com\/c\/joycemeyerministriesspanish\" target=\"_blank\"><span class=\"visuallyhidden\">YouTube<\/span><\/a><\/li><\/ul><\/div><a target=\"_blank\" class=\"list-item list-item--full list-item--footer-ad clearfix list-item--image-only\" href=\"https:\/\/comprar.ministeriosjoycemeyer.org\"><img width=\"1024\" height=\"218\" src=\"https:\/\/tv.joycemeyer.org\/espanol\/wp-content\/uploads\/sites\/3\/2019\/05\/Generic-multiple-book-images-2-1024x218.png\" class=\"list-item__image\" alt=\"\" decoding=\"async\" srcset=\"https:\/\/tv.joycemeyer.org\/espanol\/wp-content\/uploads\/sites\/3\/2019\/05\/Generic-multiple-book-images-2-1024x218.png 1024w, https:\/\/tv.joycemeyer.org\/espanol\/wp-content\/uploads\/sites\/3\/2019\/05\/Generic-multiple-book-images-2-300x64.png 300w, https:\/\/tv.joycemeyer.org\/espanol\/wp-content\/uploads\/sites\/3\/2019\/05\/Generic-multiple-book-images-2-768x163.png 768w, https:\/\/tv.joycemeyer.org\/espanol\/wp-content\/uploads\/sites\/3\/2019\/05\/Generic-multiple-book-images-2-1536x326.png 1536w, https:\/\/tv.joycemeyer.org\/espanol\/wp-content\/uploads\/sites\/3\/2019\/05\/Generic-multiple-book-images-2.png 1600w\" sizes=\"(max-width: 1024px) 100vw, 1024px\" \/><\/a>"}},"yoast_head":"<!-- This site is optimized with the Yoast SEO plugin v27.4 - https:\/\/yoast.com\/product\/yoast-seo-wordpress\/ -->\n<title>Verdaderamente Ferviente - Joyce Meyer Ministries - Espanol<\/title>\n<meta name=\"robots\" content=\"index, follow, max-snippet:-1, max-image-preview:large, max-video-preview:-1\" \/>\n<link rel=\"canonical\" href=\"https:\/\/tv.joycemeyer.org\/espanol\/devotional\/verdaderamente-ferviente\/\" \/>\n<meta property=\"og:locale\" content=\"es_ES\" \/>\n<meta property=\"og:type\" content=\"article\" \/>\n<meta property=\"og:title\" content=\"Verdaderamente Ferviente - Joyce Meyer Ministries - Espanol\" \/>\n<meta property=\"og:description\" content=\"Si has sido creyente durante alg\u00fan per\u00edodo de tiempo, probablemente hayas escuchado que se ense\u00f1a que para que la oraci\u00f3n sea efectiva debe ser ferviente...\" \/>\n<meta property=\"og:url\" content=\"https:\/\/tv.joycemeyer.org\/espanol\/devotional\/verdaderamente-ferviente\/\" \/>\n<meta property=\"og:site_name\" content=\"Joyce Meyer Ministries - Espanol\" \/>\n<meta property=\"article:publisher\" content=\"https:\/\/www.facebook.com\/JoyceMeyerMinistriesEspanol\/\" \/>\n<meta property=\"article:modified_time\" content=\"2025-10-07T13:39:03+00:00\" \/>\n<meta property=\"og:image\" content=\"https:\/\/tv.joycemeyer.org\/espanol\/wp-content\/uploads\/sites\/3\/2022\/01\/2164.jpg\" \/>\n\t<meta property=\"og:image:width\" content=\"1800\" \/>\n\t<meta property=\"og:image:height\" content=\"1050\" \/>\n\t<meta property=\"og:image:type\" content=\"image\/jpeg\" \/>\n<meta name=\"twitter:card\" content=\"summary_large_image\" \/>\n<meta name=\"twitter:label1\" content=\"Tiempo de lectura\" \/>\n\t<meta name=\"twitter:data1\" content=\"2 minutos\" \/>\n<script type=\"application\/ld+json\" class=\"yoast-schema-graph\">{\"@context\":\"https:\\\/\\\/schema.org\",\"@graph\":[{\"@type\":\"WebPage\",\"@id\":\"https:\\\/\\\/tv.joycemeyer.org\\\/espanol\\\/devotional\\\/verdaderamente-ferviente\\\/\",\"url\":\"https:\\\/\\\/tv.joycemeyer.org\\\/espanol\\\/devotional\\\/verdaderamente-ferviente\\\/\",\"name\":\"Verdaderamente Ferviente - Joyce Meyer Ministries - Espanol\",\"isPartOf\":{\"@id\":\"https:\\\/\\\/tv.joycemeyer.org\\\/espanol\\\/#website\"},\"primaryImageOfPage\":{\"@id\":\"https:\\\/\\\/tv.joycemeyer.org\\\/espanol\\\/devotional\\\/verdaderamente-ferviente\\\/#primaryimage\"},\"image\":{\"@id\":\"https:\\\/\\\/tv.joycemeyer.org\\\/espanol\\\/devotional\\\/verdaderamente-ferviente\\\/#primaryimage\"},\"thumbnailUrl\":\"https:\\\/\\\/tv.joycemeyer.org\\\/espanol\\\/wp-content\\\/uploads\\\/sites\\\/3\\\/2022\\\/01\\\/2164.jpg\",\"datePublished\":\"2025-09-28T00:01:44+00:00\",\"dateModified\":\"2025-10-07T13:39:03+00:00\",\"breadcrumb\":{\"@id\":\"https:\\\/\\\/tv.joycemeyer.org\\\/espanol\\\/devotional\\\/verdaderamente-ferviente\\\/#breadcrumb\"},\"inLanguage\":\"es\",\"potentialAction\":[{\"@type\":\"ReadAction\",\"target\":[\"https:\\\/\\\/tv.joycemeyer.org\\\/espanol\\\/devotional\\\/verdaderamente-ferviente\\\/\"]}]},{\"@type\":\"ImageObject\",\"inLanguage\":\"es\",\"@id\":\"https:\\\/\\\/tv.joycemeyer.org\\\/espanol\\\/devotional\\\/verdaderamente-ferviente\\\/#primaryimage\",\"url\":\"https:\\\/\\\/tv.joycemeyer.org\\\/espanol\\\/wp-content\\\/uploads\\\/sites\\\/3\\\/2022\\\/01\\\/2164.jpg\",\"contentUrl\":\"https:\\\/\\\/tv.joycemeyer.org\\\/espanol\\\/wp-content\\\/uploads\\\/sites\\\/3\\\/2022\\\/01\\\/2164.jpg\",\"width\":\"1800\",\"height\":\"1050\",\"caption\":\"Una Oraci\u00f3n Verdaderamente Ferviente\"},{\"@type\":\"BreadcrumbList\",\"@id\":\"https:\\\/\\\/tv.joycemeyer.org\\\/espanol\\\/devotional\\\/verdaderamente-ferviente\\\/#breadcrumb\",\"itemListElement\":[{\"@type\":\"ListItem\",\"position\":1,\"name\":\"Home\",\"item\":\"https:\\\/\\\/tv.joycemeyer.org\\\/espanol\\\/\"},{\"@type\":\"ListItem\",\"position\":2,\"name\":\"Devotional\",\"item\":\"https:\\\/\\\/tv.joycemeyer.org\\\/espanol\\\/devotional\\\/\"},{\"@type\":\"ListItem\",\"position\":3,\"name\":\"Verdaderamente Ferviente\"}]},{\"@type\":\"WebSite\",\"@id\":\"https:\\\/\\\/tv.joycemeyer.org\\\/espanol\\\/#website\",\"url\":\"https:\\\/\\\/tv.joycemeyer.org\\\/espanol\\\/\",\"name\":\"Joyce Meyer Ministries - Espanol\",\"description\":\"Disfrutando la Vida Diaria\",\"potentialAction\":[{\"@type\":\"SearchAction\",\"target\":{\"@type\":\"EntryPoint\",\"urlTemplate\":\"https:\\\/\\\/tv.joycemeyer.org\\\/espanol\\\/?s={search_term_string}\"},\"query-input\":{\"@type\":\"PropertyValueSpecification\",\"valueRequired\":true,\"valueName\":\"search_term_string\"}}],\"inLanguage\":\"es\"}]}<\/script>\n<!-- \/ Yoast SEO plugin. -->","yoast_head_json":{"title":"Verdaderamente Ferviente - Joyce Meyer Ministries - Espanol","robots":{"index":"index","follow":"follow","max-snippet":"max-snippet:-1","max-image-preview":"max-image-preview:large","max-video-preview":"max-video-preview:-1"},"canonical":"https:\/\/tv.joycemeyer.org\/espanol\/devotional\/verdaderamente-ferviente\/","og_locale":"es_ES","og_type":"article","og_title":"Verdaderamente Ferviente - Joyce Meyer Ministries - Espanol","og_description":"Si has sido creyente durante alg\u00fan per\u00edodo de tiempo, probablemente hayas escuchado que se ense\u00f1a que para que la oraci\u00f3n sea efectiva debe ser ferviente...","og_url":"https:\/\/tv.joycemeyer.org\/espanol\/devotional\/verdaderamente-ferviente\/","og_site_name":"Joyce Meyer Ministries - Espanol","article_publisher":"https:\/\/www.facebook.com\/JoyceMeyerMinistriesEspanol\/","article_modified_time":"2025-10-07T13:39:03+00:00","og_image":[{"width":1800,"height":1050,"url":"https:\/\/tv.joycemeyer.org\/espanol\/wp-content\/uploads\/sites\/3\/2022\/01\/2164.jpg","type":"image\/jpeg"}],"twitter_card":"summary_large_image","twitter_misc":{"Tiempo de lectura":"2 minutos"},"schema":{"@context":"https:\/\/schema.org","@graph":[{"@type":"WebPage","@id":"https:\/\/tv.joycemeyer.org\/espanol\/devotional\/verdaderamente-ferviente\/","url":"https:\/\/tv.joycemeyer.org\/espanol\/devotional\/verdaderamente-ferviente\/","name":"Verdaderamente Ferviente - Joyce Meyer Ministries - Espanol","isPartOf":{"@id":"https:\/\/tv.joycemeyer.org\/espanol\/#website"},"primaryImageOfPage":{"@id":"https:\/\/tv.joycemeyer.org\/espanol\/devotional\/verdaderamente-ferviente\/#primaryimage"},"image":{"@id":"https:\/\/tv.joycemeyer.org\/espanol\/devotional\/verdaderamente-ferviente\/#primaryimage"},"thumbnailUrl":"https:\/\/tv.joycemeyer.org\/espanol\/wp-content\/uploads\/sites\/3\/2022\/01\/2164.jpg","datePublished":"2025-09-28T00:01:44+00:00","dateModified":"2025-10-07T13:39:03+00:00","breadcrumb":{"@id":"https:\/\/tv.joycemeyer.org\/espanol\/devotional\/verdaderamente-ferviente\/#breadcrumb"},"inLanguage":"es","potentialAction":[{"@type":"ReadAction","target":["https:\/\/tv.joycemeyer.org\/espanol\/devotional\/verdaderamente-ferviente\/"]}]},{"@type":"ImageObject","inLanguage":"es","@id":"https:\/\/tv.joycemeyer.org\/espanol\/devotional\/verdaderamente-ferviente\/#primaryimage","url":"https:\/\/tv.joycemeyer.org\/espanol\/wp-content\/uploads\/sites\/3\/2022\/01\/2164.jpg","contentUrl":"https:\/\/tv.joycemeyer.org\/espanol\/wp-content\/uploads\/sites\/3\/2022\/01\/2164.jpg","width":"1800","height":"1050","caption":"Una Oraci\u00f3n Verdaderamente Ferviente"},{"@type":"BreadcrumbList","@id":"https:\/\/tv.joycemeyer.org\/espanol\/devotional\/verdaderamente-ferviente\/#breadcrumb","itemListElement":[{"@type":"ListItem","position":1,"name":"Home","item":"https:\/\/tv.joycemeyer.org\/espanol\/"},{"@type":"ListItem","position":2,"name":"Devotional","item":"https:\/\/tv.joycemeyer.org\/espanol\/devotional\/"},{"@type":"ListItem","position":3,"name":"Verdaderamente Ferviente"}]},{"@type":"WebSite","@id":"https:\/\/tv.joycemeyer.org\/espanol\/#website","url":"https:\/\/tv.joycemeyer.org\/espanol\/","name":"Joyce Meyer Ministries - Espanol","description":"Disfrutando la Vida Diaria","potentialAction":[{"@type":"SearchAction","target":{"@type":"EntryPoint","urlTemplate":"https:\/\/tv.joycemeyer.org\/espanol\/?s={search_term_string}"},"query-input":{"@type":"PropertyValueSpecification","valueRequired":true,"valueName":"search_term_string"}}],"inLanguage":"es"}]}},"featured_image_urls":{"medium":"https:\/\/tv.joycemeyer.org\/espanol\/wp-content\/uploads\/sites\/3\/2022\/01\/2164-300x175.jpg","large":"https:\/\/tv.joycemeyer.org\/espanol\/wp-content\/uploads\/sites\/3\/2022\/01\/2164-1024x597.jpg","thumbnail":"https:\/\/tv.joycemeyer.org\/espanol\/wp-content\/uploads\/sites\/3\/2022\/01\/2164-150x150.jpg","medium_large":"https:\/\/tv.joycemeyer.org\/espanol\/wp-content\/uploads\/sites\/3\/2022\/01\/2164-768x448.jpg","1536x1536":"https:\/\/tv.joycemeyer.org\/espanol\/wp-content\/uploads\/sites\/3\/2022\/01\/2164-1536x896.jpg","listing":"https:\/\/tv.joycemeyer.org\/espanol\/wp-content\/uploads\/sites\/3\/2022\/01\/2164-640x360.jpg","feature":"https:\/\/tv.joycemeyer.org\/espanol\/wp-content\/uploads\/sites\/3\/2022\/01\/2164-960x540.jpg","ebook":"https:\/\/tv.joycemeyer.org\/espanol\/wp-content\/uploads\/sites\/3\/2022\/01\/2164-300x435.jpg","header":"https:\/\/tv.joycemeyer.org\/espanol\/wp-content\/uploads\/sites\/3\/2022\/01\/2164-1600x340.jpg","rpwe-thumbnail":"https:\/\/tv.joycemeyer.org\/espanol\/wp-content\/uploads\/sites\/3\/2022\/01\/2164-45x45.jpg"},"appp_media":null,"_links":{"self":[{"href":"https:\/\/tv.joycemeyer.org\/espanol\/wp-json\/wp\/v2\/devotional\/3953","targetHints":{"allow":["GET"]}}],"collection":[{"href":"https:\/\/tv.joycemeyer.org\/espanol\/wp-json\/wp\/v2\/devotional"}],"about":[{"href":"https:\/\/tv.joycemeyer.org\/espanol\/wp-json\/wp\/v2\/types\/devotional"}],"author":[{"embeddable":true,"href":"https:\/\/tv.joycemeyer.org\/espanol\/wp-json\/wp\/v2\/users\/19"}],"replies":[{"embeddable":true,"href":"https:\/\/tv.joycemeyer.org\/espanol\/wp-json\/wp\/v2\/comments?post=3953"}],"wp:featuredmedia":[{"embeddable":true,"href":"https:\/\/tv.joycemeyer.org\/espanol\/wp-json\/wp\/v2\/media\/3954"}],"wp:attachment":[{"href":"https:\/\/tv.joycemeyer.org\/espanol\/wp-json\/wp\/v2\/media?parent=3953"}],"curies":[{"name":"wp","href":"https:\/\/api.w.org\/{rel}","templated":true}]}}