{"id":4107,"date":"2025-10-12T00:01:45","date_gmt":"2025-10-12T00:01:45","guid":{"rendered":"https:\/\/tv.joycemeyer.org\/espanol\/?post_type=devotional&#038;p=4107"},"modified":"2025-10-07T13:09:21","modified_gmt":"2025-10-07T13:09:21","slug":"lleno-del-espiritu-santo","status":"publish","type":"devotional","link":"https:\/\/tv.joycemeyer.org\/espanol\/devotional\/lleno-del-espiritu-santo\/","title":{"rendered":"Lleno del Esp\u00edritu Santo"},"content":{"rendered":"<blockquote><p>Pues, si ustedes, aun siendo malos, saben dar cosas buenas a sus hijos, \u00a1cu\u00e1nto m\u00e1s el Padre celestial dar\u00e1 el Esp\u00edritu Santo a quienes se lo pidan!\u00bb \u2014Lucas 11:13<\/p><\/blockquote>\n<p>Todos necesitamos estar continuamente llenos del Esp\u00edritu Santo. Como creyentes en Jes\u00fas, tenemos el Esp\u00edritu Santo, pero quiz\u00e1s no nos hemos rendido completamente a \u00c9l para Su uso. Ese fue mi caso durante muchos a\u00f1os hasta que llegu\u00e9 a un punto cr\u00edtico en mi vida en el que ya no estaba dispuesta a cojear d\u00eda tras d\u00eda sin una victoria real.<\/p>\n<p>\u00a1Le pido a Dios que haga \u201calgo\u201d y me abro a cualquier plan que \u00c9l tenga! Sin saber lo que necesito para ese d\u00eda, pero Dios s\u00ed lo sabe. \u00c9l siempre es fiel para encontrarse con nosotros justo donde estamos y ayudarnos a llegar a donde necesitamos estar.<\/p>\n<p>Necesitaba estar llena del Esp\u00edritu de Dios, y por Su gracia y misericordia, lo estaba. Todav\u00eda le pido a Dios regularmente que me llene de nuevo con Su presencia y poder y me capacite para ser todo lo que \u00c9l quiere que sea. Necesitamos el poder del Esp\u00edritu Santo para hacer la voluntad de Dios. Nunca dependas de ti mismo, porque separados de \u00c9l nada puedes hacer (Juan 15:5).<\/p>\n<p>Pide diariamente la plenitud del Esp\u00edritu de Dios y experimentar\u00e1s una cercan\u00eda con Dios que es maravillosa. Cuando el Esp\u00edritu Santo viene sobre ti, entonces recibes poder para ser Su testimonio. Cambiar\u00e1s de maneras asombrosas a medida que conf\u00edes en el poder de Dios para capacitarte y fortalecerte.<\/p>\n<hr \/>\n<p>Pide y recibe el poder del Esp\u00edritu Santo en tu vida.<\/p>\n","protected":false},"excerpt":{"rendered":"<p>Todos necesitamos estar continuamente llenos del Esp\u00edritu Santo. Como creyentes en Jes\u00fas, tenemos el Esp\u00edritu Santo, pero quiz\u00e1s no nos hemos rendido completamente a \u00c9l para Su uso&#8230;<\/p>\n","protected":false},"author":19,"featured_media":4108,"parent":0,"menu_order":0,"comment_status":"closed","ping_status":"closed","template":"","class_list":["post-4107","devotional","type-devotional","status-publish","has-post-thumbnail","hentry"],"acf":[],"appp":{"post_detail":{"above_title":"<div class=\"post-featured-wrap\"><img width=\"1024\" height=\"597\" src=\"https:\/\/tv.joycemeyer.org\/espanol\/wp-content\/uploads\/sites\/3\/2022\/02\/2278-1024x597.jpg\" class=\"post-featured wp-post-image\" alt=\"\" decoding=\"async\" srcset=\"https:\/\/tv.joycemeyer.org\/espanol\/wp-content\/uploads\/sites\/3\/2022\/02\/2278-1024x597.jpg 1024w, https:\/\/tv.joycemeyer.org\/espanol\/wp-content\/uploads\/sites\/3\/2022\/02\/2278-300x175.jpg 300w, https:\/\/tv.joycemeyer.org\/espanol\/wp-content\/uploads\/sites\/3\/2022\/02\/2278-768x448.jpg 768w, https:\/\/tv.joycemeyer.org\/espanol\/wp-content\/uploads\/sites\/3\/2022\/02\/2278-1536x896.jpg 1536w, https:\/\/tv.joycemeyer.org\/espanol\/wp-content\/uploads\/sites\/3\/2022\/02\/2278.jpg 1800w\" sizes=\"(max-width: 1024px) 100vw, 1024px\" \/><\/div>","below_content":"<div class=\"follow\"><h6 class=\"alt\">Con\u00e9ctate Con Nosotros<\/h6><ul class=\"nav nav--social nav--flex\"><li class=\"menu-item facebook\"><a href=\"https:\/\/www.facebook.com\/JoyceMeyerMinistriesEspanol\/\" target=\"_blank\"><span class=\"visuallyhidden\">Facebook<\/span><\/a><\/li><li class=\"menu-item instagram\"><a href=\"https:\/\/www.instagram.com\/joycemeyerespanol\/\" target=\"_blank\"><span class=\"visuallyhidden\">Instagram<\/span><\/a><\/li><li class=\"menu-item youtube\"><a href=\"https:\/\/www.youtube.com\/c\/joycemeyerministriesspanish\" target=\"_blank\"><span class=\"visuallyhidden\">YouTube<\/span><\/a><\/li><\/ul><\/div><a target=\"_blank\" class=\"list-item list-item--full list-item--footer-ad clearfix list-item--image-only\" href=\"https:\/\/comprar.ministeriosjoycemeyer.org\"><img width=\"1024\" height=\"218\" src=\"https:\/\/tv.joycemeyer.org\/espanol\/wp-content\/uploads\/sites\/3\/2019\/05\/Generic-multiple-book-images-2-1024x218.png\" class=\"list-item__image\" alt=\"\" decoding=\"async\" srcset=\"https:\/\/tv.joycemeyer.org\/espanol\/wp-content\/uploads\/sites\/3\/2019\/05\/Generic-multiple-book-images-2-1024x218.png 1024w, https:\/\/tv.joycemeyer.org\/espanol\/wp-content\/uploads\/sites\/3\/2019\/05\/Generic-multiple-book-images-2-300x64.png 300w, https:\/\/tv.joycemeyer.org\/espanol\/wp-content\/uploads\/sites\/3\/2019\/05\/Generic-multiple-book-images-2-768x163.png 768w, https:\/\/tv.joycemeyer.org\/espanol\/wp-content\/uploads\/sites\/3\/2019\/05\/Generic-multiple-book-images-2-1536x326.png 1536w, https:\/\/tv.joycemeyer.org\/espanol\/wp-content\/uploads\/sites\/3\/2019\/05\/Generic-multiple-book-images-2.png 1600w\" sizes=\"(max-width: 1024px) 100vw, 1024px\" \/><\/a>"}},"yoast_head":"<!-- This site is optimized with the Yoast SEO plugin v27.4 - https:\/\/yoast.com\/product\/yoast-seo-wordpress\/ -->\n<title>Lleno del Esp\u00edritu Santo - Joyce Meyer Ministries - Espanol<\/title>\n<meta name=\"robots\" content=\"index, follow, max-snippet:-1, max-image-preview:large, max-video-preview:-1\" \/>\n<link rel=\"canonical\" href=\"https:\/\/tv.joycemeyer.org\/espanol\/devotional\/lleno-del-espiritu-santo\/\" \/>\n<meta property=\"og:locale\" content=\"es_ES\" \/>\n<meta property=\"og:type\" content=\"article\" \/>\n<meta property=\"og:title\" content=\"Lleno del Esp\u00edritu Santo - Joyce Meyer Ministries - Espanol\" \/>\n<meta property=\"og:description\" content=\"Todos necesitamos estar continuamente llenos del Esp\u00edritu Santo. Como creyentes en Jes\u00fas, tenemos el Esp\u00edritu Santo, pero quiz\u00e1s no nos hemos rendido completamente a \u00c9l para Su uso...\" \/>\n<meta property=\"og:url\" content=\"https:\/\/tv.joycemeyer.org\/espanol\/devotional\/lleno-del-espiritu-santo\/\" \/>\n<meta property=\"og:site_name\" content=\"Joyce Meyer Ministries - Espanol\" \/>\n<meta property=\"article:publisher\" content=\"https:\/\/www.facebook.com\/JoyceMeyerMinistriesEspanol\/\" \/>\n<meta property=\"og:image\" content=\"https:\/\/tv.joycemeyer.org\/espanol\/wp-content\/uploads\/sites\/3\/2022\/02\/2278.jpg\" \/>\n\t<meta property=\"og:image:width\" content=\"1800\" \/>\n\t<meta property=\"og:image:height\" content=\"1050\" \/>\n\t<meta property=\"og:image:type\" content=\"image\/jpeg\" \/>\n<meta name=\"twitter:card\" content=\"summary_large_image\" \/>\n<meta name=\"twitter:label1\" content=\"Tiempo de lectura\" \/>\n\t<meta name=\"twitter:data1\" content=\"2 minutos\" \/>\n<script type=\"application\/ld+json\" class=\"yoast-schema-graph\">{\"@context\":\"https:\\\/\\\/schema.org\",\"@graph\":[{\"@type\":\"WebPage\",\"@id\":\"https:\\\/\\\/tv.joycemeyer.org\\\/espanol\\\/devotional\\\/lleno-del-espiritu-santo\\\/\",\"url\":\"https:\\\/\\\/tv.joycemeyer.org\\\/espanol\\\/devotional\\\/lleno-del-espiritu-santo\\\/\",\"name\":\"Lleno del Esp\u00edritu Santo - Joyce Meyer Ministries - Espanol\",\"isPartOf\":{\"@id\":\"https:\\\/\\\/tv.joycemeyer.org\\\/espanol\\\/#website\"},\"primaryImageOfPage\":{\"@id\":\"https:\\\/\\\/tv.joycemeyer.org\\\/espanol\\\/devotional\\\/lleno-del-espiritu-santo\\\/#primaryimage\"},\"image\":{\"@id\":\"https:\\\/\\\/tv.joycemeyer.org\\\/espanol\\\/devotional\\\/lleno-del-espiritu-santo\\\/#primaryimage\"},\"thumbnailUrl\":\"https:\\\/\\\/tv.joycemeyer.org\\\/espanol\\\/wp-content\\\/uploads\\\/sites\\\/3\\\/2022\\\/02\\\/2278.jpg\",\"datePublished\":\"2025-10-12T00:01:45+00:00\",\"breadcrumb\":{\"@id\":\"https:\\\/\\\/tv.joycemeyer.org\\\/espanol\\\/devotional\\\/lleno-del-espiritu-santo\\\/#breadcrumb\"},\"inLanguage\":\"es\",\"potentialAction\":[{\"@type\":\"ReadAction\",\"target\":[\"https:\\\/\\\/tv.joycemeyer.org\\\/espanol\\\/devotional\\\/lleno-del-espiritu-santo\\\/\"]}]},{\"@type\":\"ImageObject\",\"inLanguage\":\"es\",\"@id\":\"https:\\\/\\\/tv.joycemeyer.org\\\/espanol\\\/devotional\\\/lleno-del-espiritu-santo\\\/#primaryimage\",\"url\":\"https:\\\/\\\/tv.joycemeyer.org\\\/espanol\\\/wp-content\\\/uploads\\\/sites\\\/3\\\/2022\\\/02\\\/2278.jpg\",\"contentUrl\":\"https:\\\/\\\/tv.joycemeyer.org\\\/espanol\\\/wp-content\\\/uploads\\\/sites\\\/3\\\/2022\\\/02\\\/2278.jpg\",\"width\":\"1800\",\"height\":\"1050\",\"caption\":\"Lleno del Esp\u00edritu Santo\"},{\"@type\":\"BreadcrumbList\",\"@id\":\"https:\\\/\\\/tv.joycemeyer.org\\\/espanol\\\/devotional\\\/lleno-del-espiritu-santo\\\/#breadcrumb\",\"itemListElement\":[{\"@type\":\"ListItem\",\"position\":1,\"name\":\"Home\",\"item\":\"https:\\\/\\\/tv.joycemeyer.org\\\/espanol\\\/\"},{\"@type\":\"ListItem\",\"position\":2,\"name\":\"Devotional\",\"item\":\"https:\\\/\\\/tv.joycemeyer.org\\\/espanol\\\/devotional\\\/\"},{\"@type\":\"ListItem\",\"position\":3,\"name\":\"Lleno del Esp\u00edritu Santo\"}]},{\"@type\":\"WebSite\",\"@id\":\"https:\\\/\\\/tv.joycemeyer.org\\\/espanol\\\/#website\",\"url\":\"https:\\\/\\\/tv.joycemeyer.org\\\/espanol\\\/\",\"name\":\"Joyce Meyer Ministries - Espanol\",\"description\":\"Disfrutando la Vida Diaria\",\"potentialAction\":[{\"@type\":\"SearchAction\",\"target\":{\"@type\":\"EntryPoint\",\"urlTemplate\":\"https:\\\/\\\/tv.joycemeyer.org\\\/espanol\\\/?s={search_term_string}\"},\"query-input\":{\"@type\":\"PropertyValueSpecification\",\"valueRequired\":true,\"valueName\":\"search_term_string\"}}],\"inLanguage\":\"es\"}]}<\/script>\n<!-- \/ Yoast SEO plugin. -->","yoast_head_json":{"title":"Lleno del Esp\u00edritu Santo - Joyce Meyer Ministries - Espanol","robots":{"index":"index","follow":"follow","max-snippet":"max-snippet:-1","max-image-preview":"max-image-preview:large","max-video-preview":"max-video-preview:-1"},"canonical":"https:\/\/tv.joycemeyer.org\/espanol\/devotional\/lleno-del-espiritu-santo\/","og_locale":"es_ES","og_type":"article","og_title":"Lleno del Esp\u00edritu Santo - Joyce Meyer Ministries - Espanol","og_description":"Todos necesitamos estar continuamente llenos del Esp\u00edritu Santo. Como creyentes en Jes\u00fas, tenemos el Esp\u00edritu Santo, pero quiz\u00e1s no nos hemos rendido completamente a \u00c9l para Su uso...","og_url":"https:\/\/tv.joycemeyer.org\/espanol\/devotional\/lleno-del-espiritu-santo\/","og_site_name":"Joyce Meyer Ministries - Espanol","article_publisher":"https:\/\/www.facebook.com\/JoyceMeyerMinistriesEspanol\/","og_image":[{"width":1800,"height":1050,"url":"https:\/\/tv.joycemeyer.org\/espanol\/wp-content\/uploads\/sites\/3\/2022\/02\/2278.jpg","type":"image\/jpeg"}],"twitter_card":"summary_large_image","twitter_misc":{"Tiempo de lectura":"2 minutos"},"schema":{"@context":"https:\/\/schema.org","@graph":[{"@type":"WebPage","@id":"https:\/\/tv.joycemeyer.org\/espanol\/devotional\/lleno-del-espiritu-santo\/","url":"https:\/\/tv.joycemeyer.org\/espanol\/devotional\/lleno-del-espiritu-santo\/","name":"Lleno del Esp\u00edritu Santo - Joyce Meyer Ministries - Espanol","isPartOf":{"@id":"https:\/\/tv.joycemeyer.org\/espanol\/#website"},"primaryImageOfPage":{"@id":"https:\/\/tv.joycemeyer.org\/espanol\/devotional\/lleno-del-espiritu-santo\/#primaryimage"},"image":{"@id":"https:\/\/tv.joycemeyer.org\/espanol\/devotional\/lleno-del-espiritu-santo\/#primaryimage"},"thumbnailUrl":"https:\/\/tv.joycemeyer.org\/espanol\/wp-content\/uploads\/sites\/3\/2022\/02\/2278.jpg","datePublished":"2025-10-12T00:01:45+00:00","breadcrumb":{"@id":"https:\/\/tv.joycemeyer.org\/espanol\/devotional\/lleno-del-espiritu-santo\/#breadcrumb"},"inLanguage":"es","potentialAction":[{"@type":"ReadAction","target":["https:\/\/tv.joycemeyer.org\/espanol\/devotional\/lleno-del-espiritu-santo\/"]}]},{"@type":"ImageObject","inLanguage":"es","@id":"https:\/\/tv.joycemeyer.org\/espanol\/devotional\/lleno-del-espiritu-santo\/#primaryimage","url":"https:\/\/tv.joycemeyer.org\/espanol\/wp-content\/uploads\/sites\/3\/2022\/02\/2278.jpg","contentUrl":"https:\/\/tv.joycemeyer.org\/espanol\/wp-content\/uploads\/sites\/3\/2022\/02\/2278.jpg","width":"1800","height":"1050","caption":"Lleno del Esp\u00edritu Santo"},{"@type":"BreadcrumbList","@id":"https:\/\/tv.joycemeyer.org\/espanol\/devotional\/lleno-del-espiritu-santo\/#breadcrumb","itemListElement":[{"@type":"ListItem","position":1,"name":"Home","item":"https:\/\/tv.joycemeyer.org\/espanol\/"},{"@type":"ListItem","position":2,"name":"Devotional","item":"https:\/\/tv.joycemeyer.org\/espanol\/devotional\/"},{"@type":"ListItem","position":3,"name":"Lleno del Esp\u00edritu Santo"}]},{"@type":"WebSite","@id":"https:\/\/tv.joycemeyer.org\/espanol\/#website","url":"https:\/\/tv.joycemeyer.org\/espanol\/","name":"Joyce Meyer Ministries - Espanol","description":"Disfrutando la Vida Diaria","potentialAction":[{"@type":"SearchAction","target":{"@type":"EntryPoint","urlTemplate":"https:\/\/tv.joycemeyer.org\/espanol\/?s={search_term_string}"},"query-input":{"@type":"PropertyValueSpecification","valueRequired":true,"valueName":"search_term_string"}}],"inLanguage":"es"}]}},"featured_image_urls":{"medium":"https:\/\/tv.joycemeyer.org\/espanol\/wp-content\/uploads\/sites\/3\/2022\/02\/2278-300x175.jpg","large":"https:\/\/tv.joycemeyer.org\/espanol\/wp-content\/uploads\/sites\/3\/2022\/02\/2278-1024x597.jpg","thumbnail":"https:\/\/tv.joycemeyer.org\/espanol\/wp-content\/uploads\/sites\/3\/2022\/02\/2278-150x150.jpg","medium_large":"https:\/\/tv.joycemeyer.org\/espanol\/wp-content\/uploads\/sites\/3\/2022\/02\/2278-768x448.jpg","1536x1536":"https:\/\/tv.joycemeyer.org\/espanol\/wp-content\/uploads\/sites\/3\/2022\/02\/2278-1536x896.jpg","listing":"https:\/\/tv.joycemeyer.org\/espanol\/wp-content\/uploads\/sites\/3\/2022\/02\/2278-640x360.jpg","feature":"https:\/\/tv.joycemeyer.org\/espanol\/wp-content\/uploads\/sites\/3\/2022\/02\/2278-960x540.jpg","ebook":"https:\/\/tv.joycemeyer.org\/espanol\/wp-content\/uploads\/sites\/3\/2022\/02\/2278-300x435.jpg","header":"https:\/\/tv.joycemeyer.org\/espanol\/wp-content\/uploads\/sites\/3\/2022\/02\/2278-1600x340.jpg","rpwe-thumbnail":"https:\/\/tv.joycemeyer.org\/espanol\/wp-content\/uploads\/sites\/3\/2022\/02\/2278-45x45.jpg"},"appp_media":null,"_links":{"self":[{"href":"https:\/\/tv.joycemeyer.org\/espanol\/wp-json\/wp\/v2\/devotional\/4107","targetHints":{"allow":["GET"]}}],"collection":[{"href":"https:\/\/tv.joycemeyer.org\/espanol\/wp-json\/wp\/v2\/devotional"}],"about":[{"href":"https:\/\/tv.joycemeyer.org\/espanol\/wp-json\/wp\/v2\/types\/devotional"}],"author":[{"embeddable":true,"href":"https:\/\/tv.joycemeyer.org\/espanol\/wp-json\/wp\/v2\/users\/19"}],"replies":[{"embeddable":true,"href":"https:\/\/tv.joycemeyer.org\/espanol\/wp-json\/wp\/v2\/comments?post=4107"}],"wp:featuredmedia":[{"embeddable":true,"href":"https:\/\/tv.joycemeyer.org\/espanol\/wp-json\/wp\/v2\/media\/4108"}],"wp:attachment":[{"href":"https:\/\/tv.joycemeyer.org\/espanol\/wp-json\/wp\/v2\/media?parent=4107"}],"curies":[{"name":"wp","href":"https:\/\/api.w.org\/{rel}","templated":true}]}}