{"id":5057,"date":"2022-10-24T00:01:26","date_gmt":"2022-10-24T00:01:26","guid":{"rendered":"https:\/\/tv.joycemeyer.org\/espanol\/?post_type=devotional&#038;p=5057"},"modified":"2022-10-24T12:18:09","modified_gmt":"2022-10-24T12:18:09","slug":"un-momento-para-recordar","status":"publish","type":"devotional","link":"https:\/\/tv.joycemeyer.org\/espanol\/devotional\/un-momento-para-recordar\/","title":{"rendered":"Un Momento para Recordar"},"content":{"rendered":"<blockquote><p>Se acordaban de que Dios era su roca, de que el Dios Alt\u00edsimo era su redentor. \u2014Salmos 78:35<\/p><\/blockquote>\n<p>Hay momentos para olvidar y cosas para olvidar. Por ejemplo, cuando el ap\u00f3stol Pablo dijo que se olvid\u00f3 de lo que hab\u00eda dejado atr\u00e1s, estaba hablando de no ser condenado por los errores del pasado (ver Filipenses 3:13). En Isa\u00edas, se nos ense\u00f1a a no recordar las cosas antiguas porque Dios est\u00e1 haciendo algo nuevo. Eso simplemente significa que no debemos quedarnos estancados en el pasado.<\/p>\n<p>Escuchamos muchas ense\u00f1anzas sobre olvidar el pasado, y aunque hay momentos para hacerlo, tambi\u00e9n se nos debe ense\u00f1ar a recordar con gratitud todas las cosas buenas que Dios ha hecho en el pasado, transmitiendo esa gratitud a las generaciones futuras. Un coraz\u00f3n agradecido es un coraz\u00f3n que recuerda el amor de Dios y las obras milagrosas y las comparte con el mundo.<\/p>\n<hr \/>\n<h4>Oraci\u00f3n de Gracias<\/h4>\n<p>Padre, te agradezco por las cosas asombrosas que has hecho en mi pasado. Ay\u00fadame a recordar siempre Tu bondad y usarla para construir mi fe para cosas a\u00fan m\u00e1s grandes y mejores por venir.<\/p>\n","protected":false},"excerpt":{"rendered":"<p>Hay momentos para olvidar y cosas para olvidar. Por ejemplo, cuando el ap\u00f3stol Pablo dijo que se olvid\u00f3 de lo que hab\u00eda dejado atr\u00e1s&#8230;<\/p>\n","protected":false},"author":19,"featured_media":5058,"parent":0,"menu_order":0,"comment_status":"closed","ping_status":"closed","template":"","class_list":["post-5057","devotional","type-devotional","status-publish","has-post-thumbnail","hentry"],"acf":[],"appp":{"post_detail":{"above_title":"<div class=\"post-featured-wrap\"><img width=\"1024\" height=\"597\" src=\"https:\/\/tv.joycemeyer.org\/espanol\/wp-content\/uploads\/sites\/3\/2022\/09\/2658-1024x597.jpg\" class=\"post-featured wp-post-image\" alt=\"Un Momento para Recordar\" decoding=\"async\" srcset=\"https:\/\/tv.joycemeyer.org\/espanol\/wp-content\/uploads\/sites\/3\/2022\/09\/2658-1024x597.jpg 1024w, https:\/\/tv.joycemeyer.org\/espanol\/wp-content\/uploads\/sites\/3\/2022\/09\/2658-300x175.jpg 300w, https:\/\/tv.joycemeyer.org\/espanol\/wp-content\/uploads\/sites\/3\/2022\/09\/2658-768x448.jpg 768w, https:\/\/tv.joycemeyer.org\/espanol\/wp-content\/uploads\/sites\/3\/2022\/09\/2658-1536x896.jpg 1536w, https:\/\/tv.joycemeyer.org\/espanol\/wp-content\/uploads\/sites\/3\/2022\/09\/2658.jpg 1800w\" sizes=\"(max-width: 1024px) 100vw, 1024px\" \/><\/div>","below_content":"<div class=\"follow\"><h6 class=\"alt\">Con\u00e9ctate Con Nosotros<\/h6><ul class=\"nav nav--social nav--flex\"><li class=\"menu-item facebook\"><a href=\"https:\/\/www.facebook.com\/JoyceMeyerMinistriesEspanol\/\" target=\"_blank\"><span class=\"visuallyhidden\">Facebook<\/span><\/a><\/li><li class=\"menu-item instagram\"><a href=\"https:\/\/www.instagram.com\/joycemeyerespanol\/\" target=\"_blank\"><span class=\"visuallyhidden\">Instagram<\/span><\/a><\/li><li class=\"menu-item youtube\"><a href=\"https:\/\/www.youtube.com\/c\/joycemeyerministriesspanish\" target=\"_blank\"><span class=\"visuallyhidden\">YouTube<\/span><\/a><\/li><\/ul><\/div><div class=\"list-item list-item--full list-item--footer-ad clearfix \"><img width=\"1024\" height=\"597\" src=\"https:\/\/tv.joycemeyer.org\/espanol\/wp-content\/uploads\/sites\/3\/2019\/07\/Podcast-Devo-Footer-Spanish-1024x597.jpg\" class=\"list-item__image\" alt=\"Nuevos episodios. \u00a1Esc\u00fachalos ahora!\" decoding=\"async\" srcset=\"https:\/\/tv.joycemeyer.org\/espanol\/wp-content\/uploads\/sites\/3\/2019\/07\/Podcast-Devo-Footer-Spanish-1024x597.jpg 1024w, https:\/\/tv.joycemeyer.org\/espanol\/wp-content\/uploads\/sites\/3\/2019\/07\/Podcast-Devo-Footer-Spanish-300x175.jpg 300w, https:\/\/tv.joycemeyer.org\/espanol\/wp-content\/uploads\/sites\/3\/2019\/07\/Podcast-Devo-Footer-Spanish-768x448.jpg 768w, https:\/\/tv.joycemeyer.org\/espanol\/wp-content\/uploads\/sites\/3\/2019\/07\/Podcast-Devo-Footer-Spanish-1536x896.jpg 1536w, https:\/\/tv.joycemeyer.org\/espanol\/wp-content\/uploads\/sites\/3\/2019\/07\/Podcast-Devo-Footer-Spanish.jpg 1800w\" sizes=\"(max-width: 1024px) 100vw, 1024px\" \/><div class=\"list-item__content\">Disfrutando La Vida Diaria\u00ae es una transmisi\u00f3n diaria de televisi\u00f3n y radio proporcionada por los Ministerios Joyce Meyer.\r\n\r\n<strong><a class=\"button\" href=\"https:\/\/tv.joycemeyer.org\/espanol\/podcast\">\u00a1Esc\u00fachalos ahora!<\/a><\/strong><\/div><\/div>"}},"yoast_head":"<!-- This site is optimized with the Yoast SEO plugin v27.4 - https:\/\/yoast.com\/product\/yoast-seo-wordpress\/ -->\n<title>Un Momento para Recordar - Joyce Meyer Ministries - Espanol<\/title>\n<meta name=\"robots\" content=\"index, follow, max-snippet:-1, max-image-preview:large, max-video-preview:-1\" \/>\n<link rel=\"canonical\" href=\"https:\/\/tv.joycemeyer.org\/espanol\/devotional\/un-momento-para-recordar\/\" \/>\n<meta property=\"og:locale\" content=\"es_ES\" \/>\n<meta property=\"og:type\" content=\"article\" \/>\n<meta property=\"og:title\" content=\"Un Momento para Recordar - Joyce Meyer Ministries - Espanol\" \/>\n<meta property=\"og:description\" content=\"Hay momentos para olvidar y cosas para olvidar. Por ejemplo, cuando el ap\u00f3stol Pablo dijo que se olvid\u00f3 de lo que hab\u00eda dejado atr\u00e1s...\" \/>\n<meta property=\"og:url\" content=\"https:\/\/tv.joycemeyer.org\/espanol\/devotional\/un-momento-para-recordar\/\" \/>\n<meta property=\"og:site_name\" content=\"Joyce Meyer Ministries - Espanol\" \/>\n<meta property=\"article:publisher\" content=\"https:\/\/www.facebook.com\/JoyceMeyerMinistriesEspanol\/\" \/>\n<meta property=\"article:modified_time\" content=\"2022-10-24T12:18:09+00:00\" \/>\n<meta property=\"og:image\" content=\"https:\/\/tv.joycemeyer.org\/espanol\/wp-content\/uploads\/sites\/3\/2022\/09\/2658.jpg\" \/>\n\t<meta property=\"og:image:width\" content=\"1800\" \/>\n\t<meta property=\"og:image:height\" content=\"1050\" \/>\n\t<meta property=\"og:image:type\" content=\"image\/jpeg\" \/>\n<meta name=\"twitter:card\" content=\"summary_large_image\" \/>\n<meta name=\"twitter:label1\" content=\"Tiempo de lectura\" \/>\n\t<meta name=\"twitter:data1\" content=\"1 minuto\" \/>\n<script type=\"application\/ld+json\" class=\"yoast-schema-graph\">{\"@context\":\"https:\\\/\\\/schema.org\",\"@graph\":[{\"@type\":\"WebPage\",\"@id\":\"https:\\\/\\\/tv.joycemeyer.org\\\/espanol\\\/devotional\\\/un-momento-para-recordar\\\/\",\"url\":\"https:\\\/\\\/tv.joycemeyer.org\\\/espanol\\\/devotional\\\/un-momento-para-recordar\\\/\",\"name\":\"Un Momento para Recordar - Joyce Meyer Ministries - Espanol\",\"isPartOf\":{\"@id\":\"https:\\\/\\\/tv.joycemeyer.org\\\/espanol\\\/#website\"},\"primaryImageOfPage\":{\"@id\":\"https:\\\/\\\/tv.joycemeyer.org\\\/espanol\\\/devotional\\\/un-momento-para-recordar\\\/#primaryimage\"},\"image\":{\"@id\":\"https:\\\/\\\/tv.joycemeyer.org\\\/espanol\\\/devotional\\\/un-momento-para-recordar\\\/#primaryimage\"},\"thumbnailUrl\":\"https:\\\/\\\/tv.joycemeyer.org\\\/espanol\\\/wp-content\\\/uploads\\\/sites\\\/3\\\/2022\\\/09\\\/2658.jpg\",\"datePublished\":\"2022-10-24T00:01:26+00:00\",\"dateModified\":\"2022-10-24T12:18:09+00:00\",\"breadcrumb\":{\"@id\":\"https:\\\/\\\/tv.joycemeyer.org\\\/espanol\\\/devotional\\\/un-momento-para-recordar\\\/#breadcrumb\"},\"inLanguage\":\"es\",\"potentialAction\":[{\"@type\":\"ReadAction\",\"target\":[\"https:\\\/\\\/tv.joycemeyer.org\\\/espanol\\\/devotional\\\/un-momento-para-recordar\\\/\"]}]},{\"@type\":\"ImageObject\",\"inLanguage\":\"es\",\"@id\":\"https:\\\/\\\/tv.joycemeyer.org\\\/espanol\\\/devotional\\\/un-momento-para-recordar\\\/#primaryimage\",\"url\":\"https:\\\/\\\/tv.joycemeyer.org\\\/espanol\\\/wp-content\\\/uploads\\\/sites\\\/3\\\/2022\\\/09\\\/2658.jpg\",\"contentUrl\":\"https:\\\/\\\/tv.joycemeyer.org\\\/espanol\\\/wp-content\\\/uploads\\\/sites\\\/3\\\/2022\\\/09\\\/2658.jpg\",\"width\":1800,\"height\":1050,\"caption\":\"Un Momento para Recordar\"},{\"@type\":\"BreadcrumbList\",\"@id\":\"https:\\\/\\\/tv.joycemeyer.org\\\/espanol\\\/devotional\\\/un-momento-para-recordar\\\/#breadcrumb\",\"itemListElement\":[{\"@type\":\"ListItem\",\"position\":1,\"name\":\"Home\",\"item\":\"https:\\\/\\\/tv.joycemeyer.org\\\/espanol\\\/\"},{\"@type\":\"ListItem\",\"position\":2,\"name\":\"Devotional\",\"item\":\"https:\\\/\\\/tv.joycemeyer.org\\\/espanol\\\/devotional\\\/\"},{\"@type\":\"ListItem\",\"position\":3,\"name\":\"Un Momento para Recordar\"}]},{\"@type\":\"WebSite\",\"@id\":\"https:\\\/\\\/tv.joycemeyer.org\\\/espanol\\\/#website\",\"url\":\"https:\\\/\\\/tv.joycemeyer.org\\\/espanol\\\/\",\"name\":\"Joyce Meyer Ministries - Espanol\",\"description\":\"Disfrutando la Vida Diaria\",\"potentialAction\":[{\"@type\":\"SearchAction\",\"target\":{\"@type\":\"EntryPoint\",\"urlTemplate\":\"https:\\\/\\\/tv.joycemeyer.org\\\/espanol\\\/?s={search_term_string}\"},\"query-input\":{\"@type\":\"PropertyValueSpecification\",\"valueRequired\":true,\"valueName\":\"search_term_string\"}}],\"inLanguage\":\"es\"}]}<\/script>\n<!-- \/ Yoast SEO plugin. -->","yoast_head_json":{"title":"Un Momento para Recordar - Joyce Meyer Ministries - Espanol","robots":{"index":"index","follow":"follow","max-snippet":"max-snippet:-1","max-image-preview":"max-image-preview:large","max-video-preview":"max-video-preview:-1"},"canonical":"https:\/\/tv.joycemeyer.org\/espanol\/devotional\/un-momento-para-recordar\/","og_locale":"es_ES","og_type":"article","og_title":"Un Momento para Recordar - Joyce Meyer Ministries - Espanol","og_description":"Hay momentos para olvidar y cosas para olvidar. Por ejemplo, cuando el ap\u00f3stol Pablo dijo que se olvid\u00f3 de lo que hab\u00eda dejado atr\u00e1s...","og_url":"https:\/\/tv.joycemeyer.org\/espanol\/devotional\/un-momento-para-recordar\/","og_site_name":"Joyce Meyer Ministries - Espanol","article_publisher":"https:\/\/www.facebook.com\/JoyceMeyerMinistriesEspanol\/","article_modified_time":"2022-10-24T12:18:09+00:00","og_image":[{"width":1800,"height":1050,"url":"https:\/\/tv.joycemeyer.org\/espanol\/wp-content\/uploads\/sites\/3\/2022\/09\/2658.jpg","type":"image\/jpeg"}],"twitter_card":"summary_large_image","twitter_misc":{"Tiempo de lectura":"1 minuto"},"schema":{"@context":"https:\/\/schema.org","@graph":[{"@type":"WebPage","@id":"https:\/\/tv.joycemeyer.org\/espanol\/devotional\/un-momento-para-recordar\/","url":"https:\/\/tv.joycemeyer.org\/espanol\/devotional\/un-momento-para-recordar\/","name":"Un Momento para Recordar - Joyce Meyer Ministries - Espanol","isPartOf":{"@id":"https:\/\/tv.joycemeyer.org\/espanol\/#website"},"primaryImageOfPage":{"@id":"https:\/\/tv.joycemeyer.org\/espanol\/devotional\/un-momento-para-recordar\/#primaryimage"},"image":{"@id":"https:\/\/tv.joycemeyer.org\/espanol\/devotional\/un-momento-para-recordar\/#primaryimage"},"thumbnailUrl":"https:\/\/tv.joycemeyer.org\/espanol\/wp-content\/uploads\/sites\/3\/2022\/09\/2658.jpg","datePublished":"2022-10-24T00:01:26+00:00","dateModified":"2022-10-24T12:18:09+00:00","breadcrumb":{"@id":"https:\/\/tv.joycemeyer.org\/espanol\/devotional\/un-momento-para-recordar\/#breadcrumb"},"inLanguage":"es","potentialAction":[{"@type":"ReadAction","target":["https:\/\/tv.joycemeyer.org\/espanol\/devotional\/un-momento-para-recordar\/"]}]},{"@type":"ImageObject","inLanguage":"es","@id":"https:\/\/tv.joycemeyer.org\/espanol\/devotional\/un-momento-para-recordar\/#primaryimage","url":"https:\/\/tv.joycemeyer.org\/espanol\/wp-content\/uploads\/sites\/3\/2022\/09\/2658.jpg","contentUrl":"https:\/\/tv.joycemeyer.org\/espanol\/wp-content\/uploads\/sites\/3\/2022\/09\/2658.jpg","width":1800,"height":1050,"caption":"Un Momento para Recordar"},{"@type":"BreadcrumbList","@id":"https:\/\/tv.joycemeyer.org\/espanol\/devotional\/un-momento-para-recordar\/#breadcrumb","itemListElement":[{"@type":"ListItem","position":1,"name":"Home","item":"https:\/\/tv.joycemeyer.org\/espanol\/"},{"@type":"ListItem","position":2,"name":"Devotional","item":"https:\/\/tv.joycemeyer.org\/espanol\/devotional\/"},{"@type":"ListItem","position":3,"name":"Un Momento para Recordar"}]},{"@type":"WebSite","@id":"https:\/\/tv.joycemeyer.org\/espanol\/#website","url":"https:\/\/tv.joycemeyer.org\/espanol\/","name":"Joyce Meyer Ministries - Espanol","description":"Disfrutando la Vida Diaria","potentialAction":[{"@type":"SearchAction","target":{"@type":"EntryPoint","urlTemplate":"https:\/\/tv.joycemeyer.org\/espanol\/?s={search_term_string}"},"query-input":{"@type":"PropertyValueSpecification","valueRequired":true,"valueName":"search_term_string"}}],"inLanguage":"es"}]}},"featured_image_urls":{"medium":"https:\/\/tv.joycemeyer.org\/espanol\/wp-content\/uploads\/sites\/3\/2022\/09\/2658-300x175.jpg","large":"https:\/\/tv.joycemeyer.org\/espanol\/wp-content\/uploads\/sites\/3\/2022\/09\/2658-1024x597.jpg","thumbnail":"https:\/\/tv.joycemeyer.org\/espanol\/wp-content\/uploads\/sites\/3\/2022\/09\/2658-150x150.jpg","medium_large":"https:\/\/tv.joycemeyer.org\/espanol\/wp-content\/uploads\/sites\/3\/2022\/09\/2658-768x448.jpg","1536x1536":"https:\/\/tv.joycemeyer.org\/espanol\/wp-content\/uploads\/sites\/3\/2022\/09\/2658-1536x896.jpg","listing":"https:\/\/tv.joycemeyer.org\/espanol\/wp-content\/uploads\/sites\/3\/2022\/09\/2658-640x360.jpg","feature":"https:\/\/tv.joycemeyer.org\/espanol\/wp-content\/uploads\/sites\/3\/2022\/09\/2658-960x540.jpg","ebook":"https:\/\/tv.joycemeyer.org\/espanol\/wp-content\/uploads\/sites\/3\/2022\/09\/2658-300x435.jpg","header":"https:\/\/tv.joycemeyer.org\/espanol\/wp-content\/uploads\/sites\/3\/2022\/09\/2658-1600x340.jpg","rpwe-thumbnail":"https:\/\/tv.joycemeyer.org\/espanol\/wp-content\/uploads\/sites\/3\/2022\/09\/2658-45x45.jpg"},"appp_media":null,"_links":{"self":[{"href":"https:\/\/tv.joycemeyer.org\/espanol\/wp-json\/wp\/v2\/devotional\/5057","targetHints":{"allow":["GET"]}}],"collection":[{"href":"https:\/\/tv.joycemeyer.org\/espanol\/wp-json\/wp\/v2\/devotional"}],"about":[{"href":"https:\/\/tv.joycemeyer.org\/espanol\/wp-json\/wp\/v2\/types\/devotional"}],"author":[{"embeddable":true,"href":"https:\/\/tv.joycemeyer.org\/espanol\/wp-json\/wp\/v2\/users\/19"}],"replies":[{"embeddable":true,"href":"https:\/\/tv.joycemeyer.org\/espanol\/wp-json\/wp\/v2\/comments?post=5057"}],"wp:featuredmedia":[{"embeddable":true,"href":"https:\/\/tv.joycemeyer.org\/espanol\/wp-json\/wp\/v2\/media\/5058"}],"wp:attachment":[{"href":"https:\/\/tv.joycemeyer.org\/espanol\/wp-json\/wp\/v2\/media?parent=5057"}],"curies":[{"name":"wp","href":"https:\/\/api.w.org\/{rel}","templated":true}]}}