{"id":5711,"date":"2023-04-07T00:01:12","date_gmt":"2023-04-07T00:01:12","guid":{"rendered":"https:\/\/tv.joycemeyer.org\/espanol\/?post_type=devotional&#038;p=5711"},"modified":"2023-04-06T12:02:53","modified_gmt":"2023-04-06T12:02:53","slug":"escuchando-su-voz","status":"publish","type":"devotional","link":"https:\/\/tv.joycemeyer.org\/espanol\/devotional\/escuchando-su-voz\/","title":{"rendered":"Escuchando Su Voz"},"content":{"rendered":"<blockquote><p>As\u00ed que la fe viene como resultado de o\u00edr el mensaje, y el mensaje que se oye es la palabra de Cristo. Romanos 10:17<\/p><\/blockquote>\n<p>Aprender a escuchar a Dios es muy emocionante. Dios quiere hablarnos del plan que tiene para nuestra vida. Su plan es un buen plan, pero corremos el peligro de perderlo si no aprendemos a escuchar y obedecer la voz de Dios.<\/p>\n<p>Dios nos habla de muchas maneras. \u00c9l nos habla a trav\u00e9s de Su Esp\u00edritu Santo que mora en nosotros, a trav\u00e9s de ese \u00abconocimiento\u00bb en lo profundo de nosotros y a trav\u00e9s de la paz. Tambi\u00e9n puede hablar a trav\u00e9s de otras personas, circunstancias, sabidur\u00eda, naturaleza e incluso a trav\u00e9s de sue\u00f1os o visiones. Sin embargo, las dos formas m\u00e1s frecuentes en que Dios nos habla son a trav\u00e9s de Su Palabra y el observador interno en nuestros corazones. La Palabra de Dios es un regalo valioso por el que debemos estar agradecidos porque es el mensaje directo de Dios para nosotros: es inmutable e infalible. A medida que aprendes a escuchar a Dios, siempre aseg\u00farate de que el interior el observador de tu coraz\u00f3n se alinea con las Escrituras.<\/p>\n<hr \/>\n<h4><strong>Oraci\u00f3n de Gracias<\/strong><\/h4>\n<p>Padre, gracias porque todav\u00eda hablas a Tus hijos. Oro para que me ayudes a escucharte y seguir Tu direcci\u00f3n para mi vida. Gracias porque me est\u00e1s ense\u00f1ando c\u00f3mo seguir Tu gu\u00eda en mi vida.<\/p>\n","protected":false},"excerpt":{"rendered":"<p>Dios quiere hablarnos del plan que tiene para nuestra vida.<\/p>\n","protected":false},"author":20,"featured_media":5712,"parent":0,"menu_order":0,"comment_status":"closed","ping_status":"closed","template":"","class_list":["post-5711","devotional","type-devotional","status-publish","has-post-thumbnail","hentry"],"acf":[],"appp":{"post_detail":{"above_title":"<div class=\"post-featured-wrap\"><img width=\"1024\" height=\"597\" src=\"https:\/\/tv.joycemeyer.org\/espanol\/wp-content\/uploads\/sites\/3\/2023\/03\/2577-1024x597.jpg\" class=\"post-featured wp-post-image\" alt=\"Escuchando Su Voz\" decoding=\"async\" srcset=\"https:\/\/tv.joycemeyer.org\/espanol\/wp-content\/uploads\/sites\/3\/2023\/03\/2577-1024x597.jpg 1024w, https:\/\/tv.joycemeyer.org\/espanol\/wp-content\/uploads\/sites\/3\/2023\/03\/2577-300x175.jpg 300w, https:\/\/tv.joycemeyer.org\/espanol\/wp-content\/uploads\/sites\/3\/2023\/03\/2577-768x448.jpg 768w, https:\/\/tv.joycemeyer.org\/espanol\/wp-content\/uploads\/sites\/3\/2023\/03\/2577-1536x896.jpg 1536w, https:\/\/tv.joycemeyer.org\/espanol\/wp-content\/uploads\/sites\/3\/2023\/03\/2577.jpg 1800w\" sizes=\"(max-width: 1024px) 100vw, 1024px\" \/><\/div>","below_content":"<div class=\"follow\"><h6 class=\"alt\">Con\u00e9ctate Con Nosotros<\/h6><ul class=\"nav nav--social nav--flex\"><li class=\"menu-item facebook\"><a href=\"https:\/\/www.facebook.com\/JoyceMeyerMinistriesEspanol\/\" target=\"_blank\"><span class=\"visuallyhidden\">Facebook<\/span><\/a><\/li><li class=\"menu-item instagram\"><a href=\"https:\/\/www.instagram.com\/joycemeyerespanol\/\" target=\"_blank\"><span class=\"visuallyhidden\">Instagram<\/span><\/a><\/li><li class=\"menu-item youtube\"><a href=\"https:\/\/www.youtube.com\/c\/joycemeyerministriesspanish\" target=\"_blank\"><span class=\"visuallyhidden\">YouTube<\/span><\/a><\/li><\/ul><\/div><a target=\"_blank\" class=\"list-item list-item--full list-item--footer-ad clearfix list-item--image-only\" href=\"https:\/\/comprar.ministeriosjoycemeyer.org\/products\/la-respuesta-a-la-ansiedad\"><img width=\"1024\" height=\"218\" src=\"https:\/\/tv.joycemeyer.org\/espanol\/wp-content\/uploads\/sites\/3\/2023\/03\/La-Respuesta-a-la-Ansiedad-1600-Banner-1024x218.jpg\" class=\"list-item__image\" alt=\"La Respuesta a la Ansiedad\" decoding=\"async\" srcset=\"https:\/\/tv.joycemeyer.org\/espanol\/wp-content\/uploads\/sites\/3\/2023\/03\/La-Respuesta-a-la-Ansiedad-1600-Banner-1024x218.jpg 1024w, https:\/\/tv.joycemeyer.org\/espanol\/wp-content\/uploads\/sites\/3\/2023\/03\/La-Respuesta-a-la-Ansiedad-1600-Banner-300x64.jpg 300w, https:\/\/tv.joycemeyer.org\/espanol\/wp-content\/uploads\/sites\/3\/2023\/03\/La-Respuesta-a-la-Ansiedad-1600-Banner-768x163.jpg 768w, https:\/\/tv.joycemeyer.org\/espanol\/wp-content\/uploads\/sites\/3\/2023\/03\/La-Respuesta-a-la-Ansiedad-1600-Banner-1536x326.jpg 1536w, https:\/\/tv.joycemeyer.org\/espanol\/wp-content\/uploads\/sites\/3\/2023\/03\/La-Respuesta-a-la-Ansiedad-1600-Banner.jpg 1600w\" sizes=\"(max-width: 1024px) 100vw, 1024px\" \/><\/a>"}},"yoast_head":"<!-- This site is optimized with the Yoast SEO plugin v27.4 - https:\/\/yoast.com\/product\/yoast-seo-wordpress\/ -->\n<title>Escuchando Su Voz - Joyce Meyer Ministries - Espanol<\/title>\n<meta name=\"robots\" content=\"index, follow, max-snippet:-1, max-image-preview:large, max-video-preview:-1\" \/>\n<link rel=\"canonical\" href=\"https:\/\/tv.joycemeyer.org\/espanol\/devotional\/escuchando-su-voz\/\" \/>\n<meta property=\"og:locale\" content=\"es_ES\" \/>\n<meta property=\"og:type\" content=\"article\" \/>\n<meta property=\"og:title\" content=\"Escuchando Su Voz - Joyce Meyer Ministries - Espanol\" \/>\n<meta property=\"og:description\" content=\"Dios quiere hablarnos del plan que tiene para nuestra vida.\" \/>\n<meta property=\"og:url\" content=\"https:\/\/tv.joycemeyer.org\/espanol\/devotional\/escuchando-su-voz\/\" \/>\n<meta property=\"og:site_name\" content=\"Joyce Meyer Ministries - Espanol\" \/>\n<meta property=\"article:publisher\" content=\"https:\/\/www.facebook.com\/JoyceMeyerMinistriesEspanol\/\" \/>\n<meta property=\"og:image\" content=\"https:\/\/tv.joycemeyer.org\/espanol\/wp-content\/uploads\/sites\/3\/2023\/03\/2577.jpg\" \/>\n\t<meta property=\"og:image:width\" content=\"1800\" \/>\n\t<meta property=\"og:image:height\" content=\"1050\" \/>\n\t<meta property=\"og:image:type\" content=\"image\/jpeg\" \/>\n<meta name=\"twitter:card\" content=\"summary_large_image\" \/>\n<meta name=\"twitter:label1\" content=\"Tiempo de lectura\" \/>\n\t<meta name=\"twitter:data1\" content=\"2 minutos\" \/>\n<script type=\"application\/ld+json\" class=\"yoast-schema-graph\">{\"@context\":\"https:\\\/\\\/schema.org\",\"@graph\":[{\"@type\":\"WebPage\",\"@id\":\"https:\\\/\\\/tv.joycemeyer.org\\\/espanol\\\/devotional\\\/escuchando-su-voz\\\/\",\"url\":\"https:\\\/\\\/tv.joycemeyer.org\\\/espanol\\\/devotional\\\/escuchando-su-voz\\\/\",\"name\":\"Escuchando Su Voz - Joyce Meyer Ministries - Espanol\",\"isPartOf\":{\"@id\":\"https:\\\/\\\/tv.joycemeyer.org\\\/espanol\\\/#website\"},\"primaryImageOfPage\":{\"@id\":\"https:\\\/\\\/tv.joycemeyer.org\\\/espanol\\\/devotional\\\/escuchando-su-voz\\\/#primaryimage\"},\"image\":{\"@id\":\"https:\\\/\\\/tv.joycemeyer.org\\\/espanol\\\/devotional\\\/escuchando-su-voz\\\/#primaryimage\"},\"thumbnailUrl\":\"https:\\\/\\\/tv.joycemeyer.org\\\/espanol\\\/wp-content\\\/uploads\\\/sites\\\/3\\\/2023\\\/03\\\/2577.jpg\",\"datePublished\":\"2023-04-07T00:01:12+00:00\",\"breadcrumb\":{\"@id\":\"https:\\\/\\\/tv.joycemeyer.org\\\/espanol\\\/devotional\\\/escuchando-su-voz\\\/#breadcrumb\"},\"inLanguage\":\"es\",\"potentialAction\":[{\"@type\":\"ReadAction\",\"target\":[\"https:\\\/\\\/tv.joycemeyer.org\\\/espanol\\\/devotional\\\/escuchando-su-voz\\\/\"]}]},{\"@type\":\"ImageObject\",\"inLanguage\":\"es\",\"@id\":\"https:\\\/\\\/tv.joycemeyer.org\\\/espanol\\\/devotional\\\/escuchando-su-voz\\\/#primaryimage\",\"url\":\"https:\\\/\\\/tv.joycemeyer.org\\\/espanol\\\/wp-content\\\/uploads\\\/sites\\\/3\\\/2023\\\/03\\\/2577.jpg\",\"contentUrl\":\"https:\\\/\\\/tv.joycemeyer.org\\\/espanol\\\/wp-content\\\/uploads\\\/sites\\\/3\\\/2023\\\/03\\\/2577.jpg\",\"width\":1800,\"height\":1050,\"caption\":\"Escuchando Su Voz\"},{\"@type\":\"BreadcrumbList\",\"@id\":\"https:\\\/\\\/tv.joycemeyer.org\\\/espanol\\\/devotional\\\/escuchando-su-voz\\\/#breadcrumb\",\"itemListElement\":[{\"@type\":\"ListItem\",\"position\":1,\"name\":\"Home\",\"item\":\"https:\\\/\\\/tv.joycemeyer.org\\\/espanol\\\/\"},{\"@type\":\"ListItem\",\"position\":2,\"name\":\"Devotional\",\"item\":\"https:\\\/\\\/tv.joycemeyer.org\\\/espanol\\\/devotional\\\/\"},{\"@type\":\"ListItem\",\"position\":3,\"name\":\"Escuchando Su Voz\"}]},{\"@type\":\"WebSite\",\"@id\":\"https:\\\/\\\/tv.joycemeyer.org\\\/espanol\\\/#website\",\"url\":\"https:\\\/\\\/tv.joycemeyer.org\\\/espanol\\\/\",\"name\":\"Joyce Meyer Ministries - Espanol\",\"description\":\"Disfrutando la Vida Diaria\",\"potentialAction\":[{\"@type\":\"SearchAction\",\"target\":{\"@type\":\"EntryPoint\",\"urlTemplate\":\"https:\\\/\\\/tv.joycemeyer.org\\\/espanol\\\/?s={search_term_string}\"},\"query-input\":{\"@type\":\"PropertyValueSpecification\",\"valueRequired\":true,\"valueName\":\"search_term_string\"}}],\"inLanguage\":\"es\"}]}<\/script>\n<!-- \/ Yoast SEO plugin. -->","yoast_head_json":{"title":"Escuchando Su Voz - Joyce Meyer Ministries - Espanol","robots":{"index":"index","follow":"follow","max-snippet":"max-snippet:-1","max-image-preview":"max-image-preview:large","max-video-preview":"max-video-preview:-1"},"canonical":"https:\/\/tv.joycemeyer.org\/espanol\/devotional\/escuchando-su-voz\/","og_locale":"es_ES","og_type":"article","og_title":"Escuchando Su Voz - Joyce Meyer Ministries - Espanol","og_description":"Dios quiere hablarnos del plan que tiene para nuestra vida.","og_url":"https:\/\/tv.joycemeyer.org\/espanol\/devotional\/escuchando-su-voz\/","og_site_name":"Joyce Meyer Ministries - Espanol","article_publisher":"https:\/\/www.facebook.com\/JoyceMeyerMinistriesEspanol\/","og_image":[{"width":1800,"height":1050,"url":"https:\/\/tv.joycemeyer.org\/espanol\/wp-content\/uploads\/sites\/3\/2023\/03\/2577.jpg","type":"image\/jpeg"}],"twitter_card":"summary_large_image","twitter_misc":{"Tiempo de lectura":"2 minutos"},"schema":{"@context":"https:\/\/schema.org","@graph":[{"@type":"WebPage","@id":"https:\/\/tv.joycemeyer.org\/espanol\/devotional\/escuchando-su-voz\/","url":"https:\/\/tv.joycemeyer.org\/espanol\/devotional\/escuchando-su-voz\/","name":"Escuchando Su Voz - Joyce Meyer Ministries - Espanol","isPartOf":{"@id":"https:\/\/tv.joycemeyer.org\/espanol\/#website"},"primaryImageOfPage":{"@id":"https:\/\/tv.joycemeyer.org\/espanol\/devotional\/escuchando-su-voz\/#primaryimage"},"image":{"@id":"https:\/\/tv.joycemeyer.org\/espanol\/devotional\/escuchando-su-voz\/#primaryimage"},"thumbnailUrl":"https:\/\/tv.joycemeyer.org\/espanol\/wp-content\/uploads\/sites\/3\/2023\/03\/2577.jpg","datePublished":"2023-04-07T00:01:12+00:00","breadcrumb":{"@id":"https:\/\/tv.joycemeyer.org\/espanol\/devotional\/escuchando-su-voz\/#breadcrumb"},"inLanguage":"es","potentialAction":[{"@type":"ReadAction","target":["https:\/\/tv.joycemeyer.org\/espanol\/devotional\/escuchando-su-voz\/"]}]},{"@type":"ImageObject","inLanguage":"es","@id":"https:\/\/tv.joycemeyer.org\/espanol\/devotional\/escuchando-su-voz\/#primaryimage","url":"https:\/\/tv.joycemeyer.org\/espanol\/wp-content\/uploads\/sites\/3\/2023\/03\/2577.jpg","contentUrl":"https:\/\/tv.joycemeyer.org\/espanol\/wp-content\/uploads\/sites\/3\/2023\/03\/2577.jpg","width":1800,"height":1050,"caption":"Escuchando Su Voz"},{"@type":"BreadcrumbList","@id":"https:\/\/tv.joycemeyer.org\/espanol\/devotional\/escuchando-su-voz\/#breadcrumb","itemListElement":[{"@type":"ListItem","position":1,"name":"Home","item":"https:\/\/tv.joycemeyer.org\/espanol\/"},{"@type":"ListItem","position":2,"name":"Devotional","item":"https:\/\/tv.joycemeyer.org\/espanol\/devotional\/"},{"@type":"ListItem","position":3,"name":"Escuchando Su Voz"}]},{"@type":"WebSite","@id":"https:\/\/tv.joycemeyer.org\/espanol\/#website","url":"https:\/\/tv.joycemeyer.org\/espanol\/","name":"Joyce Meyer Ministries - Espanol","description":"Disfrutando la Vida Diaria","potentialAction":[{"@type":"SearchAction","target":{"@type":"EntryPoint","urlTemplate":"https:\/\/tv.joycemeyer.org\/espanol\/?s={search_term_string}"},"query-input":{"@type":"PropertyValueSpecification","valueRequired":true,"valueName":"search_term_string"}}],"inLanguage":"es"}]}},"featured_image_urls":{"medium":"https:\/\/tv.joycemeyer.org\/espanol\/wp-content\/uploads\/sites\/3\/2023\/03\/2577-300x175.jpg","large":"https:\/\/tv.joycemeyer.org\/espanol\/wp-content\/uploads\/sites\/3\/2023\/03\/2577-1024x597.jpg","thumbnail":"https:\/\/tv.joycemeyer.org\/espanol\/wp-content\/uploads\/sites\/3\/2023\/03\/2577-150x150.jpg","medium_large":"https:\/\/tv.joycemeyer.org\/espanol\/wp-content\/uploads\/sites\/3\/2023\/03\/2577-768x448.jpg","1536x1536":"https:\/\/tv.joycemeyer.org\/espanol\/wp-content\/uploads\/sites\/3\/2023\/03\/2577-1536x896.jpg","listing":"https:\/\/tv.joycemeyer.org\/espanol\/wp-content\/uploads\/sites\/3\/2023\/03\/2577-640x360.jpg","feature":"https:\/\/tv.joycemeyer.org\/espanol\/wp-content\/uploads\/sites\/3\/2023\/03\/2577-960x540.jpg","ebook":"https:\/\/tv.joycemeyer.org\/espanol\/wp-content\/uploads\/sites\/3\/2023\/03\/2577-300x435.jpg","header":"https:\/\/tv.joycemeyer.org\/espanol\/wp-content\/uploads\/sites\/3\/2023\/03\/2577-1600x340.jpg","rpwe-thumbnail":"https:\/\/tv.joycemeyer.org\/espanol\/wp-content\/uploads\/sites\/3\/2023\/03\/2577-45x45.jpg"},"appp_media":null,"_links":{"self":[{"href":"https:\/\/tv.joycemeyer.org\/espanol\/wp-json\/wp\/v2\/devotional\/5711","targetHints":{"allow":["GET"]}}],"collection":[{"href":"https:\/\/tv.joycemeyer.org\/espanol\/wp-json\/wp\/v2\/devotional"}],"about":[{"href":"https:\/\/tv.joycemeyer.org\/espanol\/wp-json\/wp\/v2\/types\/devotional"}],"author":[{"embeddable":true,"href":"https:\/\/tv.joycemeyer.org\/espanol\/wp-json\/wp\/v2\/users\/20"}],"replies":[{"embeddable":true,"href":"https:\/\/tv.joycemeyer.org\/espanol\/wp-json\/wp\/v2\/comments?post=5711"}],"wp:featuredmedia":[{"embeddable":true,"href":"https:\/\/tv.joycemeyer.org\/espanol\/wp-json\/wp\/v2\/media\/5712"}],"wp:attachment":[{"href":"https:\/\/tv.joycemeyer.org\/espanol\/wp-json\/wp\/v2\/media?parent=5711"}],"curies":[{"name":"wp","href":"https:\/\/api.w.org\/{rel}","templated":true}]}}