{"id":608,"date":"2026-01-11T00:01:57","date_gmt":"2026-01-11T00:01:57","guid":{"rendered":"https:\/\/tv.joycemeyer.org\/espanol\/?post_type=devotional&#038;p=608"},"modified":"2026-01-06T13:35:10","modified_gmt":"2026-01-06T13:35:10","slug":"cuando-esta-bien-decir","status":"publish","type":"devotional","link":"https:\/\/tv.joycemeyer.org\/espanol\/devotional\/cuando-esta-bien-decir\/","title":{"rendered":"Cuando Est\u00e1 Bien Decir \u201cNo\u201d"},"content":{"rendered":"<blockquote><p>No puedo&#8230;la carga es muy pesada para m\u00ed. \u2014N\u00fameros 11:14<\/p><\/blockquote>\n<p>En N\u00fameros 11, Mois\u00e9s nos da un ejemplo de lo que podemos hacer cuando estamos bajo estr\u00e9s. Esa s\u00ed que era presi\u00f3n, \u00e9l estaba guiando a los Israelitas a trav\u00e9s del desierto en un viaje que deber\u00eda haber durado once d\u00edas, pero que termino durando \u00a1cuarenta a\u00f1os!<\/p>\n<p>La gente estaba deprimida, llorando a causa de su situaci\u00f3n. En el vers\u00edculo 14, Mois\u00e9s le dice a Dios, \u00abYo solo no puedo llevar a todas estas personas, la carga es demasiado pesada para m\u00ed.\u00bb<\/p>\n<p>No est\u00e1 mal decir, \u00abHe llegado a mis l\u00edmites\u00bb, al igual que Mois\u00e9s. Es cierto, las escrituras dicen \u201c\u00a1Todo lo puedo en Cristo que me fortalece!\u201d (Fil. 4:13 NVI), pero se refiere a los momentos en que enfrentamos varias pruebas y situaciones que Dios nos ayudar\u00e1 a sobrellevar\u201d<\/p>\n<p>No significa que debemos aceptar muchas responsabilidades que quedemos completamente agotados, como la mujer que est\u00e1 criando a cinco hijos, trabaja tiempo completo, y sirve en el concilio de la iglesia, etc.<\/p>\n<p>A veces, simplemente es demasiado para nosotros\u2026 y no est\u00e1 mal reconocerlo. Est\u00e1 bien decirle que \u00abno\u00bb a ciertas cosas para poder disfrutar la vida de la manera que Dios la dise\u00f1\u00f3.<\/p>\n<p>Te tengo una noticia: No necesitamos ser como todos los dem\u00e1s, ni mantenernos al d\u00eda con los dem\u00e1s. Dios cre\u00f3 a ciertas personas con la capacidad de manejar grandes cantidades de trabajo, pero son pocas las personas creadas de esta manera.<\/p>\n<p>Es necesario ser la persona a la que Dios dise\u00f1\u00f3 para ser, y no es necesario disculparnos por esto. Tenemos que encontrar nuestro equilibrio individual dentro de la responsabilidad que Dios nos ha establecido, para poder disfrutar de nuestras vidas en lugar de enfermarnos con una sobre abundancia de estr\u00e9s y presi\u00f3n.<\/p>\n<p>Cuando llegues a tus l\u00edmites, recurre a Dios, como lo hizo Mois\u00e9s. \u00c9l podr\u00e1 ayudarte a encontrar un estilo de vida m\u00e1s sano y m\u00e1s saludable.<\/p>\n<hr \/>\n<p>Oraci\u00f3n final: Dios, a veces me es dif\u00edcil parar y negarme a tomar m\u00e1s responsabilidades. Ay\u00fadame a vivir con el equilibrio de responsabilidad que creaste para m\u00ed, y as\u00ed poder vivir con Tu paz y disfrutar de la vida.<\/p>\n","protected":false},"excerpt":{"rendered":"<p>En N\u00fameros 11, Mois\u00e9s nos da un ejemplo de lo que podemos hacer cuando estamos bajo estr\u00e9s. Leer M\u00e1s &gt;&gt;<\/p>\n","protected":false},"author":15,"featured_media":8134,"parent":0,"menu_order":0,"comment_status":"closed","ping_status":"closed","template":"","class_list":["post-608","devotional","type-devotional","status-publish","has-post-thumbnail","hentry"],"acf":[],"appp":{"post_detail":{"above_title":"<div class=\"post-featured-wrap\"><img width=\"960\" height=\"640\" src=\"https:\/\/tv.joycemeyer.org\/espanol\/wp-content\/uploads\/sites\/3\/2019\/01\/3496L.jpg\" class=\"post-featured wp-post-image\" alt=\"\" decoding=\"async\" srcset=\"https:\/\/tv.joycemeyer.org\/espanol\/wp-content\/uploads\/sites\/3\/2019\/01\/3496L.jpg 960w, https:\/\/tv.joycemeyer.org\/espanol\/wp-content\/uploads\/sites\/3\/2019\/01\/3496L-300x200.jpg 300w, https:\/\/tv.joycemeyer.org\/espanol\/wp-content\/uploads\/sites\/3\/2019\/01\/3496L-768x512.jpg 768w\" sizes=\"(max-width: 960px) 100vw, 960px\" \/><\/div>","below_content":"<div class=\"follow\"><h6 class=\"alt\">Con\u00e9ctate Con Nosotros<\/h6><ul class=\"nav nav--social nav--flex\"><li class=\"menu-item facebook\"><a href=\"https:\/\/www.facebook.com\/JoyceMeyerMinistriesEspanol\/\" target=\"_blank\"><span class=\"visuallyhidden\">Facebook<\/span><\/a><\/li><li class=\"menu-item instagram\"><a href=\"https:\/\/www.instagram.com\/joycemeyerespanol\/\" target=\"_blank\"><span class=\"visuallyhidden\">Instagram<\/span><\/a><\/li><li class=\"menu-item youtube\"><a href=\"https:\/\/www.youtube.com\/c\/joycemeyerministriesspanish\" target=\"_blank\"><span class=\"visuallyhidden\">YouTube<\/span><\/a><\/li><\/ul><\/div><a target=\"_blank\" class=\"list-item list-item--full list-item--footer-ad clearfix list-item--image-only\" href=\"https:\/\/comprar.ministeriosjoycemeyer.org\"><img width=\"1024\" height=\"218\" src=\"https:\/\/tv.joycemeyer.org\/espanol\/wp-content\/uploads\/sites\/3\/2019\/01\/Generic-2026-multiple-book-images-1024x218.png\" class=\"list-item__image\" alt=\"\" decoding=\"async\" srcset=\"https:\/\/tv.joycemeyer.org\/espanol\/wp-content\/uploads\/sites\/3\/2019\/01\/Generic-2026-multiple-book-images-1024x218.png 1024w, https:\/\/tv.joycemeyer.org\/espanol\/wp-content\/uploads\/sites\/3\/2019\/01\/Generic-2026-multiple-book-images-300x64.png 300w, https:\/\/tv.joycemeyer.org\/espanol\/wp-content\/uploads\/sites\/3\/2019\/01\/Generic-2026-multiple-book-images-768x163.png 768w, https:\/\/tv.joycemeyer.org\/espanol\/wp-content\/uploads\/sites\/3\/2019\/01\/Generic-2026-multiple-book-images-1536x326.png 1536w, https:\/\/tv.joycemeyer.org\/espanol\/wp-content\/uploads\/sites\/3\/2019\/01\/Generic-2026-multiple-book-images.png 1600w\" sizes=\"(max-width: 1024px) 100vw, 1024px\" \/><\/a>"}},"yoast_head":"<!-- This site is optimized with the Yoast SEO plugin v27.4 - https:\/\/yoast.com\/product\/yoast-seo-wordpress\/ -->\n<title>Cuando Est\u00e1 Bien Decir \u201cNo\u201d - Joyce Meyer Ministries - Espanol<\/title>\n<meta name=\"robots\" content=\"index, follow, max-snippet:-1, max-image-preview:large, max-video-preview:-1\" \/>\n<link rel=\"canonical\" href=\"https:\/\/tv.joycemeyer.org\/espanol\/devotional\/cuando-esta-bien-decir\/\" \/>\n<meta property=\"og:locale\" content=\"es_ES\" \/>\n<meta property=\"og:type\" content=\"article\" \/>\n<meta property=\"og:title\" content=\"Cuando Est\u00e1 Bien Decir \u201cNo\u201d - Joyce Meyer Ministries - Espanol\" \/>\n<meta property=\"og:description\" content=\"En N\u00fameros 11, Mois\u00e9s nos da un ejemplo de lo que podemos hacer cuando estamos bajo estr\u00e9s. Leer M\u00e1s &gt;&gt;\" \/>\n<meta property=\"og:url\" content=\"https:\/\/tv.joycemeyer.org\/espanol\/devotional\/cuando-esta-bien-decir\/\" \/>\n<meta property=\"og:site_name\" content=\"Joyce Meyer Ministries - Espanol\" \/>\n<meta property=\"article:publisher\" content=\"https:\/\/www.facebook.com\/JoyceMeyerMinistriesEspanol\/\" \/>\n<meta property=\"og:image\" content=\"https:\/\/tv.joycemeyer.org\/espanol\/wp-content\/uploads\/sites\/3\/2019\/01\/3496L.jpg\" \/>\n\t<meta property=\"og:image:width\" content=\"960\" \/>\n\t<meta property=\"og:image:height\" content=\"640\" \/>\n\t<meta property=\"og:image:type\" content=\"image\/jpeg\" \/>\n<meta name=\"twitter:card\" content=\"summary_large_image\" \/>\n<meta name=\"twitter:label1\" content=\"Tiempo de lectura\" \/>\n\t<meta name=\"twitter:data1\" content=\"2 minutos\" \/>\n<script type=\"application\/ld+json\" class=\"yoast-schema-graph\">{\"@context\":\"https:\\\/\\\/schema.org\",\"@graph\":[{\"@type\":\"WebPage\",\"@id\":\"https:\\\/\\\/tv.joycemeyer.org\\\/espanol\\\/devotional\\\/cuando-esta-bien-decir\\\/\",\"url\":\"https:\\\/\\\/tv.joycemeyer.org\\\/espanol\\\/devotional\\\/cuando-esta-bien-decir\\\/\",\"name\":\"Cuando Est\u00e1 Bien Decir \u201cNo\u201d - Joyce Meyer Ministries - Espanol\",\"isPartOf\":{\"@id\":\"https:\\\/\\\/tv.joycemeyer.org\\\/espanol\\\/#website\"},\"primaryImageOfPage\":{\"@id\":\"https:\\\/\\\/tv.joycemeyer.org\\\/espanol\\\/devotional\\\/cuando-esta-bien-decir\\\/#primaryimage\"},\"image\":{\"@id\":\"https:\\\/\\\/tv.joycemeyer.org\\\/espanol\\\/devotional\\\/cuando-esta-bien-decir\\\/#primaryimage\"},\"thumbnailUrl\":\"https:\\\/\\\/tv.joycemeyer.org\\\/espanol\\\/wp-content\\\/uploads\\\/sites\\\/3\\\/2019\\\/01\\\/3496L.jpg\",\"datePublished\":\"2026-01-11T00:01:57+00:00\",\"breadcrumb\":{\"@id\":\"https:\\\/\\\/tv.joycemeyer.org\\\/espanol\\\/devotional\\\/cuando-esta-bien-decir\\\/#breadcrumb\"},\"inLanguage\":\"es\",\"potentialAction\":[{\"@type\":\"ReadAction\",\"target\":[\"https:\\\/\\\/tv.joycemeyer.org\\\/espanol\\\/devotional\\\/cuando-esta-bien-decir\\\/\"]}]},{\"@type\":\"ImageObject\",\"inLanguage\":\"es\",\"@id\":\"https:\\\/\\\/tv.joycemeyer.org\\\/espanol\\\/devotional\\\/cuando-esta-bien-decir\\\/#primaryimage\",\"url\":\"https:\\\/\\\/tv.joycemeyer.org\\\/espanol\\\/wp-content\\\/uploads\\\/sites\\\/3\\\/2019\\\/01\\\/3496L.jpg\",\"contentUrl\":\"https:\\\/\\\/tv.joycemeyer.org\\\/espanol\\\/wp-content\\\/uploads\\\/sites\\\/3\\\/2019\\\/01\\\/3496L.jpg\",\"width\":960,\"height\":640},{\"@type\":\"BreadcrumbList\",\"@id\":\"https:\\\/\\\/tv.joycemeyer.org\\\/espanol\\\/devotional\\\/cuando-esta-bien-decir\\\/#breadcrumb\",\"itemListElement\":[{\"@type\":\"ListItem\",\"position\":1,\"name\":\"Home\",\"item\":\"https:\\\/\\\/tv.joycemeyer.org\\\/espanol\\\/\"},{\"@type\":\"ListItem\",\"position\":2,\"name\":\"Devotional\",\"item\":\"https:\\\/\\\/tv.joycemeyer.org\\\/espanol\\\/devotional\\\/\"},{\"@type\":\"ListItem\",\"position\":3,\"name\":\"Cuando Est\u00e1 Bien Decir \u201cNo\u201d\"}]},{\"@type\":\"WebSite\",\"@id\":\"https:\\\/\\\/tv.joycemeyer.org\\\/espanol\\\/#website\",\"url\":\"https:\\\/\\\/tv.joycemeyer.org\\\/espanol\\\/\",\"name\":\"Joyce Meyer Ministries - Espanol\",\"description\":\"Disfrutando la Vida Diaria\",\"potentialAction\":[{\"@type\":\"SearchAction\",\"target\":{\"@type\":\"EntryPoint\",\"urlTemplate\":\"https:\\\/\\\/tv.joycemeyer.org\\\/espanol\\\/?s={search_term_string}\"},\"query-input\":{\"@type\":\"PropertyValueSpecification\",\"valueRequired\":true,\"valueName\":\"search_term_string\"}}],\"inLanguage\":\"es\"}]}<\/script>\n<!-- \/ Yoast SEO plugin. -->","yoast_head_json":{"title":"Cuando Est\u00e1 Bien Decir \u201cNo\u201d - Joyce Meyer Ministries - Espanol","robots":{"index":"index","follow":"follow","max-snippet":"max-snippet:-1","max-image-preview":"max-image-preview:large","max-video-preview":"max-video-preview:-1"},"canonical":"https:\/\/tv.joycemeyer.org\/espanol\/devotional\/cuando-esta-bien-decir\/","og_locale":"es_ES","og_type":"article","og_title":"Cuando Est\u00e1 Bien Decir \u201cNo\u201d - Joyce Meyer Ministries - Espanol","og_description":"En N\u00fameros 11, Mois\u00e9s nos da un ejemplo de lo que podemos hacer cuando estamos bajo estr\u00e9s. Leer M\u00e1s &gt;&gt;","og_url":"https:\/\/tv.joycemeyer.org\/espanol\/devotional\/cuando-esta-bien-decir\/","og_site_name":"Joyce Meyer Ministries - Espanol","article_publisher":"https:\/\/www.facebook.com\/JoyceMeyerMinistriesEspanol\/","og_image":[{"width":960,"height":640,"url":"https:\/\/tv.joycemeyer.org\/espanol\/wp-content\/uploads\/sites\/3\/2019\/01\/3496L.jpg","type":"image\/jpeg"}],"twitter_card":"summary_large_image","twitter_misc":{"Tiempo de lectura":"2 minutos"},"schema":{"@context":"https:\/\/schema.org","@graph":[{"@type":"WebPage","@id":"https:\/\/tv.joycemeyer.org\/espanol\/devotional\/cuando-esta-bien-decir\/","url":"https:\/\/tv.joycemeyer.org\/espanol\/devotional\/cuando-esta-bien-decir\/","name":"Cuando Est\u00e1 Bien Decir \u201cNo\u201d - Joyce Meyer Ministries - Espanol","isPartOf":{"@id":"https:\/\/tv.joycemeyer.org\/espanol\/#website"},"primaryImageOfPage":{"@id":"https:\/\/tv.joycemeyer.org\/espanol\/devotional\/cuando-esta-bien-decir\/#primaryimage"},"image":{"@id":"https:\/\/tv.joycemeyer.org\/espanol\/devotional\/cuando-esta-bien-decir\/#primaryimage"},"thumbnailUrl":"https:\/\/tv.joycemeyer.org\/espanol\/wp-content\/uploads\/sites\/3\/2019\/01\/3496L.jpg","datePublished":"2026-01-11T00:01:57+00:00","breadcrumb":{"@id":"https:\/\/tv.joycemeyer.org\/espanol\/devotional\/cuando-esta-bien-decir\/#breadcrumb"},"inLanguage":"es","potentialAction":[{"@type":"ReadAction","target":["https:\/\/tv.joycemeyer.org\/espanol\/devotional\/cuando-esta-bien-decir\/"]}]},{"@type":"ImageObject","inLanguage":"es","@id":"https:\/\/tv.joycemeyer.org\/espanol\/devotional\/cuando-esta-bien-decir\/#primaryimage","url":"https:\/\/tv.joycemeyer.org\/espanol\/wp-content\/uploads\/sites\/3\/2019\/01\/3496L.jpg","contentUrl":"https:\/\/tv.joycemeyer.org\/espanol\/wp-content\/uploads\/sites\/3\/2019\/01\/3496L.jpg","width":960,"height":640},{"@type":"BreadcrumbList","@id":"https:\/\/tv.joycemeyer.org\/espanol\/devotional\/cuando-esta-bien-decir\/#breadcrumb","itemListElement":[{"@type":"ListItem","position":1,"name":"Home","item":"https:\/\/tv.joycemeyer.org\/espanol\/"},{"@type":"ListItem","position":2,"name":"Devotional","item":"https:\/\/tv.joycemeyer.org\/espanol\/devotional\/"},{"@type":"ListItem","position":3,"name":"Cuando Est\u00e1 Bien Decir \u201cNo\u201d"}]},{"@type":"WebSite","@id":"https:\/\/tv.joycemeyer.org\/espanol\/#website","url":"https:\/\/tv.joycemeyer.org\/espanol\/","name":"Joyce Meyer Ministries - Espanol","description":"Disfrutando la Vida Diaria","potentialAction":[{"@type":"SearchAction","target":{"@type":"EntryPoint","urlTemplate":"https:\/\/tv.joycemeyer.org\/espanol\/?s={search_term_string}"},"query-input":{"@type":"PropertyValueSpecification","valueRequired":true,"valueName":"search_term_string"}}],"inLanguage":"es"}]}},"featured_image_urls":{"medium":"https:\/\/tv.joycemeyer.org\/espanol\/wp-content\/uploads\/sites\/3\/2019\/01\/3496L-300x200.jpg","thumbnail":"https:\/\/tv.joycemeyer.org\/espanol\/wp-content\/uploads\/sites\/3\/2019\/01\/3496L-150x150.jpg","medium_large":"https:\/\/tv.joycemeyer.org\/espanol\/wp-content\/uploads\/sites\/3\/2019\/01\/3496L-768x512.jpg","listing":"https:\/\/tv.joycemeyer.org\/espanol\/wp-content\/uploads\/sites\/3\/2019\/01\/3496L-640x360.jpg","feature":"https:\/\/tv.joycemeyer.org\/espanol\/wp-content\/uploads\/sites\/3\/2019\/01\/3496L-960x540.jpg","ebook":"https:\/\/tv.joycemeyer.org\/espanol\/wp-content\/uploads\/sites\/3\/2019\/01\/3496L-300x435.jpg","header":"https:\/\/tv.joycemeyer.org\/espanol\/wp-content\/uploads\/sites\/3\/2019\/01\/3496L-960x340.jpg","rpwe-thumbnail":"https:\/\/tv.joycemeyer.org\/espanol\/wp-content\/uploads\/sites\/3\/2019\/01\/3496L-45x45.jpg"},"appp_media":null,"_links":{"self":[{"href":"https:\/\/tv.joycemeyer.org\/espanol\/wp-json\/wp\/v2\/devotional\/608","targetHints":{"allow":["GET"]}}],"collection":[{"href":"https:\/\/tv.joycemeyer.org\/espanol\/wp-json\/wp\/v2\/devotional"}],"about":[{"href":"https:\/\/tv.joycemeyer.org\/espanol\/wp-json\/wp\/v2\/types\/devotional"}],"author":[{"embeddable":true,"href":"https:\/\/tv.joycemeyer.org\/espanol\/wp-json\/wp\/v2\/users\/15"}],"replies":[{"embeddable":true,"href":"https:\/\/tv.joycemeyer.org\/espanol\/wp-json\/wp\/v2\/comments?post=608"}],"wp:featuredmedia":[{"embeddable":true,"href":"https:\/\/tv.joycemeyer.org\/espanol\/wp-json\/wp\/v2\/media\/8134"}],"wp:attachment":[{"href":"https:\/\/tv.joycemeyer.org\/espanol\/wp-json\/wp\/v2\/media?parent=608"}],"curies":[{"name":"wp","href":"https:\/\/api.w.org\/{rel}","templated":true}]}}