{"id":693,"date":"2026-02-13T00:01:38","date_gmt":"2026-02-13T00:01:38","guid":{"rendered":"https:\/\/tv.joycemeyer.org\/espanol\/?post_type=devotional&#038;p=693"},"modified":"2026-02-13T14:30:21","modified_gmt":"2026-02-13T14:30:21","slug":"comiendo-el-alimento","status":"publish","type":"devotional","link":"https:\/\/tv.joycemeyer.org\/espanol\/devotional\/comiendo-el-alimento\/","title":{"rendered":"Comiendo el \u00abAlimento S\u00f3lido\u00bb de la Palabra de Dios"},"content":{"rendered":"<blockquote><p>En cambio, el alimento s\u00f3lido es para los adultos, para los que tienen la capacidad de distinguir entre lo bueno y lo malo, pues han ejercitado su facultad de percepci\u00f3n espiritual. Hebreos 5:14<\/p><\/blockquote>\n<p>Yo recuerdo cuando alimentaba a mis beb\u00e9s y mientras les daba bananas y melocotones, todo era genial. Pero cuando les daba una cucharada de arvejas, ellos dec\u00edan \u00ab\u00a1auuu!\u00bb As\u00ed que les limpiaba las arvejas del ment\u00f3n y se las pon\u00eda nuevamente en sus bocas. Me llev\u00f3 tiempo, pero tarde o temprano, estaban comiendo arvejas.<\/p>\n<p>Es lo mismo con los beb\u00e9s cristianos. Cuando empezamos a consumir La Palabra de Dios, comenzamos a crecer espiritualmente. Dejamos de caminar en la carne y comenzamos a hacer lo que \u00c9l quiere que hagamos.<\/p>\n<p>Proverbios 4:18 nos dice Mas la senda de los justos es como la luz de la aurora, que va en aumento hasta que el d\u00eda es perfecto. La palabra clave aqu\u00ed es continuar. Debemos seguir amando la Palabra, estudiar la Palabra, y escuchar la Palabra para que pueda transformarnos.<\/p>\n<p>\u00bfAlguna vez has conducido a trav\u00e9s de una luz amarilla? Tal vez vas de prisa y piensas, puedo pasar esta luz. Si haces eso una y otra vez, terminar\u00e1s chocando. Bueno, es lo mismo con la Palabra de Dios.<\/p>\n<p>Si seguimos adelante y hacemos lo que sabemos que no deber\u00edamos estar haciendo e intentando escabullirnos, podemos terminar lastimados. La Palabra de Dios est\u00e1 aqu\u00ed para protegernos.<\/p>\n<p>Hebreos 5:14 dice: El alimento s\u00f3lido es para los adultos, para los que tienen la capacidad de distinguir entre lo bueno y lo malo, pues han ejercitado su facultad de percepci\u00f3n espiritual.<\/p>\n<p>El \u00abalimento s\u00f3lido\u00bb de la Palabra te persuadir\u00e1, y eso es una cosa positiva. Es el Esp\u00edritu Santo dej\u00e1ndote saber en tu coraz\u00f3n que tu actitud huele mal o que est\u00e1s en el camino equivocado.<\/p>\n<p>Entrar en la Palabra es la clave para vivir una vida en la direcci\u00f3n correcta. As\u00ed que no seas un beb\u00e9 &#8230; \u00a1toma el alimento s\u00f3lido de la Palabra!<\/p>\n<hr \/>\n<p>Oraci\u00f3n Final:\u00a0Dios, s\u00e9 que Tu Palabra es el \u00fanico camino hacia la madurez. Gu\u00edame y ay\u00fadame a crecer mientras\u00a0Tomo la comida s\u00f3lida de Tu Palabra para poder ser la persona que T\u00fa has creado para que sea en Cristo.<\/p>\n","protected":false},"excerpt":{"rendered":"<p>Cuando empezamos a consumir La Palabra de Dios, comenzamos a crecer espiritualmente.  Leer M\u00e1s &gt;&gt;<\/p>\n","protected":false},"author":15,"featured_media":695,"parent":0,"menu_order":0,"comment_status":"closed","ping_status":"closed","template":"","class_list":["post-693","devotional","type-devotional","status-publish","has-post-thumbnail","hentry"],"acf":[],"appp":{"post_detail":{"above_title":"<div class=\"post-featured-wrap\"><img width=\"960\" height=\"720\" src=\"https:\/\/tv.joycemeyer.org\/espanol\/wp-content\/uploads\/sites\/3\/2018\/02\/62.jpg\" class=\"post-featured wp-post-image\" alt=\"Comiendo el &quot;Alimento S\u00f3lido&quot; de la Palabra de Dios\" decoding=\"async\" srcset=\"https:\/\/tv.joycemeyer.org\/espanol\/wp-content\/uploads\/sites\/3\/2018\/02\/62.jpg 960w, https:\/\/tv.joycemeyer.org\/espanol\/wp-content\/uploads\/sites\/3\/2018\/02\/62-300x225.jpg 300w, https:\/\/tv.joycemeyer.org\/espanol\/wp-content\/uploads\/sites\/3\/2018\/02\/62-768x576.jpg 768w\" sizes=\"(max-width: 960px) 100vw, 960px\" \/><\/div>","below_content":"<div class=\"follow\"><h6 class=\"alt\">Con\u00e9ctate Con Nosotros<\/h6><ul class=\"nav nav--social nav--flex\"><li class=\"menu-item facebook\"><a href=\"https:\/\/www.facebook.com\/JoyceMeyerMinistriesEspanol\/\" target=\"_blank\"><span class=\"visuallyhidden\">Facebook<\/span><\/a><\/li><li class=\"menu-item instagram\"><a href=\"https:\/\/www.instagram.com\/joycemeyerespanol\/\" target=\"_blank\"><span class=\"visuallyhidden\">Instagram<\/span><\/a><\/li><li class=\"menu-item youtube\"><a href=\"https:\/\/www.youtube.com\/c\/joycemeyerministriesspanish\" target=\"_blank\"><span class=\"visuallyhidden\">YouTube<\/span><\/a><\/li><\/ul><\/div><a target=\"_blank\" class=\"list-item list-item--full list-item--footer-ad clearfix list-item--image-only\" href=\"https:\/\/comprar.ministeriosjoycemeyer.org\"><img width=\"1024\" height=\"218\" src=\"https:\/\/tv.joycemeyer.org\/espanol\/wp-content\/uploads\/sites\/3\/2019\/01\/Generic-2026-multiple-book-images-1024x218.png\" class=\"list-item__image\" alt=\"\" decoding=\"async\" srcset=\"https:\/\/tv.joycemeyer.org\/espanol\/wp-content\/uploads\/sites\/3\/2019\/01\/Generic-2026-multiple-book-images-1024x218.png 1024w, https:\/\/tv.joycemeyer.org\/espanol\/wp-content\/uploads\/sites\/3\/2019\/01\/Generic-2026-multiple-book-images-300x64.png 300w, https:\/\/tv.joycemeyer.org\/espanol\/wp-content\/uploads\/sites\/3\/2019\/01\/Generic-2026-multiple-book-images-768x163.png 768w, https:\/\/tv.joycemeyer.org\/espanol\/wp-content\/uploads\/sites\/3\/2019\/01\/Generic-2026-multiple-book-images-1536x326.png 1536w, https:\/\/tv.joycemeyer.org\/espanol\/wp-content\/uploads\/sites\/3\/2019\/01\/Generic-2026-multiple-book-images.png 1600w\" sizes=\"(max-width: 1024px) 100vw, 1024px\" \/><\/a>"}},"yoast_head":"<!-- This site is optimized with the Yoast SEO plugin v27.4 - https:\/\/yoast.com\/product\/yoast-seo-wordpress\/ -->\n<title>Comiendo el &quot;Alimento S\u00f3lido&quot; de la Palabra de Dios - Joyce Meyer Ministries - Espanol<\/title>\n<meta name=\"robots\" content=\"index, follow, max-snippet:-1, max-image-preview:large, max-video-preview:-1\" \/>\n<link rel=\"canonical\" href=\"https:\/\/tv.joycemeyer.org\/espanol\/devotional\/comiendo-el-alimento\/\" \/>\n<meta property=\"og:locale\" content=\"es_ES\" \/>\n<meta property=\"og:type\" content=\"article\" \/>\n<meta property=\"og:title\" content=\"Comiendo el &quot;Alimento S\u00f3lido&quot; de la Palabra de Dios - Joyce Meyer Ministries - Espanol\" \/>\n<meta property=\"og:description\" content=\"Cuando empezamos a consumir La Palabra de Dios, comenzamos a crecer espiritualmente. Leer M\u00e1s &gt;&gt;\" \/>\n<meta property=\"og:url\" content=\"https:\/\/tv.joycemeyer.org\/espanol\/devotional\/comiendo-el-alimento\/\" \/>\n<meta property=\"og:site_name\" content=\"Joyce Meyer Ministries - Espanol\" \/>\n<meta property=\"article:publisher\" content=\"https:\/\/www.facebook.com\/JoyceMeyerMinistriesEspanol\/\" \/>\n<meta property=\"article:modified_time\" content=\"2026-02-13T14:30:21+00:00\" \/>\n<meta property=\"og:image\" content=\"https:\/\/tv.joycemeyer.org\/espanol\/wp-content\/uploads\/sites\/3\/2018\/02\/62.jpg\" \/>\n\t<meta property=\"og:image:width\" content=\"960\" \/>\n\t<meta property=\"og:image:height\" content=\"720\" \/>\n\t<meta property=\"og:image:type\" content=\"image\/jpeg\" \/>\n<meta name=\"twitter:card\" content=\"summary_large_image\" \/>\n<meta name=\"twitter:label1\" content=\"Tiempo de lectura\" \/>\n\t<meta name=\"twitter:data1\" content=\"2 minutos\" \/>\n<script type=\"application\/ld+json\" class=\"yoast-schema-graph\">{\"@context\":\"https:\\\/\\\/schema.org\",\"@graph\":[{\"@type\":\"WebPage\",\"@id\":\"https:\\\/\\\/tv.joycemeyer.org\\\/espanol\\\/devotional\\\/comiendo-el-alimento\\\/\",\"url\":\"https:\\\/\\\/tv.joycemeyer.org\\\/espanol\\\/devotional\\\/comiendo-el-alimento\\\/\",\"name\":\"Comiendo el \\\"Alimento S\u00f3lido\\\" de la Palabra de Dios - Joyce Meyer Ministries - Espanol\",\"isPartOf\":{\"@id\":\"https:\\\/\\\/tv.joycemeyer.org\\\/espanol\\\/#website\"},\"primaryImageOfPage\":{\"@id\":\"https:\\\/\\\/tv.joycemeyer.org\\\/espanol\\\/devotional\\\/comiendo-el-alimento\\\/#primaryimage\"},\"image\":{\"@id\":\"https:\\\/\\\/tv.joycemeyer.org\\\/espanol\\\/devotional\\\/comiendo-el-alimento\\\/#primaryimage\"},\"thumbnailUrl\":\"https:\\\/\\\/tv.joycemeyer.org\\\/espanol\\\/wp-content\\\/uploads\\\/sites\\\/3\\\/2018\\\/02\\\/62.jpg\",\"datePublished\":\"2026-02-13T00:01:38+00:00\",\"dateModified\":\"2026-02-13T14:30:21+00:00\",\"breadcrumb\":{\"@id\":\"https:\\\/\\\/tv.joycemeyer.org\\\/espanol\\\/devotional\\\/comiendo-el-alimento\\\/#breadcrumb\"},\"inLanguage\":\"es\",\"potentialAction\":[{\"@type\":\"ReadAction\",\"target\":[\"https:\\\/\\\/tv.joycemeyer.org\\\/espanol\\\/devotional\\\/comiendo-el-alimento\\\/\"]}]},{\"@type\":\"ImageObject\",\"inLanguage\":\"es\",\"@id\":\"https:\\\/\\\/tv.joycemeyer.org\\\/espanol\\\/devotional\\\/comiendo-el-alimento\\\/#primaryimage\",\"url\":\"https:\\\/\\\/tv.joycemeyer.org\\\/espanol\\\/wp-content\\\/uploads\\\/sites\\\/3\\\/2018\\\/02\\\/62.jpg\",\"contentUrl\":\"https:\\\/\\\/tv.joycemeyer.org\\\/espanol\\\/wp-content\\\/uploads\\\/sites\\\/3\\\/2018\\\/02\\\/62.jpg\",\"width\":960,\"height\":720,\"caption\":\"Comiendo el \\\"Alimento S\u00f3lido\\\" de la Palabra de Dios\"},{\"@type\":\"BreadcrumbList\",\"@id\":\"https:\\\/\\\/tv.joycemeyer.org\\\/espanol\\\/devotional\\\/comiendo-el-alimento\\\/#breadcrumb\",\"itemListElement\":[{\"@type\":\"ListItem\",\"position\":1,\"name\":\"Home\",\"item\":\"https:\\\/\\\/tv.joycemeyer.org\\\/espanol\\\/\"},{\"@type\":\"ListItem\",\"position\":2,\"name\":\"Devotional\",\"item\":\"https:\\\/\\\/tv.joycemeyer.org\\\/espanol\\\/devotional\\\/\"},{\"@type\":\"ListItem\",\"position\":3,\"name\":\"Comiendo el &#8220;Alimento S\u00f3lido&#8221; de la Palabra de Dios\"}]},{\"@type\":\"WebSite\",\"@id\":\"https:\\\/\\\/tv.joycemeyer.org\\\/espanol\\\/#website\",\"url\":\"https:\\\/\\\/tv.joycemeyer.org\\\/espanol\\\/\",\"name\":\"Joyce Meyer Ministries - Espanol\",\"description\":\"Disfrutando la Vida Diaria\",\"potentialAction\":[{\"@type\":\"SearchAction\",\"target\":{\"@type\":\"EntryPoint\",\"urlTemplate\":\"https:\\\/\\\/tv.joycemeyer.org\\\/espanol\\\/?s={search_term_string}\"},\"query-input\":{\"@type\":\"PropertyValueSpecification\",\"valueRequired\":true,\"valueName\":\"search_term_string\"}}],\"inLanguage\":\"es\"}]}<\/script>\n<!-- \/ Yoast SEO plugin. -->","yoast_head_json":{"title":"Comiendo el \"Alimento S\u00f3lido\" de la Palabra de Dios - Joyce Meyer Ministries - Espanol","robots":{"index":"index","follow":"follow","max-snippet":"max-snippet:-1","max-image-preview":"max-image-preview:large","max-video-preview":"max-video-preview:-1"},"canonical":"https:\/\/tv.joycemeyer.org\/espanol\/devotional\/comiendo-el-alimento\/","og_locale":"es_ES","og_type":"article","og_title":"Comiendo el \"Alimento S\u00f3lido\" de la Palabra de Dios - Joyce Meyer Ministries - Espanol","og_description":"Cuando empezamos a consumir La Palabra de Dios, comenzamos a crecer espiritualmente. Leer M\u00e1s &gt;&gt;","og_url":"https:\/\/tv.joycemeyer.org\/espanol\/devotional\/comiendo-el-alimento\/","og_site_name":"Joyce Meyer Ministries - Espanol","article_publisher":"https:\/\/www.facebook.com\/JoyceMeyerMinistriesEspanol\/","article_modified_time":"2026-02-13T14:30:21+00:00","og_image":[{"width":960,"height":720,"url":"https:\/\/tv.joycemeyer.org\/espanol\/wp-content\/uploads\/sites\/3\/2018\/02\/62.jpg","type":"image\/jpeg"}],"twitter_card":"summary_large_image","twitter_misc":{"Tiempo de lectura":"2 minutos"},"schema":{"@context":"https:\/\/schema.org","@graph":[{"@type":"WebPage","@id":"https:\/\/tv.joycemeyer.org\/espanol\/devotional\/comiendo-el-alimento\/","url":"https:\/\/tv.joycemeyer.org\/espanol\/devotional\/comiendo-el-alimento\/","name":"Comiendo el \"Alimento S\u00f3lido\" de la Palabra de Dios - Joyce Meyer Ministries - Espanol","isPartOf":{"@id":"https:\/\/tv.joycemeyer.org\/espanol\/#website"},"primaryImageOfPage":{"@id":"https:\/\/tv.joycemeyer.org\/espanol\/devotional\/comiendo-el-alimento\/#primaryimage"},"image":{"@id":"https:\/\/tv.joycemeyer.org\/espanol\/devotional\/comiendo-el-alimento\/#primaryimage"},"thumbnailUrl":"https:\/\/tv.joycemeyer.org\/espanol\/wp-content\/uploads\/sites\/3\/2018\/02\/62.jpg","datePublished":"2026-02-13T00:01:38+00:00","dateModified":"2026-02-13T14:30:21+00:00","breadcrumb":{"@id":"https:\/\/tv.joycemeyer.org\/espanol\/devotional\/comiendo-el-alimento\/#breadcrumb"},"inLanguage":"es","potentialAction":[{"@type":"ReadAction","target":["https:\/\/tv.joycemeyer.org\/espanol\/devotional\/comiendo-el-alimento\/"]}]},{"@type":"ImageObject","inLanguage":"es","@id":"https:\/\/tv.joycemeyer.org\/espanol\/devotional\/comiendo-el-alimento\/#primaryimage","url":"https:\/\/tv.joycemeyer.org\/espanol\/wp-content\/uploads\/sites\/3\/2018\/02\/62.jpg","contentUrl":"https:\/\/tv.joycemeyer.org\/espanol\/wp-content\/uploads\/sites\/3\/2018\/02\/62.jpg","width":960,"height":720,"caption":"Comiendo el \"Alimento S\u00f3lido\" de la Palabra de Dios"},{"@type":"BreadcrumbList","@id":"https:\/\/tv.joycemeyer.org\/espanol\/devotional\/comiendo-el-alimento\/#breadcrumb","itemListElement":[{"@type":"ListItem","position":1,"name":"Home","item":"https:\/\/tv.joycemeyer.org\/espanol\/"},{"@type":"ListItem","position":2,"name":"Devotional","item":"https:\/\/tv.joycemeyer.org\/espanol\/devotional\/"},{"@type":"ListItem","position":3,"name":"Comiendo el &#8220;Alimento S\u00f3lido&#8221; de la Palabra de Dios"}]},{"@type":"WebSite","@id":"https:\/\/tv.joycemeyer.org\/espanol\/#website","url":"https:\/\/tv.joycemeyer.org\/espanol\/","name":"Joyce Meyer Ministries - Espanol","description":"Disfrutando la Vida Diaria","potentialAction":[{"@type":"SearchAction","target":{"@type":"EntryPoint","urlTemplate":"https:\/\/tv.joycemeyer.org\/espanol\/?s={search_term_string}"},"query-input":{"@type":"PropertyValueSpecification","valueRequired":true,"valueName":"search_term_string"}}],"inLanguage":"es"}]}},"featured_image_urls":{"thumbnail":"https:\/\/tv.joycemeyer.org\/espanol\/wp-content\/uploads\/sites\/3\/2018\/02\/62-150x150.jpg","medium":"https:\/\/tv.joycemeyer.org\/espanol\/wp-content\/uploads\/sites\/3\/2018\/02\/62-300x225.jpg","medium_large":"https:\/\/tv.joycemeyer.org\/espanol\/wp-content\/uploads\/sites\/3\/2018\/02\/62-768x576.jpg","listing":"https:\/\/tv.joycemeyer.org\/espanol\/wp-content\/uploads\/sites\/3\/2018\/02\/62-640x360.jpg","feature":"https:\/\/tv.joycemeyer.org\/espanol\/wp-content\/uploads\/sites\/3\/2018\/02\/62-960x540.jpg","ebook":"https:\/\/tv.joycemeyer.org\/espanol\/wp-content\/uploads\/sites\/3\/2018\/02\/62-300x435.jpg","header":"https:\/\/tv.joycemeyer.org\/espanol\/wp-content\/uploads\/sites\/3\/2018\/02\/62-960x340.jpg","rpwe-thumbnail":"https:\/\/tv.joycemeyer.org\/espanol\/wp-content\/uploads\/sites\/3\/2018\/02\/62-45x45.jpg"},"appp_media":null,"_links":{"self":[{"href":"https:\/\/tv.joycemeyer.org\/espanol\/wp-json\/wp\/v2\/devotional\/693","targetHints":{"allow":["GET"]}}],"collection":[{"href":"https:\/\/tv.joycemeyer.org\/espanol\/wp-json\/wp\/v2\/devotional"}],"about":[{"href":"https:\/\/tv.joycemeyer.org\/espanol\/wp-json\/wp\/v2\/types\/devotional"}],"author":[{"embeddable":true,"href":"https:\/\/tv.joycemeyer.org\/espanol\/wp-json\/wp\/v2\/users\/15"}],"replies":[{"embeddable":true,"href":"https:\/\/tv.joycemeyer.org\/espanol\/wp-json\/wp\/v2\/comments?post=693"}],"wp:featuredmedia":[{"embeddable":true,"href":"https:\/\/tv.joycemeyer.org\/espanol\/wp-json\/wp\/v2\/media\/695"}],"wp:attachment":[{"href":"https:\/\/tv.joycemeyer.org\/espanol\/wp-json\/wp\/v2\/media?parent=693"}],"curies":[{"name":"wp","href":"https:\/\/api.w.org\/{rel}","templated":true}]}}