{"id":2470,"date":"2026-04-18T00:01:03","date_gmt":"2026-04-18T00:01:03","guid":{"rendered":"https:\/\/tv.joycemeyer.org\/hrvatski\/?post_type=devotional&#038;p=2470"},"modified":"2026-02-23T15:25:21","modified_gmt":"2026-02-23T15:25:21","slug":"neto-govor-2","status":"publish","type":"devotional","link":"https:\/\/tv.joycemeyer.org\/hrvatski\/devotional\/neto-govor-2\/","title":{"rendered":"\u201cNeto govor\u201c"},"content":{"rendered":"<blockquote><p>\u201eMno\u0161tvo rije\u010di ne biva bez grijeha, a tko zauzdava usne svoje, razuman je.\u201c \u2013 Izreke 10:19<\/p><\/blockquote>\n<p>Svi trebamo nau\u010diti kako uspostaviti i odr\u017eavati granice s na\u0161im rije\u010dima. U Izrekama 10:19 stoji pisano: \u201eMno\u0161tvo rije\u010di ne biva bez grijeha, a tko zauzdava usne svoje, razuman je. Drugim rije\u010dima, ljudi koji puno pri\u010daju \u010desto se na\u0111u u nevolji.<\/p>\n<p>Budu\u0107i da na\u0161e rije\u010di nose toliku snagu, moramo nau\u010diti govoriti samo onda kada je to potrebno. Ja to nazivam \u2019neto govor\u2019. Kad primimo pla\u0107u, ve\u0107ina nas primi neto iznos. Ostatak, od bruto iznosa, je ve\u0107 odbijen (uklonjen). Isti princip trebamo primijeniti na na\u0161 govor.<\/p>\n<p>Treba\u0161 ukloniti odre\u0111ene rije\u010di iz svog govora prije nego \u0161to izi\u0111u iz tvojih usta. To uklju\u010duje negativne izjave, ogovaranja, neiskrena laskanja, sarkazam i grube \u0161ale.<br \/>\nUmjesto toga, odlu\u010di govoriti dobro o drugima. Prona\u0111i i fokusiraj se na njihove dobre kvalitete, a oni \u0107e biti zahvalni i ohrabreni. Tako \u0107e\u0161 se sa\u010duvati od nevolje.<\/p>\n<hr \/>\n<p>Molitva<\/p>\n<p>Gospodine, \u017eelim \u2019neto govor\u2019 u svom \u017eivotu i dr\u017eati se podalje od nevolja. Osna\u017ei i ohrabri me dok \u017eivim po Tvojim uspostavljenim granicama u mom govoru.<\/p>\n","protected":false},"excerpt":{"rendered":"<p>Budu\u0107i da na\u0161e rije\u010di nose toliku snagu, moramo nau\u010diti govoriti samo onda kada je to potrebno.<\/p>\n","protected":false},"author":20,"featured_media":2471,"parent":0,"menu_order":0,"comment_status":"closed","ping_status":"closed","template":"","class_list":["post-2470","devotional","type-devotional","status-publish","has-post-thumbnail","hentry"],"acf":[],"appp":{"post_detail":{"above_title":"<div class=\"post-featured-wrap\"><img width=\"960\" height=\"560\" src=\"https:\/\/tv.joycemeyer.org\/hrvatski\/wp-content\/uploads\/sites\/66\/2023\/02\/1896.jpg\" class=\"post-featured wp-post-image\" alt=\"\u201cNeto govor\u201c\" decoding=\"async\" srcset=\"https:\/\/tv.joycemeyer.org\/hrvatski\/wp-content\/uploads\/sites\/66\/2023\/02\/1896.jpg 960w, https:\/\/tv.joycemeyer.org\/hrvatski\/wp-content\/uploads\/sites\/66\/2023\/02\/1896-300x175.jpg 300w, https:\/\/tv.joycemeyer.org\/hrvatski\/wp-content\/uploads\/sites\/66\/2023\/02\/1896-768x448.jpg 768w\" sizes=\"(max-width: 960px) 100vw, 960px\" \/><\/div>","below_content":"<div class=\"follow\"><h6 class=\"alt\">Pove\u017eite se s nama<\/h6><ul class=\"nav nav--social nav--flex\"><li class=\"menu-item facebook\"><a href=\"https:\/\/www.facebook.com\/joycemeyerministrieshrvatska\/\" target=\"_blank\"><span class=\"visuallyhidden\">Facebook<\/span><\/a><\/li><\/ul><\/div>"}},"yoast_head":"<!-- This site is optimized with the Yoast SEO plugin v27.4 - https:\/\/yoast.com\/product\/yoast-seo-wordpress\/ -->\n<title>\u201cNeto govor\u201c - Joyce Meyer Ministries - Hrvatski<\/title>\n<meta name=\"robots\" content=\"index, follow, max-snippet:-1, max-image-preview:large, max-video-preview:-1\" \/>\n<link rel=\"canonical\" href=\"https:\/\/tv.joycemeyer.org\/hrvatski\/devotional\/neto-govor-2\/\" \/>\n<meta property=\"og:locale\" content=\"hr_HR\" \/>\n<meta property=\"og:type\" content=\"article\" \/>\n<meta property=\"og:title\" content=\"\u201cNeto govor\u201c - Joyce Meyer Ministries - Hrvatski\" \/>\n<meta property=\"og:description\" content=\"Budu\u0107i da na\u0161e rije\u010di nose toliku snagu, moramo nau\u010diti govoriti samo onda kada je to potrebno.\" \/>\n<meta property=\"og:url\" content=\"https:\/\/tv.joycemeyer.org\/hrvatski\/devotional\/neto-govor-2\/\" \/>\n<meta property=\"og:site_name\" content=\"Joyce Meyer Ministries - Hrvatski\" \/>\n<meta property=\"article:publisher\" content=\"https:\/\/www.facebook.com\/joycemeyerministrieshrvatska\/\" \/>\n<meta property=\"og:image\" content=\"https:\/\/tv.joycemeyer.org\/hrvatski\/wp-content\/uploads\/sites\/66\/2023\/02\/1896.jpg\" \/>\n\t<meta property=\"og:image:width\" content=\"960\" \/>\n\t<meta property=\"og:image:height\" content=\"560\" \/>\n\t<meta property=\"og:image:type\" content=\"image\/jpeg\" \/>\n<meta name=\"twitter:card\" content=\"summary_large_image\" \/>\n<meta name=\"twitter:label1\" content=\"Procijenjeno vrijeme \u010ditanja\" \/>\n\t<meta name=\"twitter:data1\" content=\"1 minuta\" \/>\n<script type=\"application\/ld+json\" class=\"yoast-schema-graph\">{\"@context\":\"https:\\\/\\\/schema.org\",\"@graph\":[{\"@type\":\"WebPage\",\"@id\":\"https:\\\/\\\/tv.joycemeyer.org\\\/hrvatski\\\/devotional\\\/neto-govor-2\\\/\",\"url\":\"https:\\\/\\\/tv.joycemeyer.org\\\/hrvatski\\\/devotional\\\/neto-govor-2\\\/\",\"name\":\"\u201cNeto govor\u201c - Joyce Meyer Ministries - Hrvatski\",\"isPartOf\":{\"@id\":\"https:\\\/\\\/tv.joycemeyer.org\\\/hrvatski\\\/#website\"},\"primaryImageOfPage\":{\"@id\":\"https:\\\/\\\/tv.joycemeyer.org\\\/hrvatski\\\/devotional\\\/neto-govor-2\\\/#primaryimage\"},\"image\":{\"@id\":\"https:\\\/\\\/tv.joycemeyer.org\\\/hrvatski\\\/devotional\\\/neto-govor-2\\\/#primaryimage\"},\"thumbnailUrl\":\"https:\\\/\\\/tv.joycemeyer.org\\\/hrvatski\\\/wp-content\\\/uploads\\\/sites\\\/66\\\/2023\\\/02\\\/1896.jpg\",\"datePublished\":\"2026-04-18T00:01:03+00:00\",\"breadcrumb\":{\"@id\":\"https:\\\/\\\/tv.joycemeyer.org\\\/hrvatski\\\/devotional\\\/neto-govor-2\\\/#breadcrumb\"},\"inLanguage\":\"hr\",\"potentialAction\":[{\"@type\":\"ReadAction\",\"target\":[\"https:\\\/\\\/tv.joycemeyer.org\\\/hrvatski\\\/devotional\\\/neto-govor-2\\\/\"]}]},{\"@type\":\"ImageObject\",\"inLanguage\":\"hr\",\"@id\":\"https:\\\/\\\/tv.joycemeyer.org\\\/hrvatski\\\/devotional\\\/neto-govor-2\\\/#primaryimage\",\"url\":\"https:\\\/\\\/tv.joycemeyer.org\\\/hrvatski\\\/wp-content\\\/uploads\\\/sites\\\/66\\\/2023\\\/02\\\/1896.jpg\",\"contentUrl\":\"https:\\\/\\\/tv.joycemeyer.org\\\/hrvatski\\\/wp-content\\\/uploads\\\/sites\\\/66\\\/2023\\\/02\\\/1896.jpg\",\"width\":960,\"height\":560,\"caption\":\"\u201cNeto govor\u201c\"},{\"@type\":\"BreadcrumbList\",\"@id\":\"https:\\\/\\\/tv.joycemeyer.org\\\/hrvatski\\\/devotional\\\/neto-govor-2\\\/#breadcrumb\",\"itemListElement\":[{\"@type\":\"ListItem\",\"position\":1,\"name\":\"Home\",\"item\":\"https:\\\/\\\/tv.joycemeyer.org\\\/hrvatski\\\/\"},{\"@type\":\"ListItem\",\"position\":2,\"name\":\"Devotional\",\"item\":\"https:\\\/\\\/tv.joycemeyer.org\\\/hrvatski\\\/devotional\\\/\"},{\"@type\":\"ListItem\",\"position\":3,\"name\":\"\u201cNeto govor\u201c\"}]},{\"@type\":\"WebSite\",\"@id\":\"https:\\\/\\\/tv.joycemeyer.org\\\/hrvatski\\\/#website\",\"url\":\"https:\\\/\\\/tv.joycemeyer.org\\\/hrvatski\\\/\",\"name\":\"Joyce Meyer Ministries - Hrvatski\",\"description\":\"Dijeliti Krista - voljeti ljude\",\"potentialAction\":[{\"@type\":\"SearchAction\",\"target\":{\"@type\":\"EntryPoint\",\"urlTemplate\":\"https:\\\/\\\/tv.joycemeyer.org\\\/hrvatski\\\/?s={search_term_string}\"},\"query-input\":{\"@type\":\"PropertyValueSpecification\",\"valueRequired\":true,\"valueName\":\"search_term_string\"}}],\"inLanguage\":\"hr\"}]}<\/script>\n<!-- \/ Yoast SEO plugin. -->","yoast_head_json":{"title":"\u201cNeto govor\u201c - Joyce Meyer Ministries - Hrvatski","robots":{"index":"index","follow":"follow","max-snippet":"max-snippet:-1","max-image-preview":"max-image-preview:large","max-video-preview":"max-video-preview:-1"},"canonical":"https:\/\/tv.joycemeyer.org\/hrvatski\/devotional\/neto-govor-2\/","og_locale":"hr_HR","og_type":"article","og_title":"\u201cNeto govor\u201c - Joyce Meyer Ministries - Hrvatski","og_description":"Budu\u0107i da na\u0161e rije\u010di nose toliku snagu, moramo nau\u010diti govoriti samo onda kada je to potrebno.","og_url":"https:\/\/tv.joycemeyer.org\/hrvatski\/devotional\/neto-govor-2\/","og_site_name":"Joyce Meyer Ministries - Hrvatski","article_publisher":"https:\/\/www.facebook.com\/joycemeyerministrieshrvatska\/","og_image":[{"width":960,"height":560,"url":"https:\/\/tv.joycemeyer.org\/hrvatski\/wp-content\/uploads\/sites\/66\/2023\/02\/1896.jpg","type":"image\/jpeg"}],"twitter_card":"summary_large_image","twitter_misc":{"Procijenjeno vrijeme \u010ditanja":"1 minuta"},"schema":{"@context":"https:\/\/schema.org","@graph":[{"@type":"WebPage","@id":"https:\/\/tv.joycemeyer.org\/hrvatski\/devotional\/neto-govor-2\/","url":"https:\/\/tv.joycemeyer.org\/hrvatski\/devotional\/neto-govor-2\/","name":"\u201cNeto govor\u201c - Joyce Meyer Ministries - Hrvatski","isPartOf":{"@id":"https:\/\/tv.joycemeyer.org\/hrvatski\/#website"},"primaryImageOfPage":{"@id":"https:\/\/tv.joycemeyer.org\/hrvatski\/devotional\/neto-govor-2\/#primaryimage"},"image":{"@id":"https:\/\/tv.joycemeyer.org\/hrvatski\/devotional\/neto-govor-2\/#primaryimage"},"thumbnailUrl":"https:\/\/tv.joycemeyer.org\/hrvatski\/wp-content\/uploads\/sites\/66\/2023\/02\/1896.jpg","datePublished":"2026-04-18T00:01:03+00:00","breadcrumb":{"@id":"https:\/\/tv.joycemeyer.org\/hrvatski\/devotional\/neto-govor-2\/#breadcrumb"},"inLanguage":"hr","potentialAction":[{"@type":"ReadAction","target":["https:\/\/tv.joycemeyer.org\/hrvatski\/devotional\/neto-govor-2\/"]}]},{"@type":"ImageObject","inLanguage":"hr","@id":"https:\/\/tv.joycemeyer.org\/hrvatski\/devotional\/neto-govor-2\/#primaryimage","url":"https:\/\/tv.joycemeyer.org\/hrvatski\/wp-content\/uploads\/sites\/66\/2023\/02\/1896.jpg","contentUrl":"https:\/\/tv.joycemeyer.org\/hrvatski\/wp-content\/uploads\/sites\/66\/2023\/02\/1896.jpg","width":960,"height":560,"caption":"\u201cNeto govor\u201c"},{"@type":"BreadcrumbList","@id":"https:\/\/tv.joycemeyer.org\/hrvatski\/devotional\/neto-govor-2\/#breadcrumb","itemListElement":[{"@type":"ListItem","position":1,"name":"Home","item":"https:\/\/tv.joycemeyer.org\/hrvatski\/"},{"@type":"ListItem","position":2,"name":"Devotional","item":"https:\/\/tv.joycemeyer.org\/hrvatski\/devotional\/"},{"@type":"ListItem","position":3,"name":"\u201cNeto govor\u201c"}]},{"@type":"WebSite","@id":"https:\/\/tv.joycemeyer.org\/hrvatski\/#website","url":"https:\/\/tv.joycemeyer.org\/hrvatski\/","name":"Joyce Meyer Ministries - Hrvatski","description":"Dijeliti Krista - voljeti ljude","potentialAction":[{"@type":"SearchAction","target":{"@type":"EntryPoint","urlTemplate":"https:\/\/tv.joycemeyer.org\/hrvatski\/?s={search_term_string}"},"query-input":{"@type":"PropertyValueSpecification","valueRequired":true,"valueName":"search_term_string"}}],"inLanguage":"hr"}]}},"_links":{"self":[{"href":"https:\/\/tv.joycemeyer.org\/hrvatski\/wp-json\/wp\/v2\/devotional\/2470","targetHints":{"allow":["GET"]}}],"collection":[{"href":"https:\/\/tv.joycemeyer.org\/hrvatski\/wp-json\/wp\/v2\/devotional"}],"about":[{"href":"https:\/\/tv.joycemeyer.org\/hrvatski\/wp-json\/wp\/v2\/types\/devotional"}],"author":[{"embeddable":true,"href":"https:\/\/tv.joycemeyer.org\/hrvatski\/wp-json\/wp\/v2\/users\/20"}],"replies":[{"embeddable":true,"href":"https:\/\/tv.joycemeyer.org\/hrvatski\/wp-json\/wp\/v2\/comments?post=2470"}],"wp:featuredmedia":[{"embeddable":true,"href":"https:\/\/tv.joycemeyer.org\/hrvatski\/wp-json\/wp\/v2\/media\/2471"}],"wp:attachment":[{"href":"https:\/\/tv.joycemeyer.org\/hrvatski\/wp-json\/wp\/v2\/media?parent=2470"}],"curies":[{"name":"wp","href":"https:\/\/api.w.org\/{rel}","templated":true}]}}