{"id":323,"date":"2026-02-14T00:01:38","date_gmt":"2026-02-14T00:01:38","guid":{"rendered":"https:\/\/tv.joycemeyer.org\/hrvatski\/?post_type=devotional&#038;p=323"},"modified":"2025-11-12T18:41:28","modified_gmt":"2025-11-12T18:41:28","slug":"slobodno-misli-pozitivno","status":"publish","type":"devotional","link":"https:\/\/tv.joycemeyer.org\/hrvatski\/devotional\/slobodno-misli-pozitivno\/","title":{"rendered":"Slobodno misli pozitivno"},"content":{"rendered":"<blockquote><p>\u201eJer on je onakav kako u sebi misli.\u201c \u2014Izreke 23:7<\/p><\/blockquote>\n<p>Ovaj stih nam pokazuje koliko je va\u017eno imati zdrave i pozitivne misli o sebi. Ne mo\u017ee\u0161 ljubiti \u017eivot ako uvijek razmi\u0161lja\u0161 na negativan na\u010din. Ako se bori\u0161 s tim, ohrabrujem te &#8211; odlu\u010di promijeniti na\u010din razmi\u0161ljanja. Otkrila sam da je najbolji na\u010din\u00a0 za postati osoba koja misli pozitivno, moliti Boga za pomo\u0107 &#8211; i to \u010desto.<\/p>\n<p>Najte\u017ei dio oslobo\u0111enja od negativnosti je priznati da imamo problem i tra\u017eiti od Boga pomo\u0107. Ali jednom kad to u\u010dini\u0161, mo\u017ee\u0161 to pobijediti jer si, prema Bibliji, nova osoba u Kristu (vidi 2. Korin\u0107anima 5:17).<\/p>\n<p>Mnogi ljudi se boje nadati \u00a0jer su toliko puta u \u017eivotu bili povrije\u0111eni. Njihov na\u010din razmi\u0161ljanja je: \u201cAko ne o\u010dekujem ni\u0161ta dobro da se dogodi, ne\u0107u biti razo\u010daran ako ne bude tako.\u201c<\/p>\n<p>Ja sam razmi\u0161ljala na taj na\u010din. Do\u017eivjela sam toliko razo\u010daranja i bojala bih se biti pozitivna. Kad sam po\u010dela prou\u010davati Rije\u010d i vjerovati Bogu da \u0107e me obnoviti, shvatila sam da moje negativne misli moraju nestati.<\/p>\n<p>Moramo prakticirati pozitivne misli u svakoj situaciji. Ako prolazi\u0161 kroz te\u0161ko vrijeme, o\u010dekuj da \u0107e Bog izvesti sve na dobro. Kao kr\u0161\u0107anin, vrijeme je da se bori\u0161 za svoje misli jer se tvoj um ne\u0107e automatski slo\u017eiti s Bo\u017ejim planovima.<\/p>\n<p>Ohrabrujem te &#8211; provedi vrijeme istra\u017euju\u0107i Njegovu Rije\u010d i usporedi je sa svojim\u00a0 misaonim \u017eivotom. Daj Bogu vremena da ti pomogne uskladiti tvoje misli s Njegovim. Meni je pokazao kako biti pozitivna,\u00a0 pokazat \u0107e i tebi.<\/p>\n<hr \/>\n<p>Molitva<\/p>\n<p>Bo\u017ee, priznajem da se borim s negativnim mislima i trebam Tvoju pomo\u0107. Uskladi moje misli s Tvojom Rije\u010di. Podsjeti me u svakoj situaciji da izvodi\u0161 sve na moje dobro.<\/p>\n","protected":false},"excerpt":{"rendered":"<p>Ovaj stih nam pokazuje koliko je va\u017eno imati zdrave i pozitivne misli o sebi &#8230;<\/p>\n","protected":false},"author":15,"featured_media":2314,"parent":0,"menu_order":0,"comment_status":"closed","ping_status":"closed","template":"","class_list":["post-323","devotional","type-devotional","status-publish","has-post-thumbnail","hentry"],"acf":[],"appp":{"post_detail":{"above_title":"<div class=\"post-featured-wrap\"><img width=\"1024\" height=\"597\" src=\"https:\/\/tv.joycemeyer.org\/hrvatski\/wp-content\/uploads\/sites\/66\/2019\/05\/2721-1024x597.jpg\" class=\"post-featured wp-post-image\" alt=\"Slobodno misli pozitivno\" decoding=\"async\" srcset=\"https:\/\/tv.joycemeyer.org\/hrvatski\/wp-content\/uploads\/sites\/66\/2019\/05\/2721-1024x597.jpg 1024w, https:\/\/tv.joycemeyer.org\/hrvatski\/wp-content\/uploads\/sites\/66\/2019\/05\/2721-300x175.jpg 300w, https:\/\/tv.joycemeyer.org\/hrvatski\/wp-content\/uploads\/sites\/66\/2019\/05\/2721-768x448.jpg 768w, https:\/\/tv.joycemeyer.org\/hrvatski\/wp-content\/uploads\/sites\/66\/2019\/05\/2721-1536x896.jpg 1536w, https:\/\/tv.joycemeyer.org\/hrvatski\/wp-content\/uploads\/sites\/66\/2019\/05\/2721.jpg 1800w\" sizes=\"(max-width: 1024px) 100vw, 1024px\" \/><\/div>","below_content":"<div class=\"follow\"><h6 class=\"alt\">Pove\u017eite se s nama<\/h6><ul class=\"nav nav--social nav--flex\"><li class=\"menu-item facebook\"><a href=\"https:\/\/www.facebook.com\/joycemeyerministrieshrvatska\/\" target=\"_blank\"><span class=\"visuallyhidden\">Facebook<\/span><\/a><\/li><\/ul><\/div>"}},"yoast_head":"<!-- This site is optimized with the Yoast SEO plugin v27.4 - https:\/\/yoast.com\/product\/yoast-seo-wordpress\/ -->\n<title>Slobodno misli pozitivno - Joyce Meyer Ministries - Hrvatski<\/title>\n<meta name=\"robots\" content=\"index, follow, max-snippet:-1, max-image-preview:large, max-video-preview:-1\" \/>\n<link rel=\"canonical\" href=\"https:\/\/tv.joycemeyer.org\/hrvatski\/devotional\/slobodno-misli-pozitivno\/\" \/>\n<meta property=\"og:locale\" content=\"hr_HR\" \/>\n<meta property=\"og:type\" content=\"article\" \/>\n<meta property=\"og:title\" content=\"Slobodno misli pozitivno - Joyce Meyer Ministries - Hrvatski\" \/>\n<meta property=\"og:description\" content=\"Ovaj stih nam pokazuje koliko je va\u017eno imati zdrave i pozitivne misli o sebi ...\" \/>\n<meta property=\"og:url\" content=\"https:\/\/tv.joycemeyer.org\/hrvatski\/devotional\/slobodno-misli-pozitivno\/\" \/>\n<meta property=\"og:site_name\" content=\"Joyce Meyer Ministries - Hrvatski\" \/>\n<meta property=\"article:publisher\" content=\"https:\/\/www.facebook.com\/joycemeyerministrieshrvatska\/\" \/>\n<meta property=\"og:image\" content=\"https:\/\/tv.joycemeyer.org\/hrvatski\/wp-content\/uploads\/sites\/66\/2019\/05\/2721.jpg\" \/>\n\t<meta property=\"og:image:width\" content=\"1800\" \/>\n\t<meta property=\"og:image:height\" content=\"1050\" \/>\n\t<meta property=\"og:image:type\" content=\"image\/jpeg\" \/>\n<meta name=\"twitter:card\" content=\"summary_large_image\" \/>\n<meta name=\"twitter:label1\" content=\"Procijenjeno vrijeme \u010ditanja\" \/>\n\t<meta name=\"twitter:data1\" content=\"2 minute\" \/>\n<script type=\"application\/ld+json\" class=\"yoast-schema-graph\">{\"@context\":\"https:\\\/\\\/schema.org\",\"@graph\":[{\"@type\":\"WebPage\",\"@id\":\"https:\\\/\\\/tv.joycemeyer.org\\\/hrvatski\\\/devotional\\\/slobodno-misli-pozitivno\\\/\",\"url\":\"https:\\\/\\\/tv.joycemeyer.org\\\/hrvatski\\\/devotional\\\/slobodno-misli-pozitivno\\\/\",\"name\":\"Slobodno misli pozitivno - Joyce Meyer Ministries - Hrvatski\",\"isPartOf\":{\"@id\":\"https:\\\/\\\/tv.joycemeyer.org\\\/hrvatski\\\/#website\"},\"primaryImageOfPage\":{\"@id\":\"https:\\\/\\\/tv.joycemeyer.org\\\/hrvatski\\\/devotional\\\/slobodno-misli-pozitivno\\\/#primaryimage\"},\"image\":{\"@id\":\"https:\\\/\\\/tv.joycemeyer.org\\\/hrvatski\\\/devotional\\\/slobodno-misli-pozitivno\\\/#primaryimage\"},\"thumbnailUrl\":\"https:\\\/\\\/tv.joycemeyer.org\\\/hrvatski\\\/wp-content\\\/uploads\\\/sites\\\/66\\\/2019\\\/05\\\/2721.jpg\",\"datePublished\":\"2026-02-14T00:01:38+00:00\",\"breadcrumb\":{\"@id\":\"https:\\\/\\\/tv.joycemeyer.org\\\/hrvatski\\\/devotional\\\/slobodno-misli-pozitivno\\\/#breadcrumb\"},\"inLanguage\":\"hr\",\"potentialAction\":[{\"@type\":\"ReadAction\",\"target\":[\"https:\\\/\\\/tv.joycemeyer.org\\\/hrvatski\\\/devotional\\\/slobodno-misli-pozitivno\\\/\"]}]},{\"@type\":\"ImageObject\",\"inLanguage\":\"hr\",\"@id\":\"https:\\\/\\\/tv.joycemeyer.org\\\/hrvatski\\\/devotional\\\/slobodno-misli-pozitivno\\\/#primaryimage\",\"url\":\"https:\\\/\\\/tv.joycemeyer.org\\\/hrvatski\\\/wp-content\\\/uploads\\\/sites\\\/66\\\/2019\\\/05\\\/2721.jpg\",\"contentUrl\":\"https:\\\/\\\/tv.joycemeyer.org\\\/hrvatski\\\/wp-content\\\/uploads\\\/sites\\\/66\\\/2019\\\/05\\\/2721.jpg\",\"width\":1800,\"height\":1050,\"caption\":\"Slobodno misli pozitivno\"},{\"@type\":\"BreadcrumbList\",\"@id\":\"https:\\\/\\\/tv.joycemeyer.org\\\/hrvatski\\\/devotional\\\/slobodno-misli-pozitivno\\\/#breadcrumb\",\"itemListElement\":[{\"@type\":\"ListItem\",\"position\":1,\"name\":\"Home\",\"item\":\"https:\\\/\\\/tv.joycemeyer.org\\\/hrvatski\\\/\"},{\"@type\":\"ListItem\",\"position\":2,\"name\":\"Devotional\",\"item\":\"https:\\\/\\\/tv.joycemeyer.org\\\/hrvatski\\\/devotional\\\/\"},{\"@type\":\"ListItem\",\"position\":3,\"name\":\"Slobodno misli pozitivno\"}]},{\"@type\":\"WebSite\",\"@id\":\"https:\\\/\\\/tv.joycemeyer.org\\\/hrvatski\\\/#website\",\"url\":\"https:\\\/\\\/tv.joycemeyer.org\\\/hrvatski\\\/\",\"name\":\"Joyce Meyer Ministries - Hrvatski\",\"description\":\"Dijeliti Krista - voljeti ljude\",\"potentialAction\":[{\"@type\":\"SearchAction\",\"target\":{\"@type\":\"EntryPoint\",\"urlTemplate\":\"https:\\\/\\\/tv.joycemeyer.org\\\/hrvatski\\\/?s={search_term_string}\"},\"query-input\":{\"@type\":\"PropertyValueSpecification\",\"valueRequired\":true,\"valueName\":\"search_term_string\"}}],\"inLanguage\":\"hr\"}]}<\/script>\n<!-- \/ Yoast SEO plugin. -->","yoast_head_json":{"title":"Slobodno misli pozitivno - Joyce Meyer Ministries - Hrvatski","robots":{"index":"index","follow":"follow","max-snippet":"max-snippet:-1","max-image-preview":"max-image-preview:large","max-video-preview":"max-video-preview:-1"},"canonical":"https:\/\/tv.joycemeyer.org\/hrvatski\/devotional\/slobodno-misli-pozitivno\/","og_locale":"hr_HR","og_type":"article","og_title":"Slobodno misli pozitivno - Joyce Meyer Ministries - Hrvatski","og_description":"Ovaj stih nam pokazuje koliko je va\u017eno imati zdrave i pozitivne misli o sebi ...","og_url":"https:\/\/tv.joycemeyer.org\/hrvatski\/devotional\/slobodno-misli-pozitivno\/","og_site_name":"Joyce Meyer Ministries - Hrvatski","article_publisher":"https:\/\/www.facebook.com\/joycemeyerministrieshrvatska\/","og_image":[{"width":1800,"height":1050,"url":"https:\/\/tv.joycemeyer.org\/hrvatski\/wp-content\/uploads\/sites\/66\/2019\/05\/2721.jpg","type":"image\/jpeg"}],"twitter_card":"summary_large_image","twitter_misc":{"Procijenjeno vrijeme \u010ditanja":"2 minute"},"schema":{"@context":"https:\/\/schema.org","@graph":[{"@type":"WebPage","@id":"https:\/\/tv.joycemeyer.org\/hrvatski\/devotional\/slobodno-misli-pozitivno\/","url":"https:\/\/tv.joycemeyer.org\/hrvatski\/devotional\/slobodno-misli-pozitivno\/","name":"Slobodno misli pozitivno - Joyce Meyer Ministries - Hrvatski","isPartOf":{"@id":"https:\/\/tv.joycemeyer.org\/hrvatski\/#website"},"primaryImageOfPage":{"@id":"https:\/\/tv.joycemeyer.org\/hrvatski\/devotional\/slobodno-misli-pozitivno\/#primaryimage"},"image":{"@id":"https:\/\/tv.joycemeyer.org\/hrvatski\/devotional\/slobodno-misli-pozitivno\/#primaryimage"},"thumbnailUrl":"https:\/\/tv.joycemeyer.org\/hrvatski\/wp-content\/uploads\/sites\/66\/2019\/05\/2721.jpg","datePublished":"2026-02-14T00:01:38+00:00","breadcrumb":{"@id":"https:\/\/tv.joycemeyer.org\/hrvatski\/devotional\/slobodno-misli-pozitivno\/#breadcrumb"},"inLanguage":"hr","potentialAction":[{"@type":"ReadAction","target":["https:\/\/tv.joycemeyer.org\/hrvatski\/devotional\/slobodno-misli-pozitivno\/"]}]},{"@type":"ImageObject","inLanguage":"hr","@id":"https:\/\/tv.joycemeyer.org\/hrvatski\/devotional\/slobodno-misli-pozitivno\/#primaryimage","url":"https:\/\/tv.joycemeyer.org\/hrvatski\/wp-content\/uploads\/sites\/66\/2019\/05\/2721.jpg","contentUrl":"https:\/\/tv.joycemeyer.org\/hrvatski\/wp-content\/uploads\/sites\/66\/2019\/05\/2721.jpg","width":1800,"height":1050,"caption":"Slobodno misli pozitivno"},{"@type":"BreadcrumbList","@id":"https:\/\/tv.joycemeyer.org\/hrvatski\/devotional\/slobodno-misli-pozitivno\/#breadcrumb","itemListElement":[{"@type":"ListItem","position":1,"name":"Home","item":"https:\/\/tv.joycemeyer.org\/hrvatski\/"},{"@type":"ListItem","position":2,"name":"Devotional","item":"https:\/\/tv.joycemeyer.org\/hrvatski\/devotional\/"},{"@type":"ListItem","position":3,"name":"Slobodno misli pozitivno"}]},{"@type":"WebSite","@id":"https:\/\/tv.joycemeyer.org\/hrvatski\/#website","url":"https:\/\/tv.joycemeyer.org\/hrvatski\/","name":"Joyce Meyer Ministries - Hrvatski","description":"Dijeliti Krista - voljeti ljude","potentialAction":[{"@type":"SearchAction","target":{"@type":"EntryPoint","urlTemplate":"https:\/\/tv.joycemeyer.org\/hrvatski\/?s={search_term_string}"},"query-input":{"@type":"PropertyValueSpecification","valueRequired":true,"valueName":"search_term_string"}}],"inLanguage":"hr"}]}},"_links":{"self":[{"href":"https:\/\/tv.joycemeyer.org\/hrvatski\/wp-json\/wp\/v2\/devotional\/323","targetHints":{"allow":["GET"]}}],"collection":[{"href":"https:\/\/tv.joycemeyer.org\/hrvatski\/wp-json\/wp\/v2\/devotional"}],"about":[{"href":"https:\/\/tv.joycemeyer.org\/hrvatski\/wp-json\/wp\/v2\/types\/devotional"}],"author":[{"embeddable":true,"href":"https:\/\/tv.joycemeyer.org\/hrvatski\/wp-json\/wp\/v2\/users\/15"}],"replies":[{"embeddable":true,"href":"https:\/\/tv.joycemeyer.org\/hrvatski\/wp-json\/wp\/v2\/comments?post=323"}],"wp:featuredmedia":[{"embeddable":true,"href":"https:\/\/tv.joycemeyer.org\/hrvatski\/wp-json\/wp\/v2\/media\/2314"}],"wp:attachment":[{"href":"https:\/\/tv.joycemeyer.org\/hrvatski\/wp-json\/wp\/v2\/media?parent=323"}],"curies":[{"name":"wp","href":"https:\/\/api.w.org\/{rel}","templated":true}]}}