{"id":715,"date":"2019-10-20T23:34:14","date_gmt":"2019-10-20T23:34:14","guid":{"rendered":"https:\/\/tv.joycemeyer.org\/hrvatski\/?post_type=devotional&#038;p=715"},"modified":"2019-10-21T23:34:45","modified_gmt":"2019-10-21T23:34:45","slug":"trazi-mir","status":"publish","type":"devotional","link":"https:\/\/tv.joycemeyer.org\/hrvatski\/devotional\/trazi-mir\/","title":{"rendered":"Tra\u017ei mir"},"content":{"rendered":"<p><strong>\u201eZla se kloni, a \u010dini dobro, tra\u017ei mir i za njim idi!\u201c \u2013 Psalam 34:14<\/strong><\/p>\n<p>Zbog \u010dega gubimo svoj mir? Zbog mnogo stvari \u2013 ka\u0161njenja, gu\u017eve u prometu, prosute kave\u2026Zato je jako va\u017eno <em>&#8216;vje\u017ebati&#8217; <\/em>hodati u miru svaki dan. Na primjer, mora\u0161 odlu\u010diti kad zatvoriti usta i ne biti lako uvredljiv. Tako\u0111er, u redu je ponekad ne biti u pravu.<\/p>\n<p>Ne mo\u017ee\u0161 samo sjediti i \u017eeljeti mir i nadati se da \u0107e te \u0111avo ostaviti na miru ili \u017eeljeti da \u0107e ljudi u\u010diniti uvijek ono \u0161to ti \u017eeli\u0161. Biblija nas u\u010di da aktivno tra\u017eimo mir. Mora\u0161 naviknuti svoj um da \u017eudi za mirom.<\/p>\n<p>Da bi Bo\u017eja Rije\u010d urodila plodom u na\u0161im \u017eivotima, mora biti posijano u mirno srce nekoga tko radi i tvori mir. Svaki vjernik ima odgovornost odr\u017eavati duh mira tako da Bog mo\u017ee \u0161iriti svoju Rije\u010d kroz njega.<\/p>\n<p>\u017deli\u0161 proboj u svom \u017eivotu i koliko god se trudi\u0161, to ne dolazi? Mo\u017eda je zato \u0161to ne \u017eivi\u0161 u miru. Stoga te molim \u2013 \u017eudi za mirom, tra\u017ei ga i kreni za njim svom snagom!<\/p>\n<p><strong>Molitva:<\/strong><\/p>\n<p>Gospodine<em>, ne mogu vi\u0161e samo sjediti i \u010dekati mir da automatski do\u0111e, \u017eelim ga aktivno slijediti. Poka\u017ei mi kako ga tra\u017eiti.<\/em><\/p>\n","protected":false},"excerpt":{"rendered":"<p>Zbog \u010dega gubimo svoj mir? Zbog mnogo stvari &#8230;<\/p>\n","protected":false},"author":15,"featured_media":716,"parent":0,"menu_order":0,"comment_status":"closed","ping_status":"closed","template":"","class_list":["post-715","devotional","type-devotional","status-publish","has-post-thumbnail","hentry"],"acf":[],"appp":{"post_detail":{"above_title":"<div class=\"post-featured-wrap\"><img width=\"960\" height=\"540\" src=\"https:\/\/tv.joycemeyer.org\/hrvatski\/wp-content\/uploads\/sites\/66\/2019\/10\/987.jpg\" class=\"post-featured wp-post-image\" alt=\"Tra\u017ei mir\" decoding=\"async\" srcset=\"https:\/\/tv.joycemeyer.org\/hrvatski\/wp-content\/uploads\/sites\/66\/2019\/10\/987.jpg 960w, https:\/\/tv.joycemeyer.org\/hrvatski\/wp-content\/uploads\/sites\/66\/2019\/10\/987-300x169.jpg 300w, https:\/\/tv.joycemeyer.org\/hrvatski\/wp-content\/uploads\/sites\/66\/2019\/10\/987-768x432.jpg 768w, https:\/\/tv.joycemeyer.org\/hrvatski\/wp-content\/uploads\/sites\/66\/2019\/10\/987-640x360.jpg 640w\" sizes=\"(max-width: 960px) 100vw, 960px\" \/><\/div>","below_content":""}},"yoast_head":"<!-- This site is optimized with the Yoast SEO plugin v27.4 - https:\/\/yoast.com\/product\/yoast-seo-wordpress\/ -->\n<title>Tra\u017ei mir - Joyce Meyer Ministries - Hrvatski<\/title>\n<meta name=\"robots\" content=\"index, follow, max-snippet:-1, max-image-preview:large, max-video-preview:-1\" \/>\n<link rel=\"canonical\" href=\"https:\/\/tv.joycemeyer.org\/hrvatski\/devotional\/trazi-mir\/\" \/>\n<meta property=\"og:locale\" content=\"hr_HR\" \/>\n<meta property=\"og:type\" content=\"article\" \/>\n<meta property=\"og:title\" content=\"Tra\u017ei mir - Joyce Meyer Ministries - Hrvatski\" \/>\n<meta property=\"og:description\" content=\"Zbog \u010dega gubimo svoj mir? Zbog mnogo stvari ...\" \/>\n<meta property=\"og:url\" content=\"https:\/\/tv.joycemeyer.org\/hrvatski\/devotional\/trazi-mir\/\" \/>\n<meta property=\"og:site_name\" content=\"Joyce Meyer Ministries - Hrvatski\" \/>\n<meta property=\"article:publisher\" content=\"https:\/\/www.facebook.com\/joycemeyerministrieshrvatska\/\" \/>\n<meta property=\"article:modified_time\" content=\"2019-10-21T23:34:45+00:00\" \/>\n<meta property=\"og:image\" content=\"https:\/\/tv.joycemeyer.org\/hrvatski\/wp-content\/uploads\/sites\/66\/2019\/10\/987.jpg\" \/>\n\t<meta property=\"og:image:width\" content=\"960\" \/>\n\t<meta property=\"og:image:height\" content=\"540\" \/>\n\t<meta property=\"og:image:type\" content=\"image\/jpeg\" \/>\n<meta name=\"twitter:card\" content=\"summary_large_image\" \/>\n<meta name=\"twitter:label1\" content=\"Procijenjeno vrijeme \u010ditanja\" \/>\n\t<meta name=\"twitter:data1\" content=\"1 minuta\" \/>\n<script type=\"application\/ld+json\" class=\"yoast-schema-graph\">{\"@context\":\"https:\\\/\\\/schema.org\",\"@graph\":[{\"@type\":\"WebPage\",\"@id\":\"https:\\\/\\\/tv.joycemeyer.org\\\/hrvatski\\\/devotional\\\/trazi-mir\\\/\",\"url\":\"https:\\\/\\\/tv.joycemeyer.org\\\/hrvatski\\\/devotional\\\/trazi-mir\\\/\",\"name\":\"Tra\u017ei mir - Joyce Meyer Ministries - Hrvatski\",\"isPartOf\":{\"@id\":\"https:\\\/\\\/tv.joycemeyer.org\\\/hrvatski\\\/#website\"},\"primaryImageOfPage\":{\"@id\":\"https:\\\/\\\/tv.joycemeyer.org\\\/hrvatski\\\/devotional\\\/trazi-mir\\\/#primaryimage\"},\"image\":{\"@id\":\"https:\\\/\\\/tv.joycemeyer.org\\\/hrvatski\\\/devotional\\\/trazi-mir\\\/#primaryimage\"},\"thumbnailUrl\":\"https:\\\/\\\/tv.joycemeyer.org\\\/hrvatski\\\/wp-content\\\/uploads\\\/sites\\\/66\\\/2019\\\/10\\\/987.jpg\",\"datePublished\":\"2019-10-20T23:34:14+00:00\",\"dateModified\":\"2019-10-21T23:34:45+00:00\",\"breadcrumb\":{\"@id\":\"https:\\\/\\\/tv.joycemeyer.org\\\/hrvatski\\\/devotional\\\/trazi-mir\\\/#breadcrumb\"},\"inLanguage\":\"hr\",\"potentialAction\":[{\"@type\":\"ReadAction\",\"target\":[\"https:\\\/\\\/tv.joycemeyer.org\\\/hrvatski\\\/devotional\\\/trazi-mir\\\/\"]}]},{\"@type\":\"ImageObject\",\"inLanguage\":\"hr\",\"@id\":\"https:\\\/\\\/tv.joycemeyer.org\\\/hrvatski\\\/devotional\\\/trazi-mir\\\/#primaryimage\",\"url\":\"https:\\\/\\\/tv.joycemeyer.org\\\/hrvatski\\\/wp-content\\\/uploads\\\/sites\\\/66\\\/2019\\\/10\\\/987.jpg\",\"contentUrl\":\"https:\\\/\\\/tv.joycemeyer.org\\\/hrvatski\\\/wp-content\\\/uploads\\\/sites\\\/66\\\/2019\\\/10\\\/987.jpg\",\"width\":960,\"height\":540,\"caption\":\"Tra\u017ei mir\"},{\"@type\":\"BreadcrumbList\",\"@id\":\"https:\\\/\\\/tv.joycemeyer.org\\\/hrvatski\\\/devotional\\\/trazi-mir\\\/#breadcrumb\",\"itemListElement\":[{\"@type\":\"ListItem\",\"position\":1,\"name\":\"Home\",\"item\":\"https:\\\/\\\/tv.joycemeyer.org\\\/hrvatski\\\/\"},{\"@type\":\"ListItem\",\"position\":2,\"name\":\"Devotional\",\"item\":\"https:\\\/\\\/tv.joycemeyer.org\\\/hrvatski\\\/devotional\\\/\"},{\"@type\":\"ListItem\",\"position\":3,\"name\":\"Tra\u017ei mir\"}]},{\"@type\":\"WebSite\",\"@id\":\"https:\\\/\\\/tv.joycemeyer.org\\\/hrvatski\\\/#website\",\"url\":\"https:\\\/\\\/tv.joycemeyer.org\\\/hrvatski\\\/\",\"name\":\"Joyce Meyer Ministries - Hrvatski\",\"description\":\"Dijeliti Krista - voljeti ljude\",\"potentialAction\":[{\"@type\":\"SearchAction\",\"target\":{\"@type\":\"EntryPoint\",\"urlTemplate\":\"https:\\\/\\\/tv.joycemeyer.org\\\/hrvatski\\\/?s={search_term_string}\"},\"query-input\":{\"@type\":\"PropertyValueSpecification\",\"valueRequired\":true,\"valueName\":\"search_term_string\"}}],\"inLanguage\":\"hr\"}]}<\/script>\n<!-- \/ Yoast SEO plugin. -->","yoast_head_json":{"title":"Tra\u017ei mir - Joyce Meyer Ministries - Hrvatski","robots":{"index":"index","follow":"follow","max-snippet":"max-snippet:-1","max-image-preview":"max-image-preview:large","max-video-preview":"max-video-preview:-1"},"canonical":"https:\/\/tv.joycemeyer.org\/hrvatski\/devotional\/trazi-mir\/","og_locale":"hr_HR","og_type":"article","og_title":"Tra\u017ei mir - Joyce Meyer Ministries - Hrvatski","og_description":"Zbog \u010dega gubimo svoj mir? Zbog mnogo stvari ...","og_url":"https:\/\/tv.joycemeyer.org\/hrvatski\/devotional\/trazi-mir\/","og_site_name":"Joyce Meyer Ministries - Hrvatski","article_publisher":"https:\/\/www.facebook.com\/joycemeyerministrieshrvatska\/","article_modified_time":"2019-10-21T23:34:45+00:00","og_image":[{"width":960,"height":540,"url":"https:\/\/tv.joycemeyer.org\/hrvatski\/wp-content\/uploads\/sites\/66\/2019\/10\/987.jpg","type":"image\/jpeg"}],"twitter_card":"summary_large_image","twitter_misc":{"Procijenjeno vrijeme \u010ditanja":"1 minuta"},"schema":{"@context":"https:\/\/schema.org","@graph":[{"@type":"WebPage","@id":"https:\/\/tv.joycemeyer.org\/hrvatski\/devotional\/trazi-mir\/","url":"https:\/\/tv.joycemeyer.org\/hrvatski\/devotional\/trazi-mir\/","name":"Tra\u017ei mir - Joyce Meyer Ministries - Hrvatski","isPartOf":{"@id":"https:\/\/tv.joycemeyer.org\/hrvatski\/#website"},"primaryImageOfPage":{"@id":"https:\/\/tv.joycemeyer.org\/hrvatski\/devotional\/trazi-mir\/#primaryimage"},"image":{"@id":"https:\/\/tv.joycemeyer.org\/hrvatski\/devotional\/trazi-mir\/#primaryimage"},"thumbnailUrl":"https:\/\/tv.joycemeyer.org\/hrvatski\/wp-content\/uploads\/sites\/66\/2019\/10\/987.jpg","datePublished":"2019-10-20T23:34:14+00:00","dateModified":"2019-10-21T23:34:45+00:00","breadcrumb":{"@id":"https:\/\/tv.joycemeyer.org\/hrvatski\/devotional\/trazi-mir\/#breadcrumb"},"inLanguage":"hr","potentialAction":[{"@type":"ReadAction","target":["https:\/\/tv.joycemeyer.org\/hrvatski\/devotional\/trazi-mir\/"]}]},{"@type":"ImageObject","inLanguage":"hr","@id":"https:\/\/tv.joycemeyer.org\/hrvatski\/devotional\/trazi-mir\/#primaryimage","url":"https:\/\/tv.joycemeyer.org\/hrvatski\/wp-content\/uploads\/sites\/66\/2019\/10\/987.jpg","contentUrl":"https:\/\/tv.joycemeyer.org\/hrvatski\/wp-content\/uploads\/sites\/66\/2019\/10\/987.jpg","width":960,"height":540,"caption":"Tra\u017ei mir"},{"@type":"BreadcrumbList","@id":"https:\/\/tv.joycemeyer.org\/hrvatski\/devotional\/trazi-mir\/#breadcrumb","itemListElement":[{"@type":"ListItem","position":1,"name":"Home","item":"https:\/\/tv.joycemeyer.org\/hrvatski\/"},{"@type":"ListItem","position":2,"name":"Devotional","item":"https:\/\/tv.joycemeyer.org\/hrvatski\/devotional\/"},{"@type":"ListItem","position":3,"name":"Tra\u017ei mir"}]},{"@type":"WebSite","@id":"https:\/\/tv.joycemeyer.org\/hrvatski\/#website","url":"https:\/\/tv.joycemeyer.org\/hrvatski\/","name":"Joyce Meyer Ministries - Hrvatski","description":"Dijeliti Krista - voljeti ljude","potentialAction":[{"@type":"SearchAction","target":{"@type":"EntryPoint","urlTemplate":"https:\/\/tv.joycemeyer.org\/hrvatski\/?s={search_term_string}"},"query-input":{"@type":"PropertyValueSpecification","valueRequired":true,"valueName":"search_term_string"}}],"inLanguage":"hr"}]}},"_links":{"self":[{"href":"https:\/\/tv.joycemeyer.org\/hrvatski\/wp-json\/wp\/v2\/devotional\/715","targetHints":{"allow":["GET"]}}],"collection":[{"href":"https:\/\/tv.joycemeyer.org\/hrvatski\/wp-json\/wp\/v2\/devotional"}],"about":[{"href":"https:\/\/tv.joycemeyer.org\/hrvatski\/wp-json\/wp\/v2\/types\/devotional"}],"author":[{"embeddable":true,"href":"https:\/\/tv.joycemeyer.org\/hrvatski\/wp-json\/wp\/v2\/users\/15"}],"replies":[{"embeddable":true,"href":"https:\/\/tv.joycemeyer.org\/hrvatski\/wp-json\/wp\/v2\/comments?post=715"}],"wp:featuredmedia":[{"embeddable":true,"href":"https:\/\/tv.joycemeyer.org\/hrvatski\/wp-json\/wp\/v2\/media\/716"}],"wp:attachment":[{"href":"https:\/\/tv.joycemeyer.org\/hrvatski\/wp-json\/wp\/v2\/media?parent=715"}],"curies":[{"name":"wp","href":"https:\/\/api.w.org\/{rel}","templated":true}]}}