{"id":783,"date":"2026-08-31T00:01:01","date_gmt":"2026-08-31T00:01:01","guid":{"rendered":"https:\/\/tv.joycemeyer.org\/hrvatski\/?post_type=devotional&#038;p=783"},"modified":"2026-02-23T16:53:48","modified_gmt":"2026-02-23T16:53:48","slug":"najveci-dar-koji-mozes-dati","status":"publish","type":"devotional","link":"https:\/\/tv.joycemeyer.org\/hrvatski\/devotional\/najveci-dar-koji-mozes-dati\/","title":{"rendered":"Najve\u0107i dar koji mo\u017ee\u0161 dati"},"content":{"rendered":"<blockquote><p>\u201eBudite dakle milosrdni [dobronamjerni, nje\u017eni, susretljivi i suosje\u0107ajni] kao \u0161to je milosrdan\u00a0i Otac va\u0161 [sve to].\u201c \u2013 Luka 6:36<\/p><\/blockquote>\n<p>To je nevjerojatna stvar. \u0160to vi\u0161e razmi\u0161ljam o tome, to sam vi\u0161e zadivljena. Daje blagoslove koji su nezaslu\u017eeni i odbacuje kaznu kada je zaslu\u017eena. To je apsolutno najve\u0107i dar koji mo\u017ee\u0161 dati nekom. Taj dar se zove milost.<\/p>\n<p>Vidi\u0161, Isus je do\u0161ao na zemlju i dao nam milost, pa tako trebamo nau\u010diti dati milost drugima. Kristovim primjerom, u\u010dimo se ljubiti i moliti za svoje neprijatelje. U\u010dimo se biti prijatelji prema ljudima koji se ne pona\u0161aju prema nama kako bismo mi \u017eeljeli. Re\u010deno nam je da se brinemo za siroma\u0161ne i nemo\u0107ne koji nam nikada ne\u0107e mo\u0107i uzvratiti to.<\/p>\n<p>Mo\u017eemo davati ljudima koji \u0107e nam uzvratiti na neki na\u010din, ali je blagoslovljenije davati onima koji nam ne mogu uzvratiti \u2013 to je iskazana milost. Najve\u0107i dar koji mo\u017ee\u0161 dati Bogu je postati sli\u010dniji Isusu. Postat \u0107e\u0161 Mu sli\u010dniji ako se odnosi\u0161 prema drugima onako kako se On odnosio prema tebi. Pru\u017ei im najve\u0107i dar koji bi mogli primiti od tebe \u2013 milost.<\/p>\n<hr \/>\n<p>Molitva<\/p>\n<p>Bo\u017ee, zahvaljujem Ti na milosti koju mi nesebi\u010dno daje\u0161 svaki dan. Danas odlu\u010dujem dati to isto milosr\u0111e drugima. Pokazat \u0107u im milost kakvu si Ti meni pokazao.<\/p>\n","protected":false},"excerpt":{"rendered":"<p>To je nevjerojatna stvar. \u0160to vi\u0161e razmi\u0161ljam o tome, to sam vi\u0161e zadivljena &#8230;<\/p>\n","protected":false},"author":15,"featured_media":784,"parent":0,"menu_order":0,"comment_status":"closed","ping_status":"closed","template":"","class_list":["post-783","devotional","type-devotional","status-publish","has-post-thumbnail","hentry"],"acf":[],"appp":{"post_detail":{"above_title":"<div class=\"post-featured-wrap\"><img width=\"960\" height=\"540\" src=\"https:\/\/tv.joycemeyer.org\/hrvatski\/wp-content\/uploads\/sites\/66\/2019\/11\/797.jpg\" class=\"post-featured wp-post-image\" alt=\"Najve\u0107i dar koji mo\u017ee\u0161 dati\" decoding=\"async\" srcset=\"https:\/\/tv.joycemeyer.org\/hrvatski\/wp-content\/uploads\/sites\/66\/2019\/11\/797.jpg 960w, https:\/\/tv.joycemeyer.org\/hrvatski\/wp-content\/uploads\/sites\/66\/2019\/11\/797-300x169.jpg 300w, https:\/\/tv.joycemeyer.org\/hrvatski\/wp-content\/uploads\/sites\/66\/2019\/11\/797-768x432.jpg 768w, https:\/\/tv.joycemeyer.org\/hrvatski\/wp-content\/uploads\/sites\/66\/2019\/11\/797-640x360.jpg 640w\" sizes=\"(max-width: 960px) 100vw, 960px\" \/><\/div>","below_content":"<div class=\"follow\"><h6 class=\"alt\">Pove\u017eite se s nama<\/h6><ul class=\"nav nav--social nav--flex\"><li class=\"menu-item facebook\"><a href=\"https:\/\/www.facebook.com\/joycemeyerministrieshrvatska\/\" target=\"_blank\"><span class=\"visuallyhidden\">Facebook<\/span><\/a><\/li><\/ul><\/div>"}},"yoast_head":"<!-- This site is optimized with the Yoast SEO plugin v28.2 - https:\/\/yoast.com\/product\/yoast-seo-wordpress\/ -->\n<title>Najve\u0107i dar koji mo\u017ee\u0161 dati - Joyce Meyer Ministries - Hrvatski<\/title>\n<meta name=\"robots\" content=\"index, follow, max-snippet:-1, max-image-preview:large, max-video-preview:-1\" \/>\n<link rel=\"canonical\" href=\"https:\/\/tv.joycemeyer.org\/hrvatski\/devotional\/najveci-dar-koji-mozes-dati\/\" \/>\n<meta property=\"og:locale\" content=\"hr_HR\" \/>\n<meta property=\"og:type\" content=\"article\" \/>\n<meta property=\"og:title\" content=\"Najve\u0107i dar koji mo\u017ee\u0161 dati - Joyce Meyer Ministries - Hrvatski\" \/>\n<meta property=\"og:description\" content=\"To je nevjerojatna stvar. \u0160to vi\u0161e razmi\u0161ljam o tome, to sam vi\u0161e zadivljena ...\" \/>\n<meta property=\"og:url\" content=\"https:\/\/tv.joycemeyer.org\/hrvatski\/devotional\/najveci-dar-koji-mozes-dati\/\" \/>\n<meta property=\"og:site_name\" content=\"Joyce Meyer Ministries - Hrvatski\" \/>\n<meta property=\"article:publisher\" content=\"https:\/\/www.facebook.com\/joycemeyerministrieshrvatska\/\" \/>\n<meta property=\"og:image\" content=\"https:\/\/tv.joycemeyer.org\/hrvatski\/wp-content\/uploads\/sites\/66\/2019\/11\/797.jpg\" \/>\n\t<meta property=\"og:image:width\" content=\"960\" \/>\n\t<meta property=\"og:image:height\" content=\"540\" \/>\n\t<meta property=\"og:image:type\" content=\"image\/jpeg\" \/>\n<meta name=\"twitter:card\" content=\"summary_large_image\" \/>\n<meta name=\"twitter:label1\" content=\"Procijenjeno vrijeme \u010ditanja\" \/>\n\t<meta name=\"twitter:data1\" content=\"2 minute\" \/>\n<script type=\"application\/ld+json\" class=\"yoast-schema-graph\">{\"@context\":\"https:\\\/\\\/schema.org\",\"@graph\":[{\"@type\":\"WebPage\",\"@id\":\"https:\\\/\\\/tv.joycemeyer.org\\\/hrvatski\\\/devotional\\\/najveci-dar-koji-mozes-dati\\\/\",\"url\":\"https:\\\/\\\/tv.joycemeyer.org\\\/hrvatski\\\/devotional\\\/najveci-dar-koji-mozes-dati\\\/\",\"name\":\"Najve\u0107i dar koji mo\u017ee\u0161 dati - Joyce Meyer Ministries - Hrvatski\",\"isPartOf\":{\"@id\":\"https:\\\/\\\/tv.joycemeyer.org\\\/hrvatski\\\/#website\"},\"primaryImageOfPage\":{\"@id\":\"https:\\\/\\\/tv.joycemeyer.org\\\/hrvatski\\\/devotional\\\/najveci-dar-koji-mozes-dati\\\/#primaryimage\"},\"image\":{\"@id\":\"https:\\\/\\\/tv.joycemeyer.org\\\/hrvatski\\\/devotional\\\/najveci-dar-koji-mozes-dati\\\/#primaryimage\"},\"thumbnailUrl\":\"https:\\\/\\\/tv.joycemeyer.org\\\/hrvatski\\\/wp-content\\\/uploads\\\/sites\\\/66\\\/2019\\\/11\\\/797.jpg\",\"datePublished\":\"2026-08-31T00:01:01+00:00\",\"breadcrumb\":{\"@id\":\"https:\\\/\\\/tv.joycemeyer.org\\\/hrvatski\\\/devotional\\\/najveci-dar-koji-mozes-dati\\\/#breadcrumb\"},\"inLanguage\":\"hr\",\"potentialAction\":[{\"@type\":\"ReadAction\",\"target\":[\"https:\\\/\\\/tv.joycemeyer.org\\\/hrvatski\\\/devotional\\\/najveci-dar-koji-mozes-dati\\\/\"]}]},{\"@type\":\"ImageObject\",\"inLanguage\":\"hr\",\"@id\":\"https:\\\/\\\/tv.joycemeyer.org\\\/hrvatski\\\/devotional\\\/najveci-dar-koji-mozes-dati\\\/#primaryimage\",\"url\":\"https:\\\/\\\/tv.joycemeyer.org\\\/hrvatski\\\/wp-content\\\/uploads\\\/sites\\\/66\\\/2019\\\/11\\\/797.jpg\",\"contentUrl\":\"https:\\\/\\\/tv.joycemeyer.org\\\/hrvatski\\\/wp-content\\\/uploads\\\/sites\\\/66\\\/2019\\\/11\\\/797.jpg\",\"width\":960,\"height\":540,\"caption\":\"Najve\u0107i dar koji mo\u017ee\u0161 dati\"},{\"@type\":\"BreadcrumbList\",\"@id\":\"https:\\\/\\\/tv.joycemeyer.org\\\/hrvatski\\\/devotional\\\/najveci-dar-koji-mozes-dati\\\/#breadcrumb\",\"itemListElement\":[{\"@type\":\"ListItem\",\"position\":1,\"name\":\"Home\",\"item\":\"https:\\\/\\\/tv.joycemeyer.org\\\/hrvatski\\\/\"},{\"@type\":\"ListItem\",\"position\":2,\"name\":\"Devotional\",\"item\":\"https:\\\/\\\/tv.joycemeyer.org\\\/hrvatski\\\/devotional\\\/\"},{\"@type\":\"ListItem\",\"position\":3,\"name\":\"Najve\u0107i dar koji mo\u017ee\u0161 dati\"}]},{\"@type\":\"WebSite\",\"@id\":\"https:\\\/\\\/tv.joycemeyer.org\\\/hrvatski\\\/#website\",\"url\":\"https:\\\/\\\/tv.joycemeyer.org\\\/hrvatski\\\/\",\"name\":\"Joyce Meyer Ministries - Hrvatski\",\"description\":\"Dijeliti Krista - voljeti ljude\",\"potentialAction\":[{\"@type\":\"SearchAction\",\"target\":{\"@type\":\"EntryPoint\",\"urlTemplate\":\"https:\\\/\\\/tv.joycemeyer.org\\\/hrvatski\\\/?s={search_term_string}\"},\"query-input\":{\"@type\":\"PropertyValueSpecification\",\"valueRequired\":true,\"valueName\":\"search_term_string\"}}],\"inLanguage\":\"hr\"}]}<\/script>\n<!-- \/ Yoast SEO plugin. -->","yoast_head_json":{"title":"Najve\u0107i dar koji mo\u017ee\u0161 dati - Joyce Meyer Ministries - Hrvatski","robots":{"index":"index","follow":"follow","max-snippet":"max-snippet:-1","max-image-preview":"max-image-preview:large","max-video-preview":"max-video-preview:-1"},"canonical":"https:\/\/tv.joycemeyer.org\/hrvatski\/devotional\/najveci-dar-koji-mozes-dati\/","og_locale":"hr_HR","og_type":"article","og_title":"Najve\u0107i dar koji mo\u017ee\u0161 dati - Joyce Meyer Ministries - Hrvatski","og_description":"To je nevjerojatna stvar. \u0160to vi\u0161e razmi\u0161ljam o tome, to sam vi\u0161e zadivljena ...","og_url":"https:\/\/tv.joycemeyer.org\/hrvatski\/devotional\/najveci-dar-koji-mozes-dati\/","og_site_name":"Joyce Meyer Ministries - Hrvatski","article_publisher":"https:\/\/www.facebook.com\/joycemeyerministrieshrvatska\/","og_image":[{"width":960,"height":540,"url":"https:\/\/tv.joycemeyer.org\/hrvatski\/wp-content\/uploads\/sites\/66\/2019\/11\/797.jpg","type":"image\/jpeg"}],"twitter_card":"summary_large_image","twitter_misc":{"Procijenjeno vrijeme \u010ditanja":"2 minute"},"schema":{"@context":"https:\/\/schema.org","@graph":[{"@type":"WebPage","@id":"https:\/\/tv.joycemeyer.org\/hrvatski\/devotional\/najveci-dar-koji-mozes-dati\/","url":"https:\/\/tv.joycemeyer.org\/hrvatski\/devotional\/najveci-dar-koji-mozes-dati\/","name":"Najve\u0107i dar koji mo\u017ee\u0161 dati - Joyce Meyer Ministries - Hrvatski","isPartOf":{"@id":"https:\/\/tv.joycemeyer.org\/hrvatski\/#website"},"primaryImageOfPage":{"@id":"https:\/\/tv.joycemeyer.org\/hrvatski\/devotional\/najveci-dar-koji-mozes-dati\/#primaryimage"},"image":{"@id":"https:\/\/tv.joycemeyer.org\/hrvatski\/devotional\/najveci-dar-koji-mozes-dati\/#primaryimage"},"thumbnailUrl":"https:\/\/tv.joycemeyer.org\/hrvatski\/wp-content\/uploads\/sites\/66\/2019\/11\/797.jpg","datePublished":"2026-08-31T00:01:01+00:00","breadcrumb":{"@id":"https:\/\/tv.joycemeyer.org\/hrvatski\/devotional\/najveci-dar-koji-mozes-dati\/#breadcrumb"},"inLanguage":"hr","potentialAction":[{"@type":"ReadAction","target":["https:\/\/tv.joycemeyer.org\/hrvatski\/devotional\/najveci-dar-koji-mozes-dati\/"]}]},{"@type":"ImageObject","inLanguage":"hr","@id":"https:\/\/tv.joycemeyer.org\/hrvatski\/devotional\/najveci-dar-koji-mozes-dati\/#primaryimage","url":"https:\/\/tv.joycemeyer.org\/hrvatski\/wp-content\/uploads\/sites\/66\/2019\/11\/797.jpg","contentUrl":"https:\/\/tv.joycemeyer.org\/hrvatski\/wp-content\/uploads\/sites\/66\/2019\/11\/797.jpg","width":960,"height":540,"caption":"Najve\u0107i dar koji mo\u017ee\u0161 dati"},{"@type":"BreadcrumbList","@id":"https:\/\/tv.joycemeyer.org\/hrvatski\/devotional\/najveci-dar-koji-mozes-dati\/#breadcrumb","itemListElement":[{"@type":"ListItem","position":1,"name":"Home","item":"https:\/\/tv.joycemeyer.org\/hrvatski\/"},{"@type":"ListItem","position":2,"name":"Devotional","item":"https:\/\/tv.joycemeyer.org\/hrvatski\/devotional\/"},{"@type":"ListItem","position":3,"name":"Najve\u0107i dar koji mo\u017ee\u0161 dati"}]},{"@type":"WebSite","@id":"https:\/\/tv.joycemeyer.org\/hrvatski\/#website","url":"https:\/\/tv.joycemeyer.org\/hrvatski\/","name":"Joyce Meyer Ministries - Hrvatski","description":"Dijeliti Krista - voljeti ljude","potentialAction":[{"@type":"SearchAction","target":{"@type":"EntryPoint","urlTemplate":"https:\/\/tv.joycemeyer.org\/hrvatski\/?s={search_term_string}"},"query-input":{"@type":"PropertyValueSpecification","valueRequired":true,"valueName":"search_term_string"}}],"inLanguage":"hr"}]}},"_links":{"self":[{"href":"https:\/\/tv.joycemeyer.org\/hrvatski\/wp-json\/wp\/v2\/devotional\/783","targetHints":{"allow":["GET"]}}],"collection":[{"href":"https:\/\/tv.joycemeyer.org\/hrvatski\/wp-json\/wp\/v2\/devotional"}],"about":[{"href":"https:\/\/tv.joycemeyer.org\/hrvatski\/wp-json\/wp\/v2\/types\/devotional"}],"author":[{"embeddable":true,"href":"https:\/\/tv.joycemeyer.org\/hrvatski\/wp-json\/wp\/v2\/users\/15"}],"replies":[{"embeddable":true,"href":"https:\/\/tv.joycemeyer.org\/hrvatski\/wp-json\/wp\/v2\/comments?post=783"}],"wp:featuredmedia":[{"embeddable":true,"href":"https:\/\/tv.joycemeyer.org\/hrvatski\/wp-json\/wp\/v2\/media\/784"}],"wp:attachment":[{"href":"https:\/\/tv.joycemeyer.org\/hrvatski\/wp-json\/wp\/v2\/media?parent=783"}],"curies":[{"name":"wp","href":"https:\/\/api.w.org\/{rel}","templated":true}]}}