{"id":1389,"date":"2018-11-06T20:48:39","date_gmt":"2018-11-06T18:48:39","guid":{"rendered":"https:\/\/tv.joycemeyer.org\/italiano\/?post_type=devotional&#038;p=1389"},"modified":"2019-01-18T17:14:28","modified_gmt":"2019-01-18T15:14:28","slug":"semina-cio-che-vuoi-raccogliere","status":"publish","type":"devotional","link":"https:\/\/tv.joycemeyer.org\/italiano\/devotional\/semina-cio-che-vuoi-raccogliere\/","title":{"rendered":"Semina ci\u00f2 che vuoi raccogliere"},"content":{"rendered":"<p><strong>Seminate secondo giustizia e farete una raccolta di misericordia; dissodatevi un campo nuovo, poich\u00e9 \u00e8 tempo di cercare il Signore, finch\u00e9 egli non venga e non spanda su di voi la pioggia della giustizia (Osea 10:12)<\/strong><\/p>\n<p>Non esiste raccolto senza semina <strong>(ved. Ecclesiaste 3:1-2<\/strong>). Dio pu\u00f2 fare tutto ci\u00f2 che vuole, ma ha stabilito un principio per la vita\u00a0valido per tutti: \u201cPrima semina, poi raccogli\u201d. Avviene sempre in quest\u2019ordine.<\/p>\n<p>Coloro che seminano afflizioni e cattiverie raccoglieranno le stesse cose. Coloro che seminano giustizia raccoglieranno misericordia. Se Dio ti dice di fare una cosa e semini ubbidienza, una volta che avrai superato la prova godrai di un buon raccolto.<\/p>\n<p><strong>Ricorda la sequenza:<\/strong> <em>quello che semini oggi, raccoglierai domani.<\/em><\/p>\n","protected":false},"excerpt":{"rendered":"<p>Non esiste raccolto senza semina (ved. Ecclesiaste 3:1-2). Dio pu\u00f2 fare tutto ci\u00f2 che vuole, ma ha stabilito un principio per la vita\u00a0valido per tutti: \u201cPrima semina, poi raccogli\u201d. Avviene sempre in quest\u2019ordine.<\/p>\n","protected":false},"author":15,"featured_media":1390,"parent":0,"menu_order":0,"comment_status":"closed","ping_status":"closed","template":"","class_list":["post-1389","devotional","type-devotional","status-publish","has-post-thumbnail","hentry"],"acf":[],"appp":{"post_detail":{"above_title":"<div class=\"post-featured-wrap\"><img width=\"960\" height=\"638\" src=\"https:\/\/tv.joycemeyer.org\/italiano\/wp-content\/uploads\/sites\/6\/2018\/10\/19.jpg\" class=\"post-featured wp-post-image\" alt=\"Semina ci\u00f2 che vuoi raccogliere\" decoding=\"async\" srcset=\"https:\/\/tv.joycemeyer.org\/italiano\/wp-content\/uploads\/sites\/6\/2018\/10\/19.jpg 960w, https:\/\/tv.joycemeyer.org\/italiano\/wp-content\/uploads\/sites\/6\/2018\/10\/19-300x199.jpg 300w, https:\/\/tv.joycemeyer.org\/italiano\/wp-content\/uploads\/sites\/6\/2018\/10\/19-768x510.jpg 768w\" sizes=\"(max-width: 960px) 100vw, 960px\" \/><\/div>","below_content":""}},"yoast_head":"<!-- This site is optimized with the Yoast SEO plugin v27.4 - https:\/\/yoast.com\/product\/yoast-seo-wordpress\/ -->\n<title>Semina ci\u00f2 che vuoi raccogliere - Joyce Meyer Ministries - Italiano<\/title>\n<meta name=\"description\" content=\"Joyce Meyer Ministries - Italiano - Meditazione quotidiana\" \/>\n<meta name=\"robots\" content=\"index, follow, max-snippet:-1, max-image-preview:large, max-video-preview:-1\" \/>\n<link rel=\"canonical\" href=\"https:\/\/tv.joycemeyer.org\/italiano\/devotional\/semina-cio-che-vuoi-raccogliere\/\" \/>\n<meta property=\"og:locale\" content=\"it_IT\" \/>\n<meta property=\"og:type\" content=\"article\" \/>\n<meta property=\"og:title\" content=\"Semina ci\u00f2 che vuoi raccogliere - Joyce Meyer Ministries - Italiano\" \/>\n<meta property=\"og:description\" content=\"Joyce Meyer Ministries - Italiano - Meditazione quotidiana\" \/>\n<meta property=\"og:url\" content=\"https:\/\/tv.joycemeyer.org\/italiano\/devotional\/semina-cio-che-vuoi-raccogliere\/\" \/>\n<meta property=\"og:site_name\" content=\"Joyce Meyer Ministries - Italiano\" \/>\n<meta property=\"article:publisher\" content=\"https:\/\/www.facebook.com\/joycemeyerministriesitaliano\/\" \/>\n<meta property=\"article:modified_time\" content=\"2019-01-18T15:14:28+00:00\" \/>\n<meta property=\"og:image\" content=\"https:\/\/tv.joycemeyer.org\/italiano\/wp-content\/uploads\/sites\/6\/2018\/10\/19.jpg\" \/>\n\t<meta property=\"og:image:width\" content=\"960\" \/>\n\t<meta property=\"og:image:height\" content=\"638\" \/>\n\t<meta property=\"og:image:type\" content=\"image\/jpeg\" \/>\n<meta name=\"twitter:card\" content=\"summary_large_image\" \/>\n<meta name=\"twitter:label1\" content=\"Tempo di lettura stimato\" \/>\n\t<meta name=\"twitter:data1\" content=\"1 minuto\" \/>\n<script type=\"application\/ld+json\" class=\"yoast-schema-graph\">{\"@context\":\"https:\\\/\\\/schema.org\",\"@graph\":[{\"@type\":\"WebPage\",\"@id\":\"https:\\\/\\\/tv.joycemeyer.org\\\/italiano\\\/devotional\\\/semina-cio-che-vuoi-raccogliere\\\/\",\"url\":\"https:\\\/\\\/tv.joycemeyer.org\\\/italiano\\\/devotional\\\/semina-cio-che-vuoi-raccogliere\\\/\",\"name\":\"Semina ci\u00f2 che vuoi raccogliere - Joyce Meyer Ministries - Italiano\",\"isPartOf\":{\"@id\":\"https:\\\/\\\/tv.joycemeyer.org\\\/italiano\\\/#website\"},\"primaryImageOfPage\":{\"@id\":\"https:\\\/\\\/tv.joycemeyer.org\\\/italiano\\\/devotional\\\/semina-cio-che-vuoi-raccogliere\\\/#primaryimage\"},\"image\":{\"@id\":\"https:\\\/\\\/tv.joycemeyer.org\\\/italiano\\\/devotional\\\/semina-cio-che-vuoi-raccogliere\\\/#primaryimage\"},\"thumbnailUrl\":\"https:\\\/\\\/tv.joycemeyer.org\\\/italiano\\\/wp-content\\\/uploads\\\/sites\\\/6\\\/2018\\\/10\\\/19.jpg\",\"datePublished\":\"2018-11-06T18:48:39+00:00\",\"dateModified\":\"2019-01-18T15:14:28+00:00\",\"description\":\"Joyce Meyer Ministries - Italiano - Meditazione quotidiana\",\"breadcrumb\":{\"@id\":\"https:\\\/\\\/tv.joycemeyer.org\\\/italiano\\\/devotional\\\/semina-cio-che-vuoi-raccogliere\\\/#breadcrumb\"},\"inLanguage\":\"it-IT\",\"potentialAction\":[{\"@type\":\"ReadAction\",\"target\":[\"https:\\\/\\\/tv.joycemeyer.org\\\/italiano\\\/devotional\\\/semina-cio-che-vuoi-raccogliere\\\/\"]}]},{\"@type\":\"ImageObject\",\"inLanguage\":\"it-IT\",\"@id\":\"https:\\\/\\\/tv.joycemeyer.org\\\/italiano\\\/devotional\\\/semina-cio-che-vuoi-raccogliere\\\/#primaryimage\",\"url\":\"https:\\\/\\\/tv.joycemeyer.org\\\/italiano\\\/wp-content\\\/uploads\\\/sites\\\/6\\\/2018\\\/10\\\/19.jpg\",\"contentUrl\":\"https:\\\/\\\/tv.joycemeyer.org\\\/italiano\\\/wp-content\\\/uploads\\\/sites\\\/6\\\/2018\\\/10\\\/19.jpg\",\"width\":960,\"height\":638,\"caption\":\"Semina ci\u00f2 che vuoi raccogliere\"},{\"@type\":\"BreadcrumbList\",\"@id\":\"https:\\\/\\\/tv.joycemeyer.org\\\/italiano\\\/devotional\\\/semina-cio-che-vuoi-raccogliere\\\/#breadcrumb\",\"itemListElement\":[{\"@type\":\"ListItem\",\"position\":1,\"name\":\"Home\",\"item\":\"https:\\\/\\\/tv.joycemeyer.org\\\/italiano\\\/\"},{\"@type\":\"ListItem\",\"position\":2,\"name\":\"Devotional\",\"item\":\"https:\\\/\\\/tv.joycemeyer.org\\\/italiano\\\/devotional\\\/\"},{\"@type\":\"ListItem\",\"position\":3,\"name\":\"Semina ci\u00f2 che vuoi raccogliere\"}]},{\"@type\":\"WebSite\",\"@id\":\"https:\\\/\\\/tv.joycemeyer.org\\\/italiano\\\/#website\",\"url\":\"https:\\\/\\\/tv.joycemeyer.org\\\/italiano\\\/\",\"name\":\"Joyce Meyer Ministries - Italiano\",\"description\":\"Condividiamo Cristo - Amiamo le persone\",\"potentialAction\":[{\"@type\":\"SearchAction\",\"target\":{\"@type\":\"EntryPoint\",\"urlTemplate\":\"https:\\\/\\\/tv.joycemeyer.org\\\/italiano\\\/?s={search_term_string}\"},\"query-input\":{\"@type\":\"PropertyValueSpecification\",\"valueRequired\":true,\"valueName\":\"search_term_string\"}}],\"inLanguage\":\"it-IT\"}]}<\/script>\n<!-- \/ Yoast SEO plugin. -->","yoast_head_json":{"title":"Semina ci\u00f2 che vuoi raccogliere - Joyce Meyer Ministries - Italiano","description":"Joyce Meyer Ministries - Italiano - Meditazione quotidiana","robots":{"index":"index","follow":"follow","max-snippet":"max-snippet:-1","max-image-preview":"max-image-preview:large","max-video-preview":"max-video-preview:-1"},"canonical":"https:\/\/tv.joycemeyer.org\/italiano\/devotional\/semina-cio-che-vuoi-raccogliere\/","og_locale":"it_IT","og_type":"article","og_title":"Semina ci\u00f2 che vuoi raccogliere - Joyce Meyer Ministries - Italiano","og_description":"Joyce Meyer Ministries - Italiano - Meditazione quotidiana","og_url":"https:\/\/tv.joycemeyer.org\/italiano\/devotional\/semina-cio-che-vuoi-raccogliere\/","og_site_name":"Joyce Meyer Ministries - Italiano","article_publisher":"https:\/\/www.facebook.com\/joycemeyerministriesitaliano\/","article_modified_time":"2019-01-18T15:14:28+00:00","og_image":[{"width":960,"height":638,"url":"https:\/\/tv.joycemeyer.org\/italiano\/wp-content\/uploads\/sites\/6\/2018\/10\/19.jpg","type":"image\/jpeg"}],"twitter_card":"summary_large_image","twitter_misc":{"Tempo di lettura stimato":"1 minuto"},"schema":{"@context":"https:\/\/schema.org","@graph":[{"@type":"WebPage","@id":"https:\/\/tv.joycemeyer.org\/italiano\/devotional\/semina-cio-che-vuoi-raccogliere\/","url":"https:\/\/tv.joycemeyer.org\/italiano\/devotional\/semina-cio-che-vuoi-raccogliere\/","name":"Semina ci\u00f2 che vuoi raccogliere - Joyce Meyer Ministries - Italiano","isPartOf":{"@id":"https:\/\/tv.joycemeyer.org\/italiano\/#website"},"primaryImageOfPage":{"@id":"https:\/\/tv.joycemeyer.org\/italiano\/devotional\/semina-cio-che-vuoi-raccogliere\/#primaryimage"},"image":{"@id":"https:\/\/tv.joycemeyer.org\/italiano\/devotional\/semina-cio-che-vuoi-raccogliere\/#primaryimage"},"thumbnailUrl":"https:\/\/tv.joycemeyer.org\/italiano\/wp-content\/uploads\/sites\/6\/2018\/10\/19.jpg","datePublished":"2018-11-06T18:48:39+00:00","dateModified":"2019-01-18T15:14:28+00:00","description":"Joyce Meyer Ministries - Italiano - Meditazione quotidiana","breadcrumb":{"@id":"https:\/\/tv.joycemeyer.org\/italiano\/devotional\/semina-cio-che-vuoi-raccogliere\/#breadcrumb"},"inLanguage":"it-IT","potentialAction":[{"@type":"ReadAction","target":["https:\/\/tv.joycemeyer.org\/italiano\/devotional\/semina-cio-che-vuoi-raccogliere\/"]}]},{"@type":"ImageObject","inLanguage":"it-IT","@id":"https:\/\/tv.joycemeyer.org\/italiano\/devotional\/semina-cio-che-vuoi-raccogliere\/#primaryimage","url":"https:\/\/tv.joycemeyer.org\/italiano\/wp-content\/uploads\/sites\/6\/2018\/10\/19.jpg","contentUrl":"https:\/\/tv.joycemeyer.org\/italiano\/wp-content\/uploads\/sites\/6\/2018\/10\/19.jpg","width":960,"height":638,"caption":"Semina ci\u00f2 che vuoi raccogliere"},{"@type":"BreadcrumbList","@id":"https:\/\/tv.joycemeyer.org\/italiano\/devotional\/semina-cio-che-vuoi-raccogliere\/#breadcrumb","itemListElement":[{"@type":"ListItem","position":1,"name":"Home","item":"https:\/\/tv.joycemeyer.org\/italiano\/"},{"@type":"ListItem","position":2,"name":"Devotional","item":"https:\/\/tv.joycemeyer.org\/italiano\/devotional\/"},{"@type":"ListItem","position":3,"name":"Semina ci\u00f2 che vuoi raccogliere"}]},{"@type":"WebSite","@id":"https:\/\/tv.joycemeyer.org\/italiano\/#website","url":"https:\/\/tv.joycemeyer.org\/italiano\/","name":"Joyce Meyer Ministries - Italiano","description":"Condividiamo Cristo - Amiamo le persone","potentialAction":[{"@type":"SearchAction","target":{"@type":"EntryPoint","urlTemplate":"https:\/\/tv.joycemeyer.org\/italiano\/?s={search_term_string}"},"query-input":{"@type":"PropertyValueSpecification","valueRequired":true,"valueName":"search_term_string"}}],"inLanguage":"it-IT"}]}},"_links":{"self":[{"href":"https:\/\/tv.joycemeyer.org\/italiano\/wp-json\/wp\/v2\/devotional\/1389","targetHints":{"allow":["GET"]}}],"collection":[{"href":"https:\/\/tv.joycemeyer.org\/italiano\/wp-json\/wp\/v2\/devotional"}],"about":[{"href":"https:\/\/tv.joycemeyer.org\/italiano\/wp-json\/wp\/v2\/types\/devotional"}],"author":[{"embeddable":true,"href":"https:\/\/tv.joycemeyer.org\/italiano\/wp-json\/wp\/v2\/users\/15"}],"replies":[{"embeddable":true,"href":"https:\/\/tv.joycemeyer.org\/italiano\/wp-json\/wp\/v2\/comments?post=1389"}],"wp:featuredmedia":[{"embeddable":true,"href":"https:\/\/tv.joycemeyer.org\/italiano\/wp-json\/wp\/v2\/media\/1390"}],"wp:attachment":[{"href":"https:\/\/tv.joycemeyer.org\/italiano\/wp-json\/wp\/v2\/media?parent=1389"}],"curies":[{"name":"wp","href":"https:\/\/api.w.org\/{rel}","templated":true}]}}