{"id":1473,"date":"2026-09-04T00:01:41","date_gmt":"2026-09-04T00:01:41","guid":{"rendered":"https:\/\/tv.joycemeyer.org\/latviesu\/?post_type=devotional&#038;p=1473"},"modified":"2026-03-10T19:43:09","modified_gmt":"2026-03-10T19:43:09","slug":"klausies-ar-savu-garu-2","status":"publish","type":"devotional","link":"https:\/\/tv.joycemeyer.org\/latviesu\/devotional\/klausies-ar-savu-garu-2\/","title":{"rendered":"Klausies ar savu garu"},"content":{"rendered":"<blockquote><p>\u201cGars dara dz\u012bvu [Vi\u0146\u0161 ir dz\u012bv\u012bbas dev\u0113js], miesa neder nenieka [t\u0101 nenes nek\u0101du ieguvumu]; v\u0101rdi (paties\u012bba), ko Es jums run\u0101ju, ir gars un dz\u012bv\u012bba.\u201d (J\u0100\u0145A 6:63)<\/p><\/blockquote>\n<p>Nereti m\u016bsu pa\u0161u griba, pr\u0101ts vai emocijas trauc\u0113 sp\u0113jai sadzird\u0113t Dieva balsi. Kad cen\u0161amies sadzird\u0113t Dievu un Vi\u0146am paklaus\u012bt, mums var uzbrukt negat\u012bvas domas un novest gandr\u012bz l\u012bdz pado\u0161an\u0101s punktam. Tom\u0113r, ja sp\u0113jam klusin\u0101t savu pr\u0101tu un ieskat\u012bties sird\u012b, Dievs apstiprin\u0101s to, ko ir uz mums run\u0101jis. M\u0113s jut\u012bsim Vi\u0146a atbildi kop\u0101 ar mieru un p\u0101rliec\u012bbu ien\u0101kam dzi\u013ci sird\u012b, kur m\u012bt Sv\u0113tais Gars.<\/p>\n<p>Man reiz bija k\u0101da tik\u0161an\u0101s, kuras organiz\u0113\u0161an\u0101 es biju ielikusi daudz p\u016b\u013cu, lai t\u0101s apmekl\u0113t\u0101jiem \u0161is laiks b\u016btu noder\u012bgs un \u012bpa\u0161s. Lai ar\u012b \u0161\u0137ita, ka visi to izbauda, man\u0101 galv\u0101 skan\u0113ja balss \u2013 \u201cNeviens caur \u0161o nav sv\u0113t\u012bts, un vairums no\u017e\u0113lo, ka visp\u0101r atn\u0101ku\u0161i.\u201d<\/p>\n<p>Es jutos k\u0101 no\u017e\u0113lojama neveiksminiece, lai ar\u012b zin\u0101ju, ka t\u0101da nav Dieva griba; es norimu, apklusu, lai ieklaus\u012btos, ko Sv\u0113tais Gars man teiks. Taj\u0101 pa\u0161\u0101 mirkl\u012b es sadzird\u0113ju to kluso, maigo balsi, dzi\u013cu p\u0101rliec\u012bbu, kas teica \u2013 \u201cJa cilv\u0113ki negrib\u0113tu \u0161eit b\u016bt, neviens neb\u016btu atn\u0101cis. Ja k\u0101dam te nepatiktu, vi\u0146\u0161 b\u016btu aizg\u0101jis. Es devu tev v\u0113sti, ko sludin\u0101t, un Es nekad nevienam nelieku sludin\u0101t ko neder\u012bgu, t\u0101p\u0113c ne\u013cauj s\u0101tanam nozagt tava darba prieku.\u201d Ja es neb\u016btu ieklaus\u012bjusies, tad b\u016btu turpin\u0101jusi moc\u012bties no\u017e\u0113l\u0101, bet Dieva v\u0101rds man nesa dz\u012bv\u012bbu.<\/p>\n<p>M\u0113s dzirdam Dievu caur savu garu, nevis pr\u0101tu. Neaizmirsti to un vienm\u0113r atrodi laiku apst\u0101ties un pajaut\u0101t Dievam, ko tie\u0161i Vi\u0146\u0161 tev saka.<\/p>\n<hr \/>\n<p>Dieva v\u0101rds \u0161odienai: Dieva v\u0101rds vienm\u0113r nes dz\u012bv\u012bbu.<\/p>\n","protected":false},"excerpt":{"rendered":"<p>Nereti m\u016bsu pa\u0161u griba, pr\u0101ts vai emocijas trauc\u0113 sp\u0113jai sadzird\u0113t Dieva balsi. Kad cen\u0161amies sadzird\u0113t Dievu un Vi\u0146am paklaus\u012bt&#8230;<\/p>\n","protected":false},"author":19,"featured_media":1474,"parent":0,"menu_order":0,"comment_status":"closed","ping_status":"closed","template":"","class_list":["post-1473","devotional","type-devotional","status-publish","has-post-thumbnail","hentry"],"acf":[],"appp":{"post_detail":{"above_title":"<div class=\"post-featured-wrap\"><img width=\"1024\" height=\"597\" src=\"https:\/\/tv.joycemeyer.org\/latviesu\/wp-content\/uploads\/sites\/41\/2022\/06\/2522-1024x597.jpg\" class=\"post-featured wp-post-image\" alt=\"Klausies ar savu garu\" decoding=\"async\" srcset=\"https:\/\/tv.joycemeyer.org\/latviesu\/wp-content\/uploads\/sites\/41\/2022\/06\/2522-1024x597.jpg 1024w, https:\/\/tv.joycemeyer.org\/latviesu\/wp-content\/uploads\/sites\/41\/2022\/06\/2522-300x175.jpg 300w, https:\/\/tv.joycemeyer.org\/latviesu\/wp-content\/uploads\/sites\/41\/2022\/06\/2522-768x448.jpg 768w, https:\/\/tv.joycemeyer.org\/latviesu\/wp-content\/uploads\/sites\/41\/2022\/06\/2522-1536x896.jpg 1536w, https:\/\/tv.joycemeyer.org\/latviesu\/wp-content\/uploads\/sites\/41\/2022\/06\/2522.jpg 1800w\" sizes=\"(max-width: 1024px) 100vw, 1024px\" \/><\/div>","below_content":"<div class=\"follow\"><h6 class=\"alt\">Sazinieties ar mums<\/h6><ul class=\"nav nav--social nav--flex\"><li class=\"menu-item facebook\"><a href=\"https:\/\/www.facebook.com\/joycemeyerministrieslatvian\/\" target=\"_blank\"><span class=\"visuallyhidden\">Facebook<\/span><\/a><\/li><\/ul><\/div>"}},"yoast_head":"<!-- This site is optimized with the Yoast SEO plugin v28.2 - https:\/\/yoast.com\/product\/yoast-seo-wordpress\/ -->\n<title>Klausies ar savu garu - Joyce Meyer Ministries - Latviesu<\/title>\n<meta name=\"robots\" content=\"index, follow, max-snippet:-1, max-image-preview:large, max-video-preview:-1\" \/>\n<link rel=\"canonical\" href=\"https:\/\/tv.joycemeyer.org\/latviesu\/devotional\/klausies-ar-savu-garu-2\/\" \/>\n<meta property=\"og:locale\" content=\"lv_LV\" \/>\n<meta property=\"og:type\" content=\"article\" \/>\n<meta property=\"og:title\" content=\"Klausies ar savu garu - Joyce Meyer Ministries - Latviesu\" \/>\n<meta property=\"og:description\" content=\"Nereti m\u016bsu pa\u0161u griba, pr\u0101ts vai emocijas trauc\u0113 sp\u0113jai sadzird\u0113t Dieva balsi. Kad cen\u0161amies sadzird\u0113t Dievu un Vi\u0146am paklaus\u012bt...\" \/>\n<meta property=\"og:url\" content=\"https:\/\/tv.joycemeyer.org\/latviesu\/devotional\/klausies-ar-savu-garu-2\/\" \/>\n<meta property=\"og:site_name\" content=\"Joyce Meyer Ministries - Latviesu\" \/>\n<meta property=\"article:publisher\" content=\"https:\/\/www.facebook.com\/joycemeyerministrieslatvian\/\" \/>\n<meta property=\"og:image\" content=\"https:\/\/tv.joycemeyer.org\/latviesu\/wp-content\/uploads\/sites\/41\/2022\/06\/2522.jpg\" \/>\n\t<meta property=\"og:image:width\" content=\"1800\" \/>\n\t<meta property=\"og:image:height\" content=\"1050\" \/>\n\t<meta property=\"og:image:type\" content=\"image\/jpeg\" \/>\n<meta name=\"twitter:card\" content=\"summary_large_image\" \/>\n<meta name=\"twitter:label1\" content=\"Est. reading time\" \/>\n\t<meta name=\"twitter:data1\" content=\"2 min\u016btes\" \/>\n<script type=\"application\/ld+json\" class=\"yoast-schema-graph\">{\"@context\":\"https:\\\/\\\/schema.org\",\"@graph\":[{\"@type\":\"WebPage\",\"@id\":\"https:\\\/\\\/tv.joycemeyer.org\\\/latviesu\\\/devotional\\\/klausies-ar-savu-garu-2\\\/\",\"url\":\"https:\\\/\\\/tv.joycemeyer.org\\\/latviesu\\\/devotional\\\/klausies-ar-savu-garu-2\\\/\",\"name\":\"Klausies ar savu garu - Joyce Meyer Ministries - Latviesu\",\"isPartOf\":{\"@id\":\"https:\\\/\\\/tv.joycemeyer.org\\\/latviesu\\\/#website\"},\"primaryImageOfPage\":{\"@id\":\"https:\\\/\\\/tv.joycemeyer.org\\\/latviesu\\\/devotional\\\/klausies-ar-savu-garu-2\\\/#primaryimage\"},\"image\":{\"@id\":\"https:\\\/\\\/tv.joycemeyer.org\\\/latviesu\\\/devotional\\\/klausies-ar-savu-garu-2\\\/#primaryimage\"},\"thumbnailUrl\":\"https:\\\/\\\/tv.joycemeyer.org\\\/latviesu\\\/wp-content\\\/uploads\\\/sites\\\/41\\\/2022\\\/06\\\/2522.jpg\",\"datePublished\":\"2026-09-04T00:01:41+00:00\",\"breadcrumb\":{\"@id\":\"https:\\\/\\\/tv.joycemeyer.org\\\/latviesu\\\/devotional\\\/klausies-ar-savu-garu-2\\\/#breadcrumb\"},\"inLanguage\":\"lv-LV\",\"potentialAction\":[{\"@type\":\"ReadAction\",\"target\":[\"https:\\\/\\\/tv.joycemeyer.org\\\/latviesu\\\/devotional\\\/klausies-ar-savu-garu-2\\\/\"]}]},{\"@type\":\"ImageObject\",\"inLanguage\":\"lv-LV\",\"@id\":\"https:\\\/\\\/tv.joycemeyer.org\\\/latviesu\\\/devotional\\\/klausies-ar-savu-garu-2\\\/#primaryimage\",\"url\":\"https:\\\/\\\/tv.joycemeyer.org\\\/latviesu\\\/wp-content\\\/uploads\\\/sites\\\/41\\\/2022\\\/06\\\/2522.jpg\",\"contentUrl\":\"https:\\\/\\\/tv.joycemeyer.org\\\/latviesu\\\/wp-content\\\/uploads\\\/sites\\\/41\\\/2022\\\/06\\\/2522.jpg\",\"width\":1800,\"height\":1050,\"caption\":\"Klausies ar savu garu\"},{\"@type\":\"BreadcrumbList\",\"@id\":\"https:\\\/\\\/tv.joycemeyer.org\\\/latviesu\\\/devotional\\\/klausies-ar-savu-garu-2\\\/#breadcrumb\",\"itemListElement\":[{\"@type\":\"ListItem\",\"position\":1,\"name\":\"Home\",\"item\":\"https:\\\/\\\/tv.joycemeyer.org\\\/latviesu\\\/\"},{\"@type\":\"ListItem\",\"position\":2,\"name\":\"Devotional\",\"item\":\"https:\\\/\\\/tv.joycemeyer.org\\\/latviesu\\\/devotional\\\/\"},{\"@type\":\"ListItem\",\"position\":3,\"name\":\"Klausies ar savu garu\"}]},{\"@type\":\"WebSite\",\"@id\":\"https:\\\/\\\/tv.joycemeyer.org\\\/latviesu\\\/#website\",\"url\":\"https:\\\/\\\/tv.joycemeyer.org\\\/latviesu\\\/\",\"name\":\"Joyce Meyer Ministries - Latviesu\",\"description\":\"Sludin\u0101m Kristu \u2013 M\u012blam Cilv\u0113kus\",\"potentialAction\":[{\"@type\":\"SearchAction\",\"target\":{\"@type\":\"EntryPoint\",\"urlTemplate\":\"https:\\\/\\\/tv.joycemeyer.org\\\/latviesu\\\/?s={search_term_string}\"},\"query-input\":{\"@type\":\"PropertyValueSpecification\",\"valueRequired\":true,\"valueName\":\"search_term_string\"}}],\"inLanguage\":\"lv-LV\"}]}<\/script>\n<!-- \/ Yoast SEO plugin. -->","yoast_head_json":{"title":"Klausies ar savu garu - Joyce Meyer Ministries - Latviesu","robots":{"index":"index","follow":"follow","max-snippet":"max-snippet:-1","max-image-preview":"max-image-preview:large","max-video-preview":"max-video-preview:-1"},"canonical":"https:\/\/tv.joycemeyer.org\/latviesu\/devotional\/klausies-ar-savu-garu-2\/","og_locale":"lv_LV","og_type":"article","og_title":"Klausies ar savu garu - Joyce Meyer Ministries - Latviesu","og_description":"Nereti m\u016bsu pa\u0161u griba, pr\u0101ts vai emocijas trauc\u0113 sp\u0113jai sadzird\u0113t Dieva balsi. Kad cen\u0161amies sadzird\u0113t Dievu un Vi\u0146am paklaus\u012bt...","og_url":"https:\/\/tv.joycemeyer.org\/latviesu\/devotional\/klausies-ar-savu-garu-2\/","og_site_name":"Joyce Meyer Ministries - Latviesu","article_publisher":"https:\/\/www.facebook.com\/joycemeyerministrieslatvian\/","og_image":[{"width":1800,"height":1050,"url":"https:\/\/tv.joycemeyer.org\/latviesu\/wp-content\/uploads\/sites\/41\/2022\/06\/2522.jpg","type":"image\/jpeg"}],"twitter_card":"summary_large_image","twitter_misc":{"Est. reading time":"2 min\u016btes"},"schema":{"@context":"https:\/\/schema.org","@graph":[{"@type":"WebPage","@id":"https:\/\/tv.joycemeyer.org\/latviesu\/devotional\/klausies-ar-savu-garu-2\/","url":"https:\/\/tv.joycemeyer.org\/latviesu\/devotional\/klausies-ar-savu-garu-2\/","name":"Klausies ar savu garu - Joyce Meyer Ministries - Latviesu","isPartOf":{"@id":"https:\/\/tv.joycemeyer.org\/latviesu\/#website"},"primaryImageOfPage":{"@id":"https:\/\/tv.joycemeyer.org\/latviesu\/devotional\/klausies-ar-savu-garu-2\/#primaryimage"},"image":{"@id":"https:\/\/tv.joycemeyer.org\/latviesu\/devotional\/klausies-ar-savu-garu-2\/#primaryimage"},"thumbnailUrl":"https:\/\/tv.joycemeyer.org\/latviesu\/wp-content\/uploads\/sites\/41\/2022\/06\/2522.jpg","datePublished":"2026-09-04T00:01:41+00:00","breadcrumb":{"@id":"https:\/\/tv.joycemeyer.org\/latviesu\/devotional\/klausies-ar-savu-garu-2\/#breadcrumb"},"inLanguage":"lv-LV","potentialAction":[{"@type":"ReadAction","target":["https:\/\/tv.joycemeyer.org\/latviesu\/devotional\/klausies-ar-savu-garu-2\/"]}]},{"@type":"ImageObject","inLanguage":"lv-LV","@id":"https:\/\/tv.joycemeyer.org\/latviesu\/devotional\/klausies-ar-savu-garu-2\/#primaryimage","url":"https:\/\/tv.joycemeyer.org\/latviesu\/wp-content\/uploads\/sites\/41\/2022\/06\/2522.jpg","contentUrl":"https:\/\/tv.joycemeyer.org\/latviesu\/wp-content\/uploads\/sites\/41\/2022\/06\/2522.jpg","width":1800,"height":1050,"caption":"Klausies ar savu garu"},{"@type":"BreadcrumbList","@id":"https:\/\/tv.joycemeyer.org\/latviesu\/devotional\/klausies-ar-savu-garu-2\/#breadcrumb","itemListElement":[{"@type":"ListItem","position":1,"name":"Home","item":"https:\/\/tv.joycemeyer.org\/latviesu\/"},{"@type":"ListItem","position":2,"name":"Devotional","item":"https:\/\/tv.joycemeyer.org\/latviesu\/devotional\/"},{"@type":"ListItem","position":3,"name":"Klausies ar savu garu"}]},{"@type":"WebSite","@id":"https:\/\/tv.joycemeyer.org\/latviesu\/#website","url":"https:\/\/tv.joycemeyer.org\/latviesu\/","name":"Joyce Meyer Ministries - Latviesu","description":"Sludin\u0101m Kristu \u2013 M\u012blam Cilv\u0113kus","potentialAction":[{"@type":"SearchAction","target":{"@type":"EntryPoint","urlTemplate":"https:\/\/tv.joycemeyer.org\/latviesu\/?s={search_term_string}"},"query-input":{"@type":"PropertyValueSpecification","valueRequired":true,"valueName":"search_term_string"}}],"inLanguage":"lv-LV"}]}},"_links":{"self":[{"href":"https:\/\/tv.joycemeyer.org\/latviesu\/wp-json\/wp\/v2\/devotional\/1473","targetHints":{"allow":["GET"]}}],"collection":[{"href":"https:\/\/tv.joycemeyer.org\/latviesu\/wp-json\/wp\/v2\/devotional"}],"about":[{"href":"https:\/\/tv.joycemeyer.org\/latviesu\/wp-json\/wp\/v2\/types\/devotional"}],"author":[{"embeddable":true,"href":"https:\/\/tv.joycemeyer.org\/latviesu\/wp-json\/wp\/v2\/users\/19"}],"replies":[{"embeddable":true,"href":"https:\/\/tv.joycemeyer.org\/latviesu\/wp-json\/wp\/v2\/comments?post=1473"}],"wp:featuredmedia":[{"embeddable":true,"href":"https:\/\/tv.joycemeyer.org\/latviesu\/wp-json\/wp\/v2\/media\/1474"}],"wp:attachment":[{"href":"https:\/\/tv.joycemeyer.org\/latviesu\/wp-json\/wp\/v2\/media?parent=1473"}],"curies":[{"name":"wp","href":"https:\/\/api.w.org\/{rel}","templated":true}]}}