{"id":1882,"date":"2025-03-27T00:01:00","date_gmt":"2025-03-27T00:01:00","guid":{"rendered":"https:\/\/tv.joycemeyer.org\/latviesu\/?post_type=devotional&#038;p=1882"},"modified":"2025-03-27T12:47:32","modified_gmt":"2025-03-27T12:47:32","slug":"apzinati-mierigs-2","status":"publish","type":"devotional","link":"https:\/\/tv.joycemeyer.org\/latviesu\/devotional\/apzinati-mierigs-2\/","title":{"rendered":"Apzin\u0101ti mier\u012bgs"},"content":{"rendered":"<blockquote><p>\u201cMieru Es jums atst\u0101ju, Savu mieru Es jums dodu.\u201d \u2014 J\u0101\u0146a 14:27<\/p><\/blockquote>\n<p>Atst\u0101jot \u0161o pasauli, J\u0113zus teica, ka atst\u0101j mums Savu mieru. Tagad mums katram j\u0101pie\u0146em l\u0113mums \u2013 vai m\u0113s izv\u0113l\u0113simies dz\u012bvot \u0161aj\u0101 mier\u0101, ko Vi\u0146\u0161 mums ir atst\u0101jis?<\/p>\n<p>Protams, ka velns str\u0101d\u0101 papildstundas, lai tevi satrauktu. K\u0101p\u0113c? Jo Vi\u0146\u0161 zina, ka tu nesp\u0113j dzird\u0113t Dievu, ja nepaliec Vi\u0146a mier\u0101.<\/p>\n<p>Ja tu pav\u0113rotu savu dz\u012bvi, b\u016btu p\u0101rsteigts, cik daudz rei\u017eu ned\u0113\u013cas rit\u0113jum\u0101 s\u0101tans pret tevi v\u0113r\u0161 uzbrukumu tikai viena m\u0113r\u0137a d\u0113\u013c \u2013 lai nozagtu tavu mieru. Kad es to beidzot ieraudz\u012bju, Dievs run\u0101ja uz manu garu \u2013 \u201eD\u017eoisa, ja jau velns tik \u013coti grib tavu mieru, tad \u0161aj\u0101 miera st\u0101vokl\u012b ir kaut kas neiedom\u0101jami sp\u0113c\u012bgs.\u201d<\/p>\n<p>Un t\u0101 tas ar\u012b ir! T\u0101p\u0113c tagad, kad velns cen\u0161as nozagt manu mieru, es ar prieku pie t\u0101 stingri turos, zinot, ka t\u0101dej\u0101di varu pretoties velnam. Tas nenoz\u012bm\u0113, ka nekad neuztraucos, bet varu ar\u012b attiec\u012bgi r\u012bkoties \u2013 varu sevi kontrol\u0113t un izv\u0113l\u0113ties b\u016bt mier\u0101.<\/p>\n<p>Apzin\u0101ta palik\u0161ana mier\u0101 ir liela d\u0101vana, ko varam pasniegt pa\u0161i sev. Vai tu izv\u0113l\u0113sies \u0161odien Dieva mieru?<\/p>\n<hr \/>\n<p>L\u016bg\u0161anas piem\u0113rs<\/p>\n<p>\u201cKungs, paldies, ka esi devis man Savu mieru. Kad velns cen\u0161as nozagt manu mieru, atkl\u0101j man vi\u0146a nodomus. Es vi\u0146am to ne\u013cau\u0161u. T\u0101 viet\u0101 es palik\u0161u stingri iesak\u0146ots Tev\u012b.\u201d<\/p>\n","protected":false},"excerpt":{"rendered":"<p>Atst\u0101jot \u0161o pasauli, J\u0113zus teica, ka atst\u0101j mums Savu mieru&#8230;<\/p>\n","protected":false},"author":20,"featured_media":1883,"parent":0,"menu_order":0,"comment_status":"closed","ping_status":"closed","template":"","class_list":["post-1882","devotional","type-devotional","status-publish","has-post-thumbnail","hentry"],"acf":[],"appp":{"post_detail":{"above_title":"<div class=\"post-featured-wrap\"><img width=\"960\" height=\"560\" src=\"https:\/\/tv.joycemeyer.org\/latviesu\/wp-content\/uploads\/sites\/41\/2023\/01\/1783.jpg\" class=\"post-featured wp-post-image\" alt=\"Apzin\u0101ti mier\u012bgs\" decoding=\"async\" srcset=\"https:\/\/tv.joycemeyer.org\/latviesu\/wp-content\/uploads\/sites\/41\/2023\/01\/1783.jpg 960w, https:\/\/tv.joycemeyer.org\/latviesu\/wp-content\/uploads\/sites\/41\/2023\/01\/1783-300x175.jpg 300w, https:\/\/tv.joycemeyer.org\/latviesu\/wp-content\/uploads\/sites\/41\/2023\/01\/1783-768x448.jpg 768w\" sizes=\"(max-width: 960px) 100vw, 960px\" \/><\/div>","below_content":""}},"yoast_head":"<!-- This site is optimized with the Yoast SEO plugin v27.4 - https:\/\/yoast.com\/product\/yoast-seo-wordpress\/ -->\n<title>Apzin\u0101ti mier\u012bgs - Joyce Meyer Ministries - Latviesu<\/title>\n<meta name=\"robots\" content=\"index, follow, max-snippet:-1, max-image-preview:large, max-video-preview:-1\" \/>\n<link rel=\"canonical\" href=\"https:\/\/tv.joycemeyer.org\/latviesu\/devotional\/apzinati-mierigs-2\/\" \/>\n<meta property=\"og:locale\" content=\"lv_LV\" \/>\n<meta property=\"og:type\" content=\"article\" \/>\n<meta property=\"og:title\" content=\"Apzin\u0101ti mier\u012bgs - Joyce Meyer Ministries - Latviesu\" \/>\n<meta property=\"og:description\" content=\"Atst\u0101jot \u0161o pasauli, J\u0113zus teica, ka atst\u0101j mums Savu mieru...\" \/>\n<meta property=\"og:url\" content=\"https:\/\/tv.joycemeyer.org\/latviesu\/devotional\/apzinati-mierigs-2\/\" \/>\n<meta property=\"og:site_name\" content=\"Joyce Meyer Ministries - Latviesu\" \/>\n<meta property=\"article:publisher\" content=\"https:\/\/www.facebook.com\/joycemeyerministrieslatvian\/\" \/>\n<meta property=\"article:modified_time\" content=\"2025-03-27T12:47:32+00:00\" \/>\n<meta property=\"og:image\" content=\"https:\/\/tv.joycemeyer.org\/latviesu\/wp-content\/uploads\/sites\/41\/2023\/01\/1783.jpg\" \/>\n\t<meta property=\"og:image:width\" content=\"960\" \/>\n\t<meta property=\"og:image:height\" content=\"560\" \/>\n\t<meta property=\"og:image:type\" content=\"image\/jpeg\" \/>\n<meta name=\"twitter:card\" content=\"summary_large_image\" \/>\n<meta name=\"twitter:label1\" content=\"Est. reading time\" \/>\n\t<meta name=\"twitter:data1\" content=\"2 min\u016btes\" \/>\n<script type=\"application\/ld+json\" class=\"yoast-schema-graph\">{\"@context\":\"https:\\\/\\\/schema.org\",\"@graph\":[{\"@type\":\"WebPage\",\"@id\":\"https:\\\/\\\/tv.joycemeyer.org\\\/latviesu\\\/devotional\\\/apzinati-mierigs-2\\\/\",\"url\":\"https:\\\/\\\/tv.joycemeyer.org\\\/latviesu\\\/devotional\\\/apzinati-mierigs-2\\\/\",\"name\":\"Apzin\u0101ti mier\u012bgs - Joyce Meyer Ministries - Latviesu\",\"isPartOf\":{\"@id\":\"https:\\\/\\\/tv.joycemeyer.org\\\/latviesu\\\/#website\"},\"primaryImageOfPage\":{\"@id\":\"https:\\\/\\\/tv.joycemeyer.org\\\/latviesu\\\/devotional\\\/apzinati-mierigs-2\\\/#primaryimage\"},\"image\":{\"@id\":\"https:\\\/\\\/tv.joycemeyer.org\\\/latviesu\\\/devotional\\\/apzinati-mierigs-2\\\/#primaryimage\"},\"thumbnailUrl\":\"https:\\\/\\\/tv.joycemeyer.org\\\/latviesu\\\/wp-content\\\/uploads\\\/sites\\\/41\\\/2023\\\/01\\\/1783.jpg\",\"datePublished\":\"2025-03-27T00:01:00+00:00\",\"dateModified\":\"2025-03-27T12:47:32+00:00\",\"breadcrumb\":{\"@id\":\"https:\\\/\\\/tv.joycemeyer.org\\\/latviesu\\\/devotional\\\/apzinati-mierigs-2\\\/#breadcrumb\"},\"inLanguage\":\"lv-LV\",\"potentialAction\":[{\"@type\":\"ReadAction\",\"target\":[\"https:\\\/\\\/tv.joycemeyer.org\\\/latviesu\\\/devotional\\\/apzinati-mierigs-2\\\/\"]}]},{\"@type\":\"ImageObject\",\"inLanguage\":\"lv-LV\",\"@id\":\"https:\\\/\\\/tv.joycemeyer.org\\\/latviesu\\\/devotional\\\/apzinati-mierigs-2\\\/#primaryimage\",\"url\":\"https:\\\/\\\/tv.joycemeyer.org\\\/latviesu\\\/wp-content\\\/uploads\\\/sites\\\/41\\\/2023\\\/01\\\/1783.jpg\",\"contentUrl\":\"https:\\\/\\\/tv.joycemeyer.org\\\/latviesu\\\/wp-content\\\/uploads\\\/sites\\\/41\\\/2023\\\/01\\\/1783.jpg\",\"width\":960,\"height\":560,\"caption\":\"Apzin\u0101ti mier\u012bgs\"},{\"@type\":\"BreadcrumbList\",\"@id\":\"https:\\\/\\\/tv.joycemeyer.org\\\/latviesu\\\/devotional\\\/apzinati-mierigs-2\\\/#breadcrumb\",\"itemListElement\":[{\"@type\":\"ListItem\",\"position\":1,\"name\":\"Home\",\"item\":\"https:\\\/\\\/tv.joycemeyer.org\\\/latviesu\\\/\"},{\"@type\":\"ListItem\",\"position\":2,\"name\":\"Devotional\",\"item\":\"https:\\\/\\\/tv.joycemeyer.org\\\/latviesu\\\/devotional\\\/\"},{\"@type\":\"ListItem\",\"position\":3,\"name\":\"Apzin\u0101ti mier\u012bgs\"}]},{\"@type\":\"WebSite\",\"@id\":\"https:\\\/\\\/tv.joycemeyer.org\\\/latviesu\\\/#website\",\"url\":\"https:\\\/\\\/tv.joycemeyer.org\\\/latviesu\\\/\",\"name\":\"Joyce Meyer Ministries - Latviesu\",\"description\":\"Sludin\u0101m Kristu \u2013 M\u012blam Cilv\u0113kus\",\"potentialAction\":[{\"@type\":\"SearchAction\",\"target\":{\"@type\":\"EntryPoint\",\"urlTemplate\":\"https:\\\/\\\/tv.joycemeyer.org\\\/latviesu\\\/?s={search_term_string}\"},\"query-input\":{\"@type\":\"PropertyValueSpecification\",\"valueRequired\":true,\"valueName\":\"search_term_string\"}}],\"inLanguage\":\"lv-LV\"}]}<\/script>\n<!-- \/ Yoast SEO plugin. -->","yoast_head_json":{"title":"Apzin\u0101ti mier\u012bgs - Joyce Meyer Ministries - Latviesu","robots":{"index":"index","follow":"follow","max-snippet":"max-snippet:-1","max-image-preview":"max-image-preview:large","max-video-preview":"max-video-preview:-1"},"canonical":"https:\/\/tv.joycemeyer.org\/latviesu\/devotional\/apzinati-mierigs-2\/","og_locale":"lv_LV","og_type":"article","og_title":"Apzin\u0101ti mier\u012bgs - Joyce Meyer Ministries - Latviesu","og_description":"Atst\u0101jot \u0161o pasauli, J\u0113zus teica, ka atst\u0101j mums Savu mieru...","og_url":"https:\/\/tv.joycemeyer.org\/latviesu\/devotional\/apzinati-mierigs-2\/","og_site_name":"Joyce Meyer Ministries - Latviesu","article_publisher":"https:\/\/www.facebook.com\/joycemeyerministrieslatvian\/","article_modified_time":"2025-03-27T12:47:32+00:00","og_image":[{"width":960,"height":560,"url":"https:\/\/tv.joycemeyer.org\/latviesu\/wp-content\/uploads\/sites\/41\/2023\/01\/1783.jpg","type":"image\/jpeg"}],"twitter_card":"summary_large_image","twitter_misc":{"Est. reading time":"2 min\u016btes"},"schema":{"@context":"https:\/\/schema.org","@graph":[{"@type":"WebPage","@id":"https:\/\/tv.joycemeyer.org\/latviesu\/devotional\/apzinati-mierigs-2\/","url":"https:\/\/tv.joycemeyer.org\/latviesu\/devotional\/apzinati-mierigs-2\/","name":"Apzin\u0101ti mier\u012bgs - Joyce Meyer Ministries - Latviesu","isPartOf":{"@id":"https:\/\/tv.joycemeyer.org\/latviesu\/#website"},"primaryImageOfPage":{"@id":"https:\/\/tv.joycemeyer.org\/latviesu\/devotional\/apzinati-mierigs-2\/#primaryimage"},"image":{"@id":"https:\/\/tv.joycemeyer.org\/latviesu\/devotional\/apzinati-mierigs-2\/#primaryimage"},"thumbnailUrl":"https:\/\/tv.joycemeyer.org\/latviesu\/wp-content\/uploads\/sites\/41\/2023\/01\/1783.jpg","datePublished":"2025-03-27T00:01:00+00:00","dateModified":"2025-03-27T12:47:32+00:00","breadcrumb":{"@id":"https:\/\/tv.joycemeyer.org\/latviesu\/devotional\/apzinati-mierigs-2\/#breadcrumb"},"inLanguage":"lv-LV","potentialAction":[{"@type":"ReadAction","target":["https:\/\/tv.joycemeyer.org\/latviesu\/devotional\/apzinati-mierigs-2\/"]}]},{"@type":"ImageObject","inLanguage":"lv-LV","@id":"https:\/\/tv.joycemeyer.org\/latviesu\/devotional\/apzinati-mierigs-2\/#primaryimage","url":"https:\/\/tv.joycemeyer.org\/latviesu\/wp-content\/uploads\/sites\/41\/2023\/01\/1783.jpg","contentUrl":"https:\/\/tv.joycemeyer.org\/latviesu\/wp-content\/uploads\/sites\/41\/2023\/01\/1783.jpg","width":960,"height":560,"caption":"Apzin\u0101ti mier\u012bgs"},{"@type":"BreadcrumbList","@id":"https:\/\/tv.joycemeyer.org\/latviesu\/devotional\/apzinati-mierigs-2\/#breadcrumb","itemListElement":[{"@type":"ListItem","position":1,"name":"Home","item":"https:\/\/tv.joycemeyer.org\/latviesu\/"},{"@type":"ListItem","position":2,"name":"Devotional","item":"https:\/\/tv.joycemeyer.org\/latviesu\/devotional\/"},{"@type":"ListItem","position":3,"name":"Apzin\u0101ti mier\u012bgs"}]},{"@type":"WebSite","@id":"https:\/\/tv.joycemeyer.org\/latviesu\/#website","url":"https:\/\/tv.joycemeyer.org\/latviesu\/","name":"Joyce Meyer Ministries - Latviesu","description":"Sludin\u0101m Kristu \u2013 M\u012blam Cilv\u0113kus","potentialAction":[{"@type":"SearchAction","target":{"@type":"EntryPoint","urlTemplate":"https:\/\/tv.joycemeyer.org\/latviesu\/?s={search_term_string}"},"query-input":{"@type":"PropertyValueSpecification","valueRequired":true,"valueName":"search_term_string"}}],"inLanguage":"lv-LV"}]}},"_links":{"self":[{"href":"https:\/\/tv.joycemeyer.org\/latviesu\/wp-json\/wp\/v2\/devotional\/1882","targetHints":{"allow":["GET"]}}],"collection":[{"href":"https:\/\/tv.joycemeyer.org\/latviesu\/wp-json\/wp\/v2\/devotional"}],"about":[{"href":"https:\/\/tv.joycemeyer.org\/latviesu\/wp-json\/wp\/v2\/types\/devotional"}],"author":[{"embeddable":true,"href":"https:\/\/tv.joycemeyer.org\/latviesu\/wp-json\/wp\/v2\/users\/20"}],"replies":[{"embeddable":true,"href":"https:\/\/tv.joycemeyer.org\/latviesu\/wp-json\/wp\/v2\/comments?post=1882"}],"wp:featuredmedia":[{"embeddable":true,"href":"https:\/\/tv.joycemeyer.org\/latviesu\/wp-json\/wp\/v2\/media\/1883"}],"wp:attachment":[{"href":"https:\/\/tv.joycemeyer.org\/latviesu\/wp-json\/wp\/v2\/media?parent=1882"}],"curies":[{"name":"wp","href":"https:\/\/api.w.org\/{rel}","templated":true}]}}