{"id":1935,"date":"2023-03-20T00:01:07","date_gmt":"2023-03-20T00:01:07","guid":{"rendered":"https:\/\/tv.joycemeyer.org\/latviesu\/?post_type=devotional&#038;p=1935"},"modified":"2023-03-20T11:19:54","modified_gmt":"2023-03-20T11:19:54","slug":"lugsana-vina-varda-2","status":"publish","type":"devotional","link":"https:\/\/tv.joycemeyer.org\/latviesu\/devotional\/lugsana-vina-varda-2\/","title":{"rendered":"L\u016bg\u0161ana Vi\u0146a V\u0101rd\u0101"},"content":{"rendered":"<blockquote><p>\u201c Tan\u012b dien\u0101 j\u016bs Mani vairs nejaut\u0101sit. Patiesi, patiesi Es jums saku: ja j\u016bs T\u0113vam ko l\u016bgsit, Vi\u0146\u0161 jums to dos Man\u0101 V\u0101rd\u0101. L\u012bdz \u0161im j\u016bs neko neesat l\u016bgu\u0161i Man\u0101 V\u0101rd\u0101; l\u016bdziet, tad j\u016bs dab\u016bsit, ka j\u016bsu prieks b\u016bs piln\u012bgs.\u201d \u2014 J\u0101\u0146a 16:23-24<\/p><\/blockquote>\n<p>Kad m\u016bsu jaun\u0101kais d\u0113ls v\u0113l m\u0101c\u012bj\u0101s skol\u0101 un m\u0113s ar Deivu ce\u013coj\u0101m, m\u0113s vienm\u0113r atrad\u0101m k\u0101du, kas par vi\u0146u par\u016bp\u0113tos un apr\u016bp\u0113tu. Lai nodro\u0161in\u0101tos, ka cilv\u0113ki, kuriem uztic\u0113j\u0101m sava d\u0113la apr\u016bpi savas promb\u016btnes laik\u0101, var\u0113s vi\u0146am nepiecie\u0161am\u012bbas gad\u012bjum\u0101 sniegt medic\u012bnisko apr\u016bpi, mums n\u0101c\u0101s parakst\u012bt pilnvaru, kas apliecina, ka vi\u0146iem ir ties\u012bbas lietot m\u016bsu v\u0101rdu m\u016bsu pa\u0161a d\u0113la lab\u0101; diezgan burtiski \u2013 pie\u0146emt l\u0113mumus m\u016bsu viet\u0101.<\/p>\n<p>Tie\u0161i to pa\u0161u ar\u012b izdar\u012bja J\u0113zus Saviem m\u0101cek\u013ciem, un, galu gal\u0101, it visiem, kas Vi\u0146am tic. Vi\u0146\u0161 teica, ka ikreiz, kad l\u016bgsim Vi\u0146a V\u0101rd\u0101, Dievs atbild\u0113s. L\u016bk, k\u0101da vara man un tev ir dota Vi\u0146a V\u0101rd\u0101.<\/p>\n<p>Vi\u0146a V\u0101rds ie\u0146em Vi\u0146a vietu \u2013 Vi\u0146a V\u0101rds p\u0101rst\u0101v Vi\u0146u. Kad l\u016bdzam Vi\u0146a V\u0101rd\u0101, ir t\u0101, it k\u0101 Vi\u0146\u0161 pats l\u016bgtu. \u0160\u012b privil\u0113\u0123ija \u0161\u0137iet pat p\u0101r\u0101k lieliska, lai b\u016btu patiesa! Tom\u0113r m\u0113s varam tai tic\u0113t, jo tie\u0161i to mums apliecina Raksti. T\u0101p\u0113c lieto J\u0113zus V\u0101rda varu, lieto t\u0101 sp\u0113ku, lai uzvar\u0113tu \u013cauno un nestu \u0161aj\u0101 pasaul\u0113 Dieva sv\u0113t\u012bbas.<\/p>\n<hr \/>\n<h4><strong>L\u016bg\u0161anas piem\u0113rs<\/strong><\/h4>\n<p>\u201cDievs, es l\u016bdzu drosm\u012bgi J\u0113zus v\u0101rd\u0101, zinot, ka Tu klausies un esi gatavs atbild\u0113t. Paldies par \u0161o lielisko privil\u0113\u0123iju l\u016bgt Tava D\u0113la V\u0101rd\u0101.\u201d<\/p>\n","protected":false},"excerpt":{"rendered":"<p>Vi\u0146a V\u0101rds ie\u0146em Vi\u0146a vietu \u2013 Vi\u0146a V\u0101rds p\u0101rst\u0101v Vi\u0146u.<\/p>\n","protected":false},"author":20,"featured_media":1936,"parent":0,"menu_order":0,"comment_status":"closed","ping_status":"closed","template":"","class_list":["post-1935","devotional","type-devotional","status-publish","has-post-thumbnail","hentry"],"acf":[],"appp":{"post_detail":{"above_title":"<div class=\"post-featured-wrap\"><img width=\"960\" height=\"560\" src=\"https:\/\/tv.joycemeyer.org\/latviesu\/wp-content\/uploads\/sites\/41\/2023\/02\/1769.jpg\" class=\"post-featured wp-post-image\" alt=\"L\u016bg\u0161ana Vi\u0146a V\u0101rd\u0101\" decoding=\"async\" srcset=\"https:\/\/tv.joycemeyer.org\/latviesu\/wp-content\/uploads\/sites\/41\/2023\/02\/1769.jpg 960w, https:\/\/tv.joycemeyer.org\/latviesu\/wp-content\/uploads\/sites\/41\/2023\/02\/1769-300x175.jpg 300w, https:\/\/tv.joycemeyer.org\/latviesu\/wp-content\/uploads\/sites\/41\/2023\/02\/1769-768x448.jpg 768w\" sizes=\"(max-width: 960px) 100vw, 960px\" \/><\/div>","below_content":"<div class=\"follow\"><h6 class=\"alt\">Sazinieties ar mums<\/h6><ul class=\"nav nav--social nav--flex\"><li class=\"menu-item facebook\"><a href=\"https:\/\/www.facebook.com\/joycemeyerministrieslatvian\/\" target=\"_blank\"><span class=\"visuallyhidden\">Facebook<\/span><\/a><\/li><\/ul><\/div>"}},"yoast_head":"<!-- This site is optimized with the Yoast SEO plugin v27.4 - https:\/\/yoast.com\/product\/yoast-seo-wordpress\/ -->\n<title>L\u016bg\u0161ana Vi\u0146a V\u0101rd\u0101 - Joyce Meyer Ministries - Latviesu<\/title>\n<meta name=\"robots\" content=\"index, follow, max-snippet:-1, max-image-preview:large, max-video-preview:-1\" \/>\n<link rel=\"canonical\" href=\"https:\/\/tv.joycemeyer.org\/latviesu\/devotional\/lugsana-vina-varda-2\/\" \/>\n<meta property=\"og:locale\" content=\"lv_LV\" \/>\n<meta property=\"og:type\" content=\"article\" \/>\n<meta property=\"og:title\" content=\"L\u016bg\u0161ana Vi\u0146a V\u0101rd\u0101 - Joyce Meyer Ministries - Latviesu\" \/>\n<meta property=\"og:description\" content=\"Vi\u0146a V\u0101rds ie\u0146em Vi\u0146a vietu \u2013 Vi\u0146a V\u0101rds p\u0101rst\u0101v Vi\u0146u.\" \/>\n<meta property=\"og:url\" content=\"https:\/\/tv.joycemeyer.org\/latviesu\/devotional\/lugsana-vina-varda-2\/\" \/>\n<meta property=\"og:site_name\" content=\"Joyce Meyer Ministries - Latviesu\" \/>\n<meta property=\"article:publisher\" content=\"https:\/\/www.facebook.com\/joycemeyerministrieslatvian\/\" \/>\n<meta property=\"article:modified_time\" content=\"2023-03-20T11:19:54+00:00\" \/>\n<meta property=\"og:image\" content=\"https:\/\/tv.joycemeyer.org\/latviesu\/wp-content\/uploads\/sites\/41\/2023\/02\/1769.jpg\" \/>\n\t<meta property=\"og:image:width\" content=\"960\" \/>\n\t<meta property=\"og:image:height\" content=\"560\" \/>\n\t<meta property=\"og:image:type\" content=\"image\/jpeg\" \/>\n<meta name=\"twitter:card\" content=\"summary_large_image\" \/>\n<meta name=\"twitter:label1\" content=\"Est. reading time\" \/>\n\t<meta name=\"twitter:data1\" content=\"1 min\u016bte\" \/>\n<script type=\"application\/ld+json\" class=\"yoast-schema-graph\">{\"@context\":\"https:\\\/\\\/schema.org\",\"@graph\":[{\"@type\":\"WebPage\",\"@id\":\"https:\\\/\\\/tv.joycemeyer.org\\\/latviesu\\\/devotional\\\/lugsana-vina-varda-2\\\/\",\"url\":\"https:\\\/\\\/tv.joycemeyer.org\\\/latviesu\\\/devotional\\\/lugsana-vina-varda-2\\\/\",\"name\":\"L\u016bg\u0161ana Vi\u0146a V\u0101rd\u0101 - Joyce Meyer Ministries - Latviesu\",\"isPartOf\":{\"@id\":\"https:\\\/\\\/tv.joycemeyer.org\\\/latviesu\\\/#website\"},\"primaryImageOfPage\":{\"@id\":\"https:\\\/\\\/tv.joycemeyer.org\\\/latviesu\\\/devotional\\\/lugsana-vina-varda-2\\\/#primaryimage\"},\"image\":{\"@id\":\"https:\\\/\\\/tv.joycemeyer.org\\\/latviesu\\\/devotional\\\/lugsana-vina-varda-2\\\/#primaryimage\"},\"thumbnailUrl\":\"https:\\\/\\\/tv.joycemeyer.org\\\/latviesu\\\/wp-content\\\/uploads\\\/sites\\\/41\\\/2023\\\/02\\\/1769.jpg\",\"datePublished\":\"2023-03-20T00:01:07+00:00\",\"dateModified\":\"2023-03-20T11:19:54+00:00\",\"breadcrumb\":{\"@id\":\"https:\\\/\\\/tv.joycemeyer.org\\\/latviesu\\\/devotional\\\/lugsana-vina-varda-2\\\/#breadcrumb\"},\"inLanguage\":\"lv-LV\",\"potentialAction\":[{\"@type\":\"ReadAction\",\"target\":[\"https:\\\/\\\/tv.joycemeyer.org\\\/latviesu\\\/devotional\\\/lugsana-vina-varda-2\\\/\"]}]},{\"@type\":\"ImageObject\",\"inLanguage\":\"lv-LV\",\"@id\":\"https:\\\/\\\/tv.joycemeyer.org\\\/latviesu\\\/devotional\\\/lugsana-vina-varda-2\\\/#primaryimage\",\"url\":\"https:\\\/\\\/tv.joycemeyer.org\\\/latviesu\\\/wp-content\\\/uploads\\\/sites\\\/41\\\/2023\\\/02\\\/1769.jpg\",\"contentUrl\":\"https:\\\/\\\/tv.joycemeyer.org\\\/latviesu\\\/wp-content\\\/uploads\\\/sites\\\/41\\\/2023\\\/02\\\/1769.jpg\",\"width\":960,\"height\":560,\"caption\":\"L\u016bg\u0161ana Vi\u0146a V\u0101rd\u0101\"},{\"@type\":\"BreadcrumbList\",\"@id\":\"https:\\\/\\\/tv.joycemeyer.org\\\/latviesu\\\/devotional\\\/lugsana-vina-varda-2\\\/#breadcrumb\",\"itemListElement\":[{\"@type\":\"ListItem\",\"position\":1,\"name\":\"Home\",\"item\":\"https:\\\/\\\/tv.joycemeyer.org\\\/latviesu\\\/\"},{\"@type\":\"ListItem\",\"position\":2,\"name\":\"Devotional\",\"item\":\"https:\\\/\\\/tv.joycemeyer.org\\\/latviesu\\\/devotional\\\/\"},{\"@type\":\"ListItem\",\"position\":3,\"name\":\"L\u016bg\u0161ana Vi\u0146a V\u0101rd\u0101\"}]},{\"@type\":\"WebSite\",\"@id\":\"https:\\\/\\\/tv.joycemeyer.org\\\/latviesu\\\/#website\",\"url\":\"https:\\\/\\\/tv.joycemeyer.org\\\/latviesu\\\/\",\"name\":\"Joyce Meyer Ministries - Latviesu\",\"description\":\"Sludin\u0101m Kristu \u2013 M\u012blam Cilv\u0113kus\",\"potentialAction\":[{\"@type\":\"SearchAction\",\"target\":{\"@type\":\"EntryPoint\",\"urlTemplate\":\"https:\\\/\\\/tv.joycemeyer.org\\\/latviesu\\\/?s={search_term_string}\"},\"query-input\":{\"@type\":\"PropertyValueSpecification\",\"valueRequired\":true,\"valueName\":\"search_term_string\"}}],\"inLanguage\":\"lv-LV\"}]}<\/script>\n<!-- \/ Yoast SEO plugin. -->","yoast_head_json":{"title":"L\u016bg\u0161ana Vi\u0146a V\u0101rd\u0101 - Joyce Meyer Ministries - Latviesu","robots":{"index":"index","follow":"follow","max-snippet":"max-snippet:-1","max-image-preview":"max-image-preview:large","max-video-preview":"max-video-preview:-1"},"canonical":"https:\/\/tv.joycemeyer.org\/latviesu\/devotional\/lugsana-vina-varda-2\/","og_locale":"lv_LV","og_type":"article","og_title":"L\u016bg\u0161ana Vi\u0146a V\u0101rd\u0101 - Joyce Meyer Ministries - Latviesu","og_description":"Vi\u0146a V\u0101rds ie\u0146em Vi\u0146a vietu \u2013 Vi\u0146a V\u0101rds p\u0101rst\u0101v Vi\u0146u.","og_url":"https:\/\/tv.joycemeyer.org\/latviesu\/devotional\/lugsana-vina-varda-2\/","og_site_name":"Joyce Meyer Ministries - Latviesu","article_publisher":"https:\/\/www.facebook.com\/joycemeyerministrieslatvian\/","article_modified_time":"2023-03-20T11:19:54+00:00","og_image":[{"width":960,"height":560,"url":"https:\/\/tv.joycemeyer.org\/latviesu\/wp-content\/uploads\/sites\/41\/2023\/02\/1769.jpg","type":"image\/jpeg"}],"twitter_card":"summary_large_image","twitter_misc":{"Est. reading time":"1 min\u016bte"},"schema":{"@context":"https:\/\/schema.org","@graph":[{"@type":"WebPage","@id":"https:\/\/tv.joycemeyer.org\/latviesu\/devotional\/lugsana-vina-varda-2\/","url":"https:\/\/tv.joycemeyer.org\/latviesu\/devotional\/lugsana-vina-varda-2\/","name":"L\u016bg\u0161ana Vi\u0146a V\u0101rd\u0101 - Joyce Meyer Ministries - Latviesu","isPartOf":{"@id":"https:\/\/tv.joycemeyer.org\/latviesu\/#website"},"primaryImageOfPage":{"@id":"https:\/\/tv.joycemeyer.org\/latviesu\/devotional\/lugsana-vina-varda-2\/#primaryimage"},"image":{"@id":"https:\/\/tv.joycemeyer.org\/latviesu\/devotional\/lugsana-vina-varda-2\/#primaryimage"},"thumbnailUrl":"https:\/\/tv.joycemeyer.org\/latviesu\/wp-content\/uploads\/sites\/41\/2023\/02\/1769.jpg","datePublished":"2023-03-20T00:01:07+00:00","dateModified":"2023-03-20T11:19:54+00:00","breadcrumb":{"@id":"https:\/\/tv.joycemeyer.org\/latviesu\/devotional\/lugsana-vina-varda-2\/#breadcrumb"},"inLanguage":"lv-LV","potentialAction":[{"@type":"ReadAction","target":["https:\/\/tv.joycemeyer.org\/latviesu\/devotional\/lugsana-vina-varda-2\/"]}]},{"@type":"ImageObject","inLanguage":"lv-LV","@id":"https:\/\/tv.joycemeyer.org\/latviesu\/devotional\/lugsana-vina-varda-2\/#primaryimage","url":"https:\/\/tv.joycemeyer.org\/latviesu\/wp-content\/uploads\/sites\/41\/2023\/02\/1769.jpg","contentUrl":"https:\/\/tv.joycemeyer.org\/latviesu\/wp-content\/uploads\/sites\/41\/2023\/02\/1769.jpg","width":960,"height":560,"caption":"L\u016bg\u0161ana Vi\u0146a V\u0101rd\u0101"},{"@type":"BreadcrumbList","@id":"https:\/\/tv.joycemeyer.org\/latviesu\/devotional\/lugsana-vina-varda-2\/#breadcrumb","itemListElement":[{"@type":"ListItem","position":1,"name":"Home","item":"https:\/\/tv.joycemeyer.org\/latviesu\/"},{"@type":"ListItem","position":2,"name":"Devotional","item":"https:\/\/tv.joycemeyer.org\/latviesu\/devotional\/"},{"@type":"ListItem","position":3,"name":"L\u016bg\u0161ana Vi\u0146a V\u0101rd\u0101"}]},{"@type":"WebSite","@id":"https:\/\/tv.joycemeyer.org\/latviesu\/#website","url":"https:\/\/tv.joycemeyer.org\/latviesu\/","name":"Joyce Meyer Ministries - Latviesu","description":"Sludin\u0101m Kristu \u2013 M\u012blam Cilv\u0113kus","potentialAction":[{"@type":"SearchAction","target":{"@type":"EntryPoint","urlTemplate":"https:\/\/tv.joycemeyer.org\/latviesu\/?s={search_term_string}"},"query-input":{"@type":"PropertyValueSpecification","valueRequired":true,"valueName":"search_term_string"}}],"inLanguage":"lv-LV"}]}},"_links":{"self":[{"href":"https:\/\/tv.joycemeyer.org\/latviesu\/wp-json\/wp\/v2\/devotional\/1935","targetHints":{"allow":["GET"]}}],"collection":[{"href":"https:\/\/tv.joycemeyer.org\/latviesu\/wp-json\/wp\/v2\/devotional"}],"about":[{"href":"https:\/\/tv.joycemeyer.org\/latviesu\/wp-json\/wp\/v2\/types\/devotional"}],"author":[{"embeddable":true,"href":"https:\/\/tv.joycemeyer.org\/latviesu\/wp-json\/wp\/v2\/users\/20"}],"replies":[{"embeddable":true,"href":"https:\/\/tv.joycemeyer.org\/latviesu\/wp-json\/wp\/v2\/comments?post=1935"}],"wp:featuredmedia":[{"embeddable":true,"href":"https:\/\/tv.joycemeyer.org\/latviesu\/wp-json\/wp\/v2\/media\/1936"}],"wp:attachment":[{"href":"https:\/\/tv.joycemeyer.org\/latviesu\/wp-json\/wp\/v2\/media?parent=1935"}],"curies":[{"name":"wp","href":"https:\/\/api.w.org\/{rel}","templated":true}]}}