{"id":221,"date":"2021-10-25T00:01:23","date_gmt":"2021-10-25T00:01:23","guid":{"rendered":"https:\/\/tv.joycemeyer.org\/latviesu\/?post_type=devotional&#038;p=221"},"modified":"2021-10-25T12:14:15","modified_gmt":"2021-10-25T12:14:15","slug":"esi-pasaule-nevis-no-tas","status":"publish","type":"devotional","link":"https:\/\/tv.joycemeyer.org\/latviesu\/devotional\/esi-pasaule-nevis-no-tas\/","title":{"rendered":"Esi pasaul\u0113, nevis no t\u0101s!"},"content":{"rendered":"<p><strong>\u201cEs nel\u016bdzu, lai Tu vi\u0146us pa\u0146emtu no pasaules, bet lai Tu vi\u0146us pasarg\u0101tu no \u013cauna. Vi\u0146i nav no pasaules, t\u0101pat k\u0101 Es neesmu no pasaules.\u201d <\/strong><strong>\u2014<\/strong><strong> J\u0101\u0146a 17:15-16<\/strong><\/p>\n<p>M\u016bsdien\u0101s daudzi dz\u012bvo nep\u0101rtraukt\u0101 p\u0101rslodzes st\u0101vokl\u012b, l\u012bdz p\u0113d\u0113jam izsme\u013cot savus sp\u0113kus. T\u0101 rezult\u0101t\u0101 vi\u0146i ir uz sabrukuma robe\u017eas; cilv\u0113ki ir iem\u0101c\u012bju\u0161ies sadz\u012bvot ar stresu, spiedienu, vil\u0161anos un negat\u012bvismu. Bet lab\u0101s zi\u0146as ir t\u0101s, ka m\u0113s k\u0101 kristie\u0161i, lai ar\u012b esam pasaul\u0113, tom\u0113r, saska\u0146\u0101 ar J\u0101\u0146a 17, neesam no \u0161\u012bs pasaules. Mums nav j\u0101dz\u012bvo p\u0113c pasaules sist\u0113mas noteikumiem, rea\u0123\u0113jot t\u0101pat k\u0101 rea\u0123\u0113 pasaul\u012bgi cilv\u0113ki. M\u016bsu attieksmei un pieejai b\u016btu j\u0101b\u016bt radik\u0101li at\u0161\u0137ir\u012bgai.<\/p>\n<p>Pasaule uz gr\u016bt\u012bb\u0101m rea\u0123\u0113 ar dusm\u0101m un bail\u0113m, bet J\u0101\u0146a 14:27 J\u0113zus saka, lai vairs ne\u013caujamies dusm\u0101m, skumj\u0101m un bail\u0113m. \u0160aj\u0101 pant\u0101 ir dota nor\u0101de, ka m\u016bsu attieksme var b\u016bt at\u0161\u0137ir\u012bga no t\u0101s, kas valda pasaul\u0113.<\/p>\n<p>Esmu iev\u0113rojusi, ka pareiza attieksme un pieeja var piln\u012bb\u0101 main\u012bt jebkuru situ\u0101ciju. Pareiza attieksme \u013cauj p\u0101rdabiski Dievam darboties un tev pal\u012bdz\u0113t. Pareiza attieksme \u013cauj tev b\u016bt pasaul\u0113, bet nevis no t\u0101s \u2013 pat ja t\u0101 tev ir visapk\u0101rt.<\/p>\n<p>Atceries, t\u0101p\u0113c, ka esam Krist\u016b, m\u0113s sp\u0113jam uztvert izaicin\u0101jumus mier\u012bgi un p\u0101rliecin\u0101ti.<\/p>\n<p><strong>L\u016bg\u0161anas piem\u0113rs<\/strong><\/p>\n<p><em>\u201cDievs, Tu esi teicis \u2013 lai ar\u012b es esmu pasaul\u0113, man nav j\u0101b\u016bt no t\u0101s. Es \u0161odien izv\u0113los Tavu attieksmi un dom\u0101\u0161anas veidu. Pat esot \u0161\u012bs pasaules pa\u0161\u0101 viduc\u012b, es izv\u0113los rea\u0123\u0113t uz savas dz\u012bves izaicin\u0101jumiem ar Tavu mieru un Kristus pr\u0101tu.\u201d<\/em><\/p>\n","protected":false},"excerpt":{"rendered":"<p>\u201cEs nel\u016bdzu, lai Tu vi\u0146us pa\u0146emtu no pasaules, bet lai Tu vi\u0146us pasarg\u0101tu no \u013cauna. Vi\u0146i nav no pasaules, t\u0101pat k\u0101 Es neesmu no pasaules.\u201d \u2014 J\u0101\u0146a 17:15-16 M\u016bsdien\u0101s daudzi dz\u012bvo nep\u0101rtraukt\u0101 p\u0101rslodzes st\u0101vokl\u012b, l\u012bdz p\u0113d\u0113jam izsme\u013cot savus sp\u0113kus. T\u0101 rezult\u0101t\u0101 vi\u0146i ir uz sabrukuma robe\u017eas; cilv\u0113ki ir iem\u0101c\u012bju\u0161ies sadz\u012bvot ar stresu, spiedienu, vil\u0161anos un&#8230;<\/p>\n","protected":false},"author":15,"featured_media":222,"parent":0,"menu_order":0,"comment_status":"closed","ping_status":"closed","template":"","class_list":["post-221","devotional","type-devotional","status-publish","has-post-thumbnail","hentry"],"acf":[],"appp":{"post_detail":{"above_title":"<div class=\"post-featured-wrap\"><img width=\"960\" height=\"540\" src=\"https:\/\/tv.joycemeyer.org\/latviesu\/wp-content\/uploads\/sites\/41\/2020\/10\/252.jpg\" class=\"post-featured wp-post-image\" alt=\"\" decoding=\"async\" srcset=\"https:\/\/tv.joycemeyer.org\/latviesu\/wp-content\/uploads\/sites\/41\/2020\/10\/252.jpg 960w, https:\/\/tv.joycemeyer.org\/latviesu\/wp-content\/uploads\/sites\/41\/2020\/10\/252-300x169.jpg 300w, https:\/\/tv.joycemeyer.org\/latviesu\/wp-content\/uploads\/sites\/41\/2020\/10\/252-768x432.jpg 768w, https:\/\/tv.joycemeyer.org\/latviesu\/wp-content\/uploads\/sites\/41\/2020\/10\/252-640x360.jpg 640w\" sizes=\"(max-width: 960px) 100vw, 960px\" \/><\/div>","below_content":""}},"yoast_head":"<!-- This site is optimized with the Yoast SEO plugin v27.4 - https:\/\/yoast.com\/product\/yoast-seo-wordpress\/ -->\n<title>Esi pasaul\u0113, nevis no t\u0101s! - Joyce Meyer Ministries - Latviesu<\/title>\n<meta name=\"robots\" content=\"index, follow, max-snippet:-1, max-image-preview:large, max-video-preview:-1\" \/>\n<link rel=\"canonical\" href=\"https:\/\/tv.joycemeyer.org\/latviesu\/devotional\/esi-pasaule-nevis-no-tas\/\" \/>\n<meta property=\"og:locale\" content=\"lv_LV\" \/>\n<meta property=\"og:type\" content=\"article\" \/>\n<meta property=\"og:title\" content=\"Esi pasaul\u0113, nevis no t\u0101s! - Joyce Meyer Ministries - Latviesu\" \/>\n<meta property=\"og:description\" content=\"\u201cEs nel\u016bdzu, lai Tu vi\u0146us pa\u0146emtu no pasaules, bet lai Tu vi\u0146us pasarg\u0101tu no \u013cauna. Vi\u0146i nav no pasaules, t\u0101pat k\u0101 Es neesmu no pasaules.\u201d \u2014 J\u0101\u0146a 17:15-16 M\u016bsdien\u0101s daudzi dz\u012bvo nep\u0101rtraukt\u0101 p\u0101rslodzes st\u0101vokl\u012b, l\u012bdz p\u0113d\u0113jam izsme\u013cot savus sp\u0113kus. T\u0101 rezult\u0101t\u0101 vi\u0146i ir uz sabrukuma robe\u017eas; cilv\u0113ki ir iem\u0101c\u012bju\u0161ies sadz\u012bvot ar stresu, spiedienu, vil\u0161anos un...\" \/>\n<meta property=\"og:url\" content=\"https:\/\/tv.joycemeyer.org\/latviesu\/devotional\/esi-pasaule-nevis-no-tas\/\" \/>\n<meta property=\"og:site_name\" content=\"Joyce Meyer Ministries - Latviesu\" \/>\n<meta property=\"article:publisher\" content=\"https:\/\/www.facebook.com\/joycemeyerministrieslatvian\/\" \/>\n<meta property=\"article:modified_time\" content=\"2021-10-25T12:14:15+00:00\" \/>\n<meta property=\"og:image\" content=\"https:\/\/tv.joycemeyer.org\/latviesu\/wp-content\/uploads\/sites\/41\/2020\/10\/252.jpg\" \/>\n\t<meta property=\"og:image:width\" content=\"960\" \/>\n\t<meta property=\"og:image:height\" content=\"540\" \/>\n\t<meta property=\"og:image:type\" content=\"image\/jpeg\" \/>\n<meta name=\"twitter:card\" content=\"summary_large_image\" \/>\n<meta name=\"twitter:label1\" content=\"Est. reading time\" \/>\n\t<meta name=\"twitter:data1\" content=\"2 min\u016btes\" \/>\n<script type=\"application\/ld+json\" class=\"yoast-schema-graph\">{\"@context\":\"https:\\\/\\\/schema.org\",\"@graph\":[{\"@type\":\"WebPage\",\"@id\":\"https:\\\/\\\/tv.joycemeyer.org\\\/latviesu\\\/devotional\\\/esi-pasaule-nevis-no-tas\\\/\",\"url\":\"https:\\\/\\\/tv.joycemeyer.org\\\/latviesu\\\/devotional\\\/esi-pasaule-nevis-no-tas\\\/\",\"name\":\"Esi pasaul\u0113, nevis no t\u0101s! - Joyce Meyer Ministries - Latviesu\",\"isPartOf\":{\"@id\":\"https:\\\/\\\/tv.joycemeyer.org\\\/latviesu\\\/#website\"},\"primaryImageOfPage\":{\"@id\":\"https:\\\/\\\/tv.joycemeyer.org\\\/latviesu\\\/devotional\\\/esi-pasaule-nevis-no-tas\\\/#primaryimage\"},\"image\":{\"@id\":\"https:\\\/\\\/tv.joycemeyer.org\\\/latviesu\\\/devotional\\\/esi-pasaule-nevis-no-tas\\\/#primaryimage\"},\"thumbnailUrl\":\"https:\\\/\\\/tv.joycemeyer.org\\\/latviesu\\\/wp-content\\\/uploads\\\/sites\\\/41\\\/2020\\\/10\\\/252.jpg\",\"datePublished\":\"2021-10-25T00:01:23+00:00\",\"dateModified\":\"2021-10-25T12:14:15+00:00\",\"breadcrumb\":{\"@id\":\"https:\\\/\\\/tv.joycemeyer.org\\\/latviesu\\\/devotional\\\/esi-pasaule-nevis-no-tas\\\/#breadcrumb\"},\"inLanguage\":\"lv-LV\",\"potentialAction\":[{\"@type\":\"ReadAction\",\"target\":[\"https:\\\/\\\/tv.joycemeyer.org\\\/latviesu\\\/devotional\\\/esi-pasaule-nevis-no-tas\\\/\"]}]},{\"@type\":\"ImageObject\",\"inLanguage\":\"lv-LV\",\"@id\":\"https:\\\/\\\/tv.joycemeyer.org\\\/latviesu\\\/devotional\\\/esi-pasaule-nevis-no-tas\\\/#primaryimage\",\"url\":\"https:\\\/\\\/tv.joycemeyer.org\\\/latviesu\\\/wp-content\\\/uploads\\\/sites\\\/41\\\/2020\\\/10\\\/252.jpg\",\"contentUrl\":\"https:\\\/\\\/tv.joycemeyer.org\\\/latviesu\\\/wp-content\\\/uploads\\\/sites\\\/41\\\/2020\\\/10\\\/252.jpg\",\"width\":960,\"height\":540,\"caption\":\"Esi pasaul\u0113, nevis no t\u0101s!\"},{\"@type\":\"BreadcrumbList\",\"@id\":\"https:\\\/\\\/tv.joycemeyer.org\\\/latviesu\\\/devotional\\\/esi-pasaule-nevis-no-tas\\\/#breadcrumb\",\"itemListElement\":[{\"@type\":\"ListItem\",\"position\":1,\"name\":\"Home\",\"item\":\"https:\\\/\\\/tv.joycemeyer.org\\\/latviesu\\\/\"},{\"@type\":\"ListItem\",\"position\":2,\"name\":\"Devotional\",\"item\":\"https:\\\/\\\/tv.joycemeyer.org\\\/latviesu\\\/devotional\\\/\"},{\"@type\":\"ListItem\",\"position\":3,\"name\":\"Esi pasaul\u0113, nevis no t\u0101s!\"}]},{\"@type\":\"WebSite\",\"@id\":\"https:\\\/\\\/tv.joycemeyer.org\\\/latviesu\\\/#website\",\"url\":\"https:\\\/\\\/tv.joycemeyer.org\\\/latviesu\\\/\",\"name\":\"Joyce Meyer Ministries - Latviesu\",\"description\":\"Sludin\u0101m Kristu \u2013 M\u012blam Cilv\u0113kus\",\"potentialAction\":[{\"@type\":\"SearchAction\",\"target\":{\"@type\":\"EntryPoint\",\"urlTemplate\":\"https:\\\/\\\/tv.joycemeyer.org\\\/latviesu\\\/?s={search_term_string}\"},\"query-input\":{\"@type\":\"PropertyValueSpecification\",\"valueRequired\":true,\"valueName\":\"search_term_string\"}}],\"inLanguage\":\"lv-LV\"}]}<\/script>\n<!-- \/ Yoast SEO plugin. -->","yoast_head_json":{"title":"Esi pasaul\u0113, nevis no t\u0101s! - Joyce Meyer Ministries - Latviesu","robots":{"index":"index","follow":"follow","max-snippet":"max-snippet:-1","max-image-preview":"max-image-preview:large","max-video-preview":"max-video-preview:-1"},"canonical":"https:\/\/tv.joycemeyer.org\/latviesu\/devotional\/esi-pasaule-nevis-no-tas\/","og_locale":"lv_LV","og_type":"article","og_title":"Esi pasaul\u0113, nevis no t\u0101s! - Joyce Meyer Ministries - Latviesu","og_description":"\u201cEs nel\u016bdzu, lai Tu vi\u0146us pa\u0146emtu no pasaules, bet lai Tu vi\u0146us pasarg\u0101tu no \u013cauna. Vi\u0146i nav no pasaules, t\u0101pat k\u0101 Es neesmu no pasaules.\u201d \u2014 J\u0101\u0146a 17:15-16 M\u016bsdien\u0101s daudzi dz\u012bvo nep\u0101rtraukt\u0101 p\u0101rslodzes st\u0101vokl\u012b, l\u012bdz p\u0113d\u0113jam izsme\u013cot savus sp\u0113kus. T\u0101 rezult\u0101t\u0101 vi\u0146i ir uz sabrukuma robe\u017eas; cilv\u0113ki ir iem\u0101c\u012bju\u0161ies sadz\u012bvot ar stresu, spiedienu, vil\u0161anos un...","og_url":"https:\/\/tv.joycemeyer.org\/latviesu\/devotional\/esi-pasaule-nevis-no-tas\/","og_site_name":"Joyce Meyer Ministries - Latviesu","article_publisher":"https:\/\/www.facebook.com\/joycemeyerministrieslatvian\/","article_modified_time":"2021-10-25T12:14:15+00:00","og_image":[{"width":960,"height":540,"url":"https:\/\/tv.joycemeyer.org\/latviesu\/wp-content\/uploads\/sites\/41\/2020\/10\/252.jpg","type":"image\/jpeg"}],"twitter_card":"summary_large_image","twitter_misc":{"Est. reading time":"2 min\u016btes"},"schema":{"@context":"https:\/\/schema.org","@graph":[{"@type":"WebPage","@id":"https:\/\/tv.joycemeyer.org\/latviesu\/devotional\/esi-pasaule-nevis-no-tas\/","url":"https:\/\/tv.joycemeyer.org\/latviesu\/devotional\/esi-pasaule-nevis-no-tas\/","name":"Esi pasaul\u0113, nevis no t\u0101s! - Joyce Meyer Ministries - Latviesu","isPartOf":{"@id":"https:\/\/tv.joycemeyer.org\/latviesu\/#website"},"primaryImageOfPage":{"@id":"https:\/\/tv.joycemeyer.org\/latviesu\/devotional\/esi-pasaule-nevis-no-tas\/#primaryimage"},"image":{"@id":"https:\/\/tv.joycemeyer.org\/latviesu\/devotional\/esi-pasaule-nevis-no-tas\/#primaryimage"},"thumbnailUrl":"https:\/\/tv.joycemeyer.org\/latviesu\/wp-content\/uploads\/sites\/41\/2020\/10\/252.jpg","datePublished":"2021-10-25T00:01:23+00:00","dateModified":"2021-10-25T12:14:15+00:00","breadcrumb":{"@id":"https:\/\/tv.joycemeyer.org\/latviesu\/devotional\/esi-pasaule-nevis-no-tas\/#breadcrumb"},"inLanguage":"lv-LV","potentialAction":[{"@type":"ReadAction","target":["https:\/\/tv.joycemeyer.org\/latviesu\/devotional\/esi-pasaule-nevis-no-tas\/"]}]},{"@type":"ImageObject","inLanguage":"lv-LV","@id":"https:\/\/tv.joycemeyer.org\/latviesu\/devotional\/esi-pasaule-nevis-no-tas\/#primaryimage","url":"https:\/\/tv.joycemeyer.org\/latviesu\/wp-content\/uploads\/sites\/41\/2020\/10\/252.jpg","contentUrl":"https:\/\/tv.joycemeyer.org\/latviesu\/wp-content\/uploads\/sites\/41\/2020\/10\/252.jpg","width":960,"height":540,"caption":"Esi pasaul\u0113, nevis no t\u0101s!"},{"@type":"BreadcrumbList","@id":"https:\/\/tv.joycemeyer.org\/latviesu\/devotional\/esi-pasaule-nevis-no-tas\/#breadcrumb","itemListElement":[{"@type":"ListItem","position":1,"name":"Home","item":"https:\/\/tv.joycemeyer.org\/latviesu\/"},{"@type":"ListItem","position":2,"name":"Devotional","item":"https:\/\/tv.joycemeyer.org\/latviesu\/devotional\/"},{"@type":"ListItem","position":3,"name":"Esi pasaul\u0113, nevis no t\u0101s!"}]},{"@type":"WebSite","@id":"https:\/\/tv.joycemeyer.org\/latviesu\/#website","url":"https:\/\/tv.joycemeyer.org\/latviesu\/","name":"Joyce Meyer Ministries - Latviesu","description":"Sludin\u0101m Kristu \u2013 M\u012blam Cilv\u0113kus","potentialAction":[{"@type":"SearchAction","target":{"@type":"EntryPoint","urlTemplate":"https:\/\/tv.joycemeyer.org\/latviesu\/?s={search_term_string}"},"query-input":{"@type":"PropertyValueSpecification","valueRequired":true,"valueName":"search_term_string"}}],"inLanguage":"lv-LV"}]}},"_links":{"self":[{"href":"https:\/\/tv.joycemeyer.org\/latviesu\/wp-json\/wp\/v2\/devotional\/221","targetHints":{"allow":["GET"]}}],"collection":[{"href":"https:\/\/tv.joycemeyer.org\/latviesu\/wp-json\/wp\/v2\/devotional"}],"about":[{"href":"https:\/\/tv.joycemeyer.org\/latviesu\/wp-json\/wp\/v2\/types\/devotional"}],"author":[{"embeddable":true,"href":"https:\/\/tv.joycemeyer.org\/latviesu\/wp-json\/wp\/v2\/users\/15"}],"replies":[{"embeddable":true,"href":"https:\/\/tv.joycemeyer.org\/latviesu\/wp-json\/wp\/v2\/comments?post=221"}],"wp:featuredmedia":[{"embeddable":true,"href":"https:\/\/tv.joycemeyer.org\/latviesu\/wp-json\/wp\/v2\/media\/222"}],"wp:attachment":[{"href":"https:\/\/tv.joycemeyer.org\/latviesu\/wp-json\/wp\/v2\/media?parent=221"}],"curies":[{"name":"wp","href":"https:\/\/api.w.org\/{rel}","templated":true}]}}