{"id":2243,"date":"2025-08-02T00:01:45","date_gmt":"2025-08-02T00:01:45","guid":{"rendered":"https:\/\/tv.joycemeyer.org\/latviesu\/?post_type=devotional&#038;p=2243"},"modified":"2025-06-05T14:22:10","modified_gmt":"2025-06-05T14:22:10","slug":"dzenies-pec-miera-2","status":"publish","type":"devotional","link":"https:\/\/tv.joycemeyer.org\/latviesu\/devotional\/dzenies-pec-miera-2\/","title":{"rendered":"Dzenies p\u0113c miera!"},"content":{"rendered":"<blockquote><p>\u201cNov\u0113rsies no \u013cauna un dari labu! Mekl\u0113 mieru un dzenies p\u0113c t\u0101!\u201d \u2014 Psalms 34:15<\/p><\/blockquote>\n<p>Kas tev liek zaud\u0113t mieru? Tas var b\u016bt jebkas \u2013 kav\u0113\u0161an\u0101s, satiksmes sastr\u0113gumi, izlieta kafija. Tie\u0161i t\u0101p\u0113c ir tik svar\u012bgi katru dienu vingrin\u0101ties dz\u012bvot mier\u0101. Piem\u0113ram, tev j\u0101nolemj, kad ir \u012bstais br\u012bdis aizv\u0113rt savu muti vai nepatur\u0113t sev\u012b aizkaitin\u0101jumu. T\u0101pat tev j\u0101pie\u0146em, ka reiz\u0113m tev nav taisn\u012bba, un tas ir norm\u0101li.<\/p>\n<p>Tu nevari s\u0113d\u0113t rokas kl\u0113p\u012b salicis, v\u0113l\u0113damies, ka velns vienk\u0101r\u0161i tevi atst\u0101s mier\u0101, un apk\u0101rt\u0113jie beidzot s\u0101ks dar\u012bt to, ko tu v\u0113lies. B\u012bbel\u0113 m\u0113s tiekam aicin\u0101ti akt\u012bvi dz\u012bties p\u0113c miera. Tev j\u0101ielai\u017e sav\u0101 pr\u0101t\u0101 ilgas akt\u012bvi dz\u012bties p\u0113c t\u0101.<\/p>\n<p>Lai Dieva V\u0101rds m\u016bsu dz\u012bv\u0113 var\u0113tu nest aug\u013cus, tam j\u0101tiek ies\u0113tam mierpiln\u0101 sird\u012b. Visiem tic\u012bgajiem ir uzdevums saglab\u0101t miera garu, lai Dievs var\u0113tu m\u016bsos un caur mums izplat\u012bt Savu V\u0101rdu.<\/p>\n<p>Vai tu ilgojies sav\u0101 dz\u012bv\u0113 p\u0113c izlau\u0161an\u0101s, bet no p\u0101rmai\u0146\u0101m nav ne mi\u0146as? Iesp\u0113jams, tas ir t\u0101p\u0113c, ka tu nedz\u012bvo mier\u0101. Es mudinu tevi \u2013 ilgojies p\u0113c miera, mekl\u0113 to un dzenies p\u0113c t\u0101 ar visu savu sp\u0113ku!<\/p>\n<hr \/>\n<p>L\u016bg\u0161anas piem\u0113rs<\/p>\n<p>\u201cKungs, es vairs nevaru neko nedar\u012bt, gaidot, ka miers atn\u0101ks pats no sevis. Es gribu akt\u012bvi p\u0113c t\u0101 dz\u012bties. Par\u0101di man, k\u0101 dz\u012bties p\u0113c Tava miera.\u201d<\/p>\n","protected":false},"excerpt":{"rendered":"<p>Es mudinu tevi \u2013 ilgojies p\u0113c miera, mekl\u0113 to un dzenies p\u0113c t\u0101 ar visu savu sp\u0113ku!<\/p>\n","protected":false},"author":20,"featured_media":2244,"parent":0,"menu_order":0,"comment_status":"closed","ping_status":"closed","template":"","class_list":["post-2243","devotional","type-devotional","status-publish","has-post-thumbnail","hentry"],"acf":[],"appp":{"post_detail":{"above_title":"<div class=\"post-featured-wrap\"><img width=\"1024\" height=\"597\" src=\"https:\/\/tv.joycemeyer.org\/latviesu\/wp-content\/uploads\/sites\/41\/2023\/07\/2109-1024x597.jpg\" class=\"post-featured wp-post-image\" alt=\"Dzenies p\u0113c miera!\" decoding=\"async\" srcset=\"https:\/\/tv.joycemeyer.org\/latviesu\/wp-content\/uploads\/sites\/41\/2023\/07\/2109-1024x597.jpg 1024w, https:\/\/tv.joycemeyer.org\/latviesu\/wp-content\/uploads\/sites\/41\/2023\/07\/2109-300x175.jpg 300w, https:\/\/tv.joycemeyer.org\/latviesu\/wp-content\/uploads\/sites\/41\/2023\/07\/2109-768x448.jpg 768w, https:\/\/tv.joycemeyer.org\/latviesu\/wp-content\/uploads\/sites\/41\/2023\/07\/2109-1536x896.jpg 1536w, https:\/\/tv.joycemeyer.org\/latviesu\/wp-content\/uploads\/sites\/41\/2023\/07\/2109.jpg 1800w\" sizes=\"(max-width: 1024px) 100vw, 1024px\" \/><\/div>","below_content":"<div class=\"follow\"><h6 class=\"alt\">Sazinieties ar mums<\/h6><ul class=\"nav nav--social nav--flex\"><li class=\"menu-item facebook\"><a href=\"https:\/\/www.facebook.com\/joycemeyerministrieslatvian\/\" target=\"_blank\"><span class=\"visuallyhidden\">Facebook<\/span><\/a><\/li><\/ul><\/div>"}},"yoast_head":"<!-- This site is optimized with the Yoast SEO plugin v27.4 - https:\/\/yoast.com\/product\/yoast-seo-wordpress\/ -->\n<title>Dzenies p\u0113c miera! - Joyce Meyer Ministries - Latviesu<\/title>\n<meta name=\"robots\" content=\"index, follow, max-snippet:-1, max-image-preview:large, max-video-preview:-1\" \/>\n<link rel=\"canonical\" href=\"https:\/\/tv.joycemeyer.org\/latviesu\/devotional\/dzenies-pec-miera-2\/\" \/>\n<meta property=\"og:locale\" content=\"lv_LV\" \/>\n<meta property=\"og:type\" content=\"article\" \/>\n<meta property=\"og:title\" content=\"Dzenies p\u0113c miera! - Joyce Meyer Ministries - Latviesu\" \/>\n<meta property=\"og:description\" content=\"Es mudinu tevi \u2013 ilgojies p\u0113c miera, mekl\u0113 to un dzenies p\u0113c t\u0101 ar visu savu sp\u0113ku!\" \/>\n<meta property=\"og:url\" content=\"https:\/\/tv.joycemeyer.org\/latviesu\/devotional\/dzenies-pec-miera-2\/\" \/>\n<meta property=\"og:site_name\" content=\"Joyce Meyer Ministries - Latviesu\" \/>\n<meta property=\"article:publisher\" content=\"https:\/\/www.facebook.com\/joycemeyerministrieslatvian\/\" \/>\n<meta property=\"og:image\" content=\"https:\/\/tv.joycemeyer.org\/latviesu\/wp-content\/uploads\/sites\/41\/2023\/07\/2109.jpg\" \/>\n\t<meta property=\"og:image:width\" content=\"1800\" \/>\n\t<meta property=\"og:image:height\" content=\"1050\" \/>\n\t<meta property=\"og:image:type\" content=\"image\/jpeg\" \/>\n<meta name=\"twitter:card\" content=\"summary_large_image\" \/>\n<meta name=\"twitter:label1\" content=\"Est. reading time\" \/>\n\t<meta name=\"twitter:data1\" content=\"2 min\u016btes\" \/>\n<script type=\"application\/ld+json\" class=\"yoast-schema-graph\">{\"@context\":\"https:\\\/\\\/schema.org\",\"@graph\":[{\"@type\":\"WebPage\",\"@id\":\"https:\\\/\\\/tv.joycemeyer.org\\\/latviesu\\\/devotional\\\/dzenies-pec-miera-2\\\/\",\"url\":\"https:\\\/\\\/tv.joycemeyer.org\\\/latviesu\\\/devotional\\\/dzenies-pec-miera-2\\\/\",\"name\":\"Dzenies p\u0113c miera! - Joyce Meyer Ministries - Latviesu\",\"isPartOf\":{\"@id\":\"https:\\\/\\\/tv.joycemeyer.org\\\/latviesu\\\/#website\"},\"primaryImageOfPage\":{\"@id\":\"https:\\\/\\\/tv.joycemeyer.org\\\/latviesu\\\/devotional\\\/dzenies-pec-miera-2\\\/#primaryimage\"},\"image\":{\"@id\":\"https:\\\/\\\/tv.joycemeyer.org\\\/latviesu\\\/devotional\\\/dzenies-pec-miera-2\\\/#primaryimage\"},\"thumbnailUrl\":\"https:\\\/\\\/tv.joycemeyer.org\\\/latviesu\\\/wp-content\\\/uploads\\\/sites\\\/41\\\/2023\\\/07\\\/2109.jpg\",\"datePublished\":\"2025-08-02T00:01:45+00:00\",\"breadcrumb\":{\"@id\":\"https:\\\/\\\/tv.joycemeyer.org\\\/latviesu\\\/devotional\\\/dzenies-pec-miera-2\\\/#breadcrumb\"},\"inLanguage\":\"lv-LV\",\"potentialAction\":[{\"@type\":\"ReadAction\",\"target\":[\"https:\\\/\\\/tv.joycemeyer.org\\\/latviesu\\\/devotional\\\/dzenies-pec-miera-2\\\/\"]}]},{\"@type\":\"ImageObject\",\"inLanguage\":\"lv-LV\",\"@id\":\"https:\\\/\\\/tv.joycemeyer.org\\\/latviesu\\\/devotional\\\/dzenies-pec-miera-2\\\/#primaryimage\",\"url\":\"https:\\\/\\\/tv.joycemeyer.org\\\/latviesu\\\/wp-content\\\/uploads\\\/sites\\\/41\\\/2023\\\/07\\\/2109.jpg\",\"contentUrl\":\"https:\\\/\\\/tv.joycemeyer.org\\\/latviesu\\\/wp-content\\\/uploads\\\/sites\\\/41\\\/2023\\\/07\\\/2109.jpg\",\"width\":1800,\"height\":1050,\"caption\":\"Dzenies p\u0113c miera!\"},{\"@type\":\"BreadcrumbList\",\"@id\":\"https:\\\/\\\/tv.joycemeyer.org\\\/latviesu\\\/devotional\\\/dzenies-pec-miera-2\\\/#breadcrumb\",\"itemListElement\":[{\"@type\":\"ListItem\",\"position\":1,\"name\":\"Home\",\"item\":\"https:\\\/\\\/tv.joycemeyer.org\\\/latviesu\\\/\"},{\"@type\":\"ListItem\",\"position\":2,\"name\":\"Devotional\",\"item\":\"https:\\\/\\\/tv.joycemeyer.org\\\/latviesu\\\/devotional\\\/\"},{\"@type\":\"ListItem\",\"position\":3,\"name\":\"Dzenies p\u0113c miera!\"}]},{\"@type\":\"WebSite\",\"@id\":\"https:\\\/\\\/tv.joycemeyer.org\\\/latviesu\\\/#website\",\"url\":\"https:\\\/\\\/tv.joycemeyer.org\\\/latviesu\\\/\",\"name\":\"Joyce Meyer Ministries - Latviesu\",\"description\":\"Sludin\u0101m Kristu \u2013 M\u012blam Cilv\u0113kus\",\"potentialAction\":[{\"@type\":\"SearchAction\",\"target\":{\"@type\":\"EntryPoint\",\"urlTemplate\":\"https:\\\/\\\/tv.joycemeyer.org\\\/latviesu\\\/?s={search_term_string}\"},\"query-input\":{\"@type\":\"PropertyValueSpecification\",\"valueRequired\":true,\"valueName\":\"search_term_string\"}}],\"inLanguage\":\"lv-LV\"}]}<\/script>\n<!-- \/ Yoast SEO plugin. -->","yoast_head_json":{"title":"Dzenies p\u0113c miera! - Joyce Meyer Ministries - Latviesu","robots":{"index":"index","follow":"follow","max-snippet":"max-snippet:-1","max-image-preview":"max-image-preview:large","max-video-preview":"max-video-preview:-1"},"canonical":"https:\/\/tv.joycemeyer.org\/latviesu\/devotional\/dzenies-pec-miera-2\/","og_locale":"lv_LV","og_type":"article","og_title":"Dzenies p\u0113c miera! - Joyce Meyer Ministries - Latviesu","og_description":"Es mudinu tevi \u2013 ilgojies p\u0113c miera, mekl\u0113 to un dzenies p\u0113c t\u0101 ar visu savu sp\u0113ku!","og_url":"https:\/\/tv.joycemeyer.org\/latviesu\/devotional\/dzenies-pec-miera-2\/","og_site_name":"Joyce Meyer Ministries - Latviesu","article_publisher":"https:\/\/www.facebook.com\/joycemeyerministrieslatvian\/","og_image":[{"width":1800,"height":1050,"url":"https:\/\/tv.joycemeyer.org\/latviesu\/wp-content\/uploads\/sites\/41\/2023\/07\/2109.jpg","type":"image\/jpeg"}],"twitter_card":"summary_large_image","twitter_misc":{"Est. reading time":"2 min\u016btes"},"schema":{"@context":"https:\/\/schema.org","@graph":[{"@type":"WebPage","@id":"https:\/\/tv.joycemeyer.org\/latviesu\/devotional\/dzenies-pec-miera-2\/","url":"https:\/\/tv.joycemeyer.org\/latviesu\/devotional\/dzenies-pec-miera-2\/","name":"Dzenies p\u0113c miera! - Joyce Meyer Ministries - Latviesu","isPartOf":{"@id":"https:\/\/tv.joycemeyer.org\/latviesu\/#website"},"primaryImageOfPage":{"@id":"https:\/\/tv.joycemeyer.org\/latviesu\/devotional\/dzenies-pec-miera-2\/#primaryimage"},"image":{"@id":"https:\/\/tv.joycemeyer.org\/latviesu\/devotional\/dzenies-pec-miera-2\/#primaryimage"},"thumbnailUrl":"https:\/\/tv.joycemeyer.org\/latviesu\/wp-content\/uploads\/sites\/41\/2023\/07\/2109.jpg","datePublished":"2025-08-02T00:01:45+00:00","breadcrumb":{"@id":"https:\/\/tv.joycemeyer.org\/latviesu\/devotional\/dzenies-pec-miera-2\/#breadcrumb"},"inLanguage":"lv-LV","potentialAction":[{"@type":"ReadAction","target":["https:\/\/tv.joycemeyer.org\/latviesu\/devotional\/dzenies-pec-miera-2\/"]}]},{"@type":"ImageObject","inLanguage":"lv-LV","@id":"https:\/\/tv.joycemeyer.org\/latviesu\/devotional\/dzenies-pec-miera-2\/#primaryimage","url":"https:\/\/tv.joycemeyer.org\/latviesu\/wp-content\/uploads\/sites\/41\/2023\/07\/2109.jpg","contentUrl":"https:\/\/tv.joycemeyer.org\/latviesu\/wp-content\/uploads\/sites\/41\/2023\/07\/2109.jpg","width":1800,"height":1050,"caption":"Dzenies p\u0113c miera!"},{"@type":"BreadcrumbList","@id":"https:\/\/tv.joycemeyer.org\/latviesu\/devotional\/dzenies-pec-miera-2\/#breadcrumb","itemListElement":[{"@type":"ListItem","position":1,"name":"Home","item":"https:\/\/tv.joycemeyer.org\/latviesu\/"},{"@type":"ListItem","position":2,"name":"Devotional","item":"https:\/\/tv.joycemeyer.org\/latviesu\/devotional\/"},{"@type":"ListItem","position":3,"name":"Dzenies p\u0113c miera!"}]},{"@type":"WebSite","@id":"https:\/\/tv.joycemeyer.org\/latviesu\/#website","url":"https:\/\/tv.joycemeyer.org\/latviesu\/","name":"Joyce Meyer Ministries - Latviesu","description":"Sludin\u0101m Kristu \u2013 M\u012blam Cilv\u0113kus","potentialAction":[{"@type":"SearchAction","target":{"@type":"EntryPoint","urlTemplate":"https:\/\/tv.joycemeyer.org\/latviesu\/?s={search_term_string}"},"query-input":{"@type":"PropertyValueSpecification","valueRequired":true,"valueName":"search_term_string"}}],"inLanguage":"lv-LV"}]}},"_links":{"self":[{"href":"https:\/\/tv.joycemeyer.org\/latviesu\/wp-json\/wp\/v2\/devotional\/2243","targetHints":{"allow":["GET"]}}],"collection":[{"href":"https:\/\/tv.joycemeyer.org\/latviesu\/wp-json\/wp\/v2\/devotional"}],"about":[{"href":"https:\/\/tv.joycemeyer.org\/latviesu\/wp-json\/wp\/v2\/types\/devotional"}],"author":[{"embeddable":true,"href":"https:\/\/tv.joycemeyer.org\/latviesu\/wp-json\/wp\/v2\/users\/20"}],"replies":[{"embeddable":true,"href":"https:\/\/tv.joycemeyer.org\/latviesu\/wp-json\/wp\/v2\/comments?post=2243"}],"wp:featuredmedia":[{"embeddable":true,"href":"https:\/\/tv.joycemeyer.org\/latviesu\/wp-json\/wp\/v2\/media\/2244"}],"wp:attachment":[{"href":"https:\/\/tv.joycemeyer.org\/latviesu\/wp-json\/wp\/v2\/media?parent=2243"}],"curies":[{"name":"wp","href":"https:\/\/api.w.org\/{rel}","templated":true}]}}