{"id":2534,"date":"2025-11-27T00:01:21","date_gmt":"2025-11-27T00:01:21","guid":{"rendered":"https:\/\/tv.joycemeyer.org\/latviesu\/?post_type=devotional&#038;p=2534"},"modified":"2025-06-05T17:49:42","modified_gmt":"2025-06-05T17:49:42","slug":"lugsana-raizes-2","status":"publish","type":"devotional","link":"https:\/\/tv.joycemeyer.org\/latviesu\/devotional\/lugsana-raizes-2\/","title":{"rendered":"L\u016bg\u0161ana raiz\u0113s"},"content":{"rendered":"<blockquote>\n<p class=\"p1\">\u201cNez\u016bdaities nemaz, bet j\u016bsu l\u016bgumi lai n\u0101k zin\u0101mi Dieva priek\u0161\u0101 ar pateic\u012bbu ikvien\u0101 piel\u016bg\u0161an\u0101 un l\u016bg\u0161an\u0101.\u201d \u2014 Filipie\u0161iem 4:6<\/p>\n<\/blockquote>\n<p class=\"p1\">Kad izj\u016bti spiedienu, vienm\u0113r lab\u0101k ir par to l\u016bgt, nevis daudz un lieki p\u013c\u0101p\u0101t. L\u016bg\u0161ana ir k\u0101 labas dz\u012bves b\u016bvniec\u012bbas projekts. Ar\u012b J\u0113zus, esot uz zemes, l\u016bdza Dievu. Vi\u0146\u0161 it visu uztic\u0113ja Dievam l\u016bg\u0161an\u0101 \u2013 pat Savu reput\u0101ciju un dz\u012bv\u012bbu. M\u0113s varam dar\u012bt to pa\u0161u. Mums nav Vi\u0146am j\u0101izskaidro visas savas nedienas; m\u0113s vienk\u0101r\u0161i t\u0101s varam atdot Vi\u0146am, un l\u016bgt, lai Vi\u0146\u0161 par visu par\u016bp\u0113jas.<\/p>\n<p class=\"p1\">Esi uzman\u012bgs, lai nesare\u017e\u0123\u012btu savu l\u016bg\u0161anu. Man \u0161\u0137iet, ka cilv\u0113ki bie\u017ei vien nogaida, l\u012bdz var\u0113s b\u016bt vienatn\u0113 ar Dievu \u2013 varb\u016bt gaida, kad non\u0101ks bazn\u012bc\u0101, lai var\u0113tu l\u016bgt, un nemaz neapzin\u0101s, ka l\u016bgt ir iesp\u0113jams jebkur\u0101 viet\u0101, jebkur\u0101 laik\u0101.<\/p>\n<p class=\"p1\">Esi p\u0101rliecin\u0101ts par vienk\u0101r\u0161as, tic\u012bbas pilnas l\u016bg\u0161anas sp\u0113ku un neaizmirsti P\u0101vila iedro\u0161in\u0101jumu no v\u0113stules Filipie\u0161iem 4:6. T\u0101 viet\u0101, lai raiz\u0113tos, kad esi non\u0101cis gr\u016bt\u012bb\u0101s, vienk\u0101r\u0161i l\u016bdz un jaut\u0101 Dievam p\u0113c pal\u012bdz\u012bbas.<\/p>\n<p class=\"p1\">B\u012bbel\u0113 teikts, ka Dievs ir uzticams, t\u0101 ir viena no Vi\u0146a \u012bpa\u0161\u012bb\u0101m. M\u0113s varam pa\u013cauties, ka Vi\u0146\u0161 r\u012bkosies m\u016bsu lab\u0101, kad l\u016bdzam Vi\u0146am p\u0113c pal\u012bdz\u012bbas, t\u0101p\u0113c varam Vi\u0146am piln\u012bb\u0101 uztic\u0113ties. To darot, m\u0113s b\u016bsim gatavi it visam, kas var\u0113tu ielauzties m\u016bsu mierpilnaj\u0101 ikdien\u0101.<\/p>\n<hr \/>\n<p class=\"p1\">L\u016bg\u0161anas piem\u0113rs<\/p>\n<p class=\"p1\">\u201cDievs, es negribu dz\u012bvot raiz\u0113s. T\u0101 viet\u0101 es \u0161odien ap\u0146emos pie\u0146emt jaunu ieradumu \u2013 b\u016bt nemit\u012bg\u0101 l\u016bg\u0161an\u0101.\u201d<\/p>\n","protected":false},"excerpt":{"rendered":"<p>Esi uzman\u012bgs, lai nesare\u017e\u0123\u012btu savu l\u016bg\u0161anu.<\/p>\n","protected":false},"author":20,"featured_media":2535,"parent":0,"menu_order":0,"comment_status":"closed","ping_status":"closed","template":"","class_list":["post-2534","devotional","type-devotional","status-publish","has-post-thumbnail","hentry"],"acf":[],"appp":{"post_detail":{"above_title":"<div class=\"post-featured-wrap\"><img width=\"960\" height=\"560\" src=\"https:\/\/tv.joycemeyer.org\/latviesu\/wp-content\/uploads\/sites\/41\/2023\/11\/1964Adj.jpg\" class=\"post-featured wp-post-image\" alt=\"L\u016bg\u0161ana raiz\u0113s\" decoding=\"async\" srcset=\"https:\/\/tv.joycemeyer.org\/latviesu\/wp-content\/uploads\/sites\/41\/2023\/11\/1964Adj.jpg 960w, https:\/\/tv.joycemeyer.org\/latviesu\/wp-content\/uploads\/sites\/41\/2023\/11\/1964Adj-300x175.jpg 300w, https:\/\/tv.joycemeyer.org\/latviesu\/wp-content\/uploads\/sites\/41\/2023\/11\/1964Adj-768x448.jpg 768w\" sizes=\"(max-width: 960px) 100vw, 960px\" \/><\/div>","below_content":"<div class=\"follow\"><h6 class=\"alt\">Sazinieties ar mums<\/h6><ul class=\"nav nav--social nav--flex\"><li class=\"menu-item facebook\"><a href=\"https:\/\/www.facebook.com\/joycemeyerministrieslatvian\/\" target=\"_blank\"><span class=\"visuallyhidden\">Facebook<\/span><\/a><\/li><\/ul><\/div>"}},"yoast_head":"<!-- This site is optimized with the Yoast SEO plugin v27.4 - https:\/\/yoast.com\/product\/yoast-seo-wordpress\/ -->\n<title>L\u016bg\u0161ana raiz\u0113s - Joyce Meyer Ministries - Latviesu<\/title>\n<meta name=\"robots\" content=\"index, follow, max-snippet:-1, max-image-preview:large, max-video-preview:-1\" \/>\n<link rel=\"canonical\" href=\"https:\/\/tv.joycemeyer.org\/latviesu\/devotional\/lugsana-raizes-2\/\" \/>\n<meta property=\"og:locale\" content=\"lv_LV\" \/>\n<meta property=\"og:type\" content=\"article\" \/>\n<meta property=\"og:title\" content=\"L\u016bg\u0161ana raiz\u0113s - Joyce Meyer Ministries - Latviesu\" \/>\n<meta property=\"og:description\" content=\"Esi uzman\u012bgs, lai nesare\u017e\u0123\u012btu savu l\u016bg\u0161anu.\" \/>\n<meta property=\"og:url\" content=\"https:\/\/tv.joycemeyer.org\/latviesu\/devotional\/lugsana-raizes-2\/\" \/>\n<meta property=\"og:site_name\" content=\"Joyce Meyer Ministries - Latviesu\" \/>\n<meta property=\"article:publisher\" content=\"https:\/\/www.facebook.com\/joycemeyerministrieslatvian\/\" \/>\n<meta property=\"og:image\" content=\"https:\/\/tv.joycemeyer.org\/latviesu\/wp-content\/uploads\/sites\/41\/2023\/11\/1964Adj.jpg\" \/>\n\t<meta property=\"og:image:width\" content=\"960\" \/>\n\t<meta property=\"og:image:height\" content=\"560\" \/>\n\t<meta property=\"og:image:type\" content=\"image\/jpeg\" \/>\n<meta name=\"twitter:card\" content=\"summary_large_image\" \/>\n<meta name=\"twitter:label1\" content=\"Est. reading time\" \/>\n\t<meta name=\"twitter:data1\" content=\"2 min\u016btes\" \/>\n<script type=\"application\/ld+json\" class=\"yoast-schema-graph\">{\"@context\":\"https:\\\/\\\/schema.org\",\"@graph\":[{\"@type\":\"WebPage\",\"@id\":\"https:\\\/\\\/tv.joycemeyer.org\\\/latviesu\\\/devotional\\\/lugsana-raizes-2\\\/\",\"url\":\"https:\\\/\\\/tv.joycemeyer.org\\\/latviesu\\\/devotional\\\/lugsana-raizes-2\\\/\",\"name\":\"L\u016bg\u0161ana raiz\u0113s - Joyce Meyer Ministries - Latviesu\",\"isPartOf\":{\"@id\":\"https:\\\/\\\/tv.joycemeyer.org\\\/latviesu\\\/#website\"},\"primaryImageOfPage\":{\"@id\":\"https:\\\/\\\/tv.joycemeyer.org\\\/latviesu\\\/devotional\\\/lugsana-raizes-2\\\/#primaryimage\"},\"image\":{\"@id\":\"https:\\\/\\\/tv.joycemeyer.org\\\/latviesu\\\/devotional\\\/lugsana-raizes-2\\\/#primaryimage\"},\"thumbnailUrl\":\"https:\\\/\\\/tv.joycemeyer.org\\\/latviesu\\\/wp-content\\\/uploads\\\/sites\\\/41\\\/2023\\\/11\\\/1964Adj.jpg\",\"datePublished\":\"2025-11-27T00:01:21+00:00\",\"breadcrumb\":{\"@id\":\"https:\\\/\\\/tv.joycemeyer.org\\\/latviesu\\\/devotional\\\/lugsana-raizes-2\\\/#breadcrumb\"},\"inLanguage\":\"lv-LV\",\"potentialAction\":[{\"@type\":\"ReadAction\",\"target\":[\"https:\\\/\\\/tv.joycemeyer.org\\\/latviesu\\\/devotional\\\/lugsana-raizes-2\\\/\"]}]},{\"@type\":\"ImageObject\",\"inLanguage\":\"lv-LV\",\"@id\":\"https:\\\/\\\/tv.joycemeyer.org\\\/latviesu\\\/devotional\\\/lugsana-raizes-2\\\/#primaryimage\",\"url\":\"https:\\\/\\\/tv.joycemeyer.org\\\/latviesu\\\/wp-content\\\/uploads\\\/sites\\\/41\\\/2023\\\/11\\\/1964Adj.jpg\",\"contentUrl\":\"https:\\\/\\\/tv.joycemeyer.org\\\/latviesu\\\/wp-content\\\/uploads\\\/sites\\\/41\\\/2023\\\/11\\\/1964Adj.jpg\",\"width\":960,\"height\":560,\"caption\":\"L\u016bg\u0161ana raiz\u0113s\"},{\"@type\":\"BreadcrumbList\",\"@id\":\"https:\\\/\\\/tv.joycemeyer.org\\\/latviesu\\\/devotional\\\/lugsana-raizes-2\\\/#breadcrumb\",\"itemListElement\":[{\"@type\":\"ListItem\",\"position\":1,\"name\":\"Home\",\"item\":\"https:\\\/\\\/tv.joycemeyer.org\\\/latviesu\\\/\"},{\"@type\":\"ListItem\",\"position\":2,\"name\":\"Devotional\",\"item\":\"https:\\\/\\\/tv.joycemeyer.org\\\/latviesu\\\/devotional\\\/\"},{\"@type\":\"ListItem\",\"position\":3,\"name\":\"L\u016bg\u0161ana raiz\u0113s\"}]},{\"@type\":\"WebSite\",\"@id\":\"https:\\\/\\\/tv.joycemeyer.org\\\/latviesu\\\/#website\",\"url\":\"https:\\\/\\\/tv.joycemeyer.org\\\/latviesu\\\/\",\"name\":\"Joyce Meyer Ministries - Latviesu\",\"description\":\"Sludin\u0101m Kristu \u2013 M\u012blam Cilv\u0113kus\",\"potentialAction\":[{\"@type\":\"SearchAction\",\"target\":{\"@type\":\"EntryPoint\",\"urlTemplate\":\"https:\\\/\\\/tv.joycemeyer.org\\\/latviesu\\\/?s={search_term_string}\"},\"query-input\":{\"@type\":\"PropertyValueSpecification\",\"valueRequired\":true,\"valueName\":\"search_term_string\"}}],\"inLanguage\":\"lv-LV\"}]}<\/script>\n<!-- \/ Yoast SEO plugin. -->","yoast_head_json":{"title":"L\u016bg\u0161ana raiz\u0113s - Joyce Meyer Ministries - Latviesu","robots":{"index":"index","follow":"follow","max-snippet":"max-snippet:-1","max-image-preview":"max-image-preview:large","max-video-preview":"max-video-preview:-1"},"canonical":"https:\/\/tv.joycemeyer.org\/latviesu\/devotional\/lugsana-raizes-2\/","og_locale":"lv_LV","og_type":"article","og_title":"L\u016bg\u0161ana raiz\u0113s - Joyce Meyer Ministries - Latviesu","og_description":"Esi uzman\u012bgs, lai nesare\u017e\u0123\u012btu savu l\u016bg\u0161anu.","og_url":"https:\/\/tv.joycemeyer.org\/latviesu\/devotional\/lugsana-raizes-2\/","og_site_name":"Joyce Meyer Ministries - Latviesu","article_publisher":"https:\/\/www.facebook.com\/joycemeyerministrieslatvian\/","og_image":[{"width":960,"height":560,"url":"https:\/\/tv.joycemeyer.org\/latviesu\/wp-content\/uploads\/sites\/41\/2023\/11\/1964Adj.jpg","type":"image\/jpeg"}],"twitter_card":"summary_large_image","twitter_misc":{"Est. reading time":"2 min\u016btes"},"schema":{"@context":"https:\/\/schema.org","@graph":[{"@type":"WebPage","@id":"https:\/\/tv.joycemeyer.org\/latviesu\/devotional\/lugsana-raizes-2\/","url":"https:\/\/tv.joycemeyer.org\/latviesu\/devotional\/lugsana-raizes-2\/","name":"L\u016bg\u0161ana raiz\u0113s - Joyce Meyer Ministries - Latviesu","isPartOf":{"@id":"https:\/\/tv.joycemeyer.org\/latviesu\/#website"},"primaryImageOfPage":{"@id":"https:\/\/tv.joycemeyer.org\/latviesu\/devotional\/lugsana-raizes-2\/#primaryimage"},"image":{"@id":"https:\/\/tv.joycemeyer.org\/latviesu\/devotional\/lugsana-raizes-2\/#primaryimage"},"thumbnailUrl":"https:\/\/tv.joycemeyer.org\/latviesu\/wp-content\/uploads\/sites\/41\/2023\/11\/1964Adj.jpg","datePublished":"2025-11-27T00:01:21+00:00","breadcrumb":{"@id":"https:\/\/tv.joycemeyer.org\/latviesu\/devotional\/lugsana-raizes-2\/#breadcrumb"},"inLanguage":"lv-LV","potentialAction":[{"@type":"ReadAction","target":["https:\/\/tv.joycemeyer.org\/latviesu\/devotional\/lugsana-raizes-2\/"]}]},{"@type":"ImageObject","inLanguage":"lv-LV","@id":"https:\/\/tv.joycemeyer.org\/latviesu\/devotional\/lugsana-raizes-2\/#primaryimage","url":"https:\/\/tv.joycemeyer.org\/latviesu\/wp-content\/uploads\/sites\/41\/2023\/11\/1964Adj.jpg","contentUrl":"https:\/\/tv.joycemeyer.org\/latviesu\/wp-content\/uploads\/sites\/41\/2023\/11\/1964Adj.jpg","width":960,"height":560,"caption":"L\u016bg\u0161ana raiz\u0113s"},{"@type":"BreadcrumbList","@id":"https:\/\/tv.joycemeyer.org\/latviesu\/devotional\/lugsana-raizes-2\/#breadcrumb","itemListElement":[{"@type":"ListItem","position":1,"name":"Home","item":"https:\/\/tv.joycemeyer.org\/latviesu\/"},{"@type":"ListItem","position":2,"name":"Devotional","item":"https:\/\/tv.joycemeyer.org\/latviesu\/devotional\/"},{"@type":"ListItem","position":3,"name":"L\u016bg\u0161ana raiz\u0113s"}]},{"@type":"WebSite","@id":"https:\/\/tv.joycemeyer.org\/latviesu\/#website","url":"https:\/\/tv.joycemeyer.org\/latviesu\/","name":"Joyce Meyer Ministries - Latviesu","description":"Sludin\u0101m Kristu \u2013 M\u012blam Cilv\u0113kus","potentialAction":[{"@type":"SearchAction","target":{"@type":"EntryPoint","urlTemplate":"https:\/\/tv.joycemeyer.org\/latviesu\/?s={search_term_string}"},"query-input":{"@type":"PropertyValueSpecification","valueRequired":true,"valueName":"search_term_string"}}],"inLanguage":"lv-LV"}]}},"_links":{"self":[{"href":"https:\/\/tv.joycemeyer.org\/latviesu\/wp-json\/wp\/v2\/devotional\/2534","targetHints":{"allow":["GET"]}}],"collection":[{"href":"https:\/\/tv.joycemeyer.org\/latviesu\/wp-json\/wp\/v2\/devotional"}],"about":[{"href":"https:\/\/tv.joycemeyer.org\/latviesu\/wp-json\/wp\/v2\/types\/devotional"}],"author":[{"embeddable":true,"href":"https:\/\/tv.joycemeyer.org\/latviesu\/wp-json\/wp\/v2\/users\/20"}],"replies":[{"embeddable":true,"href":"https:\/\/tv.joycemeyer.org\/latviesu\/wp-json\/wp\/v2\/comments?post=2534"}],"wp:featuredmedia":[{"embeddable":true,"href":"https:\/\/tv.joycemeyer.org\/latviesu\/wp-json\/wp\/v2\/media\/2535"}],"wp:attachment":[{"href":"https:\/\/tv.joycemeyer.org\/latviesu\/wp-json\/wp\/v2\/media?parent=2534"}],"curies":[{"name":"wp","href":"https:\/\/api.w.org\/{rel}","templated":true}]}}