{"id":287,"date":"2021-11-25T00:01:40","date_gmt":"2021-11-25T00:01:40","guid":{"rendered":"https:\/\/tv.joycemeyer.org\/latviesu\/?post_type=devotional&#038;p=287"},"modified":"2021-11-25T16:34:23","modified_gmt":"2021-11-25T16:34:23","slug":"kardinats-darit-labu","status":"publish","type":"devotional","link":"https:\/\/tv.joycemeyer.org\/latviesu\/devotional\/kardinats-darit-labu\/","title":{"rendered":"\u201cK\u0101rdin\u0101ts\u201d dar\u012bt labu"},"content":{"rendered":"<p><strong>\u201cT\u0101d\u0113\u013c, kas \u0161\u0137ietas st\u0101vam, lai piel\u016bko, ka nekr\u012bt.\u201d \u2014 1. Korintie\u0161iem 10:12<\/strong><\/p>\n<p>Viena no \u012bpa\u0161\u012bb\u0101m, kas m\u016bs ievelk k\u0101rdin\u0101jum\u0101 gr\u0113kot, ir p\u0101r\u0101k augsta sevis v\u0113rt\u0113\u0161ana un p\u0101rlieku liela uztic\u0113\u0161an\u0101s saviem sp\u0113kiem. \u0160\u0101du attieksmi m\u016bsos veicina ienaidnieks. M\u0113s k\u013c\u016bstam lepni, dom\u0101jot, ka viss jau ir labi \u2013 un tad s\u0101tans ir kl\u0101t ar k\u0101rdin\u0101jumu, un m\u0113s kr\u012btam gr\u0113k\u0101.<\/p>\n<p>Iesp\u0113jams, mani turpm\u0101kie v\u0101rdi tevi p\u0101rsteigs, bet tev j\u0101zina, ka ir ar\u012b labi k\u0101rdin\u0101jumi. Mums j\u0101saprot, ka velns m\u016bs k\u0101rdina dar\u012bt \u013caunu, bet sav\u0101 zi\u0146\u0101 Dievs m\u016bs k\u0101rdina dar\u012bt labu. Ikreiz, kad ienaidnieks tav\u0101 priek\u0161\u0101 liek sliktu iesp\u0113ju, Dievam vienm\u0113r ir ko likt t\u0101s viet\u0101.<\/p>\n<p>Kad k\u0101rdin\u0101jums gr\u0113kot k\u013c\u016bst p\u0101r\u0101k sp\u0113c\u012bgs, tad atceries, ka Sv\u0113tais Gars, kur\u0161 ir daudz sp\u0113c\u012bg\u0101ks par ienaidnieku, ar\u012b v\u0113las tevi p\u0101r\u0146emt, bet lab\u0101 zi\u0146\u0101. Vi\u0146\u0161 grib tevi ietekm\u0113t, lai tu paveiktu ko varenu, ja vien Vi\u0146am to \u013causi.<\/p>\n<p>Dievs cen\u0161as izgl\u0101bt m\u016bsu dz\u012bvi. Vi\u0146\u0161 grib m\u016bs stiprin\u0101t, lai neatkar\u012bgi no t\u0101, kas var\u0113tu notikt, m\u0113s b\u016btu pasarg\u0101ti zem Vi\u0146a sp\u0101rniem. Kad Dievs tevi k\u0101rdina uz ko labu, tad lab\u0101kais, ko tu vari dar\u012bt, ir paklaus\u012bt.<\/p>\n<p><strong>L\u016bg\u0161anas piem\u0113rs<\/strong><\/p>\n<p><em>\u201cSv\u0113tais Gars, es gribu ieklaus\u012bties un paklaus\u012bt Taviem labajiem \u201ek\u0101rdin\u0101jumiem\u201d. Kad ienaidnieks m\u0113\u0123ina pan\u0101kt, lai es kl\u016bpu, atkl\u0101j man Savu gribu un pl\u0101nu, lai t\u0101 viet\u0101 varu sekot Tev.\u201d<\/em><\/p>\n","protected":false},"excerpt":{"rendered":"<p>\u201cT\u0101d\u0113\u013c, kas \u0161\u0137ietas st\u0101vam, lai piel\u016bko, ka nekr\u012bt.\u201d \u2014 1. Korintie\u0161iem 10:12 Viena no \u012bpa\u0161\u012bb\u0101m, kas m\u016bs ievelk k\u0101rdin\u0101jum\u0101 gr\u0113kot, ir p\u0101r\u0101k augsta sevis v\u0113rt\u0113\u0161ana un p\u0101rlieku liela uztic\u0113\u0161an\u0101s saviem sp\u0113kiem. \u0160\u0101du attieksmi m\u016bsos veicina ienaidnieks. M\u0113s k\u013c\u016bstam lepni, dom\u0101jot, ka viss jau ir labi \u2013 un tad s\u0101tans ir kl\u0101t ar k\u0101rdin\u0101jumu, un m\u0113s&#8230;<\/p>\n","protected":false},"author":15,"featured_media":288,"parent":0,"menu_order":0,"comment_status":"closed","ping_status":"closed","template":"","class_list":["post-287","devotional","type-devotional","status-publish","has-post-thumbnail","hentry"],"acf":[],"appp":{"post_detail":{"above_title":"<div class=\"post-featured-wrap\"><img width=\"766\" height=\"431\" src=\"https:\/\/tv.joycemeyer.org\/latviesu\/wp-content\/uploads\/sites\/41\/2020\/11\/138.jpg\" class=\"post-featured wp-post-image\" alt=\"\" decoding=\"async\" srcset=\"https:\/\/tv.joycemeyer.org\/latviesu\/wp-content\/uploads\/sites\/41\/2020\/11\/138.jpg 766w, https:\/\/tv.joycemeyer.org\/latviesu\/wp-content\/uploads\/sites\/41\/2020\/11\/138-300x169.jpg 300w, https:\/\/tv.joycemeyer.org\/latviesu\/wp-content\/uploads\/sites\/41\/2020\/11\/138-640x360.jpg 640w\" sizes=\"(max-width: 766px) 100vw, 766px\" \/><\/div>","below_content":""}},"yoast_head":"<!-- This site is optimized with the Yoast SEO plugin v27.4 - https:\/\/yoast.com\/product\/yoast-seo-wordpress\/ -->\n<title>\u201cK\u0101rdin\u0101ts\u201d dar\u012bt labu - Joyce Meyer Ministries - Latviesu<\/title>\n<meta name=\"robots\" content=\"index, follow, max-snippet:-1, max-image-preview:large, max-video-preview:-1\" \/>\n<link rel=\"canonical\" href=\"https:\/\/tv.joycemeyer.org\/latviesu\/devotional\/kardinats-darit-labu\/\" \/>\n<meta property=\"og:locale\" content=\"lv_LV\" \/>\n<meta property=\"og:type\" content=\"article\" \/>\n<meta property=\"og:title\" content=\"\u201cK\u0101rdin\u0101ts\u201d dar\u012bt labu - Joyce Meyer Ministries - Latviesu\" \/>\n<meta property=\"og:description\" content=\"\u201cT\u0101d\u0113\u013c, kas \u0161\u0137ietas st\u0101vam, lai piel\u016bko, ka nekr\u012bt.\u201d \u2014 1. Korintie\u0161iem 10:12 Viena no \u012bpa\u0161\u012bb\u0101m, kas m\u016bs ievelk k\u0101rdin\u0101jum\u0101 gr\u0113kot, ir p\u0101r\u0101k augsta sevis v\u0113rt\u0113\u0161ana un p\u0101rlieku liela uztic\u0113\u0161an\u0101s saviem sp\u0113kiem. \u0160\u0101du attieksmi m\u016bsos veicina ienaidnieks. M\u0113s k\u013c\u016bstam lepni, dom\u0101jot, ka viss jau ir labi \u2013 un tad s\u0101tans ir kl\u0101t ar k\u0101rdin\u0101jumu, un m\u0113s...\" \/>\n<meta property=\"og:url\" content=\"https:\/\/tv.joycemeyer.org\/latviesu\/devotional\/kardinats-darit-labu\/\" \/>\n<meta property=\"og:site_name\" content=\"Joyce Meyer Ministries - Latviesu\" \/>\n<meta property=\"article:publisher\" content=\"https:\/\/www.facebook.com\/joycemeyerministrieslatvian\/\" \/>\n<meta property=\"article:modified_time\" content=\"2021-11-25T16:34:23+00:00\" \/>\n<meta property=\"og:image\" content=\"https:\/\/tv.joycemeyer.org\/latviesu\/wp-content\/uploads\/sites\/41\/2020\/11\/138.jpg\" \/>\n\t<meta property=\"og:image:width\" content=\"766\" \/>\n\t<meta property=\"og:image:height\" content=\"431\" \/>\n\t<meta property=\"og:image:type\" content=\"image\/jpeg\" \/>\n<meta name=\"twitter:card\" content=\"summary_large_image\" \/>\n<meta name=\"twitter:label1\" content=\"Est. reading time\" \/>\n\t<meta name=\"twitter:data1\" content=\"1 min\u016bte\" \/>\n<script type=\"application\/ld+json\" class=\"yoast-schema-graph\">{\"@context\":\"https:\\\/\\\/schema.org\",\"@graph\":[{\"@type\":\"WebPage\",\"@id\":\"https:\\\/\\\/tv.joycemeyer.org\\\/latviesu\\\/devotional\\\/kardinats-darit-labu\\\/\",\"url\":\"https:\\\/\\\/tv.joycemeyer.org\\\/latviesu\\\/devotional\\\/kardinats-darit-labu\\\/\",\"name\":\"\u201cK\u0101rdin\u0101ts\u201d dar\u012bt labu - Joyce Meyer Ministries - Latviesu\",\"isPartOf\":{\"@id\":\"https:\\\/\\\/tv.joycemeyer.org\\\/latviesu\\\/#website\"},\"primaryImageOfPage\":{\"@id\":\"https:\\\/\\\/tv.joycemeyer.org\\\/latviesu\\\/devotional\\\/kardinats-darit-labu\\\/#primaryimage\"},\"image\":{\"@id\":\"https:\\\/\\\/tv.joycemeyer.org\\\/latviesu\\\/devotional\\\/kardinats-darit-labu\\\/#primaryimage\"},\"thumbnailUrl\":\"https:\\\/\\\/tv.joycemeyer.org\\\/latviesu\\\/wp-content\\\/uploads\\\/sites\\\/41\\\/2020\\\/11\\\/138.jpg\",\"datePublished\":\"2021-11-25T00:01:40+00:00\",\"dateModified\":\"2021-11-25T16:34:23+00:00\",\"breadcrumb\":{\"@id\":\"https:\\\/\\\/tv.joycemeyer.org\\\/latviesu\\\/devotional\\\/kardinats-darit-labu\\\/#breadcrumb\"},\"inLanguage\":\"lv-LV\",\"potentialAction\":[{\"@type\":\"ReadAction\",\"target\":[\"https:\\\/\\\/tv.joycemeyer.org\\\/latviesu\\\/devotional\\\/kardinats-darit-labu\\\/\"]}]},{\"@type\":\"ImageObject\",\"inLanguage\":\"lv-LV\",\"@id\":\"https:\\\/\\\/tv.joycemeyer.org\\\/latviesu\\\/devotional\\\/kardinats-darit-labu\\\/#primaryimage\",\"url\":\"https:\\\/\\\/tv.joycemeyer.org\\\/latviesu\\\/wp-content\\\/uploads\\\/sites\\\/41\\\/2020\\\/11\\\/138.jpg\",\"contentUrl\":\"https:\\\/\\\/tv.joycemeyer.org\\\/latviesu\\\/wp-content\\\/uploads\\\/sites\\\/41\\\/2020\\\/11\\\/138.jpg\",\"width\":766,\"height\":431,\"caption\":\"\u201cK\u0101rdin\u0101ts\u201d dar\u012bt labu\"},{\"@type\":\"BreadcrumbList\",\"@id\":\"https:\\\/\\\/tv.joycemeyer.org\\\/latviesu\\\/devotional\\\/kardinats-darit-labu\\\/#breadcrumb\",\"itemListElement\":[{\"@type\":\"ListItem\",\"position\":1,\"name\":\"Home\",\"item\":\"https:\\\/\\\/tv.joycemeyer.org\\\/latviesu\\\/\"},{\"@type\":\"ListItem\",\"position\":2,\"name\":\"Devotional\",\"item\":\"https:\\\/\\\/tv.joycemeyer.org\\\/latviesu\\\/devotional\\\/\"},{\"@type\":\"ListItem\",\"position\":3,\"name\":\"\u201cK\u0101rdin\u0101ts\u201d dar\u012bt labu\"}]},{\"@type\":\"WebSite\",\"@id\":\"https:\\\/\\\/tv.joycemeyer.org\\\/latviesu\\\/#website\",\"url\":\"https:\\\/\\\/tv.joycemeyer.org\\\/latviesu\\\/\",\"name\":\"Joyce Meyer Ministries - Latviesu\",\"description\":\"Sludin\u0101m Kristu \u2013 M\u012blam Cilv\u0113kus\",\"potentialAction\":[{\"@type\":\"SearchAction\",\"target\":{\"@type\":\"EntryPoint\",\"urlTemplate\":\"https:\\\/\\\/tv.joycemeyer.org\\\/latviesu\\\/?s={search_term_string}\"},\"query-input\":{\"@type\":\"PropertyValueSpecification\",\"valueRequired\":true,\"valueName\":\"search_term_string\"}}],\"inLanguage\":\"lv-LV\"}]}<\/script>\n<!-- \/ Yoast SEO plugin. -->","yoast_head_json":{"title":"\u201cK\u0101rdin\u0101ts\u201d dar\u012bt labu - Joyce Meyer Ministries - Latviesu","robots":{"index":"index","follow":"follow","max-snippet":"max-snippet:-1","max-image-preview":"max-image-preview:large","max-video-preview":"max-video-preview:-1"},"canonical":"https:\/\/tv.joycemeyer.org\/latviesu\/devotional\/kardinats-darit-labu\/","og_locale":"lv_LV","og_type":"article","og_title":"\u201cK\u0101rdin\u0101ts\u201d dar\u012bt labu - Joyce Meyer Ministries - Latviesu","og_description":"\u201cT\u0101d\u0113\u013c, kas \u0161\u0137ietas st\u0101vam, lai piel\u016bko, ka nekr\u012bt.\u201d \u2014 1. Korintie\u0161iem 10:12 Viena no \u012bpa\u0161\u012bb\u0101m, kas m\u016bs ievelk k\u0101rdin\u0101jum\u0101 gr\u0113kot, ir p\u0101r\u0101k augsta sevis v\u0113rt\u0113\u0161ana un p\u0101rlieku liela uztic\u0113\u0161an\u0101s saviem sp\u0113kiem. \u0160\u0101du attieksmi m\u016bsos veicina ienaidnieks. M\u0113s k\u013c\u016bstam lepni, dom\u0101jot, ka viss jau ir labi \u2013 un tad s\u0101tans ir kl\u0101t ar k\u0101rdin\u0101jumu, un m\u0113s...","og_url":"https:\/\/tv.joycemeyer.org\/latviesu\/devotional\/kardinats-darit-labu\/","og_site_name":"Joyce Meyer Ministries - Latviesu","article_publisher":"https:\/\/www.facebook.com\/joycemeyerministrieslatvian\/","article_modified_time":"2021-11-25T16:34:23+00:00","og_image":[{"width":766,"height":431,"url":"https:\/\/tv.joycemeyer.org\/latviesu\/wp-content\/uploads\/sites\/41\/2020\/11\/138.jpg","type":"image\/jpeg"}],"twitter_card":"summary_large_image","twitter_misc":{"Est. reading time":"1 min\u016bte"},"schema":{"@context":"https:\/\/schema.org","@graph":[{"@type":"WebPage","@id":"https:\/\/tv.joycemeyer.org\/latviesu\/devotional\/kardinats-darit-labu\/","url":"https:\/\/tv.joycemeyer.org\/latviesu\/devotional\/kardinats-darit-labu\/","name":"\u201cK\u0101rdin\u0101ts\u201d dar\u012bt labu - Joyce Meyer Ministries - Latviesu","isPartOf":{"@id":"https:\/\/tv.joycemeyer.org\/latviesu\/#website"},"primaryImageOfPage":{"@id":"https:\/\/tv.joycemeyer.org\/latviesu\/devotional\/kardinats-darit-labu\/#primaryimage"},"image":{"@id":"https:\/\/tv.joycemeyer.org\/latviesu\/devotional\/kardinats-darit-labu\/#primaryimage"},"thumbnailUrl":"https:\/\/tv.joycemeyer.org\/latviesu\/wp-content\/uploads\/sites\/41\/2020\/11\/138.jpg","datePublished":"2021-11-25T00:01:40+00:00","dateModified":"2021-11-25T16:34:23+00:00","breadcrumb":{"@id":"https:\/\/tv.joycemeyer.org\/latviesu\/devotional\/kardinats-darit-labu\/#breadcrumb"},"inLanguage":"lv-LV","potentialAction":[{"@type":"ReadAction","target":["https:\/\/tv.joycemeyer.org\/latviesu\/devotional\/kardinats-darit-labu\/"]}]},{"@type":"ImageObject","inLanguage":"lv-LV","@id":"https:\/\/tv.joycemeyer.org\/latviesu\/devotional\/kardinats-darit-labu\/#primaryimage","url":"https:\/\/tv.joycemeyer.org\/latviesu\/wp-content\/uploads\/sites\/41\/2020\/11\/138.jpg","contentUrl":"https:\/\/tv.joycemeyer.org\/latviesu\/wp-content\/uploads\/sites\/41\/2020\/11\/138.jpg","width":766,"height":431,"caption":"\u201cK\u0101rdin\u0101ts\u201d dar\u012bt labu"},{"@type":"BreadcrumbList","@id":"https:\/\/tv.joycemeyer.org\/latviesu\/devotional\/kardinats-darit-labu\/#breadcrumb","itemListElement":[{"@type":"ListItem","position":1,"name":"Home","item":"https:\/\/tv.joycemeyer.org\/latviesu\/"},{"@type":"ListItem","position":2,"name":"Devotional","item":"https:\/\/tv.joycemeyer.org\/latviesu\/devotional\/"},{"@type":"ListItem","position":3,"name":"\u201cK\u0101rdin\u0101ts\u201d dar\u012bt labu"}]},{"@type":"WebSite","@id":"https:\/\/tv.joycemeyer.org\/latviesu\/#website","url":"https:\/\/tv.joycemeyer.org\/latviesu\/","name":"Joyce Meyer Ministries - Latviesu","description":"Sludin\u0101m Kristu \u2013 M\u012blam Cilv\u0113kus","potentialAction":[{"@type":"SearchAction","target":{"@type":"EntryPoint","urlTemplate":"https:\/\/tv.joycemeyer.org\/latviesu\/?s={search_term_string}"},"query-input":{"@type":"PropertyValueSpecification","valueRequired":true,"valueName":"search_term_string"}}],"inLanguage":"lv-LV"}]}},"_links":{"self":[{"href":"https:\/\/tv.joycemeyer.org\/latviesu\/wp-json\/wp\/v2\/devotional\/287","targetHints":{"allow":["GET"]}}],"collection":[{"href":"https:\/\/tv.joycemeyer.org\/latviesu\/wp-json\/wp\/v2\/devotional"}],"about":[{"href":"https:\/\/tv.joycemeyer.org\/latviesu\/wp-json\/wp\/v2\/types\/devotional"}],"author":[{"embeddable":true,"href":"https:\/\/tv.joycemeyer.org\/latviesu\/wp-json\/wp\/v2\/users\/15"}],"replies":[{"embeddable":true,"href":"https:\/\/tv.joycemeyer.org\/latviesu\/wp-json\/wp\/v2\/comments?post=287"}],"wp:featuredmedia":[{"embeddable":true,"href":"https:\/\/tv.joycemeyer.org\/latviesu\/wp-json\/wp\/v2\/media\/288"}],"wp:attachment":[{"href":"https:\/\/tv.joycemeyer.org\/latviesu\/wp-json\/wp\/v2\/media?parent=287"}],"curies":[{"name":"wp","href":"https:\/\/api.w.org\/{rel}","templated":true}]}}