{"id":2907,"date":"2025-04-16T00:01:06","date_gmt":"2025-04-16T00:01:06","guid":{"rendered":"https:\/\/tv.joycemeyer.org\/latviesu\/?post_type=devotional&#038;p=2907"},"modified":"2025-04-16T12:46:56","modified_gmt":"2025-04-16T12:46:56","slug":"paliec-vina-milestiba-3","status":"publish","type":"devotional","link":"https:\/\/tv.joycemeyer.org\/latviesu\/devotional\/paliec-vina-milestiba-3\/","title":{"rendered":"Paliec Vi\u0146a m\u012blest\u012bb\u0101"},"content":{"rendered":"<blockquote><p>\u201cM\u0113s esam atzinu\u0161i un ticam m\u012blest\u012bbai, kas Dievam ir uz mums. Dievs ir m\u012blest\u012bba, un, kas paliek m\u012blest\u012bb\u0101, tas paliek Diev\u0101 un Dievs vi\u0146\u0101.\u201d \u2014 1. J\u0101\u0146a 4:16<\/p><\/blockquote>\n<p>1. J\u0101\u0146a 4:16 ir uzsv\u0113rts, ka mums skaidri j\u0101apzin\u0101s Dieva m\u012blest\u012bba pret mums. Ir viegli pateikt \u201eDievs mani m\u012bl\u201d, t\u0101 \u012bsti nemaz nesaprotot, ko tas noz\u012bm\u0113. Atzi\u0146a par Vi\u0146a m\u012blest\u012bbu nedr\u012bkst b\u016bt tikai parasts biblisks fakts, ko esam pie\u0146\u0113mu\u0161i par patiesu sav\u0101 pr\u0101t\u0101, bet tai j\u0101k\u013c\u016bst par dz\u012bvu \u012bsten\u012bbu m\u016bsu ikdienas dz\u012bv\u0113.<\/p>\n<p>\u0160aj\u0101 pant\u0101 teikts \u2013 \u201eDievs ir m\u012blest\u012bba, un, kas paliek m\u012blest\u012bb\u0101, tas paliek Diev\u0101 un Dievs vi\u0146\u0101.\u201d<\/p>\n<p>\u0160is v\u0101rds paliek \u0161aj\u0101 pant\u0101 noz\u012bm\u0113 \u201edz\u012bvot, b\u016bt\u201d. To nevar attiecin\u0101t uz ciemo\u0161anos; tas nor\u0101da uz palik\u0161anu, k\u0101 apme\u0161anos uz dz\u012bvi.<\/p>\n<p>Dieva m\u012blest\u012bba nav tikai fakts, ko iegaum\u0113t, vai z\u016bdo\u0161a saj\u016bta. Vi\u0146a m\u012blest\u012bba ir uz palik\u0161anu. T\u0101 nepaliek vien\u012bgi labajos mirk\u013cos, lai dotos prom, kad par\u0101d\u0101s gr\u016bt\u012bbas; Dieva m\u012blest\u012bba paliek vienm\u0113r, t\u0101p\u0113c ar\u012b mums vajadz\u0113tu palikt Vi\u0146a m\u012blest\u012bb\u0101.<\/p>\n<p>Spie\u017eoties dzi\u013c\u0101k Dieva m\u012blest\u012bb\u0101, ikviens no mums sp\u0113s p\u013caut v\u0113l varen\u0101ku krist\u012bg\u0101 brieduma ra\u017eu. Paliekot apbr\u012bnojam\u0101 Dieva m\u012blest\u012bb\u0101 pret tevi, gr\u016bt\u012bb\u0101s tu tikai pieaugsi.<\/p>\n<hr \/>\n<p>L\u016bg\u0161anas piem\u0113rs<\/p>\n<p>\u201cKungs, es ap\u0146emos \u0161odien palikt Tav\u0101 m\u012blest\u012bb\u0101 pret mani. Tik daudz kas main\u0101s, bet Tava m\u012blest\u012bba nekad nemain\u0101s, t\u0101p\u0113c es izv\u0113los iesak\u0146oties Tav\u0101 br\u012bni\u0161\u0137\u012bgaj\u0101 m\u012blest\u012bb\u0101.\u201d<\/p>\n","protected":false},"excerpt":{"rendered":"<p>\u0160is v\u0101rds paliek \u0161aj\u0101 pant\u0101 noz\u012bm\u0113 \u201edz\u012bvot, b\u016bt\u201d.<\/p>\n","protected":false},"author":20,"featured_media":2908,"parent":0,"menu_order":0,"comment_status":"closed","ping_status":"closed","template":"","class_list":["post-2907","devotional","type-devotional","status-publish","has-post-thumbnail","hentry"],"acf":[],"appp":{"post_detail":{"above_title":"<div class=\"post-featured-wrap\"><img width=\"960\" height=\"560\" src=\"https:\/\/tv.joycemeyer.org\/latviesu\/wp-content\/uploads\/sites\/41\/2025\/03\/1865.jpg\" class=\"post-featured wp-post-image\" alt=\"\" decoding=\"async\" srcset=\"https:\/\/tv.joycemeyer.org\/latviesu\/wp-content\/uploads\/sites\/41\/2025\/03\/1865.jpg 960w, https:\/\/tv.joycemeyer.org\/latviesu\/wp-content\/uploads\/sites\/41\/2025\/03\/1865-300x175.jpg 300w, https:\/\/tv.joycemeyer.org\/latviesu\/wp-content\/uploads\/sites\/41\/2025\/03\/1865-768x448.jpg 768w\" sizes=\"(max-width: 960px) 100vw, 960px\" \/><\/div>","below_content":""}},"yoast_head":"<!-- This site is optimized with the Yoast SEO plugin v27.4 - https:\/\/yoast.com\/product\/yoast-seo-wordpress\/ -->\n<title>Paliec Vi\u0146a m\u012blest\u012bb\u0101 - Joyce Meyer Ministries - Latviesu<\/title>\n<meta name=\"robots\" content=\"index, follow, max-snippet:-1, max-image-preview:large, max-video-preview:-1\" \/>\n<link rel=\"canonical\" href=\"https:\/\/tv.joycemeyer.org\/latviesu\/devotional\/paliec-vina-milestiba-3\/\" \/>\n<meta property=\"og:locale\" content=\"lv_LV\" \/>\n<meta property=\"og:type\" content=\"article\" \/>\n<meta property=\"og:title\" content=\"Paliec Vi\u0146a m\u012blest\u012bb\u0101 - Joyce Meyer Ministries - Latviesu\" \/>\n<meta property=\"og:description\" content=\"\u0160is v\u0101rds paliek \u0161aj\u0101 pant\u0101 noz\u012bm\u0113 \u201edz\u012bvot, b\u016bt\u201d.\" \/>\n<meta property=\"og:url\" content=\"https:\/\/tv.joycemeyer.org\/latviesu\/devotional\/paliec-vina-milestiba-3\/\" \/>\n<meta property=\"og:site_name\" content=\"Joyce Meyer Ministries - Latviesu\" \/>\n<meta property=\"article:publisher\" content=\"https:\/\/www.facebook.com\/joycemeyerministrieslatvian\/\" \/>\n<meta property=\"article:modified_time\" content=\"2025-04-16T12:46:56+00:00\" \/>\n<meta property=\"og:image\" content=\"https:\/\/tv.joycemeyer.org\/latviesu\/wp-content\/uploads\/sites\/41\/2025\/03\/1865.jpg\" \/>\n\t<meta property=\"og:image:width\" content=\"960\" \/>\n\t<meta property=\"og:image:height\" content=\"560\" \/>\n\t<meta property=\"og:image:type\" content=\"image\/jpeg\" \/>\n<meta name=\"twitter:card\" content=\"summary_large_image\" \/>\n<meta name=\"twitter:label1\" content=\"Est. reading time\" \/>\n\t<meta name=\"twitter:data1\" content=\"1 min\u016bte\" \/>\n<script type=\"application\/ld+json\" class=\"yoast-schema-graph\">{\"@context\":\"https:\\\/\\\/schema.org\",\"@graph\":[{\"@type\":\"WebPage\",\"@id\":\"https:\\\/\\\/tv.joycemeyer.org\\\/latviesu\\\/devotional\\\/paliec-vina-milestiba-3\\\/\",\"url\":\"https:\\\/\\\/tv.joycemeyer.org\\\/latviesu\\\/devotional\\\/paliec-vina-milestiba-3\\\/\",\"name\":\"Paliec Vi\u0146a m\u012blest\u012bb\u0101 - Joyce Meyer Ministries - Latviesu\",\"isPartOf\":{\"@id\":\"https:\\\/\\\/tv.joycemeyer.org\\\/latviesu\\\/#website\"},\"primaryImageOfPage\":{\"@id\":\"https:\\\/\\\/tv.joycemeyer.org\\\/latviesu\\\/devotional\\\/paliec-vina-milestiba-3\\\/#primaryimage\"},\"image\":{\"@id\":\"https:\\\/\\\/tv.joycemeyer.org\\\/latviesu\\\/devotional\\\/paliec-vina-milestiba-3\\\/#primaryimage\"},\"thumbnailUrl\":\"https:\\\/\\\/tv.joycemeyer.org\\\/latviesu\\\/wp-content\\\/uploads\\\/sites\\\/41\\\/2025\\\/03\\\/1865.jpg\",\"datePublished\":\"2025-04-16T00:01:06+00:00\",\"dateModified\":\"2025-04-16T12:46:56+00:00\",\"breadcrumb\":{\"@id\":\"https:\\\/\\\/tv.joycemeyer.org\\\/latviesu\\\/devotional\\\/paliec-vina-milestiba-3\\\/#breadcrumb\"},\"inLanguage\":\"lv-LV\",\"potentialAction\":[{\"@type\":\"ReadAction\",\"target\":[\"https:\\\/\\\/tv.joycemeyer.org\\\/latviesu\\\/devotional\\\/paliec-vina-milestiba-3\\\/\"]}]},{\"@type\":\"ImageObject\",\"inLanguage\":\"lv-LV\",\"@id\":\"https:\\\/\\\/tv.joycemeyer.org\\\/latviesu\\\/devotional\\\/paliec-vina-milestiba-3\\\/#primaryimage\",\"url\":\"https:\\\/\\\/tv.joycemeyer.org\\\/latviesu\\\/wp-content\\\/uploads\\\/sites\\\/41\\\/2025\\\/03\\\/1865.jpg\",\"contentUrl\":\"https:\\\/\\\/tv.joycemeyer.org\\\/latviesu\\\/wp-content\\\/uploads\\\/sites\\\/41\\\/2025\\\/03\\\/1865.jpg\",\"width\":960,\"height\":560,\"caption\":\"Paliec Vi\u0146a m\u012blest\u012bb\u0101\"},{\"@type\":\"BreadcrumbList\",\"@id\":\"https:\\\/\\\/tv.joycemeyer.org\\\/latviesu\\\/devotional\\\/paliec-vina-milestiba-3\\\/#breadcrumb\",\"itemListElement\":[{\"@type\":\"ListItem\",\"position\":1,\"name\":\"Home\",\"item\":\"https:\\\/\\\/tv.joycemeyer.org\\\/latviesu\\\/\"},{\"@type\":\"ListItem\",\"position\":2,\"name\":\"Devotional\",\"item\":\"https:\\\/\\\/tv.joycemeyer.org\\\/latviesu\\\/devotional\\\/\"},{\"@type\":\"ListItem\",\"position\":3,\"name\":\"Paliec Vi\u0146a m\u012blest\u012bb\u0101\"}]},{\"@type\":\"WebSite\",\"@id\":\"https:\\\/\\\/tv.joycemeyer.org\\\/latviesu\\\/#website\",\"url\":\"https:\\\/\\\/tv.joycemeyer.org\\\/latviesu\\\/\",\"name\":\"Joyce Meyer Ministries - Latviesu\",\"description\":\"Sludin\u0101m Kristu \u2013 M\u012blam Cilv\u0113kus\",\"potentialAction\":[{\"@type\":\"SearchAction\",\"target\":{\"@type\":\"EntryPoint\",\"urlTemplate\":\"https:\\\/\\\/tv.joycemeyer.org\\\/latviesu\\\/?s={search_term_string}\"},\"query-input\":{\"@type\":\"PropertyValueSpecification\",\"valueRequired\":true,\"valueName\":\"search_term_string\"}}],\"inLanguage\":\"lv-LV\"}]}<\/script>\n<!-- \/ Yoast SEO plugin. -->","yoast_head_json":{"title":"Paliec Vi\u0146a m\u012blest\u012bb\u0101 - Joyce Meyer Ministries - Latviesu","robots":{"index":"index","follow":"follow","max-snippet":"max-snippet:-1","max-image-preview":"max-image-preview:large","max-video-preview":"max-video-preview:-1"},"canonical":"https:\/\/tv.joycemeyer.org\/latviesu\/devotional\/paliec-vina-milestiba-3\/","og_locale":"lv_LV","og_type":"article","og_title":"Paliec Vi\u0146a m\u012blest\u012bb\u0101 - Joyce Meyer Ministries - Latviesu","og_description":"\u0160is v\u0101rds paliek \u0161aj\u0101 pant\u0101 noz\u012bm\u0113 \u201edz\u012bvot, b\u016bt\u201d.","og_url":"https:\/\/tv.joycemeyer.org\/latviesu\/devotional\/paliec-vina-milestiba-3\/","og_site_name":"Joyce Meyer Ministries - Latviesu","article_publisher":"https:\/\/www.facebook.com\/joycemeyerministrieslatvian\/","article_modified_time":"2025-04-16T12:46:56+00:00","og_image":[{"width":960,"height":560,"url":"https:\/\/tv.joycemeyer.org\/latviesu\/wp-content\/uploads\/sites\/41\/2025\/03\/1865.jpg","type":"image\/jpeg"}],"twitter_card":"summary_large_image","twitter_misc":{"Est. reading time":"1 min\u016bte"},"schema":{"@context":"https:\/\/schema.org","@graph":[{"@type":"WebPage","@id":"https:\/\/tv.joycemeyer.org\/latviesu\/devotional\/paliec-vina-milestiba-3\/","url":"https:\/\/tv.joycemeyer.org\/latviesu\/devotional\/paliec-vina-milestiba-3\/","name":"Paliec Vi\u0146a m\u012blest\u012bb\u0101 - Joyce Meyer Ministries - Latviesu","isPartOf":{"@id":"https:\/\/tv.joycemeyer.org\/latviesu\/#website"},"primaryImageOfPage":{"@id":"https:\/\/tv.joycemeyer.org\/latviesu\/devotional\/paliec-vina-milestiba-3\/#primaryimage"},"image":{"@id":"https:\/\/tv.joycemeyer.org\/latviesu\/devotional\/paliec-vina-milestiba-3\/#primaryimage"},"thumbnailUrl":"https:\/\/tv.joycemeyer.org\/latviesu\/wp-content\/uploads\/sites\/41\/2025\/03\/1865.jpg","datePublished":"2025-04-16T00:01:06+00:00","dateModified":"2025-04-16T12:46:56+00:00","breadcrumb":{"@id":"https:\/\/tv.joycemeyer.org\/latviesu\/devotional\/paliec-vina-milestiba-3\/#breadcrumb"},"inLanguage":"lv-LV","potentialAction":[{"@type":"ReadAction","target":["https:\/\/tv.joycemeyer.org\/latviesu\/devotional\/paliec-vina-milestiba-3\/"]}]},{"@type":"ImageObject","inLanguage":"lv-LV","@id":"https:\/\/tv.joycemeyer.org\/latviesu\/devotional\/paliec-vina-milestiba-3\/#primaryimage","url":"https:\/\/tv.joycemeyer.org\/latviesu\/wp-content\/uploads\/sites\/41\/2025\/03\/1865.jpg","contentUrl":"https:\/\/tv.joycemeyer.org\/latviesu\/wp-content\/uploads\/sites\/41\/2025\/03\/1865.jpg","width":960,"height":560,"caption":"Paliec Vi\u0146a m\u012blest\u012bb\u0101"},{"@type":"BreadcrumbList","@id":"https:\/\/tv.joycemeyer.org\/latviesu\/devotional\/paliec-vina-milestiba-3\/#breadcrumb","itemListElement":[{"@type":"ListItem","position":1,"name":"Home","item":"https:\/\/tv.joycemeyer.org\/latviesu\/"},{"@type":"ListItem","position":2,"name":"Devotional","item":"https:\/\/tv.joycemeyer.org\/latviesu\/devotional\/"},{"@type":"ListItem","position":3,"name":"Paliec Vi\u0146a m\u012blest\u012bb\u0101"}]},{"@type":"WebSite","@id":"https:\/\/tv.joycemeyer.org\/latviesu\/#website","url":"https:\/\/tv.joycemeyer.org\/latviesu\/","name":"Joyce Meyer Ministries - Latviesu","description":"Sludin\u0101m Kristu \u2013 M\u012blam Cilv\u0113kus","potentialAction":[{"@type":"SearchAction","target":{"@type":"EntryPoint","urlTemplate":"https:\/\/tv.joycemeyer.org\/latviesu\/?s={search_term_string}"},"query-input":{"@type":"PropertyValueSpecification","valueRequired":true,"valueName":"search_term_string"}}],"inLanguage":"lv-LV"}]}},"_links":{"self":[{"href":"https:\/\/tv.joycemeyer.org\/latviesu\/wp-json\/wp\/v2\/devotional\/2907","targetHints":{"allow":["GET"]}}],"collection":[{"href":"https:\/\/tv.joycemeyer.org\/latviesu\/wp-json\/wp\/v2\/devotional"}],"about":[{"href":"https:\/\/tv.joycemeyer.org\/latviesu\/wp-json\/wp\/v2\/types\/devotional"}],"author":[{"embeddable":true,"href":"https:\/\/tv.joycemeyer.org\/latviesu\/wp-json\/wp\/v2\/users\/20"}],"replies":[{"embeddable":true,"href":"https:\/\/tv.joycemeyer.org\/latviesu\/wp-json\/wp\/v2\/comments?post=2907"}],"wp:featuredmedia":[{"embeddable":true,"href":"https:\/\/tv.joycemeyer.org\/latviesu\/wp-json\/wp\/v2\/media\/2908"}],"wp:attachment":[{"href":"https:\/\/tv.joycemeyer.org\/latviesu\/wp-json\/wp\/v2\/media?parent=2907"}],"curies":[{"name":"wp","href":"https:\/\/api.w.org\/{rel}","templated":true}]}}